{"id":16,"date":"2019-12-03T12:31:40","date_gmt":"2019-12-03T11:31:40","guid":{"rendered":"https:\/\/bibliotekutvikling.prod.dekodes.no\/statistikk\/?page_id=16"},"modified":"2025-06-18T14:40:44","modified_gmt":"2025-06-18T12:40:44","slug":"statistikk-for-fag-og-forskningsbibliotek","status":"publish","type":"page","link":"https:\/\/bibliotekutvikling.no\/statistikk\/forside\/statistikk-for-fag-og-forskningsbibliotek\/","title":{"rendered":"Statistikk for fag- og forskningsbibliotek"},"content":{"rendered":"<div class=\"alignfull has-media has-background has-neutrals-background-hero-background-color wp-block-nb-hero\">\n\t\t\t<div class=\"nb-hero__inner\">\n\t\t\t\t<div class=\"nb-hero__content\">\n\t\t\t\n\n\n<h1 class=\"wp-block-post-title\">Statistikk for fag- og forskningsbibliotek<\/h1>\n\n<p class=\"t2-ingress wp-block-t2-ingress\">Nasjonalbiblioteket samler inn statistikk for landets bibliotek, inkludert fag- og forskningsbibliotek. Statistikken publiseres p\u00e5 v\u00e5re nettsider og i den \u00e5rlige Kulturstatistikken fra SSB. Tidligere \u00e5rs statistikk finner du nederst p\u00e5 denne siden.<\/p>\n\n\t\t<\/div><figure class=\"nb-hero__media\">\n\t\t\t<img loading=\"lazy\" decoding=\"async\" width=\"1024\" height=\"684\" src=\"https:\/\/bibliotekutvikling.no\/content\/uploads\/sites\/2\/2022\/06\/Oppegard_bibliotek_NETT-20-1024x684.jpg\" class=\"attachment-large size-large\" alt=\"\" srcset=\"https:\/\/bibliotekutvikling.no\/content\/uploads\/sites\/2\/2022\/06\/Oppegard_bibliotek_NETT-20-1024x684.jpg 1024w, https:\/\/bibliotekutvikling.no\/content\/uploads\/sites\/2\/2022\/06\/Oppegard_bibliotek_NETT-20-300x200.jpg 300w, https:\/\/bibliotekutvikling.no\/content\/uploads\/sites\/2\/2022\/06\/Oppegard_bibliotek_NETT-20-768x513.jpg 768w, https:\/\/bibliotekutvikling.no\/content\/uploads\/sites\/2\/2022\/06\/Oppegard_bibliotek_NETT-20-1536x1025.jpg 1536w, https:\/\/bibliotekutvikling.no\/content\/uploads\/sites\/2\/2022\/06\/Oppegard_bibliotek_NETT-20-2048x1367.jpg 2048w\" sizes=\"auto, (max-width: 1024px) 100vw, 1024px\" \/>\n\t\t\t\n\t\t<\/figure>\n\t\t\t<\/div>\n\t\t<\/div>\n\n\n<p><\/p>\n\n\n\n<h2 class=\"wp-block-heading\">Bibliotekstatistikk for fag- og forskningsbibliotek 2024<\/h2>\n\n\n\n<h2 class=\"wp-block-heading\">Stabilt utl\u00e5n for UH-bibliotek<\/h2>\n\n\n\n<p>Det ble registrert 891.519 direkte utl\u00e5n fra egen samling til egen prim\u00e6rm\u00e5lgruppe eller andre (ikke andre bibliotek) i 2024. I tillegg var det 9.792 utl\u00e5n av realia i 2024.<\/p>\n\n\n<div class=\"t2-statistics has-1-blocks wp-block-t2-statistics has-background has-secondary-200-background-color\">\n\n\t\t<div class=\"t2-statistic-item wp-block-t2-statistic-item\">\n\t\t\t<span class=\"t2-statistic-item__content t2-statistic-item__content--title-before\">Utl\u00e5n<\/span>\n\t\t\t<div class=\"t2-statistic-item__number-wrapper\">\n\t\t\t\t\n\t\t\t\t\n\t\t\t\t<span class=\"t2-statistic-item__number\" data-number=\"891.519\" data-duration=\"2500\">891.519<\/span><span> <\/span>\n\t\t\t<\/div>\n\t\t\t<span class=\"t2-statistic-item__content t2-statistic-item__content--title-after\">direkte utl\u00e5n fra egen samling<\/span>\n\t\t<\/div>\n<\/div>\n\n\n<p>Ser vi p\u00e5 utl\u00e5n inkludert fjernl\u00e5n blir totalutl\u00e5net for sektoren som en helhet 1.183.598 i 2024. Inkluderer vi ogs\u00e5 sendte kopier ender vi p\u00e5 1.202.980. Her er ikke utl\u00e5n av realia inkludert. Dette er en nedgang fra tidligere \u00e5r om man kun ser p\u00e5 totaltallene for sektoren. Men det er verdt \u00e5 merke seg at utl\u00e5net holder seg relativt stabilt for bibliotekene ved universitet og vitenskapelige h\u00f8yskoler.<\/p>\n\n\n<div class=\"t2-statistics has-1-blocks wp-block-t2-statistics has-background has-secondary-200-background-color\">\n\n\t\t<div class=\"t2-statistic-item wp-block-t2-statistic-item\">\n\t\t\t<span class=\"t2-statistic-item__content t2-statistic-item__content--title-before\">Utl\u00e5n<\/span>\n\t\t\t<div class=\"t2-statistic-item__number-wrapper\">\n\t\t\t\t\n\t\t\t\t\n\t\t\t\t<span class=\"t2-statistic-item__number\" data-number=\"1.183\" data-duration=\"2500\">1.183<\/span><span>.598<\/span>\n\t\t\t<\/div>\n\t\t\t<span class=\"t2-statistic-item__content t2-statistic-item__content--title-after\">inkludert fjernl\u00e5n<\/span>\n\t\t<\/div>\n<\/div>\n\n\n<h2 class=\"wp-block-heading\">Endringer blant spesialbibliotek<\/h2>\n\n\n\n<p>Det er hos spesialbibliotek og bibliotek ved helseinstitusjoner vi ser den st\u00f8rste nedgangen i utl\u00e5n om man ser p\u00e5 totalutl\u00e5n for 2023 og 2024. Men her m\u00e5 det kommenteres at det i 2024 er f\u00e6rre bibliotek enn tidligere som har levert bibliotekstatistikk, og dette spiller inn p\u00e5 de aggregerte utl\u00e5nstallene for sektoren.<\/p>\n\n\n\n<p>Det er ogs\u00e5 gjort en annen teknisk endring som medf\u00f8rer et feilaktig bilde av et st\u00f8rre fall i utl\u00e5nstall, og som det derfor er verdt \u00e5 kommentere. I 2023 ble tidligere NLB Norsk Lyd- og blindeskriftbibliotek en del av Nasjonalbiblioteket, og i 2024 ble tallene fra dette tidligere spesialbiblioteket rapportert sammen med tallene fra Nasjonalbiblioteket. Siden NLB var et spesialbibliotek med i hovedsak digitalt materiale og bruken av materialet skjer digitalt, vil bruken av dette materialet bli rapportert annerledes fra og med 2024 enn det har v\u00e6rt gjort tidligere. Dette medf\u00f8rer at det som ser ut som en nedgang i utl\u00e5n i realiteten er en endring der bruken av materialet n\u00e5 er f\u00f8rt som nedlasting av digitalt materiale istedenfor som f\u00f8rstegangsl\u00e5n, slik det ble tidligere \u00e5r.<\/p>\n\n\n\n<p><\/p>\n\n\n\n<h2 class=\"wp-block-heading\">Generelle kommentarer til statistikken<\/h2>\n\n\n<div class=\"t2-statistics has-1-blocks wp-block-t2-statistics has-background has-secondary-200-background-color\">\n\n\t\t<div class=\"t2-statistic-item wp-block-t2-statistic-item\">\n\t\t\t<span class=\"t2-statistic-item__content t2-statistic-item__content--title-before\">Fag- og forskningsbibliotek<\/span>\n\t\t\t<div class=\"t2-statistic-item__number-wrapper\">\n\t\t\t\t\n\t\t\t\t\n\t\t\t\t<span class=\"t2-statistic-item__number\" data-number=\"99\" data-duration=\"2500\">99<\/span><span><\/span>\n\t\t\t<\/div>\n\t\t\t<span class=\"t2-statistic-item__content t2-statistic-item__content--title-after\">har rapportert bibliotekstatistikk for 2024.<\/span>\n\t\t<\/div>\n<\/div>\n\n\n<p>I l\u00f8pet av \u00e5rene har det blitt gjennomf\u00f8rt flere endringer og sammensl\u00e5inger av institusjoner i sektoren. Dette har f\u00f8rt til at det er f\u00e6rre institusjoner som rapporterer statistikk enn tidligere. I tillegg er det enkelte bibliotek som av forskjellige grunner ikke har rapportert inn statistikk for 2024 eller har rapportert ufullstendig statistikk. Dette medf\u00f8rer at antallet institusjoner som er inkludert i tallmaterialet varierer noe fra \u00e5r til \u00e5r, noe man m\u00e5 ta h\u00f8yde for n\u00e5r man ser p\u00e5 utvikling for norske fag- og forskningsbibliotek.<\/p>\n\n\n\n<p>Det ble gjennomf\u00f8rt en st\u00f8rre revidering av skjemaet for statistikkinnsamling fra fag- og forskningsbibliotek i 2023. Dette medf\u00f8rte brudd i historikk i enkelte felt samt at det kan ta et par \u00e5r f\u00f8r alle institusjoner er i stand til \u00e5 rapportere fullstendig i enkelte av de nye feltene.<\/p>\n\n\n\n<p>Fra 2023 har utl\u00e5n av realia v\u00e6rt et eget felt i bibliotekstatistikken. Med realia menes ikke-informasjonsb\u00e6rende materiale som biblioteket stiller til disposisjon og registrerer som utl\u00e5nt. Dette kan v\u00e6re ulike typer utstyr, f.eks. AV-utstyr, utstyr til avlesning av digitale filer, forskjellige typer tilbeh\u00f8r som ladere og liknende, verkt\u00f8y, utstyr til fritidsaktiviteter osv.<\/p>\n\n\n<ul class=\"t2-link-list has-1-items has-auto-columns wp-block-t2-link-list\">\n\t<li class=\"t2-link-list-item wp-block-t2-link-list-item\">\n\t\t<a\n\t\t\thref=\"https:\/\/bibliotekutvikling.no\/content\/uploads\/sites\/2\/2025\/06\/Fag-og-forskningsbibliotekstatistikk-2024-Radata.xlsx\"\n\t\t\tclass=\"t2-link-list-item__link t2-link-list__icon--right\"\n\t\t\trel=\"noreferrer noopener\" target=\"_blank\"\t\t>\n\t\t\t<span class=\"t2-link-list-item__icon\"><span class=\"t2-link-list-item__icon-box\"><\/span><svg xmlns=\"http:\/\/www.w3.org\/2000\/svg\" viewBox=\"0 0 24 24\" height=\"24\" width=\"24\" class=\"t2-icon t2-icon-external\" aria-hidden=\"true\" focusable=\"false\"><path d=\"M19 19H5V5h7V3H3v18h18v-9h-2v7zM14 3v2h3.6l-9.8 9.8 1.4 1.4L19 6.4V10h2V3h-7z\"\/><\/svg><\/span>\t\t\t<div class=\"t2-link-list-item__content\">\n\n\t\t\t\t\n\t\t\t\t<span id=\"link-list-item-text\" class=\"t2-link-list-item__text\">\n\t\t\t\t\tFag- og forskningsbibliotekstatistikken for 2024 \t\t\t\t<\/span>\n\t\t\t\t<span id=\"link-list-item-description\" class=\"t2-link-list-item__description\">Alle data i r\u00e5datafil (xlsx)<\/span>\t\t\t<\/div>\n\t\t<\/a>\n\t<\/li>\n\t\n<\/ul>\n\n<ul class=\"t2-link-list has-1-items has-1-columns wp-block-t2-link-list\">\n\t<li class=\"t2-link-list-item wp-block-t2-link-list-item\">\n\t\t<a\n\t\t\thref=\"https:\/\/www.ssb.no\/kultur-og-fritid\/kultur\/statistikk\/fag-og-forskingsbibliotek\"\n\t\t\tclass=\"t2-link-list-item__link t2-link-list__icon--right\"\n\t\t\trel=\"noreferrer noopener\" target=\"_blank\"\t\t>\n\t\t\t<span class=\"t2-link-list-item__icon\"><span class=\"t2-link-list-item__icon-box\"><\/span><svg xmlns=\"http:\/\/www.w3.org\/2000\/svg\" viewBox=\"0 0 24 24\" height=\"24\" width=\"24\" class=\"t2-icon t2-icon-external\" aria-hidden=\"true\" focusable=\"false\"><path d=\"M19 19H5V5h7V3H3v18h18v-9h-2v7zM14 3v2h3.6l-9.8 9.8 1.4 1.4L19 6.4V10h2V3h-7z\"\/><\/svg><\/span>\t\t\t<div class=\"t2-link-list-item__content\">\n\n\t\t\t\t\n\t\t\t\t<span id=\"link-list-item-text-1\" class=\"t2-link-list-item__text\">\n\t\t\t\t\tBibliotekstatistikken p\u00e5 SSB sine nettsider:\t\t\t\t<\/span>\n\t\t\t\t<span id=\"link-list-item-description-1\" class=\"t2-link-list-item__description\">SSB.no<\/span>\t\t\t<\/div>\n\t\t<\/a>\n\t<\/li>\n\t\n<\/ul>\n\n\n<hr aria-hidden=\"true\" class=\"wp-block-separator has-css-opacity\"\/>\n\n\n\n<h2 class=\"wp-block-heading is-style-default\" id=\"h-historiske-skjema-og-veiledninger\">Historiske skjema og veiledninger<\/h2>\n\n\n<ul class=\"t2-link-list has-2-items has-1-columns is-style-default wp-block-t2-link-list\">\n\t<li class=\"t2-link-list-item wp-block-t2-link-list-item\">\n\t\t<a\n\t\t\thref=\"https:\/\/bibliotekutvikling.no\/statistikk\/rapportering\/forhandsvisning\/\"\n\t\t\tclass=\"t2-link-list-item__link t2-link-list__icon--right\"\n\t\t\t\t\t>\n\t\t\t<span class=\"t2-link-list-item__icon\"><span class=\"t2-link-list-item__icon-box\"><\/span><svg xmlns=\"http:\/\/www.w3.org\/2000\/svg\" viewBox=\"0 0 24 24\" height=\"24\" width=\"24\" class=\"t2-icon t2-icon-arrowforward\" aria-hidden=\"true\" focusable=\"false\"><path d=\"M11.3 19.3c-.2-.2-.3-.4-.3-.7 0-.3.1-.5.3-.7l4.9-4.9H5c-.3 0-.5-.1-.7-.3-.2-.2-.3-.4-.3-.7s.1-.5.3-.7c.2-.2.4-.3.7-.3h11.2l-4.9-4.9c-.2-.2-.3-.4-.3-.7 0-.3.1-.5.3-.7.2-.2.4-.3.7-.3s.5.1.7.3l6.6 6.6c.1.1.2.2.2.3 0 .1.1.3.1.4 0 .1 0 .3-.1.4 0 .1-.1.2-.2.3l-6.6 6.6c-.2.2-.4.3-.7.3s-.5-.1-.7-.3z\" fill=\"currentColor\" \/><\/svg><\/span>\t\t\t<div class=\"t2-link-list-item__content\">\n\n\t\t\t\t\n\t\t\t\t<span id=\"link-list-item-text-2\" class=\"t2-link-list-item__text\">\n\t\t\t\t\tHistoriske skjema og veiledninger for fag og forskningsbibliotek fra og med 2018 (web)\t\t\t\t<\/span>\n\t\t\t\t\t\t\t<\/div>\n\t\t<\/a>\n\t<\/li>\n\t\n\n\t<li class=\"t2-link-list-item wp-block-t2-link-list-item\">\n\t\t<a\n\t\t\thref=\"https:\/\/bibliotekutvikling.no\/statistikk\/forside\/statistikk-for-fag-og-forskningsbibliotek\/historiske-skjema-og-veiledninger-for-fagbibliotek-2010-2017\/\"\n\t\t\tclass=\"t2-link-list-item__link t2-link-list__icon--right\"\n\t\t\t\t\t>\n\t\t\t<span class=\"t2-link-list-item__icon\"><span class=\"t2-link-list-item__icon-box\"><\/span><svg xmlns=\"http:\/\/www.w3.org\/2000\/svg\" viewBox=\"0 0 24 24\" height=\"24\" width=\"24\" class=\"t2-icon t2-icon-arrowforward\" aria-hidden=\"true\" focusable=\"false\"><path d=\"M11.3 19.3c-.2-.2-.3-.4-.3-.7 0-.3.1-.5.3-.7l4.9-4.9H5c-.3 0-.5-.1-.7-.3-.2-.2-.3-.4-.3-.7s.1-.5.3-.7c.2-.2.4-.3.7-.3h11.2l-4.9-4.9c-.2-.2-.3-.4-.3-.7 0-.3.1-.5.3-.7.2-.2.4-.3.7-.3s.5.1.7.3l6.6 6.6c.1.1.2.2.2.3 0 .1.1.3.1.4 0 .1 0 .3-.1.4 0 .1-.1.2-.2.3l-6.6 6.6c-.2.2-.4.3-.7.3s-.5-.1-.7-.3z\" fill=\"currentColor\" \/><\/svg><\/span>\t\t\t<div class=\"t2-link-list-item__content\">\n\n\t\t\t\t\n\t\t\t\t<span id=\"link-list-item-text-3\" class=\"t2-link-list-item__text\">\n\t\t\t\t\tHistoriske skjema og veiledninger for fag og forskningsbibliotek 2010-2017 (pdf)\t\t\t\t<\/span>\n\t\t\t\t\t\t\t<\/div>\n\t\t<\/a>\n\t<\/li>\n\t\n<\/ul>\n\n\n<h2 class=\"wp-block-heading alignwide is-style-block-heading\" id=\"h-historiske-data\">Historiske data<\/h2>\n\n\n\n<div class=\"wp-block-columns alignwide is-layout-flex wp-container-core-columns-is-layout-28f84493 wp-block-columns-is-layout-flex\">\n<div class=\"wp-block-column is-vertically-aligned-bottom is-layout-flow wp-block-column-is-layout-flow\">\n<figure class=\"wp-block-table alignwide\"><table class=\"has-primary-50-background-color has-background\"><tbody><tr><td><strong>2023<\/strong><br><a href=\"https:\/\/bibliotekutvikling.no\/content\/uploads\/sites\/2\/2025\/06\/fagbibliotek-2023_-kommentar-til-nettside-JWR.docx\">Kommentarer<\/a><br><a href=\"https:\/\/bibliotekutvikling.no\/content\/uploads\/sites\/2\/2024\/06\/Fag-og-forskning-2023-radata.xlsx\">R\u00e5data<\/a><br><\/td><td class=\"has-text-align-left\" data-align=\"left\"><\/td><td><\/td><\/tr><tr><td><strong>2022<\/strong><br><a href=\"https:\/\/bibliotekutvikling.no\/statistikk\/forside\/statistikk-for-fag-og-forskningsbibliotek\/utlan-og-nedlastninger-2022-fag-og-forskningsbibliotek\/\">Utl\u00e5n og nedlastninger<\/a><br><a href=\"https:\/\/bibliotekutvikling.no\/statistikk\/forside\/statistikk-for-fag-og-forskningsbibliotek\/besok-og-undervisning-2022\/\">Bes\u00f8k og undervisning<\/a><br><a href=\"https:\/\/bibliotekutvikling.no\/statistikk\/forside\/statistikk-for-fag-og-forskningsbibliotek\/okonomi-2022-fag-og-forskningsbibliotek\/\">\u00d8konomi<\/a><br><a href=\"https:\/\/bibliotekutvikling.no\/statistikk\/forside\/statistikk-for-fag-og-forskningsbibliotek\/samlinger-2022-fag-og-forskningsbibliotek\/\">Samlinger<\/a><br><a href=\"https:\/\/bibliotekutvikling.no\/statistikk\/forside\/statistikk-for-fag-og-forskningsbibliotek\/ressurser-2022\/\">Ressurser<\/a><br><a href=\"https:\/\/bibliotekutvikling.no\/content\/uploads\/sites\/2\/2023\/06\/Fag-og-forskning-2022-radata-1.xlsx\">R\u00e5data<\/a><br><a href=\"https:\/\/bibliotekutvikling.no\/content\/uploads\/sites\/2\/2024\/06\/fagbibliotek-2022_-kommentar-til-nettside-JWR.docx\">Kommentarer <\/a>                                     <\/td><td class=\"has-text-align-left\" data-align=\"left\"><strong>2021<\/strong><br><a href=\"https:\/\/bibliotekutvikling.no\/statistikk\/forside\/statistikk-for-fag-og-forskningsbibliotek\/utlan-og-nedlastninger-2021\/\">Utl\u00e5n og nedlastninger<\/a><br><a href=\"https:\/\/bibliotekutvikling.no\/statistikk\/forside\/statistikk-for-fag-og-forskningsbibliotek\/besok-og-undervisning-2021\/\">Bes\u00f8k og undervisning<\/a><br><a href=\"https:\/\/bibliotekutvikling.no\/statistikk\/forside\/statistikk-for-fag-og-forskningsbibliotek\/okonomi-2021\/\">\u00d8konomi<\/a><br><a href=\"https:\/\/bibliotekutvikling.no\/statistikk\/forside\/statistikk-for-fag-og-forskningsbibliotek\/samlinger-2021\/\">Samlinger<\/a><br><a href=\"https:\/\/bibliotekutvikling.no\/statistikk\/forside\/statistikk-for-fag-og-forskningsbibliotek\/ressurser-2021\/\">Ressurser<\/a><br><a href=\"https:\/\/bibliotekutvikling.no\/content\/uploads\/sites\/2\/2022\/06\/Fag-og-forskning-2021-radata.xlsx\">R\u00e5data<\/a><br><a href=\"https:\/\/bibliotekutvikling.no\/content\/uploads\/sites\/2\/2023\/06\/Kommentarer-til-bibliotekstatistikk-for-fag-og-forskningbibliotek-2021.pdf\">Kommentarer<\/a>                                                        <\/td><td><strong>2020<\/strong><br><a href=\"https:\/\/bibliotekutvikling.no\/statistikk\/forside\/statistikk-for-fag-og-forskningsbibliotek\/utlan-og-nedlastinger\/\/\">Utl\u00e5n og nedlastninger<\/a><br><a href=\"https:\/\/bibliotekutvikling.no\/statistikk\/forside\/statistikk-for-fag-og-forskningsbibliotek\/besok-og-undervisning\/\">Bes\u00f8k og undervisning<\/a><br><a href=\"https:\/\/bibliotekutvikling.no\/statistikk\/forside\/statistikk-for-fag-og-forskningsbibliotek\/okonomi\/\">\u00d8konomi<\/a><br><a href=\"https:\/\/bibliotekutvikling.no\/statistikk\/forside\/statistikk-for-fag-og-forskningsbibliotek\/samlinger\/\">Samlinger<\/a><br><a href=\"https:\/\/bibliotekutvikling.no\/statistikk\/forside\/statistikk-for-fag-og-forskningsbibliotek\/ressurser\/\/\">Ressurser<\/a><br><a href=\"https:\/\/bibliotekutvikling.no\/content\/uploads\/sites\/2\/2021\/06\/Fag-og-forskning-2020-ra%CC%8Adata.xlsx\">R\u00e5data<\/a><br><a href=\"https:\/\/bibliotekutvikling.no\/content\/uploads\/sites\/2\/2022\/06\/Fagbibliotek-2020_-kommentar.pdf\">Kommentarer<\/a>   <\/td><\/tr><tr><td><strong>2019<\/strong><br><a href=\"https:\/\/bibliotekutvikling.no\/content\/uploads\/sites\/2\/2020\/11\/Fag-og-forskning-2019-ra%CC%8Adata.xlsx\">R\u00e5data<\/a><\/td><td class=\"has-text-align-left\" data-align=\"left\"><strong>2018<\/strong><br><a href=\"https:\/\/bibliotekutvikling.no\/content\/uploads\/sites\/2\/2019\/12\/Fag-og-forskning-2018-r%C3%A5data-publisering.xlsx\">R\u00e5data<\/a><\/td><td><strong>2017<\/strong><br><a href=\"https:\/\/bibliotekutvikling.no\/content\/uploads\/sites\/2\/2019\/12\/Fag-og-forskning-2017-R%C3%A5data.xlsx\">R\u00e5data<\/a><\/td><\/tr><tr><td><strong>2016<\/strong><br><a href=\"https:\/\/bibliotekutvikling.no\/content\/uploads\/sites\/2\/2019\/12\/Fag-og-forskning-2016-R%C3%A5data.xlsx\">R\u00e5data<\/a><br><a href=\"https:\/\/bibliotekutvikling.no\/content\/uploads\/sites\/2\/2019\/12\/Fagbibliotek-2016_hovedpunkter.pdf\">Kommentarer<\/a><\/td><td class=\"has-text-align-left\" data-align=\"left\"><strong>2015<\/strong><br><a href=\"https:\/\/bibliotekutvikling.no\/content\/uploads\/sites\/2\/2019\/12\/Fagbibliotek-2015-R\u00e5data.xlsx\">R\u00e5data<\/a><br><\/td><td><strong>2014<\/strong><br><a href=\"https:\/\/bibliotekutvikling.no\/content\/uploads\/sites\/2\/2019\/12\/Fagbibliotek-2014-R%C3%A5data.xlsx\">R\u00e5data<\/a><\/td><\/tr><tr><td><strong>2013<\/strong><br><a href=\"https:\/\/bibliotekutvikling.no\/content\/uploads\/sites\/2\/2019\/12\/Fagbibliotek-2013-R%C3%A5data.xlsx\">R\u00e5data<\/a><br><a href=\"https:\/\/bibliotekutvikling.no\/content\/uploads\/sites\/2\/2019\/12\/Fagbibliotek-2012-2013-kommentarer.pdf\">Kommentarer<\/a><\/td><td class=\"has-text-align-left\" data-align=\"left\"><strong>2012<\/strong><br><a href=\"https:\/\/bibliotekutvikling.no\/content\/uploads\/sites\/2\/2019\/12\/Fagbibliotek-2012-R%C3%A5data.xlsx\">R\u00e5data<\/a><br><a href=\"https:\/\/bibliotekutvikling.no\/content\/uploads\/sites\/2\/2019\/12\/Fagbibliotek-2012-kommentarer.pdf\">Kommentarer<\/a><\/td><td> <strong>2011<\/strong><br><a href=\"https:\/\/bibliotekutvikling.no\/content\/uploads\/sites\/2\/2019\/12\/Fagbibliotek-2011-R%C3%A5data.xls\">R\u00e5data<\/a><br><a href=\"https:\/\/bibliotekutvikling.no\/content\/uploads\/sites\/2\/2019\/12\/Fagbibliotek-2010-2011-Kommentarer.pdf\">Kommentarer<\/a>                                                         <\/td><\/tr><tr><td><strong>2010<\/strong><br><a href=\"https:\/\/bibliotekutvikling.no\/content\/uploads\/sites\/2\/2019\/12\/Fagbibliotek-2010-R%C3%A5data.xls\">R\u00e5data<\/a><br><a href=\"https:\/\/bibliotekutvikling.no\/content\/uploads\/sites\/2\/2019\/12\/Fagbibliotek-2010-Kommentarer.pdf\">Kommentarer<\/a><\/td><td class=\"has-text-align-left\" data-align=\"left\"><\/td><td><\/td><\/tr><\/tbody><\/table><\/figure>\n<\/div>\n<\/div>\n","protected":false},"excerpt":{"rendered":"","protected":false},"author":52,"featured_media":214214,"parent":2,"menu_order":0,"comment_status":"closed","ping_status":"closed","template":"","meta":{"_relevanssi_hide_post":"","_relevanssi_hide_content":"","_relevanssi_pin_for_all":"","_relevanssi_pin_keywords":"","_relevanssi_unpin_keywords":"","_relevanssi_related_keywords":"","_relevanssi_related_include_ids":"","_relevanssi_related_exclude_ids":"","_relevanssi_related_no_append":"","_relevanssi_related_not_related":"","_relevanssi_related_posts":"1,144159,144160","_relevanssi_noindex_reason":"","nb_hide_title":true,"sub_navigation_option":"","sub_navigation_custom_items":null,"footnotes":""},"class_list":["post-16","page","type-page","status-publish","has-post-thumbnail","hentry"],"yoast_head":"<!-- This site is optimized with the Yoast SEO plugin v27.1.1 - https:\/\/yoast.com\/product\/yoast-seo-wordpress\/ -->\n<title>Statistikk for fag- og forskningsbibliotek - Statistikk<\/title>\n<meta name=\"robots\" content=\"index, follow, max-snippet:-1, max-image-preview:large, max-video-preview:-1\" \/>\n<link rel=\"canonical\" href=\"https:\/\/bibliotekutvikling.no\/statistikk\/forside\/statistikk-for-fag-og-forskningsbibliotek\/\" \/>\n<meta property=\"og:locale\" content=\"nb_NO\" \/>\n<meta property=\"og:type\" content=\"article\" \/>\n<meta property=\"og:title\" content=\"Statistikk for fag- og forskningsbibliotek - Statistikk\" \/>\n<meta property=\"og:description\" content=\"Nasjonalbiblioteket samler inn statistikk for landets bibliotek, inkludert fag- og forskningsbibliotek. Statistikken publiseres p\u00e5 v\u00e5re nettsider og i den \u00e5rlige Kulturstatistikken fra SSB. Tidligere \u00e5rs statistikk finner du nederst p\u00e5 siden.\" \/>\n<meta property=\"og:url\" content=\"https:\/\/bibliotekutvikling.no\/statistikk\/forside\/statistikk-for-fag-og-forskningsbibliotek\/\" \/>\n<meta property=\"og:site_name\" content=\"Statistikk\" \/>\n<meta property=\"article:publisher\" content=\"https:\/\/www.facebook.com\/bibliotekutvikling\/\" \/>\n<meta property=\"article:modified_time\" content=\"2025-06-18T12:40:44+00:00\" \/>\n<meta property=\"og:image\" content=\"https:\/\/bibliotekutvikling.no\/content\/uploads\/sites\/2\/2022\/06\/Oppegard_bibliotek_NETT-20.jpg\" \/>\n\t<meta property=\"og:image:width\" content=\"2500\" \/>\n\t<meta property=\"og:image:height\" content=\"1669\" \/>\n\t<meta property=\"og:image:type\" content=\"image\/jpeg\" \/>\n<meta name=\"twitter:card\" content=\"summary_large_image\" \/>\n<meta name=\"twitter:label1\" content=\"Ansl. lesetid\" \/>\n\t<meta name=\"twitter:data1\" content=\"4 minutter\" \/>\n<script type=\"application\/ld+json\" class=\"yoast-schema-graph\">{\"@context\":\"https:\/\/schema.org\",\"@graph\":[{\"@type\":\"WebPage\",\"@id\":\"https:\/\/bibliotekutvikling.no\/statistikk\/forside\/statistikk-for-fag-og-forskningsbibliotek\/\",\"url\":\"https:\/\/bibliotekutvikling.no\/statistikk\/forside\/statistikk-for-fag-og-forskningsbibliotek\/\",\"name\":\"Statistikk for fag- og forskningsbibliotek - Statistikk\",\"isPartOf\":{\"@id\":\"https:\/\/bibliotekutvikling.no\/statistikk\/#website\"},\"primaryImageOfPage\":{\"@id\":\"https:\/\/bibliotekutvikling.no\/statistikk\/forside\/statistikk-for-fag-og-forskningsbibliotek\/#primaryimage\"},\"image\":{\"@id\":\"https:\/\/bibliotekutvikling.no\/statistikk\/forside\/statistikk-for-fag-og-forskningsbibliotek\/#primaryimage\"},\"thumbnailUrl\":\"https:\/\/bibliotekutvikling.no\/content\/uploads\/sites\/2\/2022\/06\/Oppegard_bibliotek_NETT-20.jpg\",\"datePublished\":\"2019-12-03T11:31:40+00:00\",\"dateModified\":\"2025-06-18T12:40:44+00:00\",\"breadcrumb\":{\"@id\":\"https:\/\/bibliotekutvikling.no\/statistikk\/forside\/statistikk-for-fag-og-forskningsbibliotek\/#breadcrumb\"},\"inLanguage\":\"nb-NO\",\"potentialAction\":[{\"@type\":\"ReadAction\",\"target\":[\"https:\/\/bibliotekutvikling.no\/statistikk\/forside\/statistikk-for-fag-og-forskningsbibliotek\/\"]}]},{\"@type\":\"ImageObject\",\"inLanguage\":\"nb-NO\",\"@id\":\"https:\/\/bibliotekutvikling.no\/statistikk\/forside\/statistikk-for-fag-og-forskningsbibliotek\/#primaryimage\",\"url\":\"https:\/\/bibliotekutvikling.no\/content\/uploads\/sites\/2\/2022\/06\/Oppegard_bibliotek_NETT-20.jpg\",\"contentUrl\":\"https:\/\/bibliotekutvikling.no\/content\/uploads\/sites\/2\/2022\/06\/Oppegard_bibliotek_NETT-20.jpg\",\"width\":2500,\"height\":1669},{\"@type\":\"BreadcrumbList\",\"@id\":\"https:\/\/bibliotekutvikling.no\/statistikk\/forside\/statistikk-for-fag-og-forskningsbibliotek\/#breadcrumb\",\"itemListElement\":[{\"@type\":\"ListItem\",\"position\":1,\"name\":\"Home\",\"item\":\"https:\/\/bibliotekutvikling.no\/statistikk\/\"},{\"@type\":\"ListItem\",\"position\":2,\"name\":\"Bibliotekstatistikk\",\"item\":\"https:\/\/bibliotekutvikling.no\/statistikk\/\"},{\"@type\":\"ListItem\",\"position\":3,\"name\":\"Statistikk for fag- og forskningsbibliotek\"}]},{\"@type\":\"WebSite\",\"@id\":\"https:\/\/bibliotekutvikling.no\/statistikk\/#website\",\"url\":\"https:\/\/bibliotekutvikling.no\/statistikk\/\",\"name\":\"Statistikk\",\"description\":\"\",\"potentialAction\":[{\"@type\":\"SearchAction\",\"target\":{\"@type\":\"EntryPoint\",\"urlTemplate\":\"https:\/\/bibliotekutvikling.no\/statistikk\/?s={search_term_string}\"},\"query-input\":{\"@type\":\"PropertyValueSpecification\",\"valueRequired\":true,\"valueName\":\"search_term_string\"}}],\"inLanguage\":\"nb-NO\"}]}<\/script>\n<!-- \/ Yoast SEO plugin. -->","yoast_head_json":{"title":"Statistikk for fag- og forskningsbibliotek - Statistikk","robots":{"index":"index","follow":"follow","max-snippet":"max-snippet:-1","max-image-preview":"max-image-preview:large","max-video-preview":"max-video-preview:-1"},"canonical":"https:\/\/bibliotekutvikling.no\/statistikk\/forside\/statistikk-for-fag-og-forskningsbibliotek\/","og_locale":"nb_NO","og_type":"article","og_title":"Statistikk for fag- og forskningsbibliotek - Statistikk","og_description":"Nasjonalbiblioteket samler inn statistikk for landets bibliotek, inkludert fag- og forskningsbibliotek. Statistikken publiseres p\u00e5 v\u00e5re nettsider og i den \u00e5rlige Kulturstatistikken fra SSB. Tidligere \u00e5rs statistikk finner du nederst p\u00e5 siden.","og_url":"https:\/\/bibliotekutvikling.no\/statistikk\/forside\/statistikk-for-fag-og-forskningsbibliotek\/","og_site_name":"Statistikk","article_publisher":"https:\/\/www.facebook.com\/bibliotekutvikling\/","article_modified_time":"2025-06-18T12:40:44+00:00","og_image":[{"width":2500,"height":1669,"url":"https:\/\/bibliotekutvikling.no\/content\/uploads\/sites\/2\/2022\/06\/Oppegard_bibliotek_NETT-20.jpg","type":"image\/jpeg"}],"twitter_card":"summary_large_image","twitter_misc":{"Ansl. lesetid":"4 minutter"},"schema":{"@context":"https:\/\/schema.org","@graph":[{"@type":"WebPage","@id":"https:\/\/bibliotekutvikling.no\/statistikk\/forside\/statistikk-for-fag-og-forskningsbibliotek\/","url":"https:\/\/bibliotekutvikling.no\/statistikk\/forside\/statistikk-for-fag-og-forskningsbibliotek\/","name":"Statistikk for fag- og forskningsbibliotek - Statistikk","isPartOf":{"@id":"https:\/\/bibliotekutvikling.no\/statistikk\/#website"},"primaryImageOfPage":{"@id":"https:\/\/bibliotekutvikling.no\/statistikk\/forside\/statistikk-for-fag-og-forskningsbibliotek\/#primaryimage"},"image":{"@id":"https:\/\/bibliotekutvikling.no\/statistikk\/forside\/statistikk-for-fag-og-forskningsbibliotek\/#primaryimage"},"thumbnailUrl":"https:\/\/bibliotekutvikling.no\/content\/uploads\/sites\/2\/2022\/06\/Oppegard_bibliotek_NETT-20.jpg","datePublished":"2019-12-03T11:31:40+00:00","dateModified":"2025-06-18T12:40:44+00:00","breadcrumb":{"@id":"https:\/\/bibliotekutvikling.no\/statistikk\/forside\/statistikk-for-fag-og-forskningsbibliotek\/#breadcrumb"},"inLanguage":"nb-NO","potentialAction":[{"@type":"ReadAction","target":["https:\/\/bibliotekutvikling.no\/statistikk\/forside\/statistikk-for-fag-og-forskningsbibliotek\/"]}]},{"@type":"ImageObject","inLanguage":"nb-NO","@id":"https:\/\/bibliotekutvikling.no\/statistikk\/forside\/statistikk-for-fag-og-forskningsbibliotek\/#primaryimage","url":"https:\/\/bibliotekutvikling.no\/content\/uploads\/sites\/2\/2022\/06\/Oppegard_bibliotek_NETT-20.jpg","contentUrl":"https:\/\/bibliotekutvikling.no\/content\/uploads\/sites\/2\/2022\/06\/Oppegard_bibliotek_NETT-20.jpg","width":2500,"height":1669},{"@type":"BreadcrumbList","@id":"https:\/\/bibliotekutvikling.no\/statistikk\/forside\/statistikk-for-fag-og-forskningsbibliotek\/#breadcrumb","itemListElement":[{"@type":"ListItem","position":1,"name":"Home","item":"https:\/\/bibliotekutvikling.no\/statistikk\/"},{"@type":"ListItem","position":2,"name":"Bibliotekstatistikk","item":"https:\/\/bibliotekutvikling.no\/statistikk\/"},{"@type":"ListItem","position":3,"name":"Statistikk for fag- og forskningsbibliotek"}]},{"@type":"WebSite","@id":"https:\/\/bibliotekutvikling.no\/statistikk\/#website","url":"https:\/\/bibliotekutvikling.no\/statistikk\/","name":"Statistikk","description":"","potentialAction":[{"@type":"SearchAction","target":{"@type":"EntryPoint","urlTemplate":"https:\/\/bibliotekutvikling.no\/statistikk\/?s={search_term_string}"},"query-input":{"@type":"PropertyValueSpecification","valueRequired":true,"valueName":"search_term_string"}}],"inLanguage":"nb-NO"}]}},"_links":{"self":[{"href":"https:\/\/bibliotekutvikling.no\/statistikk\/wp-json\/wp\/v2\/pages\/16","targetHints":{"allow":["GET"]}}],"collection":[{"href":"https:\/\/bibliotekutvikling.no\/statistikk\/wp-json\/wp\/v2\/pages"}],"about":[{"href":"https:\/\/bibliotekutvikling.no\/statistikk\/wp-json\/wp\/v2\/types\/page"}],"author":[{"embeddable":true,"href":"https:\/\/bibliotekutvikling.no\/statistikk\/wp-json\/wp\/v2\/users\/52"}],"replies":[{"embeddable":true,"href":"https:\/\/bibliotekutvikling.no\/statistikk\/wp-json\/wp\/v2\/comments?post=16"}],"version-history":[{"count":5,"href":"https:\/\/bibliotekutvikling.no\/statistikk\/wp-json\/wp\/v2\/pages\/16\/revisions"}],"predecessor-version":[{"id":328557,"href":"https:\/\/bibliotekutvikling.no\/statistikk\/wp-json\/wp\/v2\/pages\/16\/revisions\/328557"}],"up":[{"embeddable":true,"href":"https:\/\/bibliotekutvikling.no\/statistikk\/wp-json\/wp\/v2\/pages\/2"}],"wp:featuredmedia":[{"embeddable":true,"href":"https:\/\/bibliotekutvikling.no\/statistikk\/wp-json\/wp\/v2\/media\/214214"}],"wp:attachment":[{"href":"https:\/\/bibliotekutvikling.no\/statistikk\/wp-json\/wp\/v2\/media?parent=16"}],"curies":[{"name":"wp","href":"https:\/\/api.w.org\/{rel}","templated":true}]}}