{"id":170641,"date":"2023-11-14T15:27:26","date_gmt":"2023-11-14T14:27:26","guid":{"rendered":"https:\/\/bibliotekutvikling.no\/prosjektbank\/?post_type=project&#038;p=170641"},"modified":"2025-11-07T08:55:11","modified_gmt":"2025-11-07T07:55:11","slug":"sammen-om-lesekultur-en-konferanse-for-barnehager-og-bibliotek","status":"granted","type":"project","link":"https:\/\/bibliotekutvikling.no\/prosjektbank\/prosjekt\/sammen-om-lesekultur-en-konferanse-for-barnehager-og-bibliotek\/","title":{"rendered":"Sammen om lesekultur. En konferanse for barnehager og bibliotek."},"author":174,"template":"","meta":{"nb_hide_title":false,"nb_awarded_sum":"100000","nb_case_id":"2023\/1492","nb_delivery_started":"","nb_group_id":"","nb_journal_id_report_endreport":"","nb_journal_id_report_year_1":"","nb_journal_id_report_year_2":"","nb_journal_id":"9561\/2023","nb_json_report_endreport":"","nb_json_report_year_1":"","nb_json_report_year_2":"","nb_report_latest_delivery":"","nb_status":"","institution_id":7993,"nb_json":"{\"institusjonsnavn\":\"Tr\u00f8ndelag fylkesbibliotek\",\"org-name\":\"Tr\u00f8ndelag fylkesbibliotek\",\"kommunenavn\":\"5000 kommune\",\"fylkesnavn\":\"Tr\u00f8ndelag\",\"org-postal-address\":\"Postboks 2323 Torgarden\",\"org-postal-zip\":\"7004\",\"org-postal-city\":\"Trondheim\",\"project-type\":\"innsatsomrader\",\"duration-years\":\"1\",\"org-email\":\"postmottak.fylkesbiblioteket@trondelagfylke.no\",\"leader-contact-fn\":\"Hildegunn\",\"leader-contact-ln\":\"Hestnes\",\"leader-contact-email\":\"hilhe@trondelagfylke.no\",\"is-contact-leader\":\"false\",\"contact-fn\":\"Malin \",\"contact-ln\":\"Kvam \",\"contact-phone\":\"92246656\",\"contact-email\":\"malkv@trondelagfylke.no\",\"project-type-alternatives\":[\"utvikling-av-nye-bibliotektjenester\"],\"title\":\"Sammen om lesekultur. En konferanse for barnehager og bibliotek. \",\"goal\":\"Vi \u00f8nsker \u00e5 skape en ny m\u00f8teplass for barnehagel\u00e6rere og bibliotekarer, med lesestunder og litteratur og for de minste som hovedtema. Konferansen planlegges som del av fylkesbibliotekenes satsing p\u00e5 \u00abLeselyst med dei minste. Saman om lesekultur\u00bb i FiF-prosjektet.  \\n\\nTittel for konferansen er: \u00abSammen om lesekultur. En konferanse for barnehager og bibliotek\u00bb. \\n\\nDato: 24. og 25. april 2024 \\n\\nSted: Dronning Mauds Minne h\u00f8gskole i Trondheim. \\n\\nM\u00e5lgruppe: Barnehagel\u00e6rere og bibliotekarer fra hele landet.  \\n\\nKapasitet: 150 deltakere. \\n\\nM\u00e5let er \u00e5 \\n\\nL\u00e6re mer om lesestunder og litteraturopplevelser sammen med sm\u00e5 barn i hverdagen \\n\\nStimulere til felles forst\u00e5else og \u00f8kt samarbeid mellom bibliotek og barnehager \\n\\nInspirere til utvikling av lesekultur for de minste, ved deling av kunnskap og id\u00e9er om b\u00e5de lesevaner og fortellinger i det daglige, bibliotekbes\u00f8k og litteraturarrangement. \",\"description\":\"Konferansen \\\"Sammen om lesekultur. En konferanse for barnehager og bibliotek\\\" arrangeres i Trondheim 23.-24. april 2024. Konferansen er et samarbeid mellom Tr\u00f8ndelag fylkesbibliotek og Bibliotekutvikling Vestland fylkeskommune, Dronning Mauds Minne h\u00f8gskolefor barnehagel\u00e6rerutdanning (DMMH), samt prosjektet Formidlingskompetanse i folkebibliotek (FiF).   \\n\\nVi \u00f8nsker \u00e5 skape en landsdekkende m\u00f8teplass for barnehagel\u00e6rere og bibliotekarer. I den nye konferansen skal det legges til rette for faglig p\u00e5fyll, og deling av erfaringer, praksishistorier og nye refleksjoner. Konferansen er ment \u00e5 stimulere til \u00f8kt samarbeid mellom bibliotek og barnehager. Samarbeid og m\u00f8ter mellom de to profesjonene varerier i stor grad fra kommune til kommune, men en slik tverrfaglig konferanse vil kunne legge grunnlaget for en felles forst\u00e5else og retning i arbeidet med lesekultur for de minste. Vi h\u00e5per at hvert enkelt bibliotek og barnehage blir inspirert til \u00e5 jobbe sammen for lesekultur i sine lokalsamfunn.  \\n\\n\\nBakgrunn og strategisk forankring  \\n\\nForskning viser at daglig h\u00f8ytlesning for sm\u00e5 barn ikke lenger kan tas for gitt. Vi ser behov for \u00e5 fremme rutiner og lesekultur i hjemmet og i barnehagen.   \\n\\nIdeen om \u00e5 samarbeide om en konferanse i samarbeid med DMMH har vokst frem over flere \u00e5r ved Tr\u00f8ndelag fylkesbibliotek. I det landsdekkende prosjektet Formidlingskompetanse i folkebibliotek har det blitt tatt til orde for en ny m\u00f8teplass\/konferanse for barnehagel\u00e6rere og bibliotekarer, som del av satsingen Leselyst med dei minste. Slik kom det i stand at Tr\u00f8ndelag fylkesbibliotek, sammen med Bibliotekutvikling Vestland fylkeskommune, tok kontakt med DMMH. Vi fant fort ut av at vi har et felles \u00f8nske om \u00e5 skape en nasjonal m\u00f8teplass for ansatte i barnehager og bibliotek. Barnehagel\u00e6rerutdanningen og fylkesbibliotekene har en felles interesse i \u00e5 bygge kontakt og kompetanse p\u00e5 tvers av de to profesjonene, for \u00e5 styrke arbeidet med leselyst sammen med de minste. Dette gav grunnlaget for at vi n\u00e5 samarbeider om \u00e5 arrangere konferansen \\\"Sammen om lesekultur. En konferanse for barnehager og bibliotek\\\".    \\n\\nVi \u00f8nsker at konferansen skal bidra til aktiv oppf\u00f8lging av ny nasjonal lesestrategi n\u00e5r den legges fram, gjennom et styrket tverrfaglig samarbeid mellom barnehager og bibliotek.  \\n\\nDet er ikke budsjettert med en fullskala nasjonal konferanse innenfor satsingen p\u00e5 \\\"Leselyst med dei minste\\\" i FiF, derfor s\u00f8kes det om ekstra konferansemidler.  \\n\\n  \\nProgram og gjennomf\u00f8ring \\n\\nKonferansen arrangeres i lokalene til Dronning Mauds minne h\u00f8gskole for barnehagel\u00e6rerutdanning over 1,5 dager. Det vil legges til rette for digital deltakelse p\u00e5 fellessesjonene.  \\n\\nArbeidet med programmet for konferansen er i gang. Det legges vekt p\u00e5 \u00e5 finne en balanse mellom \u00e5 formidle solid og nyere forskning av st\u00f8rre navn fra feltet, vise frem praksisn\u00e6re eksempler p\u00e5 formidling av litteratur i barnehagen, og det \u00e5 legge til rette for dialog og samhandling mellom de to profesjonene. Programmet vil ogs\u00e5 romme m\u00f8ter med forfattere som skriver og formidler til de yngste barna, b\u00e5de innenfor fag- og skj\u00f8nnlitteratur.   \\n\\nAv noen innledere som er bekreftet i programmet kan det nevnes Trude Hoel, forsker ved Lesesenteret, Therese Paulsen, forsker ved DMMH, og Agnes M. Bjorvand, forfatter og f\u00f8rstelektor ved Universitetet i Agder. Et sentralt tema for konferansen vil v\u00e6re flerspr\u00e5klighet.   \\n\\nF\u00f8rste dag vil best\u00e5 av innledende sesjoner i plenum, mens vi p\u00e5 dag to vil legge opp til parallelle sesjoner\/verksteder med tema som formidling av s\u00f8rsamisk litteratur, b\u00e6rekraftsbiblioteket for de aller minste, b\u00e6renettbibliotek, og inkluderende lesing.    \\n\\nPogramutkast ligger som vedlegg til s\u00f8knaden. \\n\\nProgramkomiteen best\u00e5r av:  \\nCecilie Fodstad, f\u00f8rstelektor, faggruppe for norsk, institutt for spr\u00e5k, kunst og kultur, DMMH  \\nAnita Langlete Ramdahl Vangstad, seniorkonsulent, DMMH   \\nAstrid Sundset Moe, r\u00e5dgiver, leder for innsatsomr\u00e5det Leselyst med dei minste i FiF\/Bibliotekutvikling Vestland fylkeskommune  \\nKristin Storvig, seniorr\u00e5dgiver, prosjektleder FiF\/Tr\u00f8ndelag fylkesbibliotek  \\nMalin Kvam, r\u00e5dgiver, prosjektmedarbeider i innsatsomr\u00e5det Leselyst med dei minste i FiF\/Tr\u00f8ndelag fylkesbibliotek  \\n\\n\\nOm arrang\u00f8rene  \\n\\nTr\u00f8ndelag fylkesbibliotek er hovedarrang\u00f8r, som vertskap for FiF, med DMMH og Bibliotekutvikling Vestland fylkeskommune som samarbeidspartnere. Vestland er med i kraft av sin koordinatorrolle i FiF-satsinga \u201cLeselyst med dei minste.\u201d  \\n\\nDet vil publiseres program, p\u00e5meldingsinformasjon og praktiske opplysninger p\u00e5 Tr\u00f8ndelag fylkesbiblioteks hjemmesider. Informasjon om konferansen vil bli aktivt delt via epostlister rundt i fylkesbibliotekene, og i sosiale media. Vi tar ogs\u00e5 sikte p\u00e5 m\u00e5lrettet rekruttering ved fylkesbibliotekene og FiF for \u00e5 sikre en viss deltakelse fra alle fylker. \\n\\nKonferansen arrangeres i lokalene til Dronning Mauds Minne h\u00f8gskole for barnehagel\u00e6rerutdanning. DMMH ble grunnlagt i 1947, og er den eneste h\u00f8gskolen i landet som har utdanning av barnehagel\u00e6rere som hovedoppgave. DMMH har ca. 1400 studenter og 160 ansatte. De arbeider aktivt for \u00e5 ivareta barns behov og rettigheter, samt \u00e5 synliggj\u00f8re barns perspektiver i samfunnet. DMMH har sv\u00e6rt egnede lokaler for \u00e5 arrangere konferansen. De har en egnet stor forelesningssal som tar 150 personer. I tillegg til andre n\u00e6rliggende rom for parallellesjoner og verksteder.   \\n\\n \\nVideref\u00f8ring \\n\\nVi \u00f8nsker at konferansen kan bli en viktig \u00e5rlig m\u00f8teplass. Siden denne f\u00f8rste konferansen arrangeres med tilknytning til FiF-prosjektet, vil den i 2024 v\u00e6re nasjonal. Det m\u00e5 i etterkant av konferansen vurderes om den skal videref\u00f8res som en nasjonal konferanse, eller om DMMH og Tr\u00f8ndelag skal videref\u00f8re konferansen som en regional m\u00f8teplass for barnehager og bibliotek i Tr\u00f8ndelag. Det kan v\u00e6re effektfullt med en mer lokal tiln\u00e6rming, men dette m\u00e5 det gj\u00f8res en vurdering p\u00e5 etter evaluering av den nasjonale konferansen i 2024. \",\"activities\":[{\"description\":\"Gjennomf\u00f8ring av konferansen \\\"Sammen om lesekultur. En konferanse for barnehager og bibliotek\\\"\",\"datepicker\":{\"startDate\":\"2024-04-24T10:00:00.000Z\",\"endDate\":\"2024-04-25T10:00:00.000Z\"}},{\"description\":\"Forberedelse og informasjonsarbeid\",\"datepicker\":{\"startDate\":\"2023-12-01T11:00:00.000Z\",\"endDate\":\"2024-04-23T10:00:00.000Z\"}},{\"description\":\"Evaluering og etterarbeid\",\"datepicker\":{\"startDate\":\"2024-04-26T10:00:00.000Z\",\"endDate\":\"2024-05-26T10:00:00.000Z\"}}],\"soknadsbelop\":\"100000\",\"budget\":{\"income-1\":[{\"description\":\"Midler fra FiF-satsinga \\\"Leselyst med dei minste\\\"\",\"sum\":\"50000\"},{\"description\":\"Deltakeravgift\",\"sum\":\"150000\"}],\"expenses-1\":[{\"description\":\"Administrering av p\u00e5melding, fakturering, navneskilt \",\"sum\":\"25000\"},{\"description\":\"Programposter - foredragsholdere, honorar, og reiseutgifter\",\"sum\":\"100000\"},{\"description\":\"Kj\u00f8p av tjenester til str\u00f8mming, lyd og annen teknikk \",\"sum\":\"55000\"},{\"description\":\"Konferansemiddag\",\"sum\":\"80000\"},{\"description\":\"Dagpakke for 1,5 dag for 150 deltakere\",\"sum\":\"40000\"}]},\"har-samarbeidspartnere\":\"true\",\"partners\":[{\"name\":\"Vestland fylkeskommune\",\"description\":\"Formell samarbeidspartner. Bibliotekutvikling. De er med som samarbeidspartner i kraft av at de er koordinator for FiF-satsinga Leselyst med dei minste.\"},{\"name\":\"Dronning Mauds Minne H\u00f8gskole for barnehagerl\u00e6rerutdanning\",\"description\":\"Formell samarbeidspartner. De stiller med lokaler og har flere bidragsytere i programkomiteen. \"}],\"attachments\":[{\"id\":175161,\"title\":\"Programutkast Sammen om lesekultur.docx\",\"url\":\"https:\/\/bibliotekutvikling.no\/content\/uploads\/sites\/3\/2023\/11\/Programutkast-Sammen-om-lesekultur.docx\",\"type\":\"application\/vnd.openxmlformats-officedocument.wordprocessingml.document\"}]}","form_config":"{\"fields\":[{\"name\":\"page-applicant\",\"label\":\"S\u00f8ker\",\"type\":\"page\"},{\"name\":\"section-org-info\",\"label\":\"Institusjonsopplysninger\",\"type\":\"section\"},{\"name\":\"org-name\",\"label\":\"Institusjonsnavn\",\"required\":true,\"type\":\"text\",\"maxlength\":70,\"size\":\"medium\",\"instructions\":\"Maksimalt 70 tegn\"},{\"name\":\"org-email\",\"label\":\"Institusjonens e-postadresse\",\"required\":true,\"type\":\"email\",\"size\":\"medium\",\"instructions\":\"Her vil vi gjerne at du oppgir institusjonens e-postadresse. Denne e-postadressen vil bli brukt ved utsending av tildelings- eller avslagsbrev fra Nasjonalbiblioteket, med kopi til institusjonens leder og kontaktperson.\",\"className\":\"clear\"},{\"name\":\"org-postal-address\",\"label\":\"Postadresse\",\"type\":\"text\"},{\"name\":\"org-postal-zip\",\"label\":\"Postnummer\",\"type\":\"text\",\"size\":\"small\"},{\"name\":\"org-postal-city\",\"label\":\"Poststed\",\"type\":\"text\",\"size\":\"medium\"},{\"name\":\"leader-contact\",\"label\":\"Institusjonens leder\",\"type\":\"fieldset\",\"help\":\"Ansvarlig for s\u00f8knaden og eventuelt bevilgede midler.\",\"subFields\":[{\"name\":\"leader-contact-fn\",\"label\":\"Fornavn\",\"required\":true,\"type\":\"text\",\"size\":\"small\"},{\"name\":\"leader-contact-ln\",\"label\":\"Etternavn\",\"required\":true,\"type\":\"text\",\"size\":\"small\"},{\"name\":\"leader-contact-phone\",\"label\":\"Telefon\",\"type\":\"number\",\"size\":\"small\",\"className\":\"clear\"},{\"name\":\"leader-contact-email\",\"label\":\"E-post\",\"required\":true,\"type\":\"email\",\"size\":\"small\"}]},{\"name\":\"is-contact-leader\",\"label\":\"Er institusjonens leder kontaktperson for prosjektet?\",\"type\":\"radio\",\"choices\":{\"true\":\"Ja\",\"false\":\"Nei\"}},{\"name\":\"fieldset-contact\",\"label\":\"Kontaktperson\",\"type\":\"fieldset\",\"conditionalLogic\":[{\"field\":\"is-contact-leader\",\"operator\":\"===\",\"value\":\"false\"}],\"subFields\":[{\"name\":\"contact-fn\",\"label\":\"Fornavn\",\"required\":true,\"type\":\"text\",\"size\":\"small\"},{\"name\":\"contact-ln\",\"label\":\"Etternavn\",\"required\":true,\"type\":\"text\",\"size\":\"small\"},{\"name\":\"contact-phone\",\"label\":\"Telefon\",\"required\":true,\"type\":\"number\",\"size\":\"small\",\"className\":\"clear\"},{\"name\":\"contact-email\",\"label\":\"E-post\",\"required\":true,\"type\":\"email\",\"size\":\"small\"}]},{\"name\":\"page-application-type\",\"label\":\"S\u00f8knadstype\",\"type\":\"page\"},{\"name\":\"section-select-application-type\",\"label\":\"Velg s\u00f8knadstype\",\"type\":\"section\"},{\"name\":\"project-type\",\"label\":\"S\u00f8knadstype\",\"required\":true,\"type\":\"select\",\"choices\":{\"innsatsomrader\":\"Innsatsomr\u00e5der\",\"fritt-forsok\":\"Frie fors\u00f8k\",\"forprosjekt\":\"Forprosjekt\"}},{\"name\":\"project-type-alternatives\",\"label\":\"Innsatsomr\u00e5der\",\"required\":true,\"type\":\"checkbox\",\"choices\":{\"utvikling-av-nye-bibliotektjenester\":\"Nye samarbeidsformer\",\"apen-forskning-og-bibliotek\":\"\u00c5pen forskning og bibliotek\",\"nye-samarbeidsformer\":\"FNs b\u00e6rekraftsm\u00e5l og bibliotek\",\"samarbeid-med-nasjonalbiblioteket\":\"Samarbeid med Nasjonalbiblioteket\"},\"conditionalLogic\":[{\"field\":\"project-type\",\"operator\":\"===\",\"value\":\"innsatsomrader\"}]},{\"name\":\"page-project\",\"label\":\"Prosjekt\",\"type\":\"page\"},{\"name\":\"section-project-description\",\"label\":\"Beskriv prosjektet\",\"type\":\"section\"},{\"name\":\"title\",\"label\":\"Prosjekttittel\",\"required\":true,\"type\":\"text\",\"maxlength\":100,\"instructions\":\"Maksimalt 100 tegn\",\"mapField\":\"title\"},{\"name\":\"goal\",\"label\":\"M\u00e5l\",\"required\":true,\"type\":\"textarea\",\"maxlength\":1000,\"instructions\":\"Maksimalt 1000 tegn\",\"placeholder\":\"Skriv kort om hva du vil oppn\u00e5 med prosjektet.\"},{\"name\":\"description\",\"label\":\"Prosjektbeskrivelse\",\"required\":true,\"type\":\"textarea\",\"maxlength\":7500,\"instructions\":\"Maksimalt 7500 tegn\",\"help\":\"Skriv et sammendrag av prosjektet. Sammendraget skal gi en fullverdig framstilling av prosjektet og brukes som grunnlag for saksbehandlingen.\\r\\n\\r\\nDet b\u00f8r beskrive prosessen og ressursene som skal f\u00f8re fram til m\u00e5let, herunder hva som skal gj\u00f8res, hvorfor og hvordan.\\r\\n\\r\\nAnnet aktuelt innhold:\\r\\n\\r\\n- Hvordan passer prosjektet til innsatsomr\u00e5de(ne)\\r\\n\\r\\n- Strategisk forankring\\r\\n\\r\\n- Henvisning til andre liknende prosjekt\\r\\n\\r\\n- Planer for oppf\u00f8lging etter prosjektslutt\\r\\n\\r\\n- Planer for erfaringsoverf\u00f8ring\\r\\n\\r\\n Prosjektet kan gjerne deles inn i arbeidspakker med m\u00e5l og milep\u00e6ler som det siden kan rapporteres p\u00e5.\\r\\n\\r\\n Se ogs\u00e5 utlysningsteksten under overskriften Nasjonalbibliotekets prioritering.\\r\\n\\r\\n Det er mulig \u00e5 legge ved en mer fullstendig prosjektbeskrivelse.\"},{\"name\":\"page-framdriftsplan\",\"label\":\"Framdriftsplan\",\"type\":\"page\"},{\"name\":\"duration-years\",\"label\":\"Prosjektet er\",\"required\":true,\"type\":\"select\",\"choices\":{\"1\":\"Ett\u00e5rig\",\"2\":\"To\u00e5rig\"}},{\"name\":\"section-activities\",\"label\":\"Aktivitetsplan for prosjektet\",\"type\":\"section\"},{\"name\":\"activities\",\"label\":\"\",\"type\":\"repeater\",\"buttonLabel\":\"Legg til aktivitet\",\"deleteLabel\":\"Slett\",\"subFields\":[{\"name\":\"description\",\"label\":\"Beskrivelse\",\"type\":\"textarea\",\"size\":\"full\",\"help\":\"F\u00f8r inn aktiviteter og\/eller milep\u00e6ler i prosjektet\"},{\"name\":\"datepicker\",\"label\":\"Aktivitetsperiode\",\"type\":\"datepicker\",\"help\":\"Fra dato -> til dato\"}]},{\"name\":\"section-other-info\",\"label\":\"Andre opplysninger\",\"type\":\"section\"},{\"name\":\"plan-other-info\",\"label\":\"Andre opplysninger\/kommentarer om framdrifts-\/aktivitetsplan\",\"type\":\"textarea\",\"maxlength\":1000,\"instructions\":\"Maksimalt 1000 tegn\"},{\"name\":\"page-budget\",\"label\":\"Budsjett\",\"type\":\"page\"},{\"name\":\"section-budget-1\",\"label\":\"1. prosjekt\u00e5r\",\"type\":\"section\"},{\"name\":\"soknadsbelop\",\"label\":\"S\u00f8knadsbel\u00f8p fra Nasjonalbiblioteket\",\"required\":true,\"type\":\"number\",\"instructions\":\"M\u00e5 v\u00e6re heltall, ingen mellomrom eller skilletegn.\",\"help\":\"S\u00f8knadsbel\u00f8p fra Nasjonalbiblioteket for f\u00f8rste prosjekt\u00e5r. S\u00f8knadsbel\u00f8pet vil legges til inntektsoversikten nedenfor. Der skal du ogs\u00e5 redegj\u00f8re for \u00f8nskede tilskudd fra Nasjonalbiblioteket for andre prosjekt\u00e5r dersom du s\u00f8ker om midler til et to\u00e5rig prosjekt.\"},{\"name\":\"budget.income-1\",\"label\":\"Andre inntekter 1. prosjekt\u00e5r\",\"type\":\"repeater\",\"buttonLabel\":\"Legg til inntekt\",\"deleteLabel\":\"Slett inntekt\",\"help\":\"Spesifisere andre inntektskilder for prosjektet. Det kan v\u00e6re tilskudd fra andre, egenfinansiering eller andre inntekter. Prosjekter b\u00f8r v\u00e6re delvis finansiert av prosjekteier. Egenfinansieringen b\u00f8r normalt utgj\u00f8re 40 prosent av samlet budsjett. L\u00f8nnsmidler brukt i prosjektet er et eksempel p\u00e5 egenfinansieringen.    \",\"subFields\":[{\"name\":\"description\",\"label\":\"Beskrivelse\",\"required\":true,\"type\":\"textarea\",\"size\":\"medium\"},{\"name\":\"sum\",\"label\":\"Bel\u00f8p\",\"required\":true,\"type\":\"number\",\"size\":\"small\",\"instructions\":\"M\u00e5 v\u00e6re heltall, ingen mellomrom eller skilletegn.\"}]},{\"name\":\"income-total-1\",\"label\":\"Inntekter totalt 1. prosjekt\u00e5r:\",\"type\":\"total\",\"add\":[\"soknadsbelop\",[\"budget.income-1\",\"sum\"]],\"border\":true},{\"name\":\"budget.expenses-1\",\"label\":\"Utgifter 1. prosjekt\u00e5r\",\"type\":\"repeater\",\"buttonLabel\":\"Legg til utgift\",\"deleteLabel\":\"Slett utgift\",\"help\":\"Spesifiser utgiftsposter for prosjektet\",\"subFields\":[{\"name\":\"description\",\"label\":\"Beskrivelse\",\"required\":true,\"type\":\"textarea\",\"size\":\"medium\"},{\"name\":\"sum\",\"label\":\"Bel\u00f8p\",\"required\":true,\"type\":\"number\",\"size\":\"small\",\"instructions\":\"M\u00e5 v\u00e6re heltall, ingen mellomrom eller skilletegn.\"}]},{\"name\":\"expenses-total-1\",\"label\":\"Utgifter totalt 1. prosjekt\u00e5r:\",\"type\":\"total\",\"add\":[[\"budget.expenses-1\",\"sum\"]],\"border\":true},{\"name\":\"section-budget-2\",\"label\":\"2. prosjekt\u00e5r\",\"type\":\"section\",\"conditionalLogic\":[{\"field\":\"duration-years\",\"operator\":\"===\",\"value\":\"2\"},{\"field\":\"duration-years\",\"operator\":\"===\",\"value\":\"3\"}]},{\"name\":\"budget.income-2\",\"label\":\"Inntekter 2. prosjekt\u00e5r\",\"type\":\"repeater\",\"buttonLabel\":\"Legg til inntekt\",\"deleteLabel\":\"Slett inntekt\",\"help\":\"Spesifisere andre inntektskilder for prosjektet. Det kan v\u00e6re tilskudd fra andre, egenfinansiering eller andre inntekter. Prosjekter b\u00f8r v\u00e6re delvis finansiert av prosjekteier. Egenfinansieringen b\u00f8r normalt utgj\u00f8re 40 prosent av samlet budsjett. L\u00f8nnsmidler brukt i prosjektet er et eksempel p\u00e5 egenfinansieringen.    \",\"conditionalLogic\":[{\"field\":\"duration-years\",\"operator\":\"===\",\"value\":\"2\"},{\"field\":\"duration-years\",\"operator\":\"===\",\"value\":\"3\"}],\"subFields\":[{\"name\":\"description\",\"label\":\"Beskrivelse\",\"required\":true,\"type\":\"textarea\",\"size\":\"medium\"},{\"name\":\"sum\",\"label\":\"Bel\u00f8p\",\"required\":true,\"type\":\"number\",\"size\":\"small\",\"instructions\":\"M\u00e5 v\u00e6re heltall, ingen mellomrom eller skilletegn.\"}]},{\"name\":\"income-total-2\",\"label\":\"Inntekter totalt 2. prosjekt\u00e5r:\",\"type\":\"total\",\"add\":[[\"budget.income-2\",\"sum\"]],\"conditionalLogic\":[{\"field\":\"duration-years\",\"operator\":\"===\",\"value\":\"2\"},{\"field\":\"duration-years\",\"operator\":\"===\",\"value\":\"3\"}]},{\"name\":\"budget.expenses-2\",\"label\":\"Utgifter 2. prosjekt\u00e5r\",\"type\":\"repeater\",\"buttonLabel\":\"Legg til utgift\",\"deleteLabel\":\"Slett utgift\",\"help\":\"Spesifiser utgiftsposter for prosjektet\",\"conditionalLogic\":[{\"field\":\"duration-years\",\"operator\":\"===\",\"value\":\"2\"},{\"field\":\"duration-years\",\"operator\":\"===\",\"value\":\"3\"}],\"subFields\":[{\"name\":\"description\",\"label\":\"Beskrivelse\",\"required\":true,\"type\":\"textarea\",\"size\":\"medium\"},{\"name\":\"sum\",\"label\":\"Bel\u00f8p\",\"required\":true,\"type\":\"number\",\"size\":\"small\",\"instructions\":\"M\u00e5 v\u00e6re heltall, ingen mellomrom eller skilletegn.\"}]},{\"name\":\"expenses-total-2\",\"label\":\"Utgifter totalt 2. prosjekt\u00e5r:\",\"type\":\"total\",\"add\":[[\"budget.expenses-2\",\"sum\"]],\"conditionalLogic\":[{\"field\":\"duration-years\",\"operator\":\"===\",\"value\":\"2\"},{\"field\":\"duration-years\",\"operator\":\"===\",\"value\":\"3\"}]},{\"name\":\"section-total-budsjett\",\"label\":\"Totalt\",\"type\":\"section\"},{\"name\":\"budget-all-total\",\"label\":\"\",\"type\":\"total\",\"add\":[\"soknadsbelop\",[\"budget.income-1\",\"sum\"],[\"budget.income-2\",\"sum\"]],\"sub\":[[\"budget.expenses-1\",\"sum\"],[\"budget.expenses-2\",\"sum\"]],\"messages\":[{\"operator\":\"!==\",\"value\":0,\"icon\":\"close\",\"color\":\"#bf4853\",\"message\":\"ikke balansert budsjett\",\"subMessage\":\"Inntekter og utgifter stemmer ikke overens, er du sikker p\u00e5 at du har husket alt?\"},{\"operator\":\"===\",\"value\":0,\"icon\":\"check\",\"color\":\"#008000\",\"message\":\"balansert budsjett\"}]},{\"name\":\"page-samarbeid\",\"label\":\"Samarbeids&shy;partnere\",\"type\":\"page\"},{\"name\":\"info-samarbeid\",\"content\":\"Dersom du har samarbeidspartnere, vil vi at du fyller ut opplysninger om disse og redegj\u00f8r for deres rolle i prosjektet.\",\"type\":\"infotext\"},{\"name\":\"har-samarbeidspartnere\",\"label\":\"Har du samarbeidspartner(e)?\",\"type\":\"radio\",\"choices\":{\"true\":\"Ja\",\"false\":\"Nei\"}},{\"name\":\"partners\",\"label\":\"\",\"type\":\"repeater\",\"conditionalLogic\":[{\"field\":\"har-samarbeidspartnere\",\"operator\":\"===\",\"value\":\"true\"}],\"subFields\":[{\"name\":\"name\",\"label\":\"Navn\",\"type\":\"text\"},{\"name\":\"description\",\"label\":\"Beskriv samarbeidet\",\"type\":\"textarea\",\"size\":\"full\"}]},{\"name\":\"page-vedlegg\",\"label\":\"Vedlegg\",\"type\":\"page\"},{\"name\":\"section-upload-vedlegg\",\"label\":\"Last opp vedlegg\",\"type\":\"section\"},{\"name\":\"attachments\",\"content\":\"Vedlegg er ikke obligatorisk. Ikke legg ved bilder eller annen informasjon som ikke er n\u00f8dvendig for s\u00f8knaden.\",\"type\":\"attachment\"},{\"name\":\"page-sammendrag\",\"label\":\"Sammendrag og innsending\",\"type\":\"page\"},{\"name\":\"sammendrag-info\",\"content\":\"Les gjennom s\u00f8knaden f\u00f8r du sender inn. Du kan fortsatt gj\u00f8re endringer ved \u00e5 navigere mellom de ulike seksjonene i s\u00f8knaden. Etter du har sendt inn s\u00f8knaden kan du endre den helt til fristen g\u00e5r ut 14. november, men husk i s\u00e5 fall \u00e5 sende inn p\u00e5 nytt.\",\"type\":\"infotext\"},{\"type\":\"summary\"}],\"endTitle\":\"Takk!\",\"endContent\":\"Kvittering er sendt p\u00e5 e-post til malkv@trondelagfylke.no (innlogget bruker).\",\"endLink\":\"https:\/\/bibliotekutvikling.no\/mine-bibliotek\/7993\/\"}","form_config_id":170049,"form_lang":"nb","form_delivered":"","form_delivery_started":""},"nb-form":[],"nb-application-year":[3011],"nb-application-category":[614,2904],"nb-application-status":[2860],"nb-application-duration":[2907],"nb-application":[3045],"nb-application-case-worker":[2876],"class_list":["post-170641","project","type-project","status-granted","hentry","nb-application-year-3011","nb-application-county-1921","nb-application-municipality-2000","nb-application-category-innsatsomrader","nb-application-category-nye-samarbeidsformer-og-partnerskap","nb-application-status-ended","nb-application-duration-1-arig","nb-application-utviklingsmidler-2024","nb-application-case-worker-hilde-ljodal"],"attachments":[{"id":175161,"title":"Programutkast Sammen om lesekultur.docx","url":"https:\/\/bibliotekutvikling.no\/content\/uploads\/sites\/3\/2023\/11\/Programutkast-Sammen-om-lesekultur.docx","type":"application\/vnd.openxmlformats-officedocument.wordprocessingml.document"}],"pdf":"https:\/\/bibliotekutvikling.no\/prosjektbank\/pdf\/nb\/c164396b52cc6732ba0f2e605d0e4c93\/170641\/file.pdf","application_pdf":"https:\/\/bibliotekutvikling.no\/prosjektbank\/pdf\/nb\/c164396b52cc6732ba0f2e605d0e4c93\/170641\/file.pdf","application_type":"arena","application_name":"Utviklingsmidler 2024","application_title":"Sammen om lesekultur. En konferanse for barnehager og bibliotek. ","application_sender":{"Navn":"Tr\u00f8ndelag fylkesbibliotek","Fornavn":"Hildegunn","Etternavn":"Hestnes","Organisasjonsnummer":"","Postadresse":"Postboks 2323 Torgarden","Postnummer":"7004","Poststed":"Trondheim","Kontaktperson":"Hildegunn Hestnes","Epost":"postmottak.fylkesbiblioteket@trondelagfylke.no","Telefon":"92246656"},"_links":{"self":[{"href":"https:\/\/bibliotekutvikling.no\/prosjektbank\/wp-json\/wp\/v2\/project\/170641","targetHints":{"allow":["GET"]}}],"collection":[{"href":"https:\/\/bibliotekutvikling.no\/prosjektbank\/wp-json\/wp\/v2\/project"}],"about":[{"href":"https:\/\/bibliotekutvikling.no\/prosjektbank\/wp-json\/wp\/v2\/types\/project"}],"author":[{"embeddable":true,"href":"https:\/\/bibliotekutvikling.no\/prosjektbank\/wp-json\/wp\/v2\/users\/174"}],"version-history":[{"count":5,"href":"https:\/\/bibliotekutvikling.no\/prosjektbank\/wp-json\/wp\/v2\/project\/170641\/revisions"}],"predecessor-version":[{"id":176893,"href":"https:\/\/bibliotekutvikling.no\/prosjektbank\/wp-json\/wp\/v2\/project\/170641\/revisions\/176893"}],"wp:attachment":[{"href":"https:\/\/bibliotekutvikling.no\/prosjektbank\/wp-json\/wp\/v2\/media?parent=170641"}],"wp:term":[{"taxonomy":"nb-form","embeddable":true,"href":"https:\/\/bibliotekutvikling.no\/prosjektbank\/wp-json\/wp\/v2\/nb-form?post=170641"},{"taxonomy":"nb-application-year","embeddable":true,"href":"https:\/\/bibliotekutvikling.no\/prosjektbank\/wp-json\/wp\/v2\/nb-application-year?post=170641"},{"taxonomy":"nb-application-category","embeddable":true,"href":"https:\/\/bibliotekutvikling.no\/prosjektbank\/wp-json\/wp\/v2\/nb-application-category?post=170641"},{"taxonomy":"nb-application-status","embeddable":true,"href":"https:\/\/bibliotekutvikling.no\/prosjektbank\/wp-json\/wp\/v2\/nb-application-status?post=170641"},{"taxonomy":"nb-application-duration","embeddable":true,"href":"https:\/\/bibliotekutvikling.no\/prosjektbank\/wp-json\/wp\/v2\/nb-application-duration?post=170641"},{"taxonomy":"nb-application","embeddable":true,"href":"https:\/\/bibliotekutvikling.no\/prosjektbank\/wp-json\/wp\/v2\/nb-application?post=170641"},{"taxonomy":"nb-application-case-worker","embeddable":true,"href":"https:\/\/bibliotekutvikling.no\/prosjektbank\/wp-json\/wp\/v2\/nb-application-case-worker?post=170641"}],"curies":[{"name":"wp","href":"https:\/\/api.w.org\/{rel}","templated":true}]}}