{"id":166592,"date":"2023-02-13T17:40:48","date_gmt":"2023-02-13T16:40:48","guid":{"rendered":"https:\/\/bibliotekutvikling.no\/prosjektbank\/?post_type=project&#038;p=166592"},"modified":"2025-04-25T11:22:13","modified_gmt":"2025-04-25T09:22:13","slug":"sakprosa-og-forskningsformidling-i-stormen","status":"granted","type":"project","link":"https:\/\/bibliotekutvikling.no\/prosjektbank\/prosjekt\/sakprosa-og-forskningsformidling-i-stormen\/","title":{"rendered":"Sakprosa og forskningsformidling i Stormen"},"author":6359,"template":"","meta":{"nb_hide_title":false,"nb_awarded_sum":"300000","nb_case_id":"2023\/147","nb_delivery_started":"","nb_group_id":"","nb_journal_id_report_endreport":"","nb_journal_id_report_year_1":"","nb_journal_id_report_year_2":"","nb_journal_id":"1798\/2023","nb_json_report_endreport":"","nb_json_report_year_1":"","nb_json_report_year_2":"","nb_report_latest_delivery":"","nb_status":"","institution_id":8033,"nb_json":"{\"institusjonsnavn\":\"Bod\u00f8 bibliotek\",\"org-name\":\"Bod\u00f8 bibliotek\",\"kommunenavn\":\"Bod\u00f8 kommune\",\"fylkesnavn\":\"Nordland\",\"org-postal-address\":\"Postboks 289\",\"org-postal-zip\":\"8001\",\"org-postal-city\":\"Bod\u00f8\",\"project-type\":\"innsatsomrader\",\"duration-years\":\"1\",\"org-email\":\"bibliotek@stormen.no\",\"kontonummer\":\"45005500080\",\"leader-contact-fn\":\"Stine \",\"leader-contact-email\":\"Stine.Qvigstad.jenvin@bodo.kommune.no\",\"leader-contact-ln\":\"Qvigstad Jenvin\",\"leader-contact-phone\":\"48111399\",\"is-contact-leader\":\"false\",\"contact-fn\":\"Solgunn \",\"contact-ln\":\"Solli\",\"contact-phone\":\"47655455\",\"contact-email\":\"solgunn.solli@bodo.kommune.no\",\"project-type-alternatives\":[\"utvikling-av-nye-bibliotektjenester\",\"nye-samarbeidsformer\"],\"title\":\"Sakprosa og forskningsformidling i Stormen \",\"goal\":\"Hovedm\u00e5let er \u00e5 formidle den siste forskningen omkring aktuelle tema direkte til m\u00e5lgruppen via debatter, foredrag og forskningsformiding p\u00e5 biblioteket. Vi \u00f8nsker \u00e5 samarbeide med ideelle organisasjoner slik som Kreftforeningen, Revmatikerforbundet, Epilepsiforeningen, R\u00f8de Kors, Nasjonalforeningen for folkehelsen,  med flere, og der de ideelle organisasjonene blir invitert inn  i biblioteket og gjennom et samarbeid l\u00f8fte den nyeste forskningen p\u00e5 det omr\u00e5det der organisasjonene selv mener de trenger mer informasjon og kompetanse. Vi \u00f8nsker et utstrakt samarbeid ogs\u00e5 med forskningsinstitusjoner og sakprosaforfattare, og vi er overbevist om at vi gjennom dette prosjektet vil f\u00e5 mange nye brukere til biblioteket og samtidig formidle viktig ny forskning til en brukergruppe som ikke tradisjonelt bruker biblioteket s\u00e5 mye. \",\"description\":\"Stormen bibliotek \u00f8nsker \u00e5 invitere nye brukergrupper inn p\u00e5 biblioteket og vi \u00f8nsker en sterkere satsning p\u00e5 formidling av  b\u00e5de sakprosa og ny forskning til brukergrupper som tradisjonelt ikke bes\u00f8ker biblioteket s\u00e5 ofte.  \\n\\nFFO er Norges st\u00f8rste paraplyorganisasjon for organisasjoner som jobber for kronisk syke, funksjonshemmede og p\u00e5r\u00f8rende. FFO har 84 medlemsorganisasjoner og vi har invitert FFO Nordland til et mulig samarbeidsprosjekt med oss, og de har takket ja. Vi har ogs\u00e5 v\u00e6rt i kontakt med Kreftforeningen, som er en av de 84 medlemsorganisasjonene og luftet mulighetene for \u00e5 sammen skape nye m\u00f8teplasser og tenke nytt om formidling av den nyeste forskningen innen deres prim\u00e6rutfordringer. Kreftforeningen i Nord-Norge, har ogs\u00e5 takket ja til denne invitasjonen til et mulig fremtidig samarbeid. Vi vil ogs\u00e5 invitere inn Kirkens Bymisjon, R\u00f8de Kors og Milj\u00f8vernorganisasjoner der vi i samarbeid setter fokus p\u00e5 de sakene disse organisasjonene jobber med og brenner for.  \\n\\nDet er naturlig \u00e5 samarbeide med b\u00e5de forlag og forskningsinstitusjoner om dette prosjektet,  og vi ser for oss at det vil v\u00e6re attraktivt for b\u00e5de forfattere, forskere og forlag \u00e5 kunne lansere ny forsking og nye sakprosab\u00f8ker hos oss.  \\n\\nI 2024 er Bod\u00f8 Europeisk kulturhovedstad og det skal skje mye spennende i byen og p\u00e5 biblioteket, men de fleste arrangementene for voksne er det eksterne samarbeidspartnere som har regien p\u00e5, og vi \u00f8nsker \u00e5 lage egne arrangementer med sakprosa, formidling og forskning i sentrum. Stormen bibliotek har mange egenproduksjoner for barn og unge, men vi har en historikk p\u00e5 at vi er lav p\u00e5 egenproduksjon for voksne, og dette vil vi endre p\u00e5.  \\n\\nI den forbindelse \u00f8nsker vi \u00e5 \u201cgi\u201d hver forening en kalenderm\u00e5ned der vi i samarbeid med foreningen (f.eks Kreftforeningen, Naturvernforbundet eller Nasjonalforeningen for folkehelsen) har debatter, bokbad, presentasjon av forskning og der vi p\u00e5 biblioteket har en ekstra oppmerksomhet for m\u00e5nedens tema p\u00e5 litteraturformidlingen i biblioteket, p\u00e5 sosiale medier og p\u00e5 v\u00e5r podkast \u201cStormkast\u201d.  \\n\\nEn slik form for samarbeid vil kreve mye planlegging og en stor grad av fleksibilitet da mange m\u00f8ter og treff med de frivillige organisasjonene m\u00e5 skje p\u00e5 ettermiddag og kveldstid og mange av arrangementene vil ogs\u00e5 bli arrangert i helger og p\u00e5 kveldstid. Det vil kreve mye oppf\u00f8lging og en nye m\u00e5te \u00e5 jobbe p\u00e5 ut mot ideelle organisasjoner. Vi har samarbeidet med ideelle organisasjoner om prosjekter f\u00f8r, men det har ofte v\u00e6rt at vi har invitert inn til noe som er ferdig produsert, eller at vi er blitt spurt om \u00e5 v\u00e6re vertskap for noe som er ferdig produsert fra organisasjonene sin side. Men n\u00e5 \u00f8nsker vi \u00e5 jobbe sammen, med m\u00e5let om \u00f8ke kunnskapsformidling og invitere nye brukergrupper inn p\u00e5 biblioteket.  \\n\\nVi mener at vi gjennom dette prosjektet gir mulighet for flere til \u00e5 f\u00e5 tilgang til informasjon og mulighet for livslang l\u00e6ring som er et av B\u00e6rekraftm\u00e5lene, og vi vet at ny kunnskap kan gi god helse og \u00f8kt livskvalitet, som er et annet b\u00e6rekraftm\u00e5l, og ogs\u00e5 b\u00e6rekraftm\u00e5let som handler om mindre ulikhet er aktuell, da alle har mulighet til \u00e5 komme til biblioteket der alle arrangementene er gratis og \u00e5pent for alle.  \\n\\n \\nVi \u00f8nsker at en av v\u00e5re bibliotekarer skal kunne frikj\u00f8pes fra skrankevakt slik at bibliotekaren har tid til \u00e5 v\u00e6re prosjektleder for dette prosjektet som tenkes startes opp h\u00f8sten 2023 og ha en varighet p\u00e5 ett \u00e5r. \\nMidlene som det s\u00f8kes p\u00e5 skal brukes til frikj\u00f8p av bibliotekar til prosjektledelse. Prosjektet vil ha en langt st\u00f8rre kostnad enn s\u00f8knadsbel\u00f8pet, men mye vil basere seg p\u00e5 arbeidskraft og ressurser fra de organisasjonene som blir samarbeidspartnere. F.eks skal de frivillige stille som publikumsverter ved arrangement, og vi ser for oss at hver organisasjon skal ha minst to store arrangement. Vanligvis bruker vi ekstravakter til \u00e5 v\u00e6re publikumsverter, og ved 16 store arrangement som det planlegges for vil det vanligvis p\u00e5l\u00f8pe en del kostnader, som n\u00e5 blir en del av v\u00e5r egenandel. Det vil ogs\u00e5 v\u00e6re naturlig at det blir et tett samarbeid med enkeltorganisasjoner omkring annonsering og pressekontakt, der Stormen bibliotek i samarbeid med m\u00e5nedens organisasjon finner en l\u00f8sning. De ideelle organisasjonene har mulighet til \u00e5 s\u00f8ke midler fra ulike fond, gjerne i samarbeid med andre institusjoner, og vi ser for oss at midler til formidlere slik som kost, losji og reising, samt honorar kan s\u00f8kes om fra de ulike medlemsorganisasjonene. Vi \u00f8nsker ogs\u00e5 \u00e5 invitere inn Fylkesr\u00e5det for personer med funksjonsnedsettelser, samt R\u00e5det for personer med funksjonsnedsettelser i Bod\u00f8 kommune slik at vi kan f\u00e5 innspill og r\u00e5d fra dem. \\n\\n \\nForankring i plandokument; Nordland fylkesbibliotek, Bod\u00f8 kommune og Stormen bibliotek: \\n\\nI den regionale planen for bibliotek i Nordland 2015-2025 er det vektlagt at bibliotekene skal anvende brukerorientert formidling for \u00e5 rekruttere nye bibliotekbrukere og bygge nettverk, forankre og involvere brukere og andre interessenter. Den regionale planen fremhever ogs\u00e5 at det skal etableres samarbeid med brukere, andre organisasjoner og virksomheter.\\n\\nI Kommunedelplan for Kultur 2018 \u2013 2027  for Bod\u00f8 kommune er det fremhevet at vi skal utvikle nye former for samarbeid og nettverk p\u00e5 tvers av sektorer og kommunegrenser. I den samme planen st\u00e5r det ogs\u00e5 at Stormen bibliotek skal videreutvikles som m\u00f8teplass og en arena for debatt, ytring og samfunnsdeltakelse. Planen har ogs\u00e5 tatt inn viktigheten av mangfold, inkludering og frivillighet og viktigheten av \u00e5 utvikle tilbud i Bod\u00f8 for m\u00e5lgrupper med spesielle behov for tilrettelegging. I Stormen bibliotek sin strategi og handlingsplan 2020 -2024 har vi som m\u00e5l at vi skal v\u00e6re landsdelens viktigste kulturelle kraftstasjon i et bygg der alle er velkommen og vi skal jobbe for \u00e5 gj\u00f8re litteraturen mer synlig i Bod\u00f8, dette gjelder b\u00e5de sakprosa og skj\u00f8nnlitteratur, og vi \u00f8nsker flere brukergrupper inn p\u00e5 biblioteket, i kraft av l\u00e5nere og som samarbeidspartnere. Stormen bibliotek skal videreutvikle biblioteket som arena for meningsytringer, l\u00f8fte boka gjennom \u00e5 \u00f8ke antall litter\u00e6re arrangementer og  aktivt opps\u00f8ke nye og eksisterende lokale, regionale og nasjonale samarbeidspartnere for samskaping av aktuelle arrangementer.\\n\\nI alle disse tre plandokumentene er samarbeid med nye brukergrupper, mangfold, inkludering og formidling viktig. \\n\\n\\nUniversell utforming:\\n\\nStormen bibliotek er forholdsvis nytt, innviet i 2015, og bygget for fremtiden med universelle l\u00f8sninger. Vi tenker universelt b\u00e5de n\u00e5r det gjelder adkomst til biblioteket, og inne i selve biblioteket. Vi har innredet biblioteket med tanke p\u00e5 orienterings- og bevegelseshemmede, og ogs\u00e5 v\u00e5rt digitale tilbud er tilrettelagt med tanke p\u00e5 universell utforming.  \\n\\n\\nPlaner for oppf\u00f8lging\\n\\nDet er v\u00e5rt m\u00e5l at vi i l\u00f8pet av prosjektperioden skal ha etablert nye og varige samarbeidspartnere, og at biblioteket vil v\u00e6re et naturlig f\u00f8rstevalg n\u00e5r debatter skal f\u00f8res, n\u00e5r sakprosab\u00f8ker skal lanseres, og n\u00e5r ny og spennende forskning skal presenteres. Prosjektet skal evalueres sammen med alle samarbeidspartnere og et slikt prosjekt vil v\u00e6re et meget spennende utviklingsarbeid i v\u00e5rt bibliotek.  \\n\\n \\n\\n \\n\\n \",\"activities\":[{\"description\":\"1.oktober : Oppstart prosjekt. Kontakt med FFO, og andre samarbeidspartnere. Invitere til informasjonsm\u00f8te. - Milep\u00e6l: Avklare hvilke organisasjoner som skal v\u00e6re med, og hvilke m\u00e5neder som skal h\u00f8re til den enkelte organisasjon. Etablere arbeidsgrupper med hver organisasjon.  \",\"datepicker\":{\"startDate\":\"2023-10-01T10:00:00.000Z\",\"endDate\":\"2024-09-30T10:00:00.000Z\"}},{\"description\":\"Evaluering i samarbeid med medlemsorganisasjoner skal foreg\u00e5 kontinuerlig etter hvert arrangement, slik at vi l\u00e6rer underveis og tar med oss erfaringer videre. Det vil ogs\u00e5 bli skrevet en sluttrapport med evaluering fra samarbeidspartnere. \",\"datepicker\":{\"startDate\":\"2023-12-20T11:00:00.000Z\",\"endDate\":\"2024-09-30T10:00:00.000Z\"}},{\"description\":\"M\u00e5let er at alle m\u00e5nedene fra 1. desember 2023 til september 2024 (minus juli og august) skal tilh\u00f8re en organisasjon. Det vil si at det blir 8 m\u00e5neder med aktiviteter. Vi planlegger minst to store formidlingsarrangement pr. m\u00e5ned, slik at det til sammen blir 16 arrangement. \",\"datepicker\":{\"startDate\":\"2023-12-01T11:00:00.000Z\",\"endDate\":\"2024-09-30T10:00:00.000Z\"}}],\"soknadsbelop\":\"400000\",\"budget\":{\"expenses-1\":[{\"description\":\"75  prosent l\u00f8nn til frikj\u00f8p av bibliotekar i ett \u00e5r. \",\"sum\":\"400000\"}],\"income-1\":[]},\"har-samarbeidspartnere\":\"true\",\"partners\":[{\"name\":\"FFO Nordland v\/ fylkessekret\u00e6r J\u00f8rn Helge S\u00f8rensen \",\"description\":\"FFO Nordland \u00f8nsker \u00e5 v\u00e6re v\u00e5r samarbeidspartner, der de skal sitte i en styringsgruppe og invitere inn sine organisasjoner.\"},{\"name\":\"Kreftforeningen Nord Norge v\/Brage Larsen Sollund \",\"description\":\"Kreftforeningen har ikke en egen avdeling i Nordland, s\u00e5 kontakten har v\u00e6rt gjennom lederen i Nord Norge som sitter i Troms\u00f8, men han har hatt kontakt med lokalforeningen i Bod\u00f8, og Nordlandsykehuset og bekreftet at de vil v\u00e6re med p\u00e5 et slikt prosjekt. Det er \u00f8nskelig at foreningene selv skal bestemme innhold og \u00f8nsker for formidlingen og debatten som kanskje kan settes i gang etter foredrag og formidling og ny kunnskap. \"}]}","form_config":"{\"fields\":[{\"name\":\"page-applicant\",\"label\":\"S\u00f8ker\",\"type\":\"page\"},{\"name\":\"section-org-info\",\"label\":\"Institusjonsopplysninger\",\"type\":\"section\"},{\"name\":\"org-name\",\"label\":\"Institusjonsnavn\",\"required\":true,\"type\":\"text\",\"maxlength\":70,\"size\":\"medium\",\"instructions\":\"Maksimalt 70 tegn\"},{\"name\":\"org-email\",\"label\":\"Institusjonens e-postadresse\",\"required\":true,\"type\":\"email\",\"size\":\"medium\",\"instructions\":\"Her vil vi gjerne at du oppgir institusjonens e-postadresse. Denne e-postadressen vil bli brukt ved utsending av tildelings- eller avslagsbrev fra Nasjonalbiblioteket, med kopi til institusjonens leder og kontaktperson.\",\"className\":\"clear\"},{\"name\":\"org-postal-address\",\"label\":\"Postadresse\",\"type\":\"text\"},{\"name\":\"org-postal-zip\",\"label\":\"Postnummer\",\"type\":\"text\",\"size\":\"small\"},{\"name\":\"org-postal-city\",\"label\":\"Poststed\",\"type\":\"text\",\"size\":\"medium\"},{\"name\":\"kontonummer\",\"label\":\"Kontonummer\",\"required\":true,\"type\":\"number\",\"maxlength\":11,\"size\":\"small\",\"instructions\":\"11 tall, uten mellomrom eller andre skilletegn\",\"className\":\"clear\"},{\"name\":\"leader-contact\",\"label\":\"Institusjonens leder\",\"type\":\"fieldset\",\"help\":\"Ansvarlig for s\u00f8knaden og eventuelt bevilgede midler.\",\"subFields\":[{\"name\":\"leader-contact-fn\",\"label\":\"Fornavn\",\"required\":true,\"type\":\"text\",\"size\":\"small\"},{\"name\":\"leader-contact-ln\",\"label\":\"Etternavn\",\"required\":true,\"type\":\"text\",\"size\":\"small\"},{\"name\":\"leader-contact-phone\",\"label\":\"Telefon\",\"required\":true,\"type\":\"number\",\"size\":\"small\",\"className\":\"clear\"},{\"name\":\"leader-contact-email\",\"label\":\"E-post\",\"type\":\"email\",\"size\":\"small\"}]},{\"name\":\"is-contact-leader\",\"label\":\"Er institusjonens leder kontaktperson for prosjektet?\",\"type\":\"radio\",\"choices\":{\"true\":\"Ja\",\"false\":\"Nei\"}},{\"name\":\"fieldset-contact\",\"label\":\"Kontaktperson\",\"type\":\"fieldset\",\"conditionalLogic\":[{\"field\":\"is-contact-leader\",\"operator\":\"===\",\"value\":\"false\"}],\"subFields\":[{\"name\":\"contact-fn\",\"label\":\"Fornavn\",\"required\":true,\"type\":\"text\",\"size\":\"small\"},{\"name\":\"contact-ln\",\"label\":\"Etternavn\",\"required\":true,\"type\":\"text\",\"size\":\"small\"},{\"name\":\"contact-phone\",\"label\":\"Telefon\",\"required\":true,\"type\":\"number\",\"size\":\"small\",\"className\":\"clear\"},{\"name\":\"contact-email\",\"label\":\"E-post\",\"type\":\"email\",\"size\":\"small\"}]},{\"name\":\"page-application-type\",\"label\":\"S\u00f8knadstype\",\"type\":\"page\"},{\"name\":\"section-select-application-type\",\"label\":\"Velg s\u00f8knadstype\",\"type\":\"section\"},{\"name\":\"project-type\",\"label\":\"S\u00f8knadstype\",\"required\":true,\"type\":\"select\",\"choices\":{\"innsatsomrader\":\"Innsatsomr\u00e5der\",\"fritt-forsok\":\"Frie fors\u00f8k\",\"forprosjekt\":\"Forprosjekt\"}},{\"name\":\"project-type-alternatives\",\"label\":\"Innsatsomr\u00e5der\",\"required\":true,\"type\":\"checkbox\",\"choices\":{\"utvikling-av-nye-bibliotektjenester\":\"Nye samarbeidsformer\",\"apen-forskning-og-bibliotek\":\"\u00c5pen forskning og bibliotek\",\"nye-samarbeidsformer\":\"FNs b\u00e6rekraftsm\u00e5l og bibliotek\",\"samarbeid-med-nasjonalbiblioteket\":\"Samarbeid med Nasjonalbiblioteket\"},\"conditionalLogic\":[{\"field\":\"project-type\",\"operator\":\"===\",\"value\":\"innsatsomrader\"}]},{\"name\":\"page-project\",\"label\":\"Prosjekt\",\"type\":\"page\"},{\"name\":\"section-project-description\",\"label\":\"Beskriv prosjektet\",\"type\":\"section\"},{\"name\":\"title\",\"label\":\"Prosjekttittel\",\"required\":true,\"type\":\"text\",\"maxlength\":100,\"instructions\":\"Maksimalt 100 tegn\",\"mapField\":\"title\"},{\"name\":\"goal\",\"label\":\"M\u00e5l\",\"required\":true,\"type\":\"textarea\",\"maxlength\":1000,\"instructions\":\"Maksimalt 1000 tegn\",\"placeholder\":\"Skriv kort om hva du vil oppn\u00e5 med prosjektet.\"},{\"name\":\"description\",\"label\":\"Prosjektbeskrivelse\",\"required\":true,\"type\":\"textarea\",\"maxlength\":7500,\"instructions\":\"Maksimalt 7500 tegn\",\"help\":\"Skriv et sammendrag av prosjektet. Sammendraget skal gi en fullverdig framstilling av prosjektet og brukes som grunnlag for saksbehandlingen.\\r\\n\\r\\nDet b\u00f8r beskrive prosessen og ressursene som skal f\u00f8re fram til m\u00e5let, herunder hva som skal gj\u00f8res, hvorfor og hvordan.\\r\\n\\r\\nAnnet aktuelt innhold:\\r\\n\\r\\n- Hvordan passer prosjektet til innsatsomr\u00e5de(ne)\\r\\n\\r\\n- Strategisk forankring\\r\\n\\r\\n- Henvisning til andre liknende prosjekt\\r\\n\\r\\n- Planer for oppf\u00f8lging etter prosjektslutt\\r\\n\\r\\n- Planer for erfaringsoverf\u00f8ring\\r\\n\\r\\n Prosjektet kan gjerne deles inn i arbeidspakker med m\u00e5l og milep\u00e6ler som det siden kan rapporteres p\u00e5.\\r\\n\\r\\n Se ogs\u00e5 utlysningsteksten under overskriften Nasjonalbibliotekets prioritering.\\r\\n\\r\\n Det er mulig \u00e5 legge ved en mer fullstendig prosjektbeskrivelse.\"},{\"name\":\"page-framdriftsplan\",\"label\":\"Framdriftsplan\",\"type\":\"page\"},{\"name\":\"duration-years\",\"label\":\"Prosjektet er\",\"required\":true,\"type\":\"select\",\"choices\":{\"1\":\"Ett\u00e5rig\",\"2\":\"To\u00e5rig\",\"3\":\"Tre\u00e5rig\"}},{\"name\":\"section-activities\",\"label\":\"Aktivitetsplan for prosjektet\",\"type\":\"section\"},{\"name\":\"activities\",\"label\":\"\",\"type\":\"repeater\",\"buttonLabel\":\"Legg til aktivitet\",\"deleteLabel\":\"Slett\",\"subFields\":[{\"name\":\"description\",\"label\":\"Beskrivelse\",\"type\":\"textarea\",\"size\":\"full\",\"help\":\"F\u00f8r inn aktiviteter og\/eller milep\u00e6ler i prosjektet\"},{\"name\":\"datepicker\",\"label\":\"Aktivitetsperiode\",\"type\":\"datepicker\",\"help\":\"Fra dato -> til dato\"}]},{\"name\":\"section-other-info\",\"label\":\"Andre opplysninger\",\"type\":\"section\"},{\"name\":\"plan-other-info\",\"label\":\"Andre opplysninger\/kommentarer om framdrifts-\/aktivitetsplan\",\"type\":\"textarea\",\"maxlength\":1000,\"instructions\":\"Maksimalt 1000 tegn\"},{\"name\":\"page-budget\",\"label\":\"Budsjett\",\"type\":\"page\"},{\"name\":\"section-budget-1\",\"label\":\"1. prosjekt\u00e5r\",\"type\":\"section\"},{\"name\":\"soknadsbelop\",\"label\":\"S\u00f8knadsbel\u00f8p fra Nasjonalbiblioteket\",\"required\":true,\"type\":\"number\",\"help\":\"S\u00f8knadsbel\u00f8p fra Nasjonalbiblioteket for f\u00f8rste prosjekt\u00e5r. S\u00f8knadsbel\u00f8pet vil legges til inntektsoversikten nedenfor. Der skal du ogs\u00e5 redegj\u00f8re for \u00f8nskede tilskudd fra Nasjonalbiblioteket i \u00e5rene framover dersom du s\u00f8ker om et fler\u00e5rig prosjekt.\"},{\"name\":\"budget.income-1\",\"label\":\"Andre inntekter 1. prosjekt\u00e5r\",\"type\":\"repeater\",\"buttonLabel\":\"Legg til inntekt\",\"deleteLabel\":\"Slett inntekt\",\"help\":\"Spesifisere andre inntektskilder for prosjektet. Det kan v\u00e6re tilskudd fra andre, egenfinansiering eller andre inntekter. Prosjekter b\u00f8r v\u00e6re delvis finansiert av prosjekteier. Egenfinansieringen b\u00f8r normalt utgj\u00f8re 40 prosent av samlet budsjett. L\u00f8nnsmidler brukt i prosjektet er et eksempel p\u00e5 egenfinansieringen.    \",\"subFields\":[{\"name\":\"description\",\"label\":\"Beskrivelse\",\"required\":true,\"type\":\"textarea\",\"size\":\"medium\"},{\"name\":\"sum\",\"label\":\"Bel\u00f8p\",\"required\":true,\"type\":\"number\",\"size\":\"small\"}]},{\"name\":\"income-total-1\",\"label\":\"Inntekter totalt 1. prosjekt\u00e5r:\",\"type\":\"total\",\"add\":[\"soknadsbelop\",[\"budget.income-1\",\"sum\"]],\"border\":true},{\"name\":\"budget.expenses-1\",\"label\":\"Utgifter 1. prosjekt\u00e5r\",\"type\":\"repeater\",\"buttonLabel\":\"Legg til utgift\",\"deleteLabel\":\"Slett utgift\",\"help\":\"Spesifiser utgiftsposter for prosjektet\",\"subFields\":[{\"name\":\"description\",\"label\":\"Beskrivelse\",\"required\":true,\"type\":\"textarea\",\"size\":\"medium\"},{\"name\":\"sum\",\"label\":\"Bel\u00f8p\",\"required\":true,\"type\":\"number\",\"size\":\"small\"}]},{\"name\":\"expenses-total-1\",\"label\":\"Utgifter totalt 1. prosjekt\u00e5r:\",\"type\":\"total\",\"add\":[[\"budget.expenses-1\",\"sum\"]],\"border\":true},{\"name\":\"section-budget-2\",\"label\":\"2. prosjekt\u00e5r\",\"type\":\"section\",\"conditionalLogic\":[{\"field\":\"duration-years\",\"operator\":\"===\",\"value\":\"2\"},{\"field\":\"duration-years\",\"operator\":\"===\",\"value\":\"3\"}]},{\"name\":\"budget.income-2\",\"label\":\"Inntekter 2. prosjekt\u00e5r\",\"type\":\"repeater\",\"buttonLabel\":\"Legg til inntekt\",\"deleteLabel\":\"Slett inntekt\",\"help\":\"Spesifisere andre inntektskilder for prosjektet. Det kan v\u00e6re tilskudd fra andre, egenfinansiering eller andre inntekter. Prosjekter b\u00f8r v\u00e6re delvis finansiert av prosjekteier. Egenfinansieringen b\u00f8r normalt utgj\u00f8re 40 prosent av samlet budsjett. L\u00f8nnsmidler brukt i prosjektet er et eksempel p\u00e5 egenfinansieringen.    \",\"conditionalLogic\":[{\"field\":\"duration-years\",\"operator\":\"===\",\"value\":\"2\"},{\"field\":\"duration-years\",\"operator\":\"===\",\"value\":\"3\"}],\"subFields\":[{\"name\":\"description\",\"label\":\"Beskrivelse\",\"required\":true,\"type\":\"textarea\",\"size\":\"medium\"},{\"name\":\"sum\",\"label\":\"Bel\u00f8p\",\"required\":true,\"type\":\"number\",\"size\":\"small\"}]},{\"name\":\"income-total-2\",\"label\":\"Inntekter totalt 2. prosjekt\u00e5r:\",\"type\":\"total\",\"add\":[[\"budget.income-2\",\"sum\"]],\"conditionalLogic\":[{\"field\":\"duration-years\",\"operator\":\"===\",\"value\":\"2\"},{\"field\":\"duration-years\",\"operator\":\"===\",\"value\":\"3\"}]},{\"name\":\"budget.expenses-2\",\"label\":\"Utgifter 2. prosjekt\u00e5r\",\"type\":\"repeater\",\"buttonLabel\":\"Legg til utgift\",\"deleteLabel\":\"Slett utgift\",\"help\":\"Spesifiser utgiftsposter for prosjektet\",\"conditionalLogic\":[{\"field\":\"duration-years\",\"operator\":\"===\",\"value\":\"2\"},{\"field\":\"duration-years\",\"operator\":\"===\",\"value\":\"3\"}],\"subFields\":[{\"name\":\"description\",\"label\":\"Beskrivelse\",\"required\":true,\"type\":\"textarea\",\"size\":\"medium\"},{\"name\":\"sum\",\"label\":\"Bel\u00f8p\",\"required\":true,\"type\":\"number\",\"size\":\"small\"}]},{\"name\":\"expenses-total-2\",\"label\":\"Utgifter totalt 2. prosjekt\u00e5r:\",\"type\":\"total\",\"add\":[[\"budget.expenses-2\",\"sum\"]],\"conditionalLogic\":[{\"field\":\"duration-years\",\"operator\":\"===\",\"value\":\"2\"},{\"field\":\"duration-years\",\"operator\":\"===\",\"value\":\"3\"}]},{\"name\":\"section-budget-3\",\"label\":\"3. prosjekt\u00e5r\",\"type\":\"section\",\"conditionalLogic\":[{\"field\":\"duration-years\",\"operator\":\"===\",\"value\":\"3\"}]},{\"name\":\"budget.income-3\",\"label\":\"Inntekter 3. prosjekt\u00e5r\",\"type\":\"repeater\",\"buttonLabel\":\"Legg til inntekt\",\"deleteLabel\":\"Slett inntekt\",\"help\":\"Spesifisere andre inntektskilder for prosjektet. Det kan v\u00e6re tilskudd fra andre, egenfinansiering eller andre inntekter. Prosjekter b\u00f8r v\u00e6re delvis finansiert av prosjekteier. Egenfinansieringen b\u00f8r normalt utgj\u00f8re 40 prosent av samlet budsjett. L\u00f8nnsmidler brukt i prosjektet er et eksempel p\u00e5 egenfinansieringen.    \",\"conditionalLogic\":[{\"field\":\"duration-years\",\"operator\":\"===\",\"value\":\"3\"}],\"subFields\":[{\"name\":\"description\",\"label\":\"Beskrivelse\",\"required\":true,\"type\":\"textarea\",\"size\":\"medium\"},{\"name\":\"sum\",\"label\":\"Bel\u00f8p\",\"required\":true,\"type\":\"number\",\"size\":\"small\"}]},{\"name\":\"income-total-3\",\"label\":\"Inntekter totalt 3. prosjekt\u00e5r:\",\"type\":\"total\",\"add\":[[\"budget.income-3\",\"sum\"]],\"conditionalLogic\":[{\"field\":\"duration-years\",\"operator\":\"===\",\"value\":\"3\"}]},{\"name\":\"budget.expenses-3\",\"label\":\"Utgifter 3. prosjekt\u00e5r\",\"type\":\"repeater\",\"buttonLabel\":\"Legg til utgift\",\"deleteLabel\":\"Slett utgift\",\"help\":\"Spesifiser utgiftsposter for prosjektet\",\"conditionalLogic\":[{\"field\":\"duration-years\",\"operator\":\"===\",\"value\":\"3\"}],\"subFields\":[{\"name\":\"description\",\"label\":\"Beskrivelse\",\"required\":true,\"type\":\"textarea\",\"size\":\"medium\"},{\"name\":\"sum\",\"label\":\"Bel\u00f8p\",\"required\":true,\"type\":\"number\",\"size\":\"small\"}]},{\"name\":\"expenses-total-3\",\"label\":\"Utgifter totalt 3. prosjekt\u00e5r:\",\"type\":\"total\",\"add\":[[\"budget.expenses-3\",\"sum\"]],\"conditionalLogic\":[{\"field\":\"duration-years\",\"operator\":\"===\",\"value\":\"3\"}]},{\"name\":\"section-total-budsjett\",\"label\":\"Totalt\",\"type\":\"section\"},{\"name\":\"budget-all-total\",\"label\":\"\",\"type\":\"total\",\"add\":[\"soknadsbelop\",[\"budget.income-1\",\"sum\"],[\"budget.income-2\",\"sum\"],[\"budget.income-3\",\"sum\"]],\"sub\":[[\"budget.expenses-1\",\"sum\"],[\"budget.expenses-2\",\"sum\"],[\"budget.expenses-3\",\"sum\"]],\"messages\":[{\"operator\":\"!==\",\"value\":0,\"icon\":\"close\",\"color\":\"#bf4853\",\"message\":\"ikke balansert budsjett\",\"subMessage\":\"Inntekter og utgifter stemmer ikke overens, er du sikker p\u00e5 at du har husket alt?\"},{\"operator\":\"===\",\"value\":0,\"icon\":\"check\",\"color\":\"#008000\",\"message\":\"balansert budsjett\"}]},{\"name\":\"page-samarbeid\",\"label\":\"Samarbeids&shy;partnere\",\"type\":\"page\"},{\"name\":\"info-samarbeid\",\"content\":\"Dersom du har samarbeidspartnere, vil vi at du fyller ut opplysninger om disse og redegj\u00f8r for deres rolle i prosjektet.\",\"type\":\"infotext\"},{\"name\":\"har-samarbeidspartnere\",\"label\":\"Har du samarbeidspartner(e)?\",\"type\":\"radio\",\"choices\":{\"true\":\"Ja\",\"false\":\"Nei\"}},{\"name\":\"partners\",\"label\":\"\",\"type\":\"repeater\",\"conditionalLogic\":[{\"field\":\"har-samarbeidspartnere\",\"operator\":\"===\",\"value\":\"true\"}],\"subFields\":[{\"name\":\"name\",\"label\":\"Navn\",\"type\":\"text\"},{\"name\":\"description\",\"label\":\"Beskriv samarbeidet\",\"type\":\"textarea\",\"size\":\"full\"}]},{\"name\":\"page-vedlegg\",\"label\":\"Vedlegg\",\"type\":\"page\"},{\"name\":\"section-upload-vedlegg\",\"label\":\"Last opp vedlegg\",\"type\":\"section\"},{\"name\":\"attachments\",\"content\":\"Vedlegg er ikke obligatorisk. Ikke legg ved bilder eller annen informasjon som ikke er n\u00f8dvendig for s\u00f8knaden.\",\"type\":\"attachment\"},{\"name\":\"page-sammendrag\",\"label\":\"Sammendrag og innsending\",\"type\":\"page\"},{\"name\":\"sammendrag-info\",\"content\":\"Les gjennom s\u00f8knaden f\u00f8r du sender inn. Du kan fortsatt gj\u00f8re endringer ved \u00e5 navigere mellom de ulike seksjonene i s\u00f8knaden. Etter du har sendt inn s\u00f8knaden kan du endre den helt til fristen g\u00e5r ut 13. februar.\",\"type\":\"infotext\"},{\"type\":\"summary\"}],\"endContent\":\"Kvittering blir sendt p\u00e5 e-post til oppgitt kontaktperson for prosjektet.\",\"endLink\":\"https:\/\/bibliotekutvikling.no\/mine-bibliotek\/8033\/\"}","form_config_id":164341,"form_lang":"nb","form_delivered":"","form_delivery_started":""},"nb-form":[],"nb-application-year":[2985,3011],"nb-application-category":[2980,2904],"nb-application-status":[2860],"nb-application-duration":[2907],"nb-application":[3033],"nb-application-case-worker":[3035],"class_list":["post-166592","project","type-project","status-granted","hentry","nb-application-year-2985","nb-application-year-3011","nb-application-county-1939","nb-application-municipality-1963","nb-application-category-fns-baerekraftsmal-og-bibliotek","nb-application-category-nye-samarbeidsformer-og-partnerskap","nb-application-status-ended","nb-application-duration-1-arig","nb-application-utviklingsmidler-2023","nb-application-case-worker-joep-aarts"],"attachments":[],"pdf":"https:\/\/bibliotekutvikling.no\/prosjektbank\/pdf\/nb\/e2fe4e2d0fff8def1fefcffeb8567dd8\/166592\/file.pdf","application_pdf":"https:\/\/bibliotekutvikling.no\/prosjektbank\/pdf\/nb\/e2fe4e2d0fff8def1fefcffeb8567dd8\/166592\/file.pdf","application_type":"arena","application_name":"Utviklingsmidler 2023","application_title":"Sakprosa og forskningsformidling i Stormen ","application_sender":{"Navn":"Bod\u00f8 bibliotek","Fornavn":"Stine ","Etternavn":"Qvigstad Jenvin","Organisasjonsnummer":"","Postadresse":"Postboks 289","Postnummer":"8001","Poststed":"Bod\u00f8","Kontaktperson":"Stine  Qvigstad Jenvin","Epost":"bibliotek@stormen.no","Telefon":"48111399"},"_links":{"self":[{"href":"https:\/\/bibliotekutvikling.no\/prosjektbank\/wp-json\/wp\/v2\/project\/166592","targetHints":{"allow":["GET"]}}],"collection":[{"href":"https:\/\/bibliotekutvikling.no\/prosjektbank\/wp-json\/wp\/v2\/project"}],"about":[{"href":"https:\/\/bibliotekutvikling.no\/prosjektbank\/wp-json\/wp\/v2\/types\/project"}],"author":[{"embeddable":true,"href":"https:\/\/bibliotekutvikling.no\/prosjektbank\/wp-json\/wp\/v2\/users\/6359"}],"version-history":[{"count":5,"href":"https:\/\/bibliotekutvikling.no\/prosjektbank\/wp-json\/wp\/v2\/project\/166592\/revisions"}],"predecessor-version":[{"id":168826,"href":"https:\/\/bibliotekutvikling.no\/prosjektbank\/wp-json\/wp\/v2\/project\/166592\/revisions\/168826"}],"wp:attachment":[{"href":"https:\/\/bibliotekutvikling.no\/prosjektbank\/wp-json\/wp\/v2\/media?parent=166592"}],"wp:term":[{"taxonomy":"nb-form","embeddable":true,"href":"https:\/\/bibliotekutvikling.no\/prosjektbank\/wp-json\/wp\/v2\/nb-form?post=166592"},{"taxonomy":"nb-application-year","embeddable":true,"href":"https:\/\/bibliotekutvikling.no\/prosjektbank\/wp-json\/wp\/v2\/nb-application-year?post=166592"},{"taxonomy":"nb-application-category","embeddable":true,"href":"https:\/\/bibliotekutvikling.no\/prosjektbank\/wp-json\/wp\/v2\/nb-application-category?post=166592"},{"taxonomy":"nb-application-status","embeddable":true,"href":"https:\/\/bibliotekutvikling.no\/prosjektbank\/wp-json\/wp\/v2\/nb-application-status?post=166592"},{"taxonomy":"nb-application-duration","embeddable":true,"href":"https:\/\/bibliotekutvikling.no\/prosjektbank\/wp-json\/wp\/v2\/nb-application-duration?post=166592"},{"taxonomy":"nb-application","embeddable":true,"href":"https:\/\/bibliotekutvikling.no\/prosjektbank\/wp-json\/wp\/v2\/nb-application?post=166592"},{"taxonomy":"nb-application-case-worker","embeddable":true,"href":"https:\/\/bibliotekutvikling.no\/prosjektbank\/wp-json\/wp\/v2\/nb-application-case-worker?post=166592"}],"curies":[{"name":"wp","href":"https:\/\/api.w.org\/{rel}","templated":true}]}}