{"id":163772,"date":"2022-10-10T10:48:59","date_gmt":"2022-10-10T08:48:59","guid":{"rendered":"https:\/\/bibliotekutvikling.no\/prosjektbank\/?post_type=active&#038;p=163772"},"modified":"2024-06-21T14:14:30","modified_gmt":"2024-06-21T12:14:30","slug":"shared-reading-pa-ungdomsskolen-et-tilbud-fra-meloy-bibliotek","status":"granted","type":"active","link":"https:\/\/bibliotekutvikling.no\/prosjektbank\/aktiv\/shared-reading-pa-ungdomsskolen-et-tilbud-fra-meloy-bibliotek\/","title":{"rendered":"Shared reading p\u00e5 ungdomsskolen &#8211; et tilbud fra Mel\u00f8y bibliotek"},"author":543,"template":"","meta":{"nb_hide_title":false,"nb_awarded_sum":"12000","nb_case_id":"2022\/628","nb_journal_id":"6836\/2022","institution_id":8053,"nb_json":"{\"institusjonsnavn\":\"Mel\u00f8y bibliotek\",\"org-name\":\"Mel\u00f8y bibliotek\",\"kommunenavn\":\"Mel\u00f8y kommune\",\"fylkesnavn\":\"Nordland\",\"org-postal-address\":\"Gammelveien 29\",\"org-postal-zip\":\"8150\",\"org-postal-city\":\"\u00d8RNES\",\"email-inst\":\"kerstin.gierlich@meloy.kommune.no\",\"s1-7-1\":\"Kerstin\",\"s1-7-2\":\"Gierlich\",\"s1-7-3\":\"75710797\",\"s1-6\":\"15034014326\",\"s1-7-4\":\"kerstin.gierlich@meloy.kommune.no\",\"s1-8\":\"true\",\"s2-3\":\"Shared reading p\u00e5 ungdomsskolen - et tilbud fra Mel\u00f8y bibliotek\",\"s2-4\":\"M\u00e5l: \\n- \u00e5 ta formidlingen ut av bibliotekrommet\\n- \u00e5 n\u00e5 den m\u00e5lgruppa som er mest vanskelig \u00e5 f\u00e5 tak i: ungdommen, 8. trinn\\n- \u00e5 m\u00f8te ungdommen der de er p\u00e5 dagtid, i sin egen skole\\n- \u00e5 etablere en hyppighet ved m\u00e5nedlige opplegg med samme gruppe i l\u00f8pet av 1 \u00e5r\\n- \u00e5 introdusere shared reading som tilbud v\/ Mel\u00f8y bibliotek\\n- \u00e5 vise ungdomsskolene i kommunen at vi er en verdifull og kompetent samarbeidspartner ang. leseferdigheter og leselyst\",\"s2-5\":\"Vi har inng\u00e5tt samarbeid med Enga skole og Glomfjord skole i Mel\u00f8y kommune, og konkret l\u00e6rer v\/ 8. trinn. Vi \u00f8nsker \u00e5 la barne- og ungdomsbibliotekaren dra til disse to skolene 1x per m\u00e5ned i hele 2023 (juni-september er unntatt pga. ferieavvikling\/ skoleferie). \\nBibliotekaren, som har tatt kurs i shared reading og er kvalifisert som leseleder, skal i skoletiden introdusere shared reading for en gruppe per skole, og skal med den gruppa ha shared reading-\u00f8kter hver m\u00e5ned. I alt er det planlagt 8 \u00f8kter per skole. \\nP\u00e5 den m\u00e5ten h\u00e5per vi \u00e5 engasjere ungdommen, og vi satser p\u00e5 en positiv effekt ved at vi skal n\u00e5 dem der de er, ved at vi tar formidlingen ut av bibliotekrommet og kommer til dem. \\nVi har valgt shared reading for dette form\u00e5let fordi at det er en metode som passer alle, uansett om de er \\\"lesere\\\" eller ikke. Ungdommen i den alderen er en gruppe som er ganske s\u00e5rbar n\u00e5r det gjelder lesingen- enten har man flaks og de opprettholder gode lesevaner fra barndommen, eller s\u00e5 dabber leselysten helt av. Vi h\u00e5per \u00e5 forebygge og fange opp, og kanskje introdusere ikke-lesere i gruppa til en ny, lavterskel tilgang lit litteratur.\\nDet er overlatt til skolene\/ ansvarlig l\u00e6rer \u00e5 velge ut gruppa som skal delta. Vi har presentert tilbudet til dem som et solid alternativ for en vanlig norsktime. I sluttrapporten skal ogs\u00e5 l\u00e6rerens observasjoner og slutninger bli synlige, som innspill. \\nI s\u00f8knadssummen inng\u00e5r det 4 arbeidstimer per \u00f8kt per skole (inkl. reisetid og forberedelser), basert p\u00e5 en gjennomsnittlig timel\u00f8nn p\u00e5 kr 200. Vi \u00f8nsker \u00e5 bruke st\u00f8ttemidlene til frikj\u00f8p av arbeidstida, s\u00e5nn at vi kan engasjere vikar mens bibliotekaren er p\u00e5 skolen. \",\"s3-3\":\"true\",\"s3-4\":[{\"s3-4-1\":\"Enga skole\",\"s3-4-2\":\"Enga skole har takket ja til \u00e5 velge en gruppe elever v\/ 8. trinn som skal delta i v\u00e5re planlagte shared reading-\u00f8kter gjennom 2023. Planen er at ogs\u00e5 l\u00e6rerens vurdering og observasjoner skal inng\u00e5 i sluttrapporten. \"},{\"s3-4-1\":\"Glomfjord skole\",\"s3-4-2\":\"Glomfjord skole har takket ja til \u00e5 velge en gruppe elever, antakelig v\/ 8. trinn, som skal delta i v\u00e5re planlagte shared reading-\u00f8kter gjennom 2023. Planen er at ogs\u00e5 l\u00e6rerens vurdering og observasjoner skal inng\u00e5 i sluttrapporten. \"}],\"soknadsbelop\":\"12800\",\"utgifter\":[{\"utgift\":\"- 8 shared reading-\u00f8kter per skole per \u00e5r: i alt 16 \u00f8kter\\n- 4 arbeidstimer per \u00f8kt: i alt 64 arbeidstimer\\n- gjennomsnittlig timel\u00f8nn vikar: kr 200\\n- sum l\u00f8nn for vikar, for frikj\u00f8p av bibliotekar: kr 12800\",\"belop\":\"12800\"}]}","form_config":"{\"fields\":[{\"name\":\"s1-1\",\"label\":\"S\u00f8ker\",\"type\":\"page\"},{\"name\":\"s1-2\",\"label\":\"Institusjonsopplysninger\",\"type\":\"section\"},{\"name\":\"institusjonsnavn\",\"label\":\"Institusjonsnavn\",\"required\":true,\"type\":\"text\",\"maxlength\":200,\"size\":\"large\"},{\"name\":\"email-inst\",\"label\":\"Institusjonens e-postadresse\",\"required\":true,\"type\":\"email\",\"size\":\"large\",\"instructions\":\"Her vil vi gjerne at du oppgir institusjonens e-postadresse. Denne e-postadressen vil bli brukt ved utsending av tildelings- eller avslagsbrev fra Nasjonalbiblioteket, med kopi til institusjonens leder og kontaktperson.\"},{\"name\":\"org-postal-address\",\"label\":\"Postadresse\",\"type\":\"text\"},{\"name\":\"org-postal-zip\",\"label\":\"Postnummer\",\"type\":\"text\",\"size\":\"small\"},{\"name\":\"org-postal-city\",\"label\":\"Poststed\",\"type\":\"text\",\"size\":\"medium\"},{\"name\":\"s1-6\",\"label\":\"Kontonummer\",\"required\":true,\"type\":\"number\",\"numberFormat\":\"account\",\"numberlength\":11,\"size\":\"small\",\"instructions\":\"11 tall, uten mellomrom eller andre skilletegn\"},{\"name\":\"s1-7\",\"label\":\"Institusjonens leder\",\"type\":\"fieldset\",\"subFields\":[{\"name\":\"s1-7-1\",\"label\":\"Fornavn\",\"required\":true,\"type\":\"text\",\"size\":\"small\"},{\"name\":\"s1-7-2\",\"label\":\"Etternavn\",\"required\":true,\"type\":\"text\",\"size\":\"small\"},{\"name\":\"s1-7-3\",\"label\":\"Telefon\",\"type\":\"number\",\"size\":\"small\",\"className\":\"clear\"},{\"name\":\"s1-7-4\",\"label\":\"E-post\",\"required\":true,\"type\":\"email\",\"size\":\"small\"}]},{\"name\":\"s1-8\",\"label\":\"Er institusjonens leder kontaktperson for tiltaket?\",\"required\":true,\"type\":\"radio\",\"choices\":{\"true\":\"Ja\",\"false\":\"Nei\"}},{\"name\":\"s1-9\",\"label\":\"Kontaktperson\",\"type\":\"fieldset\",\"conditionalLogic\":[{\"field\":\"s1-8\",\"operator\":\"===\",\"value\":\"false\"}],\"subFields\":[{\"name\":\"s1-9-1\",\"label\":\"Fornavn\",\"required\":true,\"type\":\"text\",\"size\":\"small\"},{\"name\":\"s1-9-2\",\"label\":\"Etternavn\",\"required\":true,\"type\":\"text\",\"size\":\"small\"},{\"name\":\"s1-9-3\",\"label\":\"Telefon\",\"type\":\"number\",\"size\":\"small\",\"className\":\"clear\"},{\"name\":\"s1-9-4\",\"label\":\"E-post\",\"required\":true,\"type\":\"email\",\"size\":\"small\"}]},{\"name\":\"s2-1\",\"label\":\"Tiltak\",\"type\":\"page\"},{\"name\":\"s2-2\",\"label\":\"Beskriv tiltaket\",\"type\":\"section\"},{\"name\":\"s2-3\",\"label\":\"Tiltaksttittel\",\"type\":\"text\",\"maxlength\":100,\"instructions\":\"Maks 100 tegn\",\"mapField\":\"title\"},{\"name\":\"s2-4\",\"label\":\"Tiltaksm\u00e5l\",\"type\":\"textarea\",\"maxlength\":1000,\"instructions\":\"Maks 1000 tegn\",\"placeholder\":\"Beskriv kort tiltaksm\u00e5l her\u2026\",\"help\":\"Beskriv m\u00e5l med tiltaket det s\u00f8kes om midler til. Hvordan skal effekten av tiltaket m\u00e5les?\"},{\"name\":\"s2-5\",\"label\":\"Tiltaksbeskrivelse\",\"type\":\"textarea\",\"minRows\":10,\"maxlength\":5000,\"instructions\":\"Maks 5000 tegn\",\"placeholder\":\"Beskriv tiltaket her, maks 5000 tegn\",\"help\":\"Beskriv tiltaket det s\u00f8kes om midler til. Beskrivelsen m\u00e5 bl.a. inneholde en henvisning til eventuell gjeldende plan om \u00e5 styrke og utvikle formidlingsaktiviteten og en kort omtale av evt. plan for videref\u00f8ring av tiltaket.\\n\"},{\"name\":\"s3-1\",\"label\":\"Samarbeids&shy;partnere\",\"type\":\"page\"},{\"name\":\"s3-2\",\"content\":\"Dersom du har samarbeidspartnere, vil vi at du fyller ut opplysninger om disse og redegj\u00f8r for deres rolle i tiltaket.\",\"type\":\"infotext\"},{\"name\":\"s3-3\",\"label\":\"Har du samarbeidspartner(e)?\",\"type\":\"radio\",\"choices\":{\"true\":\"Ja\",\"false\":\"Nei\"}},{\"name\":\"s3-4\",\"label\":\"\",\"type\":\"repeater\",\"minFields\":1,\"conditionalLogic\":[{\"field\":\"s3-3\",\"operator\":\"===\",\"value\":\"true\"}],\"className\":\"is-layout-full\",\"subFields\":[{\"name\":\"s3-4-1\",\"label\":\"Navn\",\"type\":\"text\"},{\"name\":\"s3-4-2\",\"label\":\"Beskriv samarbeidet\",\"type\":\"textarea\"}]},{\"name\":\"s4-1\",\"label\":\"Budsjett\",\"type\":\"page\"},{\"name\":\"r1t4pity44\",\"label\":\"Inntekter\",\"type\":\"section\"},{\"name\":\"soknadsbelop\",\"label\":\"S\u00f8knadsbel\u00f8p fra Nasjonalbiblioteket\",\"required\":true,\"type\":\"number\",\"size\":\"medium\"},{\"name\":\"inntekter\",\"label\":\"\",\"type\":\"repeater\",\"buttonLabel\":\"Legg til inntekt\",\"deleteLabel\":\"Slett inntekt\",\"subFields\":[{\"name\":\"inntekt\",\"label\":\"Beskrivelse annen inntekt\",\"type\":\"textarea\",\"minRows\":4,\"size\":\"medium\",\"placeholder\":\"Beskriv inntekt her\u2026\"},{\"name\":\"belop\",\"label\":\"Bel\u00f8p\",\"type\":\"number\",\"size\":\"small\"}]},{\"name\":\"5p497pzlt2\",\"label\":\"Inntekter totalt:\",\"type\":\"total\",\"add\":[\"soknadsbelop\",[\"inntekter\",\"belop\"]],\"border\":true},{\"name\":\"rqycjbycym\",\"label\":\"Utgifter\",\"type\":\"section\"},{\"name\":\"utgifter\",\"label\":\"\",\"type\":\"repeater\",\"buttonLabel\":\"Legg til utgift\",\"deleteLabel\":\"Slett utgift\",\"subFields\":[{\"name\":\"utgift\",\"label\":\"Beskrivelse annen utgift\",\"type\":\"textarea\",\"minRows\":4,\"size\":\"medium\",\"placeholder\":\"Beskriv utgift her\u2026\"},{\"name\":\"belop\",\"label\":\"Bel\u00f8p\",\"type\":\"number\",\"size\":\"small\"}]},{\"name\":\"pgo8rssh3e\",\"label\":\"Utgifter totalt:\",\"type\":\"total\",\"add\":[[\"utgifter\",\"belop\"]],\"border\":true},{\"name\":\"jkgfprbkyf\",\"label\":\"Inntekter - utgifter\",\"type\":\"section\"},{\"name\":\"12fsdfsdf\",\"label\":\"\",\"type\":\"total\",\"add\":[\"soknadsbelop\",[\"inntekter\",\"belop\"]],\"sub\":[[\"utgifter\",\"belop\"]],\"messages\":[{\"operator\":\"!==\",\"value\":0,\"icon\":\"close\",\"color\":\"#bf4853\",\"message\":\"ikke balansert budsjett\",\"subMessage\":\"Inntekter og utgifter stemmer ikke overens, er du sikker p\u00e5 at du har husket alt?\"},{\"operator\":\"===\",\"value\":0,\"icon\":\"check\",\"color\":\"#008000\",\"message\":\"balansert budsjett\"}]},{\"name\":\"dcbfp778ko\",\"label\":\"Sammendrag\",\"type\":\"page\",\"hideFromSummary\":true},{\"name\":\"mrks79uboe\",\"content\":\"Les gjennom s\u00f8knaden f\u00f8r du sender inn. Du kan fortsatt gj\u00f8re endringer ved \u00e5 navigere mellom de ulike seksjonene i s\u00f8knaden.\",\"type\":\"infotext\"},{\"type\":\"summary\"}],\"endTitle\":\"Takk!\",\"endContent\":\"Kvittering er sendt p\u00e5 e-post til bibliotek@meloy.kommune.no (innlogget bruker).\",\"endLink\":\"https:\/\/bibliotekutvikling.no\/mine-bibliotek\/8053\/\"}","form_config_id":162651,"form_lang":"nb","form_delivered":"","form_delivery_started":""},"nb-form":[],"nb-application-year":[2985],"nb-application-status":[2860],"nb-application-duration":[2907],"nb-application":[3019],"nb-application-case-worker":[2876],"class_list":["post-163772","active","type-active","status-granted","hentry","nb-application-year-2985","nb-application-county-1939","nb-application-municipality-2801","nb-application-status-ended","nb-application-duration-1-arig","nb-application-aktiv-formidling-2023-alle-folkebibliotek","nb-application-case-worker-hilde-ljodal"],"attachments":[],"pdf":"https:\/\/bibliotekutvikling.no\/prosjektbank\/pdf\/nb\/72f007ea5a2b7e0c063bb0be6dde85ea\/163772\/file.pdf","application_pdf":"https:\/\/bibliotekutvikling.no\/prosjektbank\/pdf\/nb\/72f007ea5a2b7e0c063bb0be6dde85ea\/163772\/file.pdf","application_type":"arena","application_name":"Aktiv formidling 2023 \u2013 Alle folkebibliotek","application_title":"Shared reading p\u00e5 ungdomsskolen - et tilbud fra Mel\u00f8y bibliotek","application_sender":{"Navn":"Mel\u00f8y bibliotek","Fornavn":"Kerstin","Etternavn":"Gierlich","Organisasjonsnummer":"","Postadresse":"Gammelveien 29","Postnummer":"8150","Poststed":"\u00d8RNES","Kontaktperson":"Kerstin Gierlich","Epost":"kerstin.gierlich@meloy.kommune.no","Telefon":"75710797"},"_links":{"self":[{"href":"https:\/\/bibliotekutvikling.no\/prosjektbank\/wp-json\/wp\/v2\/active\/163772","targetHints":{"allow":["GET"]}}],"collection":[{"href":"https:\/\/bibliotekutvikling.no\/prosjektbank\/wp-json\/wp\/v2\/active"}],"about":[{"href":"https:\/\/bibliotekutvikling.no\/prosjektbank\/wp-json\/wp\/v2\/types\/active"}],"author":[{"embeddable":true,"href":"https:\/\/bibliotekutvikling.no\/prosjektbank\/wp-json\/wp\/v2\/users\/543"}],"version-history":[{"count":5,"href":"https:\/\/bibliotekutvikling.no\/prosjektbank\/wp-json\/wp\/v2\/active\/163772\/revisions"}],"predecessor-version":[{"id":163797,"href":"https:\/\/bibliotekutvikling.no\/prosjektbank\/wp-json\/wp\/v2\/active\/163772\/revisions\/163797"}],"wp:attachment":[{"href":"https:\/\/bibliotekutvikling.no\/prosjektbank\/wp-json\/wp\/v2\/media?parent=163772"}],"wp:term":[{"taxonomy":"nb-form","embeddable":true,"href":"https:\/\/bibliotekutvikling.no\/prosjektbank\/wp-json\/wp\/v2\/nb-form?post=163772"},{"taxonomy":"nb-application-year","embeddable":true,"href":"https:\/\/bibliotekutvikling.no\/prosjektbank\/wp-json\/wp\/v2\/nb-application-year?post=163772"},{"taxonomy":"nb-application-status","embeddable":true,"href":"https:\/\/bibliotekutvikling.no\/prosjektbank\/wp-json\/wp\/v2\/nb-application-status?post=163772"},{"taxonomy":"nb-application-duration","embeddable":true,"href":"https:\/\/bibliotekutvikling.no\/prosjektbank\/wp-json\/wp\/v2\/nb-application-duration?post=163772"},{"taxonomy":"nb-application","embeddable":true,"href":"https:\/\/bibliotekutvikling.no\/prosjektbank\/wp-json\/wp\/v2\/nb-application?post=163772"},{"taxonomy":"nb-application-case-worker","embeddable":true,"href":"https:\/\/bibliotekutvikling.no\/prosjektbank\/wp-json\/wp\/v2\/nb-application-case-worker?post=163772"}],"curies":[{"name":"wp","href":"https:\/\/api.w.org\/{rel}","templated":true}]}}