{"id":163475,"date":"2022-10-07T12:24:48","date_gmt":"2022-10-07T10:24:48","guid":{"rendered":"https:\/\/bibliotekutvikling.no\/prosjektbank\/?post_type=active&#038;p=163475"},"modified":"2024-09-03T08:35:00","modified_gmt":"2024-09-03T06:35:00","slug":"stormfulle-hoydepunkter","status":"granted","type":"active","link":"https:\/\/bibliotekutvikling.no\/prosjektbank\/aktiv\/stormfulle-hoydepunkter\/","title":{"rendered":"Stormfulle h\u00f8ydepunkter"},"author":6359,"template":"","meta":{"nb_hide_title":false,"nb_awarded_sum":"75000","nb_case_id":"2022\/616","nb_journal_id":"6824\/2022","institution_id":8033,"nb_json":"{\"institusjonsnavn\":\"Bod\u00f8 bibliotek\",\"org-name\":\"Bod\u00f8 bibliotek\",\"kommunenavn\":\"Bod\u00f8 kommune\",\"fylkesnavn\":\"Nordland\",\"org-postal-address\":\"Postboks 289\",\"org-postal-zip\":\"8001\",\"org-postal-city\":\"Bod\u00f8\",\"email-inst\":\"bibliotek@stormen.no\",\"s1-6\":\"45005500080\",\"s1-7-1\":\"Sissel \",\"s1-7-2\":\"Hughes\",\"s1-7-3\":\"48260969\",\"s1-7-4\":\"sissel.hughes@stormen.no\",\"s1-8\":\"false\",\"s1-9-1\":\"Solgunn \",\"s1-9-2\":\"Solli\",\"s1-9-3\":\"47655455\",\"s1-9-4\":\"solgunn.solli@bodo.kommune.no\",\"s2-3\":\"Stormfulle h\u00f8ydepunkter \",\"s2-4\":\"M\u00e5l for tiltaket: \\n\\n\u00d8kt trygghet i personalgruppa p\u00e5 formidling \\n\\nSt\u00f8rre bevissthet omkring formidling \\n\\nFlere ansatte som formidler via podkast \\n\\nEnda st\u00f8rre fokus p\u00e5 litteratur fra nord i formidlingen \\n\\nFlere flater \u00e5 formidle p\u00e5 gir rom for \u00f8kt utl\u00e5n \\n\\nI dag har vi f\u00e5 ansatte som formidler litteratur digitalt, og gjennom dette prosjektet er m\u00e5let at mange flere p\u00e5 biblioteket deltar, og da vil det v\u00e6re m\u00e5lbart ved at vi i dag har 2 ansatte som deltar digitalt, mens ved prosjektets slutt er det kanskje 10. \",\"s2-5\":\"Stormen bibliotek har i en \u00e5rrekke praktisert bokpresentasjoner p\u00e5 morgenm\u00f8tene internt p\u00e5 arbeidsplassen. Fire dager i uken presenterer en bibliotekansatt b\u00f8ker hen har lest til hverandre. Det er ansatte i alle deler av organisasjonen som deltar: Bibliotekarer, produsenter, sekret\u00e6rer, ledelse og ekstrahjelper. B\u00f8kene spenner over alle typer utgivelser, voksen\/barn, skj\u00f8nn\/fag, og dessuten forfatterskap, tidsskrifter, NOU-er eller hva det enn m\u00e5tte v\u00e6re. Lesers\u00f8rvis har v\u00e6rt benyttet som grunnstein, i og med at det er en metode som inneb\u00e6rer teknikker som alle raskt kan forst\u00e5, men det er p\u00e5 ingen m\u00e5te et krav eller et fast format. Det er snarere bredden i presentasjonsformene som utgj\u00f8re metoden. \\n\\nVi ser et stort uutnyttet potensial i denne praksisen. \\n\\nFellesskapet og kontinuiteten i disse samlingene viser en formidlingskompetanse i kollegiet som er solid, b\u00e5de formmessig i presentasjonen og metodisk og ryddig i selve lesningene. Denne kompetansen benytter vi f\u00f8rst og fremst i bibliotekets lokaler, i en til en-omgang med v\u00e5re l\u00e5nere s\u00e5 vel som i sm\u00e5 arrangementer som litter\u00e6re lunsjer, lesesirkler og bokbad. Dessuten har den lagt grunnlaget for en serie poster p\u00e5 Instagram med anbefalinger fra staben. \\n\\nInternmandatet v\u00e5rt retter ogs\u00e5 et spesielt fokus p\u00e5 litteratur fra Nord-Norge p\u00e5 morgenm\u00f8tene. Dette er ikke en regel, men et uttalt \u00f8nske og det f\u00f8rer til at det leses og snakkes mye om nordnorsk litteratur. Det er ikke alt som er like godt likt, og vi har hatt en tendens til \u00e5 ikke videreformidle, eller fronte, de b\u00f8kene som ikke er s\u00e5 godt likt. Men kanskje vi kan utfordre de ansatte til \u00e5 ogs\u00e5 snakke om de b\u00f8kene som er lest, men ikke likt?  \\n\\nVi har ogs\u00e5 bibliotekarer og andre ansatte med spesialkompetanse der det hadde v\u00e6rt veldig givende \u00e5 f\u00e5 muligheten til \u00e5 dele kunnskap. Eksempelvis har vi v\u00e5r barnebibliotekar Vera, som har spesialkompetanse p\u00e5 skeiv barnelitteratur, som i teorien kunne hatt en hel serie for seg selv. N\u00e5r det er sagt er bredden i kompetanse, bakgrunn og erfaringer, grunnleggende for \u00e5 n\u00e5 ut til et allment publikum, og noe vi vil lene oss p\u00e5 i podkastserien som helhet. \\n\\nTidligere i 2022 fikk  biblioteket midler fra Nordland Fylkesbibliotek til \u00e5 kj\u00f8pe inn et fullverdig podkaststudio. Herfra produserer vi m\u00e5nedlige episoder hvor vi presenterer og samtaler om kommende m\u00e5neds litter\u00e6re arrangementer. Dette har til n\u00e5 v\u00e6rt en rein informasjonskanal som ikke har hatt rom for \u00e5 g\u00e5 inn i selve litteraturen. Vi planlegger derfor en serie podkastepisoder, Stormfulle h\u00f8ydepunkter, hvor bibliotekansatte presenterer b\u00f8ker etter samme mal som internpresentasjonene, fulgt opp av en forberedt samtale mellom to eller flere av oss, til v\u00e5rt voksende podkastpublikum. Gjennomf\u00f8ring av dette medf\u00f8rer behov for frikj\u00f8ping fra skrankevakter.   \\n\\nFor mange av v\u00e5re ansatte er b\u00e5de studioarbeid og aktiv utadrettet formidling (som ikke er en del av den daglige bibliotekdriften) fremmed materie, s\u00e5 vi m\u00e5 regne inn b\u00e5de forberedelser og studiotid i frikj\u00f8pingen. Men prosjektet anf\u00f8res av to erfarne formidlere fra bibliotekarstaben v\u00e5r: Solgunn Solli, som har drevet utadrettet formidlingsarbeid som bibliotekar, litteraturkritiker og mer, p\u00e5 mange plattformer i en \u00e5rrekke (inkludert radio), og Runar Bruteig Olsen, som har erfaring med bla. lyddesign, tekstproduksjon og dramaturgi, som scenekunstner i det frie feltet.  \\n\\nVi \u00f8nsker \u00e5 kunne frikj\u00f8pe Solli og Olsen slik at de kan prioritere produksjon av podkast. Vi vet ogs\u00e5 at mange flere av de andre ansatte p\u00e5 Stormen bibliotek \u00f8nsker \u00e5 bidra i prosjektet, men de trenger litt ekstra st\u00f8tte og de trenger oppl\u00e6ring. Med en s\u00e5 mangfoldig og ressursrik personalgruppe trenger prosjektet at noen tar prosjektledelsen og inviterer resten av personalgruppa inn. Det m\u00e5 understrekes at det i dagens ressurssituasjon (bemanning og bibliotekartetthet) er n\u00f8dvendig med frikj\u00f8p for \u00e5 ha mulighet til \u00e5 lage faste produksjoner med litteraturformidling p\u00e5 podkast, og ivareta kontinuitet og profesjonalitet p\u00e5 det ferdige resultatet.  \\n\\n\\nI Stormen bibliotek sin strategiplan som gjelder for 2022 \u2013 2025 er det blant annet fremhevet: \\n\\nStormen bibliotek skal l\u00f8fte den digitale formidlingen \\n\\nStormen bibliotek skal \u00f8ke egenproduksjon av litteraturformidling, ogs\u00e5 p\u00e5 digitale flater \\n\\nStormen bibliotek skal n\u00e5 ut til et bredere publikum enn det vi gj\u00f8r i dag \\n\\nStormen bibliotek skal ta et s\u00e6rlig ansvar for \u00e5 formidle nordnorsk litteratur  \\n\\nVideref\u00f8ring av tiltaket: \\n\\nVi ser for oss at Stormfulle h\u00f8ydepunkter kan videref\u00f8res som en fast programpost. Gjennomf\u00f8ringen av dette prosjektet vil gi oss praksis til \u00e5 fastsette formatet (teknisk, logistisk, dramaturgisk) og la prosjektet f\u00e5 etablere seg i personalgruppa . Vi ser for oss at podkasten p\u00e5 sikt vil bli mindre ressurskrevende \u00e5 gjennomf\u00f8re og forh\u00e5pentligvis bli en mer naturlig del av litteraturformidlingen p\u00e5 huset etter endt prosjektperiode.  \\n \",\"s3-3\":\"false\",\"soknadsbelop\":\"75000\",\"utgifter\":[{\"utgift\":\"Frikj\u00f8p personale til formidlingstiltak \",\"belop\":\"125000\"}],\"inntekter\":[{\"inntekt\":\"Egeninnsats \",\"belop\":\"50000\"}]}","form_config":"{\"fields\":[{\"name\":\"s1-1\",\"label\":\"S\u00f8ker\",\"type\":\"page\"},{\"name\":\"s1-2\",\"label\":\"Institusjonsopplysninger\",\"type\":\"section\"},{\"name\":\"institusjonsnavn\",\"label\":\"Institusjonsnavn\",\"required\":true,\"type\":\"text\",\"maxlength\":200,\"size\":\"large\"},{\"name\":\"email-inst\",\"label\":\"Institusjonens e-postadresse\",\"required\":true,\"type\":\"email\",\"size\":\"large\",\"instructions\":\"Her vil vi gjerne at du oppgir institusjonens e-postadresse. Denne e-postadressen vil bli brukt ved utsending av tildelings- eller avslagsbrev fra Nasjonalbiblioteket, med kopi til institusjonens leder og kontaktperson.\"},{\"name\":\"org-postal-address\",\"label\":\"Postadresse\",\"type\":\"text\"},{\"name\":\"org-postal-zip\",\"label\":\"Postnummer\",\"type\":\"text\",\"size\":\"small\"},{\"name\":\"org-postal-city\",\"label\":\"Poststed\",\"type\":\"text\",\"size\":\"medium\"},{\"name\":\"s1-6\",\"label\":\"Kontonummer\",\"required\":true,\"type\":\"number\",\"numberFormat\":\"account\",\"numberlength\":11,\"size\":\"small\",\"instructions\":\"11 tall, uten mellomrom eller andre skilletegn\"},{\"name\":\"s1-7\",\"label\":\"Institusjonens leder\",\"type\":\"fieldset\",\"subFields\":[{\"name\":\"s1-7-1\",\"label\":\"Fornavn\",\"required\":true,\"type\":\"text\",\"size\":\"small\"},{\"name\":\"s1-7-2\",\"label\":\"Etternavn\",\"required\":true,\"type\":\"text\",\"size\":\"small\"},{\"name\":\"s1-7-3\",\"label\":\"Telefon\",\"type\":\"number\",\"size\":\"small\",\"className\":\"clear\"},{\"name\":\"s1-7-4\",\"label\":\"E-post\",\"required\":true,\"type\":\"email\",\"size\":\"small\"}]},{\"name\":\"s1-8\",\"label\":\"Er institusjonens leder kontaktperson for tiltaket?\",\"required\":true,\"type\":\"radio\",\"choices\":{\"true\":\"Ja\",\"false\":\"Nei\"}},{\"name\":\"s1-9\",\"label\":\"Kontaktperson\",\"type\":\"fieldset\",\"conditionalLogic\":[{\"field\":\"s1-8\",\"operator\":\"===\",\"value\":\"false\"}],\"subFields\":[{\"name\":\"s1-9-1\",\"label\":\"Fornavn\",\"required\":true,\"type\":\"text\",\"size\":\"small\"},{\"name\":\"s1-9-2\",\"label\":\"Etternavn\",\"required\":true,\"type\":\"text\",\"size\":\"small\"},{\"name\":\"s1-9-3\",\"label\":\"Telefon\",\"type\":\"number\",\"size\":\"small\",\"className\":\"clear\"},{\"name\":\"s1-9-4\",\"label\":\"E-post\",\"required\":true,\"type\":\"email\",\"size\":\"small\"}]},{\"name\":\"s2-1\",\"label\":\"Tiltak\",\"type\":\"page\"},{\"name\":\"s2-2\",\"label\":\"Beskriv tiltaket\",\"type\":\"section\"},{\"name\":\"s2-3\",\"label\":\"Tiltaksttittel\",\"type\":\"text\",\"maxlength\":100,\"instructions\":\"Maks 100 tegn\",\"mapField\":\"title\"},{\"name\":\"s2-4\",\"label\":\"Tiltaksm\u00e5l\",\"type\":\"textarea\",\"maxlength\":1000,\"instructions\":\"Maks 1000 tegn\",\"placeholder\":\"Beskriv kort tiltaksm\u00e5l her\u2026\",\"help\":\"Beskriv m\u00e5l med tiltaket det s\u00f8kes om midler til. Hvordan skal effekten av tiltaket m\u00e5les?\"},{\"name\":\"s2-5\",\"label\":\"Tiltaksbeskrivelse\",\"type\":\"textarea\",\"minRows\":10,\"maxlength\":5000,\"instructions\":\"Maks 5000 tegn\",\"placeholder\":\"Beskriv tiltaket her, maks 5000 tegn\",\"help\":\"Beskriv tiltaket det s\u00f8kes om midler til. Beskrivelsen m\u00e5 bl.a. inneholde en henvisning til eventuell gjeldende plan om \u00e5 styrke og utvikle formidlingsaktiviteten og en kort omtale av evt. plan for videref\u00f8ring av tiltaket.\\n\"},{\"name\":\"s3-1\",\"label\":\"Samarbeids&shy;partnere\",\"type\":\"page\"},{\"name\":\"s3-2\",\"content\":\"Dersom du har samarbeidspartnere, vil vi at du fyller ut opplysninger om disse og redegj\u00f8r for deres rolle i tiltaket.\",\"type\":\"infotext\"},{\"name\":\"s3-3\",\"label\":\"Har du samarbeidspartner(e)?\",\"type\":\"radio\",\"choices\":{\"true\":\"Ja\",\"false\":\"Nei\"}},{\"name\":\"s3-4\",\"label\":\"\",\"type\":\"repeater\",\"minFields\":1,\"conditionalLogic\":[{\"field\":\"s3-3\",\"operator\":\"===\",\"value\":\"true\"}],\"className\":\"is-layout-full\",\"subFields\":[{\"name\":\"s3-4-1\",\"label\":\"Navn\",\"type\":\"text\"},{\"name\":\"s3-4-2\",\"label\":\"Beskriv samarbeidet\",\"type\":\"textarea\"}]},{\"name\":\"s4-1\",\"label\":\"Budsjett\",\"type\":\"page\"},{\"name\":\"r1t4pity44\",\"label\":\"Inntekter\",\"type\":\"section\"},{\"name\":\"soknadsbelop\",\"label\":\"S\u00f8knadsbel\u00f8p fra Nasjonalbiblioteket\",\"required\":true,\"type\":\"number\",\"size\":\"medium\"},{\"name\":\"inntekter\",\"label\":\"\",\"type\":\"repeater\",\"buttonLabel\":\"Legg til inntekt\",\"deleteLabel\":\"Slett inntekt\",\"subFields\":[{\"name\":\"inntekt\",\"label\":\"Beskrivelse annen inntekt\",\"type\":\"textarea\",\"minRows\":4,\"size\":\"medium\",\"placeholder\":\"Beskriv inntekt her\u2026\"},{\"name\":\"belop\",\"label\":\"Bel\u00f8p\",\"type\":\"number\",\"size\":\"small\"}]},{\"name\":\"5p497pzlt2\",\"label\":\"Inntekter totalt:\",\"type\":\"total\",\"add\":[\"soknadsbelop\",[\"inntekter\",\"belop\"]],\"border\":true},{\"name\":\"rqycjbycym\",\"label\":\"Utgifter\",\"type\":\"section\"},{\"name\":\"utgifter\",\"label\":\"\",\"type\":\"repeater\",\"buttonLabel\":\"Legg til utgift\",\"deleteLabel\":\"Slett utgift\",\"subFields\":[{\"name\":\"utgift\",\"label\":\"Beskrivelse annen utgift\",\"type\":\"textarea\",\"minRows\":4,\"size\":\"medium\",\"placeholder\":\"Beskriv utgift her\u2026\"},{\"name\":\"belop\",\"label\":\"Bel\u00f8p\",\"type\":\"number\",\"size\":\"small\"}]},{\"name\":\"pgo8rssh3e\",\"label\":\"Utgifter totalt:\",\"type\":\"total\",\"add\":[[\"utgifter\",\"belop\"]],\"border\":true},{\"name\":\"jkgfprbkyf\",\"label\":\"Inntekter - utgifter\",\"type\":\"section\"},{\"name\":\"12fsdfsdf\",\"label\":\"\",\"type\":\"total\",\"add\":[\"soknadsbelop\",[\"inntekter\",\"belop\"]],\"sub\":[[\"utgifter\",\"belop\"]],\"messages\":[{\"operator\":\"!==\",\"value\":0,\"icon\":\"close\",\"color\":\"#bf4853\",\"message\":\"ikke balansert budsjett\",\"subMessage\":\"Inntekter og utgifter stemmer ikke overens, er du sikker p\u00e5 at du har husket alt?\"},{\"operator\":\"===\",\"value\":0,\"icon\":\"check\",\"color\":\"#008000\",\"message\":\"balansert budsjett\"}]},{\"name\":\"dcbfp778ko\",\"label\":\"Sammendrag\",\"type\":\"page\",\"hideFromSummary\":true},{\"name\":\"mrks79uboe\",\"content\":\"Les gjennom s\u00f8knaden f\u00f8r du sender inn. Du kan fortsatt gj\u00f8re endringer ved \u00e5 navigere mellom de ulike seksjonene i s\u00f8knaden.\",\"type\":\"infotext\"},{\"type\":\"summary\"}],\"endTitle\":\"Takk!\",\"endContent\":\"Kvittering er sendt p\u00e5 e-post til solgunn.solli@bodo.kommune.no (innlogget bruker).\",\"endLink\":\"https:\/\/bibliotekutvikling.no\/mine-bibliotek\/8033\/\"}","form_config_id":162651,"form_lang":"nb","form_delivered":"","form_delivery_started":""},"nb-form":[],"nb-application-year":[2985],"nb-application-status":[2860],"nb-application-duration":[2907],"nb-application":[3019],"nb-application-case-worker":[2875,2876],"class_list":["post-163475","active","type-active","status-granted","hentry","nb-application-year-2985","nb-application-county-1939","nb-application-municipality-1963","nb-application-status-ended","nb-application-duration-1-arig","nb-application-aktiv-formidling-2023-alle-folkebibliotek","nb-application-case-worker-arne-gundersen","nb-application-case-worker-hilde-ljodal"],"attachments":[],"pdf":"https:\/\/bibliotekutvikling.no\/prosjektbank\/pdf\/nb\/701889184eff0ad6056c869402db4105\/163475\/file.pdf","application_pdf":"https:\/\/bibliotekutvikling.no\/prosjektbank\/pdf\/nb\/701889184eff0ad6056c869402db4105\/163475\/file.pdf","application_type":"arena","application_name":"Aktiv formidling 2023 \u2013 Alle folkebibliotek","application_title":"Stormfulle h\u00f8ydepunkter ","application_sender":{"Navn":"Bod\u00f8 bibliotek","Fornavn":"Sissel ","Etternavn":"Hughes","Organisasjonsnummer":"","Postadresse":"Postboks 289","Postnummer":"8001","Poststed":"Bod\u00f8","Kontaktperson":"Sissel  Hughes","Epost":"bibliotek@stormen.no","Telefon":"48260969"},"_links":{"self":[{"href":"https:\/\/bibliotekutvikling.no\/prosjektbank\/wp-json\/wp\/v2\/active\/163475","targetHints":{"allow":["GET"]}}],"collection":[{"href":"https:\/\/bibliotekutvikling.no\/prosjektbank\/wp-json\/wp\/v2\/active"}],"about":[{"href":"https:\/\/bibliotekutvikling.no\/prosjektbank\/wp-json\/wp\/v2\/types\/active"}],"author":[{"embeddable":true,"href":"https:\/\/bibliotekutvikling.no\/prosjektbank\/wp-json\/wp\/v2\/users\/6359"}],"version-history":[{"count":10,"href":"https:\/\/bibliotekutvikling.no\/prosjektbank\/wp-json\/wp\/v2\/active\/163475\/revisions"}],"predecessor-version":[{"id":163489,"href":"https:\/\/bibliotekutvikling.no\/prosjektbank\/wp-json\/wp\/v2\/active\/163475\/revisions\/163489"}],"wp:attachment":[{"href":"https:\/\/bibliotekutvikling.no\/prosjektbank\/wp-json\/wp\/v2\/media?parent=163475"}],"wp:term":[{"taxonomy":"nb-form","embeddable":true,"href":"https:\/\/bibliotekutvikling.no\/prosjektbank\/wp-json\/wp\/v2\/nb-form?post=163475"},{"taxonomy":"nb-application-year","embeddable":true,"href":"https:\/\/bibliotekutvikling.no\/prosjektbank\/wp-json\/wp\/v2\/nb-application-year?post=163475"},{"taxonomy":"nb-application-status","embeddable":true,"href":"https:\/\/bibliotekutvikling.no\/prosjektbank\/wp-json\/wp\/v2\/nb-application-status?post=163475"},{"taxonomy":"nb-application-duration","embeddable":true,"href":"https:\/\/bibliotekutvikling.no\/prosjektbank\/wp-json\/wp\/v2\/nb-application-duration?post=163475"},{"taxonomy":"nb-application","embeddable":true,"href":"https:\/\/bibliotekutvikling.no\/prosjektbank\/wp-json\/wp\/v2\/nb-application?post=163475"},{"taxonomy":"nb-application-case-worker","embeddable":true,"href":"https:\/\/bibliotekutvikling.no\/prosjektbank\/wp-json\/wp\/v2\/nb-application-case-worker?post=163475"}],"curies":[{"name":"wp","href":"https:\/\/api.w.org\/{rel}","templated":true}]}}