{"id":162889,"date":"2022-10-10T20:32:16","date_gmt":"2022-10-10T18:32:16","guid":{"rendered":"https:\/\/bibliotekutvikling.no\/prosjektbank\/?post_type=active&#038;p=162889"},"modified":"2026-01-08T15:29:49","modified_gmt":"2026-01-08T14:29:49","slug":"lokalpodden-formidling-i-en-digital-tid","status":"granted","type":"active","link":"https:\/\/bibliotekutvikling.no\/prosjektbank\/aktiv\/lokalpodden-formidling-i-en-digital-tid\/","title":{"rendered":"Lokalpodden. Formidling i en digital tid"},"author":1082,"template":"","meta":{"nb_hide_title":false,"nb_awarded_sum":"75000","nb_case_id":"2022\/657","nb_journal_id":"6866\/2022","institution_id":7882,"nb_json":"{\"institusjonsnavn\":\"Tvedestrand bibliotek\",\"org-name\":\"Tvedestrand bibliotek\",\"kommunenavn\":\"Tvedestrand kommune\",\"fylkesnavn\":\"Agder\",\"org-postal-address\":\"Postboks 83\",\"org-postal-zip\":\"4901\",\"org-postal-city\":\"Tvedestrand\",\"email-inst\":\"peter.svalheim@tvedestrand.kommune.no\",\"s1-7-3\":\"98674181\",\"s1-6\":\"28260710003\",\"s1-7-1\":\"Peter\",\"s1-7-2\":\"Svalheim\",\"s1-7-4\":\"peter.svalheim@tvedestrand.kommune.no\",\"s1-8\":\"true\",\"s3-3\":\"true\",\"soknadsbelop\":\"75000\",\"s2-3\":\"Lokalpodden. Formidling i en digital tid\",\"s2-4\":\"Prosjektm\u00e5l:\\nSkape en lokal kanal for formidling i v\u00e5r tid, preget av kvalitet, regularitet, profesjonalitet og aktualitet, \\n\\nM\u00e5lgruppen Barn i biblioteket:\\n- Utvikle biblioteket videre som et \\\"sted\\\" de kjenner som sitt\\n- Formidle aktivt bibliotekets kjerneverdier, og gi m\u00e5lgruppen del i det erfarings- og refleksjonstilfanget som ligger i litteraturen\\n- Gi m\u00e5lgruppen mestrings- og eierf\u00f8lelse i litteraturens verden.\\n\\nM\u00e5lgruppen Voksne: \\n- V\u00e6re med p\u00e5 \u00e5 sette dagsorden og bidra til lokalt mediemangfold og meningsdannelse\\n- Formidle litteratur og aktualitet ut fra bibliotekets kjerneverdier\\n- N\u00e5 nye brukergrupper \",\"s2-5\":\"Bibliotekets \u00absteder\u00bb. Bakgrunn, tankegang og strategi\\nFolkebibliotekets uformelle virkning i samfunnet kan beskrives i fire aspekter, som \u00abHjemmested \u2013 M\u00f8tested \u2013 Verksted \u2013 Tenkested\u00bb (jfr https:\/\/agderfk.no\/Kalender\/CalendarEvent.aspx?Id=510&MId1=7). Dette tar vi samtidig til oss som et handlingsprogram, med en tydelig rot i Folkebiblioteklovens krav om at vi skal v\u00e6re en uavhengig m\u00f8teplass og arena for offentlig samtale og debatt, med vekt p\u00e5 allsidighet og aktualitet mv. Forbindelsen til \u00abNasjonal bibliotekstrategi 2020-2023\u00bb, med sine f\u00f8ringer om biblioteket som en grunnstamme i demokratiet klinger ogs\u00e5 med. Og det stemmer godt med Tvedestrand kommunes egne f\u00f8ringer, med vekt p\u00e5 tidlig innsats, inkludering, og samskaping \/ samhandling. \\nBakgrunn \/ aktuelle prosjekter\\n1: M\u00e5lgruppe Barn 10-12 \u00e5r: \\nDe siste seks \u00e5rene har Tvedestrand folkebibliotek systematisk satset p\u00e5 \u00e5 utvikle seg som \u00abHjemmested\u00bb og \u00abM\u00f8tested\u00bb for denne aldersgruppen, som p\u00e5 eget initiativ har pleid \u00e5 opps\u00f8ke biblioteket etter skoletid. Dette har gitt trygghet og (relativ) ro. Barna vet at bibliotekstaben tar dem p\u00e5 alvor som individer. Samtidig er det vanskelig \u00e5 f\u00e5 rammer for et fast og m\u00e5lrettet program for verkstedsaktiviteter og formidling av litteratur og bibliotekets kulturelle ballast (\u00abVerksted \u2013 Tenkested\u00bb) for denne aldersgruppen. Om vi setter en s\u00e6rskilt aktivitet eller et tema p\u00e5 agendaen, s\u00e5 oppst\u00e5r lett nye utenforskap av barn som vi ikke har kapasitet til \u00e5 f\u00f8lge opp, fordi oppmerksomheten blir bundet opp til den planlagte formidlingsaktiviteten. Formidling av litteratur og bibliotekets kulturelle ballast for \u00f8vrig har dermed lett blitt begrenset til sporadiske prosjekter, men mest som en \u00absmitte\u00bb over tid, i m\u00f8te med den enkelte, og som en f\u00f8lge av omgivelsene. \\n\\nVi har nylig s\u00f8kt Kulturr\u00e5det om midler til et prosjekt: \u00abBiblioteket - ditt sted\u00bb, for \u00e5 utvikle oss ogs\u00e5 som \u00abVerksted\u00bb og \u00abTenkested\u00bb for denne m\u00e5lgruppen. Med i prosjektplanen er et systematisk litteraturformidlingsprogram for 10-12 \u00e5ringene i biblioteket etter skoletid p\u00e5 tirsdager og torsdager. \u00abVerksted\u00bb-Formidlingen vil i v\u00e6re preget av hjelpemidler innen digialteknikk, medier, 3d-printing mm - men ogs\u00e5 f eks, blackout poetry, og rollespill. I dette prosjektet \u00f8nsker vi ogs\u00e5 \u00e5 utvikle \u00abTenkestedet, med tiltak som \u00abSp\u00f8r en smarting\u00bb, \u00abBarnas bokbadskole\u00bb og Shared reading for barn. \\nSamtidig \u00f8nsker vi \u00e5 vedlikeholde M\u00f8testedet og Hjemmestedet ved fortsatt \u00e5 ha en lav terskel for ogs\u00e5 de barna som ikke lar vil delta i denne typen aktiviteter.\\nSvar p\u00e5 denne s\u00f8knaden ventes i november.\\n\\n2: M\u00e5lgruppe Voksne\\nDe senere \u00e5rene har vi ogs\u00e5 systematisk bygd opp en arrangements- og debattvirksomhet for voksne, og p\u00e5 den m\u00e5ten gjort biblioteket til en aktuell arena for meningsbryting og \u2013dannelse. \\nDette er b\u00e5de p\u00e5 bibliotekets \u00abtradisjonelle\u00bb virkeomr\u00e5de, litteraturen, men ogs\u00e5 ved \u00e5 sette aktuelle temaer innen samfunnsutvikling, lokalkultur, mm p\u00e5 dagsorden. Bl a har v\u00e5r m\u00f8teserie \u00abTvedestrandsdebatten, der biblioteket er rask med \u00e5 ta initiativ n\u00e5r ul\u00f8ste sp\u00f8rsm\u00e5l og temaer melder seg,\u00bb blitt etablert i lokalmilj\u00f8et. Sist ute var debattarrangementet \u00abHvor skal byen ligge?\u00bb hvor vi var med \u00e5 belyse trekk og ul\u00f8ste sp\u00f8rsm\u00e5l med en st\u00f8rre satsing p\u00e5 n\u00e6ringsarealer mm ved nye E18.\\n\\nProsjekt \\\"Lokalpodden\\\"\\nDette aktuelle prosjektet vil forh\u00e5pentlig g\u00e5 inn i samspill med prosjektene som er beskrevet over.\\nM\u00e5lgruppe: Barn (og voksne)\\nVi \u00f8nsker \u00e5 skape en lokal podcast for \/ med barn, basert p\u00e5 1: L\u00f8pende arrangementer \/ verkstedsaktiviteter med barn involvert (f eks \u00abSp\u00f8r en smarting\u00bb og \u00abBarnas bokbadskole\u00bb), nevnt over), og: 2: \u00e5pne, voksenstyrte samtaler om aktuelle sp\u00f8rsm\u00e5l og emner innen litteraturen og livet. \\nM\u00e5lgruppe: Voksne\\nVi \u00f8nsker \u00e5 skape en lokal podcast som b\u00e5de bidrar til litteraturformidling og til \u00e5 sette lokale problemstillinger p\u00e5 dagsorden. Dette er som en forlengelse av den plattformen vi allerede har skapt med bok- og debattarrangementer i biblioteket, og for \u00e5 utforske og utvikle bibliotekets rolle og muligheter innen mediefeltet. \\nUtad vil dette gjerne framst\u00e5 som \u00e9n podcastkanal, med kvalitet, regularitet, profesjonalitet og aktualitet som kjennetegn. \\n\\nSamskaping med lokale ressurser\\nProsjektet er vil nyte godt av samarbeid og samskaping med en rekke enkeltpersoner og milj\u00f8er, jfr liste over samarbeidspartnere. \\nSentra person i bibliotekstaben vil v\u00e6re v\u00e5r medarbeider Tom Seierstad, som har bakgrunn fra spill \/ multimediebransjen og har mer enn 15 \u00e5rs erfaring som l\u00e6rer \/ aktivitetsleder \/ milj\u00f8veileder i skole og bibliotek. Han har v\u00e6rt tilknyttet Tvedestrand folkebibliotek som milj\u00f8veileder, aktivitetsleder og bibliotekmedarbeider siden h\u00f8sten 2020.\",\"s3-4\":[{\"s3-4-1\":\"Bokbyen Tvedestrand\",\"s3-4-2\":\"Bokbyen Tvedestrand (www.bokbyentvedestrand.no) er Tvedestrand folkebiblioteks n\u00e6rmeste samskapingspartner, med en rekke initiativer og prosjekter felles. Det mest aktuelle samarbeidspunktet i denne sammenhengen er utvikling av en digital bokopplevelsesl\u00f8ype for barn, Her vil Verkstedsaktiviteter for barn v\u00e6re en naturlig forlengelse av prosjektet\"},{\"s3-4-1\":\"Forlaget Publizm\",\"s3-4-2\":\"Publizm (www.publizm.no), etablert i Tvedestrand i 2021, er et digitalt forlag som produserer og publiserer skj\u00f8nnlitteratur, sakprosa og dramatikk, og stadig utvider sitt repertoar for litteraturproduksjon og -formidling innen de mulighetene digitalteknikken \u00e5pner for.  Samarbeidet vil dreie seg om produksjon og publisering av podcaster. Forlaget Publizm ledes av Sidsel Dalen, som ogs\u00e5 er styreleder for Bokbyen Tvedestrand.\"},{\"s3-4-1\":\"Steinar Nielsen\",\"s3-4-2\":\"Steinar Nielsen (www.steinarnielsen.no) er journalist og redakt\u00f8r med erfaring fra Aftenposten og NRK, bosatt i Tvedestrand. N\u00e5 arbeider han som bokbader, debattleder og medier\u00e5dgiver, og er mye benyttet i bibliotekene i landsdelen.  Steinar vil v\u00e6re mentor for flere av aktivitetene for barn som dette prosjektet vil g\u00e5 i samspill med, og vil v\u00e6re sentral i utformingen og produksjonen av podcastkanalen \\\"Lokalpodden\\\", b\u00e5de for barn og for voksne.\"}],\"inntekter\":[{\"inntekt\":\"Prosjektadministrasjon, materiell mm (egeninnsats)\",\"belop\":\"35000\"}],\"utgifter\":[{\"utgift\":\"Frikj\u00f8p av bibliotekpersonell til gjennomf\u00f8ring av prosjektet, 15% st i 10 mnd\",\"belop\":\"75000\"},{\"utgift\":\"Prosjektadministrasjon, materiell mm\",\"belop\":\"35000\"}]}","form_config":"{\"fields\":[{\"name\":\"s1-1\",\"label\":\"S\u00f8ker\",\"type\":\"page\"},{\"name\":\"s1-2\",\"label\":\"Institusjonsopplysninger\",\"type\":\"section\"},{\"name\":\"institusjonsnavn\",\"label\":\"Institusjonsnavn\",\"required\":true,\"type\":\"text\",\"maxlength\":200,\"size\":\"large\"},{\"name\":\"email-inst\",\"label\":\"Institusjonens e-postadresse\",\"required\":true,\"type\":\"email\",\"size\":\"large\",\"instructions\":\"Her vil vi gjerne at du oppgir institusjonens e-postadresse. Denne e-postadressen vil bli brukt ved utsending av tildelings- eller avslagsbrev fra Nasjonalbiblioteket, med kopi til institusjonens leder og kontaktperson.\"},{\"name\":\"org-postal-address\",\"label\":\"Postadresse\",\"type\":\"text\"},{\"name\":\"org-postal-zip\",\"label\":\"Postnummer\",\"type\":\"text\",\"size\":\"small\"},{\"name\":\"org-postal-city\",\"label\":\"Poststed\",\"type\":\"text\",\"size\":\"medium\"},{\"name\":\"s1-6\",\"label\":\"Kontonummer\",\"required\":true,\"type\":\"number\",\"numberFormat\":\"account\",\"numberlength\":11,\"size\":\"small\",\"instructions\":\"11 tall, uten mellomrom eller andre skilletegn\"},{\"name\":\"s1-7\",\"label\":\"Institusjonens leder\",\"type\":\"fieldset\",\"subFields\":[{\"name\":\"s1-7-1\",\"label\":\"Fornavn\",\"required\":true,\"type\":\"text\",\"size\":\"small\"},{\"name\":\"s1-7-2\",\"label\":\"Etternavn\",\"required\":true,\"type\":\"text\",\"size\":\"small\"},{\"name\":\"s1-7-3\",\"label\":\"Telefon\",\"type\":\"number\",\"size\":\"small\",\"className\":\"clear\"},{\"name\":\"s1-7-4\",\"label\":\"E-post\",\"required\":true,\"type\":\"email\",\"size\":\"small\"}]},{\"name\":\"s1-8\",\"label\":\"Er institusjonens leder kontaktperson for tiltaket?\",\"required\":true,\"type\":\"radio\",\"choices\":{\"true\":\"Ja\",\"false\":\"Nei\"}},{\"name\":\"s1-9\",\"label\":\"Kontaktperson\",\"type\":\"fieldset\",\"conditionalLogic\":[{\"field\":\"s1-8\",\"operator\":\"===\",\"value\":\"false\"}],\"subFields\":[{\"name\":\"s1-9-1\",\"label\":\"Fornavn\",\"required\":true,\"type\":\"text\",\"size\":\"small\"},{\"name\":\"s1-9-2\",\"label\":\"Etternavn\",\"required\":true,\"type\":\"text\",\"size\":\"small\"},{\"name\":\"s1-9-3\",\"label\":\"Telefon\",\"type\":\"number\",\"size\":\"small\",\"className\":\"clear\"},{\"name\":\"s1-9-4\",\"label\":\"E-post\",\"required\":true,\"type\":\"email\",\"size\":\"small\"}]},{\"name\":\"s2-1\",\"label\":\"Tiltak\",\"type\":\"page\"},{\"name\":\"s2-2\",\"label\":\"Beskriv tiltaket\",\"type\":\"section\"},{\"name\":\"s2-3\",\"label\":\"Tiltaksttittel\",\"type\":\"text\",\"maxlength\":100,\"instructions\":\"Maks 100 tegn\",\"mapField\":\"title\"},{\"name\":\"s2-4\",\"label\":\"Tiltaksm\u00e5l\",\"type\":\"textarea\",\"maxlength\":1000,\"instructions\":\"Maks 1000 tegn\",\"placeholder\":\"Beskriv kort tiltaksm\u00e5l her\u2026\",\"help\":\"Beskriv m\u00e5l med tiltaket det s\u00f8kes om midler til. Hvordan skal effekten av tiltaket m\u00e5les?\"},{\"name\":\"s2-5\",\"label\":\"Tiltaksbeskrivelse\",\"type\":\"textarea\",\"minRows\":10,\"maxlength\":5000,\"instructions\":\"Maks 5000 tegn\",\"placeholder\":\"Beskriv tiltaket her, maks 5000 tegn\",\"help\":\"Beskriv tiltaket det s\u00f8kes om midler til. Beskrivelsen m\u00e5 bl.a. inneholde en henvisning til eventuell gjeldende plan om \u00e5 styrke og utvikle formidlingsaktiviteten og en kort omtale av evt. plan for videref\u00f8ring av tiltaket.\\n\"},{\"name\":\"s3-1\",\"label\":\"Samarbeids&shy;partnere\",\"type\":\"page\"},{\"name\":\"s3-2\",\"content\":\"Dersom du har samarbeidspartnere, vil vi at du fyller ut opplysninger om disse og redegj\u00f8r for deres rolle i tiltaket.\",\"type\":\"infotext\"},{\"name\":\"s3-3\",\"label\":\"Har du samarbeidspartner(e)?\",\"type\":\"radio\",\"choices\":{\"true\":\"Ja\",\"false\":\"Nei\"}},{\"name\":\"s3-4\",\"label\":\"\",\"type\":\"repeater\",\"minFields\":1,\"conditionalLogic\":[{\"field\":\"s3-3\",\"operator\":\"===\",\"value\":\"true\"}],\"className\":\"is-layout-full\",\"subFields\":[{\"name\":\"s3-4-1\",\"label\":\"Navn\",\"type\":\"text\"},{\"name\":\"s3-4-2\",\"label\":\"Beskriv samarbeidet\",\"type\":\"textarea\"}]},{\"name\":\"s4-1\",\"label\":\"Budsjett\",\"type\":\"page\"},{\"name\":\"r1t4pity44\",\"label\":\"Inntekter\",\"type\":\"section\"},{\"name\":\"soknadsbelop\",\"label\":\"S\u00f8knadsbel\u00f8p fra Nasjonalbiblioteket\",\"required\":true,\"type\":\"number\",\"size\":\"medium\"},{\"name\":\"inntekter\",\"label\":\"\",\"type\":\"repeater\",\"buttonLabel\":\"Legg til inntekt\",\"deleteLabel\":\"Slett inntekt\",\"subFields\":[{\"name\":\"inntekt\",\"label\":\"Beskrivelse annen inntekt\",\"type\":\"textarea\",\"minRows\":4,\"size\":\"medium\",\"placeholder\":\"Beskriv inntekt her\u2026\"},{\"name\":\"belop\",\"label\":\"Bel\u00f8p\",\"type\":\"number\",\"size\":\"small\"}]},{\"name\":\"5p497pzlt2\",\"label\":\"Inntekter totalt:\",\"type\":\"total\",\"add\":[\"soknadsbelop\",[\"inntekter\",\"belop\"]],\"border\":true},{\"name\":\"rqycjbycym\",\"label\":\"Utgifter\",\"type\":\"section\"},{\"name\":\"utgifter\",\"label\":\"\",\"type\":\"repeater\",\"buttonLabel\":\"Legg til utgift\",\"deleteLabel\":\"Slett utgift\",\"subFields\":[{\"name\":\"utgift\",\"label\":\"Beskrivelse annen utgift\",\"type\":\"textarea\",\"minRows\":4,\"size\":\"medium\",\"placeholder\":\"Beskriv utgift her\u2026\"},{\"name\":\"belop\",\"label\":\"Bel\u00f8p\",\"type\":\"number\",\"size\":\"small\"}]},{\"name\":\"pgo8rssh3e\",\"label\":\"Utgifter totalt:\",\"type\":\"total\",\"add\":[[\"utgifter\",\"belop\"]],\"border\":true},{\"name\":\"jkgfprbkyf\",\"label\":\"Inntekter - utgifter\",\"type\":\"section\"},{\"name\":\"12fsdfsdf\",\"label\":\"\",\"type\":\"total\",\"add\":[\"soknadsbelop\",[\"inntekter\",\"belop\"]],\"sub\":[[\"utgifter\",\"belop\"]],\"messages\":[{\"operator\":\"!==\",\"value\":0,\"icon\":\"close\",\"color\":\"#bf4853\",\"message\":\"ikke balansert budsjett\",\"subMessage\":\"Inntekter og utgifter stemmer ikke overens, er du sikker p\u00e5 at du har husket alt?\"},{\"operator\":\"===\",\"value\":0,\"icon\":\"check\",\"color\":\"#008000\",\"message\":\"balansert budsjett\"}]},{\"name\":\"dcbfp778ko\",\"label\":\"Sammendrag\",\"type\":\"page\",\"hideFromSummary\":true},{\"name\":\"mrks79uboe\",\"content\":\"Les gjennom s\u00f8knaden f\u00f8r du sender inn. Du kan fortsatt gj\u00f8re endringer ved \u00e5 navigere mellom de ulike seksjonene i s\u00f8knaden.\",\"type\":\"infotext\"},{\"type\":\"summary\"}],\"endTitle\":\"Takk!\",\"endContent\":\"Kvittering er sendt p\u00e5 e-post til peter.svalheim@tvedestrand.kommune.no (innlogget bruker).\",\"endLink\":\"https:\/\/bibliotekutvikling.no\/mine-bibliotek\/7882\/\"}","form_config_id":162651,"form_lang":"nb","form_delivered":"","form_delivery_started":""},"nb-form":[],"nb-application-year":[2985,3011,3038,3060],"nb-application-status":[2859],"nb-application-duration":[2907],"nb-application":[3019],"nb-application-case-worker":[2875],"class_list":["post-162889","active","type-active","status-granted","hentry","nb-application-year-2985","nb-application-year-3011","nb-application-year-3038","nb-application-year-3060","nb-application-county-1937","nb-application-municipality-1976","nb-application-status-active","nb-application-duration-1-arig","nb-application-aktiv-formidling-2023-alle-folkebibliotek","nb-application-case-worker-arne-gundersen"],"attachments":[],"pdf":"https:\/\/bibliotekutvikling.no\/prosjektbank\/pdf\/nb\/9b76ea581a1e3d12058c24c2858fd907\/162889\/file.pdf","application_pdf":"https:\/\/bibliotekutvikling.no\/prosjektbank\/pdf\/nb\/9b76ea581a1e3d12058c24c2858fd907\/162889\/file.pdf","application_type":"arena","application_name":"Aktiv formidling 2023 \u2013 Alle folkebibliotek","application_title":"Lokalpodden. Formidling i en digital tid","application_sender":{"Navn":"Tvedestrand bibliotek","Fornavn":"Peter","Etternavn":"Svalheim","Organisasjonsnummer":"","Postadresse":"Postboks 83","Postnummer":"4901","Poststed":"Tvedestrand","Kontaktperson":"Peter Svalheim","Epost":"peter.svalheim@tvedestrand.kommune.no","Telefon":"98674181"},"_links":{"self":[{"href":"https:\/\/bibliotekutvikling.no\/prosjektbank\/wp-json\/wp\/v2\/active\/162889","targetHints":{"allow":["GET"]}}],"collection":[{"href":"https:\/\/bibliotekutvikling.no\/prosjektbank\/wp-json\/wp\/v2\/active"}],"about":[{"href":"https:\/\/bibliotekutvikling.no\/prosjektbank\/wp-json\/wp\/v2\/types\/active"}],"author":[{"embeddable":true,"href":"https:\/\/bibliotekutvikling.no\/prosjektbank\/wp-json\/wp\/v2\/users\/1082"}],"version-history":[{"count":46,"href":"https:\/\/bibliotekutvikling.no\/prosjektbank\/wp-json\/wp\/v2\/active\/162889\/revisions"}],"predecessor-version":[{"id":164200,"href":"https:\/\/bibliotekutvikling.no\/prosjektbank\/wp-json\/wp\/v2\/active\/162889\/revisions\/164200"}],"wp:attachment":[{"href":"https:\/\/bibliotekutvikling.no\/prosjektbank\/wp-json\/wp\/v2\/media?parent=162889"}],"wp:term":[{"taxonomy":"nb-form","embeddable":true,"href":"https:\/\/bibliotekutvikling.no\/prosjektbank\/wp-json\/wp\/v2\/nb-form?post=162889"},{"taxonomy":"nb-application-year","embeddable":true,"href":"https:\/\/bibliotekutvikling.no\/prosjektbank\/wp-json\/wp\/v2\/nb-application-year?post=162889"},{"taxonomy":"nb-application-status","embeddable":true,"href":"https:\/\/bibliotekutvikling.no\/prosjektbank\/wp-json\/wp\/v2\/nb-application-status?post=162889"},{"taxonomy":"nb-application-duration","embeddable":true,"href":"https:\/\/bibliotekutvikling.no\/prosjektbank\/wp-json\/wp\/v2\/nb-application-duration?post=162889"},{"taxonomy":"nb-application","embeddable":true,"href":"https:\/\/bibliotekutvikling.no\/prosjektbank\/wp-json\/wp\/v2\/nb-application?post=162889"},{"taxonomy":"nb-application-case-worker","embeddable":true,"href":"https:\/\/bibliotekutvikling.no\/prosjektbank\/wp-json\/wp\/v2\/nb-application-case-worker?post=162889"}],"curies":[{"name":"wp","href":"https:\/\/api.w.org\/{rel}","templated":true}]}}