{"id":162715,"date":"2022-09-08T15:59:50","date_gmt":"2022-09-08T13:59:50","guid":{"rendered":"https:\/\/bibliotekutvikling.no\/prosjektbank\/?post_type=active&#038;p=162715"},"modified":"2023-06-02T12:29:47","modified_gmt":"2023-06-02T10:29:47","slug":"var-lille-verden","status":"granted","type":"active","link":"https:\/\/bibliotekutvikling.no\/prosjektbank\/aktiv\/var-lille-verden\/","title":{"rendered":"V\u00e5r lille verden"},"author":644,"template":"","meta":{"nb_hide_title":false,"nb_awarded_sum":"60000","nb_case_id":"2022\/596","nb_journal_id":"6791\/2022","institution_id":8009,"nb_json":"{\"institusjonsnavn\":\"Mer\u00e5ker bibliotek\",\"org-name\":\"Mer\u00e5ker bibliotek\",\"kommunenavn\":\"Mer\u00e5ker kommune\",\"fylkesnavn\":\"Tr\u00f8ndelag\",\"org-postal-address\":\"S\u00f8rsidveien 44\",\"org-postal-zip\":\"7530\",\"org-postal-city\":\"Mer\u00e5ker\",\"email-inst\":\"biblioteket@meraker.kommune.no\",\"s1-6\":\"15036660322\",\"s1-7-1\":\"Anne\",\"s1-7-2\":\"Marken\",\"s1-7-3\":\"92432175\",\"s1-7-4\":\"anne.marken@meraker.kommune.no\",\"s1-8\":\"true\",\"s2-3\":\"V\u00e5r lille verden \",\"s2-4\":\"Mer\u00e5ker bibliotek \u00f8nsker \u00e5 tilgjengeliggj\u00f8re lokale avsnitt \/ tema fra Mer\u00e5ker historielag sine \u00e5rlige historieb\u00f8ker til nytt publikum. Med \u00e5 lansere prosjektet \\\"V\u00e5r lille verden\\\" sier vi at det finnes interessante avsnitt\/kapittel i lokalhistorien som kan la seg tilgjengeliggj\u00f8re som lydbok. En lydbok i moderne forstand vil v\u00e6re formidling av en fortellerstemme som leser interessante tema fra lokalhistorisk arkiv i Mer\u00e5ker. Prosjektet \\\"V\u00e5r lille verden\\\" hentyder til at det finnes historier av b\u00e5de liten og stor betydning lokalt som f\u00f8rst og fremst er interessante for venner av Mer\u00e5ker.  \",\"s2-5\":\"Form\u00e5lspraragrafen sier at \\\"folkebibliotekene skal ha til oppgave \u00e5 fremme opplysning, utdanning og annen kulturell virksomhet, gjennom aktiv formidling og ved \u00e5 stille b\u00f8ker og andre medier gratis til disposisjon for alle som bor i landet.\\\" \\n\\nProsjektet \\\"V\u00e5r lille verden\\\" har nettopp til hensikt \u00e5 fremme opplysning og utdanning, gjennom aktiv formidling og med \u00e5 stille andre medier gratis til disposisjon. Konkret kan dette forst\u00e5s slikt: Igjennom \u00e5 planlegge, samhandle, produsere og til slutt formidle 6-10 episoder i en serie med lokalt utvalgte historier vil vi n\u00e5 et nytt publikum. Vi vil kunne formidle v\u00e5r aktivitet utenfor biblioteket lokaler, gratis. Vi vil m\u00f8te et moderne menneske som har mobil i lomma og podcast p\u00e5 \u00f8ret. Vi \u00f8nsker ikke \u00e5 gj\u00f8re dette vanskelig, vil vil gj\u00f8re dette med lav terskel. Det skal v\u00e6re lett \u00e5 forst\u00e5, lett \u00e5 lytte til og lett \u00e5 snakke om etterp\u00e5. Vi \u00f8nsker \u00e5 sette dagsorden. \\n\\nI et Europa i krig i dag kan \\\"V\u00e5r lille verden\\\" formidle en sterk parallell til et lokalt kulturminne om skyttergravene p\u00e5 Mer\u00e5kerbanens eneste tunnel fra 1905. Den gang Norge var redd en invasjon fra Sverige. De skyttergravene som enda er synlige over jernbanetunnelen er omtalt i Historielagets \u00e5rbok og derav lett tilgjengelig for \u00e5 formidle til et bredere publikum.  \\n\\nVi har til hensikt \u00e5 benytte dette prosjektet til \u00e5 styrke v\u00e5r kunnskap p\u00e5 biblioteket. V\u00e5re medarbeidere skal utfordres til \u00e5 formidle mer enn de gj\u00f8r i dag. Vi m\u00e5 m\u00f8te framtiden med \u00e5pne armer. Vi vet ikke om dette prosjektet blir en suksess, men vi har ihvertfall pr\u00f8vd. V\u00e5r erfaring tilsier ogs\u00e5 at om vi har tro p\u00e5 prosjektet, lykkes vi i st\u00f8rre grad. Vi skal s\u00f8rge for at dette blir en suksess. Vi vil det. \\n\\nVi m\u00e5 n\u00f8dvendigvis benytte oss av noe innleid utstyr og arbeidskraft. Men f\u00f8rst og fremst skal vi lage \\\"V\u00e5r lille verden\\\" alene og det skal vi gj\u00f8re med stolthet. Samtidig har vi mange frivillige biblioteksvenner som ogs\u00e5 har mye \u00e5 bidra med. Vi har f\u00f8rst og fremst fokus p\u00e5 innholdet og at formatet tilpasses et moderne menneske som nyttegj\u00f8r seg moderne teknologi.\\n\",\"s3-3\":\"true\",\"s3-4\":[{\"s3-4-1\":\"Gi lyd AS\",\"s3-4-2\":\"Vi m\u00e5 n\u00f8dvendigvis leie noe teknisk bistand for \u00e5 gjennomf\u00f8re opptakene, men fortrinnsvis skal vi omrokkere p\u00e5 v\u00e5r personalressursser for \u00e5 komme i m\u00e5l. Vi m\u00e5 frigj\u00f8re tid for \u00e5 l\u00e6re, gj\u00f8re og formidle.\"}],\"soknadsbelop\":\"75000\",\"utgifter\":[{\"utgift\":\"Personalressurs, intern prioritering \/ frikj\u00f8p av tid \",\"belop\":\"55000\"},{\"utgift\":\"Teknisk bistand fra Gi lyd AS\",\"belop\":\"30000\"},{\"utgift\":\"Formidling \/ publisering  \",\"belop\":\"5000\"}],\"inntekter\":[{\"inntekt\":\"Egenfinansiering \",\"belop\":\"15000\"}]}","form_config":"{\"fields\":[{\"name\":\"s1-1\",\"label\":\"S\u00f8ker\",\"type\":\"page\"},{\"name\":\"s1-2\",\"label\":\"Institusjonsopplysninger\",\"type\":\"section\"},{\"name\":\"institusjonsnavn\",\"label\":\"Institusjonsnavn\",\"required\":true,\"type\":\"text\",\"maxlength\":200,\"size\":\"large\"},{\"name\":\"email-inst\",\"label\":\"Institusjonens e-postadresse\",\"required\":true,\"type\":\"email\",\"size\":\"large\",\"instructions\":\"Her vil vi gjerne at du oppgir institusjonens e-postadresse. Denne e-postadressen vil bli brukt ved utsending av tildelings- eller avslagsbrev fra Nasjonalbiblioteket, med kopi til institusjonens leder og kontaktperson.\"},{\"name\":\"org-postal-address\",\"label\":\"Postadresse\",\"type\":\"text\"},{\"name\":\"org-postal-zip\",\"label\":\"Postnummer\",\"type\":\"text\",\"size\":\"small\"},{\"name\":\"org-postal-city\",\"label\":\"Poststed\",\"type\":\"text\",\"size\":\"medium\"},{\"name\":\"s1-6\",\"label\":\"Kontonummer\",\"required\":true,\"type\":\"number\",\"numberFormat\":\"account\",\"numberlength\":11,\"size\":\"small\",\"instructions\":\"11 tall, uten mellomrom eller andre skilletegn\"},{\"name\":\"s1-7\",\"label\":\"Institusjonens leder\",\"type\":\"fieldset\",\"subFields\":[{\"name\":\"s1-7-1\",\"label\":\"Fornavn\",\"required\":true,\"type\":\"text\",\"size\":\"small\"},{\"name\":\"s1-7-2\",\"label\":\"Etternavn\",\"required\":true,\"type\":\"text\",\"size\":\"small\"},{\"name\":\"s1-7-3\",\"label\":\"Telefon\",\"type\":\"number\",\"size\":\"small\",\"className\":\"clear\"},{\"name\":\"s1-7-4\",\"label\":\"E-post\",\"required\":true,\"type\":\"email\",\"size\":\"small\"}]},{\"name\":\"s1-8\",\"label\":\"Er institusjonens leder kontaktperson for tiltaket?\",\"required\":true,\"type\":\"radio\",\"choices\":{\"true\":\"Ja\",\"false\":\"Nei\"}},{\"name\":\"s1-9\",\"label\":\"Kontaktperson\",\"type\":\"fieldset\",\"conditionalLogic\":[{\"field\":\"s1-8\",\"operator\":\"===\",\"value\":\"false\"}],\"subFields\":[{\"name\":\"s1-9-1\",\"label\":\"Fornavn\",\"required\":true,\"type\":\"text\",\"size\":\"small\"},{\"name\":\"s1-9-2\",\"label\":\"Etternavn\",\"required\":true,\"type\":\"text\",\"size\":\"small\"},{\"name\":\"s1-9-3\",\"label\":\"Telefon\",\"type\":\"number\",\"size\":\"small\",\"className\":\"clear\"},{\"name\":\"s1-9-4\",\"label\":\"E-post\",\"required\":true,\"type\":\"email\",\"size\":\"small\"}]},{\"name\":\"s2-1\",\"label\":\"Tiltak\",\"type\":\"page\"},{\"name\":\"s2-2\",\"label\":\"Beskriv tiltaket\",\"type\":\"section\"},{\"name\":\"s2-3\",\"label\":\"Tiltaksttittel\",\"type\":\"text\",\"maxlength\":100,\"instructions\":\"Maks 100 tegn\",\"mapField\":\"title\"},{\"name\":\"s2-4\",\"label\":\"Tiltaksm\u00e5l\",\"type\":\"textarea\",\"maxlength\":1000,\"instructions\":\"Maks 1000 tegn\",\"placeholder\":\"Beskriv kort tiltaksm\u00e5l her\u2026\",\"help\":\"Beskriv m\u00e5l med tiltaket det s\u00f8kes om midler til. Hvordan skal effekten av tiltaket m\u00e5les?\"},{\"name\":\"s2-5\",\"label\":\"Tiltaksbeskrivelse\",\"type\":\"textarea\",\"minRows\":10,\"maxlength\":5000,\"instructions\":\"Maks 5000 tegn\",\"placeholder\":\"Beskriv tiltaket her, maks 5000 tegn\",\"help\":\"Beskriv tiltaket det s\u00f8kes om midler til. Beskrivelsen m\u00e5 bl.a. inneholde en henvisning til eventuell gjeldende plan om \u00e5 styrke og utvikle formidlingsaktiviteten og en kort omtale av evt. plan for videref\u00f8ring av tiltaket.\\n\"},{\"name\":\"s3-1\",\"label\":\"Samarbeids&shy;partnere\",\"type\":\"page\"},{\"name\":\"s3-2\",\"content\":\"Dersom du har samarbeidspartnere, vil vi at du fyller ut opplysninger om disse og redegj\u00f8r for deres rolle i tiltaket.\",\"type\":\"infotext\"},{\"name\":\"s3-3\",\"label\":\"Har du samarbeidspartner(e)?\",\"type\":\"radio\",\"choices\":{\"true\":\"Ja\",\"false\":\"Nei\"}},{\"name\":\"s3-4\",\"label\":\"\",\"type\":\"repeater\",\"minFields\":1,\"conditionalLogic\":[{\"field\":\"s3-3\",\"operator\":\"===\",\"value\":\"true\"}],\"className\":\"is-layout-full\",\"subFields\":[{\"name\":\"s3-4-1\",\"label\":\"Navn\",\"type\":\"text\"},{\"name\":\"s3-4-2\",\"label\":\"Beskriv samarbeidet\",\"type\":\"textarea\"}]},{\"name\":\"s4-1\",\"label\":\"Budsjett\",\"type\":\"page\"},{\"name\":\"r1t4pity44\",\"label\":\"Inntekter\",\"type\":\"section\"},{\"name\":\"soknadsbelop\",\"label\":\"S\u00f8knadsbel\u00f8p fra Nasjonalbiblioteket\",\"required\":true,\"type\":\"number\",\"size\":\"medium\"},{\"name\":\"inntekter\",\"label\":\"\",\"type\":\"repeater\",\"buttonLabel\":\"Legg til inntekt\",\"deleteLabel\":\"Slett inntekt\",\"subFields\":[{\"name\":\"inntekt\",\"label\":\"Beskrivelse annen inntekt\",\"type\":\"textarea\",\"minRows\":4,\"size\":\"medium\",\"placeholder\":\"Beskriv inntekt her\u2026\"},{\"name\":\"belop\",\"label\":\"Bel\u00f8p\",\"type\":\"number\",\"size\":\"small\"}]},{\"name\":\"5p497pzlt2\",\"label\":\"Inntekter totalt:\",\"type\":\"total\",\"add\":[\"soknadsbelop\",[\"inntekter\",\"belop\"]],\"border\":true},{\"name\":\"rqycjbycym\",\"label\":\"Utgifter\",\"type\":\"section\"},{\"name\":\"utgifter\",\"label\":\"\",\"type\":\"repeater\",\"buttonLabel\":\"Legg til utgift\",\"deleteLabel\":\"Slett utgift\",\"subFields\":[{\"name\":\"utgift\",\"label\":\"Beskrivelse annen utgift\",\"type\":\"textarea\",\"minRows\":4,\"size\":\"medium\",\"placeholder\":\"Beskriv utgift her\u2026\"},{\"name\":\"belop\",\"label\":\"Bel\u00f8p\",\"type\":\"number\",\"size\":\"small\"}]},{\"name\":\"pgo8rssh3e\",\"label\":\"Utgifter totalt:\",\"type\":\"total\",\"add\":[[\"utgifter\",\"belop\"]],\"border\":true},{\"name\":\"jkgfprbkyf\",\"label\":\"Inntekter - utgifter\",\"type\":\"section\"},{\"name\":\"12fsdfsdf\",\"label\":\"\",\"type\":\"total\",\"add\":[\"soknadsbelop\",[\"inntekter\",\"belop\"]],\"sub\":[[\"utgifter\",\"belop\"]],\"messages\":[{\"operator\":\"!==\",\"value\":0,\"icon\":\"close\",\"color\":\"#bf4853\",\"message\":\"ikke balansert budsjett\",\"subMessage\":\"Inntekter og utgifter stemmer ikke overens, er du sikker p\u00e5 at du har husket alt?\"},{\"operator\":\"===\",\"value\":0,\"icon\":\"check\",\"color\":\"#008000\",\"message\":\"balansert budsjett\"}]},{\"name\":\"dcbfp778ko\",\"label\":\"Sammendrag\",\"type\":\"page\",\"hideFromSummary\":true},{\"name\":\"mrks79uboe\",\"content\":\"Les gjennom s\u00f8knaden f\u00f8r du sender inn. Du kan fortsatt gj\u00f8re endringer ved \u00e5 navigere mellom de ulike seksjonene i s\u00f8knaden.\",\"type\":\"infotext\"},{\"type\":\"summary\"}],\"endTitle\":\"Takk!\",\"endContent\":\"Kvittering er sendt p\u00e5 e-post til biblioteket@meraker.kommune.no (innlogget bruker).\",\"endLink\":\"https:\/\/bibliotekutvikling.no\/mine-bibliotek\/8009\/\"}","form_config_id":162651,"form_lang":"nb","form_delivered":"","form_delivery_started":""},"nb-form":[],"nb-application-year":[2985],"nb-application-status":[2860],"nb-application-duration":[2907],"nb-application":[3019],"nb-application-case-worker":[2875],"class_list":["post-162715","active","type-active","status-granted","hentry","nb-application-year-2985","nb-application-county-1921","nb-application-municipality-3000","nb-application-status-ended","nb-application-duration-1-arig","nb-application-aktiv-formidling-2023-alle-folkebibliotek","nb-application-case-worker-arne-gundersen"],"attachments":[],"pdf":"https:\/\/bibliotekutvikling.no\/prosjektbank\/pdf\/nb\/c1b1f70a656fbea41898f62bde9fac31\/162715\/file.pdf","application_pdf":"https:\/\/bibliotekutvikling.no\/prosjektbank\/pdf\/nb\/c1b1f70a656fbea41898f62bde9fac31\/162715\/file.pdf","application_type":"arena","application_name":"Aktiv formidling 2023 \u2013 Alle folkebibliotek","application_title":"V\u00e5r lille verden ","application_sender":{"Navn":"Mer\u00e5ker bibliotek","Fornavn":"Anne","Etternavn":"Marken","Organisasjonsnummer":"","Postadresse":"S\u00f8rsidveien 44","Postnummer":"7530","Poststed":"Mer\u00e5ker","Kontaktperson":"Anne Marken","Epost":"biblioteket@meraker.kommune.no","Telefon":"92432175"},"_links":{"self":[{"href":"https:\/\/bibliotekutvikling.no\/prosjektbank\/wp-json\/wp\/v2\/active\/162715","targetHints":{"allow":["GET"]}}],"collection":[{"href":"https:\/\/bibliotekutvikling.no\/prosjektbank\/wp-json\/wp\/v2\/active"}],"about":[{"href":"https:\/\/bibliotekutvikling.no\/prosjektbank\/wp-json\/wp\/v2\/types\/active"}],"author":[{"embeddable":true,"href":"https:\/\/bibliotekutvikling.no\/prosjektbank\/wp-json\/wp\/v2\/users\/644"}],"version-history":[{"count":9,"href":"https:\/\/bibliotekutvikling.no\/prosjektbank\/wp-json\/wp\/v2\/active\/162715\/revisions"}],"predecessor-version":[{"id":162724,"href":"https:\/\/bibliotekutvikling.no\/prosjektbank\/wp-json\/wp\/v2\/active\/162715\/revisions\/162724"}],"wp:attachment":[{"href":"https:\/\/bibliotekutvikling.no\/prosjektbank\/wp-json\/wp\/v2\/media?parent=162715"}],"wp:term":[{"taxonomy":"nb-form","embeddable":true,"href":"https:\/\/bibliotekutvikling.no\/prosjektbank\/wp-json\/wp\/v2\/nb-form?post=162715"},{"taxonomy":"nb-application-year","embeddable":true,"href":"https:\/\/bibliotekutvikling.no\/prosjektbank\/wp-json\/wp\/v2\/nb-application-year?post=162715"},{"taxonomy":"nb-application-status","embeddable":true,"href":"https:\/\/bibliotekutvikling.no\/prosjektbank\/wp-json\/wp\/v2\/nb-application-status?post=162715"},{"taxonomy":"nb-application-duration","embeddable":true,"href":"https:\/\/bibliotekutvikling.no\/prosjektbank\/wp-json\/wp\/v2\/nb-application-duration?post=162715"},{"taxonomy":"nb-application","embeddable":true,"href":"https:\/\/bibliotekutvikling.no\/prosjektbank\/wp-json\/wp\/v2\/nb-application?post=162715"},{"taxonomy":"nb-application-case-worker","embeddable":true,"href":"https:\/\/bibliotekutvikling.no\/prosjektbank\/wp-json\/wp\/v2\/nb-application-case-worker?post=162715"}],"curies":[{"name":"wp","href":"https:\/\/api.w.org\/{rel}","templated":true}]}}