{"id":153449,"date":"2020-10-12T23:12:43","date_gmt":"2020-10-12T21:12:43","guid":{"rendered":"https:\/\/bibliotekutvikling.no\/prosjektbank\/?post_type=project&#038;p=153449"},"modified":"2023-01-23T16:37:38","modified_gmt":"2023-01-23T15:37:38","slug":"eg-heiter-havard-hedde-et-prosjekt-for-aktiv-formidling-i-ostre-agder","status":"granted","type":"active","link":"https:\/\/bibliotekutvikling.no\/prosjektbank\/aktiv\/eg-heiter-havard-hedde-et-prosjekt-for-aktiv-formidling-i-ostre-agder\/","title":{"rendered":"Eg heiter H\u00e5vard Hedde. Et prosjekt for aktiv formidling i \u00d8stre Agder"},"author":1082,"template":"","meta":{"nb_hide_title":false,"nb_awarded_sum":"300000","nb_case_id":"2020\/984","nb_journal_id":"7338\/2020","institution_id":7882,"nb_json":"{\"institusjonsnavn\":\"Tvedestrand folkebibliotek\",\"kommunenavn\":\"Tvedestrand kommune\",\"fylkesnavn\":\"Agder\",\"s1-6\":\"28260710003\",\"s1-7-1\":\"Peter\",\"s1-7-2\":\"Svalheim\",\"s1-7-3\":\"98674181\",\"s1-7-4\":\"peter.svalheim@tvedestrand.kommune.no\",\"s1-8\":\"true\",\"s2-3\":\"Eg heiter H\u00e5vard Hedde. Et prosjekt for aktiv formidling i \u00d8stre Agder\",\"s2-4\":\"Prosjektet vil s\u00e6rlig ha disse gruppene for \u00f8ye:\\n-\\tBarn \\n-\\tUnge arbeidsledige, \u00abdrop outs\u00bb og andre med sosiale utfordringer. \\n-\\tMilj\u00f8er av voksne som lett faller utenfor hovedstr\u00f8mningene og -tendensene i samfunnet. \\n\\nM\u00e5lene vil v\u00e6re: \\n-\\t\u00c5 gj\u00f8re lesing og leselyst til en positiv og identitetsskapende kraft for den enkelte\\n-\\t\u00c5 motvirke utenforskap og sosial usynlighet ved \u00e5 ta eierskap til sin egen historie og situasjon\\n-\\t\u00c5 la litteraturen og andre aktuelle kulturuttrykk f\u00f8re den enkelte og hele milj\u00f8er over fra en posisjon som passive objekter og mottakere av felleskapets l\u00f8sninger, til \u00e5 bli handlende og aktive subjekter som selv definerer og finner uttrykk for sin egen situasjon, gjennom positiv identitetsdannelse og kreativ skaperkraft.\\n- Prosjektet bygger vedvarende erfaringer og rammer for formidling, som \u00f8ker v\u00e5rt spillerom i m\u00f8te med publikum og gir forbildeverdi for bibliotekene i regionen.\",\"s3-3\":\"true\",\"s3-4\":[{\"s3-4-1\":\"\u00c5mli folkebibliotek ved biblioteksjef Liv Vik Epletveit\",\"s3-4-2\":\"Samarbeidende bibliotek. Deltaker i styringsgruppe\"},{\"s3-4-1\":\"Gjerstad folkebibliotek ved biblioteksjef Randi Lundvall\",\"s3-4-2\":\"Samarbeidende bibliotek. Deltaker i styringsgruppe\"},{\"s3-4-1\":\"Veg\u00e5rshei folkebibliotek ved biblioteksjef Sonja Lindtveit\",\"s3-4-2\":\"Samarbeidende bibliotek. Deltaker i styringsgruppe\"},{\"s3-4-1\":\"Skolebiblioteket ved Tvedestrand videreg\u00e5ende skole, ved biblioteksjef Aslak Storaker\",\"s3-4-2\":\"Samarbeidende bibliotek. Deltaker i styringsgruppe\"}],\"s2-5\":\"Bakgrunn:\\nH\u00e5vard Hedde er vel kjent gjennom visa; fattiggutten som m\u00f8ter livet med ukuelig vitalitet men som til slutt m\u00e5 resignere: \u00abHo sveik meg like vel\u00bb. Hans biografiske liv er ikke s\u00e5 kjent. H\u00e5vard Folkeson Hedde (1758-1802) fra Valle i Setesdal var mobbeofferet som levde p\u00e5 nedsiden av samfunnet, fartet omkring og etter hvert slo seg ned i \u00d8stre Agder hvor han ble opphav til en stor etterslekt. Slik har H\u00e5vard to sider som ikke uten videre ser ut til \u00e5 la seg forene: De mange biografiske trekkene som lar seg grave fram fra rettsdokumenter og andre offentlige kilder, og visa, som r\u00f8per helt andre trekk hvor vitaliteten og livskraften sl\u00e5r gjennom. (Vedlegg: \\\"H\u00e5vard Hedde og etterkommerne hans\\\" kan ettersendes.)\\n\\nI v\u00e5r tid omtales H\u00e5vard Hedde noen ganger som \u00abstamfar til levek\u00e5rsstatistikken i \u00d8stre Agder\u00bb. Denne statistikken peker nettopp dette distriktet hvor Hedde var gjorde seg mest gjeldende, (kommunene \u00c5mli, Veg\u00e5rshei, Gjerstad, Ris\u00f8r og Tvedestrand) ut som et av regionens, og landets, st\u00f8rste \u00abproblemomr\u00e5der\u00bb hva gjelder indikatorer som rus, psykiatri, arbeidsledighet mm.\\n\\nI samtiden har politikere, presse og publikum kanskje f\u00f8lt en viss avstand og sjenanse i m\u00f8te med denne sosiale virkeligheten. Forst\u00e5elsen av de sosiale dynamikkene i regionen kommer ofte seint, og stykkevis. Samtidig har vi som samfunn skapt en struktur og virkelighetsforst\u00e5else som noen ganger omtales som \u00abto tredjedelssamfunnet\u00bb: L\u00f8sningene vi velger innen det sosiale feltet ser ut til i seg selv \u00e5 f\u00e5 mange til \u00e5 falle utenfor. De som faller utenfor, blir ogs\u00e5 ofte usynliggjort og gjort til objekter ved at de blir passive mottakere av flertallssamfunnets l\u00f8sninger p\u00e5 deres vegne.\\n\\nDet \u00e5 benytte H\u00e5vard Hedde som motto for dette prosjektet, er et kraftfullt signal: Vi vil ta eierskap til v\u00e5r egen, sosiale virkelighet og erkl\u00e6re at Dette er oss. Dette er v\u00e5rt utgangspunkt. Dette utgangspunktet vil vi m\u00f8te og bevege oss videre fra, med vitalitet og skaperkraft.\\n\\nProsjektet vil ha tre niv\u00e5er:\\n\\n1. N\u00e6rt og lokalt: N\u00e5 ut til nye grupper med formidlingstiltak gjennom en rekke delprosjekter som springer ut av de enkelte lokalbibliotekene \/ n\u00e6romr\u00e5dene, som f eks:\\n- Samarbeide med spr\u00e5koppl\u00e6rer for flyktninger. Veilede om b\u00f8ker som egner seg til \u00e5 lese og bruke sammen med sine barn.\\n- Skape m\u00f8teplasser mellom innvandrerkvinner og fastboende kvinner, med bok- og fortellerkultur som sammenbindende ledd.\\n- Lesesirkler for vgs-elever etter skoletid.\\n- Bokpresentasjoner og lesninger i den lokale ungdomsklubben. \\n- Bokpresentasjoner og lesninger p\u00e5 \u00abkirkekaffe\u00bb i menigheter. (I f\u00f8lge unders\u00f8kelser kan en del menighetsmilj\u00f8er i landsdelen noen ganger v\u00e6re preget av et selvvalgt sosialt utenforskap).\\n\\nDette vil ha preg av et utviklingsarbeid gjennom prosjektperioden, og gjerne videre, der noe som viser seg s\u00e6rlig vellykket ett sted lett kan kopieres andre steder osv.\\n\\n2. Metodisk: Skape kunnskap, kultur og ferdigheter i formidlingsteknikker som Shared reading og Black out poetry. Dette kan skje gjennom tre ledd:\\n- Kursing av prosjektmeldere og bibliotekmedarbeidere internt i prosjektet\\n- Tilby Shared reading \/ Black out poetry, kanskje ogs\u00e5 skrivekurser mm som en kunstart og aktivitet i kulturskolene\\n- Spre erfaringene og ferdighetene i Shared reading videre til de \u00f8vrige bibliotekene p\u00e5 Agder.\\n\\nVideref\u00f8ring: Dette er ferdigheter som vil vil vedvare og benyttes ut over prosjektperioden\\n\\n3. Identitetsskapende for regionen: Danne nettverk og bygge samarbeidsrelasjoner for \u00e5 gjennomf\u00f8re en st\u00f8rre identitetsskapende, sjanger- og sektorovergripende begivenhet sammen med barn og unge i regionen.\\n- I l\u00f8pet av prosjektperioden (2021):\\nGjennomf\u00f8re en workshop \/ sette fokus p\u00e5 H\u00e5vard Hedde under den planlagte UKM-festivalen i Agder sommeren 2021. Dette kan v\u00e6re: Presentasjoner, tekstverksteder. Hvem og hvor er v\u00e5r tids H\u00e5vard Hedde? Mm.\\n- Ut over prosjektperioden (2021 ff): Ta initiativer og bygge nettverk med f eks Kulturskolen \u00d8st i Agder og \u00c5mli Kulturskole om en st\u00f8rre, identitetsskapende begivenhet i \u00d8stre Agder \/ regionen for \u00f8vrig. F eks: skape en musikal \/ landskapsteater: \u00abEg heiter H\u00e5vard Hedde\u00bb, med unge ut\u00f8vere, gjerne under veiledning av og i samarbeid med profesjonelle kunstnere og instrukt\u00f8rer.\\nDenne delen kan gjerne finne form som et eller flere parallelle prosjekter, med egne st\u00f8tteytere og ut\u00f8vere innen de enkelte kunstartene. \\n\\nVideref\u00f8ring: Dette kan potensielt bli en motor for regionen innen kulturutvikling, profilering av litteratur og kreativt samarbeid.\",\"soknadsbelop\":\"450000\",\"inntekter\":[{\"inntekt\":\"Prosjektst\u00f8tte Agder fylkeskommune (bekreftet) \",\"belop\":\"200000\"},{\"inntekt\":\"Egenandel: Andre bidrag fra eksterne (ikke bekreftet)\",\"belop\":\"100000\"},{\"inntekt\":\"Egenandel: Prosjektadministrasjon\",\"belop\":\"100000\"},{\"inntekt\":\"Egenandel: Kontorfasiliteter mm \",\"belop\":\"50000\"}],\"utgifter\":[{\"utgift\":\"Prosjektleder \/ formidler i til sammen 100% inkl sos utg\",\"belop\":\"675000\"},{\"utgift\":\"Materiell og kj\u00f8regodtgj\u00f8relser\",\"belop\":\"50000\"},{\"utgift\":\"Kursing og oppl\u00e6ring\",\"belop\":\"25000\"},{\"utgift\":\"Prosjektadministrasjon\",\"belop\":\"100000\"},{\"utgift\":\"Kontorfasiliteter mm \",\"belop\":\"50000\"}]}","form_config":"{\"fields\":[{\"name\":\"s1-1\",\"label\":\"S\u00f8ker\",\"type\":\"page\"},{\"name\":\"s1-2\",\"label\":\"Institusjonsopplysninger\",\"type\":\"section\"},{\"name\":\"kommunenavn\",\"label\":\"Kommunenavn\",\"required\":true,\"type\":\"saved\"},{\"name\":\"institusjonsnavn\",\"label\":\"Institusjonsnavn\",\"required\":true,\"type\":\"text\",\"maxlength\":100,\"instructions\":\"Maks 100 tegn\"},{\"name\":\"s1-6\",\"label\":\"Kontonummer\",\"required\":true,\"type\":\"number\",\"numberFormat\":\"account\",\"numberlength\":11,\"size\":\"small\",\"instructions\":\"11 tall, uten mellomrom eller andre skilletegn\"},{\"name\":\"s1-7\",\"label\":\"Institusjonens leder\",\"type\":\"fieldset\",\"subFields\":[{\"name\":\"s1-7-1\",\"label\":\"Fornavn\",\"required\":true,\"type\":\"text\",\"size\":\"small\"},{\"name\":\"s1-7-2\",\"label\":\"Etternavn\",\"required\":true,\"type\":\"text\",\"size\":\"small\"},{\"name\":\"s1-7-3\",\"label\":\"Telefon\",\"type\":\"number\",\"size\":\"small\",\"className\":\"clear\"},{\"name\":\"s1-7-4\",\"label\":\"E-post\",\"required\":true,\"type\":\"email\",\"size\":\"small\"}]},{\"name\":\"s1-8\",\"label\":\"Er institusjonens leder kontaktperson for tiltaket?\",\"required\":true,\"type\":\"radio\",\"choices\":{\"true\":\"Ja\",\"false\":\"Nei\"}},{\"name\":\"s1-9\",\"label\":\"Kontaktperson\",\"type\":\"fieldset\",\"conditionalLogic\":[{\"field\":\"s1-8\",\"operator\":\"===\",\"value\":\"false\"}],\"subFields\":[{\"name\":\"s1-9-1\",\"label\":\"Fornavn\",\"required\":true,\"type\":\"text\",\"size\":\"small\"},{\"name\":\"s1-9-2\",\"label\":\"Etternavn\",\"required\":true,\"type\":\"text\",\"size\":\"small\"},{\"name\":\"s1-9-3\",\"label\":\"Telefon\",\"type\":\"number\",\"size\":\"small\",\"className\":\"clear\"},{\"name\":\"s1-9-4\",\"label\":\"E-post\",\"required\":true,\"type\":\"email\",\"size\":\"small\"}]},{\"name\":\"s2-1\",\"label\":\"Tiltak\",\"type\":\"page\"},{\"name\":\"s2-2\",\"label\":\"Beskriv tiltaket\",\"type\":\"section\"},{\"name\":\"s2-3\",\"label\":\"Tiltaksttittel\",\"type\":\"text\",\"maxlength\":100,\"instructions\":\"Maks 100 tegn\",\"mapField\":\"title\"},{\"name\":\"s2-4\",\"label\":\"Tiltaksm\u00e5l\",\"type\":\"textarea\",\"maxlength\":1000,\"instructions\":\"Maks 1000 tegn\",\"placeholder\":\"Beskriv kort tiltaksm\u00e5l her\u2026\",\"help\":\"Beskriv m\u00e5l med tiltaket det s\u00f8kes om midler til. Hvordan skal effekten av tiltaket m\u00e5les?\"},{\"name\":\"s2-5\",\"label\":\"Tiltaksbeskrivelse\",\"type\":\"textarea\",\"minRows\":10,\"maxlength\":5000,\"instructions\":\"Maks 5000 tegn\",\"placeholder\":\"Beskriv tiltaket her, maks 5000 tegn\",\"help\":\"Beskriv tiltaket det s\u00f8kes om midler til. Beskrivelsen m\u00e5 bl.a. inneholde en henvisning til gjeldende plan om \u00e5 styrke og utvikle formidlingsaktiviteten og en kort omtale av evt. plan for videref\u00f8ring av tiltaket.\\n\"},{\"name\":\"s3-1\",\"label\":\"Samarbeids&shy;partnere\",\"type\":\"page\"},{\"name\":\"s3-2\",\"content\":\"Dersom du har samarbeidspartnere, vil vi at du fyller ut opplysninger om disse og redegj\u00f8r for deres rolle i tiltaket.\",\"type\":\"infotext\"},{\"name\":\"s3-3\",\"label\":\"Har du samarbeidspartner(e)?\",\"type\":\"radio\",\"choices\":{\"true\":\"Ja\",\"false\":\"Nei\"}},{\"name\":\"s3-4\",\"label\":\"\",\"type\":\"repeater\",\"minFields\":1,\"conditionalLogic\":[{\"field\":\"s3-3\",\"operator\":\"===\",\"value\":\"true\"}],\"className\":\"is-layout-full\",\"subFields\":[{\"name\":\"s3-4-1\",\"label\":\"Navn\",\"type\":\"text\"},{\"name\":\"s3-4-2\",\"label\":\"Beskriv samarbeidet\",\"type\":\"textarea\"}]},{\"name\":\"s4-1\",\"label\":\"Budsjett\",\"type\":\"page\"},{\"name\":\"r1t4pity44\",\"label\":\"Inntekter\",\"type\":\"section\"},{\"name\":\"soknadsbelop\",\"label\":\"S\u00f8knadsbel\u00f8p fra Nasjonalbiblioteket\",\"type\":\"number\",\"size\":\"medium\"},{\"name\":\"inntekter\",\"label\":\"\",\"type\":\"repeater\",\"buttonLabel\":\"Legg til inntekt\",\"deleteLabel\":\"Slett inntekt\",\"subFields\":[{\"name\":\"inntekt\",\"label\":\"Beskrivelse annen inntekt\",\"type\":\"textarea\",\"minRows\":4,\"size\":\"medium\",\"placeholder\":\"Beskriv inntekt her\u2026\"},{\"name\":\"belop\",\"label\":\"Bel\u00f8p\",\"type\":\"number\",\"size\":\"small\"}]},{\"name\":\"5p497pzlt2\",\"label\":\"Inntekter totalt:\",\"type\":\"total\",\"add\":[\"soknadsbelop\",[\"inntekter\",\"belop\"]],\"border\":true},{\"name\":\"rqycjbycym\",\"label\":\"Utgifter\",\"type\":\"section\"},{\"name\":\"utgifter\",\"label\":\"\",\"type\":\"repeater\",\"buttonLabel\":\"Legg til utgift\",\"deleteLabel\":\"Slett utgift\",\"subFields\":[{\"name\":\"utgift\",\"label\":\"Beskrivelse annen utgift\",\"type\":\"textarea\",\"minRows\":4,\"size\":\"medium\",\"placeholder\":\"Beskriv utgift her\u2026\"},{\"name\":\"belop\",\"label\":\"Bel\u00f8p\",\"type\":\"number\",\"size\":\"small\"}]},{\"name\":\"pgo8rssh3e\",\"label\":\"Utgifter totalt:\",\"type\":\"total\",\"add\":[[\"utgifter\",\"belop\"]],\"border\":true},{\"name\":\"jkgfprbkyf\",\"label\":\"Inntekter - utgifter\",\"type\":\"section\"},{\"name\":\"12fsdfsdf\",\"label\":\"\",\"type\":\"total\",\"add\":[\"soknadsbelop\",[\"inntekter\",\"belop\"]],\"sub\":[[\"utgifter\",\"belop\"]],\"messages\":[{\"operator\":\"!==\",\"value\":0,\"icon\":\"close\",\"color\":\"#bf4853\",\"message\":\"ikke balansert budsjett\",\"subMessage\":\"Inntekter og utgifter stemmer ikke overens, er du sikker p\u00e5 at du har husket alt?\"},{\"operator\":\"===\",\"value\":0,\"icon\":\"check\",\"color\":\"#008000\",\"message\":\"balansert budsjett\"}]},{\"name\":\"dcbfp778ko\",\"label\":\"Sammendrag\",\"type\":\"page\",\"hideFromSummary\":true},{\"name\":\"mrks79uboe\",\"content\":\"Les gjennom s\u00f8knaden f\u00f8r du sender inn. Du kan fortsatt gj\u00f8re endringer ved \u00e5 navigere mellom de ulike seksjonene i s\u00f8knaden.\",\"type\":\"infotext\"},{\"type\":\"summary\"}],\"endLink\":\"https:\/\/bibliotekutvikling.no\/mine-bibliotek\/7882\/\"}","form_config_id":150375,"form_lang":"nb","form_delivered":"","form_delivery_started":""},"nb-form":[],"nb-application-year":[1242,2984],"nb-application-status":[2860],"nb-application-duration":[2907],"nb-application":[2862],"nb-application-case-worker":[2876],"class_list":["post-153449","active","type-active","status-granted","hentry","nb-application-year-1242","nb-application-year-2984","nb-application-county-1937","nb-application-municipality-1976","nb-application-status-ended","nb-application-duration-1-arig","nb-application-aktiv-formidling-2021","nb-application-case-worker-hilde-ljodal"],"attachments":[],"pdf":"https:\/\/bibliotekutvikling.no\/prosjektbank\/pdf\/nb\/b546c3683fe5a4bf9b954f3ac12b6331\/153449\/file.pdf","application_pdf":"https:\/\/bibliotekutvikling.no\/prosjektbank\/pdf\/nb\/b546c3683fe5a4bf9b954f3ac12b6331\/153449\/file.pdf","application_type":"arena","application_name":"Aktiv formidling 2021","application_title":"Eg heiter H\u00e5vard Hedde. Et prosjekt for aktiv formidling i \u00d8stre Agder","application_sender":{"Navn":"Tvedestrand folkebibliotek","Fornavn":"Peter","Etternavn":"Svalheim","Organisasjonsnummer":"","Postadresse":"Postboks 83","Postnummer":"4901","Poststed":"Tvedestrand","Kontaktperson":"Peter Svalheim","Epost":"peter.svalheim@tvedestrand.kommune.no","Telefon":"98674181"},"_links":{"self":[{"href":"https:\/\/bibliotekutvikling.no\/prosjektbank\/wp-json\/wp\/v2\/active\/153449","targetHints":{"allow":["GET"]}}],"collection":[{"href":"https:\/\/bibliotekutvikling.no\/prosjektbank\/wp-json\/wp\/v2\/active"}],"about":[{"href":"https:\/\/bibliotekutvikling.no\/prosjektbank\/wp-json\/wp\/v2\/types\/active"}],"author":[{"embeddable":true,"href":"https:\/\/bibliotekutvikling.no\/prosjektbank\/wp-json\/wp\/v2\/users\/1082"}],"version-history":[{"count":12,"href":"https:\/\/bibliotekutvikling.no\/prosjektbank\/wp-json\/wp\/v2\/active\/153449\/revisions"}],"predecessor-version":[{"id":154283,"href":"https:\/\/bibliotekutvikling.no\/prosjektbank\/wp-json\/wp\/v2\/active\/153449\/revisions\/154283"}],"wp:attachment":[{"href":"https:\/\/bibliotekutvikling.no\/prosjektbank\/wp-json\/wp\/v2\/media?parent=153449"}],"wp:term":[{"taxonomy":"nb-form","embeddable":true,"href":"https:\/\/bibliotekutvikling.no\/prosjektbank\/wp-json\/wp\/v2\/nb-form?post=153449"},{"taxonomy":"nb-application-year","embeddable":true,"href":"https:\/\/bibliotekutvikling.no\/prosjektbank\/wp-json\/wp\/v2\/nb-application-year?post=153449"},{"taxonomy":"nb-application-status","embeddable":true,"href":"https:\/\/bibliotekutvikling.no\/prosjektbank\/wp-json\/wp\/v2\/nb-application-status?post=153449"},{"taxonomy":"nb-application-duration","embeddable":true,"href":"https:\/\/bibliotekutvikling.no\/prosjektbank\/wp-json\/wp\/v2\/nb-application-duration?post=153449"},{"taxonomy":"nb-application","embeddable":true,"href":"https:\/\/bibliotekutvikling.no\/prosjektbank\/wp-json\/wp\/v2\/nb-application?post=153449"},{"taxonomy":"nb-application-case-worker","embeddable":true,"href":"https:\/\/bibliotekutvikling.no\/prosjektbank\/wp-json\/wp\/v2\/nb-application-case-worker?post=153449"}],"curies":[{"name":"wp","href":"https:\/\/api.w.org\/{rel}","templated":true}]}}