{"id":151521,"date":"2020-10-12T09:03:29","date_gmt":"2020-10-12T07:03:29","guid":{"rendered":"https:\/\/bibliotekutvikling.no\/prosjektbank\/?post_type=project&#038;p=151521"},"modified":"2025-02-07T00:28:28","modified_gmt":"2025-02-06T23:28:28","slug":"litteraer-tirsdag-2","status":"granted","type":"active","link":"https:\/\/bibliotekutvikling.no\/prosjektbank\/aktiv\/litteraer-tirsdag-2\/","title":{"rendered":"Litter\u00e6r tirsdag"},"author":5407,"template":"","meta":{"nb_hide_title":false,"nb_awarded_sum":"75000","nb_case_id":"2020\/1046","nb_journal_id":"7400\/2020","institution_id":8075,"nb_json":"{\"institusjonsnavn\":\"Troms\u00f8 bibliotek\",\"kommunenavn\":\"Troms\u00f8 kommune\",\"fylkesnavn\":\"Troms og Finnmark\",\"s1-6\":\"15064346048\",\"s1-7-1\":\"Mona\",\"s1-7-2\":\"Magnussen\",\"s1-7-3\":\"41212155\",\"s1-7-4\":\"mona.magnussen@tromso.bibliotek.no\",\"s1-8\":\"false\",\"s1-9-1\":\"Stine \",\"s1-9-2\":\"Fjelds\u00f8e\",\"s1-9-4\":\"stine.fjeldsoe@tromso.kommune.no\",\"s1-9-3\":\"91171954\",\"s2-3\":\"Litter\u00e6r tirsdag\",\"s2-4\":\"M\u00e5l: \u00e5 skape gode m\u00f8ter mellom mennesker der litteraturen st\u00e5r i sentrum. Vi \u00f8nsker \u00e5 gi et tilbud til voksne der h\u00f8ytlesning og samtale rundt teksten st\u00e5r i fokus. Det nye i dette prosjektet er \u00e5 utvide tilbudet til \u00e5 gjelde grupper og enkeltmennesker som ikke kan eller \u00f8nsker \u00e5 komme til biblioteket. \",\"s2-5\":\"Prosjektet er en videreutvikling av et allerede eksisterende litter\u00e6rt tilbud som foreg\u00e5r i biblioteket. \\n\\nH\u00f8sten\u202f2019\u202fstartet biblioteket opp tilbudet som n\u00e5 har f\u00e5tt\u202fnavnet\u202f\\\"Litter\u00e6r tirsdag\\\", som inneb\u00e6rer at det hver tirsdag er et litter\u00e6rt tilbud for voksne i biblioteket. Inn i dette tilbudet inng\u00e5r lesesirkler en gang i m\u00e5neden, hvor deltakerne har lest samme bok p\u00e5 forh\u00e5nd. Disse har til n\u00e5 v\u00e6rt lokalisert til biblioteket, men vi vil gjennom samarbeid med eksterne akt\u00f8rer ha sirkler andre steder i Troms\u00f8 by. I forbindelse med 100-\u00e5rsjubileet til Cora Sandel har vi inng\u00e5tt et samarbeid med Perspektivet museum om lesesirkel i utstillingslokalene deres.\\n\\nP\u00e5 de resterende tirsdagene har vi startet en pilot kalt \\\"Lytt og snakk i Fokus\\\" (Troms\u00f8 bibliotek og byarkiv ligger i gamle, ombygde Fokus kino). Her samles vi rundt en tekst som vi leser sammen, og\u202funderveis\u202fsamtaler om. Vi \u00f8nsker \u00e5 benytte oss av metoden \\\"Shared reading\\\" til dette arbeidet.  M\u00e5let v\u00e5rt er \u00e5 skape gode m\u00f8ter mellom folk og litteratur der man er i teksten sammen. Disse tirsdagene er ikke s\u00e5 innarbeidet som lesesirklene og trenger mer og bedre markedsf\u00f8ring for \u00f8kt deltakelse. Dersom vi f\u00e5r midler, vil disse brukes p\u00e5 \u00e5 frigj\u00f8re personalressurser som skal brukes til \u00e5 avholde slike arrangement utenfor biblioteket. Slik h\u00e5per vi \u00e5 n\u00e5 et bredere nedslagsfelt for litteraturformidlingen. Prosjektet har et s\u00e6rlig blikk mot studentgruppene fordi vi ikke s\u00e5 ofte treffer de unge voksne med v\u00e5re litter\u00e6re arrangementer. Lesegruppe-konseptet, med sin umiddelbare tilstedev\u00e6relse og mulighet for \u00e5 delta her og n\u00e5, opplever vi at appellerer til denne gruppen. Tanken er \u00e5 pr\u00f8ve ut nye arenaer for dette arbeidet, slik som noen av byens kafeer og studenthuset Driv.  \\n\\nI en videref\u00f8ring av dette arbeidet \u00f8nsker vi \u00e5 n\u00e5 lengre ut med lesegruppene, siden dette er et arbeid som skaper gode ringvirkninger.  Vi har allerede opprettet samarbeid med \u00c5sg\u00e5rd psykiatriske sykehus, UNN hvor vi som en del av medikamentfritt tilbud arrangerer lesegrupper to uker i \u00e5ret. Vi \u00f8nsker b\u00e5de \u00e5 videref\u00f8re og videreutvikle dette arbeidet, siden brukere og ansatte er forn\u00f8yd med tilbudet og \u00f8nsker oss tilbake oftere enn vi har mulighet til med dagens personalressurser. I tillegg \u00f8nsker vi \u00e5 pr\u00f8ve ut lesegrupper i Troms\u00f8 fengsel, i samarbeid med fengselsbibliotekaren og andre ansatte. For \u00e5 f\u00e5 til dette har vi behov for kursing av flere ansatte og dermed personalressurser til frikj\u00f8p av ansatte over noe tid. Et prosjekt vil dessuten gi oss mulighet til \u00e5 pr\u00f8ve ut lesegrupper i andre settinger, som p\u00e5 Kafe X (for rusmisbrukere), p\u00e5 sykehjem og dagsenter eller for noen av Troms\u00f8s mangfoldige innvandrergrupper gjennom samarbeid med ulike organisasjoner som feks Kirkens bymisjonen og UiT - Norges arktiske universtiet. Dette vil ogs\u00e5 kreve \u00f8kte personalressurser \u00e5 f\u00e5 i gang, men vil etter endt prosjekttid v\u00e6re mulig \u00e5 drifte innenfor v\u00e5re rammer og ved hjelp av samarbeidspartnere og frivillige. \\n\u202f\\nDet planlegges \u00e5 gjennomf\u00f8re Litter\u00e6r tirsdag gjennom hele 2020\/2021-sesongen. I tillegg \u00f8nsker vi \u00e5 n\u00e5 videre ut og vil planlegge lesegrupper p\u00e5 flere arenaer utenfor bibliotekets fysiske rammer. For \u00e5 kunne markedsf\u00f8re og utvide kapasiteten p\u00e5 disse arrangementene har vi behov for frikj\u00f8p av personal b\u00e5de i planlegging, gjennomf\u00f8ring og evaluering av prosjektets ulike deler.  \",\"s3-3\":\"true\",\"s3-4\":[{\"s3-4-1\":\"\u00c5sg\u00e5rd psykiatriske sykehus, Universitetssykehuset Nord-Norge\",\"s3-4-2\":\"Dette er et konkret samarbeid der biblioteket og sykehuset samarbeider to uker i \u00e5ret for \u00e5 gi brukere\/innlagte ved sykehuset annet tilbud enn medisinsk. Det er \u00f8nske om \u00e5 videreutvikle tilbudet for \u00e5 se p\u00e5 muligheten for \u00e5 \u00f8ke innsatsen og egen kompetanse p\u00e5 feltet. \"},{\"s3-4-1\":\"Perspektivet museum\",\"s3-4-2\":\"Museet planlegger en storstilt jubileumsfeiring av Cora Sandel med en stor utstilling. Biblioteket og museet ser n\u00e5 p\u00e5 hvordan vi kan utvikle et samarbeid om det litter\u00e6re, der m\u00e5let er \u00e5 bruke museets lokaler til litteraturformidling.\"}],\"soknadsbelop\":\"75000\",\"utgifter\":[{\"utgift\":\"75000 skal i helhet brukes til frikj\u00f8p av personalressurser som skal ut av bibliotekets lokaler for \u00e5 holde arrangement. All planlegging og forberedelse i forkant vil v\u00e6re bibliotekets egenandel.\",\"belop\":\"75000\"},{\"utgift\":\"Timer til forberedelse og planlegging av arrangement, 50 timer\",\"belop\":\"15000\"}],\"inntekter\":[{\"inntekt\":\"Egenandel personalressurser 50 timer. \",\"belop\":\"15000\"}]}","form_config":"{\"fields\":[{\"name\":\"s1-1\",\"label\":\"S\u00f8ker\",\"type\":\"page\"},{\"name\":\"s1-2\",\"label\":\"Institusjonsopplysninger\",\"type\":\"section\"},{\"name\":\"kommunenavn\",\"label\":\"Kommunenavn\",\"required\":true,\"type\":\"saved\"},{\"name\":\"institusjonsnavn\",\"label\":\"Institusjonsnavn\",\"required\":true,\"type\":\"text\",\"maxlength\":100,\"instructions\":\"Maks 100 tegn\"},{\"name\":\"s1-6\",\"label\":\"Kontonummer\",\"required\":true,\"type\":\"number\",\"numberFormat\":\"account\",\"numberlength\":11,\"size\":\"small\",\"instructions\":\"11 tall, uten mellomrom eller andre skilletegn\"},{\"name\":\"s1-7\",\"label\":\"Institusjonens leder\",\"type\":\"fieldset\",\"subFields\":[{\"name\":\"s1-7-1\",\"label\":\"Fornavn\",\"required\":true,\"type\":\"text\",\"size\":\"small\"},{\"name\":\"s1-7-2\",\"label\":\"Etternavn\",\"required\":true,\"type\":\"text\",\"size\":\"small\"},{\"name\":\"s1-7-3\",\"label\":\"Telefon\",\"type\":\"number\",\"size\":\"small\",\"className\":\"clear\"},{\"name\":\"s1-7-4\",\"label\":\"E-post\",\"required\":true,\"type\":\"email\",\"size\":\"small\"}]},{\"name\":\"s1-8\",\"label\":\"Er institusjonens leder kontaktperson for tiltaket?\",\"required\":true,\"type\":\"radio\",\"choices\":{\"true\":\"Ja\",\"false\":\"Nei\"}},{\"name\":\"s1-9\",\"label\":\"Kontaktperson\",\"type\":\"fieldset\",\"conditionalLogic\":[{\"field\":\"s1-8\",\"operator\":\"===\",\"value\":\"false\"}],\"subFields\":[{\"name\":\"s1-9-1\",\"label\":\"Fornavn\",\"required\":true,\"type\":\"text\",\"size\":\"small\"},{\"name\":\"s1-9-2\",\"label\":\"Etternavn\",\"required\":true,\"type\":\"text\",\"size\":\"small\"},{\"name\":\"s1-9-3\",\"label\":\"Telefon\",\"type\":\"number\",\"size\":\"small\",\"className\":\"clear\"},{\"name\":\"s1-9-4\",\"label\":\"E-post\",\"required\":true,\"type\":\"email\",\"size\":\"small\"}]},{\"name\":\"s2-1\",\"label\":\"Tiltak\",\"type\":\"page\"},{\"name\":\"s2-2\",\"label\":\"Beskriv tiltaket\",\"type\":\"section\"},{\"name\":\"s2-3\",\"label\":\"Tiltaksttittel\",\"type\":\"text\",\"maxlength\":100,\"instructions\":\"Maks 100 tegn\",\"mapField\":\"title\"},{\"name\":\"s2-4\",\"label\":\"Tiltaksm\u00e5l\",\"type\":\"textarea\",\"maxlength\":1000,\"instructions\":\"Maks 1000 tegn\",\"placeholder\":\"Beskriv kort tiltaksm\u00e5l her\u2026\",\"help\":\"Beskriv m\u00e5l med tiltaket det s\u00f8kes om midler til. Hvordan skal effekten av tiltaket m\u00e5les?\"},{\"name\":\"s2-5\",\"label\":\"Tiltaksbeskrivelse\",\"type\":\"textarea\",\"minRows\":10,\"maxlength\":5000,\"instructions\":\"Maks 5000 tegn\",\"placeholder\":\"Beskriv tiltaket her, maks 5000 tegn\",\"help\":\"Beskriv tiltaket det s\u00f8kes om midler til. Beskrivelsen m\u00e5 bl.a. inneholde en henvisning til gjeldende plan om \u00e5 styrke og utvikle formidlingsaktiviteten og en kort omtale av evt. plan for videref\u00f8ring av tiltaket.\\n\"},{\"name\":\"s3-1\",\"label\":\"Samarbeids&shy;partnere\",\"type\":\"page\"},{\"name\":\"s3-2\",\"content\":\"Dersom du har samarbeidspartnere, vil vi at du fyller ut opplysninger om disse og redegj\u00f8r for deres rolle i tiltaket.\",\"type\":\"infotext\"},{\"name\":\"s3-3\",\"label\":\"Har du samarbeidspartner(e)?\",\"type\":\"radio\",\"choices\":{\"true\":\"Ja\",\"false\":\"Nei\"}},{\"name\":\"s3-4\",\"label\":\"\",\"type\":\"repeater\",\"minFields\":1,\"conditionalLogic\":[{\"field\":\"s3-3\",\"operator\":\"===\",\"value\":\"true\"}],\"className\":\"is-layout-full\",\"subFields\":[{\"name\":\"s3-4-1\",\"label\":\"Navn\",\"type\":\"text\"},{\"name\":\"s3-4-2\",\"label\":\"Beskriv samarbeidet\",\"type\":\"textarea\"}]},{\"name\":\"s4-1\",\"label\":\"Budsjett\",\"type\":\"page\"},{\"name\":\"r1t4pity44\",\"label\":\"Inntekter\",\"type\":\"section\"},{\"name\":\"soknadsbelop\",\"label\":\"S\u00f8knadsbel\u00f8p fra Nasjonalbiblioteket\",\"type\":\"number\",\"size\":\"medium\"},{\"name\":\"inntekter\",\"label\":\"\",\"type\":\"repeater\",\"buttonLabel\":\"Legg til inntekt\",\"deleteLabel\":\"Slett inntekt\",\"subFields\":[{\"name\":\"inntekt\",\"label\":\"Beskrivelse annen inntekt\",\"type\":\"textarea\",\"minRows\":4,\"size\":\"medium\",\"placeholder\":\"Beskriv inntekt her\u2026\"},{\"name\":\"belop\",\"label\":\"Bel\u00f8p\",\"type\":\"number\",\"size\":\"small\"}]},{\"name\":\"5p497pzlt2\",\"label\":\"Inntekter totalt:\",\"type\":\"total\",\"add\":[\"soknadsbelop\",[\"inntekter\",\"belop\"]],\"border\":true},{\"name\":\"rqycjbycym\",\"label\":\"Utgifter\",\"type\":\"section\"},{\"name\":\"utgifter\",\"label\":\"\",\"type\":\"repeater\",\"buttonLabel\":\"Legg til utgift\",\"deleteLabel\":\"Slett utgift\",\"subFields\":[{\"name\":\"utgift\",\"label\":\"Beskrivelse annen utgift\",\"type\":\"textarea\",\"minRows\":4,\"size\":\"medium\",\"placeholder\":\"Beskriv utgift her\u2026\"},{\"name\":\"belop\",\"label\":\"Bel\u00f8p\",\"type\":\"number\",\"size\":\"small\"}]},{\"name\":\"pgo8rssh3e\",\"label\":\"Utgifter totalt:\",\"type\":\"total\",\"add\":[[\"utgifter\",\"belop\"]],\"border\":true},{\"name\":\"jkgfprbkyf\",\"label\":\"Inntekter - utgifter\",\"type\":\"section\"},{\"name\":\"12fsdfsdf\",\"label\":\"\",\"type\":\"total\",\"add\":[\"soknadsbelop\",[\"inntekter\",\"belop\"]],\"sub\":[[\"utgifter\",\"belop\"]],\"messages\":[{\"operator\":\"!==\",\"value\":0,\"icon\":\"close\",\"color\":\"#bf4853\",\"message\":\"ikke balansert budsjett\",\"subMessage\":\"Inntekter og utgifter stemmer ikke overens, er du sikker p\u00e5 at du har husket alt?\"},{\"operator\":\"===\",\"value\":0,\"icon\":\"check\",\"color\":\"#008000\",\"message\":\"balansert budsjett\"}]},{\"name\":\"dcbfp778ko\",\"label\":\"Sammendrag\",\"type\":\"page\",\"hideFromSummary\":true},{\"name\":\"mrks79uboe\",\"content\":\"Les gjennom s\u00f8knaden f\u00f8r du sender inn. Du kan fortsatt gj\u00f8re endringer ved \u00e5 navigere mellom de ulike seksjonene i s\u00f8knaden.\",\"type\":\"infotext\"},{\"type\":\"summary\"}],\"endLink\":\"https:\/\/bibliotekutvikling.no\/mine-bibliotek\/8075\/\"}","form_config_id":150375,"form_lang":"nb","form_delivered":"","form_delivery_started":""},"nb-form":[],"nb-application-year":[1242,2984],"nb-application-status":[2860],"nb-application-duration":[2907],"nb-application":[2862],"nb-application-case-worker":[2875],"class_list":["post-151521","active","type-active","status-granted","hentry","nb-application-year-1242","nb-application-year-2984","nb-application-county-3070","nb-application-municipality-2047","nb-application-status-ended","nb-application-duration-1-arig","nb-application-aktiv-formidling-2021","nb-application-case-worker-arne-gundersen"],"attachments":[],"pdf":"https:\/\/bibliotekutvikling.no\/prosjektbank\/pdf\/nb\/0455b6a720768ffac3f7030945f8c3a2\/151521\/file.pdf","application_pdf":"https:\/\/bibliotekutvikling.no\/prosjektbank\/pdf\/nb\/0455b6a720768ffac3f7030945f8c3a2\/151521\/file.pdf","application_type":"arena","application_name":"Aktiv formidling 2021","application_title":"Litter\u00e6r tirsdag","application_sender":{"Navn":"Troms\u00f8 bibliotek","Fornavn":"Mona","Etternavn":"Magnussen","Organisasjonsnummer":"","Postadresse":"Postboks 6900","Postnummer":"9299","Poststed":"Troms\u00f8","Kontaktperson":"Mona Magnussen","Epost":"mona.magnussen@tromso.bibliotek.no","Telefon":"41212155"},"_links":{"self":[{"href":"https:\/\/bibliotekutvikling.no\/prosjektbank\/wp-json\/wp\/v2\/active\/151521","targetHints":{"allow":["GET"]}}],"collection":[{"href":"https:\/\/bibliotekutvikling.no\/prosjektbank\/wp-json\/wp\/v2\/active"}],"about":[{"href":"https:\/\/bibliotekutvikling.no\/prosjektbank\/wp-json\/wp\/v2\/types\/active"}],"author":[{"embeddable":true,"href":"https:\/\/bibliotekutvikling.no\/prosjektbank\/wp-json\/wp\/v2\/users\/5407"}],"version-history":[{"count":18,"href":"https:\/\/bibliotekutvikling.no\/prosjektbank\/wp-json\/wp\/v2\/active\/151521\/revisions"}],"predecessor-version":[{"id":151879,"href":"https:\/\/bibliotekutvikling.no\/prosjektbank\/wp-json\/wp\/v2\/active\/151521\/revisions\/151879"}],"wp:attachment":[{"href":"https:\/\/bibliotekutvikling.no\/prosjektbank\/wp-json\/wp\/v2\/media?parent=151521"}],"wp:term":[{"taxonomy":"nb-form","embeddable":true,"href":"https:\/\/bibliotekutvikling.no\/prosjektbank\/wp-json\/wp\/v2\/nb-form?post=151521"},{"taxonomy":"nb-application-year","embeddable":true,"href":"https:\/\/bibliotekutvikling.no\/prosjektbank\/wp-json\/wp\/v2\/nb-application-year?post=151521"},{"taxonomy":"nb-application-status","embeddable":true,"href":"https:\/\/bibliotekutvikling.no\/prosjektbank\/wp-json\/wp\/v2\/nb-application-status?post=151521"},{"taxonomy":"nb-application-duration","embeddable":true,"href":"https:\/\/bibliotekutvikling.no\/prosjektbank\/wp-json\/wp\/v2\/nb-application-duration?post=151521"},{"taxonomy":"nb-application","embeddable":true,"href":"https:\/\/bibliotekutvikling.no\/prosjektbank\/wp-json\/wp\/v2\/nb-application?post=151521"},{"taxonomy":"nb-application-case-worker","embeddable":true,"href":"https:\/\/bibliotekutvikling.no\/prosjektbank\/wp-json\/wp\/v2\/nb-application-case-worker?post=151521"}],"curies":[{"name":"wp","href":"https:\/\/api.w.org\/{rel}","templated":true}]}}