{"id":43922,"date":"2026-02-25T14:12:12","date_gmt":"2026-02-25T13:12:12","guid":{"rendered":"https:\/\/bibliotekutvikling.no\/kompetansebank\/?post_type=event&#038;p=43922"},"modified":"2026-02-25T14:12:12","modified_gmt":"2026-02-25T13:12:12","slug":"utdeling-av-kultur-og-likestillingsdepartementets-priser-for-barne-og-ungdomslitteratur-2025","status":"publish","type":"event","link":"https:\/\/bibliotekutvikling.no\/kompetansebank\/event\/utdeling-av-kultur-og-likestillingsdepartementets-priser-for-barne-og-ungdomslitteratur-2025\/","title":{"rendered":"Utdeling av Kultur- og likestillings\u00addepartementets priser for barne- og ungdoms\u00adlitteratur 2025"},"content":{"rendered":"\n\t\t<div class=\"t2-factbox wp-block-t2-factbox\" id=\"t2-factbox\">\n\t\t\t<div class=\"t2-factbox__content\">\n\t\t\t\t<div class=\"t2-factbox__blocks t2-factbox__inner-container is-layout-flow\">\n\t\t\t\t\t\n\n<p>Arrang\u00f8r: <a href=\"https:\/\/barnebokinstituttet.no\/\">Norsk barnebokinstitutt<\/a><\/p>\n\n\n\t\t\t\t<\/div>\n\t\t\t\t\n\t\t\t<\/div>\n\t\t\t\n\t\t<\/div>\n\n<p class=\"t2-ingress wp-block-t2-ingress\">Kultur- og likestillingsdepartementets priser for barne- og ungdomslitteratur blir delt ut.<\/p>\n\n\n<p>Prisene vil bli delt ut av<strong>&nbsp;kultur- og likestillingsminister Lubna Jaffery<\/strong>.<\/p>\n\n\n\n<p><strong><a href=\"https:\/\/barnebokinstituttet.no\/kulturdepartementets-priser\/2025\/nominasjoner\/\">Nominasjonene finner du her<\/a><\/strong><\/p>\n\n\n\n<p>For bok\u00e5ret 2025 er til sammen 24 forfattere, illustrat\u00f8rer,  tegneserieskapere og oversettere nominert innenfor disse sju kategoriene: Skj\u00f8nnlitteraturprisen, Bildebokprisen, Sakprosaprisen,\u00a0 Tegneserieprisen,\u00a0Debutantprisen, Illustrasjonsprisen og Oversetterprisen.<\/p>\n\n\n\n<p>Prisutdelingen er \u00e5pen for publikum. Den vil ogs\u00e5 bli str\u00f8mmet p\u00e5 Norsk barnebokinstitutts nettsider.<\/p>\n\n\n\n<div class=\"wp-block-group has-secondary-100-background-color has-background has-global-padding is-layout-constrained wp-block-group-is-layout-constrained\">\n<p><a href=\"https:\/\/barnebokinstituttet.no\/barnebokfeltet\/kud-prisen\/\">Kultur- og likestillingsdepartementets priser for barne- og ungdomslitteratur<\/a>\u00a0deles ut til forfattere, illustrat\u00f8rer, tegneserieskapere og oversettere. Generelt for alle typer verk gjelder at spr\u00e5ket skal v\u00e6re norsk eller samisk. Prisene har blitt delt ut siden 1948, og siden 2003 har Norsk barnebokinstitutt\u00a0nedsatt en uavhengig jury og administrert prisutdelingen p\u00e5 vegne av departementet.<\/p>\n<\/div>\n\n\n\n\t\t<div class=\"t2-factbox wp-block-t2-factbox\" id=\"t2-factbox-1\">\n\t\t\t<div class=\"t2-factbox__content\">\n\t\t\t\t<div class=\"t2-factbox__blocks t2-factbox__inner-container is-layout-flow\">\n\t\t\t\t\t\n\n<p><a href=\"https:\/\/barnebokinstituttet.no\/barnebokfeltet\/kud-prisen\/\">Arrangementets nettside<\/a><\/p>\n\n\n\t\t\t\t<\/div>\n\t\t\t\t\n\t\t\t<\/div>\n\t\t\t\n\t\t<\/div>","protected":false},"author":6868,"featured_media":43925,"menu_order":0,"template":"","meta":{"nb_hide_title":false,"event_tba_datetime":false,"event_all_day":false,"event_tba_start_time":false,"event_start_datetime":"2026-03-16T13:00:00","event_end_datetime":"2026-03-16T15:00:00","event_venue_id":"9185","event_ticket_vendor_url":"","event_ticket_price_text":"\u00e5pent for alle","event_ticket_button_text":"Gratis","event_ticket_details_text":"","event_attendance_mode":"online_and_offline","event_short_description":"","event_virtual_venue_name":"","event_virtual_venue_url":"","event_hide_from_archive":false,"event_infoscreen_place_name":"","event_hide_from_infoscreen":false,"single_header_image_is_disabled":false,"single_header_image_attachment_id":0,"single_header_image_attachment_url":""},"event-group":[],"event-type":[],"tag":[],"class_list":["post-43922","event","type-event","status-publish","has-post-thumbnail","hentry"],"yoast_head":"<!-- This site is optimized with the Yoast SEO Premium plugin v27.1 (Yoast SEO v27.1.1) - https:\/\/yoast.com\/product\/yoast-seo-premium-wordpress\/ -->\n<title>Utdeling av Kultur- og likestillings\u00addepartementets priser for barne- og ungdoms\u00adlitteratur 2025 - Kompetansebank<\/title>\n<meta name=\"robots\" content=\"index, follow, max-snippet:-1, max-image-preview:large, max-video-preview:-1\" \/>\n<link rel=\"canonical\" href=\"https:\/\/bibliotekutvikling.no\/kompetansebank\/event\/utdeling-av-kultur-og-likestillingsdepartementets-priser-for-barne-og-ungdomslitteratur-2025\/\" \/>\n<meta property=\"og:locale\" content=\"nb_NO\" \/>\n<meta property=\"og:type\" content=\"article\" \/>\n<meta property=\"og:title\" content=\"Utdeling av Kultur- og likestillings\u00addepartementets priser for barne- og ungdoms\u00adlitteratur 2025\" \/>\n<meta property=\"og:url\" content=\"https:\/\/bibliotekutvikling.no\/kompetansebank\/event\/utdeling-av-kultur-og-likestillingsdepartementets-priser-for-barne-og-ungdomslitteratur-2025\/\" \/>\n<meta property=\"og:site_name\" content=\"Kompetansebank\" \/>\n<meta property=\"article:publisher\" content=\"https:\/\/www.facebook.com\/bibliotekutvikling\" \/>\n<meta property=\"og:image\" content=\"https:\/\/bibliotekutvikling.no\/content\/uploads\/sites\/24\/2026\/02\/NBI-16.3-nb.no_.png\" \/>\n\t<meta property=\"og:image:width\" content=\"1920\" \/>\n\t<meta property=\"og:image:height\" content=\"1005\" \/>\n\t<meta property=\"og:image:type\" content=\"image\/png\" \/>\n<meta name=\"twitter:card\" content=\"summary_large_image\" \/>\n<meta name=\"twitter:label1\" content=\"Ansl. lesetid\" \/>\n\t<meta name=\"twitter:data1\" content=\"1 minutt\" \/>\n<script type=\"application\/ld+json\" class=\"yoast-schema-graph\">{\"@context\":\"https:\/\/schema.org\",\"@graph\":[{\"@type\":\"WebPage\",\"@id\":\"https:\/\/bibliotekutvikling.no\/kompetansebank\/event\/utdeling-av-kultur-og-likestillingsdepartementets-priser-for-barne-og-ungdomslitteratur-2025\/\",\"url\":\"https:\/\/bibliotekutvikling.no\/kompetansebank\/event\/utdeling-av-kultur-og-likestillingsdepartementets-priser-for-barne-og-ungdomslitteratur-2025\/\",\"name\":\"Utdeling av Kultur- og likestillings\u00addepartementets priser for barne- og ungdoms\u00adlitteratur 2025 - Kompetansebank\",\"isPartOf\":{\"@id\":\"https:\/\/bibliotekutvikling.no\/kompetansebank\/#website\"},\"primaryImageOfPage\":{\"@id\":\"https:\/\/bibliotekutvikling.no\/kompetansebank\/event\/utdeling-av-kultur-og-likestillingsdepartementets-priser-for-barne-og-ungdomslitteratur-2025\/#primaryimage\"},\"image\":{\"@id\":\"https:\/\/bibliotekutvikling.no\/kompetansebank\/event\/utdeling-av-kultur-og-likestillingsdepartementets-priser-for-barne-og-ungdomslitteratur-2025\/#primaryimage\"},\"thumbnailUrl\":\"https:\/\/bibliotekutvikling.no\/content\/uploads\/sites\/24\/2026\/02\/NBI-16.3-nb.no_.png\",\"datePublished\":\"2026-02-25T13:12:12+00:00\",\"breadcrumb\":{\"@id\":\"https:\/\/bibliotekutvikling.no\/kompetansebank\/event\/utdeling-av-kultur-og-likestillingsdepartementets-priser-for-barne-og-ungdomslitteratur-2025\/#breadcrumb\"},\"inLanguage\":\"nb-NO\",\"potentialAction\":[{\"@type\":\"ReadAction\",\"target\":[\"https:\/\/bibliotekutvikling.no\/kompetansebank\/event\/utdeling-av-kultur-og-likestillingsdepartementets-priser-for-barne-og-ungdomslitteratur-2025\/\"]}]},{\"@type\":\"ImageObject\",\"inLanguage\":\"nb-NO\",\"@id\":\"https:\/\/bibliotekutvikling.no\/kompetansebank\/event\/utdeling-av-kultur-og-likestillingsdepartementets-priser-for-barne-og-ungdomslitteratur-2025\/#primaryimage\",\"url\":\"https:\/\/bibliotekutvikling.no\/content\/uploads\/sites\/24\/2026\/02\/NBI-16.3-nb.no_.png\",\"contentUrl\":\"https:\/\/bibliotekutvikling.no\/content\/uploads\/sites\/24\/2026\/02\/NBI-16.3-nb.no_.png\",\"width\":1920,\"height\":1005,\"caption\":\"ILLUSTRASJON: BENDIK KALTENBORN, VINNER AV BILDEBOKPRISEN FOR 2024\"},{\"@type\":\"BreadcrumbList\",\"@id\":\"https:\/\/bibliotekutvikling.no\/kompetansebank\/event\/utdeling-av-kultur-og-likestillingsdepartementets-priser-for-barne-og-ungdomslitteratur-2025\/#breadcrumb\",\"itemListElement\":[{\"@type\":\"ListItem\",\"position\":1,\"name\":\"Hjem\",\"item\":\"https:\/\/bibliotekutvikling.no\/kompetansebank\/\"},{\"@type\":\"ListItem\",\"position\":2,\"name\":\"Utdeling av Kultur- og likestillings\u00addepartementets priser for barne- og ungdoms\u00adlitteratur 2025\"}]},{\"@type\":\"WebSite\",\"@id\":\"https:\/\/bibliotekutvikling.no\/kompetansebank\/#website\",\"url\":\"https:\/\/bibliotekutvikling.no\/kompetansebank\/\",\"name\":\"Kompetansebank\",\"description\":\"kurs og kunnskap for bibliotekansatte\",\"publisher\":{\"@id\":\"https:\/\/bibliotekutvikling.no\/kompetansebank\/#organization\"},\"potentialAction\":[{\"@type\":\"SearchAction\",\"target\":{\"@type\":\"EntryPoint\",\"urlTemplate\":\"https:\/\/bibliotekutvikling.no\/kompetansebank\/?s={search_term_string}\"},\"query-input\":{\"@type\":\"PropertyValueSpecification\",\"valueRequired\":true,\"valueName\":\"search_term_string\"}}],\"inLanguage\":\"nb-NO\"},{\"@type\":\"Organization\",\"@id\":\"https:\/\/bibliotekutvikling.no\/kompetansebank\/#organization\",\"name\":\"Bibliotekutvikling\",\"url\":\"https:\/\/bibliotekutvikling.no\/kompetansebank\/\",\"logo\":{\"@type\":\"ImageObject\",\"inLanguage\":\"nb-NO\",\"@id\":\"https:\/\/bibliotekutvikling.no\/kompetansebank\/#\/schema\/logo\/image\/\",\"url\":\"https:\/\/bibliotekutvikling.no\/content\/uploads\/sites\/24\/2023\/10\/Favikon-BU.png\",\"contentUrl\":\"https:\/\/bibliotekutvikling.no\/content\/uploads\/sites\/24\/2023\/10\/Favikon-BU.png\",\"width\":1055,\"height\":1054,\"caption\":\"Bibliotekutvikling\"},\"image\":{\"@id\":\"https:\/\/bibliotekutvikling.no\/kompetansebank\/#\/schema\/logo\/image\/\"},\"sameAs\":[\"https:\/\/www.facebook.com\/bibliotekutvikling\"]},{\"@type\":\"Event\",\"name\":\"Utdeling av Kultur- og likestillings\u00addepartementets priser for barne- og ungdoms\u00adlitteratur 2025\",\"description\":\"\",\"startDate\":\"2026-03-16T13:00:00+01:00\",\"endDate\":\"2026-03-16T15:00:00+01:00\",\"eventStatus\":\"EventScheduled\",\"eventAttendanceMode\":\"MixedEventAttendanceMode\",\"location\":[[],{\"@type\":\"Place\",\"name\":\"Nasjonalbiblioteket, Solli plass\",\"address\":{\"@type\":\"PostalAddress\",\"addressCountry\":\"NO\",\"addressRegion\":\"\",\"addressLocality\":\"Oslo\",\"postalCode\":\"0254\",\"streetAddress\":\"Henrik Ibsens gate 110\"}}],\"image\":[\"https:\/\/bibliotekutvikling.no\/content\/uploads\/sites\/24\/2026\/02\/NBI-16.3-nb.no_-1024x536.png\"]}]}<\/script>\n<!-- \/ Yoast SEO Premium plugin. -->","yoast_head_json":{"title":"Utdeling av Kultur- og likestillings\u00addepartementets priser for barne- og ungdoms\u00adlitteratur 2025 - Kompetansebank","robots":{"index":"index","follow":"follow","max-snippet":"max-snippet:-1","max-image-preview":"max-image-preview:large","max-video-preview":"max-video-preview:-1"},"canonical":"https:\/\/bibliotekutvikling.no\/kompetansebank\/event\/utdeling-av-kultur-og-likestillingsdepartementets-priser-for-barne-og-ungdomslitteratur-2025\/","og_locale":"nb_NO","og_type":"article","og_title":"Utdeling av Kultur- og likestillings\u00addepartementets priser for barne- og ungdoms\u00adlitteratur 2025","og_url":"https:\/\/bibliotekutvikling.no\/kompetansebank\/event\/utdeling-av-kultur-og-likestillingsdepartementets-priser-for-barne-og-ungdomslitteratur-2025\/","og_site_name":"Kompetansebank","article_publisher":"https:\/\/www.facebook.com\/bibliotekutvikling","og_image":[{"width":1920,"height":1005,"url":"https:\/\/bibliotekutvikling.no\/content\/uploads\/sites\/24\/2026\/02\/NBI-16.3-nb.no_.png","type":"image\/png"}],"twitter_card":"summary_large_image","twitter_misc":{"Ansl. lesetid":"1 minutt"},"schema":{"@context":"https:\/\/schema.org","@graph":[{"@type":"WebPage","@id":"https:\/\/bibliotekutvikling.no\/kompetansebank\/event\/utdeling-av-kultur-og-likestillingsdepartementets-priser-for-barne-og-ungdomslitteratur-2025\/","url":"https:\/\/bibliotekutvikling.no\/kompetansebank\/event\/utdeling-av-kultur-og-likestillingsdepartementets-priser-for-barne-og-ungdomslitteratur-2025\/","name":"Utdeling av Kultur- og likestillings\u00addepartementets priser for barne- og ungdoms\u00adlitteratur 2025 - Kompetansebank","isPartOf":{"@id":"https:\/\/bibliotekutvikling.no\/kompetansebank\/#website"},"primaryImageOfPage":{"@id":"https:\/\/bibliotekutvikling.no\/kompetansebank\/event\/utdeling-av-kultur-og-likestillingsdepartementets-priser-for-barne-og-ungdomslitteratur-2025\/#primaryimage"},"image":{"@id":"https:\/\/bibliotekutvikling.no\/kompetansebank\/event\/utdeling-av-kultur-og-likestillingsdepartementets-priser-for-barne-og-ungdomslitteratur-2025\/#primaryimage"},"thumbnailUrl":"https:\/\/bibliotekutvikling.no\/content\/uploads\/sites\/24\/2026\/02\/NBI-16.3-nb.no_.png","datePublished":"2026-02-25T13:12:12+00:00","breadcrumb":{"@id":"https:\/\/bibliotekutvikling.no\/kompetansebank\/event\/utdeling-av-kultur-og-likestillingsdepartementets-priser-for-barne-og-ungdomslitteratur-2025\/#breadcrumb"},"inLanguage":"nb-NO","potentialAction":[{"@type":"ReadAction","target":["https:\/\/bibliotekutvikling.no\/kompetansebank\/event\/utdeling-av-kultur-og-likestillingsdepartementets-priser-for-barne-og-ungdomslitteratur-2025\/"]}]},{"@type":"ImageObject","inLanguage":"nb-NO","@id":"https:\/\/bibliotekutvikling.no\/kompetansebank\/event\/utdeling-av-kultur-og-likestillingsdepartementets-priser-for-barne-og-ungdomslitteratur-2025\/#primaryimage","url":"https:\/\/bibliotekutvikling.no\/content\/uploads\/sites\/24\/2026\/02\/NBI-16.3-nb.no_.png","contentUrl":"https:\/\/bibliotekutvikling.no\/content\/uploads\/sites\/24\/2026\/02\/NBI-16.3-nb.no_.png","width":1920,"height":1005,"caption":"ILLUSTRASJON: BENDIK KALTENBORN, VINNER AV BILDEBOKPRISEN FOR 2024"},{"@type":"BreadcrumbList","@id":"https:\/\/bibliotekutvikling.no\/kompetansebank\/event\/utdeling-av-kultur-og-likestillingsdepartementets-priser-for-barne-og-ungdomslitteratur-2025\/#breadcrumb","itemListElement":[{"@type":"ListItem","position":1,"name":"Hjem","item":"https:\/\/bibliotekutvikling.no\/kompetansebank\/"},{"@type":"ListItem","position":2,"name":"Utdeling av Kultur- og likestillings\u00addepartementets priser for barne- og ungdoms\u00adlitteratur 2025"}]},{"@type":"WebSite","@id":"https:\/\/bibliotekutvikling.no\/kompetansebank\/#website","url":"https:\/\/bibliotekutvikling.no\/kompetansebank\/","name":"Kompetansebank","description":"kurs og kunnskap for bibliotekansatte","publisher":{"@id":"https:\/\/bibliotekutvikling.no\/kompetansebank\/#organization"},"potentialAction":[{"@type":"SearchAction","target":{"@type":"EntryPoint","urlTemplate":"https:\/\/bibliotekutvikling.no\/kompetansebank\/?s={search_term_string}"},"query-input":{"@type":"PropertyValueSpecification","valueRequired":true,"valueName":"search_term_string"}}],"inLanguage":"nb-NO"},{"@type":"Organization","@id":"https:\/\/bibliotekutvikling.no\/kompetansebank\/#organization","name":"Bibliotekutvikling","url":"https:\/\/bibliotekutvikling.no\/kompetansebank\/","logo":{"@type":"ImageObject","inLanguage":"nb-NO","@id":"https:\/\/bibliotekutvikling.no\/kompetansebank\/#\/schema\/logo\/image\/","url":"https:\/\/bibliotekutvikling.no\/content\/uploads\/sites\/24\/2023\/10\/Favikon-BU.png","contentUrl":"https:\/\/bibliotekutvikling.no\/content\/uploads\/sites\/24\/2023\/10\/Favikon-BU.png","width":1055,"height":1054,"caption":"Bibliotekutvikling"},"image":{"@id":"https:\/\/bibliotekutvikling.no\/kompetansebank\/#\/schema\/logo\/image\/"},"sameAs":["https:\/\/www.facebook.com\/bibliotekutvikling"]},{"@type":"Event","name":"Utdeling av Kultur- og likestillings\u00addepartementets priser for barne- og ungdoms\u00adlitteratur 2025","description":"","startDate":"2026-03-16T13:00:00+01:00","endDate":"2026-03-16T15:00:00+01:00","eventStatus":"EventScheduled","eventAttendanceMode":"MixedEventAttendanceMode","location":[[],{"@type":"Place","name":"Nasjonalbiblioteket, Solli plass","address":{"@type":"PostalAddress","addressCountry":"NO","addressRegion":"","addressLocality":"Oslo","postalCode":"0254","streetAddress":"Henrik Ibsens gate 110"}}],"image":["https:\/\/bibliotekutvikling.no\/content\/uploads\/sites\/24\/2026\/02\/NBI-16.3-nb.no_-1024x536.png"]}]}},"_links":{"self":[{"href":"https:\/\/bibliotekutvikling.no\/kompetansebank\/wp-json\/wp\/v2\/event\/43922","targetHints":{"allow":["GET"]}}],"collection":[{"href":"https:\/\/bibliotekutvikling.no\/kompetansebank\/wp-json\/wp\/v2\/event"}],"about":[{"href":"https:\/\/bibliotekutvikling.no\/kompetansebank\/wp-json\/wp\/v2\/types\/event"}],"author":[{"embeddable":true,"href":"https:\/\/bibliotekutvikling.no\/kompetansebank\/wp-json\/wp\/v2\/users\/6868"}],"wp:featuredmedia":[{"embeddable":true,"href":"https:\/\/bibliotekutvikling.no\/kompetansebank\/wp-json\/wp\/v2\/media\/43925"}],"wp:attachment":[{"href":"https:\/\/bibliotekutvikling.no\/kompetansebank\/wp-json\/wp\/v2\/media?parent=43922"}],"wp:term":[{"taxonomy":"event-group","embeddable":true,"href":"https:\/\/bibliotekutvikling.no\/kompetansebank\/wp-json\/wp\/v2\/event-group?post=43922"},{"taxonomy":"event-type","embeddable":true,"href":"https:\/\/bibliotekutvikling.no\/kompetansebank\/wp-json\/wp\/v2\/event-type?post=43922"},{"taxonomy":"tag","embeddable":true,"href":"https:\/\/bibliotekutvikling.no\/kompetansebank\/wp-json\/wp\/v2\/tag?post=43922"}],"curies":[{"name":"wp","href":"https:\/\/api.w.org\/{rel}","templated":true}]}}