{"id":43900,"date":"2026-02-24T20:34:23","date_gmt":"2026-02-24T19:34:23","guid":{"rendered":"https:\/\/bibliotekutvikling.no\/kompetansebank\/?post_type=event&#038;p=43900"},"modified":"2026-02-25T13:51:03","modified_gmt":"2026-02-25T12:51:03","slug":"kildekritikkens-dag-norske-fordommer-frykt-og-akademiske-skjevheter","status":"publish","type":"event","link":"https:\/\/bibliotekutvikling.no\/kompetansebank\/event\/kildekritikkens-dag-norske-fordommer-frykt-og-akademiske-skjevheter\/","title":{"rendered":"Kildekritikkens dag: Norske fordommer, frykt og akademiske skjevheter"},"content":{"rendered":"\n\t\t<div class=\"t2-factbox wp-block-t2-factbox\" id=\"t2-factbox\">\n\t\t\t<div class=\"t2-factbox__content\">\n\t\t\t\t<div class=\"t2-factbox__blocks t2-factbox__inner-container is-layout-flow\">\n\t\t\t\t\t\n\n<p>Arrang\u00f8r: Kildekritikkens dag ved UiB arrangeres av anvarlige for kurset\u00a0<a href=\"https:\/\/www4.uib.no\/studier\/emner\/digi101\">DIGI101<\/a>\u00a0\u2013 Digital kildekritikk<\/p>\n\n\n\t\t\t\t<\/div>\n\t\t\t\t\n\t\t\t<\/div>\n\t\t\t\n\t\t<\/div>\n\n\n<p>Mange opplever \u00f8kende uro knyttet til politisk polarisering, radikalisering og utviklingen i ytre h\u00f8yre. Men hvor godt er denne frykten forankret i kunnskap? Hvor g\u00e5r grensen mellom n\u00f8dvendig \u00e5rv\u00e5kenhet og un\u00f8dig alarmisme?<\/p>\n\n\n\n<p>Kildekritikk handler ikke bare om \u00e5 vurdere andres p\u00e5stander, men ogs\u00e5 om \u00e5 unders\u00f8ke egne antakelser og hvordan kunnskap blir til. Vi snakker ofte om hvor d\u00e5rlig informerte og lite kildekritiske \u00abandre\u00bb er. Men hvilke blinde flekker har vi selv \u2013 i offentlig samtale, media og utdanning? Hans Rosling viste hvordan vi ofte misforst\u00e5r globale trender og tror verden er verre stilt enn den er. Dette bekreftes ogs\u00e5 i norske unders\u00f8kelser: vi overvurderer problemer og undervurderer framgang. Slike skjevheter minner oss om at ogs\u00e5 v\u00e5r forst\u00e5else av demokratiske utfordringer formes av antakelser vi ikke alltid ser selv.<\/p>\n\n\n\n<p>En mulig forklaring er medienes sterke fokus p\u00e5 kriser og konflikter, noe som ogs\u00e5 forsterkes av forskernes fokus p\u00e5 avvik fra og trusler mot det normale. Samtidig er skole og h\u00f8yere utdanning med p\u00e5 \u00e5 forme hvilke temaer som l\u00f8ftes fram og hvordan de diskuteres. Dette reiser sp\u00f8rsm\u00e5l om hvordan frykt, prioriteringer og etablerte fortellinger p\u00e5virker offentlig samtale, politisk representasjon og folks tillit til demokratiet.<\/p>\n\n\n\n<p>P\u00e5 Kildekritikkens dag 2026 utforsker vi disse sp\u00f8rsm\u00e5lene fra flere perspektiver. M\u00e5let er ikke \u00e5 bagatellisere reelle utfordringer, men \u00e5 diskutere hvordan frykt, fordommer og blinde flekker oppst\u00e5r og m\u00f8tes.<\/p>\n\n\n\n<h2 class=\"wp-block-heading\" id=\"h-program\">Program<\/h2>\n\n\n\n<p>12.30-12.40: \u00e5pning ved Maria-Carme Torras-Calvo, bibliotekdirekt\u00f8r.<\/p>\n\n\n\n<p>12.40-13.25: Hovedinnlegg<\/p>\n\n\n\n<p>\u00abMassenes frykt og frykten for massene: polarisering og ytringsfrihetsdebatten\u00bb ved Eirik H. Leivestad, forfatter med bakgrunn fra filosofi og idehistorie. Forfatter av boken Frykt og avsky i demokratiet (2021) og Krystallpalasset (2024).<\/p>\n\n\n\n<p>13.40-14.30: Tre korte innlegg<\/p>\n\n\n\n<ul class=\"wp-block-list\">\n<li>\u00abDemokratiparadokset: H\u00f8yrepopulismen og det liberale demokratiet\u00bb ved Jonas Linde, professor i sammenlignende politikk ved UiB.<\/li>\n\n\n\n<li>\u00abYtringsfrihet og sensurfors\u00f8k i norske bibliotek\u00bb ved John Wilhelm Flattun, leder for Utvalg for ytringsfrihet og demokrati i Norsk bibliotekforening.<\/li>\n\n\n\n<li>\u00abFra krigen mot terror til det norske klasserommet\u00bb ved Martin M. Sj\u00f8en, f\u00f8rsteamenuensis i pedagogikk ved UiB.<\/li>\n\n\n\n<li>14.45-15.30: Panelsamtale<\/li>\n<\/ul>\n\n\n\n\t\t<div class=\"t2-factbox wp-block-t2-factbox\" id=\"t2-factbox-1\">\n\t\t\t<div class=\"t2-factbox__content\">\n\t\t\t\t<div class=\"t2-factbox__blocks t2-factbox__inner-container is-layout-flow\">\n\t\t\t\t\t\n\n<p><a href=\"https:\/\/www.uib.no\/ub\/181317\/kildekritikkens-dag-norske-fordommer-frykt-og-akademiske-skjevheter\">Arrangementets nettside<\/a><\/p>\n\n\n\t\t\t\t<\/div>\n\t\t\t\t\n\t\t\t<\/div>\n\t\t\t\n\t\t<\/div>","protected":false},"author":6868,"featured_media":43903,"menu_order":0,"template":"","meta":{"nb_hide_title":false,"event_tba_datetime":false,"event_all_day":false,"event_tba_start_time":false,"event_start_datetime":"2026-03-13T12:30:00","event_end_datetime":"2026-03-13T15:30:00","event_venue_id":"39237","event_ticket_vendor_url":"https:\/\/skjemaker.app.uib.no\/view.php?id=20748533","event_ticket_price_text":"","event_ticket_button_text":"P\u00e5melding","event_ticket_details_text":"","event_attendance_mode":"","event_short_description":"Mange opplever \u00f8kende uro knyttet til politisk polarisering, radikalisering og utviklingen i ytre h\u00f8yre. Men hvor godt er denne frykten forankret i kunnskap? Hvor g\u00e5r grensen mellom n\u00f8dvendig \u00e5rv\u00e5kenhet og un\u00f8dig alarmisme?","event_virtual_venue_name":"","event_virtual_venue_url":"","event_hide_from_archive":false,"event_infoscreen_place_name":"","event_hide_from_infoscreen":false,"single_header_image_is_disabled":false,"single_header_image_attachment_id":0,"single_header_image_attachment_url":""},"event-group":[],"event-type":[],"tag":[],"class_list":["post-43900","event","type-event","status-publish","has-post-thumbnail","hentry"],"yoast_head":"<!-- This site is optimized with the Yoast SEO Premium plugin v27.1 (Yoast SEO v27.1.1) - https:\/\/yoast.com\/product\/yoast-seo-premium-wordpress\/ -->\n<title>Kildekritikkens dag: Norske fordommer, frykt og akademiske skjevheter - Kompetansebank<\/title>\n<meta name=\"robots\" content=\"index, follow, max-snippet:-1, max-image-preview:large, max-video-preview:-1\" \/>\n<link rel=\"canonical\" href=\"https:\/\/bibliotekutvikling.no\/kompetansebank\/event\/kildekritikkens-dag-norske-fordommer-frykt-og-akademiske-skjevheter\/\" \/>\n<meta property=\"og:locale\" content=\"nb_NO\" \/>\n<meta property=\"og:type\" content=\"article\" \/>\n<meta property=\"og:title\" content=\"Kildekritikkens dag: Norske fordommer, frykt og akademiske skjevheter\" \/>\n<meta property=\"og:url\" content=\"https:\/\/bibliotekutvikling.no\/kompetansebank\/event\/kildekritikkens-dag-norske-fordommer-frykt-og-akademiske-skjevheter\/\" \/>\n<meta property=\"og:site_name\" content=\"Kompetansebank\" \/>\n<meta property=\"article:publisher\" content=\"https:\/\/www.facebook.com\/bibliotekutvikling\" \/>\n<meta property=\"article:modified_time\" content=\"2026-02-25T12:51:03+00:00\" \/>\n<meta property=\"og:image\" content=\"https:\/\/bibliotekutvikling.no\/content\/uploads\/sites\/24\/2026\/02\/bilde6a.png\" \/>\n\t<meta property=\"og:image:width\" content=\"1260\" \/>\n\t<meta property=\"og:image:height\" content=\"411\" \/>\n\t<meta property=\"og:image:type\" content=\"image\/png\" \/>\n<meta name=\"twitter:card\" content=\"summary_large_image\" \/>\n<meta name=\"twitter:label1\" content=\"Ansl. lesetid\" \/>\n\t<meta name=\"twitter:data1\" content=\"3 minutter\" \/>\n<script type=\"application\/ld+json\" class=\"yoast-schema-graph\">{\"@context\":\"https:\/\/schema.org\",\"@graph\":[{\"@type\":\"WebPage\",\"@id\":\"https:\/\/bibliotekutvikling.no\/kompetansebank\/event\/kildekritikkens-dag-norske-fordommer-frykt-og-akademiske-skjevheter\/\",\"url\":\"https:\/\/bibliotekutvikling.no\/kompetansebank\/event\/kildekritikkens-dag-norske-fordommer-frykt-og-akademiske-skjevheter\/\",\"name\":\"Kildekritikkens dag: Norske fordommer, frykt og akademiske skjevheter - Kompetansebank\",\"isPartOf\":{\"@id\":\"https:\/\/bibliotekutvikling.no\/kompetansebank\/#website\"},\"primaryImageOfPage\":{\"@id\":\"https:\/\/bibliotekutvikling.no\/kompetansebank\/event\/kildekritikkens-dag-norske-fordommer-frykt-og-akademiske-skjevheter\/#primaryimage\"},\"image\":{\"@id\":\"https:\/\/bibliotekutvikling.no\/kompetansebank\/event\/kildekritikkens-dag-norske-fordommer-frykt-og-akademiske-skjevheter\/#primaryimage\"},\"thumbnailUrl\":\"https:\/\/bibliotekutvikling.no\/content\/uploads\/sites\/24\/2026\/02\/bilde6a.png\",\"datePublished\":\"2026-02-24T19:34:23+00:00\",\"dateModified\":\"2026-02-25T12:51:03+00:00\",\"breadcrumb\":{\"@id\":\"https:\/\/bibliotekutvikling.no\/kompetansebank\/event\/kildekritikkens-dag-norske-fordommer-frykt-og-akademiske-skjevheter\/#breadcrumb\"},\"inLanguage\":\"nb-NO\",\"potentialAction\":[{\"@type\":\"ReadAction\",\"target\":[\"https:\/\/bibliotekutvikling.no\/kompetansebank\/event\/kildekritikkens-dag-norske-fordommer-frykt-og-akademiske-skjevheter\/\"]}]},{\"@type\":\"ImageObject\",\"inLanguage\":\"nb-NO\",\"@id\":\"https:\/\/bibliotekutvikling.no\/kompetansebank\/event\/kildekritikkens-dag-norske-fordommer-frykt-og-akademiske-skjevheter\/#primaryimage\",\"url\":\"https:\/\/bibliotekutvikling.no\/content\/uploads\/sites\/24\/2026\/02\/bilde6a.png\",\"contentUrl\":\"https:\/\/bibliotekutvikling.no\/content\/uploads\/sites\/24\/2026\/02\/bilde6a.png\",\"width\":1260,\"height\":411},{\"@type\":\"BreadcrumbList\",\"@id\":\"https:\/\/bibliotekutvikling.no\/kompetansebank\/event\/kildekritikkens-dag-norske-fordommer-frykt-og-akademiske-skjevheter\/#breadcrumb\",\"itemListElement\":[{\"@type\":\"ListItem\",\"position\":1,\"name\":\"Hjem\",\"item\":\"https:\/\/bibliotekutvikling.no\/kompetansebank\/\"},{\"@type\":\"ListItem\",\"position\":2,\"name\":\"Kildekritikkens dag: Norske fordommer, frykt og akademiske skjevheter\"}]},{\"@type\":\"WebSite\",\"@id\":\"https:\/\/bibliotekutvikling.no\/kompetansebank\/#website\",\"url\":\"https:\/\/bibliotekutvikling.no\/kompetansebank\/\",\"name\":\"Kompetansebank\",\"description\":\"kurs og kunnskap for bibliotekansatte\",\"publisher\":{\"@id\":\"https:\/\/bibliotekutvikling.no\/kompetansebank\/#organization\"},\"potentialAction\":[{\"@type\":\"SearchAction\",\"target\":{\"@type\":\"EntryPoint\",\"urlTemplate\":\"https:\/\/bibliotekutvikling.no\/kompetansebank\/?s={search_term_string}\"},\"query-input\":{\"@type\":\"PropertyValueSpecification\",\"valueRequired\":true,\"valueName\":\"search_term_string\"}}],\"inLanguage\":\"nb-NO\"},{\"@type\":\"Organization\",\"@id\":\"https:\/\/bibliotekutvikling.no\/kompetansebank\/#organization\",\"name\":\"Bibliotekutvikling\",\"url\":\"https:\/\/bibliotekutvikling.no\/kompetansebank\/\",\"logo\":{\"@type\":\"ImageObject\",\"inLanguage\":\"nb-NO\",\"@id\":\"https:\/\/bibliotekutvikling.no\/kompetansebank\/#\/schema\/logo\/image\/\",\"url\":\"https:\/\/bibliotekutvikling.no\/content\/uploads\/sites\/24\/2023\/10\/Favikon-BU.png\",\"contentUrl\":\"https:\/\/bibliotekutvikling.no\/content\/uploads\/sites\/24\/2023\/10\/Favikon-BU.png\",\"width\":1055,\"height\":1054,\"caption\":\"Bibliotekutvikling\"},\"image\":{\"@id\":\"https:\/\/bibliotekutvikling.no\/kompetansebank\/#\/schema\/logo\/image\/\"},\"sameAs\":[\"https:\/\/www.facebook.com\/bibliotekutvikling\"]},{\"@type\":\"Event\",\"name\":\"Kildekritikkens dag: Norske fordommer, frykt og akademiske skjevheter\",\"description\":\"Mange opplever \u00f8kende uro knyttet til politisk polarisering, radikalisering og utviklingen i ytre h\u00f8yre. Men hvor godt er denne frykten forankret i kunnskap? Hvor g\u00e5r grensen mellom n\u00f8dvendig \u00e5rv\u00e5kenhet og un\u00f8dig alarmisme?\",\"startDate\":\"2026-03-13T12:30:00+01:00\",\"endDate\":\"2026-03-13T15:30:00+01:00\",\"eventStatus\":\"EventScheduled\",\"eventAttendanceMode\":\"OfflineEventAttendanceMode\",\"location\":[{\"@type\":\"Place\",\"name\":\"Bergen\",\"address\":{\"@type\":\"PostalAddress\",\"addressCountry\":\"\",\"addressRegion\":\"\",\"addressLocality\":\"\",\"postalCode\":\"\",\"streetAddress\":\"\"}}],\"image\":[\"https:\/\/bibliotekutvikling.no\/content\/uploads\/sites\/24\/2026\/02\/bilde6a-1024x334.png\"]}]}<\/script>\n<!-- \/ Yoast SEO Premium plugin. -->","yoast_head_json":{"title":"Kildekritikkens dag: Norske fordommer, frykt og akademiske skjevheter - Kompetansebank","robots":{"index":"index","follow":"follow","max-snippet":"max-snippet:-1","max-image-preview":"max-image-preview:large","max-video-preview":"max-video-preview:-1"},"canonical":"https:\/\/bibliotekutvikling.no\/kompetansebank\/event\/kildekritikkens-dag-norske-fordommer-frykt-og-akademiske-skjevheter\/","og_locale":"nb_NO","og_type":"article","og_title":"Kildekritikkens dag: Norske fordommer, frykt og akademiske skjevheter","og_url":"https:\/\/bibliotekutvikling.no\/kompetansebank\/event\/kildekritikkens-dag-norske-fordommer-frykt-og-akademiske-skjevheter\/","og_site_name":"Kompetansebank","article_publisher":"https:\/\/www.facebook.com\/bibliotekutvikling","article_modified_time":"2026-02-25T12:51:03+00:00","og_image":[{"width":1260,"height":411,"url":"https:\/\/bibliotekutvikling.no\/content\/uploads\/sites\/24\/2026\/02\/bilde6a.png","type":"image\/png"}],"twitter_card":"summary_large_image","twitter_misc":{"Ansl. lesetid":"3 minutter"},"schema":{"@context":"https:\/\/schema.org","@graph":[{"@type":"WebPage","@id":"https:\/\/bibliotekutvikling.no\/kompetansebank\/event\/kildekritikkens-dag-norske-fordommer-frykt-og-akademiske-skjevheter\/","url":"https:\/\/bibliotekutvikling.no\/kompetansebank\/event\/kildekritikkens-dag-norske-fordommer-frykt-og-akademiske-skjevheter\/","name":"Kildekritikkens dag: Norske fordommer, frykt og akademiske skjevheter - Kompetansebank","isPartOf":{"@id":"https:\/\/bibliotekutvikling.no\/kompetansebank\/#website"},"primaryImageOfPage":{"@id":"https:\/\/bibliotekutvikling.no\/kompetansebank\/event\/kildekritikkens-dag-norske-fordommer-frykt-og-akademiske-skjevheter\/#primaryimage"},"image":{"@id":"https:\/\/bibliotekutvikling.no\/kompetansebank\/event\/kildekritikkens-dag-norske-fordommer-frykt-og-akademiske-skjevheter\/#primaryimage"},"thumbnailUrl":"https:\/\/bibliotekutvikling.no\/content\/uploads\/sites\/24\/2026\/02\/bilde6a.png","datePublished":"2026-02-24T19:34:23+00:00","dateModified":"2026-02-25T12:51:03+00:00","breadcrumb":{"@id":"https:\/\/bibliotekutvikling.no\/kompetansebank\/event\/kildekritikkens-dag-norske-fordommer-frykt-og-akademiske-skjevheter\/#breadcrumb"},"inLanguage":"nb-NO","potentialAction":[{"@type":"ReadAction","target":["https:\/\/bibliotekutvikling.no\/kompetansebank\/event\/kildekritikkens-dag-norske-fordommer-frykt-og-akademiske-skjevheter\/"]}]},{"@type":"ImageObject","inLanguage":"nb-NO","@id":"https:\/\/bibliotekutvikling.no\/kompetansebank\/event\/kildekritikkens-dag-norske-fordommer-frykt-og-akademiske-skjevheter\/#primaryimage","url":"https:\/\/bibliotekutvikling.no\/content\/uploads\/sites\/24\/2026\/02\/bilde6a.png","contentUrl":"https:\/\/bibliotekutvikling.no\/content\/uploads\/sites\/24\/2026\/02\/bilde6a.png","width":1260,"height":411},{"@type":"BreadcrumbList","@id":"https:\/\/bibliotekutvikling.no\/kompetansebank\/event\/kildekritikkens-dag-norske-fordommer-frykt-og-akademiske-skjevheter\/#breadcrumb","itemListElement":[{"@type":"ListItem","position":1,"name":"Hjem","item":"https:\/\/bibliotekutvikling.no\/kompetansebank\/"},{"@type":"ListItem","position":2,"name":"Kildekritikkens dag: Norske fordommer, frykt og akademiske skjevheter"}]},{"@type":"WebSite","@id":"https:\/\/bibliotekutvikling.no\/kompetansebank\/#website","url":"https:\/\/bibliotekutvikling.no\/kompetansebank\/","name":"Kompetansebank","description":"kurs og kunnskap for bibliotekansatte","publisher":{"@id":"https:\/\/bibliotekutvikling.no\/kompetansebank\/#organization"},"potentialAction":[{"@type":"SearchAction","target":{"@type":"EntryPoint","urlTemplate":"https:\/\/bibliotekutvikling.no\/kompetansebank\/?s={search_term_string}"},"query-input":{"@type":"PropertyValueSpecification","valueRequired":true,"valueName":"search_term_string"}}],"inLanguage":"nb-NO"},{"@type":"Organization","@id":"https:\/\/bibliotekutvikling.no\/kompetansebank\/#organization","name":"Bibliotekutvikling","url":"https:\/\/bibliotekutvikling.no\/kompetansebank\/","logo":{"@type":"ImageObject","inLanguage":"nb-NO","@id":"https:\/\/bibliotekutvikling.no\/kompetansebank\/#\/schema\/logo\/image\/","url":"https:\/\/bibliotekutvikling.no\/content\/uploads\/sites\/24\/2023\/10\/Favikon-BU.png","contentUrl":"https:\/\/bibliotekutvikling.no\/content\/uploads\/sites\/24\/2023\/10\/Favikon-BU.png","width":1055,"height":1054,"caption":"Bibliotekutvikling"},"image":{"@id":"https:\/\/bibliotekutvikling.no\/kompetansebank\/#\/schema\/logo\/image\/"},"sameAs":["https:\/\/www.facebook.com\/bibliotekutvikling"]},{"@type":"Event","name":"Kildekritikkens dag: Norske fordommer, frykt og akademiske skjevheter","description":"Mange opplever \u00f8kende uro knyttet til politisk polarisering, radikalisering og utviklingen i ytre h\u00f8yre. Men hvor godt er denne frykten forankret i kunnskap? Hvor g\u00e5r grensen mellom n\u00f8dvendig \u00e5rv\u00e5kenhet og un\u00f8dig alarmisme?","startDate":"2026-03-13T12:30:00+01:00","endDate":"2026-03-13T15:30:00+01:00","eventStatus":"EventScheduled","eventAttendanceMode":"OfflineEventAttendanceMode","location":[{"@type":"Place","name":"Bergen","address":{"@type":"PostalAddress","addressCountry":"","addressRegion":"","addressLocality":"","postalCode":"","streetAddress":""}}],"image":["https:\/\/bibliotekutvikling.no\/content\/uploads\/sites\/24\/2026\/02\/bilde6a-1024x334.png"]}]}},"_links":{"self":[{"href":"https:\/\/bibliotekutvikling.no\/kompetansebank\/wp-json\/wp\/v2\/event\/43900","targetHints":{"allow":["GET"]}}],"collection":[{"href":"https:\/\/bibliotekutvikling.no\/kompetansebank\/wp-json\/wp\/v2\/event"}],"about":[{"href":"https:\/\/bibliotekutvikling.no\/kompetansebank\/wp-json\/wp\/v2\/types\/event"}],"author":[{"embeddable":true,"href":"https:\/\/bibliotekutvikling.no\/kompetansebank\/wp-json\/wp\/v2\/users\/6868"}],"wp:featuredmedia":[{"embeddable":true,"href":"https:\/\/bibliotekutvikling.no\/kompetansebank\/wp-json\/wp\/v2\/media\/43903"}],"wp:attachment":[{"href":"https:\/\/bibliotekutvikling.no\/kompetansebank\/wp-json\/wp\/v2\/media?parent=43900"}],"wp:term":[{"taxonomy":"event-group","embeddable":true,"href":"https:\/\/bibliotekutvikling.no\/kompetansebank\/wp-json\/wp\/v2\/event-group?post=43900"},{"taxonomy":"event-type","embeddable":true,"href":"https:\/\/bibliotekutvikling.no\/kompetansebank\/wp-json\/wp\/v2\/event-type?post=43900"},{"taxonomy":"tag","embeddable":true,"href":"https:\/\/bibliotekutvikling.no\/kompetansebank\/wp-json\/wp\/v2\/tag?post=43900"}],"curies":[{"name":"wp","href":"https:\/\/api.w.org\/{rel}","templated":true}]}}