{"id":43302,"date":"2026-01-12T14:47:16","date_gmt":"2026-01-12T13:47:16","guid":{"rendered":"https:\/\/bibliotekutvikling.no\/kompetansebank\/?post_type=event&#038;p=43302"},"modified":"2026-01-13T09:40:12","modified_gmt":"2026-01-13T08:40:12","slug":"fagdag-en-problemfri-dag-for-ungdomslitteraturen","status":"publish","type":"event","link":"https:\/\/bibliotekutvikling.no\/kompetansebank\/event\/fagdag-en-problemfri-dag-for-ungdomslitteraturen\/","title":{"rendered":"Fagdag: En problemfri dag for ungdomslitteraturen"},"content":{"rendered":"\n\t\t<div class=\"t2-factbox wp-block-t2-factbox\" id=\"t2-factbox\">\n\t\t\t<div class=\"t2-factbox__content\">\n\t\t\t\t<div class=\"t2-factbox__blocks t2-factbox__inner-container is-layout-flow\">\n\t\t\t\t\t\n\n<p>Arrang\u00f8r: Ubok, Deichman Ung og Lillestr\u00f8mbibliotekene<\/p>\n\n\n\t\t\t\t<\/div>\n\t\t\t\t\n\t\t\t<\/div>\n\t\t\t\n\t\t<\/div>\n\n\n<p>Velkommen til en problemfri fagdag om ungdom og litteratur!<br><br>Denne dagen skal vi fokusere p\u00e5 suksesshistoriene. Her vil du f\u00e5 konkrete tips og triks slik at du kan lykkes enda bedre med dine formidlings\u00f8yeblikk. <\/p>\n\n\n\n<p>Du vil f\u00e5 h\u00f8re fra ungdommen selv, f\u00e5 tips til litteratur som treffer og hvordan formidle denne p\u00e5 en interessant og levende m\u00e5te. M\u00e5let er at du skal kunne g\u00e5 fra denne fagdagen med masse inspirasjon og p\u00e5gangsmot.<br><\/p>\n\n\n\n<p>Arrangert i samarbeid mellom Ubok, Deichman Ung og Lillestr\u00f8mbibliotekene<br>Med st\u00f8tte fra Fritt Ord.<\/p>\n\n\n\n<figure class=\"wp-block-image size-full\"><img loading=\"lazy\" decoding=\"async\" width=\"679\" height=\"960\" src=\"https:\/\/bibliotekutvikling.no\/content\/uploads\/sites\/24\/2026\/01\/Problemfri-dag-for-ungdomslitteraturen1.jpg\" alt=\"\" class=\"wp-image-43305\" srcset=\"https:\/\/bibliotekutvikling.no\/content\/uploads\/sites\/24\/2026\/01\/Problemfri-dag-for-ungdomslitteraturen1.jpg 679w, https:\/\/bibliotekutvikling.no\/content\/uploads\/sites\/24\/2026\/01\/Problemfri-dag-for-ungdomslitteraturen1-212x300.jpg 212w\" sizes=\"auto, (max-width: 679px) 100vw, 679px\" \/><\/figure>\n\n\n\n\t\t<div class=\"t2-factbox wp-block-t2-factbox\" id=\"t2-factbox-1\">\n\t\t\t<div class=\"t2-factbox__content\">\n\t\t\t\t<div class=\"t2-factbox__blocks t2-factbox__inner-container is-layout-flow\">\n\t\t\t\t\t\n\n<p>Arrangementets nettside:<a href=\" https:\/\/ubok.no\/fagdag\/\"> https:\/\/ubok.no\/fagdag\/<\/a><\/p>\n\n\n\t\t\t\t<\/div>\n\t\t\t\t\n\t\t\t<\/div>\n\t\t\t\n\t\t<\/div>","protected":false},"author":6868,"featured_media":43311,"menu_order":0,"template":"","meta":{"nb_hide_title":false,"event_tba_datetime":false,"event_all_day":false,"event_tba_start_time":false,"event_start_datetime":"2026-01-23T08:30:00","event_end_datetime":"2026-01-23T16:00:00","event_venue_id":"42124","event_ticket_vendor_url":"https:\/\/docs.google.com\/forms\/d\/e\/1FAIpQLSfikpebHw-yUW5pzjRwJCcOcqtKbV_yLrOB6lRh7t-USlfxqg\/viewform","event_ticket_price_text":"","event_ticket_button_text":"P\u00e5melding ","event_ticket_details_text":"","event_attendance_mode":"online_and_offline","event_short_description":"Fagdag \u2013 En problemfri dag for ungdomslitteraturen","event_virtual_venue_name":"P\u00e5melding til str\u00f8mming","event_virtual_venue_url":"https:\/\/docs.google.com\/forms\/d\/e\/1FAIpQLSfLFtP9s0b4519nt44hDU3nrPteRMp64BU2eRWllNd0Gy0nig\/viewform","event_hide_from_archive":false,"event_infoscreen_place_name":"","event_hide_from_infoscreen":false,"single_header_image_is_disabled":false,"single_header_image_attachment_id":0,"single_header_image_attachment_url":""},"event-group":[],"event-type":[],"tag":[],"class_list":["post-43302","event","type-event","status-publish","has-post-thumbnail","hentry"],"yoast_head":"<!-- This site is optimized with the Yoast SEO Premium plugin v27.1 (Yoast SEO v27.1.1) - https:\/\/yoast.com\/product\/yoast-seo-premium-wordpress\/ -->\n<title>Fagdag: En problemfri dag for ungdomslitteraturen - Kompetansebank<\/title>\n<meta name=\"robots\" content=\"index, follow, max-snippet:-1, max-image-preview:large, max-video-preview:-1\" \/>\n<link rel=\"canonical\" href=\"https:\/\/bibliotekutvikling.no\/kompetansebank\/event\/fagdag-en-problemfri-dag-for-ungdomslitteraturen\/\" \/>\n<meta property=\"og:locale\" content=\"nb_NO\" \/>\n<meta property=\"og:type\" content=\"article\" \/>\n<meta property=\"og:title\" content=\"Fagdag: En problemfri dag for ungdomslitteraturen\" \/>\n<meta property=\"og:url\" content=\"https:\/\/bibliotekutvikling.no\/kompetansebank\/event\/fagdag-en-problemfri-dag-for-ungdomslitteraturen\/\" \/>\n<meta property=\"og:site_name\" content=\"Kompetansebank\" \/>\n<meta property=\"article:publisher\" content=\"https:\/\/www.facebook.com\/bibliotekutvikling\" \/>\n<meta property=\"article:modified_time\" content=\"2026-01-13T08:40:12+00:00\" \/>\n<meta property=\"og:image\" content=\"https:\/\/bibliotekutvikling.no\/content\/uploads\/sites\/24\/2026\/01\/ungdom-fagdag.jpg\" \/>\n\t<meta property=\"og:image:width\" content=\"675\" \/>\n\t<meta property=\"og:image:height\" content=\"683\" \/>\n\t<meta property=\"og:image:type\" content=\"image\/jpeg\" \/>\n<meta name=\"twitter:card\" content=\"summary_large_image\" \/>\n<meta name=\"twitter:label1\" content=\"Ansl. lesetid\" \/>\n\t<meta name=\"twitter:data1\" content=\"1 minutt\" \/>\n<script type=\"application\/ld+json\" class=\"yoast-schema-graph\">{\"@context\":\"https:\/\/schema.org\",\"@graph\":[{\"@type\":\"WebPage\",\"@id\":\"https:\/\/bibliotekutvikling.no\/kompetansebank\/event\/fagdag-en-problemfri-dag-for-ungdomslitteraturen\/\",\"url\":\"https:\/\/bibliotekutvikling.no\/kompetansebank\/event\/fagdag-en-problemfri-dag-for-ungdomslitteraturen\/\",\"name\":\"Fagdag: En problemfri dag for ungdomslitteraturen - Kompetansebank\",\"isPartOf\":{\"@id\":\"https:\/\/bibliotekutvikling.no\/kompetansebank\/#website\"},\"primaryImageOfPage\":{\"@id\":\"https:\/\/bibliotekutvikling.no\/kompetansebank\/event\/fagdag-en-problemfri-dag-for-ungdomslitteraturen\/#primaryimage\"},\"image\":{\"@id\":\"https:\/\/bibliotekutvikling.no\/kompetansebank\/event\/fagdag-en-problemfri-dag-for-ungdomslitteraturen\/#primaryimage\"},\"thumbnailUrl\":\"https:\/\/bibliotekutvikling.no\/content\/uploads\/sites\/24\/2026\/01\/ungdom-fagdag.jpg\",\"datePublished\":\"2026-01-12T13:47:16+00:00\",\"dateModified\":\"2026-01-13T08:40:12+00:00\",\"breadcrumb\":{\"@id\":\"https:\/\/bibliotekutvikling.no\/kompetansebank\/event\/fagdag-en-problemfri-dag-for-ungdomslitteraturen\/#breadcrumb\"},\"inLanguage\":\"nb-NO\",\"potentialAction\":[{\"@type\":\"ReadAction\",\"target\":[\"https:\/\/bibliotekutvikling.no\/kompetansebank\/event\/fagdag-en-problemfri-dag-for-ungdomslitteraturen\/\"]}]},{\"@type\":\"ImageObject\",\"inLanguage\":\"nb-NO\",\"@id\":\"https:\/\/bibliotekutvikling.no\/kompetansebank\/event\/fagdag-en-problemfri-dag-for-ungdomslitteraturen\/#primaryimage\",\"url\":\"https:\/\/bibliotekutvikling.no\/content\/uploads\/sites\/24\/2026\/01\/ungdom-fagdag.jpg\",\"contentUrl\":\"https:\/\/bibliotekutvikling.no\/content\/uploads\/sites\/24\/2026\/01\/ungdom-fagdag.jpg\",\"width\":675,\"height\":683},{\"@type\":\"BreadcrumbList\",\"@id\":\"https:\/\/bibliotekutvikling.no\/kompetansebank\/event\/fagdag-en-problemfri-dag-for-ungdomslitteraturen\/#breadcrumb\",\"itemListElement\":[{\"@type\":\"ListItem\",\"position\":1,\"name\":\"Hjem\",\"item\":\"https:\/\/bibliotekutvikling.no\/kompetansebank\/\"},{\"@type\":\"ListItem\",\"position\":2,\"name\":\"Fagdag: En problemfri dag for ungdomslitteraturen\"}]},{\"@type\":\"WebSite\",\"@id\":\"https:\/\/bibliotekutvikling.no\/kompetansebank\/#website\",\"url\":\"https:\/\/bibliotekutvikling.no\/kompetansebank\/\",\"name\":\"Kompetansebank\",\"description\":\"kurs og kunnskap for bibliotekansatte\",\"publisher\":{\"@id\":\"https:\/\/bibliotekutvikling.no\/kompetansebank\/#organization\"},\"potentialAction\":[{\"@type\":\"SearchAction\",\"target\":{\"@type\":\"EntryPoint\",\"urlTemplate\":\"https:\/\/bibliotekutvikling.no\/kompetansebank\/?s={search_term_string}\"},\"query-input\":{\"@type\":\"PropertyValueSpecification\",\"valueRequired\":true,\"valueName\":\"search_term_string\"}}],\"inLanguage\":\"nb-NO\"},{\"@type\":\"Organization\",\"@id\":\"https:\/\/bibliotekutvikling.no\/kompetansebank\/#organization\",\"name\":\"Bibliotekutvikling\",\"url\":\"https:\/\/bibliotekutvikling.no\/kompetansebank\/\",\"logo\":{\"@type\":\"ImageObject\",\"inLanguage\":\"nb-NO\",\"@id\":\"https:\/\/bibliotekutvikling.no\/kompetansebank\/#\/schema\/logo\/image\/\",\"url\":\"https:\/\/bibliotekutvikling.no\/content\/uploads\/sites\/24\/2023\/10\/Favikon-BU.png\",\"contentUrl\":\"https:\/\/bibliotekutvikling.no\/content\/uploads\/sites\/24\/2023\/10\/Favikon-BU.png\",\"width\":1055,\"height\":1054,\"caption\":\"Bibliotekutvikling\"},\"image\":{\"@id\":\"https:\/\/bibliotekutvikling.no\/kompetansebank\/#\/schema\/logo\/image\/\"},\"sameAs\":[\"https:\/\/www.facebook.com\/bibliotekutvikling\"]},{\"@type\":\"Event\",\"name\":\"Fagdag: En problemfri dag for ungdomslitteraturen\",\"description\":\"Fagdag \u2013 En problemfri dag for ungdomslitteraturen\",\"startDate\":\"2026-01-23T08:30:00+01:00\",\"endDate\":\"2026-01-23T16:00:00+01:00\",\"eventStatus\":\"EventScheduled\",\"eventAttendanceMode\":\"MixedEventAttendanceMode\",\"location\":[{\"@type\":\"VirtualLocation\",\"name\":\"P\u00e5melding til str\u00f8mming\",\"url\":\"https:\/\/docs.google.com\/forms\/d\/e\/1FAIpQLSfLFtP9s0b4519nt44hDU3nrPteRMp64BU2eRWllNd0Gy0nig\/viewform\"},{\"@type\":\"Place\",\"name\":\"Deichman Bj\u00f8rvika\",\"address\":{\"@type\":\"PostalAddress\",\"addressCountry\":\"NO\",\"addressRegion\":\"Oslo\",\"addressLocality\":\"Oslo\",\"postalCode\":\" 0150 \",\"streetAddress\":\"Anne-Cath. Vestlys plass 1 \"}}],\"image\":[\"https:\/\/bibliotekutvikling.no\/content\/uploads\/sites\/24\/2026\/01\/ungdom-fagdag.jpg\"]}]}<\/script>\n<!-- \/ Yoast SEO Premium plugin. -->","yoast_head_json":{"title":"Fagdag: En problemfri dag for ungdomslitteraturen - Kompetansebank","robots":{"index":"index","follow":"follow","max-snippet":"max-snippet:-1","max-image-preview":"max-image-preview:large","max-video-preview":"max-video-preview:-1"},"canonical":"https:\/\/bibliotekutvikling.no\/kompetansebank\/event\/fagdag-en-problemfri-dag-for-ungdomslitteraturen\/","og_locale":"nb_NO","og_type":"article","og_title":"Fagdag: En problemfri dag for ungdomslitteraturen","og_url":"https:\/\/bibliotekutvikling.no\/kompetansebank\/event\/fagdag-en-problemfri-dag-for-ungdomslitteraturen\/","og_site_name":"Kompetansebank","article_publisher":"https:\/\/www.facebook.com\/bibliotekutvikling","article_modified_time":"2026-01-13T08:40:12+00:00","og_image":[{"width":675,"height":683,"url":"https:\/\/bibliotekutvikling.no\/content\/uploads\/sites\/24\/2026\/01\/ungdom-fagdag.jpg","type":"image\/jpeg"}],"twitter_card":"summary_large_image","twitter_misc":{"Ansl. lesetid":"1 minutt"},"schema":{"@context":"https:\/\/schema.org","@graph":[{"@type":"WebPage","@id":"https:\/\/bibliotekutvikling.no\/kompetansebank\/event\/fagdag-en-problemfri-dag-for-ungdomslitteraturen\/","url":"https:\/\/bibliotekutvikling.no\/kompetansebank\/event\/fagdag-en-problemfri-dag-for-ungdomslitteraturen\/","name":"Fagdag: En problemfri dag for ungdomslitteraturen - Kompetansebank","isPartOf":{"@id":"https:\/\/bibliotekutvikling.no\/kompetansebank\/#website"},"primaryImageOfPage":{"@id":"https:\/\/bibliotekutvikling.no\/kompetansebank\/event\/fagdag-en-problemfri-dag-for-ungdomslitteraturen\/#primaryimage"},"image":{"@id":"https:\/\/bibliotekutvikling.no\/kompetansebank\/event\/fagdag-en-problemfri-dag-for-ungdomslitteraturen\/#primaryimage"},"thumbnailUrl":"https:\/\/bibliotekutvikling.no\/content\/uploads\/sites\/24\/2026\/01\/ungdom-fagdag.jpg","datePublished":"2026-01-12T13:47:16+00:00","dateModified":"2026-01-13T08:40:12+00:00","breadcrumb":{"@id":"https:\/\/bibliotekutvikling.no\/kompetansebank\/event\/fagdag-en-problemfri-dag-for-ungdomslitteraturen\/#breadcrumb"},"inLanguage":"nb-NO","potentialAction":[{"@type":"ReadAction","target":["https:\/\/bibliotekutvikling.no\/kompetansebank\/event\/fagdag-en-problemfri-dag-for-ungdomslitteraturen\/"]}]},{"@type":"ImageObject","inLanguage":"nb-NO","@id":"https:\/\/bibliotekutvikling.no\/kompetansebank\/event\/fagdag-en-problemfri-dag-for-ungdomslitteraturen\/#primaryimage","url":"https:\/\/bibliotekutvikling.no\/content\/uploads\/sites\/24\/2026\/01\/ungdom-fagdag.jpg","contentUrl":"https:\/\/bibliotekutvikling.no\/content\/uploads\/sites\/24\/2026\/01\/ungdom-fagdag.jpg","width":675,"height":683},{"@type":"BreadcrumbList","@id":"https:\/\/bibliotekutvikling.no\/kompetansebank\/event\/fagdag-en-problemfri-dag-for-ungdomslitteraturen\/#breadcrumb","itemListElement":[{"@type":"ListItem","position":1,"name":"Hjem","item":"https:\/\/bibliotekutvikling.no\/kompetansebank\/"},{"@type":"ListItem","position":2,"name":"Fagdag: En problemfri dag for ungdomslitteraturen"}]},{"@type":"WebSite","@id":"https:\/\/bibliotekutvikling.no\/kompetansebank\/#website","url":"https:\/\/bibliotekutvikling.no\/kompetansebank\/","name":"Kompetansebank","description":"kurs og kunnskap for bibliotekansatte","publisher":{"@id":"https:\/\/bibliotekutvikling.no\/kompetansebank\/#organization"},"potentialAction":[{"@type":"SearchAction","target":{"@type":"EntryPoint","urlTemplate":"https:\/\/bibliotekutvikling.no\/kompetansebank\/?s={search_term_string}"},"query-input":{"@type":"PropertyValueSpecification","valueRequired":true,"valueName":"search_term_string"}}],"inLanguage":"nb-NO"},{"@type":"Organization","@id":"https:\/\/bibliotekutvikling.no\/kompetansebank\/#organization","name":"Bibliotekutvikling","url":"https:\/\/bibliotekutvikling.no\/kompetansebank\/","logo":{"@type":"ImageObject","inLanguage":"nb-NO","@id":"https:\/\/bibliotekutvikling.no\/kompetansebank\/#\/schema\/logo\/image\/","url":"https:\/\/bibliotekutvikling.no\/content\/uploads\/sites\/24\/2023\/10\/Favikon-BU.png","contentUrl":"https:\/\/bibliotekutvikling.no\/content\/uploads\/sites\/24\/2023\/10\/Favikon-BU.png","width":1055,"height":1054,"caption":"Bibliotekutvikling"},"image":{"@id":"https:\/\/bibliotekutvikling.no\/kompetansebank\/#\/schema\/logo\/image\/"},"sameAs":["https:\/\/www.facebook.com\/bibliotekutvikling"]},{"@type":"Event","name":"Fagdag: En problemfri dag for ungdomslitteraturen","description":"Fagdag \u2013 En problemfri dag for ungdomslitteraturen","startDate":"2026-01-23T08:30:00+01:00","endDate":"2026-01-23T16:00:00+01:00","eventStatus":"EventScheduled","eventAttendanceMode":"MixedEventAttendanceMode","location":[{"@type":"VirtualLocation","name":"P\u00e5melding til str\u00f8mming","url":"https:\/\/docs.google.com\/forms\/d\/e\/1FAIpQLSfLFtP9s0b4519nt44hDU3nrPteRMp64BU2eRWllNd0Gy0nig\/viewform"},{"@type":"Place","name":"Deichman Bj\u00f8rvika","address":{"@type":"PostalAddress","addressCountry":"NO","addressRegion":"Oslo","addressLocality":"Oslo","postalCode":" 0150 ","streetAddress":"Anne-Cath. Vestlys plass 1 "}}],"image":["https:\/\/bibliotekutvikling.no\/content\/uploads\/sites\/24\/2026\/01\/ungdom-fagdag.jpg"]}]}},"_links":{"self":[{"href":"https:\/\/bibliotekutvikling.no\/kompetansebank\/wp-json\/wp\/v2\/event\/43302","targetHints":{"allow":["GET"]}}],"collection":[{"href":"https:\/\/bibliotekutvikling.no\/kompetansebank\/wp-json\/wp\/v2\/event"}],"about":[{"href":"https:\/\/bibliotekutvikling.no\/kompetansebank\/wp-json\/wp\/v2\/types\/event"}],"author":[{"embeddable":true,"href":"https:\/\/bibliotekutvikling.no\/kompetansebank\/wp-json\/wp\/v2\/users\/6868"}],"wp:featuredmedia":[{"embeddable":true,"href":"https:\/\/bibliotekutvikling.no\/kompetansebank\/wp-json\/wp\/v2\/media\/43311"}],"wp:attachment":[{"href":"https:\/\/bibliotekutvikling.no\/kompetansebank\/wp-json\/wp\/v2\/media?parent=43302"}],"wp:term":[{"taxonomy":"event-group","embeddable":true,"href":"https:\/\/bibliotekutvikling.no\/kompetansebank\/wp-json\/wp\/v2\/event-group?post=43302"},{"taxonomy":"event-type","embeddable":true,"href":"https:\/\/bibliotekutvikling.no\/kompetansebank\/wp-json\/wp\/v2\/event-type?post=43302"},{"taxonomy":"tag","embeddable":true,"href":"https:\/\/bibliotekutvikling.no\/kompetansebank\/wp-json\/wp\/v2\/tag?post=43302"}],"curies":[{"name":"wp","href":"https:\/\/api.w.org\/{rel}","templated":true}]}}