{"id":43186,"date":"2026-01-06T15:27:42","date_gmt":"2026-01-06T14:27:42","guid":{"rendered":"https:\/\/bibliotekutvikling.no\/kompetansebank\/?post_type=event&#038;p=43186"},"modified":"2026-03-13T09:11:24","modified_gmt":"2026-03-13T08:11:24","slug":"digitalt-pafyll-9-april","status":"publish","type":"event","link":"https:\/\/bibliotekutvikling.no\/kompetansebank\/event\/digitalt-pafyll-9-april\/","title":{"rendered":"Digitalt p\u00e5fyll: Kunstig intelligens og b\u00e6rekraft"},"content":{"rendered":"\n<p>Utfordringer og muligheter innenfor b\u00e6rekraftsdimensjonene og kunstig intelligens med et spesielt fokus p\u00e5 sosial og milj\u00f8messig b\u00e6rekraft. Hvordan kan biblioteker tilrettelegge for b\u00e6rekraftig bruk av KI? Hvordan bibliotekene kan jobbe konstruktivt for at KI skal brukes etisk forsvarlig og bidra til inkludering og medborgerskap?<\/p>\n\n\n\n<h3 class=\"wp-block-heading\" id=\"h-innledere-fra-ostfold-ai-hub-og-hogskolen-i-ostfold-skal-lede-oss-gjennom-ki-og-baerekraft\">Innledere fra \u00d8stfold AI hub og H\u00f8gskolen i \u00d8stfold skal lede oss gjennom KI og b\u00e6rekraft:<\/h3>\n\n\n\n<p><strong>Leonora O. Bergsj\u00f8<\/strong> er digitaletiker og f\u00f8rsteamanuensis ved Fakultet for l\u00e6rerutdanninger og spr\u00e5k ved H\u00f8gskolen i \u00d8stfold, og er med \u00e5 lede \u00d8stfold AI Hub. Hun forsker p\u00e5 etisk forsvarlig kunstig intelligens og har blant annet skrevet b\u00f8ker om digital etikk, digital d\u00f8mmekraft medborgerskap.<\/p>\n\n\n\n<p><strong>Johannes P. Skalle <\/strong>er spesialbibliotekar ved H\u00f8gskolen i \u00d8stfold hvor han blant annet leder bibliotekets team for kunstig intelligens, som er p\u00e5drivere for bibliotek- og forskningsavdelingens oppl\u00e6ring og kritisk bruk av KI. Han underviser i kritisk og etisk bruk av KI i oppgaveskriving i regi av biblioteket og skriver for tiden en masteravhandling om inkluderende digitalisering i organisasjoner.<\/p>\n\n\n<ul class=\"t2-link-list has-1-items has-1-columns wp-block-t2-link-list\">\n\t<li class=\"t2-link-list-item wp-block-t2-link-list-item\">\n\t\t<a\n\t\t\thref=\"https:\/\/fylkesbiblioteketabo.no\/arrangement\/digitalt-pafyll-13\/\"\n\t\t\tclass=\"t2-link-list-item__link t2-link-list__icon--right\"\n\t\t\t\t\t>\n\t\t\t<span class=\"t2-link-list-item__icon\"><span class=\"t2-link-list-item__icon-box\"><\/span><svg xmlns=\"http:\/\/www.w3.org\/2000\/svg\" viewBox=\"0 0 24 24\" height=\"24\" width=\"24\" class=\"t2-icon t2-icon-external\" aria-hidden=\"true\" focusable=\"false\"><path d=\"M19 19H5V5h7V3H3v18h18v-9h-2v7zM14 3v2h3.6l-9.8 9.8 1.4 1.4L19 6.4V10h2V3h-7z\"\/><\/svg><\/span>\t\t\t<div class=\"t2-link-list-item__content\">\n\n\t\t\t\t\n\t\t\t\t<span id=\"link-list-item-text\" class=\"t2-link-list-item__text\">\n\t\t\t\t\tSe mer p\u00e5 Fylkesbiblioteket i Akershus, Buskerurd og \u00d8stfolds nettside\t\t\t\t<\/span>\n\t\t\t\t\t\t\t<\/div>\n\t\t<\/a>\n\t<\/li>\n\t\n<\/ul>\n\n\n\t\t<div class=\"t2-factbox wp-block-t2-factbox\" id=\"t2-factbox\">\n\t\t\t<div class=\"t2-factbox__content\">\n\t\t\t\t<div class=\"t2-factbox__blocks t2-factbox__inner-container is-layout-flow\">\n\t\t\t\t\t\n\n<p>Digitalt p\u00e5fyll er en serie med korte faglig kurs, orienteringer og inspirasjon for bibliotekansatte. Alle kan melde seg p\u00e5 og delta helt gratis fra pc eller mobil. Tidspunktet er annenhver torsdag kl. 9:00-9:45.<\/p>\n\n\n\n<p><a href=\"https:\/\/bibliotekutvikling.no\/kompetansebank\/innhold\/?_content_types=content-video\">Opptak av tidligere digitale p\u00e5fyll finner du i Kompetansebanken. De blir lagt ut fortl\u00f8pende<\/a><\/p>\n\n\n\t\t\t\t<\/div>\n\t\t\t\t\n\t\t\t<\/div>\n\t\t\t\n\t\t<\/div>\n\n\n<p><\/p>\n","protected":false},"author":6868,"featured_media":43975,"menu_order":0,"template":"","meta":{"nb_hide_title":false,"event_tba_datetime":false,"event_all_day":false,"event_tba_start_time":false,"event_start_datetime":"2026-04-09T09:00:00","event_end_datetime":"2026-04-09T09:45:00","event_venue_id":"","event_ticket_vendor_url":"https:\/\/my.demio.com\/ref\/2zI3Lw2SiJS8KcI4","event_ticket_price_text":"","event_ticket_button_text":"P\u00e5melding","event_ticket_details_text":"","event_attendance_mode":"online","event_short_description":"","event_virtual_venue_name":"","event_virtual_venue_url":"","event_hide_from_archive":false,"event_infoscreen_place_name":"","event_hide_from_infoscreen":false,"single_header_image_is_disabled":false,"single_header_image_attachment_id":0,"single_header_image_attachment_url":""},"event-group":[],"event-type":[],"tag":[],"class_list":["post-43186","event","type-event","status-publish","has-post-thumbnail","hentry"],"yoast_head":"<!-- This site is optimized with the Yoast SEO Premium plugin v27.1 (Yoast SEO v27.1.1) - https:\/\/yoast.com\/product\/yoast-seo-premium-wordpress\/ -->\n<title>Digitalt p\u00e5fyll: Kunstig intelligens og b\u00e6rekraft - Kompetansebank<\/title>\n<meta name=\"robots\" content=\"index, follow, max-snippet:-1, max-image-preview:large, max-video-preview:-1\" \/>\n<link rel=\"canonical\" href=\"https:\/\/bibliotekutvikling.no\/kompetansebank\/event\/digitalt-pafyll-9-april\/\" \/>\n<meta property=\"og:locale\" content=\"nb_NO\" \/>\n<meta property=\"og:type\" content=\"article\" \/>\n<meta property=\"og:title\" content=\"Digitalt p\u00e5fyll: Kunstig intelligens og b\u00e6rekraft\" \/>\n<meta property=\"og:url\" content=\"https:\/\/bibliotekutvikling.no\/kompetansebank\/event\/digitalt-pafyll-9-april\/\" \/>\n<meta property=\"og:site_name\" content=\"Kompetansebank\" \/>\n<meta property=\"article:publisher\" content=\"https:\/\/www.facebook.com\/bibliotekutvikling\" \/>\n<meta property=\"article:modified_time\" content=\"2026-03-13T08:11:24+00:00\" \/>\n<meta property=\"og:image\" content=\"https:\/\/bibliotekutvikling.no\/content\/uploads\/sites\/24\/2026\/01\/KI-aktuelt-09.04.26-foto-Ostfold-AI-hub-600x509-1.jpg\" \/>\n\t<meta property=\"og:image:width\" content=\"600\" \/>\n\t<meta property=\"og:image:height\" content=\"509\" \/>\n\t<meta property=\"og:image:type\" content=\"image\/jpeg\" \/>\n<meta name=\"twitter:card\" content=\"summary_large_image\" \/>\n<meta name=\"twitter:label1\" content=\"Ansl. lesetid\" \/>\n\t<meta name=\"twitter:data1\" content=\"2 minutter\" \/>\n<script type=\"application\/ld+json\" class=\"yoast-schema-graph\">{\"@context\":\"https:\/\/schema.org\",\"@graph\":[{\"@type\":\"WebPage\",\"@id\":\"https:\/\/bibliotekutvikling.no\/kompetansebank\/event\/digitalt-pafyll-9-april\/\",\"url\":\"https:\/\/bibliotekutvikling.no\/kompetansebank\/event\/digitalt-pafyll-9-april\/\",\"name\":\"Digitalt p\u00e5fyll: Kunstig intelligens og b\u00e6rekraft - Kompetansebank\",\"isPartOf\":{\"@id\":\"https:\/\/bibliotekutvikling.no\/kompetansebank\/#website\"},\"primaryImageOfPage\":{\"@id\":\"https:\/\/bibliotekutvikling.no\/kompetansebank\/event\/digitalt-pafyll-9-april\/#primaryimage\"},\"image\":{\"@id\":\"https:\/\/bibliotekutvikling.no\/kompetansebank\/event\/digitalt-pafyll-9-april\/#primaryimage\"},\"thumbnailUrl\":\"https:\/\/bibliotekutvikling.no\/content\/uploads\/sites\/24\/2026\/01\/KI-aktuelt-09.04.26-foto-Ostfold-AI-hub-600x509-1.jpg\",\"datePublished\":\"2026-01-06T14:27:42+00:00\",\"dateModified\":\"2026-03-13T08:11:24+00:00\",\"breadcrumb\":{\"@id\":\"https:\/\/bibliotekutvikling.no\/kompetansebank\/event\/digitalt-pafyll-9-april\/#breadcrumb\"},\"inLanguage\":\"nb-NO\",\"potentialAction\":[{\"@type\":\"ReadAction\",\"target\":[\"https:\/\/bibliotekutvikling.no\/kompetansebank\/event\/digitalt-pafyll-9-april\/\"]}]},{\"@type\":\"ImageObject\",\"inLanguage\":\"nb-NO\",\"@id\":\"https:\/\/bibliotekutvikling.no\/kompetansebank\/event\/digitalt-pafyll-9-april\/#primaryimage\",\"url\":\"https:\/\/bibliotekutvikling.no\/content\/uploads\/sites\/24\/2026\/01\/KI-aktuelt-09.04.26-foto-Ostfold-AI-hub-600x509-1.jpg\",\"contentUrl\":\"https:\/\/bibliotekutvikling.no\/content\/uploads\/sites\/24\/2026\/01\/KI-aktuelt-09.04.26-foto-Ostfold-AI-hub-600x509-1.jpg\",\"width\":600,\"height\":509,\"caption\":\"Foto: \u00d8stfold AI hub\"},{\"@type\":\"BreadcrumbList\",\"@id\":\"https:\/\/bibliotekutvikling.no\/kompetansebank\/event\/digitalt-pafyll-9-april\/#breadcrumb\",\"itemListElement\":[{\"@type\":\"ListItem\",\"position\":1,\"name\":\"Hjem\",\"item\":\"https:\/\/bibliotekutvikling.no\/kompetansebank\/\"},{\"@type\":\"ListItem\",\"position\":2,\"name\":\"Digitalt p\u00e5fyll: Kunstig intelligens og b\u00e6rekraft\"}]},{\"@type\":\"WebSite\",\"@id\":\"https:\/\/bibliotekutvikling.no\/kompetansebank\/#website\",\"url\":\"https:\/\/bibliotekutvikling.no\/kompetansebank\/\",\"name\":\"Kompetansebank\",\"description\":\"kurs og kunnskap for bibliotekansatte\",\"publisher\":{\"@id\":\"https:\/\/bibliotekutvikling.no\/kompetansebank\/#organization\"},\"potentialAction\":[{\"@type\":\"SearchAction\",\"target\":{\"@type\":\"EntryPoint\",\"urlTemplate\":\"https:\/\/bibliotekutvikling.no\/kompetansebank\/?s={search_term_string}\"},\"query-input\":{\"@type\":\"PropertyValueSpecification\",\"valueRequired\":true,\"valueName\":\"search_term_string\"}}],\"inLanguage\":\"nb-NO\"},{\"@type\":\"Organization\",\"@id\":\"https:\/\/bibliotekutvikling.no\/kompetansebank\/#organization\",\"name\":\"Bibliotekutvikling\",\"url\":\"https:\/\/bibliotekutvikling.no\/kompetansebank\/\",\"logo\":{\"@type\":\"ImageObject\",\"inLanguage\":\"nb-NO\",\"@id\":\"https:\/\/bibliotekutvikling.no\/kompetansebank\/#\/schema\/logo\/image\/\",\"url\":\"https:\/\/bibliotekutvikling.no\/content\/uploads\/sites\/24\/2023\/10\/Favikon-BU.png\",\"contentUrl\":\"https:\/\/bibliotekutvikling.no\/content\/uploads\/sites\/24\/2023\/10\/Favikon-BU.png\",\"width\":1055,\"height\":1054,\"caption\":\"Bibliotekutvikling\"},\"image\":{\"@id\":\"https:\/\/bibliotekutvikling.no\/kompetansebank\/#\/schema\/logo\/image\/\"},\"sameAs\":[\"https:\/\/www.facebook.com\/bibliotekutvikling\"]},{\"@type\":\"Event\",\"name\":\"Digitalt p\u00e5fyll: Kunstig intelligens og b\u00e6rekraft\",\"description\":\"\",\"startDate\":\"2026-04-09T09:00:00+02:00\",\"endDate\":\"2026-04-09T09:45:00+02:00\",\"eventStatus\":\"EventScheduled\",\"eventAttendanceMode\":\"OnlineEventAttendanceMode\",\"location\":[[]],\"image\":[\"https:\/\/bibliotekutvikling.no\/content\/uploads\/sites\/24\/2026\/01\/KI-aktuelt-09.04.26-foto-Ostfold-AI-hub-600x509-1.jpg\"]}]}<\/script>\n<!-- \/ Yoast SEO Premium plugin. -->","yoast_head_json":{"title":"Digitalt p\u00e5fyll: Kunstig intelligens og b\u00e6rekraft - Kompetansebank","robots":{"index":"index","follow":"follow","max-snippet":"max-snippet:-1","max-image-preview":"max-image-preview:large","max-video-preview":"max-video-preview:-1"},"canonical":"https:\/\/bibliotekutvikling.no\/kompetansebank\/event\/digitalt-pafyll-9-april\/","og_locale":"nb_NO","og_type":"article","og_title":"Digitalt p\u00e5fyll: Kunstig intelligens og b\u00e6rekraft","og_url":"https:\/\/bibliotekutvikling.no\/kompetansebank\/event\/digitalt-pafyll-9-april\/","og_site_name":"Kompetansebank","article_publisher":"https:\/\/www.facebook.com\/bibliotekutvikling","article_modified_time":"2026-03-13T08:11:24+00:00","og_image":[{"width":600,"height":509,"url":"https:\/\/bibliotekutvikling.no\/content\/uploads\/sites\/24\/2026\/01\/KI-aktuelt-09.04.26-foto-Ostfold-AI-hub-600x509-1.jpg","type":"image\/jpeg"}],"twitter_card":"summary_large_image","twitter_misc":{"Ansl. lesetid":"2 minutter"},"schema":{"@context":"https:\/\/schema.org","@graph":[{"@type":"WebPage","@id":"https:\/\/bibliotekutvikling.no\/kompetansebank\/event\/digitalt-pafyll-9-april\/","url":"https:\/\/bibliotekutvikling.no\/kompetansebank\/event\/digitalt-pafyll-9-april\/","name":"Digitalt p\u00e5fyll: Kunstig intelligens og b\u00e6rekraft - Kompetansebank","isPartOf":{"@id":"https:\/\/bibliotekutvikling.no\/kompetansebank\/#website"},"primaryImageOfPage":{"@id":"https:\/\/bibliotekutvikling.no\/kompetansebank\/event\/digitalt-pafyll-9-april\/#primaryimage"},"image":{"@id":"https:\/\/bibliotekutvikling.no\/kompetansebank\/event\/digitalt-pafyll-9-april\/#primaryimage"},"thumbnailUrl":"https:\/\/bibliotekutvikling.no\/content\/uploads\/sites\/24\/2026\/01\/KI-aktuelt-09.04.26-foto-Ostfold-AI-hub-600x509-1.jpg","datePublished":"2026-01-06T14:27:42+00:00","dateModified":"2026-03-13T08:11:24+00:00","breadcrumb":{"@id":"https:\/\/bibliotekutvikling.no\/kompetansebank\/event\/digitalt-pafyll-9-april\/#breadcrumb"},"inLanguage":"nb-NO","potentialAction":[{"@type":"ReadAction","target":["https:\/\/bibliotekutvikling.no\/kompetansebank\/event\/digitalt-pafyll-9-april\/"]}]},{"@type":"ImageObject","inLanguage":"nb-NO","@id":"https:\/\/bibliotekutvikling.no\/kompetansebank\/event\/digitalt-pafyll-9-april\/#primaryimage","url":"https:\/\/bibliotekutvikling.no\/content\/uploads\/sites\/24\/2026\/01\/KI-aktuelt-09.04.26-foto-Ostfold-AI-hub-600x509-1.jpg","contentUrl":"https:\/\/bibliotekutvikling.no\/content\/uploads\/sites\/24\/2026\/01\/KI-aktuelt-09.04.26-foto-Ostfold-AI-hub-600x509-1.jpg","width":600,"height":509,"caption":"Foto: \u00d8stfold AI hub"},{"@type":"BreadcrumbList","@id":"https:\/\/bibliotekutvikling.no\/kompetansebank\/event\/digitalt-pafyll-9-april\/#breadcrumb","itemListElement":[{"@type":"ListItem","position":1,"name":"Hjem","item":"https:\/\/bibliotekutvikling.no\/kompetansebank\/"},{"@type":"ListItem","position":2,"name":"Digitalt p\u00e5fyll: Kunstig intelligens og b\u00e6rekraft"}]},{"@type":"WebSite","@id":"https:\/\/bibliotekutvikling.no\/kompetansebank\/#website","url":"https:\/\/bibliotekutvikling.no\/kompetansebank\/","name":"Kompetansebank","description":"kurs og kunnskap for bibliotekansatte","publisher":{"@id":"https:\/\/bibliotekutvikling.no\/kompetansebank\/#organization"},"potentialAction":[{"@type":"SearchAction","target":{"@type":"EntryPoint","urlTemplate":"https:\/\/bibliotekutvikling.no\/kompetansebank\/?s={search_term_string}"},"query-input":{"@type":"PropertyValueSpecification","valueRequired":true,"valueName":"search_term_string"}}],"inLanguage":"nb-NO"},{"@type":"Organization","@id":"https:\/\/bibliotekutvikling.no\/kompetansebank\/#organization","name":"Bibliotekutvikling","url":"https:\/\/bibliotekutvikling.no\/kompetansebank\/","logo":{"@type":"ImageObject","inLanguage":"nb-NO","@id":"https:\/\/bibliotekutvikling.no\/kompetansebank\/#\/schema\/logo\/image\/","url":"https:\/\/bibliotekutvikling.no\/content\/uploads\/sites\/24\/2023\/10\/Favikon-BU.png","contentUrl":"https:\/\/bibliotekutvikling.no\/content\/uploads\/sites\/24\/2023\/10\/Favikon-BU.png","width":1055,"height":1054,"caption":"Bibliotekutvikling"},"image":{"@id":"https:\/\/bibliotekutvikling.no\/kompetansebank\/#\/schema\/logo\/image\/"},"sameAs":["https:\/\/www.facebook.com\/bibliotekutvikling"]},{"@type":"Event","name":"Digitalt p\u00e5fyll: Kunstig intelligens og b\u00e6rekraft","description":"","startDate":"2026-04-09T09:00:00+02:00","endDate":"2026-04-09T09:45:00+02:00","eventStatus":"EventScheduled","eventAttendanceMode":"OnlineEventAttendanceMode","location":[[]],"image":["https:\/\/bibliotekutvikling.no\/content\/uploads\/sites\/24\/2026\/01\/KI-aktuelt-09.04.26-foto-Ostfold-AI-hub-600x509-1.jpg"]}]}},"_links":{"self":[{"href":"https:\/\/bibliotekutvikling.no\/kompetansebank\/wp-json\/wp\/v2\/event\/43186","targetHints":{"allow":["GET"]}}],"collection":[{"href":"https:\/\/bibliotekutvikling.no\/kompetansebank\/wp-json\/wp\/v2\/event"}],"about":[{"href":"https:\/\/bibliotekutvikling.no\/kompetansebank\/wp-json\/wp\/v2\/types\/event"}],"author":[{"embeddable":true,"href":"https:\/\/bibliotekutvikling.no\/kompetansebank\/wp-json\/wp\/v2\/users\/6868"}],"wp:featuredmedia":[{"embeddable":true,"href":"https:\/\/bibliotekutvikling.no\/kompetansebank\/wp-json\/wp\/v2\/media\/43975"}],"wp:attachment":[{"href":"https:\/\/bibliotekutvikling.no\/kompetansebank\/wp-json\/wp\/v2\/media?parent=43186"}],"wp:term":[{"taxonomy":"event-group","embeddable":true,"href":"https:\/\/bibliotekutvikling.no\/kompetansebank\/wp-json\/wp\/v2\/event-group?post=43186"},{"taxonomy":"event-type","embeddable":true,"href":"https:\/\/bibliotekutvikling.no\/kompetansebank\/wp-json\/wp\/v2\/event-type?post=43186"},{"taxonomy":"tag","embeddable":true,"href":"https:\/\/bibliotekutvikling.no\/kompetansebank\/wp-json\/wp\/v2\/tag?post=43186"}],"curies":[{"name":"wp","href":"https:\/\/api.w.org\/{rel}","templated":true}]}}