{"id":43164,"date":"2026-01-05T13:36:47","date_gmt":"2026-01-05T12:36:47","guid":{"rendered":"https:\/\/bibliotekutvikling.no\/kompetansebank\/?post_type=event&#038;p=43164"},"modified":"2026-01-07T14:10:44","modified_gmt":"2026-01-07T13:10:44","slug":"demokratifrokost-truer-lesekrisen-demokratiet","status":"publish","type":"event","link":"https:\/\/bibliotekutvikling.no\/kompetansebank\/event\/demokratifrokost-truer-lesekrisen-demokratiet\/","title":{"rendered":"Demokratifrokost: Truer lesekrisen demokratiet?"},"content":{"rendered":"\n<p>Vi leser mindre og konsentrasjonen svikter. Blir vi d\u00e5rligere demokratiske borgere av den grunn?<\/p>\n\n\n\n\t\t<div class=\"t2-factbox wp-block-t2-factbox\" id=\"t2-factbox\">\n\t\t\t<div class=\"t2-factbox__content\">\n\t\t\t\t<div class=\"t2-factbox__blocks t2-factbox__inner-container is-layout-flow\">\n\t\t\t\t\t\n\n<p>Arrang\u00f8r: <a href=\"https:\/\/www.uio.no\/forskning\/satsinger\/demokrati\/\" target=\"_blank\" rel=\"noreferrer noopener\">UiO: Demokrati <\/a><\/p>\n\n\n\t\t\t\t<\/div>\n\t\t\t\t\n\t\t\t<\/div>\n\t\t\t\n\t\t<\/div>\n\n\n<p>Demokratifrokost om lesingens og oppmerksomhetens betydning for demokratiet!<\/p>\n\n\n\n<p>Nordmenn leser mindre for hvert \u00e5r. Skoleelever og studenter sliter med \u00e5 forst\u00e5 lengre tekster, og det advares om en voksende lesekrise. Tallene antyder ogs\u00e5 en generell nedgang i evnen til \u00e5 fokusere blant alle lag av befolkningen.<\/p>\n\n\n\n<p>Varsellampene blinker: Lesing henger sammen med grunnleggende demokratiske ferdigheter som kildekritikk, empati og evne til langsiktig tenkning. Og n\u00e5r fokuset og oppmerksomheten svekkes, undergraves ogs\u00e5 evnen komplisert informasjon om samfunn, \u00f8konomi og politikk.<\/p>\n\n\n\n<p>Mister vi essensiell demokratisk kunnskap n\u00e5r vi leser mindre? Blir vi for eksempel mer mottakelige for manipulasjon, polarisering og lettvinte, kortsiktige politiske l\u00f8sninger? Hva skjer med demokratiet n\u00e5r leseevnene og oppmerksomheten svikter \u2013 og er det i det hele tatt mulig \u00e5 snu trenden?<\/p>\n\n\n\n<p>Arrangementet er i regi av UiO:Demokrati og ledes av direkt\u00f8r Tore Rem.&nbsp;<\/p>\n\n\n\n<p>Enkel frokost serveres fra kl 08:15.<\/p>\n\n\n\n<h2 class=\"wp-block-heading\" id=\"h-program\"><a><\/a>Program:<\/h2>\n\n\n\n<ul class=\"wp-block-list\">\n<li>Programmet oppdateres fortl\u00f8pende.<\/li>\n<\/ul>\n\n\n\n<h2 class=\"wp-block-heading\" id=\"h-delta-fysisk-eller-digitalt\"><a><\/a>Delta fysisk eller digitalt<\/h2>\n\n\n\n<p>Arrangementet er gratis og \u00e5pent for alle. <\/p>\n\n\n\n\t\t<div class=\"t2-factbox wp-block-t2-factbox\" id=\"t2-factbox-1\">\n\t\t\t<div class=\"t2-factbox__content\">\n\t\t\t\t<div class=\"t2-factbox__blocks t2-factbox__inner-container is-layout-flow\">\n\t\t\t\t\t\n\n<p><a href=\"https:\/\/www.uio.no\/om\/aktuelt\/universitetsplassen\/domus-bibliotheca\/arrangementer\/2026\/demokratifrokost-lesekrisen\">Arrangementets nettside<\/a><\/p>\n\n\n\n<p>Du kan ogs\u00e5 f\u00f8lge arrangementet via str\u00f8mming. Str\u00f8mmingen begynner p\u00e5 arrangementets nettside ved arrangementstart.<\/p>\n\n\n\t\t\t\t<\/div>\n\t\t\t\t\n\t\t\t<\/div>\n\t\t\t\n\t\t<\/div>","protected":false},"author":6868,"featured_media":43171,"menu_order":0,"template":"","meta":{"nb_hide_title":false,"event_tba_datetime":false,"event_all_day":false,"event_tba_start_time":false,"event_start_datetime":"2026-01-28T08:30:00","event_end_datetime":"2026-01-28T09:30:00","event_venue_id":"43167","event_ticket_vendor_url":"https:\/\/nettskjema.no\/a\/579769#\/page\/1","event_ticket_price_text":"","event_ticket_button_text":"P\u00e5melding fysisk deltagelse","event_ticket_details_text":"","event_attendance_mode":"online_and_offline","event_short_description":"","event_virtual_venue_name":"","event_virtual_venue_url":"","event_hide_from_archive":false,"event_infoscreen_place_name":"","event_hide_from_infoscreen":false,"single_header_image_is_disabled":false,"single_header_image_attachment_id":0,"single_header_image_attachment_url":""},"event-group":[],"event-type":[],"tag":[],"class_list":["post-43164","event","type-event","status-publish","has-post-thumbnail","hentry"],"yoast_head":"<!-- This site is optimized with the Yoast SEO Premium plugin v27.1 (Yoast SEO v27.1.1) - https:\/\/yoast.com\/product\/yoast-seo-premium-wordpress\/ -->\n<title>Demokratifrokost: Truer lesekrisen demokratiet? - Kompetansebank<\/title>\n<meta name=\"robots\" content=\"index, follow, max-snippet:-1, max-image-preview:large, max-video-preview:-1\" \/>\n<link rel=\"canonical\" href=\"https:\/\/bibliotekutvikling.no\/kompetansebank\/event\/demokratifrokost-truer-lesekrisen-demokratiet\/\" \/>\n<meta property=\"og:locale\" content=\"nb_NO\" \/>\n<meta property=\"og:type\" content=\"article\" \/>\n<meta property=\"og:title\" content=\"Demokratifrokost: Truer lesekrisen demokratiet?\" \/>\n<meta property=\"og:url\" content=\"https:\/\/bibliotekutvikling.no\/kompetansebank\/event\/demokratifrokost-truer-lesekrisen-demokratiet\/\" \/>\n<meta property=\"og:site_name\" content=\"Kompetansebank\" \/>\n<meta property=\"article:publisher\" content=\"https:\/\/www.facebook.com\/bibliotekutvikling\" \/>\n<meta property=\"article:modified_time\" content=\"2026-01-07T13:10:44+00:00\" \/>\n<meta property=\"og:image\" content=\"https:\/\/bibliotekutvikling.no\/content\/uploads\/sites\/24\/2026\/01\/demokratifrokost-lesekrisen.jpeg\" \/>\n\t<meta property=\"og:image:width\" content=\"1000\" \/>\n\t<meta property=\"og:image:height\" content=\"564\" \/>\n\t<meta property=\"og:image:type\" content=\"image\/jpeg\" \/>\n<meta name=\"twitter:card\" content=\"summary_large_image\" \/>\n<meta name=\"twitter:label1\" content=\"Ansl. lesetid\" \/>\n\t<meta name=\"twitter:data1\" content=\"2 minutter\" \/>\n<script type=\"application\/ld+json\" class=\"yoast-schema-graph\">{\"@context\":\"https:\/\/schema.org\",\"@graph\":[{\"@type\":\"WebPage\",\"@id\":\"https:\/\/bibliotekutvikling.no\/kompetansebank\/event\/demokratifrokost-truer-lesekrisen-demokratiet\/\",\"url\":\"https:\/\/bibliotekutvikling.no\/kompetansebank\/event\/demokratifrokost-truer-lesekrisen-demokratiet\/\",\"name\":\"Demokratifrokost: Truer lesekrisen demokratiet? - Kompetansebank\",\"isPartOf\":{\"@id\":\"https:\/\/bibliotekutvikling.no\/kompetansebank\/#website\"},\"primaryImageOfPage\":{\"@id\":\"https:\/\/bibliotekutvikling.no\/kompetansebank\/event\/demokratifrokost-truer-lesekrisen-demokratiet\/#primaryimage\"},\"image\":{\"@id\":\"https:\/\/bibliotekutvikling.no\/kompetansebank\/event\/demokratifrokost-truer-lesekrisen-demokratiet\/#primaryimage\"},\"thumbnailUrl\":\"https:\/\/bibliotekutvikling.no\/content\/uploads\/sites\/24\/2026\/01\/demokratifrokost-lesekrisen.jpeg\",\"datePublished\":\"2026-01-05T12:36:47+00:00\",\"dateModified\":\"2026-01-07T13:10:44+00:00\",\"breadcrumb\":{\"@id\":\"https:\/\/bibliotekutvikling.no\/kompetansebank\/event\/demokratifrokost-truer-lesekrisen-demokratiet\/#breadcrumb\"},\"inLanguage\":\"nb-NO\",\"potentialAction\":[{\"@type\":\"ReadAction\",\"target\":[\"https:\/\/bibliotekutvikling.no\/kompetansebank\/event\/demokratifrokost-truer-lesekrisen-demokratiet\/\"]}]},{\"@type\":\"ImageObject\",\"inLanguage\":\"nb-NO\",\"@id\":\"https:\/\/bibliotekutvikling.no\/kompetansebank\/event\/demokratifrokost-truer-lesekrisen-demokratiet\/#primaryimage\",\"url\":\"https:\/\/bibliotekutvikling.no\/content\/uploads\/sites\/24\/2026\/01\/demokratifrokost-lesekrisen.jpeg\",\"contentUrl\":\"https:\/\/bibliotekutvikling.no\/content\/uploads\/sites\/24\/2026\/01\/demokratifrokost-lesekrisen.jpeg\",\"width\":1000,\"height\":564,\"caption\":\"Foto: Richard Williams\/Unsplash\"},{\"@type\":\"BreadcrumbList\",\"@id\":\"https:\/\/bibliotekutvikling.no\/kompetansebank\/event\/demokratifrokost-truer-lesekrisen-demokratiet\/#breadcrumb\",\"itemListElement\":[{\"@type\":\"ListItem\",\"position\":1,\"name\":\"Hjem\",\"item\":\"https:\/\/bibliotekutvikling.no\/kompetansebank\/\"},{\"@type\":\"ListItem\",\"position\":2,\"name\":\"Demokratifrokost: Truer lesekrisen demokratiet?\"}]},{\"@type\":\"WebSite\",\"@id\":\"https:\/\/bibliotekutvikling.no\/kompetansebank\/#website\",\"url\":\"https:\/\/bibliotekutvikling.no\/kompetansebank\/\",\"name\":\"Kompetansebank\",\"description\":\"kurs og kunnskap for bibliotekansatte\",\"publisher\":{\"@id\":\"https:\/\/bibliotekutvikling.no\/kompetansebank\/#organization\"},\"potentialAction\":[{\"@type\":\"SearchAction\",\"target\":{\"@type\":\"EntryPoint\",\"urlTemplate\":\"https:\/\/bibliotekutvikling.no\/kompetansebank\/?s={search_term_string}\"},\"query-input\":{\"@type\":\"PropertyValueSpecification\",\"valueRequired\":true,\"valueName\":\"search_term_string\"}}],\"inLanguage\":\"nb-NO\"},{\"@type\":\"Organization\",\"@id\":\"https:\/\/bibliotekutvikling.no\/kompetansebank\/#organization\",\"name\":\"Bibliotekutvikling\",\"url\":\"https:\/\/bibliotekutvikling.no\/kompetansebank\/\",\"logo\":{\"@type\":\"ImageObject\",\"inLanguage\":\"nb-NO\",\"@id\":\"https:\/\/bibliotekutvikling.no\/kompetansebank\/#\/schema\/logo\/image\/\",\"url\":\"https:\/\/bibliotekutvikling.no\/content\/uploads\/sites\/24\/2023\/10\/Favikon-BU.png\",\"contentUrl\":\"https:\/\/bibliotekutvikling.no\/content\/uploads\/sites\/24\/2023\/10\/Favikon-BU.png\",\"width\":1055,\"height\":1054,\"caption\":\"Bibliotekutvikling\"},\"image\":{\"@id\":\"https:\/\/bibliotekutvikling.no\/kompetansebank\/#\/schema\/logo\/image\/\"},\"sameAs\":[\"https:\/\/www.facebook.com\/bibliotekutvikling\"]},{\"@type\":\"Event\",\"name\":\"Demokratifrokost: Truer lesekrisen demokratiet?\",\"description\":\"\",\"startDate\":\"2026-01-28T08:30:00+01:00\",\"endDate\":\"2026-01-28T09:30:00+01:00\",\"eventStatus\":\"EventScheduled\",\"eventAttendanceMode\":\"MixedEventAttendanceMode\",\"location\":[[],{\"@type\":\"Place\",\"name\":\"Scene Domus Bibliotheca\",\"address\":{\"@type\":\"PostalAddress\",\"addressCountry\":\"NO\",\"addressRegion\":\"Oslo\",\"addressLocality\":\"Oslo\",\"postalCode\":\"0162\",\"streetAddress\":\"Karl Johans gate 47\"}}],\"image\":[\"https:\/\/bibliotekutvikling.no\/content\/uploads\/sites\/24\/2026\/01\/demokratifrokost-lesekrisen.jpeg\"]}]}<\/script>\n<!-- \/ Yoast SEO Premium plugin. -->","yoast_head_json":{"title":"Demokratifrokost: Truer lesekrisen demokratiet? - Kompetansebank","robots":{"index":"index","follow":"follow","max-snippet":"max-snippet:-1","max-image-preview":"max-image-preview:large","max-video-preview":"max-video-preview:-1"},"canonical":"https:\/\/bibliotekutvikling.no\/kompetansebank\/event\/demokratifrokost-truer-lesekrisen-demokratiet\/","og_locale":"nb_NO","og_type":"article","og_title":"Demokratifrokost: Truer lesekrisen demokratiet?","og_url":"https:\/\/bibliotekutvikling.no\/kompetansebank\/event\/demokratifrokost-truer-lesekrisen-demokratiet\/","og_site_name":"Kompetansebank","article_publisher":"https:\/\/www.facebook.com\/bibliotekutvikling","article_modified_time":"2026-01-07T13:10:44+00:00","og_image":[{"width":1000,"height":564,"url":"https:\/\/bibliotekutvikling.no\/content\/uploads\/sites\/24\/2026\/01\/demokratifrokost-lesekrisen.jpeg","type":"image\/jpeg"}],"twitter_card":"summary_large_image","twitter_misc":{"Ansl. lesetid":"2 minutter"},"schema":{"@context":"https:\/\/schema.org","@graph":[{"@type":"WebPage","@id":"https:\/\/bibliotekutvikling.no\/kompetansebank\/event\/demokratifrokost-truer-lesekrisen-demokratiet\/","url":"https:\/\/bibliotekutvikling.no\/kompetansebank\/event\/demokratifrokost-truer-lesekrisen-demokratiet\/","name":"Demokratifrokost: Truer lesekrisen demokratiet? - Kompetansebank","isPartOf":{"@id":"https:\/\/bibliotekutvikling.no\/kompetansebank\/#website"},"primaryImageOfPage":{"@id":"https:\/\/bibliotekutvikling.no\/kompetansebank\/event\/demokratifrokost-truer-lesekrisen-demokratiet\/#primaryimage"},"image":{"@id":"https:\/\/bibliotekutvikling.no\/kompetansebank\/event\/demokratifrokost-truer-lesekrisen-demokratiet\/#primaryimage"},"thumbnailUrl":"https:\/\/bibliotekutvikling.no\/content\/uploads\/sites\/24\/2026\/01\/demokratifrokost-lesekrisen.jpeg","datePublished":"2026-01-05T12:36:47+00:00","dateModified":"2026-01-07T13:10:44+00:00","breadcrumb":{"@id":"https:\/\/bibliotekutvikling.no\/kompetansebank\/event\/demokratifrokost-truer-lesekrisen-demokratiet\/#breadcrumb"},"inLanguage":"nb-NO","potentialAction":[{"@type":"ReadAction","target":["https:\/\/bibliotekutvikling.no\/kompetansebank\/event\/demokratifrokost-truer-lesekrisen-demokratiet\/"]}]},{"@type":"ImageObject","inLanguage":"nb-NO","@id":"https:\/\/bibliotekutvikling.no\/kompetansebank\/event\/demokratifrokost-truer-lesekrisen-demokratiet\/#primaryimage","url":"https:\/\/bibliotekutvikling.no\/content\/uploads\/sites\/24\/2026\/01\/demokratifrokost-lesekrisen.jpeg","contentUrl":"https:\/\/bibliotekutvikling.no\/content\/uploads\/sites\/24\/2026\/01\/demokratifrokost-lesekrisen.jpeg","width":1000,"height":564,"caption":"Foto: Richard Williams\/Unsplash"},{"@type":"BreadcrumbList","@id":"https:\/\/bibliotekutvikling.no\/kompetansebank\/event\/demokratifrokost-truer-lesekrisen-demokratiet\/#breadcrumb","itemListElement":[{"@type":"ListItem","position":1,"name":"Hjem","item":"https:\/\/bibliotekutvikling.no\/kompetansebank\/"},{"@type":"ListItem","position":2,"name":"Demokratifrokost: Truer lesekrisen demokratiet?"}]},{"@type":"WebSite","@id":"https:\/\/bibliotekutvikling.no\/kompetansebank\/#website","url":"https:\/\/bibliotekutvikling.no\/kompetansebank\/","name":"Kompetansebank","description":"kurs og kunnskap for bibliotekansatte","publisher":{"@id":"https:\/\/bibliotekutvikling.no\/kompetansebank\/#organization"},"potentialAction":[{"@type":"SearchAction","target":{"@type":"EntryPoint","urlTemplate":"https:\/\/bibliotekutvikling.no\/kompetansebank\/?s={search_term_string}"},"query-input":{"@type":"PropertyValueSpecification","valueRequired":true,"valueName":"search_term_string"}}],"inLanguage":"nb-NO"},{"@type":"Organization","@id":"https:\/\/bibliotekutvikling.no\/kompetansebank\/#organization","name":"Bibliotekutvikling","url":"https:\/\/bibliotekutvikling.no\/kompetansebank\/","logo":{"@type":"ImageObject","inLanguage":"nb-NO","@id":"https:\/\/bibliotekutvikling.no\/kompetansebank\/#\/schema\/logo\/image\/","url":"https:\/\/bibliotekutvikling.no\/content\/uploads\/sites\/24\/2023\/10\/Favikon-BU.png","contentUrl":"https:\/\/bibliotekutvikling.no\/content\/uploads\/sites\/24\/2023\/10\/Favikon-BU.png","width":1055,"height":1054,"caption":"Bibliotekutvikling"},"image":{"@id":"https:\/\/bibliotekutvikling.no\/kompetansebank\/#\/schema\/logo\/image\/"},"sameAs":["https:\/\/www.facebook.com\/bibliotekutvikling"]},{"@type":"Event","name":"Demokratifrokost: Truer lesekrisen demokratiet?","description":"","startDate":"2026-01-28T08:30:00+01:00","endDate":"2026-01-28T09:30:00+01:00","eventStatus":"EventScheduled","eventAttendanceMode":"MixedEventAttendanceMode","location":[[],{"@type":"Place","name":"Scene Domus Bibliotheca","address":{"@type":"PostalAddress","addressCountry":"NO","addressRegion":"Oslo","addressLocality":"Oslo","postalCode":"0162","streetAddress":"Karl Johans gate 47"}}],"image":["https:\/\/bibliotekutvikling.no\/content\/uploads\/sites\/24\/2026\/01\/demokratifrokost-lesekrisen.jpeg"]}]}},"_links":{"self":[{"href":"https:\/\/bibliotekutvikling.no\/kompetansebank\/wp-json\/wp\/v2\/event\/43164","targetHints":{"allow":["GET"]}}],"collection":[{"href":"https:\/\/bibliotekutvikling.no\/kompetansebank\/wp-json\/wp\/v2\/event"}],"about":[{"href":"https:\/\/bibliotekutvikling.no\/kompetansebank\/wp-json\/wp\/v2\/types\/event"}],"author":[{"embeddable":true,"href":"https:\/\/bibliotekutvikling.no\/kompetansebank\/wp-json\/wp\/v2\/users\/6868"}],"wp:featuredmedia":[{"embeddable":true,"href":"https:\/\/bibliotekutvikling.no\/kompetansebank\/wp-json\/wp\/v2\/media\/43171"}],"wp:attachment":[{"href":"https:\/\/bibliotekutvikling.no\/kompetansebank\/wp-json\/wp\/v2\/media?parent=43164"}],"wp:term":[{"taxonomy":"event-group","embeddable":true,"href":"https:\/\/bibliotekutvikling.no\/kompetansebank\/wp-json\/wp\/v2\/event-group?post=43164"},{"taxonomy":"event-type","embeddable":true,"href":"https:\/\/bibliotekutvikling.no\/kompetansebank\/wp-json\/wp\/v2\/event-type?post=43164"},{"taxonomy":"tag","embeddable":true,"href":"https:\/\/bibliotekutvikling.no\/kompetansebank\/wp-json\/wp\/v2\/tag?post=43164"}],"curies":[{"name":"wp","href":"https:\/\/api.w.org\/{rel}","templated":true}]}}