{"id":43146,"date":"2026-01-05T12:38:29","date_gmt":"2026-01-05T11:38:29","guid":{"rendered":"https:\/\/bibliotekutvikling.no\/kompetansebank\/?post_type=event&#038;p=43146"},"modified":"2026-01-05T12:51:09","modified_gmt":"2026-01-05T11:51:09","slug":"litteratur-i-dks-fagdag-og-nettverksmote-2026","status":"publish","type":"event","link":"https:\/\/bibliotekutvikling.no\/kompetansebank\/event\/litteratur-i-dks-fagdag-og-nettverksmote-2026\/","title":{"rendered":"Litteratur i DKS: fagdag og nettverksm\u00f8te 2026"},"content":{"rendered":"\n\t\t<div class=\"t2-factbox wp-block-t2-factbox\" id=\"t2-factbox\">\n\t\t\t<div class=\"t2-factbox__content\">\n\t\t\t\t<div class=\"t2-factbox__blocks t2-factbox__inner-container is-layout-flow\">\n\t\t\t\t\t\n\n<p>Arrang\u00f8r: <a href=\"https:\/\/www.kulturtanken.no\/\" target=\"_blank\" rel=\"noreferrer noopener\">Kulturtanken<\/a><\/p>\n\n\n\t\t\t\t<\/div>\n\t\t\t\t\n\t\t\t<\/div>\n\t\t\t\n\t\t<\/div>\n\n\n<p><strong>Kulturtanken inviterer til fagdag og nettverksm\u00f8te for litteratur i DKS!\u00a0<br><\/strong><br>M\u00e5lgruppe for arrangementet er deg som jobber med ordningen p\u00e5 administrativt niv\u00e5.<\/p>\n\n\n\n<h2 class=\"wp-block-heading\" id=\"h-program\">Program<\/h2>\n\n\n\n<p><em>Med forbehold om endringer<\/em>.<\/p>\n\n\n\n<p><strong>09:00&nbsp;&nbsp;&nbsp;<a href=\"https:\/\/www.uis.no\/nb\/nasjonalt-lesesenter\/forskning\/sju-rad-for-eit-godt-fellesskap-i-lesekvarten\" target=\"_blank\" rel=\"noreferrer noopener\">Lesekvarten<\/a><\/strong><\/p>\n\n\n\n<p><strong>09:20&nbsp;&nbsp; Velkommen ved Kristin Stoltz Thomassen, fagansvarlig litteratur<\/strong><\/p>\n\n\n\n<p><strong>09:30&nbsp;&nbsp; Hvordan f\u00e5 et felles spr\u00e5k om og rundt (kvalitet i) litteraturproduksjoner i DKS? Hvordan vite at vi snakker om det samme?<\/strong><\/p>\n\n\n\n<ul class=\"wp-block-list\">\n<li>Democracy Fitness Training ved Mads Johan \u00d8gaard<\/li>\n\n\n\n<li>Vi skisserer sammen opp en strategi for hvordan vi skal komme dit.<br>Tre\u00e5rsperspektiv<\/li>\n<\/ul>\n\n\n\n<p><em>10:30&nbsp;&nbsp; Pause<\/em><\/p>\n\n\n\n<p><strong>10:45&nbsp;&nbsp;&nbsp;<a href=\"https:\/\/www.regjeringen.no\/no\/dokumenter\/sammen-om-lesing.-leselyststrategien-2024-2030\/id3040859\/\" target=\"_blank\" rel=\"noreferrer noopener\">Leselyststrategien<\/a><\/strong><\/p>\n\n\n\n<ul class=\"wp-block-list\">\n<li><strong>Hvordan brukes de ekstra midlene som tildeles fylker og direktekommuner?<\/strong><br>Sp\u00f8rsm\u00e5l og svar til\/fra de ulike administrasjonene.<br>Tre min. presentasjon pr. enhet<\/li>\n<\/ul>\n\n\n\n<p><em>11:45&nbsp;&nbsp; Lunsj<\/em><\/p>\n\n\n\n<p><strong>12:30&nbsp;&nbsp; Leselyststrategien forts.<\/strong><\/p>\n\n\n\n<ul class=\"wp-block-list\">\n<li><a href=\"https:\/\/www.kulturtanken.no\/den-kulturelle-skolesekken\/litteratur\/\">Hvordan har det g\u00e5tt med DKS littlab?<\/a><br>\u2013 Sp\u00f8rsm\u00e5l og svar til\/fra de ulike littlab\u2019ene. Presentasjon<br>\u2013 De ulike produksjonsmilj\u00f8ene og lab\u2019ene etc. (NBI, DKS, littlab, FormidlerU) \u2013 spiller de hverandre gode? B\u00f8r man gj\u00f8re endringer i hvordan de er utformet\/rigget?<\/li>\n\n\n\n<li><a href=\"https:\/\/www.kulturtanken.no\/sokbare-midler\/\">Tilskuddsordningene<\/a><br>\u2013 Hvordan jobbes de med og hvordan g\u00e5r det?<br>Ved Hege Posaas, ordningsansvarlig leselystmidlene<\/li>\n\n\n\n<li>Plenumssamtale<\/li>\n<\/ul>\n\n\n\n<p><em>14:00&nbsp;&nbsp; Pause<\/em><\/p>\n\n\n\n<p><strong>14:15&nbsp;&nbsp; Kunstnerisk innslag:&nbsp;<a href=\"https:\/\/www.nrk.no\/anmeldelser\/anmeldelse_-_du-eneste_-av-hilde-hagerup-1.17628121\" target=\"_blank\" rel=\"noreferrer noopener\">Hilde Hagerup leser fra&nbsp;<em>Du eneste<\/em><\/a><\/strong><\/p>\n\n\n\n<p><strong>14:30&nbsp;&nbsp; Eventuelt og annet<\/strong><\/p>\n\n\n\n<ul class=\"wp-block-list\">\n<li>Litteratur i DKS og tilknytning til l\u00e6replanverket. Myteknusing \u2013 eller? Hva tror ut\u00f8verne? Hva formidles fra administrasjonene?<\/li>\n\n\n\n<li>Hvor mange formidlinger pr. dag er det hensiktsmessig at en ut\u00f8ver p\u00e5 litteratur krysser av i DKS-portalen at hen vil gj\u00f8re? To? Tre?<\/li>\n\n\n\n<li>B\u00f8r vi ha en plan for informasjonsm\u00f8ter for ut\u00f8vere i forkant av at DKS-portalen \u00e5pner?<\/li>\n\n\n\n<li>Vederlag. G\u00e5r det bra?<\/li>\n\n\n\n<li>Komma 2026<\/li>\n\n\n\n<li>Ibsen 2028<\/li>\n\n\n\n<li>Er det noe spesielt vi b\u00f8r ha st\u00f8rre fokus p\u00e5 framover?<\/li>\n\n\n\n<li>Trender og tendenser der ute<\/li>\n\n\n\n<li>Annet<\/li>\n<\/ul>\n\n\n\n<p>Arrangementet er b\u00e5de fysisk og digitalt.&nbsp;P\u00e5meldingsfrist:&nbsp;<strong>torsdag 8. januar 2026, kl. 16:00<\/strong><\/p>\n\n\n\n\t\t<div class=\"t2-factbox wp-block-t2-factbox\" id=\"t2-factbox-1\">\n\t\t\t<div class=\"t2-factbox__content\">\n\t\t\t\t<div class=\"t2-factbox__blocks t2-factbox__inner-container is-layout-flow\">\n\t\t\t\t\t\n\n<h3 class=\"wp-block-heading\" id=\"h-arrangementets-nettside\"><a href=\"https:\/\/www.kulturtanken.no\/kalender\/2026\/litteratur-i-dks-fagdag-og-nettverksmote-2025\/\">Arrangementets nettside<\/a><\/h3>\n\n\n\t\t\t\t<\/div>\n\t\t\t\t\n\t\t\t<\/div>\n\t\t\t\n\t\t<\/div>","protected":false},"author":6868,"featured_media":43150,"menu_order":0,"template":"","meta":{"nb_hide_title":false,"event_tba_datetime":false,"event_all_day":false,"event_tba_start_time":false,"event_start_datetime":"2026-01-15T09:00:00","event_end_datetime":"2026-01-15T15:00:00","event_venue_id":"29007","event_ticket_vendor_url":"https:\/\/forms.office.com\/pages\/responsepage.aspx?id=dWXnXMM4rEatG1Wt8yuWqurKwKRT75pLtDy_oeDJX41URUJXNkNHOExXM085WDJaSkhIMURZS0dKWS4u&route=shorturl","event_ticket_price_text":"","event_ticket_button_text":"P\u00e5melding b\u00e5de fysisk og digitalt","event_ticket_details_text":"","event_attendance_mode":"online_and_offline","event_short_description":"","event_virtual_venue_name":"","event_virtual_venue_url":"","event_hide_from_archive":false,"event_infoscreen_place_name":"","event_hide_from_infoscreen":false,"single_header_image_is_disabled":false,"single_header_image_attachment_id":0,"single_header_image_attachment_url":""},"event-group":[],"event-type":[],"tag":[],"class_list":["post-43146","event","type-event","status-publish","has-post-thumbnail","hentry"],"yoast_head":"<!-- This site is optimized with the Yoast SEO Premium plugin v27.1 (Yoast SEO v27.1.1) - https:\/\/yoast.com\/product\/yoast-seo-premium-wordpress\/ -->\n<title>Litteratur i DKS: fagdag og nettverksm\u00f8te 2026 - Kompetansebank<\/title>\n<meta name=\"robots\" content=\"index, follow, max-snippet:-1, max-image-preview:large, max-video-preview:-1\" \/>\n<link rel=\"canonical\" href=\"https:\/\/bibliotekutvikling.no\/kompetansebank\/event\/litteratur-i-dks-fagdag-og-nettverksmote-2026\/\" \/>\n<meta property=\"og:locale\" content=\"nb_NO\" \/>\n<meta property=\"og:type\" content=\"article\" \/>\n<meta property=\"og:title\" content=\"Litteratur i DKS: fagdag og nettverksm\u00f8te 2026\" \/>\n<meta property=\"og:url\" content=\"https:\/\/bibliotekutvikling.no\/kompetansebank\/event\/litteratur-i-dks-fagdag-og-nettverksmote-2026\/\" \/>\n<meta property=\"og:site_name\" content=\"Kompetansebank\" \/>\n<meta property=\"article:publisher\" content=\"https:\/\/www.facebook.com\/bibliotekutvikling\" \/>\n<meta property=\"article:modified_time\" content=\"2026-01-05T11:51:09+00:00\" \/>\n<meta property=\"og:image\" content=\"https:\/\/bibliotekutvikling.no\/content\/uploads\/sites\/24\/2026\/01\/Kulturtanken_Staaende_.jpg\" \/>\n\t<meta property=\"og:image:width\" content=\"600\" \/>\n\t<meta property=\"og:image:height\" content=\"494\" \/>\n\t<meta property=\"og:image:type\" content=\"image\/jpeg\" \/>\n<meta name=\"twitter:card\" content=\"summary_large_image\" \/>\n<meta name=\"twitter:label1\" content=\"Ansl. lesetid\" \/>\n\t<meta name=\"twitter:data1\" content=\"2 minutter\" \/>\n<script type=\"application\/ld+json\" class=\"yoast-schema-graph\">{\"@context\":\"https:\/\/schema.org\",\"@graph\":[{\"@type\":\"WebPage\",\"@id\":\"https:\/\/bibliotekutvikling.no\/kompetansebank\/event\/litteratur-i-dks-fagdag-og-nettverksmote-2026\/\",\"url\":\"https:\/\/bibliotekutvikling.no\/kompetansebank\/event\/litteratur-i-dks-fagdag-og-nettverksmote-2026\/\",\"name\":\"Litteratur i DKS: fagdag og nettverksm\u00f8te 2026 - Kompetansebank\",\"isPartOf\":{\"@id\":\"https:\/\/bibliotekutvikling.no\/kompetansebank\/#website\"},\"primaryImageOfPage\":{\"@id\":\"https:\/\/bibliotekutvikling.no\/kompetansebank\/event\/litteratur-i-dks-fagdag-og-nettverksmote-2026\/#primaryimage\"},\"image\":{\"@id\":\"https:\/\/bibliotekutvikling.no\/kompetansebank\/event\/litteratur-i-dks-fagdag-og-nettverksmote-2026\/#primaryimage\"},\"thumbnailUrl\":\"https:\/\/bibliotekutvikling.no\/content\/uploads\/sites\/24\/2026\/01\/Kulturtanken_Staaende_.jpg\",\"datePublished\":\"2026-01-05T11:38:29+00:00\",\"dateModified\":\"2026-01-05T11:51:09+00:00\",\"breadcrumb\":{\"@id\":\"https:\/\/bibliotekutvikling.no\/kompetansebank\/event\/litteratur-i-dks-fagdag-og-nettverksmote-2026\/#breadcrumb\"},\"inLanguage\":\"nb-NO\",\"potentialAction\":[{\"@type\":\"ReadAction\",\"target\":[\"https:\/\/bibliotekutvikling.no\/kompetansebank\/event\/litteratur-i-dks-fagdag-og-nettverksmote-2026\/\"]}]},{\"@type\":\"ImageObject\",\"inLanguage\":\"nb-NO\",\"@id\":\"https:\/\/bibliotekutvikling.no\/kompetansebank\/event\/litteratur-i-dks-fagdag-og-nettverksmote-2026\/#primaryimage\",\"url\":\"https:\/\/bibliotekutvikling.no\/content\/uploads\/sites\/24\/2026\/01\/Kulturtanken_Staaende_.jpg\",\"contentUrl\":\"https:\/\/bibliotekutvikling.no\/content\/uploads\/sites\/24\/2026\/01\/Kulturtanken_Staaende_.jpg\",\"width\":600,\"height\":494},{\"@type\":\"BreadcrumbList\",\"@id\":\"https:\/\/bibliotekutvikling.no\/kompetansebank\/event\/litteratur-i-dks-fagdag-og-nettverksmote-2026\/#breadcrumb\",\"itemListElement\":[{\"@type\":\"ListItem\",\"position\":1,\"name\":\"Hjem\",\"item\":\"https:\/\/bibliotekutvikling.no\/kompetansebank\/\"},{\"@type\":\"ListItem\",\"position\":2,\"name\":\"Litteratur i DKS: fagdag og nettverksm\u00f8te 2026\"}]},{\"@type\":\"WebSite\",\"@id\":\"https:\/\/bibliotekutvikling.no\/kompetansebank\/#website\",\"url\":\"https:\/\/bibliotekutvikling.no\/kompetansebank\/\",\"name\":\"Kompetansebank\",\"description\":\"kurs og kunnskap for bibliotekansatte\",\"publisher\":{\"@id\":\"https:\/\/bibliotekutvikling.no\/kompetansebank\/#organization\"},\"potentialAction\":[{\"@type\":\"SearchAction\",\"target\":{\"@type\":\"EntryPoint\",\"urlTemplate\":\"https:\/\/bibliotekutvikling.no\/kompetansebank\/?s={search_term_string}\"},\"query-input\":{\"@type\":\"PropertyValueSpecification\",\"valueRequired\":true,\"valueName\":\"search_term_string\"}}],\"inLanguage\":\"nb-NO\"},{\"@type\":\"Organization\",\"@id\":\"https:\/\/bibliotekutvikling.no\/kompetansebank\/#organization\",\"name\":\"Bibliotekutvikling\",\"url\":\"https:\/\/bibliotekutvikling.no\/kompetansebank\/\",\"logo\":{\"@type\":\"ImageObject\",\"inLanguage\":\"nb-NO\",\"@id\":\"https:\/\/bibliotekutvikling.no\/kompetansebank\/#\/schema\/logo\/image\/\",\"url\":\"https:\/\/bibliotekutvikling.no\/content\/uploads\/sites\/24\/2023\/10\/Favikon-BU.png\",\"contentUrl\":\"https:\/\/bibliotekutvikling.no\/content\/uploads\/sites\/24\/2023\/10\/Favikon-BU.png\",\"width\":1055,\"height\":1054,\"caption\":\"Bibliotekutvikling\"},\"image\":{\"@id\":\"https:\/\/bibliotekutvikling.no\/kompetansebank\/#\/schema\/logo\/image\/\"},\"sameAs\":[\"https:\/\/www.facebook.com\/bibliotekutvikling\"]},{\"@type\":\"Event\",\"name\":\"Litteratur i DKS: fagdag og nettverksm\u00f8te 2026\",\"description\":\"\",\"startDate\":\"2026-01-15T09:00:00+01:00\",\"endDate\":\"2026-01-15T15:00:00+01:00\",\"eventStatus\":\"EventScheduled\",\"eventAttendanceMode\":\"MixedEventAttendanceMode\",\"location\":[[],{\"@type\":\"Place\",\"name\":\"Kulturtanken, studio 1\",\"address\":{\"@type\":\"PostalAddress\",\"addressCountry\":\"NO\",\"addressRegion\":\"Oslo\",\"addressLocality\":\"Oslo\",\"postalCode\":\"0484\",\"streetAddress\":\"Gullhaug Torg 2 b\"}}],\"image\":[\"https:\/\/bibliotekutvikling.no\/content\/uploads\/sites\/24\/2026\/01\/Kulturtanken_Staaende_.jpg\"]}]}<\/script>\n<!-- \/ Yoast SEO Premium plugin. -->","yoast_head_json":{"title":"Litteratur i DKS: fagdag og nettverksm\u00f8te 2026 - Kompetansebank","robots":{"index":"index","follow":"follow","max-snippet":"max-snippet:-1","max-image-preview":"max-image-preview:large","max-video-preview":"max-video-preview:-1"},"canonical":"https:\/\/bibliotekutvikling.no\/kompetansebank\/event\/litteratur-i-dks-fagdag-og-nettverksmote-2026\/","og_locale":"nb_NO","og_type":"article","og_title":"Litteratur i DKS: fagdag og nettverksm\u00f8te 2026","og_url":"https:\/\/bibliotekutvikling.no\/kompetansebank\/event\/litteratur-i-dks-fagdag-og-nettverksmote-2026\/","og_site_name":"Kompetansebank","article_publisher":"https:\/\/www.facebook.com\/bibliotekutvikling","article_modified_time":"2026-01-05T11:51:09+00:00","og_image":[{"width":600,"height":494,"url":"https:\/\/bibliotekutvikling.no\/content\/uploads\/sites\/24\/2026\/01\/Kulturtanken_Staaende_.jpg","type":"image\/jpeg"}],"twitter_card":"summary_large_image","twitter_misc":{"Ansl. lesetid":"2 minutter"},"schema":{"@context":"https:\/\/schema.org","@graph":[{"@type":"WebPage","@id":"https:\/\/bibliotekutvikling.no\/kompetansebank\/event\/litteratur-i-dks-fagdag-og-nettverksmote-2026\/","url":"https:\/\/bibliotekutvikling.no\/kompetansebank\/event\/litteratur-i-dks-fagdag-og-nettverksmote-2026\/","name":"Litteratur i DKS: fagdag og nettverksm\u00f8te 2026 - Kompetansebank","isPartOf":{"@id":"https:\/\/bibliotekutvikling.no\/kompetansebank\/#website"},"primaryImageOfPage":{"@id":"https:\/\/bibliotekutvikling.no\/kompetansebank\/event\/litteratur-i-dks-fagdag-og-nettverksmote-2026\/#primaryimage"},"image":{"@id":"https:\/\/bibliotekutvikling.no\/kompetansebank\/event\/litteratur-i-dks-fagdag-og-nettverksmote-2026\/#primaryimage"},"thumbnailUrl":"https:\/\/bibliotekutvikling.no\/content\/uploads\/sites\/24\/2026\/01\/Kulturtanken_Staaende_.jpg","datePublished":"2026-01-05T11:38:29+00:00","dateModified":"2026-01-05T11:51:09+00:00","breadcrumb":{"@id":"https:\/\/bibliotekutvikling.no\/kompetansebank\/event\/litteratur-i-dks-fagdag-og-nettverksmote-2026\/#breadcrumb"},"inLanguage":"nb-NO","potentialAction":[{"@type":"ReadAction","target":["https:\/\/bibliotekutvikling.no\/kompetansebank\/event\/litteratur-i-dks-fagdag-og-nettverksmote-2026\/"]}]},{"@type":"ImageObject","inLanguage":"nb-NO","@id":"https:\/\/bibliotekutvikling.no\/kompetansebank\/event\/litteratur-i-dks-fagdag-og-nettverksmote-2026\/#primaryimage","url":"https:\/\/bibliotekutvikling.no\/content\/uploads\/sites\/24\/2026\/01\/Kulturtanken_Staaende_.jpg","contentUrl":"https:\/\/bibliotekutvikling.no\/content\/uploads\/sites\/24\/2026\/01\/Kulturtanken_Staaende_.jpg","width":600,"height":494},{"@type":"BreadcrumbList","@id":"https:\/\/bibliotekutvikling.no\/kompetansebank\/event\/litteratur-i-dks-fagdag-og-nettverksmote-2026\/#breadcrumb","itemListElement":[{"@type":"ListItem","position":1,"name":"Hjem","item":"https:\/\/bibliotekutvikling.no\/kompetansebank\/"},{"@type":"ListItem","position":2,"name":"Litteratur i DKS: fagdag og nettverksm\u00f8te 2026"}]},{"@type":"WebSite","@id":"https:\/\/bibliotekutvikling.no\/kompetansebank\/#website","url":"https:\/\/bibliotekutvikling.no\/kompetansebank\/","name":"Kompetansebank","description":"kurs og kunnskap for bibliotekansatte","publisher":{"@id":"https:\/\/bibliotekutvikling.no\/kompetansebank\/#organization"},"potentialAction":[{"@type":"SearchAction","target":{"@type":"EntryPoint","urlTemplate":"https:\/\/bibliotekutvikling.no\/kompetansebank\/?s={search_term_string}"},"query-input":{"@type":"PropertyValueSpecification","valueRequired":true,"valueName":"search_term_string"}}],"inLanguage":"nb-NO"},{"@type":"Organization","@id":"https:\/\/bibliotekutvikling.no\/kompetansebank\/#organization","name":"Bibliotekutvikling","url":"https:\/\/bibliotekutvikling.no\/kompetansebank\/","logo":{"@type":"ImageObject","inLanguage":"nb-NO","@id":"https:\/\/bibliotekutvikling.no\/kompetansebank\/#\/schema\/logo\/image\/","url":"https:\/\/bibliotekutvikling.no\/content\/uploads\/sites\/24\/2023\/10\/Favikon-BU.png","contentUrl":"https:\/\/bibliotekutvikling.no\/content\/uploads\/sites\/24\/2023\/10\/Favikon-BU.png","width":1055,"height":1054,"caption":"Bibliotekutvikling"},"image":{"@id":"https:\/\/bibliotekutvikling.no\/kompetansebank\/#\/schema\/logo\/image\/"},"sameAs":["https:\/\/www.facebook.com\/bibliotekutvikling"]},{"@type":"Event","name":"Litteratur i DKS: fagdag og nettverksm\u00f8te 2026","description":"","startDate":"2026-01-15T09:00:00+01:00","endDate":"2026-01-15T15:00:00+01:00","eventStatus":"EventScheduled","eventAttendanceMode":"MixedEventAttendanceMode","location":[[],{"@type":"Place","name":"Kulturtanken, studio 1","address":{"@type":"PostalAddress","addressCountry":"NO","addressRegion":"Oslo","addressLocality":"Oslo","postalCode":"0484","streetAddress":"Gullhaug Torg 2 b"}}],"image":["https:\/\/bibliotekutvikling.no\/content\/uploads\/sites\/24\/2026\/01\/Kulturtanken_Staaende_.jpg"]}]}},"_links":{"self":[{"href":"https:\/\/bibliotekutvikling.no\/kompetansebank\/wp-json\/wp\/v2\/event\/43146","targetHints":{"allow":["GET"]}}],"collection":[{"href":"https:\/\/bibliotekutvikling.no\/kompetansebank\/wp-json\/wp\/v2\/event"}],"about":[{"href":"https:\/\/bibliotekutvikling.no\/kompetansebank\/wp-json\/wp\/v2\/types\/event"}],"author":[{"embeddable":true,"href":"https:\/\/bibliotekutvikling.no\/kompetansebank\/wp-json\/wp\/v2\/users\/6868"}],"wp:featuredmedia":[{"embeddable":true,"href":"https:\/\/bibliotekutvikling.no\/kompetansebank\/wp-json\/wp\/v2\/media\/43150"}],"wp:attachment":[{"href":"https:\/\/bibliotekutvikling.no\/kompetansebank\/wp-json\/wp\/v2\/media?parent=43146"}],"wp:term":[{"taxonomy":"event-group","embeddable":true,"href":"https:\/\/bibliotekutvikling.no\/kompetansebank\/wp-json\/wp\/v2\/event-group?post=43146"},{"taxonomy":"event-type","embeddable":true,"href":"https:\/\/bibliotekutvikling.no\/kompetansebank\/wp-json\/wp\/v2\/event-type?post=43146"},{"taxonomy":"tag","embeddable":true,"href":"https:\/\/bibliotekutvikling.no\/kompetansebank\/wp-json\/wp\/v2\/tag?post=43146"}],"curies":[{"name":"wp","href":"https:\/\/api.w.org\/{rel}","templated":true}]}}