{"id":43091,"date":"2025-12-10T10:44:05","date_gmt":"2025-12-10T09:44:05","guid":{"rendered":"https:\/\/bibliotekutvikling.no\/kompetansebank\/?post_type=event&#038;p=43091"},"modified":"2025-12-15T09:49:41","modified_gmt":"2025-12-15T08:49:41","slug":"berekraft-i-bibliotek-om-klimafestivalen-junior-og-veke-17","status":"publish","type":"event","link":"https:\/\/bibliotekutvikling.no\/kompetansebank\/event\/berekraft-i-bibliotek-om-klimafestivalen-junior-og-veke-17\/","title":{"rendered":"Berekraft i bibliotek &#8211; om Klimafestivalen Junior og veke 17"},"content":{"rendered":"\n\t\t<div class=\"t2-factbox wp-block-t2-factbox\" id=\"t2-factbox\">\n\t\t\t<div class=\"t2-factbox__content\">\n\t\t\t\t<div class=\"t2-factbox__blocks t2-factbox__inner-container is-layout-flow\">\n\t\t\t\t\t\n\n<p>Arrang\u00f8r: Eit samarbeid mellom <a href=\"https:\/\/www.vestlandfylke.no\/kultur\/bibliotekutvikling\/arrangement\/\">Vestland fylkeskommune<\/a> og <a href=\"https:\/\/bergenbibliotek.no\/\">Bergen Offentlige Bibliotek<\/a><\/p>\n\n\n\t\t\t\t<\/div>\n\t\t\t\t\n\t\t\t<\/div>\n\t\t\t\n\t\t<\/div>\n\n\n<p>Velkommen til ei digital samling som inspirerer til arbeid med berekraft i bibliotek, og peiker fram mot arrangement i veke 17.<\/p>\n\n\n\n<p>Bergen Offentlige Bibliotek har skapt Noregs st\u00f8rste klimafestival for barn, i partnarskap med klimafestivalen Varmere V\u00e5tere Villere. Festivalen er eit \u00e5rleg arrangement med m\u00e5l om \u00e5 st\u00f8tte barn og unge sitt klimamedvit, motstandskraft og samfunnsdeltaking.<\/p>\n\n\n\n<p>Bli med p\u00e5 samlinga og h\u00f8yr korleis litteratur, vitskap, handverk og kulturprogram kan kombinerast for \u00e5 inspirera til handlekraft og handling. Hans Eirik Systad Tyssen (prosjekteigar) og Siri Raknes (prosjektleiar) deler erfaringar med programmering og samarbeid med eksterne partar.<\/p>\n\n\n\n<h3 class=\"wp-block-heading\" id=\"h-bergen-offentlige-bibliotek-i-veke-17\">Bergen Offentlige Bibliotek i veke 17<\/h3>\n\n\n\n<p>Biblioteket i Bergen har jobba med veke 17 sidan den starta opp i Noreg i 2024 &#8211; Mirjam Johanna \u00d8ien Eiksund informerer om erfaringane dei har gjort.<\/p>\n\n\n\n\t\t<div class=\"t2-factbox wp-block-t2-factbox\" id=\"t2-factbox-1\">\n\t\t\t<div class=\"t2-factbox__content\">\n\t\t\t\t<div class=\"t2-factbox__blocks t2-factbox__inner-container is-layout-flow\">\n\t\t\t\t\t\n\n<p><a href=\"https:\/\/vlfk.pameldingssystem.no\/om-berekraft-i-bibliotek\">Arrangementets nettside<\/a><\/p>\n\n\n\t\t\t\t<\/div>\n\t\t\t\t\n\t\t\t<\/div>\n\t\t\t\n\t\t<\/div>","protected":false},"author":6868,"featured_media":43111,"menu_order":0,"template":"","meta":{"nb_hide_title":false,"event_tba_datetime":false,"event_all_day":false,"event_tba_start_time":false,"event_start_datetime":"2026-01-13T09:00:00","event_end_datetime":"2026-01-13T10:00:00","event_venue_id":"","event_ticket_vendor_url":"https:\/\/vlfk.pameldingssystem.no\/om-berekraft-i-bibliotek","event_ticket_price_text":"Teams-lenke blir sendt ut til p\u00e5melde","event_ticket_button_text":"P\u00e5melding","event_ticket_details_text":"","event_attendance_mode":"online","event_short_description":"Velkommen til ei samling som skal inspirere til arbeid med berekraft i bibliotek, og peike fram mot arrangement i veke 17.  P\u00e5 Teams tysdag 13. januar kl 0900-1000","event_virtual_venue_name":"Teams","event_virtual_venue_url":"","event_hide_from_archive":false,"event_infoscreen_place_name":"","event_hide_from_infoscreen":false,"single_header_image_is_disabled":false,"single_header_image_attachment_id":0,"single_header_image_attachment_url":""},"event-group":[],"event-type":[],"tag":[],"class_list":["post-43091","event","type-event","status-publish","has-post-thumbnail","hentry"],"yoast_head":"<!-- This site is optimized with the Yoast SEO Premium plugin v27.1 (Yoast SEO v27.1.1) - https:\/\/yoast.com\/product\/yoast-seo-premium-wordpress\/ -->\n<title>Berekraft i bibliotek - om Klimafestivalen Junior og veke 17 - Kompetansebank<\/title>\n<meta name=\"robots\" content=\"index, follow, max-snippet:-1, max-image-preview:large, max-video-preview:-1\" \/>\n<link rel=\"canonical\" href=\"https:\/\/bibliotekutvikling.no\/kompetansebank\/event\/berekraft-i-bibliotek-om-klimafestivalen-junior-og-veke-17\/\" \/>\n<meta property=\"og:locale\" content=\"nb_NO\" \/>\n<meta property=\"og:type\" content=\"article\" \/>\n<meta property=\"og:title\" content=\"Berekraft i bibliotek - om Klimafestivalen Junior og veke 17\" \/>\n<meta property=\"og:url\" content=\"https:\/\/bibliotekutvikling.no\/kompetansebank\/event\/berekraft-i-bibliotek-om-klimafestivalen-junior-og-veke-17\/\" \/>\n<meta property=\"og:site_name\" content=\"Kompetansebank\" \/>\n<meta property=\"article:publisher\" content=\"https:\/\/www.facebook.com\/bibliotekutvikling\" \/>\n<meta property=\"article:modified_time\" content=\"2025-12-15T08:49:41+00:00\" \/>\n<meta property=\"og:image\" content=\"https:\/\/bibliotekutvikling.no\/content\/uploads\/sites\/24\/2025\/12\/Klimafestival-backdrop-002.png\" \/>\n\t<meta property=\"og:image:width\" content=\"1920\" \/>\n\t<meta property=\"og:image:height\" content=\"1080\" \/>\n\t<meta property=\"og:image:type\" content=\"image\/png\" \/>\n<meta name=\"twitter:card\" content=\"summary_large_image\" \/>\n<meta name=\"twitter:label1\" content=\"Ansl. lesetid\" \/>\n\t<meta name=\"twitter:data1\" content=\"1 minutt\" \/>\n<script type=\"application\/ld+json\" class=\"yoast-schema-graph\">{\"@context\":\"https:\/\/schema.org\",\"@graph\":[{\"@type\":\"WebPage\",\"@id\":\"https:\/\/bibliotekutvikling.no\/kompetansebank\/event\/berekraft-i-bibliotek-om-klimafestivalen-junior-og-veke-17\/\",\"url\":\"https:\/\/bibliotekutvikling.no\/kompetansebank\/event\/berekraft-i-bibliotek-om-klimafestivalen-junior-og-veke-17\/\",\"name\":\"Berekraft i bibliotek - om Klimafestivalen Junior og veke 17 - Kompetansebank\",\"isPartOf\":{\"@id\":\"https:\/\/bibliotekutvikling.no\/kompetansebank\/#website\"},\"primaryImageOfPage\":{\"@id\":\"https:\/\/bibliotekutvikling.no\/kompetansebank\/event\/berekraft-i-bibliotek-om-klimafestivalen-junior-og-veke-17\/#primaryimage\"},\"image\":{\"@id\":\"https:\/\/bibliotekutvikling.no\/kompetansebank\/event\/berekraft-i-bibliotek-om-klimafestivalen-junior-og-veke-17\/#primaryimage\"},\"thumbnailUrl\":\"https:\/\/bibliotekutvikling.no\/content\/uploads\/sites\/24\/2025\/12\/Klimafestival-backdrop-002.png\",\"datePublished\":\"2025-12-10T09:44:05+00:00\",\"dateModified\":\"2025-12-15T08:49:41+00:00\",\"breadcrumb\":{\"@id\":\"https:\/\/bibliotekutvikling.no\/kompetansebank\/event\/berekraft-i-bibliotek-om-klimafestivalen-junior-og-veke-17\/#breadcrumb\"},\"inLanguage\":\"nb-NO\",\"potentialAction\":[{\"@type\":\"ReadAction\",\"target\":[\"https:\/\/bibliotekutvikling.no\/kompetansebank\/event\/berekraft-i-bibliotek-om-klimafestivalen-junior-og-veke-17\/\"]}]},{\"@type\":\"ImageObject\",\"inLanguage\":\"nb-NO\",\"@id\":\"https:\/\/bibliotekutvikling.no\/kompetansebank\/event\/berekraft-i-bibliotek-om-klimafestivalen-junior-og-veke-17\/#primaryimage\",\"url\":\"https:\/\/bibliotekutvikling.no\/content\/uploads\/sites\/24\/2025\/12\/Klimafestival-backdrop-002.png\",\"contentUrl\":\"https:\/\/bibliotekutvikling.no\/content\/uploads\/sites\/24\/2025\/12\/Klimafestival-backdrop-002.png\",\"width\":1920,\"height\":1080},{\"@type\":\"BreadcrumbList\",\"@id\":\"https:\/\/bibliotekutvikling.no\/kompetansebank\/event\/berekraft-i-bibliotek-om-klimafestivalen-junior-og-veke-17\/#breadcrumb\",\"itemListElement\":[{\"@type\":\"ListItem\",\"position\":1,\"name\":\"Hjem\",\"item\":\"https:\/\/bibliotekutvikling.no\/kompetansebank\/\"},{\"@type\":\"ListItem\",\"position\":2,\"name\":\"Berekraft i bibliotek &#8211; om Klimafestivalen Junior og veke 17\"}]},{\"@type\":\"WebSite\",\"@id\":\"https:\/\/bibliotekutvikling.no\/kompetansebank\/#website\",\"url\":\"https:\/\/bibliotekutvikling.no\/kompetansebank\/\",\"name\":\"Kompetansebank\",\"description\":\"kurs og kunnskap for bibliotekansatte\",\"publisher\":{\"@id\":\"https:\/\/bibliotekutvikling.no\/kompetansebank\/#organization\"},\"potentialAction\":[{\"@type\":\"SearchAction\",\"target\":{\"@type\":\"EntryPoint\",\"urlTemplate\":\"https:\/\/bibliotekutvikling.no\/kompetansebank\/?s={search_term_string}\"},\"query-input\":{\"@type\":\"PropertyValueSpecification\",\"valueRequired\":true,\"valueName\":\"search_term_string\"}}],\"inLanguage\":\"nb-NO\"},{\"@type\":\"Organization\",\"@id\":\"https:\/\/bibliotekutvikling.no\/kompetansebank\/#organization\",\"name\":\"Bibliotekutvikling\",\"url\":\"https:\/\/bibliotekutvikling.no\/kompetansebank\/\",\"logo\":{\"@type\":\"ImageObject\",\"inLanguage\":\"nb-NO\",\"@id\":\"https:\/\/bibliotekutvikling.no\/kompetansebank\/#\/schema\/logo\/image\/\",\"url\":\"https:\/\/bibliotekutvikling.no\/content\/uploads\/sites\/24\/2023\/10\/Favikon-BU.png\",\"contentUrl\":\"https:\/\/bibliotekutvikling.no\/content\/uploads\/sites\/24\/2023\/10\/Favikon-BU.png\",\"width\":1055,\"height\":1054,\"caption\":\"Bibliotekutvikling\"},\"image\":{\"@id\":\"https:\/\/bibliotekutvikling.no\/kompetansebank\/#\/schema\/logo\/image\/\"},\"sameAs\":[\"https:\/\/www.facebook.com\/bibliotekutvikling\"]},{\"@type\":\"Event\",\"name\":\"Berekraft i bibliotek - om Klimafestivalen Junior og veke 17\",\"description\":\"Velkommen til ei samling som skal inspirere til arbeid med berekraft i bibliotek, og peike fram mot arrangement i veke 17.  P\u00e5 Teams tysdag 13. januar kl 0900-1000\",\"startDate\":\"2026-01-13T09:00:00+01:00\",\"endDate\":\"2026-01-13T10:00:00+01:00\",\"eventStatus\":\"EventScheduled\",\"eventAttendanceMode\":\"OnlineEventAttendanceMode\",\"location\":[[]],\"image\":[\"https:\/\/bibliotekutvikling.no\/content\/uploads\/sites\/24\/2025\/12\/Klimafestival-backdrop-002-1024x576.png\"]}]}<\/script>\n<!-- \/ Yoast SEO Premium plugin. -->","yoast_head_json":{"title":"Berekraft i bibliotek - om Klimafestivalen Junior og veke 17 - Kompetansebank","robots":{"index":"index","follow":"follow","max-snippet":"max-snippet:-1","max-image-preview":"max-image-preview:large","max-video-preview":"max-video-preview:-1"},"canonical":"https:\/\/bibliotekutvikling.no\/kompetansebank\/event\/berekraft-i-bibliotek-om-klimafestivalen-junior-og-veke-17\/","og_locale":"nb_NO","og_type":"article","og_title":"Berekraft i bibliotek - om Klimafestivalen Junior og veke 17","og_url":"https:\/\/bibliotekutvikling.no\/kompetansebank\/event\/berekraft-i-bibliotek-om-klimafestivalen-junior-og-veke-17\/","og_site_name":"Kompetansebank","article_publisher":"https:\/\/www.facebook.com\/bibliotekutvikling","article_modified_time":"2025-12-15T08:49:41+00:00","og_image":[{"width":1920,"height":1080,"url":"https:\/\/bibliotekutvikling.no\/content\/uploads\/sites\/24\/2025\/12\/Klimafestival-backdrop-002.png","type":"image\/png"}],"twitter_card":"summary_large_image","twitter_misc":{"Ansl. lesetid":"1 minutt"},"schema":{"@context":"https:\/\/schema.org","@graph":[{"@type":"WebPage","@id":"https:\/\/bibliotekutvikling.no\/kompetansebank\/event\/berekraft-i-bibliotek-om-klimafestivalen-junior-og-veke-17\/","url":"https:\/\/bibliotekutvikling.no\/kompetansebank\/event\/berekraft-i-bibliotek-om-klimafestivalen-junior-og-veke-17\/","name":"Berekraft i bibliotek - om Klimafestivalen Junior og veke 17 - Kompetansebank","isPartOf":{"@id":"https:\/\/bibliotekutvikling.no\/kompetansebank\/#website"},"primaryImageOfPage":{"@id":"https:\/\/bibliotekutvikling.no\/kompetansebank\/event\/berekraft-i-bibliotek-om-klimafestivalen-junior-og-veke-17\/#primaryimage"},"image":{"@id":"https:\/\/bibliotekutvikling.no\/kompetansebank\/event\/berekraft-i-bibliotek-om-klimafestivalen-junior-og-veke-17\/#primaryimage"},"thumbnailUrl":"https:\/\/bibliotekutvikling.no\/content\/uploads\/sites\/24\/2025\/12\/Klimafestival-backdrop-002.png","datePublished":"2025-12-10T09:44:05+00:00","dateModified":"2025-12-15T08:49:41+00:00","breadcrumb":{"@id":"https:\/\/bibliotekutvikling.no\/kompetansebank\/event\/berekraft-i-bibliotek-om-klimafestivalen-junior-og-veke-17\/#breadcrumb"},"inLanguage":"nb-NO","potentialAction":[{"@type":"ReadAction","target":["https:\/\/bibliotekutvikling.no\/kompetansebank\/event\/berekraft-i-bibliotek-om-klimafestivalen-junior-og-veke-17\/"]}]},{"@type":"ImageObject","inLanguage":"nb-NO","@id":"https:\/\/bibliotekutvikling.no\/kompetansebank\/event\/berekraft-i-bibliotek-om-klimafestivalen-junior-og-veke-17\/#primaryimage","url":"https:\/\/bibliotekutvikling.no\/content\/uploads\/sites\/24\/2025\/12\/Klimafestival-backdrop-002.png","contentUrl":"https:\/\/bibliotekutvikling.no\/content\/uploads\/sites\/24\/2025\/12\/Klimafestival-backdrop-002.png","width":1920,"height":1080},{"@type":"BreadcrumbList","@id":"https:\/\/bibliotekutvikling.no\/kompetansebank\/event\/berekraft-i-bibliotek-om-klimafestivalen-junior-og-veke-17\/#breadcrumb","itemListElement":[{"@type":"ListItem","position":1,"name":"Hjem","item":"https:\/\/bibliotekutvikling.no\/kompetansebank\/"},{"@type":"ListItem","position":2,"name":"Berekraft i bibliotek &#8211; om Klimafestivalen Junior og veke 17"}]},{"@type":"WebSite","@id":"https:\/\/bibliotekutvikling.no\/kompetansebank\/#website","url":"https:\/\/bibliotekutvikling.no\/kompetansebank\/","name":"Kompetansebank","description":"kurs og kunnskap for bibliotekansatte","publisher":{"@id":"https:\/\/bibliotekutvikling.no\/kompetansebank\/#organization"},"potentialAction":[{"@type":"SearchAction","target":{"@type":"EntryPoint","urlTemplate":"https:\/\/bibliotekutvikling.no\/kompetansebank\/?s={search_term_string}"},"query-input":{"@type":"PropertyValueSpecification","valueRequired":true,"valueName":"search_term_string"}}],"inLanguage":"nb-NO"},{"@type":"Organization","@id":"https:\/\/bibliotekutvikling.no\/kompetansebank\/#organization","name":"Bibliotekutvikling","url":"https:\/\/bibliotekutvikling.no\/kompetansebank\/","logo":{"@type":"ImageObject","inLanguage":"nb-NO","@id":"https:\/\/bibliotekutvikling.no\/kompetansebank\/#\/schema\/logo\/image\/","url":"https:\/\/bibliotekutvikling.no\/content\/uploads\/sites\/24\/2023\/10\/Favikon-BU.png","contentUrl":"https:\/\/bibliotekutvikling.no\/content\/uploads\/sites\/24\/2023\/10\/Favikon-BU.png","width":1055,"height":1054,"caption":"Bibliotekutvikling"},"image":{"@id":"https:\/\/bibliotekutvikling.no\/kompetansebank\/#\/schema\/logo\/image\/"},"sameAs":["https:\/\/www.facebook.com\/bibliotekutvikling"]},{"@type":"Event","name":"Berekraft i bibliotek - om Klimafestivalen Junior og veke 17","description":"Velkommen til ei samling som skal inspirere til arbeid med berekraft i bibliotek, og peike fram mot arrangement i veke 17.  P\u00e5 Teams tysdag 13. januar kl 0900-1000","startDate":"2026-01-13T09:00:00+01:00","endDate":"2026-01-13T10:00:00+01:00","eventStatus":"EventScheduled","eventAttendanceMode":"OnlineEventAttendanceMode","location":[[]],"image":["https:\/\/bibliotekutvikling.no\/content\/uploads\/sites\/24\/2025\/12\/Klimafestival-backdrop-002-1024x576.png"]}]}},"_links":{"self":[{"href":"https:\/\/bibliotekutvikling.no\/kompetansebank\/wp-json\/wp\/v2\/event\/43091","targetHints":{"allow":["GET"]}}],"collection":[{"href":"https:\/\/bibliotekutvikling.no\/kompetansebank\/wp-json\/wp\/v2\/event"}],"about":[{"href":"https:\/\/bibliotekutvikling.no\/kompetansebank\/wp-json\/wp\/v2\/types\/event"}],"author":[{"embeddable":true,"href":"https:\/\/bibliotekutvikling.no\/kompetansebank\/wp-json\/wp\/v2\/users\/6868"}],"wp:featuredmedia":[{"embeddable":true,"href":"https:\/\/bibliotekutvikling.no\/kompetansebank\/wp-json\/wp\/v2\/media\/43111"}],"wp:attachment":[{"href":"https:\/\/bibliotekutvikling.no\/kompetansebank\/wp-json\/wp\/v2\/media?parent=43091"}],"wp:term":[{"taxonomy":"event-group","embeddable":true,"href":"https:\/\/bibliotekutvikling.no\/kompetansebank\/wp-json\/wp\/v2\/event-group?post=43091"},{"taxonomy":"event-type","embeddable":true,"href":"https:\/\/bibliotekutvikling.no\/kompetansebank\/wp-json\/wp\/v2\/event-type?post=43091"},{"taxonomy":"tag","embeddable":true,"href":"https:\/\/bibliotekutvikling.no\/kompetansebank\/wp-json\/wp\/v2\/tag?post=43091"}],"curies":[{"name":"wp","href":"https:\/\/api.w.org\/{rel}","templated":true}]}}