{"id":43018,"date":"2025-12-01T13:25:55","date_gmt":"2025-12-01T12:25:55","guid":{"rendered":"https:\/\/bibliotekutvikling.no\/kompetansebank\/?post_type=event&#038;p=43018"},"modified":"2025-12-01T13:25:56","modified_gmt":"2025-12-01T12:25:56","slug":"faglig-formiddag-det-barnelitteraere-2025","status":"publish","type":"event","link":"https:\/\/bibliotekutvikling.no\/kompetansebank\/event\/faglig-formiddag-det-barnelitteraere-2025\/","title":{"rendered":"Faglig formiddag: det barnelitter\u00e6re 2025"},"content":{"rendered":"\n\t\t<div class=\"t2-factbox wp-block-t2-factbox\" id=\"t2-factbox\">\n\t\t\t<div class=\"t2-factbox__content\">\n\t\t\t\t<div class=\"t2-factbox__blocks t2-factbox__inner-container is-layout-flow\">\n\t\t\t\t\t\n\n<p>Arrang\u00f8r: Norsk barnebokinstitutt<\/p>\n\n\n\t\t\t\t<\/div>\n\t\t\t\t\n\t\t\t<\/div>\n\t\t\t\n\t\t<\/div>\n\n<p class=\"t2-ingress wp-block-t2-ingress\">Sammen med kolleger i feltet oppsummerer NBI det barnelitter\u00e6re \u00e5ret. De presenterer samtidig deler av sin forskning og dens relevans for barnebokfeltet.<\/p>\n\n\n<p>IBBY, den samiske forlegger- og avisforeninga S\u00e1las og Det flerspr\u00e5klige bibliotek ved Nasjonalbiblioteket vil oppsummere trender og tendenser fra sine felt, mens NBI vil oppsummerer litt av arbeidet som er lagt ned her p\u00e5 instituttet.<\/p>\n\n\n\n<p>Det blir serveret kaffe og te og litt \u00e5 bite i.<\/p>\n\n\n\n<p><strong><a href=\"https:\/\/barnebokinstituttet.no\/aktuelt\/faglig-formiddag-det-barnelitteraere-2025\/\">Arrangementet vil ogs\u00e5 bli str\u00f8mmet fra NBI sine nettsider. Det krever ingen p\u00e5melding for \u00e5 delta via str\u00f8mming.<\/a><\/strong><\/p>\n\n\n\n<h2 class=\"wp-block-heading\" id=\"h-program\">Program<\/h2>\n\n\n\n<figure class=\"wp-block-table\"><table><tbody><tr><td><strong>09.00<\/strong><\/td><td>Kaffe og velkommen ved&nbsp;<strong>Nisrin Maktabi-Barkouki<\/strong>, direkt\u00f8r ved Norsk barnebokinstitutt.<\/td><\/tr><tr><td><strong>09.15<\/strong><\/td><td>Trender og tendenser i barne- og ungdomslitteraturen i 2025, ved&nbsp;<strong>Ragnhild Malfang<\/strong>, leder av IBBY Norge.<\/td><\/tr><tr><td><strong>09.40<\/strong><\/td><td><a href=\"https:\/\/barnebokinstituttet.no\/formidlingslaboratoriet\/\">Formidlingslaboratoriet<\/a>&nbsp;2025: Nyskapende og kreative strategier rundt litteraturformidling til barn med ulike behov:<br>\u2013 D\u00f8ve og h\u00f8rselshemmede barn.<br>\u2013 Barn med behov for alternativ og supplerende kommunikasjon.<br>\u2013 Ungdom med kort botid i Norge.<br>Ved&nbsp;<strong>Veronica Salinas<\/strong>, forsker, underviser og formidler ved Norsk barnebokinstitutt.<\/td><\/tr><tr><td><strong>09.55<\/strong><\/td><td>Pause<\/td><\/tr><tr><td><strong>10.10<\/strong><\/td><td>Trender og tendenser i samisk barne- og ungdomslitteratur ved&nbsp;<strong>Marit Alette Utsi<\/strong>,<br>S\u00e1las \u2013 samisk forlegger og avisforening (digitalt)<\/td><\/tr><tr><td><strong>10.30<\/strong><\/td><td>Inn i ungdomslitteraturens vesen og egenart. Hva snakker vi om n\u00e5r vi snakker om ungdomslitteratur? Om essens, operasjonalisering og typiske trekk ved ungdomsromaner, ved&nbsp;<strong>Therese Garshol<\/strong>, fagleder for&nbsp;<a href=\"https:\/\/barnebokinstituttet.no\/utdanninger-og-kurs\/masterstudiet-i-skrivekunst-og-formidling\/\">master i skrivekunst og formidling<\/a>&nbsp;for barn og unge ved Norsk barnebokinstitutt.<\/td><\/tr><tr><td><strong>10.45<\/strong><\/td><td>Trender og tendenser i barne- og ungdomsboksamlingene ved Det flerspr\u00e5klige bibliotek, Nasjonalbiblioteket, ved&nbsp;<strong>Gulnara Bakke<\/strong>, spesialbibliotekar, DFB.<\/td><\/tr><\/tbody><\/table><\/figure>\n\n\n\n<h2 class=\"wp-block-heading\" id=\"h-\"><\/h2>\n","protected":false},"author":6868,"featured_media":43020,"menu_order":0,"template":"","meta":{"nb_hide_title":false,"event_tba_datetime":false,"event_all_day":false,"event_tba_start_time":false,"event_start_datetime":"2025-12-03T09:00:00","event_end_datetime":"2025-12-03T11:00:00","event_venue_id":"39054","event_ticket_vendor_url":"https:\/\/barnebokinstituttet.no\/aktuelt\/faglig-formiddag-det-barnelitteraere-2025\/","event_ticket_price_text":"","event_ticket_button_text":"P\u00e5melding","event_ticket_details_text":"","event_attendance_mode":"online_and_offline","event_short_description":"","event_virtual_venue_name":"","event_virtual_venue_url":"","event_hide_from_archive":false,"event_infoscreen_place_name":"","event_hide_from_infoscreen":false,"single_header_image_is_disabled":false,"single_header_image_attachment_id":0,"single_header_image_attachment_url":""},"event-group":[],"event-type":[],"tag":[],"class_list":["post-43018","event","type-event","status-publish","has-post-thumbnail","hentry"],"yoast_head":"<!-- This site is optimized with the Yoast SEO Premium plugin v27.1 (Yoast SEO v27.1.1) - https:\/\/yoast.com\/product\/yoast-seo-premium-wordpress\/ -->\n<title>Faglig formiddag: det barnelitter\u00e6re 2025 - Kompetansebank<\/title>\n<meta name=\"robots\" content=\"index, follow, max-snippet:-1, max-image-preview:large, max-video-preview:-1\" \/>\n<link rel=\"canonical\" href=\"https:\/\/bibliotekutvikling.no\/kompetansebank\/event\/faglig-formiddag-det-barnelitteraere-2025\/\" \/>\n<meta property=\"og:locale\" content=\"nb_NO\" \/>\n<meta property=\"og:type\" content=\"article\" \/>\n<meta property=\"og:title\" content=\"Faglig formiddag: det barnelitter\u00e6re 2025\" \/>\n<meta property=\"og:url\" content=\"https:\/\/bibliotekutvikling.no\/kompetansebank\/event\/faglig-formiddag-det-barnelitteraere-2025\/\" \/>\n<meta property=\"og:site_name\" content=\"Kompetansebank\" \/>\n<meta property=\"article:publisher\" content=\"https:\/\/www.facebook.com\/bibliotekutvikling\" \/>\n<meta property=\"article:modified_time\" content=\"2025-12-01T12:25:56+00:00\" \/>\n<meta property=\"og:image\" content=\"https:\/\/bibliotekutvikling.no\/content\/uploads\/sites\/24\/2025\/12\/teltleir-illustrasjon-flat-2k-1024x684-1.jpg\" \/>\n\t<meta property=\"og:image:width\" content=\"1024\" \/>\n\t<meta property=\"og:image:height\" content=\"684\" \/>\n\t<meta property=\"og:image:type\" content=\"image\/jpeg\" \/>\n<meta name=\"twitter:card\" content=\"summary_large_image\" \/>\n<meta name=\"twitter:label1\" content=\"Ansl. lesetid\" \/>\n\t<meta name=\"twitter:data1\" content=\"2 minutter\" \/>\n<script type=\"application\/ld+json\" class=\"yoast-schema-graph\">{\"@context\":\"https:\/\/schema.org\",\"@graph\":[{\"@type\":\"WebPage\",\"@id\":\"https:\/\/bibliotekutvikling.no\/kompetansebank\/event\/faglig-formiddag-det-barnelitteraere-2025\/\",\"url\":\"https:\/\/bibliotekutvikling.no\/kompetansebank\/event\/faglig-formiddag-det-barnelitteraere-2025\/\",\"name\":\"Faglig formiddag: det barnelitter\u00e6re 2025 - Kompetansebank\",\"isPartOf\":{\"@id\":\"https:\/\/bibliotekutvikling.no\/kompetansebank\/#website\"},\"primaryImageOfPage\":{\"@id\":\"https:\/\/bibliotekutvikling.no\/kompetansebank\/event\/faglig-formiddag-det-barnelitteraere-2025\/#primaryimage\"},\"image\":{\"@id\":\"https:\/\/bibliotekutvikling.no\/kompetansebank\/event\/faglig-formiddag-det-barnelitteraere-2025\/#primaryimage\"},\"thumbnailUrl\":\"https:\/\/bibliotekutvikling.no\/content\/uploads\/sites\/24\/2025\/12\/teltleir-illustrasjon-flat-2k-1024x684-1.jpg\",\"datePublished\":\"2025-12-01T12:25:55+00:00\",\"dateModified\":\"2025-12-01T12:25:56+00:00\",\"breadcrumb\":{\"@id\":\"https:\/\/bibliotekutvikling.no\/kompetansebank\/event\/faglig-formiddag-det-barnelitteraere-2025\/#breadcrumb\"},\"inLanguage\":\"nb-NO\",\"potentialAction\":[{\"@type\":\"ReadAction\",\"target\":[\"https:\/\/bibliotekutvikling.no\/kompetansebank\/event\/faglig-formiddag-det-barnelitteraere-2025\/\"]}]},{\"@type\":\"ImageObject\",\"inLanguage\":\"nb-NO\",\"@id\":\"https:\/\/bibliotekutvikling.no\/kompetansebank\/event\/faglig-formiddag-det-barnelitteraere-2025\/#primaryimage\",\"url\":\"https:\/\/bibliotekutvikling.no\/content\/uploads\/sites\/24\/2025\/12\/teltleir-illustrasjon-flat-2k-1024x684-1.jpg\",\"contentUrl\":\"https:\/\/bibliotekutvikling.no\/content\/uploads\/sites\/24\/2025\/12\/teltleir-illustrasjon-flat-2k-1024x684-1.jpg\",\"width\":1024,\"height\":684,\"caption\":\"Illustrasjonsfoto: Niklas R. Lello\"},{\"@type\":\"BreadcrumbList\",\"@id\":\"https:\/\/bibliotekutvikling.no\/kompetansebank\/event\/faglig-formiddag-det-barnelitteraere-2025\/#breadcrumb\",\"itemListElement\":[{\"@type\":\"ListItem\",\"position\":1,\"name\":\"Hjem\",\"item\":\"https:\/\/bibliotekutvikling.no\/kompetansebank\/\"},{\"@type\":\"ListItem\",\"position\":2,\"name\":\"Faglig formiddag: det barnelitter\u00e6re 2025\"}]},{\"@type\":\"WebSite\",\"@id\":\"https:\/\/bibliotekutvikling.no\/kompetansebank\/#website\",\"url\":\"https:\/\/bibliotekutvikling.no\/kompetansebank\/\",\"name\":\"Kompetansebank\",\"description\":\"kurs og kunnskap for bibliotekansatte\",\"publisher\":{\"@id\":\"https:\/\/bibliotekutvikling.no\/kompetansebank\/#organization\"},\"potentialAction\":[{\"@type\":\"SearchAction\",\"target\":{\"@type\":\"EntryPoint\",\"urlTemplate\":\"https:\/\/bibliotekutvikling.no\/kompetansebank\/?s={search_term_string}\"},\"query-input\":{\"@type\":\"PropertyValueSpecification\",\"valueRequired\":true,\"valueName\":\"search_term_string\"}}],\"inLanguage\":\"nb-NO\"},{\"@type\":\"Organization\",\"@id\":\"https:\/\/bibliotekutvikling.no\/kompetansebank\/#organization\",\"name\":\"Bibliotekutvikling\",\"url\":\"https:\/\/bibliotekutvikling.no\/kompetansebank\/\",\"logo\":{\"@type\":\"ImageObject\",\"inLanguage\":\"nb-NO\",\"@id\":\"https:\/\/bibliotekutvikling.no\/kompetansebank\/#\/schema\/logo\/image\/\",\"url\":\"https:\/\/bibliotekutvikling.no\/content\/uploads\/sites\/24\/2023\/10\/Favikon-BU.png\",\"contentUrl\":\"https:\/\/bibliotekutvikling.no\/content\/uploads\/sites\/24\/2023\/10\/Favikon-BU.png\",\"width\":1055,\"height\":1054,\"caption\":\"Bibliotekutvikling\"},\"image\":{\"@id\":\"https:\/\/bibliotekutvikling.no\/kompetansebank\/#\/schema\/logo\/image\/\"},\"sameAs\":[\"https:\/\/www.facebook.com\/bibliotekutvikling\"]},{\"@type\":\"Event\",\"name\":\"Faglig formiddag: det barnelitter\u00e6re 2025\",\"description\":\"\",\"startDate\":\"2025-12-03T09:00:00+01:00\",\"endDate\":\"2025-12-03T11:00:00+01:00\",\"eventStatus\":\"EventScheduled\",\"eventAttendanceMode\":\"MixedEventAttendanceMode\",\"location\":[[],{\"@type\":\"Place\",\"name\":\"Norsk barnebokinstitutt\",\"address\":{\"@type\":\"PostalAddress\",\"addressCountry\":\"NO\",\"addressRegion\":\"Oslo\",\"addressLocality\":\"Oslo\",\"postalCode\":\"0203 \",\"streetAddress\":\"Observatoriegata 1b. 4 etg\"}}],\"image\":[\"https:\/\/bibliotekutvikling.no\/content\/uploads\/sites\/24\/2025\/12\/teltleir-illustrasjon-flat-2k-1024x684-1.jpg\"]}]}<\/script>\n<!-- \/ Yoast SEO Premium plugin. -->","yoast_head_json":{"title":"Faglig formiddag: det barnelitter\u00e6re 2025 - Kompetansebank","robots":{"index":"index","follow":"follow","max-snippet":"max-snippet:-1","max-image-preview":"max-image-preview:large","max-video-preview":"max-video-preview:-1"},"canonical":"https:\/\/bibliotekutvikling.no\/kompetansebank\/event\/faglig-formiddag-det-barnelitteraere-2025\/","og_locale":"nb_NO","og_type":"article","og_title":"Faglig formiddag: det barnelitter\u00e6re 2025","og_url":"https:\/\/bibliotekutvikling.no\/kompetansebank\/event\/faglig-formiddag-det-barnelitteraere-2025\/","og_site_name":"Kompetansebank","article_publisher":"https:\/\/www.facebook.com\/bibliotekutvikling","article_modified_time":"2025-12-01T12:25:56+00:00","og_image":[{"width":1024,"height":684,"url":"https:\/\/bibliotekutvikling.no\/content\/uploads\/sites\/24\/2025\/12\/teltleir-illustrasjon-flat-2k-1024x684-1.jpg","type":"image\/jpeg"}],"twitter_card":"summary_large_image","twitter_misc":{"Ansl. lesetid":"2 minutter"},"schema":{"@context":"https:\/\/schema.org","@graph":[{"@type":"WebPage","@id":"https:\/\/bibliotekutvikling.no\/kompetansebank\/event\/faglig-formiddag-det-barnelitteraere-2025\/","url":"https:\/\/bibliotekutvikling.no\/kompetansebank\/event\/faglig-formiddag-det-barnelitteraere-2025\/","name":"Faglig formiddag: det barnelitter\u00e6re 2025 - Kompetansebank","isPartOf":{"@id":"https:\/\/bibliotekutvikling.no\/kompetansebank\/#website"},"primaryImageOfPage":{"@id":"https:\/\/bibliotekutvikling.no\/kompetansebank\/event\/faglig-formiddag-det-barnelitteraere-2025\/#primaryimage"},"image":{"@id":"https:\/\/bibliotekutvikling.no\/kompetansebank\/event\/faglig-formiddag-det-barnelitteraere-2025\/#primaryimage"},"thumbnailUrl":"https:\/\/bibliotekutvikling.no\/content\/uploads\/sites\/24\/2025\/12\/teltleir-illustrasjon-flat-2k-1024x684-1.jpg","datePublished":"2025-12-01T12:25:55+00:00","dateModified":"2025-12-01T12:25:56+00:00","breadcrumb":{"@id":"https:\/\/bibliotekutvikling.no\/kompetansebank\/event\/faglig-formiddag-det-barnelitteraere-2025\/#breadcrumb"},"inLanguage":"nb-NO","potentialAction":[{"@type":"ReadAction","target":["https:\/\/bibliotekutvikling.no\/kompetansebank\/event\/faglig-formiddag-det-barnelitteraere-2025\/"]}]},{"@type":"ImageObject","inLanguage":"nb-NO","@id":"https:\/\/bibliotekutvikling.no\/kompetansebank\/event\/faglig-formiddag-det-barnelitteraere-2025\/#primaryimage","url":"https:\/\/bibliotekutvikling.no\/content\/uploads\/sites\/24\/2025\/12\/teltleir-illustrasjon-flat-2k-1024x684-1.jpg","contentUrl":"https:\/\/bibliotekutvikling.no\/content\/uploads\/sites\/24\/2025\/12\/teltleir-illustrasjon-flat-2k-1024x684-1.jpg","width":1024,"height":684,"caption":"Illustrasjonsfoto: Niklas R. Lello"},{"@type":"BreadcrumbList","@id":"https:\/\/bibliotekutvikling.no\/kompetansebank\/event\/faglig-formiddag-det-barnelitteraere-2025\/#breadcrumb","itemListElement":[{"@type":"ListItem","position":1,"name":"Hjem","item":"https:\/\/bibliotekutvikling.no\/kompetansebank\/"},{"@type":"ListItem","position":2,"name":"Faglig formiddag: det barnelitter\u00e6re 2025"}]},{"@type":"WebSite","@id":"https:\/\/bibliotekutvikling.no\/kompetansebank\/#website","url":"https:\/\/bibliotekutvikling.no\/kompetansebank\/","name":"Kompetansebank","description":"kurs og kunnskap for bibliotekansatte","publisher":{"@id":"https:\/\/bibliotekutvikling.no\/kompetansebank\/#organization"},"potentialAction":[{"@type":"SearchAction","target":{"@type":"EntryPoint","urlTemplate":"https:\/\/bibliotekutvikling.no\/kompetansebank\/?s={search_term_string}"},"query-input":{"@type":"PropertyValueSpecification","valueRequired":true,"valueName":"search_term_string"}}],"inLanguage":"nb-NO"},{"@type":"Organization","@id":"https:\/\/bibliotekutvikling.no\/kompetansebank\/#organization","name":"Bibliotekutvikling","url":"https:\/\/bibliotekutvikling.no\/kompetansebank\/","logo":{"@type":"ImageObject","inLanguage":"nb-NO","@id":"https:\/\/bibliotekutvikling.no\/kompetansebank\/#\/schema\/logo\/image\/","url":"https:\/\/bibliotekutvikling.no\/content\/uploads\/sites\/24\/2023\/10\/Favikon-BU.png","contentUrl":"https:\/\/bibliotekutvikling.no\/content\/uploads\/sites\/24\/2023\/10\/Favikon-BU.png","width":1055,"height":1054,"caption":"Bibliotekutvikling"},"image":{"@id":"https:\/\/bibliotekutvikling.no\/kompetansebank\/#\/schema\/logo\/image\/"},"sameAs":["https:\/\/www.facebook.com\/bibliotekutvikling"]},{"@type":"Event","name":"Faglig formiddag: det barnelitter\u00e6re 2025","description":"","startDate":"2025-12-03T09:00:00+01:00","endDate":"2025-12-03T11:00:00+01:00","eventStatus":"EventScheduled","eventAttendanceMode":"MixedEventAttendanceMode","location":[[],{"@type":"Place","name":"Norsk barnebokinstitutt","address":{"@type":"PostalAddress","addressCountry":"NO","addressRegion":"Oslo","addressLocality":"Oslo","postalCode":"0203 ","streetAddress":"Observatoriegata 1b. 4 etg"}}],"image":["https:\/\/bibliotekutvikling.no\/content\/uploads\/sites\/24\/2025\/12\/teltleir-illustrasjon-flat-2k-1024x684-1.jpg"]}]}},"_links":{"self":[{"href":"https:\/\/bibliotekutvikling.no\/kompetansebank\/wp-json\/wp\/v2\/event\/43018","targetHints":{"allow":["GET"]}}],"collection":[{"href":"https:\/\/bibliotekutvikling.no\/kompetansebank\/wp-json\/wp\/v2\/event"}],"about":[{"href":"https:\/\/bibliotekutvikling.no\/kompetansebank\/wp-json\/wp\/v2\/types\/event"}],"author":[{"embeddable":true,"href":"https:\/\/bibliotekutvikling.no\/kompetansebank\/wp-json\/wp\/v2\/users\/6868"}],"wp:featuredmedia":[{"embeddable":true,"href":"https:\/\/bibliotekutvikling.no\/kompetansebank\/wp-json\/wp\/v2\/media\/43020"}],"wp:attachment":[{"href":"https:\/\/bibliotekutvikling.no\/kompetansebank\/wp-json\/wp\/v2\/media?parent=43018"}],"wp:term":[{"taxonomy":"event-group","embeddable":true,"href":"https:\/\/bibliotekutvikling.no\/kompetansebank\/wp-json\/wp\/v2\/event-group?post=43018"},{"taxonomy":"event-type","embeddable":true,"href":"https:\/\/bibliotekutvikling.no\/kompetansebank\/wp-json\/wp\/v2\/event-type?post=43018"},{"taxonomy":"tag","embeddable":true,"href":"https:\/\/bibliotekutvikling.no\/kompetansebank\/wp-json\/wp\/v2\/tag?post=43018"}],"curies":[{"name":"wp","href":"https:\/\/api.w.org\/{rel}","templated":true}]}}