{"id":42731,"date":"2025-11-20T14:16:22","date_gmt":"2025-11-20T13:16:22","guid":{"rendered":"https:\/\/bibliotekutvikling.no\/kompetansebank\/?post_type=event&#038;p=42731"},"modified":"2025-11-20T14:16:23","modified_gmt":"2025-11-20T13:16:23","slug":"kunst-og-kulturtilbud-til-barnehagebarn-2025-2","status":"publish","type":"event","link":"https:\/\/bibliotekutvikling.no\/kompetansebank\/event\/kunst-og-kulturtilbud-til-barnehagebarn-2025-2\/","title":{"rendered":"Kunst- og kulturtilbud til barnehagebarn 2025"},"content":{"rendered":"\n<h2 class=\"wp-block-heading\" id=\"h-velkommen-til-lansering-av-rapport-om-kunst-og-kultur-i-barnehagen\">Velkommen til lansering av rapport om kunst og kultur i barnehagen. <\/h2>\n\n\n\n\t\t<div class=\"t2-factbox wp-block-t2-factbox\" id=\"t2-factbox\">\n\t\t\t<div class=\"t2-factbox__content\">\n\t\t\t\t<div class=\"t2-factbox__blocks t2-factbox__inner-container is-layout-flow\">\n\t\t\t\t\t\n\n<p>Arrang\u00f8r: <a href=\"https:\/\/www.kulturtanken.no\/\">Kulturtanken<\/a><\/p>\n\n\n\t\t\t\t<\/div>\n\t\t\t\t\n\t\t\t<\/div>\n\t\t\t\n\t\t<\/div>\n\n\n<h2 class=\"wp-block-heading\" id=\"h-program\">Program<\/h2>\n\n\n\n<ul class=\"wp-block-list\">\n<li><strong>Velkommen<\/strong><br>Ved Matias Hilmar Iversen, direkt\u00f8r Kulturtanken\u202f\u00a0<\/li>\n\n\n\n<li><strong>Lansering av rapporten kunst- og kulturtilbud til barnehagebarn 2025<\/strong>\u202f\u00a0<br>Ved Ragnhild B\u00f8hle og Egil Rundberget, \u202fseniorr\u00e5dgivere Kulturtanken\u00a0<\/li>\n\n\n\n<li><strong>Panelsamtale:\u00a0<\/strong><em><strong>Ulike l\u00f8sninger, samme m\u00e5l<\/strong><\/em>.<br><strong>Samtale med fagpersoner som tilbyr kunst &#8211; og kultur til barnehagebarn<\/strong>:<br>Vibeke Stokka, r\u00e5dgiver seksjon kultur, Telemark fylkesbibliotek\u202f\u00a0<br>Anette Solberg, rektor Hamar kulturskole\u202f\u00a0<br>Ole J\u00f8rn Myklebust, r\u00e5dgiver og DKS-koordinator, Asker kommune\u202f\u202f\u00a0<br>Samtalen ledes av Torgeir Engen, seniorr\u00e5dgiver Kulturtanken.\u202f\u00a0<\/li>\n\n\n\n<li><strong>Veier videre:\u202f<\/strong>\u202f\u00a0<br>\u00d8ystein Brog\u00e5rd, styrer og barnehagel\u00e6rer fra Tronvik g\u00e5rdsbarnehage, Moss kommune\u202f\u00a0<br>Matias Hilmar Iversen, direkt\u00f8r Kulturtanken\u202f\u00a0<\/li>\n<\/ul>\n\n\n<ul class=\"t2-link-list has-1-items has-1-columns wp-block-t2-link-list\">\n\t<li class=\"t2-link-list-item wp-block-t2-link-list-item\">\n\t\t<a\n\t\t\thref=\"https:\/\/www.kulturtanken.no\/kalender\/2025\/kunst-og-kulturtilbud-til-barnehagebarn-2025\/\"\n\t\t\tclass=\"t2-link-list-item__link t2-link-list__icon--right\"\n\t\t\trel=\"noreferrer noopener\" target=\"_blank\"\t\t>\n\t\t\t<span class=\"t2-link-list-item__icon\"><span class=\"t2-link-list-item__icon-box\"><\/span><svg xmlns=\"http:\/\/www.w3.org\/2000\/svg\" viewBox=\"0 0 24 24\" height=\"24\" width=\"24\" class=\"t2-icon t2-icon-external\" aria-hidden=\"true\" focusable=\"false\"><path d=\"M19 19H5V5h7V3H3v18h18v-9h-2v7zM14 3v2h3.6l-9.8 9.8 1.4 1.4L19 6.4V10h2V3h-7z\"\/><\/svg><\/span>\t\t\t<div class=\"t2-link-list-item__content\">\n\n\t\t\t\t\n\t\t\t\t<span id=\"link-list-item-text\" class=\"t2-link-list-item__text\">\n\t\t\t\t\tF\u00f8lg direktestr\u00f8mmingen via Kulturtankens sider\t\t\t\t<\/span>\n\t\t\t\t\t\t\t<\/div>\n\t\t<\/a>\n\t<\/li>\n\t\n<\/ul>\n\n\n\t\t<div class=\"t2-factbox wp-block-t2-factbox\" id=\"t2-factbox-1\">\n\t\t\t<div class=\"t2-factbox__content\">\n\t\t\t\t<div class=\"t2-factbox__blocks t2-factbox__inner-container is-layout-flow\">\n\t\t\t\t\t\n\n<p><a href=\"https:\/\/www.kulturtanken.no\/kalender\/2025\/kunst-og-kulturtilbud-til-barnehagebarn-2025\/\">Arrangementets nettside<\/a><\/p>\n\n\n\t\t\t\t<\/div>\n\t\t\t\t\n\t\t\t<\/div>\n\t\t\t\n\t\t<\/div>","protected":false},"author":6868,"featured_media":42732,"menu_order":0,"template":"","meta":{"nb_hide_title":false,"event_tba_datetime":false,"event_all_day":false,"event_tba_start_time":false,"event_start_datetime":"2025-12-08T14:00:00","event_end_datetime":"2025-12-08T15:30:00","event_venue_id":"","event_ticket_vendor_url":"","event_ticket_price_text":"","event_ticket_button_text":"","event_ticket_details_text":"","event_attendance_mode":"","event_short_description":"","event_virtual_venue_name":"","event_virtual_venue_url":"","event_hide_from_archive":false,"event_infoscreen_place_name":"","event_hide_from_infoscreen":false,"single_header_image_is_disabled":false,"single_header_image_attachment_id":0,"single_header_image_attachment_url":""},"event-group":[],"event-type":[],"tag":[],"class_list":["post-42731","event","type-event","status-publish","has-post-thumbnail","hentry"],"yoast_head":"<!-- This site is optimized with the Yoast SEO Premium plugin v27.1 (Yoast SEO v27.1.1) - https:\/\/yoast.com\/product\/yoast-seo-premium-wordpress\/ -->\n<title>Kunst- og kulturtilbud til barnehagebarn 2025 - Kompetansebank<\/title>\n<meta name=\"robots\" content=\"index, follow, max-snippet:-1, max-image-preview:large, max-video-preview:-1\" \/>\n<link rel=\"canonical\" href=\"https:\/\/bibliotekutvikling.no\/kompetansebank\/event\/kunst-og-kulturtilbud-til-barnehagebarn-2025-2\/\" \/>\n<meta property=\"og:locale\" content=\"nb_NO\" \/>\n<meta property=\"og:type\" content=\"article\" \/>\n<meta property=\"og:title\" content=\"Kunst- og kulturtilbud til barnehagebarn 2025\" \/>\n<meta property=\"og:url\" content=\"https:\/\/bibliotekutvikling.no\/kompetansebank\/event\/kunst-og-kulturtilbud-til-barnehagebarn-2025-2\/\" \/>\n<meta property=\"og:site_name\" content=\"Kompetansebank\" \/>\n<meta property=\"article:publisher\" content=\"https:\/\/www.facebook.com\/bibliotekutvikling\" \/>\n<meta property=\"article:modified_time\" content=\"2025-11-20T13:16:23+00:00\" \/>\n<meta property=\"og:image\" content=\"https:\/\/bibliotekutvikling.no\/content\/uploads\/sites\/24\/2025\/11\/kulturtanken-barnehagerapport.jpg\" \/>\n\t<meta property=\"og:image:width\" content=\"1400\" \/>\n\t<meta property=\"og:image:height\" content=\"650\" \/>\n\t<meta property=\"og:image:type\" content=\"image\/jpeg\" \/>\n<meta name=\"twitter:card\" content=\"summary_large_image\" \/>\n<meta name=\"twitter:label1\" content=\"Ansl. lesetid\" \/>\n\t<meta name=\"twitter:data1\" content=\"1 minutt\" \/>\n<script type=\"application\/ld+json\" class=\"yoast-schema-graph\">{\"@context\":\"https:\/\/schema.org\",\"@graph\":[{\"@type\":\"WebPage\",\"@id\":\"https:\/\/bibliotekutvikling.no\/kompetansebank\/event\/kunst-og-kulturtilbud-til-barnehagebarn-2025-2\/\",\"url\":\"https:\/\/bibliotekutvikling.no\/kompetansebank\/event\/kunst-og-kulturtilbud-til-barnehagebarn-2025-2\/\",\"name\":\"Kunst- og kulturtilbud til barnehagebarn 2025 - Kompetansebank\",\"isPartOf\":{\"@id\":\"https:\/\/bibliotekutvikling.no\/kompetansebank\/#website\"},\"primaryImageOfPage\":{\"@id\":\"https:\/\/bibliotekutvikling.no\/kompetansebank\/event\/kunst-og-kulturtilbud-til-barnehagebarn-2025-2\/#primaryimage\"},\"image\":{\"@id\":\"https:\/\/bibliotekutvikling.no\/kompetansebank\/event\/kunst-og-kulturtilbud-til-barnehagebarn-2025-2\/#primaryimage\"},\"thumbnailUrl\":\"https:\/\/bibliotekutvikling.no\/content\/uploads\/sites\/24\/2025\/11\/kulturtanken-barnehagerapport.jpg\",\"datePublished\":\"2025-11-20T13:16:22+00:00\",\"dateModified\":\"2025-11-20T13:16:23+00:00\",\"breadcrumb\":{\"@id\":\"https:\/\/bibliotekutvikling.no\/kompetansebank\/event\/kunst-og-kulturtilbud-til-barnehagebarn-2025-2\/#breadcrumb\"},\"inLanguage\":\"nb-NO\",\"potentialAction\":[{\"@type\":\"ReadAction\",\"target\":[\"https:\/\/bibliotekutvikling.no\/kompetansebank\/event\/kunst-og-kulturtilbud-til-barnehagebarn-2025-2\/\"]}]},{\"@type\":\"ImageObject\",\"inLanguage\":\"nb-NO\",\"@id\":\"https:\/\/bibliotekutvikling.no\/kompetansebank\/event\/kunst-og-kulturtilbud-til-barnehagebarn-2025-2\/#primaryimage\",\"url\":\"https:\/\/bibliotekutvikling.no\/content\/uploads\/sites\/24\/2025\/11\/kulturtanken-barnehagerapport.jpg\",\"contentUrl\":\"https:\/\/bibliotekutvikling.no\/content\/uploads\/sites\/24\/2025\/11\/kulturtanken-barnehagerapport.jpg\",\"width\":1400,\"height\":650},{\"@type\":\"BreadcrumbList\",\"@id\":\"https:\/\/bibliotekutvikling.no\/kompetansebank\/event\/kunst-og-kulturtilbud-til-barnehagebarn-2025-2\/#breadcrumb\",\"itemListElement\":[{\"@type\":\"ListItem\",\"position\":1,\"name\":\"Hjem\",\"item\":\"https:\/\/bibliotekutvikling.no\/kompetansebank\/\"},{\"@type\":\"ListItem\",\"position\":2,\"name\":\"Kunst- og kulturtilbud til barnehagebarn 2025\"}]},{\"@type\":\"WebSite\",\"@id\":\"https:\/\/bibliotekutvikling.no\/kompetansebank\/#website\",\"url\":\"https:\/\/bibliotekutvikling.no\/kompetansebank\/\",\"name\":\"Kompetansebank\",\"description\":\"kurs og kunnskap for bibliotekansatte\",\"publisher\":{\"@id\":\"https:\/\/bibliotekutvikling.no\/kompetansebank\/#organization\"},\"potentialAction\":[{\"@type\":\"SearchAction\",\"target\":{\"@type\":\"EntryPoint\",\"urlTemplate\":\"https:\/\/bibliotekutvikling.no\/kompetansebank\/?s={search_term_string}\"},\"query-input\":{\"@type\":\"PropertyValueSpecification\",\"valueRequired\":true,\"valueName\":\"search_term_string\"}}],\"inLanguage\":\"nb-NO\"},{\"@type\":\"Organization\",\"@id\":\"https:\/\/bibliotekutvikling.no\/kompetansebank\/#organization\",\"name\":\"Bibliotekutvikling\",\"url\":\"https:\/\/bibliotekutvikling.no\/kompetansebank\/\",\"logo\":{\"@type\":\"ImageObject\",\"inLanguage\":\"nb-NO\",\"@id\":\"https:\/\/bibliotekutvikling.no\/kompetansebank\/#\/schema\/logo\/image\/\",\"url\":\"https:\/\/bibliotekutvikling.no\/content\/uploads\/sites\/24\/2023\/10\/Favikon-BU.png\",\"contentUrl\":\"https:\/\/bibliotekutvikling.no\/content\/uploads\/sites\/24\/2023\/10\/Favikon-BU.png\",\"width\":1055,\"height\":1054,\"caption\":\"Bibliotekutvikling\"},\"image\":{\"@id\":\"https:\/\/bibliotekutvikling.no\/kompetansebank\/#\/schema\/logo\/image\/\"},\"sameAs\":[\"https:\/\/www.facebook.com\/bibliotekutvikling\"]},{\"@type\":\"Event\",\"name\":\"Kunst- og kulturtilbud til barnehagebarn 2025\",\"description\":\"\",\"startDate\":\"2025-12-08T14:00:00+01:00\",\"endDate\":\"2025-12-08T15:30:00+01:00\",\"eventStatus\":\"EventScheduled\",\"eventAttendanceMode\":\"OfflineEventAttendanceMode\",\"location\":[[]],\"image\":[\"https:\/\/bibliotekutvikling.no\/content\/uploads\/sites\/24\/2025\/11\/kulturtanken-barnehagerapport-1024x475.jpg\"]}]}<\/script>\n<!-- \/ Yoast SEO Premium plugin. -->","yoast_head_json":{"title":"Kunst- og kulturtilbud til barnehagebarn 2025 - Kompetansebank","robots":{"index":"index","follow":"follow","max-snippet":"max-snippet:-1","max-image-preview":"max-image-preview:large","max-video-preview":"max-video-preview:-1"},"canonical":"https:\/\/bibliotekutvikling.no\/kompetansebank\/event\/kunst-og-kulturtilbud-til-barnehagebarn-2025-2\/","og_locale":"nb_NO","og_type":"article","og_title":"Kunst- og kulturtilbud til barnehagebarn 2025","og_url":"https:\/\/bibliotekutvikling.no\/kompetansebank\/event\/kunst-og-kulturtilbud-til-barnehagebarn-2025-2\/","og_site_name":"Kompetansebank","article_publisher":"https:\/\/www.facebook.com\/bibliotekutvikling","article_modified_time":"2025-11-20T13:16:23+00:00","og_image":[{"width":1400,"height":650,"url":"https:\/\/bibliotekutvikling.no\/content\/uploads\/sites\/24\/2025\/11\/kulturtanken-barnehagerapport.jpg","type":"image\/jpeg"}],"twitter_card":"summary_large_image","twitter_misc":{"Ansl. lesetid":"1 minutt"},"schema":{"@context":"https:\/\/schema.org","@graph":[{"@type":"WebPage","@id":"https:\/\/bibliotekutvikling.no\/kompetansebank\/event\/kunst-og-kulturtilbud-til-barnehagebarn-2025-2\/","url":"https:\/\/bibliotekutvikling.no\/kompetansebank\/event\/kunst-og-kulturtilbud-til-barnehagebarn-2025-2\/","name":"Kunst- og kulturtilbud til barnehagebarn 2025 - Kompetansebank","isPartOf":{"@id":"https:\/\/bibliotekutvikling.no\/kompetansebank\/#website"},"primaryImageOfPage":{"@id":"https:\/\/bibliotekutvikling.no\/kompetansebank\/event\/kunst-og-kulturtilbud-til-barnehagebarn-2025-2\/#primaryimage"},"image":{"@id":"https:\/\/bibliotekutvikling.no\/kompetansebank\/event\/kunst-og-kulturtilbud-til-barnehagebarn-2025-2\/#primaryimage"},"thumbnailUrl":"https:\/\/bibliotekutvikling.no\/content\/uploads\/sites\/24\/2025\/11\/kulturtanken-barnehagerapport.jpg","datePublished":"2025-11-20T13:16:22+00:00","dateModified":"2025-11-20T13:16:23+00:00","breadcrumb":{"@id":"https:\/\/bibliotekutvikling.no\/kompetansebank\/event\/kunst-og-kulturtilbud-til-barnehagebarn-2025-2\/#breadcrumb"},"inLanguage":"nb-NO","potentialAction":[{"@type":"ReadAction","target":["https:\/\/bibliotekutvikling.no\/kompetansebank\/event\/kunst-og-kulturtilbud-til-barnehagebarn-2025-2\/"]}]},{"@type":"ImageObject","inLanguage":"nb-NO","@id":"https:\/\/bibliotekutvikling.no\/kompetansebank\/event\/kunst-og-kulturtilbud-til-barnehagebarn-2025-2\/#primaryimage","url":"https:\/\/bibliotekutvikling.no\/content\/uploads\/sites\/24\/2025\/11\/kulturtanken-barnehagerapport.jpg","contentUrl":"https:\/\/bibliotekutvikling.no\/content\/uploads\/sites\/24\/2025\/11\/kulturtanken-barnehagerapport.jpg","width":1400,"height":650},{"@type":"BreadcrumbList","@id":"https:\/\/bibliotekutvikling.no\/kompetansebank\/event\/kunst-og-kulturtilbud-til-barnehagebarn-2025-2\/#breadcrumb","itemListElement":[{"@type":"ListItem","position":1,"name":"Hjem","item":"https:\/\/bibliotekutvikling.no\/kompetansebank\/"},{"@type":"ListItem","position":2,"name":"Kunst- og kulturtilbud til barnehagebarn 2025"}]},{"@type":"WebSite","@id":"https:\/\/bibliotekutvikling.no\/kompetansebank\/#website","url":"https:\/\/bibliotekutvikling.no\/kompetansebank\/","name":"Kompetansebank","description":"kurs og kunnskap for bibliotekansatte","publisher":{"@id":"https:\/\/bibliotekutvikling.no\/kompetansebank\/#organization"},"potentialAction":[{"@type":"SearchAction","target":{"@type":"EntryPoint","urlTemplate":"https:\/\/bibliotekutvikling.no\/kompetansebank\/?s={search_term_string}"},"query-input":{"@type":"PropertyValueSpecification","valueRequired":true,"valueName":"search_term_string"}}],"inLanguage":"nb-NO"},{"@type":"Organization","@id":"https:\/\/bibliotekutvikling.no\/kompetansebank\/#organization","name":"Bibliotekutvikling","url":"https:\/\/bibliotekutvikling.no\/kompetansebank\/","logo":{"@type":"ImageObject","inLanguage":"nb-NO","@id":"https:\/\/bibliotekutvikling.no\/kompetansebank\/#\/schema\/logo\/image\/","url":"https:\/\/bibliotekutvikling.no\/content\/uploads\/sites\/24\/2023\/10\/Favikon-BU.png","contentUrl":"https:\/\/bibliotekutvikling.no\/content\/uploads\/sites\/24\/2023\/10\/Favikon-BU.png","width":1055,"height":1054,"caption":"Bibliotekutvikling"},"image":{"@id":"https:\/\/bibliotekutvikling.no\/kompetansebank\/#\/schema\/logo\/image\/"},"sameAs":["https:\/\/www.facebook.com\/bibliotekutvikling"]},{"@type":"Event","name":"Kunst- og kulturtilbud til barnehagebarn 2025","description":"","startDate":"2025-12-08T14:00:00+01:00","endDate":"2025-12-08T15:30:00+01:00","eventStatus":"EventScheduled","eventAttendanceMode":"OfflineEventAttendanceMode","location":[[]],"image":["https:\/\/bibliotekutvikling.no\/content\/uploads\/sites\/24\/2025\/11\/kulturtanken-barnehagerapport-1024x475.jpg"]}]}},"_links":{"self":[{"href":"https:\/\/bibliotekutvikling.no\/kompetansebank\/wp-json\/wp\/v2\/event\/42731","targetHints":{"allow":["GET"]}}],"collection":[{"href":"https:\/\/bibliotekutvikling.no\/kompetansebank\/wp-json\/wp\/v2\/event"}],"about":[{"href":"https:\/\/bibliotekutvikling.no\/kompetansebank\/wp-json\/wp\/v2\/types\/event"}],"author":[{"embeddable":true,"href":"https:\/\/bibliotekutvikling.no\/kompetansebank\/wp-json\/wp\/v2\/users\/6868"}],"wp:featuredmedia":[{"embeddable":true,"href":"https:\/\/bibliotekutvikling.no\/kompetansebank\/wp-json\/wp\/v2\/media\/42732"}],"wp:attachment":[{"href":"https:\/\/bibliotekutvikling.no\/kompetansebank\/wp-json\/wp\/v2\/media?parent=42731"}],"wp:term":[{"taxonomy":"event-group","embeddable":true,"href":"https:\/\/bibliotekutvikling.no\/kompetansebank\/wp-json\/wp\/v2\/event-group?post=42731"},{"taxonomy":"event-type","embeddable":true,"href":"https:\/\/bibliotekutvikling.no\/kompetansebank\/wp-json\/wp\/v2\/event-type?post=42731"},{"taxonomy":"tag","embeddable":true,"href":"https:\/\/bibliotekutvikling.no\/kompetansebank\/wp-json\/wp\/v2\/tag?post=42731"}],"curies":[{"name":"wp","href":"https:\/\/api.w.org\/{rel}","templated":true}]}}