{"id":41069,"date":"2025-09-10T12:43:00","date_gmt":"2025-09-10T10:43:00","guid":{"rendered":"https:\/\/bibliotekutvikling.no\/kompetansebank\/?post_type=event&#038;p=41069"},"modified":"2025-09-10T12:43:47","modified_gmt":"2025-09-10T10:43:47","slug":"norsk-bibliotekforening-barn-og-unges-seminardag-17-oktober-2025","status":"publish","type":"event","link":"https:\/\/bibliotekutvikling.no\/kompetansebank\/event\/norsk-bibliotekforening-barn-og-unges-seminardag-17-oktober-2025\/","title":{"rendered":"Norsk bibliotekforening Barn og unges seminardag"},"content":{"rendered":"\n\t\t<div class=\"t2-factbox wp-block-t2-factbox\" id=\"t2-factbox\">\n\t\t\t<div class=\"t2-factbox__content\">\n\t\t\t\t<div class=\"t2-factbox__blocks t2-factbox__inner-container is-layout-flow\">\n\t\t\t\t\t\n\n<p>Arrang\u00f8r: <a href=\"https:\/\/norskbibliotekforening.no\/faggruppe\/nbf-barn-og-unge\/\">Norsk&nbsp;bibliotekforening&nbsp;Barn og unge <\/a><\/p>\n\n\n\t\t\t\t<\/div>\n\t\t\t\t\n\t\t\t<\/div>\n\t\t\t\n\t\t<\/div>\n\n\n<p>Programmet starter med registrering fra kl. 9.30 <\/p>\n\n\n\n<p>Det blir mange spennende programposter med innlegg blant fra andre:<\/p>\n\n\n\n<ul class=\"wp-block-list\">\n<li>Ragnhild Malfang fra Lillestr\u00f8msbibliotekene om formidling<\/li>\n\n\n\n<li>Camilla M. Brandt fra Lillehammer bibliotek og Litteraturhus om Lesekvart+ (<a href=\"https:\/\/urldefense.com\/v3\/__https:\/p.lillehammerbibliotek.no\/2025\/05\/27\/lesekvart\/__;!!M-1nqGDpNA!7RWRbUoDZCbceT-J3OEwhxEPNxHcvdo9D1nKZbhGDtpH3xVzz5PhWWA84bNCih_W-XihsRZvGIVcFzJnKHkuvLkNy6ycFDqiYyx6BcdP7H7nsCz5Aw$\">Lesekvart+<\/a>)<\/li>\n\n\n\n<li>Boklek.no<\/li>\n<\/ul>\n\n\n\n<p>Kom og bli med p\u00e5 en l\u00e6rerik dag. Vi avslutter til ca kl. 15.00 med sosialt samv\u00e6r p\u00e5 slutten.<\/p>\n\n\n<div class=\"t2-infobox is-style-warning wp-block-t2-infobox\">\n\t\t\t<div class=\"t2-infobox__icon\"><svg xmlns=\"http:\/\/www.w3.org\/2000\/svg\" viewBox=\"0 0 24 24\" height=\"24\" width=\"24\" class=\"t2-icon t2-icon-warningamber\" aria-hidden=\"true\" focusable=\"false\"><path d=\"M2.7 21c-.2 0-.4 0-.5-.1-.2-.1-.3-.2-.4-.4s-.1-.3-.1-.5 0-.3.1-.5l9.2-16c.1-.2.2-.3.4-.4.3-.1.4-.1.6-.1.2 0 .3 0 .5.1s.3.2.4.4l9.2 16c.1.2.1.3.1.5s-.1.3-.1.5c-.1.1-.2.3-.4.4-.1.1-.2.1-.4.1H2.7zm1.8-2h15.1L12 6 4.5 19zm7.5-1c.3 0 .5-.1.7-.3.2-.2.3-.4.3-.7s-.1-.5-.3-.7-.4-.3-.7-.3-.5.1-.7.3-.3.4-.3.7.1.5.3.7c.2.2.4.3.7.3zm0-3c.3 0 .5-.1.7-.3.2-.2.3-.4.3-.7v-3c0-.3-.1-.5-.3-.7s-.4-.3-.7-.3-.5.1-.7.3-.3.4-.3.7v3c0 .3.1.5.3.7.2.2.4.3.7.3z\" fill=\"currentColor\" \/><\/svg><\/div>\n\t\t\t<div class=\"t2-infobox__inner-container t2-infobox__content is-layout-flow\">\n\n<p>Vi utlyser i \u00e5r to stipender \u00e1 inntil 5000 kr for de av v\u00e5re medlemmer som vil delta fysisk p\u00e5 seminaret og har lang reisevei til Oslo.&nbsp;<\/p>\n\n\n\n<p>Stipendet g\u00e5r til \u00e5 dekke reise- og bokostnadar til seminaret.&nbsp;<\/p>\n\n\n\n<p>Send en (kort) s\u00f8knad med enkelt budsjett til styret p\u00e5 epost: <a href=\"mailto:barnogunge@norskbibliotekforening.no\">barnogunge@norskbibliotekforening.no<\/a>.<\/p>\n\n<\/div>\n\t\t<\/div>\n\n\n<p>Seminaret vil str\u00f8mmes og kan f\u00f8lges i sanntid.&nbsp;<\/p>\n\n\n\n<p>Seminaret er gratis&nbsp;for&nbsp;alle.<\/p>\n\n\n\n<p>Det blir lunsj og kaffemat. Meld fra om matallergier o.l. ved p\u00e5melding.<\/p>\n\n\n\n<p>Det endelige programmet blir utsendt s\u00e5 snart alt er bekreftet.<\/p>\n","protected":false},"author":6868,"featured_media":32867,"menu_order":0,"template":"","meta":{"nb_hide_title":false,"event_tba_datetime":false,"event_all_day":false,"event_tba_start_time":false,"event_start_datetime":"2025-10-17T10:00:00","event_end_datetime":"2025-10-17T15:00:00","event_venue_id":"10319","event_ticket_vendor_url":"https:\/\/forms.office.com\/e\/NNvqEG0r4Y","event_ticket_price_text":"P\u00e5meldingsskjemaet gjelder b\u00e5de fysisk og digital p\u00e5melding","event_ticket_button_text":"P\u00e5melding","event_ticket_details_text":"P\u00e5meldingsfristen er 6.oktober","event_attendance_mode":"online_and_offline","event_short_description":"","event_virtual_venue_name":"","event_virtual_venue_url":"","event_hide_from_archive":false,"event_infoscreen_place_name":"","event_hide_from_infoscreen":false,"single_header_image_is_disabled":false,"single_header_image_attachment_id":0,"single_header_image_attachment_url":""},"event-group":[],"event-type":[],"tag":[],"class_list":["post-41069","event","type-event","status-publish","has-post-thumbnail","hentry"],"yoast_head":"<!-- This site is optimized with the Yoast SEO Premium plugin v27.1 (Yoast SEO v27.1.1) - https:\/\/yoast.com\/product\/yoast-seo-premium-wordpress\/ -->\n<title>Norsk bibliotekforening Barn og unges seminardag - Kompetansebank<\/title>\n<meta name=\"robots\" content=\"index, follow, max-snippet:-1, max-image-preview:large, max-video-preview:-1\" \/>\n<link rel=\"canonical\" href=\"https:\/\/bibliotekutvikling.no\/kompetansebank\/event\/norsk-bibliotekforening-barn-og-unges-seminardag-17-oktober-2025\/\" \/>\n<meta property=\"og:locale\" content=\"nb_NO\" \/>\n<meta property=\"og:type\" content=\"article\" \/>\n<meta property=\"og:title\" content=\"Norsk bibliotekforening Barn og unges seminardag\" \/>\n<meta property=\"og:url\" content=\"https:\/\/bibliotekutvikling.no\/kompetansebank\/event\/norsk-bibliotekforening-barn-og-unges-seminardag-17-oktober-2025\/\" \/>\n<meta property=\"og:site_name\" content=\"Kompetansebank\" \/>\n<meta property=\"article:publisher\" content=\"https:\/\/www.facebook.com\/bibliotekutvikling\" \/>\n<meta property=\"article:modified_time\" content=\"2025-09-10T10:43:47+00:00\" \/>\n<meta property=\"og:image\" content=\"https:\/\/bibliotekutvikling.no\/content\/uploads\/sites\/24\/2024\/09\/Logo-NBFBU.jpg\" \/>\n\t<meta property=\"og:image:width\" content=\"2362\" \/>\n\t<meta property=\"og:image:height\" content=\"1181\" \/>\n\t<meta property=\"og:image:type\" content=\"image\/jpeg\" \/>\n<meta name=\"twitter:card\" content=\"summary_large_image\" \/>\n<meta name=\"twitter:label1\" content=\"Ansl. lesetid\" \/>\n\t<meta name=\"twitter:data1\" content=\"1 minutt\" \/>\n<script type=\"application\/ld+json\" class=\"yoast-schema-graph\">{\"@context\":\"https:\/\/schema.org\",\"@graph\":[{\"@type\":\"WebPage\",\"@id\":\"https:\/\/bibliotekutvikling.no\/kompetansebank\/event\/norsk-bibliotekforening-barn-og-unges-seminardag-17-oktober-2025\/\",\"url\":\"https:\/\/bibliotekutvikling.no\/kompetansebank\/event\/norsk-bibliotekforening-barn-og-unges-seminardag-17-oktober-2025\/\",\"name\":\"Norsk bibliotekforening Barn og unges seminardag - Kompetansebank\",\"isPartOf\":{\"@id\":\"https:\/\/bibliotekutvikling.no\/kompetansebank\/#website\"},\"primaryImageOfPage\":{\"@id\":\"https:\/\/bibliotekutvikling.no\/kompetansebank\/event\/norsk-bibliotekforening-barn-og-unges-seminardag-17-oktober-2025\/#primaryimage\"},\"image\":{\"@id\":\"https:\/\/bibliotekutvikling.no\/kompetansebank\/event\/norsk-bibliotekforening-barn-og-unges-seminardag-17-oktober-2025\/#primaryimage\"},\"thumbnailUrl\":\"https:\/\/bibliotekutvikling.no\/content\/uploads\/sites\/24\/2024\/09\/Logo-NBFBU.jpg\",\"datePublished\":\"2025-09-10T10:43:00+00:00\",\"dateModified\":\"2025-09-10T10:43:47+00:00\",\"breadcrumb\":{\"@id\":\"https:\/\/bibliotekutvikling.no\/kompetansebank\/event\/norsk-bibliotekforening-barn-og-unges-seminardag-17-oktober-2025\/#breadcrumb\"},\"inLanguage\":\"nb-NO\",\"potentialAction\":[{\"@type\":\"ReadAction\",\"target\":[\"https:\/\/bibliotekutvikling.no\/kompetansebank\/event\/norsk-bibliotekforening-barn-og-unges-seminardag-17-oktober-2025\/\"]}]},{\"@type\":\"ImageObject\",\"inLanguage\":\"nb-NO\",\"@id\":\"https:\/\/bibliotekutvikling.no\/kompetansebank\/event\/norsk-bibliotekforening-barn-og-unges-seminardag-17-oktober-2025\/#primaryimage\",\"url\":\"https:\/\/bibliotekutvikling.no\/content\/uploads\/sites\/24\/2024\/09\/Logo-NBFBU.jpg\",\"contentUrl\":\"https:\/\/bibliotekutvikling.no\/content\/uploads\/sites\/24\/2024\/09\/Logo-NBFBU.jpg\",\"width\":2362,\"height\":1181},{\"@type\":\"BreadcrumbList\",\"@id\":\"https:\/\/bibliotekutvikling.no\/kompetansebank\/event\/norsk-bibliotekforening-barn-og-unges-seminardag-17-oktober-2025\/#breadcrumb\",\"itemListElement\":[{\"@type\":\"ListItem\",\"position\":1,\"name\":\"Hjem\",\"item\":\"https:\/\/bibliotekutvikling.no\/kompetansebank\/\"},{\"@type\":\"ListItem\",\"position\":2,\"name\":\"Norsk bibliotekforening Barn og unges seminardag\"}]},{\"@type\":\"WebSite\",\"@id\":\"https:\/\/bibliotekutvikling.no\/kompetansebank\/#website\",\"url\":\"https:\/\/bibliotekutvikling.no\/kompetansebank\/\",\"name\":\"Kompetansebank\",\"description\":\"kurs og kunnskap for bibliotekansatte\",\"publisher\":{\"@id\":\"https:\/\/bibliotekutvikling.no\/kompetansebank\/#organization\"},\"potentialAction\":[{\"@type\":\"SearchAction\",\"target\":{\"@type\":\"EntryPoint\",\"urlTemplate\":\"https:\/\/bibliotekutvikling.no\/kompetansebank\/?s={search_term_string}\"},\"query-input\":{\"@type\":\"PropertyValueSpecification\",\"valueRequired\":true,\"valueName\":\"search_term_string\"}}],\"inLanguage\":\"nb-NO\"},{\"@type\":\"Organization\",\"@id\":\"https:\/\/bibliotekutvikling.no\/kompetansebank\/#organization\",\"name\":\"Bibliotekutvikling\",\"url\":\"https:\/\/bibliotekutvikling.no\/kompetansebank\/\",\"logo\":{\"@type\":\"ImageObject\",\"inLanguage\":\"nb-NO\",\"@id\":\"https:\/\/bibliotekutvikling.no\/kompetansebank\/#\/schema\/logo\/image\/\",\"url\":\"https:\/\/bibliotekutvikling.no\/content\/uploads\/sites\/24\/2023\/10\/Favikon-BU.png\",\"contentUrl\":\"https:\/\/bibliotekutvikling.no\/content\/uploads\/sites\/24\/2023\/10\/Favikon-BU.png\",\"width\":1055,\"height\":1054,\"caption\":\"Bibliotekutvikling\"},\"image\":{\"@id\":\"https:\/\/bibliotekutvikling.no\/kompetansebank\/#\/schema\/logo\/image\/\"},\"sameAs\":[\"https:\/\/www.facebook.com\/bibliotekutvikling\"]},{\"@type\":\"Event\",\"name\":\"Norsk bibliotekforening Barn og unges seminardag\",\"description\":\"\",\"startDate\":\"2025-10-17T10:00:00+02:00\",\"endDate\":\"2025-10-17T15:00:00+02:00\",\"eventStatus\":\"EventScheduled\",\"eventAttendanceMode\":\"MixedEventAttendanceMode\",\"location\":[[],{\"@type\":\"Place\",\"name\":\"Bibliotekenes hus\",\"address\":{\"@type\":\"PostalAddress\",\"addressCountry\":\"NO\",\"addressRegion\":\"Oslo\",\"addressLocality\":\"Oslo\",\"postalCode\":\"0582\",\"streetAddress\":\" Alf Bjerckes vei 20 \"}}],\"image\":[\"https:\/\/bibliotekutvikling.no\/content\/uploads\/sites\/24\/2024\/09\/Logo-NBFBU-1024x512.jpg\"]}]}<\/script>\n<!-- \/ Yoast SEO Premium plugin. -->","yoast_head_json":{"title":"Norsk bibliotekforening Barn og unges seminardag - Kompetansebank","robots":{"index":"index","follow":"follow","max-snippet":"max-snippet:-1","max-image-preview":"max-image-preview:large","max-video-preview":"max-video-preview:-1"},"canonical":"https:\/\/bibliotekutvikling.no\/kompetansebank\/event\/norsk-bibliotekforening-barn-og-unges-seminardag-17-oktober-2025\/","og_locale":"nb_NO","og_type":"article","og_title":"Norsk bibliotekforening Barn og unges seminardag","og_url":"https:\/\/bibliotekutvikling.no\/kompetansebank\/event\/norsk-bibliotekforening-barn-og-unges-seminardag-17-oktober-2025\/","og_site_name":"Kompetansebank","article_publisher":"https:\/\/www.facebook.com\/bibliotekutvikling","article_modified_time":"2025-09-10T10:43:47+00:00","og_image":[{"width":2362,"height":1181,"url":"https:\/\/bibliotekutvikling.no\/content\/uploads\/sites\/24\/2024\/09\/Logo-NBFBU.jpg","type":"image\/jpeg"}],"twitter_card":"summary_large_image","twitter_misc":{"Ansl. lesetid":"1 minutt"},"schema":{"@context":"https:\/\/schema.org","@graph":[{"@type":"WebPage","@id":"https:\/\/bibliotekutvikling.no\/kompetansebank\/event\/norsk-bibliotekforening-barn-og-unges-seminardag-17-oktober-2025\/","url":"https:\/\/bibliotekutvikling.no\/kompetansebank\/event\/norsk-bibliotekforening-barn-og-unges-seminardag-17-oktober-2025\/","name":"Norsk bibliotekforening Barn og unges seminardag - Kompetansebank","isPartOf":{"@id":"https:\/\/bibliotekutvikling.no\/kompetansebank\/#website"},"primaryImageOfPage":{"@id":"https:\/\/bibliotekutvikling.no\/kompetansebank\/event\/norsk-bibliotekforening-barn-og-unges-seminardag-17-oktober-2025\/#primaryimage"},"image":{"@id":"https:\/\/bibliotekutvikling.no\/kompetansebank\/event\/norsk-bibliotekforening-barn-og-unges-seminardag-17-oktober-2025\/#primaryimage"},"thumbnailUrl":"https:\/\/bibliotekutvikling.no\/content\/uploads\/sites\/24\/2024\/09\/Logo-NBFBU.jpg","datePublished":"2025-09-10T10:43:00+00:00","dateModified":"2025-09-10T10:43:47+00:00","breadcrumb":{"@id":"https:\/\/bibliotekutvikling.no\/kompetansebank\/event\/norsk-bibliotekforening-barn-og-unges-seminardag-17-oktober-2025\/#breadcrumb"},"inLanguage":"nb-NO","potentialAction":[{"@type":"ReadAction","target":["https:\/\/bibliotekutvikling.no\/kompetansebank\/event\/norsk-bibliotekforening-barn-og-unges-seminardag-17-oktober-2025\/"]}]},{"@type":"ImageObject","inLanguage":"nb-NO","@id":"https:\/\/bibliotekutvikling.no\/kompetansebank\/event\/norsk-bibliotekforening-barn-og-unges-seminardag-17-oktober-2025\/#primaryimage","url":"https:\/\/bibliotekutvikling.no\/content\/uploads\/sites\/24\/2024\/09\/Logo-NBFBU.jpg","contentUrl":"https:\/\/bibliotekutvikling.no\/content\/uploads\/sites\/24\/2024\/09\/Logo-NBFBU.jpg","width":2362,"height":1181},{"@type":"BreadcrumbList","@id":"https:\/\/bibliotekutvikling.no\/kompetansebank\/event\/norsk-bibliotekforening-barn-og-unges-seminardag-17-oktober-2025\/#breadcrumb","itemListElement":[{"@type":"ListItem","position":1,"name":"Hjem","item":"https:\/\/bibliotekutvikling.no\/kompetansebank\/"},{"@type":"ListItem","position":2,"name":"Norsk bibliotekforening Barn og unges seminardag"}]},{"@type":"WebSite","@id":"https:\/\/bibliotekutvikling.no\/kompetansebank\/#website","url":"https:\/\/bibliotekutvikling.no\/kompetansebank\/","name":"Kompetansebank","description":"kurs og kunnskap for bibliotekansatte","publisher":{"@id":"https:\/\/bibliotekutvikling.no\/kompetansebank\/#organization"},"potentialAction":[{"@type":"SearchAction","target":{"@type":"EntryPoint","urlTemplate":"https:\/\/bibliotekutvikling.no\/kompetansebank\/?s={search_term_string}"},"query-input":{"@type":"PropertyValueSpecification","valueRequired":true,"valueName":"search_term_string"}}],"inLanguage":"nb-NO"},{"@type":"Organization","@id":"https:\/\/bibliotekutvikling.no\/kompetansebank\/#organization","name":"Bibliotekutvikling","url":"https:\/\/bibliotekutvikling.no\/kompetansebank\/","logo":{"@type":"ImageObject","inLanguage":"nb-NO","@id":"https:\/\/bibliotekutvikling.no\/kompetansebank\/#\/schema\/logo\/image\/","url":"https:\/\/bibliotekutvikling.no\/content\/uploads\/sites\/24\/2023\/10\/Favikon-BU.png","contentUrl":"https:\/\/bibliotekutvikling.no\/content\/uploads\/sites\/24\/2023\/10\/Favikon-BU.png","width":1055,"height":1054,"caption":"Bibliotekutvikling"},"image":{"@id":"https:\/\/bibliotekutvikling.no\/kompetansebank\/#\/schema\/logo\/image\/"},"sameAs":["https:\/\/www.facebook.com\/bibliotekutvikling"]},{"@type":"Event","name":"Norsk bibliotekforening Barn og unges seminardag","description":"","startDate":"2025-10-17T10:00:00+02:00","endDate":"2025-10-17T15:00:00+02:00","eventStatus":"EventScheduled","eventAttendanceMode":"MixedEventAttendanceMode","location":[[],{"@type":"Place","name":"Bibliotekenes hus","address":{"@type":"PostalAddress","addressCountry":"NO","addressRegion":"Oslo","addressLocality":"Oslo","postalCode":"0582","streetAddress":" Alf Bjerckes vei 20 "}}],"image":["https:\/\/bibliotekutvikling.no\/content\/uploads\/sites\/24\/2024\/09\/Logo-NBFBU-1024x512.jpg"]}]}},"_links":{"self":[{"href":"https:\/\/bibliotekutvikling.no\/kompetansebank\/wp-json\/wp\/v2\/event\/41069","targetHints":{"allow":["GET"]}}],"collection":[{"href":"https:\/\/bibliotekutvikling.no\/kompetansebank\/wp-json\/wp\/v2\/event"}],"about":[{"href":"https:\/\/bibliotekutvikling.no\/kompetansebank\/wp-json\/wp\/v2\/types\/event"}],"author":[{"embeddable":true,"href":"https:\/\/bibliotekutvikling.no\/kompetansebank\/wp-json\/wp\/v2\/users\/6868"}],"wp:featuredmedia":[{"embeddable":true,"href":"https:\/\/bibliotekutvikling.no\/kompetansebank\/wp-json\/wp\/v2\/media\/32867"}],"wp:attachment":[{"href":"https:\/\/bibliotekutvikling.no\/kompetansebank\/wp-json\/wp\/v2\/media?parent=41069"}],"wp:term":[{"taxonomy":"event-group","embeddable":true,"href":"https:\/\/bibliotekutvikling.no\/kompetansebank\/wp-json\/wp\/v2\/event-group?post=41069"},{"taxonomy":"event-type","embeddable":true,"href":"https:\/\/bibliotekutvikling.no\/kompetansebank\/wp-json\/wp\/v2\/event-type?post=41069"},{"taxonomy":"tag","embeddable":true,"href":"https:\/\/bibliotekutvikling.no\/kompetansebank\/wp-json\/wp\/v2\/tag?post=41069"}],"curies":[{"name":"wp","href":"https:\/\/api.w.org\/{rel}","templated":true}]}}