{"id":40592,"date":"2025-08-15T10:16:01","date_gmt":"2025-08-15T08:16:01","guid":{"rendered":"https:\/\/bibliotekutvikling.no\/kompetansebank\/?post_type=event&#038;p=40592"},"modified":"2025-09-08T10:27:08","modified_gmt":"2025-09-08T08:27:08","slug":"inspirasjonsdag-for-skolebibliotekarer-i-videregaende-skole","status":"publish","type":"event","link":"https:\/\/bibliotekutvikling.no\/kompetansebank\/event\/inspirasjonsdag-for-skolebibliotekarer-i-videregaende-skole\/","title":{"rendered":"Inspirasjonsdag for skolebibliotekarer i videreg\u00e5ende skole"},"content":{"rendered":"\n\t\t<div class=\"t2-factbox wp-block-t2-factbox\" id=\"t2-factbox\">\n\t\t\t<div class=\"t2-factbox__content\">\n\t\t\t\t<div class=\"t2-factbox__blocks t2-factbox__inner-container is-layout-flow\">\n\t\t\t\t\t\n\n<p>Arrang\u00f8r: <a href=\"https:\/\/www.bibliotekenes.no\/arrangementer\/bokdager-h%C3%B8sten-2025-%E2%80%93-barnebokdagen\">Biblioteksentralen<\/a><\/p>\n\n\n\t\t\t\t<\/div>\n\t\t\t\t\n\t\t\t<\/div>\n\t\t\t\n\t\t<\/div>\n\n\n<p>M\u00f8t kollegaer fra andre skolebibliotek og f\u00e5 en dag med forfatterm\u00f8ter og faglig p\u00e5fyll. Arrangementet er gratis, men husk \u00e5 melde deg p\u00e5.\u200b\u200b\u200b\u200b\u200c\ufeff\u200d\ufeff\u200b\u200d\u200b\u200d\u200c\u200d\ufeff\ufeff\u200c\ufeff\u200b\u200d\u200c\u200d\u200d\u200c\u200c\u200d\u200c\ufeff\u200c\u200d\u200d\u200c\u200c\u200d\ufeff\u200d\u200b\u200d\u200b\u200d\u200b\ufeff\u200d\u200d\u200b\u200d\u200b\u200d\u200c\ufeff\u200b\ufeff\u200c\u200d\u200b\u200c\u200c\u200d\ufeff\u200d\u200c\u200d\u200d\u200c\u200c\ufeff\u200c\u200b\u200c\ufeff\u200d\u200c\u200b\u200d\ufeff\u200d\u200c\u200d\u200d\u200c\u200c\u200d\ufeff\ufeff\u200b\u200d\u200b\u200d\u200b\u200d\ufeff\u200b\u200b\u200d\u200b\u200d\u200c\u200d\u200d\u200b\u200c\ufeff\u200b\u200d\u200c\u200d\u200c\u200c\u200c\u200d\u200c\u200d\u200b\u200d\u200b\u200d\u200b\ufeff\u200d\u200d\u200b\u200d\u200b\u200d\u200b\u200d\ufeff\ufeff\u200c\ufeff\u200b\ufeff\u200c\ufeff\u200c\u200b\u200c\ufeff\u200c\u200c\u200c\u200d\u200c\u200b\u200c\u200d\u200d\u200c\u200c\u200d\ufeff\ufeff\u200b\u200d\ufeff\ufeff\u200c\u200d\u200d\u200c\u200c\u200d\ufeff\u200d\u200c\ufeff\u200c\u200b\u200c\u200d\u200c\u200c\u200c\u200d\ufeff\u200d\u200c\ufeff\u200c\u200b\u200b\u200d\ufeff\ufeff\u200c\u200d\u200c\u200c\u200c\u200d\u200c\u200b\u200c\u200d\u200d\u200c\u200c\ufeff\u200c\u200b\u200b\u200d\ufeff\ufeff\u200c\u200d\ufeff\u200c\u200c\u200d\ufeff\ufeff\u200c\u200d\u200c\u200b\u200c\u200d\u200c\u200c\u200b\ufeff\ufeff\u200c\u200c\ufeff\u200b\u200b\u200c\ufeff\u200b\u200d\u200c\u200d\u200c\u200c\u200c\ufeff\u200b\ufeff\u200c\u200d\u200c\u200c\u200c\u200d\ufeff\u200d\u200c\ufeff\u200c\u200b\u200c\u200d\u200b\u200c\u200c\ufeff\u200c\u200b\u200c\u200d\u200d\u200c\u200c\u200d\ufeff\ufeff\u200c\u200d\ufeff\u200d\u200b\ufeff\u200d\ufeff\u200c\u200d\u200d\u200c\u200c\u200d\u200c\u200b\u200b\ufeff\ufeff\u200c\u200b\ufeff\u200b\u200c\u200b\ufeff\u200d\u200c\u200c\u200d\u200b\u200c\u200c\u200d\u200c\u200b\u200b\ufeff\u200c\u200c\u200b\ufeff\u200b\u200d\u200b\ufeff\u200c\u200d\u200b\ufeff\u200b\u200b\u200b\u200d\ufeff\u200c\u200c\u200d\u200b\u200d\u200b\ufeff\u200d\u200b\u200b\ufeff\u200d\u200b\u200c\u200d\u200c\u200d\u200b\u200d\ufeff\u200c\u200b\ufeff\u200c\u200b\u200b\ufeff\u200c\u200d\u200b\ufeff\u200d\u200c\u200b\ufeff\u200b\u200d\u200b\u200d\ufeff\u200c\u200c\u200d\u200b\u200d\u200b\ufeff\u200c\u200d\u200b\ufeff\u200c\u200d\u200b\ufeff\u200b\u200d\u200b\u200d\ufeff\u200c\u200c\u200d\u200c\u200d\u200c\u200d\u200c\u200c\u200b\ufeff\u200c\u200d\u200b\ufeff\u200c\u200c\u200c\u200d\u200c\u200c\u200b\ufeff\u200c\u200d\u200b\ufeff\u200c\ufeff\u200b\ufeff\u200b\u200b\u200c\u200d\u200c\u200d\u200b\ufeff\u200c\ufeff\u200c\u200d\u200b\u200d\u200b\ufeff\u200c\u200d\u200b\ufeff\u200d\ufeff\u200c\ufeff\u200c\u200b\u200c\ufeff\u200d\u200c\u200c\ufeff\u200b\u200b\u200c\u200d\u200c\u200c\u200b\ufeff\ufeff\u200c\u200c\u200d\u200c\u200c\u200c\ufeff\u200c\u200d\u200c\u200d\u200c\u200c\u200c\u200d\ufeff\u200d\u200c\ufeff\u200c\u200b\u200c\u200c\u200b\u200b\u200c\u200d\u200b\u200c\u200c\u200d\u200c\ufeff\u200c\u200d\u200c\u200c\u200b\ufeff\u200d\ufeff\u200c\ufeff\u200b\u200b\u200c\u200d\u200b\u200c\u200c\ufeff\u200c\u200b\u200c\u200d\u200d\u200b\u200b\ufeff\ufeff\u200c\u200c\u200d\u200d\u200c\u200c\u200d\ufeff\u200d\u200c\u200d\u200c\ufeff\u200c\ufeff\u200b\u200d\u200c\u200d\u200c\u200c\u200c\ufeff\u200b\ufeff\u200c\ufeff\u200b\ufeff\u200b\ufeff\ufeff\ufeff\u200c\u200d\u200b\u200d\u200c\u200d\u200b\u200c\u200c\ufeff\u200b\ufeff\u200c\u200d\u200c\u200c\u200c\u200c\u200c\u200c\u200c\ufeff\u200b\u200d\u200c\u200d\ufeff\u200b\u200b\ufeff\ufeff\u200c\u200b\u200d\u200c\u200c\u200b\ufeff\u200b\u200d\u200c\u200b\u200c\u200d\u200c\ufeff\u200b\ufeff\u200c\ufeff\u200c\u200b\u200c\ufeff\u200c\u200c\u200c\u200d\u200c\u200b\u200c\u200d\u200d\u200c\u200c\u200d\ufeff\ufeff\u200b\u200d\u200c\u200d\u200c\u200d\u200d\u200c\u200c\u200d\u200c\u200b\u200b\ufeff\ufeff\u200c\u200b\ufeff\u200b\u200c\u200b\ufeff\u200d\u200c\u200c\u200d\u200b\u200c\u200c\u200d\u200c\u200b\u200b\ufeff\u200c\u200c\u200b\ufeff\u200b\u200d\u200b\ufeff\u200c\u200d\u200b\ufeff\u200b\u200b\u200b\u200d\ufeff\u200c\u200c\u200d\u200b\u200d\u200b\ufeff\u200d\u200b\u200b\ufeff\u200d\u200b\u200c\u200d\u200c\u200d\u200b\u200d\ufeff\u200c\u200b\ufeff\u200c\u200b\u200b\ufeff\u200c\u200d\u200b\ufeff\u200d\u200c\u200b\ufeff\u200b\u200d\u200b\u200d\ufeff\u200c\u200c\u200d\u200b\u200d\u200b\ufeff\u200c\u200d\u200b\ufeff\u200c\u200d\u200b\ufeff\u200b\u200d\u200b\u200d\ufeff\u200c\u200c\u200d\u200c\u200d\u200c\u200d\u200c\u200c\u200b\ufeff\u200c\u200d\u200b\ufeff\u200c\u200c\u200c\u200d\u200c\u200c\u200b\ufeff\u200c\u200d\u200b\ufeff\u200c\ufeff\u200b\ufeff\u200b\u200b\u200c\u200d\u200c\u200d\u200b\ufeff\u200c\ufeff\u200c\u200d\u200b\u200d\u200b\ufeff\u200c\u200d\u200b\u200d\u200c\u200d\u200c\ufeff\u200c\u200b\u200c\ufeff\u200d\u200c\u200c\ufeff\u200b\u200b\u200c\u200d\u200c\u200c\u200b\ufeff\ufeff\u200c\u200c\u200d\u200c\u200c\u200c\ufeff\u200c\u200d\u200c\u200d\u200c\u200c\u200c\u200d\ufeff\u200d\u200c\ufeff\u200c\u200b\u200c\u200c\u200b\u200b\u200c\u200d\u200b\u200c\u200c\u200d\u200c\ufeff\u200c\u200d\u200c\u200c\u200b\u200d\u200c\u200d\u200c\ufeff\u200b\u200b\u200c\u200d\u200b\u200c\u200c\ufeff\u200c\u200b\u200c\u200d\u200d\u200b\u200b\ufeff\ufeff\u200c\u200c\u200d\u200d\u200c\u200c\u200d\ufeff\u200d\u200c\u200d\u200c\ufeff\u200c\ufeff\u200b\u200d\u200c\u200d\u200c\u200c\u200c\ufeff\u200b\ufeff\u200c\ufeff\u200b\ufeff\u200b\u200d\u200c\u200d\u200c\ufeff\u200b\u200b\u200c\u200d\u200c\u200c\u200c\ufeff\u200b\u200d\u200c\ufeff\u200b\ufeff\u200c\ufeff\u200b\u200b\u200c\u200d\u200c\u200c\u200c\u200d\u200b\ufeff\u200c\ufeff\u200c\u200b\u200c\u200d\u200d\u200c\u200c\ufeff\u200c\u200d\u200c\u200d\u200c\u200c\u200b\ufeff\ufeff\u200c\u200c\ufeff\u200b\u200b\u200c\ufeff\u200c\u200c\u200c\u200d\u200b\u200d\u200c\u200d\ufeff\u200b\u200c\u200d\u200d\u200c\u200c\ufeff\u200b\ufeff\u200c\u200d\u200d\u200b\u200c\u200d\u200c\u200c\u200c\u200d\u200c\u200b\u200b\u200d\u200b\u200d\u200c\ufeff\ufeff\u200c<\/p>\n\n\n\n<p>Dagen starter med lunsj klokka 11.00. Det faglige programmet begynner klokken 12.00. Du kan ogs\u00e5 f\u00f8lge arrangementet digitalt. Pass p\u00e5 at du melder deg p\u00e5 rett arrangement for deg.<\/p>\n\n\n\n<p><strong>Program:<\/strong><\/p>\n\n\n\n<p><strong>11.00 \u2013 12.00&nbsp;<\/strong>\u2013 H\u00f8stsupper med br\u00f8d og hyggelig mingling.<\/p>\n\n\n\n<p><strong>12.00 -12.05<\/strong>&nbsp;\u2013 Velkommen<\/p>\n\n\n\n<p><strong>12.05 12.35<\/strong>&nbsp;&#8211; Marie Olaussen forteller om sin nye bok&nbsp;<a href=\"https:\/\/www.bibliotekenes.no\/produkter\/9fcbfc87-6912-5e24-a98a-12bc9c652f1d\/hjelp--jeg-flytter-hjemmefra---bli-smart-med-pengene-dine\">Hjelp, jeg flytter hjemmefra! \u2013 bli smart med pengene dine<\/a>.<\/p>\n\n\n\n<p><strong>12.35 \u2013 13.05<\/strong>&nbsp;&#8211; Hilde Hagerup forteller om og leser opp fra sin kommende roman&nbsp;<a href=\"https:\/\/www.bibliotekenes.no\/produkter\/32de5cc4-43b4-5175-a203-8462b515625b\/du-eneste---historien-om-gunvor-hofmo-og-ruth-maier\">Du eneste \u2013 historien om Gunvor Hofmo og Ruth Maier<\/a>.<\/p>\n\n\n\n<p><em>Pause \u2013 15 min<\/em><\/p>\n\n\n\n<p><strong>13.20 \u2013 13.50<\/strong>&nbsp;&#8211;&nbsp;<a href=\"https:\/\/strandforlag.no\/\">Strand forlag<\/a>&nbsp;skal overbevise oss om at tegneserier kan redde verden, og leselysten.<\/p>\n\n\n\n<p><strong>13.50 \u2013 14.20<\/strong>&nbsp;&#8211; Helen Kaldheim forteller om serien&nbsp;<a href=\"https:\/\/www.bibliotekenes.no\/produkter\/31398eac-3349-5041-8b23-e93d44256b62\/morkalven-bok-4-drommen\">M\u00f8rkalven<\/a>, noe s\u00e5 sjelden som norsk manga for ungdom.<\/p>\n\n\n\n<p><em>Pause med frukt &#8211; 15 min<\/em><\/p>\n\n\n\n<p><strong>14.35 \u2013 15.00<\/strong>&nbsp;&#8211; Aud K. Johnsen bokprater om aktuelle b\u00f8ker for ungdom og unge voksne.<\/p>\n\n\n\n<p><strong>15.00 \u2013 15.30<\/strong>&nbsp;\u2013 Ida Therese Klungland skal fortelle om og lese fra ungdomsboken&nbsp;<a href=\"https:\/\/www.bibliotekenes.no\/produkter\/18314286-3355-567c-90ce-f6ccd5d74951\/jeg-angrer-ikke-pa-noe\">Jeg angrer ikke p\u00e5 noe<\/a>&nbsp;(2024) og den nye, frittst\u00e5ende oppf\u00f8lgeren&nbsp;<a href=\"https:\/\/www.bibliotekenes.no\/produkter\/1dc34062-9a82-50af-afda-8202cc44d2a2\/alt-jeg-har-a-tape\">Alt jeg har \u00e5 tape<\/a>.<\/p>\n\n\n\n<p><\/p>\n","protected":false},"author":6868,"featured_media":41031,"menu_order":0,"template":"","meta":{"nb_hide_title":false,"event_tba_datetime":false,"event_all_day":false,"event_tba_start_time":false,"event_start_datetime":"2025-09-11T11:00:00","event_end_datetime":"2025-09-11T15:30:00","event_venue_id":"10319","event_ticket_vendor_url":"https:\/\/cloud.epost.bibliotekenes.no\/inspirasjonsdag-skolebibliotekarer-videregaende-skole-2025","event_ticket_price_text":"B\u00e5de det fysiske og digitale arrangementet krever p\u00e5melding","event_ticket_button_text":"P\u00e5melding fysisk arrangement","event_ticket_details_text":"Pass p\u00e5 at du melder deg p\u00e5 rett arrangement for deg.","event_attendance_mode":"online_and_offline","event_short_description":"","event_virtual_venue_name":"P\u00e5melding digitalt arrangement","event_virtual_venue_url":"https:\/\/my.demio.com\/ref\/mhWWRsG0tNLxvzSW","event_hide_from_archive":false,"event_infoscreen_place_name":"","event_hide_from_infoscreen":false,"single_header_image_is_disabled":false,"single_header_image_attachment_id":0,"single_header_image_attachment_url":""},"event-group":[],"event-type":[],"tag":[],"class_list":["post-40592","event","type-event","status-publish","has-post-thumbnail","hentry"],"yoast_head":"<!-- This site is optimized with the Yoast SEO Premium plugin v27.1 (Yoast SEO v27.1.1) - https:\/\/yoast.com\/product\/yoast-seo-premium-wordpress\/ -->\n<title>Inspirasjonsdag for skolebibliotekarer i videreg\u00e5ende skole - Kompetansebank<\/title>\n<meta name=\"robots\" content=\"index, follow, max-snippet:-1, max-image-preview:large, max-video-preview:-1\" \/>\n<link rel=\"canonical\" href=\"https:\/\/bibliotekutvikling.no\/kompetansebank\/event\/inspirasjonsdag-for-skolebibliotekarer-i-videregaende-skole\/\" \/>\n<meta property=\"og:locale\" content=\"nb_NO\" \/>\n<meta property=\"og:type\" content=\"article\" \/>\n<meta property=\"og:title\" content=\"Inspirasjonsdag for skolebibliotekarer i videreg\u00e5ende skole\" \/>\n<meta property=\"og:url\" content=\"https:\/\/bibliotekutvikling.no\/kompetansebank\/event\/inspirasjonsdag-for-skolebibliotekarer-i-videregaende-skole\/\" \/>\n<meta property=\"og:site_name\" content=\"Kompetansebank\" \/>\n<meta property=\"article:publisher\" content=\"https:\/\/www.facebook.com\/bibliotekutvikling\" \/>\n<meta property=\"article:modified_time\" content=\"2025-09-08T08:27:08+00:00\" \/>\n<meta property=\"og:image\" content=\"https:\/\/bibliotekutvikling.no\/content\/uploads\/sites\/24\/2025\/08\/inspirasjonsdag-for-skolebibliotekarer.jpg\" \/>\n\t<meta property=\"og:image:width\" content=\"1536\" \/>\n\t<meta property=\"og:image:height\" content=\"864\" \/>\n\t<meta property=\"og:image:type\" content=\"image\/jpeg\" \/>\n<meta name=\"twitter:card\" content=\"summary_large_image\" \/>\n<meta name=\"twitter:label1\" content=\"Ansl. lesetid\" \/>\n\t<meta name=\"twitter:data1\" content=\"2 minutter\" \/>\n<script type=\"application\/ld+json\" class=\"yoast-schema-graph\">{\"@context\":\"https:\/\/schema.org\",\"@graph\":[{\"@type\":\"WebPage\",\"@id\":\"https:\/\/bibliotekutvikling.no\/kompetansebank\/event\/inspirasjonsdag-for-skolebibliotekarer-i-videregaende-skole\/\",\"url\":\"https:\/\/bibliotekutvikling.no\/kompetansebank\/event\/inspirasjonsdag-for-skolebibliotekarer-i-videregaende-skole\/\",\"name\":\"Inspirasjonsdag for skolebibliotekarer i videreg\u00e5ende skole - Kompetansebank\",\"isPartOf\":{\"@id\":\"https:\/\/bibliotekutvikling.no\/kompetansebank\/#website\"},\"primaryImageOfPage\":{\"@id\":\"https:\/\/bibliotekutvikling.no\/kompetansebank\/event\/inspirasjonsdag-for-skolebibliotekarer-i-videregaende-skole\/#primaryimage\"},\"image\":{\"@id\":\"https:\/\/bibliotekutvikling.no\/kompetansebank\/event\/inspirasjonsdag-for-skolebibliotekarer-i-videregaende-skole\/#primaryimage\"},\"thumbnailUrl\":\"https:\/\/bibliotekutvikling.no\/content\/uploads\/sites\/24\/2025\/08\/inspirasjonsdag-for-skolebibliotekarer.jpg\",\"datePublished\":\"2025-08-15T08:16:01+00:00\",\"dateModified\":\"2025-09-08T08:27:08+00:00\",\"breadcrumb\":{\"@id\":\"https:\/\/bibliotekutvikling.no\/kompetansebank\/event\/inspirasjonsdag-for-skolebibliotekarer-i-videregaende-skole\/#breadcrumb\"},\"inLanguage\":\"nb-NO\",\"potentialAction\":[{\"@type\":\"ReadAction\",\"target\":[\"https:\/\/bibliotekutvikling.no\/kompetansebank\/event\/inspirasjonsdag-for-skolebibliotekarer-i-videregaende-skole\/\"]}]},{\"@type\":\"ImageObject\",\"inLanguage\":\"nb-NO\",\"@id\":\"https:\/\/bibliotekutvikling.no\/kompetansebank\/event\/inspirasjonsdag-for-skolebibliotekarer-i-videregaende-skole\/#primaryimage\",\"url\":\"https:\/\/bibliotekutvikling.no\/content\/uploads\/sites\/24\/2025\/08\/inspirasjonsdag-for-skolebibliotekarer.jpg\",\"contentUrl\":\"https:\/\/bibliotekutvikling.no\/content\/uploads\/sites\/24\/2025\/08\/inspirasjonsdag-for-skolebibliotekarer.jpg\",\"width\":1536,\"height\":864},{\"@type\":\"BreadcrumbList\",\"@id\":\"https:\/\/bibliotekutvikling.no\/kompetansebank\/event\/inspirasjonsdag-for-skolebibliotekarer-i-videregaende-skole\/#breadcrumb\",\"itemListElement\":[{\"@type\":\"ListItem\",\"position\":1,\"name\":\"Hjem\",\"item\":\"https:\/\/bibliotekutvikling.no\/kompetansebank\/\"},{\"@type\":\"ListItem\",\"position\":2,\"name\":\"Inspirasjonsdag for skolebibliotekarer i videreg\u00e5ende skole\"}]},{\"@type\":\"WebSite\",\"@id\":\"https:\/\/bibliotekutvikling.no\/kompetansebank\/#website\",\"url\":\"https:\/\/bibliotekutvikling.no\/kompetansebank\/\",\"name\":\"Kompetansebank\",\"description\":\"kurs og kunnskap for bibliotekansatte\",\"publisher\":{\"@id\":\"https:\/\/bibliotekutvikling.no\/kompetansebank\/#organization\"},\"potentialAction\":[{\"@type\":\"SearchAction\",\"target\":{\"@type\":\"EntryPoint\",\"urlTemplate\":\"https:\/\/bibliotekutvikling.no\/kompetansebank\/?s={search_term_string}\"},\"query-input\":{\"@type\":\"PropertyValueSpecification\",\"valueRequired\":true,\"valueName\":\"search_term_string\"}}],\"inLanguage\":\"nb-NO\"},{\"@type\":\"Organization\",\"@id\":\"https:\/\/bibliotekutvikling.no\/kompetansebank\/#organization\",\"name\":\"Bibliotekutvikling\",\"url\":\"https:\/\/bibliotekutvikling.no\/kompetansebank\/\",\"logo\":{\"@type\":\"ImageObject\",\"inLanguage\":\"nb-NO\",\"@id\":\"https:\/\/bibliotekutvikling.no\/kompetansebank\/#\/schema\/logo\/image\/\",\"url\":\"https:\/\/bibliotekutvikling.no\/content\/uploads\/sites\/24\/2023\/10\/Favikon-BU.png\",\"contentUrl\":\"https:\/\/bibliotekutvikling.no\/content\/uploads\/sites\/24\/2023\/10\/Favikon-BU.png\",\"width\":1055,\"height\":1054,\"caption\":\"Bibliotekutvikling\"},\"image\":{\"@id\":\"https:\/\/bibliotekutvikling.no\/kompetansebank\/#\/schema\/logo\/image\/\"},\"sameAs\":[\"https:\/\/www.facebook.com\/bibliotekutvikling\"]},{\"@type\":\"Event\",\"name\":\"Inspirasjonsdag for skolebibliotekarer i videreg\u00e5ende skole\",\"description\":\"\",\"startDate\":\"2025-09-11T11:00:00+02:00\",\"endDate\":\"2025-09-11T15:30:00+02:00\",\"eventStatus\":\"EventScheduled\",\"eventAttendanceMode\":\"MixedEventAttendanceMode\",\"location\":[{\"@type\":\"VirtualLocation\",\"name\":\"P\u00e5melding digitalt arrangement\",\"url\":\"https:\/\/my.demio.com\/ref\/mhWWRsG0tNLxvzSW\"},{\"@type\":\"Place\",\"name\":\"Bibliotekenes hus\",\"address\":{\"@type\":\"PostalAddress\",\"addressCountry\":\"NO\",\"addressRegion\":\"Oslo\",\"addressLocality\":\"Oslo\",\"postalCode\":\"0582\",\"streetAddress\":\" Alf Bjerckes vei 20 \"}}],\"image\":[\"https:\/\/bibliotekutvikling.no\/content\/uploads\/sites\/24\/2025\/08\/inspirasjonsdag-for-skolebibliotekarer-1024x576.jpg\"]}]}<\/script>\n<!-- \/ Yoast SEO Premium plugin. -->","yoast_head_json":{"title":"Inspirasjonsdag for skolebibliotekarer i videreg\u00e5ende skole - Kompetansebank","robots":{"index":"index","follow":"follow","max-snippet":"max-snippet:-1","max-image-preview":"max-image-preview:large","max-video-preview":"max-video-preview:-1"},"canonical":"https:\/\/bibliotekutvikling.no\/kompetansebank\/event\/inspirasjonsdag-for-skolebibliotekarer-i-videregaende-skole\/","og_locale":"nb_NO","og_type":"article","og_title":"Inspirasjonsdag for skolebibliotekarer i videreg\u00e5ende skole","og_url":"https:\/\/bibliotekutvikling.no\/kompetansebank\/event\/inspirasjonsdag-for-skolebibliotekarer-i-videregaende-skole\/","og_site_name":"Kompetansebank","article_publisher":"https:\/\/www.facebook.com\/bibliotekutvikling","article_modified_time":"2025-09-08T08:27:08+00:00","og_image":[{"width":1536,"height":864,"url":"https:\/\/bibliotekutvikling.no\/content\/uploads\/sites\/24\/2025\/08\/inspirasjonsdag-for-skolebibliotekarer.jpg","type":"image\/jpeg"}],"twitter_card":"summary_large_image","twitter_misc":{"Ansl. lesetid":"2 minutter"},"schema":{"@context":"https:\/\/schema.org","@graph":[{"@type":"WebPage","@id":"https:\/\/bibliotekutvikling.no\/kompetansebank\/event\/inspirasjonsdag-for-skolebibliotekarer-i-videregaende-skole\/","url":"https:\/\/bibliotekutvikling.no\/kompetansebank\/event\/inspirasjonsdag-for-skolebibliotekarer-i-videregaende-skole\/","name":"Inspirasjonsdag for skolebibliotekarer i videreg\u00e5ende skole - Kompetansebank","isPartOf":{"@id":"https:\/\/bibliotekutvikling.no\/kompetansebank\/#website"},"primaryImageOfPage":{"@id":"https:\/\/bibliotekutvikling.no\/kompetansebank\/event\/inspirasjonsdag-for-skolebibliotekarer-i-videregaende-skole\/#primaryimage"},"image":{"@id":"https:\/\/bibliotekutvikling.no\/kompetansebank\/event\/inspirasjonsdag-for-skolebibliotekarer-i-videregaende-skole\/#primaryimage"},"thumbnailUrl":"https:\/\/bibliotekutvikling.no\/content\/uploads\/sites\/24\/2025\/08\/inspirasjonsdag-for-skolebibliotekarer.jpg","datePublished":"2025-08-15T08:16:01+00:00","dateModified":"2025-09-08T08:27:08+00:00","breadcrumb":{"@id":"https:\/\/bibliotekutvikling.no\/kompetansebank\/event\/inspirasjonsdag-for-skolebibliotekarer-i-videregaende-skole\/#breadcrumb"},"inLanguage":"nb-NO","potentialAction":[{"@type":"ReadAction","target":["https:\/\/bibliotekutvikling.no\/kompetansebank\/event\/inspirasjonsdag-for-skolebibliotekarer-i-videregaende-skole\/"]}]},{"@type":"ImageObject","inLanguage":"nb-NO","@id":"https:\/\/bibliotekutvikling.no\/kompetansebank\/event\/inspirasjonsdag-for-skolebibliotekarer-i-videregaende-skole\/#primaryimage","url":"https:\/\/bibliotekutvikling.no\/content\/uploads\/sites\/24\/2025\/08\/inspirasjonsdag-for-skolebibliotekarer.jpg","contentUrl":"https:\/\/bibliotekutvikling.no\/content\/uploads\/sites\/24\/2025\/08\/inspirasjonsdag-for-skolebibliotekarer.jpg","width":1536,"height":864},{"@type":"BreadcrumbList","@id":"https:\/\/bibliotekutvikling.no\/kompetansebank\/event\/inspirasjonsdag-for-skolebibliotekarer-i-videregaende-skole\/#breadcrumb","itemListElement":[{"@type":"ListItem","position":1,"name":"Hjem","item":"https:\/\/bibliotekutvikling.no\/kompetansebank\/"},{"@type":"ListItem","position":2,"name":"Inspirasjonsdag for skolebibliotekarer i videreg\u00e5ende skole"}]},{"@type":"WebSite","@id":"https:\/\/bibliotekutvikling.no\/kompetansebank\/#website","url":"https:\/\/bibliotekutvikling.no\/kompetansebank\/","name":"Kompetansebank","description":"kurs og kunnskap for bibliotekansatte","publisher":{"@id":"https:\/\/bibliotekutvikling.no\/kompetansebank\/#organization"},"potentialAction":[{"@type":"SearchAction","target":{"@type":"EntryPoint","urlTemplate":"https:\/\/bibliotekutvikling.no\/kompetansebank\/?s={search_term_string}"},"query-input":{"@type":"PropertyValueSpecification","valueRequired":true,"valueName":"search_term_string"}}],"inLanguage":"nb-NO"},{"@type":"Organization","@id":"https:\/\/bibliotekutvikling.no\/kompetansebank\/#organization","name":"Bibliotekutvikling","url":"https:\/\/bibliotekutvikling.no\/kompetansebank\/","logo":{"@type":"ImageObject","inLanguage":"nb-NO","@id":"https:\/\/bibliotekutvikling.no\/kompetansebank\/#\/schema\/logo\/image\/","url":"https:\/\/bibliotekutvikling.no\/content\/uploads\/sites\/24\/2023\/10\/Favikon-BU.png","contentUrl":"https:\/\/bibliotekutvikling.no\/content\/uploads\/sites\/24\/2023\/10\/Favikon-BU.png","width":1055,"height":1054,"caption":"Bibliotekutvikling"},"image":{"@id":"https:\/\/bibliotekutvikling.no\/kompetansebank\/#\/schema\/logo\/image\/"},"sameAs":["https:\/\/www.facebook.com\/bibliotekutvikling"]},{"@type":"Event","name":"Inspirasjonsdag for skolebibliotekarer i videreg\u00e5ende skole","description":"","startDate":"2025-09-11T11:00:00+02:00","endDate":"2025-09-11T15:30:00+02:00","eventStatus":"EventScheduled","eventAttendanceMode":"MixedEventAttendanceMode","location":[{"@type":"VirtualLocation","name":"P\u00e5melding digitalt arrangement","url":"https:\/\/my.demio.com\/ref\/mhWWRsG0tNLxvzSW"},{"@type":"Place","name":"Bibliotekenes hus","address":{"@type":"PostalAddress","addressCountry":"NO","addressRegion":"Oslo","addressLocality":"Oslo","postalCode":"0582","streetAddress":" Alf Bjerckes vei 20 "}}],"image":["https:\/\/bibliotekutvikling.no\/content\/uploads\/sites\/24\/2025\/08\/inspirasjonsdag-for-skolebibliotekarer-1024x576.jpg"]}]}},"_links":{"self":[{"href":"https:\/\/bibliotekutvikling.no\/kompetansebank\/wp-json\/wp\/v2\/event\/40592","targetHints":{"allow":["GET"]}}],"collection":[{"href":"https:\/\/bibliotekutvikling.no\/kompetansebank\/wp-json\/wp\/v2\/event"}],"about":[{"href":"https:\/\/bibliotekutvikling.no\/kompetansebank\/wp-json\/wp\/v2\/types\/event"}],"author":[{"embeddable":true,"href":"https:\/\/bibliotekutvikling.no\/kompetansebank\/wp-json\/wp\/v2\/users\/6868"}],"wp:featuredmedia":[{"embeddable":true,"href":"https:\/\/bibliotekutvikling.no\/kompetansebank\/wp-json\/wp\/v2\/media\/41031"}],"wp:attachment":[{"href":"https:\/\/bibliotekutvikling.no\/kompetansebank\/wp-json\/wp\/v2\/media?parent=40592"}],"wp:term":[{"taxonomy":"event-group","embeddable":true,"href":"https:\/\/bibliotekutvikling.no\/kompetansebank\/wp-json\/wp\/v2\/event-group?post=40592"},{"taxonomy":"event-type","embeddable":true,"href":"https:\/\/bibliotekutvikling.no\/kompetansebank\/wp-json\/wp\/v2\/event-type?post=40592"},{"taxonomy":"tag","embeddable":true,"href":"https:\/\/bibliotekutvikling.no\/kompetansebank\/wp-json\/wp\/v2\/tag?post=40592"}],"curies":[{"name":"wp","href":"https:\/\/api.w.org\/{rel}","templated":true}]}}