{"id":40156,"date":"2025-06-24T13:56:26","date_gmt":"2025-06-24T11:56:26","guid":{"rendered":"https:\/\/bibliotekutvikling.no\/kompetansebank\/?post_type=event&#038;p=40156"},"modified":"2025-06-25T15:02:13","modified_gmt":"2025-06-25T13:02:13","slug":"abm-konferansen-2025","status":"publish","type":"event","link":"https:\/\/bibliotekutvikling.no\/kompetansebank\/event\/abm-konferansen-2025\/","title":{"rendered":"ABM-konferansen 2025"},"content":{"rendered":"\n<p>Arrang\u00f8r: <a href=\"https:\/\/abmdig.no\/\">Nasjonalbiblioteket, avdeling for Kulturarvdigitalisering<\/a><\/p>\n\n\n<p class=\"t2-ingress wp-block-t2-ingress\">Nasjonalbiblioteket inviterer til ABM-konferanse i Mo i Rana 3.-4. september 2025.\u00a0Dette er en mulighet for akt\u00f8rer i ABM-sektoren til \u00e5 se Nasjonalbiblioteket i Mo i Rana og h\u00f8re mer om v\u00e5rt oppdrag med kulturarvdigitalisering.<\/p>\n\n\n<h2 class=\"wp-block-heading\" id=\"h-forelopig-program\">Forel\u00f8pig program:<\/h2>\n\n\n\n<p><br>Det koster ikke noe \u00e5 delta p\u00e5 konferansen. Onsdag 3. september blir det foredrag ved Moment og NB byr p\u00e5 lunsj og middag ved restaurant Sjyen. Torsdag 4. september blir det omvisning med enkel lunsj ved Nasjonalbiblioteket. Deltakere dekker selv reise og opphold.<\/p>\n\n\n\n<p><strong>Onsdag 3. september 2025 kl. 09.00-16.00&nbsp;<\/strong><br>Sted: Moment, Helgeland museum\/restaurant Sjyen,&nbsp;Midtre gate 1&nbsp;Mo i Rana&nbsp;<\/p>\n\n\n\n<ul class=\"wp-block-list\">\n<li>Om Nasjonalbibliotekets oppdrag med ABM-digitalisering<\/li>\n\n\n\n<li>Status fra digitaliseringsseksjonene:\n<ul class=\"wp-block-list\">\n<li>Foto<\/li>\n\n\n\n<li>Levende bilder<\/li>\n\n\n\n<li>Lyd<\/li>\n\n\n\n<li>Papirbasert materiale<\/li>\n<\/ul>\n<\/li>\n\n\n\n<li>Avspillingsutstyr \u2013 hva gj\u00f8r vi?<\/li>\n\n\n\n<li>KI i Nasjonalbiblioteket \u2013 transkribering av lyd i radioarkivet<\/li>\n\n\n\n<li>Metadataberikelse av foto<\/li>\n\n\n\n<li>Erfaringer fra Teknisk museum om samarbeid med NB<\/li>\n\n\n\n<li>Bevaring, magasin og logistikk<\/li>\n\n\n\n<li>Den vanskelige prioriteringen<\/li>\n\n\n\n<li>Digital bevaring for museene, NBs pilotprosjekt med Kultur-IT<\/li>\n<\/ul>\n\n\n\n<p>Kl. 19.00 Middag p\u00e5 restaurant Sjyen&nbsp;<\/p>\n\n\n\n<p><strong>Torsdag 4. september 2025 kl. 09.00-12.15&nbsp;<\/strong>\u2013 Nasjonalbiblioteket, Finsetveien 2, 8624 Mo i Rana&nbsp;&nbsp;<\/p>\n\n\n\n<p>Omvisning Nasjonalbiblioteket Mo i Rana&nbsp;<\/p>\n\n\n<ul class=\"t2-link-list has-1-items has-auto-columns wp-block-t2-link-list\">\n\t<li class=\"t2-link-list-item wp-block-t2-link-list-item\">\n\t\t<a\n\t\t\thref=\"https:\/\/abmdig.no\/vi-digitaliserer-norges-kulturarv\/om-tjenesten\/\"\n\t\t\tclass=\"t2-link-list-item__link t2-link-list__icon--right\"\n\t\t\t\t\t>\n\t\t\t<span class=\"t2-link-list-item__icon\"><span class=\"t2-link-list-item__icon-box\"><\/span><svg xmlns=\"http:\/\/www.w3.org\/2000\/svg\" viewBox=\"0 0 24 24\" height=\"24\" width=\"24\" class=\"t2-icon t2-icon-external\" aria-hidden=\"true\" focusable=\"false\"><path d=\"M19 19H5V5h7V3H3v18h18v-9h-2v7zM14 3v2h3.6l-9.8 9.8 1.4 1.4L19 6.4V10h2V3h-7z\"\/><\/svg><\/span>\t\t\t<div class=\"t2-link-list-item__content\">\n\n\t\t\t\t\n\t\t\t\t<span id=\"link-list-item-text\" class=\"t2-link-list-item__text\">\n\t\t\t\t\tLes mer om kulturavdigitaliseringen ved Nasjonalbiblioteket\t\t\t\t<\/span>\n\t\t\t\t\t\t\t<\/div>\n\t\t<\/a>\n\t<\/li>\n\t\n<\/ul>","protected":false},"author":6868,"featured_media":40157,"menu_order":0,"template":"","meta":{"nb_hide_title":false,"event_tba_datetime":false,"event_all_day":false,"event_tba_start_time":false,"event_start_datetime":"2025-09-03T09:00:00","event_end_datetime":"2025-09-04T13:00:00","event_venue_id":"33652","event_ticket_vendor_url":"https:\/\/forms.office.com\/Pages\/ResponsePage.aspx?id=IJIKIz0650K32aTiavq9s6bbdMtF-dNCuDy32mOpmNpUQ1RKWjFIR1ZCRUtFSzY1Njg3VUFTTVhBNC4u","event_ticket_price_text":"Gratis","event_ticket_button_text":"P\u00e5melding","event_ticket_details_text":"","event_attendance_mode":"offline","event_short_description":"","event_virtual_venue_name":"","event_virtual_venue_url":"","event_hide_from_archive":false,"event_infoscreen_place_name":"","event_hide_from_infoscreen":false,"single_header_image_is_disabled":false,"single_header_image_attachment_id":0,"single_header_image_attachment_url":""},"event-group":[],"event-type":[],"tag":[],"class_list":["post-40156","event","type-event","status-publish","has-post-thumbnail","hentry"],"yoast_head":"<!-- This site is optimized with the Yoast SEO Premium plugin v27.1 (Yoast SEO v27.1.1) - https:\/\/yoast.com\/product\/yoast-seo-premium-wordpress\/ -->\n<title>ABM-konferansen 2025 - Kompetansebank<\/title>\n<meta name=\"robots\" content=\"index, follow, max-snippet:-1, max-image-preview:large, max-video-preview:-1\" \/>\n<link rel=\"canonical\" href=\"https:\/\/bibliotekutvikling.no\/kompetansebank\/event\/abm-konferansen-2025\/\" \/>\n<meta property=\"og:locale\" content=\"nb_NO\" \/>\n<meta property=\"og:type\" content=\"article\" \/>\n<meta property=\"og:title\" content=\"ABM-konferansen 2025\" \/>\n<meta property=\"og:url\" content=\"https:\/\/bibliotekutvikling.no\/kompetansebank\/event\/abm-konferansen-2025\/\" \/>\n<meta property=\"og:site_name\" content=\"Kompetansebank\" \/>\n<meta property=\"article:publisher\" content=\"https:\/\/www.facebook.com\/bibliotekutvikling\" \/>\n<meta property=\"article:modified_time\" content=\"2025-06-25T13:02:13+00:00\" \/>\n<meta property=\"og:image\" content=\"https:\/\/bibliotekutvikling.no\/content\/uploads\/sites\/24\/2025\/06\/abm-konferanse-2024.jpg\" \/>\n\t<meta property=\"og:image:width\" content=\"1024\" \/>\n\t<meta property=\"og:image:height\" content=\"768\" \/>\n\t<meta property=\"og:image:type\" content=\"image\/jpeg\" \/>\n<meta name=\"twitter:card\" content=\"summary_large_image\" \/>\n<meta name=\"twitter:label1\" content=\"Ansl. lesetid\" \/>\n\t<meta name=\"twitter:data1\" content=\"1 minutt\" \/>\n<script type=\"application\/ld+json\" class=\"yoast-schema-graph\">{\"@context\":\"https:\/\/schema.org\",\"@graph\":[{\"@type\":\"WebPage\",\"@id\":\"https:\/\/bibliotekutvikling.no\/kompetansebank\/event\/abm-konferansen-2025\/\",\"url\":\"https:\/\/bibliotekutvikling.no\/kompetansebank\/event\/abm-konferansen-2025\/\",\"name\":\"ABM-konferansen 2025 - Kompetansebank\",\"isPartOf\":{\"@id\":\"https:\/\/bibliotekutvikling.no\/kompetansebank\/#website\"},\"primaryImageOfPage\":{\"@id\":\"https:\/\/bibliotekutvikling.no\/kompetansebank\/event\/abm-konferansen-2025\/#primaryimage\"},\"image\":{\"@id\":\"https:\/\/bibliotekutvikling.no\/kompetansebank\/event\/abm-konferansen-2025\/#primaryimage\"},\"thumbnailUrl\":\"https:\/\/bibliotekutvikling.no\/content\/uploads\/sites\/24\/2025\/06\/abm-konferanse-2024.jpg\",\"datePublished\":\"2025-06-24T11:56:26+00:00\",\"dateModified\":\"2025-06-25T13:02:13+00:00\",\"breadcrumb\":{\"@id\":\"https:\/\/bibliotekutvikling.no\/kompetansebank\/event\/abm-konferansen-2025\/#breadcrumb\"},\"inLanguage\":\"nb-NO\",\"potentialAction\":[{\"@type\":\"ReadAction\",\"target\":[\"https:\/\/bibliotekutvikling.no\/kompetansebank\/event\/abm-konferansen-2025\/\"]}]},{\"@type\":\"ImageObject\",\"inLanguage\":\"nb-NO\",\"@id\":\"https:\/\/bibliotekutvikling.no\/kompetansebank\/event\/abm-konferansen-2025\/#primaryimage\",\"url\":\"https:\/\/bibliotekutvikling.no\/content\/uploads\/sites\/24\/2025\/06\/abm-konferanse-2024.jpg\",\"contentUrl\":\"https:\/\/bibliotekutvikling.no\/content\/uploads\/sites\/24\/2025\/06\/abm-konferanse-2024.jpg\",\"width\":1024,\"height\":768,\"caption\":\"Personer i konferansesal.\"},{\"@type\":\"BreadcrumbList\",\"@id\":\"https:\/\/bibliotekutvikling.no\/kompetansebank\/event\/abm-konferansen-2025\/#breadcrumb\",\"itemListElement\":[{\"@type\":\"ListItem\",\"position\":1,\"name\":\"Hjem\",\"item\":\"https:\/\/bibliotekutvikling.no\/kompetansebank\/\"},{\"@type\":\"ListItem\",\"position\":2,\"name\":\"ABM-konferansen 2025\"}]},{\"@type\":\"WebSite\",\"@id\":\"https:\/\/bibliotekutvikling.no\/kompetansebank\/#website\",\"url\":\"https:\/\/bibliotekutvikling.no\/kompetansebank\/\",\"name\":\"Kompetansebank\",\"description\":\"kurs og kunnskap for bibliotekansatte\",\"publisher\":{\"@id\":\"https:\/\/bibliotekutvikling.no\/kompetansebank\/#organization\"},\"potentialAction\":[{\"@type\":\"SearchAction\",\"target\":{\"@type\":\"EntryPoint\",\"urlTemplate\":\"https:\/\/bibliotekutvikling.no\/kompetansebank\/?s={search_term_string}\"},\"query-input\":{\"@type\":\"PropertyValueSpecification\",\"valueRequired\":true,\"valueName\":\"search_term_string\"}}],\"inLanguage\":\"nb-NO\"},{\"@type\":\"Organization\",\"@id\":\"https:\/\/bibliotekutvikling.no\/kompetansebank\/#organization\",\"name\":\"Bibliotekutvikling\",\"url\":\"https:\/\/bibliotekutvikling.no\/kompetansebank\/\",\"logo\":{\"@type\":\"ImageObject\",\"inLanguage\":\"nb-NO\",\"@id\":\"https:\/\/bibliotekutvikling.no\/kompetansebank\/#\/schema\/logo\/image\/\",\"url\":\"https:\/\/bibliotekutvikling.no\/content\/uploads\/sites\/24\/2023\/10\/Favikon-BU.png\",\"contentUrl\":\"https:\/\/bibliotekutvikling.no\/content\/uploads\/sites\/24\/2023\/10\/Favikon-BU.png\",\"width\":1055,\"height\":1054,\"caption\":\"Bibliotekutvikling\"},\"image\":{\"@id\":\"https:\/\/bibliotekutvikling.no\/kompetansebank\/#\/schema\/logo\/image\/\"},\"sameAs\":[\"https:\/\/www.facebook.com\/bibliotekutvikling\"]},{\"@type\":\"Event\",\"name\":\"ABM-konferansen 2025\",\"description\":\"\",\"startDate\":\"2025-09-03T09:00:00+02:00\",\"endDate\":\"2025-09-04T13:00:00+02:00\",\"eventStatus\":\"EventScheduled\",\"eventAttendanceMode\":\"OfflineEventAttendanceMode\",\"location\":[{\"@type\":\"Place\",\"name\":\"Nasjonalbiblioteket, Mo i Rana\",\"address\":{\"@type\":\"PostalAddress\",\"addressCountry\":\"NO\",\"addressRegion\":\"Nordland\",\"addressLocality\":\"Mo i Rana\",\"postalCode\":\"8608\",\"streetAddress\":\"Finsetveien 2\"}}],\"image\":[\"https:\/\/bibliotekutvikling.no\/content\/uploads\/sites\/24\/2025\/06\/abm-konferanse-2024.jpg\"]}]}<\/script>\n<!-- \/ Yoast SEO Premium plugin. -->","yoast_head_json":{"title":"ABM-konferansen 2025 - Kompetansebank","robots":{"index":"index","follow":"follow","max-snippet":"max-snippet:-1","max-image-preview":"max-image-preview:large","max-video-preview":"max-video-preview:-1"},"canonical":"https:\/\/bibliotekutvikling.no\/kompetansebank\/event\/abm-konferansen-2025\/","og_locale":"nb_NO","og_type":"article","og_title":"ABM-konferansen 2025","og_url":"https:\/\/bibliotekutvikling.no\/kompetansebank\/event\/abm-konferansen-2025\/","og_site_name":"Kompetansebank","article_publisher":"https:\/\/www.facebook.com\/bibliotekutvikling","article_modified_time":"2025-06-25T13:02:13+00:00","og_image":[{"width":1024,"height":768,"url":"https:\/\/bibliotekutvikling.no\/content\/uploads\/sites\/24\/2025\/06\/abm-konferanse-2024.jpg","type":"image\/jpeg"}],"twitter_card":"summary_large_image","twitter_misc":{"Ansl. lesetid":"1 minutt"},"schema":{"@context":"https:\/\/schema.org","@graph":[{"@type":"WebPage","@id":"https:\/\/bibliotekutvikling.no\/kompetansebank\/event\/abm-konferansen-2025\/","url":"https:\/\/bibliotekutvikling.no\/kompetansebank\/event\/abm-konferansen-2025\/","name":"ABM-konferansen 2025 - Kompetansebank","isPartOf":{"@id":"https:\/\/bibliotekutvikling.no\/kompetansebank\/#website"},"primaryImageOfPage":{"@id":"https:\/\/bibliotekutvikling.no\/kompetansebank\/event\/abm-konferansen-2025\/#primaryimage"},"image":{"@id":"https:\/\/bibliotekutvikling.no\/kompetansebank\/event\/abm-konferansen-2025\/#primaryimage"},"thumbnailUrl":"https:\/\/bibliotekutvikling.no\/content\/uploads\/sites\/24\/2025\/06\/abm-konferanse-2024.jpg","datePublished":"2025-06-24T11:56:26+00:00","dateModified":"2025-06-25T13:02:13+00:00","breadcrumb":{"@id":"https:\/\/bibliotekutvikling.no\/kompetansebank\/event\/abm-konferansen-2025\/#breadcrumb"},"inLanguage":"nb-NO","potentialAction":[{"@type":"ReadAction","target":["https:\/\/bibliotekutvikling.no\/kompetansebank\/event\/abm-konferansen-2025\/"]}]},{"@type":"ImageObject","inLanguage":"nb-NO","@id":"https:\/\/bibliotekutvikling.no\/kompetansebank\/event\/abm-konferansen-2025\/#primaryimage","url":"https:\/\/bibliotekutvikling.no\/content\/uploads\/sites\/24\/2025\/06\/abm-konferanse-2024.jpg","contentUrl":"https:\/\/bibliotekutvikling.no\/content\/uploads\/sites\/24\/2025\/06\/abm-konferanse-2024.jpg","width":1024,"height":768,"caption":"Personer i konferansesal."},{"@type":"BreadcrumbList","@id":"https:\/\/bibliotekutvikling.no\/kompetansebank\/event\/abm-konferansen-2025\/#breadcrumb","itemListElement":[{"@type":"ListItem","position":1,"name":"Hjem","item":"https:\/\/bibliotekutvikling.no\/kompetansebank\/"},{"@type":"ListItem","position":2,"name":"ABM-konferansen 2025"}]},{"@type":"WebSite","@id":"https:\/\/bibliotekutvikling.no\/kompetansebank\/#website","url":"https:\/\/bibliotekutvikling.no\/kompetansebank\/","name":"Kompetansebank","description":"kurs og kunnskap for bibliotekansatte","publisher":{"@id":"https:\/\/bibliotekutvikling.no\/kompetansebank\/#organization"},"potentialAction":[{"@type":"SearchAction","target":{"@type":"EntryPoint","urlTemplate":"https:\/\/bibliotekutvikling.no\/kompetansebank\/?s={search_term_string}"},"query-input":{"@type":"PropertyValueSpecification","valueRequired":true,"valueName":"search_term_string"}}],"inLanguage":"nb-NO"},{"@type":"Organization","@id":"https:\/\/bibliotekutvikling.no\/kompetansebank\/#organization","name":"Bibliotekutvikling","url":"https:\/\/bibliotekutvikling.no\/kompetansebank\/","logo":{"@type":"ImageObject","inLanguage":"nb-NO","@id":"https:\/\/bibliotekutvikling.no\/kompetansebank\/#\/schema\/logo\/image\/","url":"https:\/\/bibliotekutvikling.no\/content\/uploads\/sites\/24\/2023\/10\/Favikon-BU.png","contentUrl":"https:\/\/bibliotekutvikling.no\/content\/uploads\/sites\/24\/2023\/10\/Favikon-BU.png","width":1055,"height":1054,"caption":"Bibliotekutvikling"},"image":{"@id":"https:\/\/bibliotekutvikling.no\/kompetansebank\/#\/schema\/logo\/image\/"},"sameAs":["https:\/\/www.facebook.com\/bibliotekutvikling"]},{"@type":"Event","name":"ABM-konferansen 2025","description":"","startDate":"2025-09-03T09:00:00+02:00","endDate":"2025-09-04T13:00:00+02:00","eventStatus":"EventScheduled","eventAttendanceMode":"OfflineEventAttendanceMode","location":[{"@type":"Place","name":"Nasjonalbiblioteket, Mo i Rana","address":{"@type":"PostalAddress","addressCountry":"NO","addressRegion":"Nordland","addressLocality":"Mo i Rana","postalCode":"8608","streetAddress":"Finsetveien 2"}}],"image":["https:\/\/bibliotekutvikling.no\/content\/uploads\/sites\/24\/2025\/06\/abm-konferanse-2024.jpg"]}]}},"_links":{"self":[{"href":"https:\/\/bibliotekutvikling.no\/kompetansebank\/wp-json\/wp\/v2\/event\/40156","targetHints":{"allow":["GET"]}}],"collection":[{"href":"https:\/\/bibliotekutvikling.no\/kompetansebank\/wp-json\/wp\/v2\/event"}],"about":[{"href":"https:\/\/bibliotekutvikling.no\/kompetansebank\/wp-json\/wp\/v2\/types\/event"}],"author":[{"embeddable":true,"href":"https:\/\/bibliotekutvikling.no\/kompetansebank\/wp-json\/wp\/v2\/users\/6868"}],"wp:featuredmedia":[{"embeddable":true,"href":"https:\/\/bibliotekutvikling.no\/kompetansebank\/wp-json\/wp\/v2\/media\/40157"}],"wp:attachment":[{"href":"https:\/\/bibliotekutvikling.no\/kompetansebank\/wp-json\/wp\/v2\/media?parent=40156"}],"wp:term":[{"taxonomy":"event-group","embeddable":true,"href":"https:\/\/bibliotekutvikling.no\/kompetansebank\/wp-json\/wp\/v2\/event-group?post=40156"},{"taxonomy":"event-type","embeddable":true,"href":"https:\/\/bibliotekutvikling.no\/kompetansebank\/wp-json\/wp\/v2\/event-type?post=40156"},{"taxonomy":"tag","embeddable":true,"href":"https:\/\/bibliotekutvikling.no\/kompetansebank\/wp-json\/wp\/v2\/tag?post=40156"}],"curies":[{"name":"wp","href":"https:\/\/api.w.org\/{rel}","templated":true}]}}