{"id":40051,"date":"2025-06-18T08:47:47","date_gmt":"2025-06-18T06:47:47","guid":{"rendered":"https:\/\/bibliotekutvikling.no\/kompetansebank\/?post_type=event&#038;p=40051"},"modified":"2025-11-19T14:53:17","modified_gmt":"2025-11-19T13:53:17","slug":"traff-for-lasframjande-lasning-for-livet","status":"publish","type":"event","link":"https:\/\/bibliotekutvikling.no\/kompetansebank\/event\/traff-for-lasframjande-lasning-for-livet\/","title":{"rendered":"Tr\u00e4ff f\u00f6r l\u00e4sfr\u00e4mjande: L\u00e4sning f\u00f6r livet"},"content":{"rendered":"\n\t\t<div class=\"t2-factbox wp-block-t2-factbox\" id=\"t2-factbox\">\n\t\t\t<div class=\"t2-factbox__content\">\n\t\t\t\t<div class=\"t2-factbox__blocks t2-factbox__inner-container is-layout-flow\">\n\t\t\t\t\t\n\n<p>Arrang\u00f8r: <a href=\"https:\/\/www.kulturradet.se\/\">Kulturr\u00e5det i Sverige<\/a><\/p>\n\n\n\t\t\t\t<\/div>\n\t\t\t\t\n\t\t\t<\/div>\n\t\t\t\n\t\t<\/div>\n\n\n<h2 class=\"wp-block-heading\" id=\"h-om-litteraturens-och-lasningens-betydelse-for-var-existentiella-halsa\">Om litteraturens och l\u00e4sningens betydelse f\u00f6r v\u00e5r existentiella h\u00e4lsa.<\/h2>\n\n\n\n<p>Tr\u00e4ffen \u00e4r digital och kommer att s\u00e4ndas fr\u00e5n en studio. Den riktar sig till myndigheter, organisationer, bibliotek, skola, f\u00f6rlag och andra akt\u00f6rer som arbetar l\u00e4sfr\u00e4mjande, f\u00f6r kunskapsutbyte och m\u00f6jligheter till samarbete<\/p>\n\n\n\n<p>Tr\u00e4ffen handlar om vilken betydelse litteratur har f\u00f6r v\u00e5rt m\u00e5ende och f\u00f6r v\u00e5r f\u00f6rm\u00e5ga att hantera livet. Och hur l\u00e4sning kan g\u00f6ra att vi upplever mening och uppfattar oss sj\u00e4lva som del av n\u00e5gonting st\u00f6rre. <\/p>\n\n\n\n<p>Med andra ord, hur l\u00e4sning kan p\u00e5verka v\u00e5r existentiella h\u00e4lsa. Att l\u00e4sa om andras, fiktiva, liv kanske kan hj\u00e4lpa oss att bli b\u00e4ttre p\u00e5 att leva v\u00e5rt eget, verkliga, liv.<\/p>\n\n\n\n<h2 class=\"wp-block-heading\" id=\"h-smakprov-ur-programmet\">Smakprov ur programmet:<\/h2>\n\n\n\n<ul class=\"wp-block-list\">\n<li><strong>Thor Magnus Tanger\u00e5s<\/strong>\u00a0\u00e4r f\u00f6rste amanuens vid H\u00f6gskolan i Kristiania, Norge, och forskar om transformativa l\u00e4supplevelser, biblioterapi och litteraturf\u00f6rmedling.<\/li>\n\n\n\n<li><strong>Marcus Barbosa Ferreira<\/strong>\u00a0\u00e4r barnbibliotekarie p\u00e5 Ume\u00e5 stadsbibliotek och boktipsare. Han har varit programledare f\u00f6r Bokslukarna p\u00e5 SVT och suttit i Kulturr\u00e5dets litteraturst\u00f6dsgrupp f\u00f6r barn- och ungdomslitteratur.<\/li>\n\n\n\n<li><strong>Jonna Bornemark<\/strong>\u00a0\u00e4r professor i filosofi och jobbar p\u00e5 Centrum f\u00f6r praktisk kunskap, S\u00f6dert\u00f6rns h\u00f6gskola. Hon medverkar regelbundet i radioprogram som Filosofiska rummet, Teologiska rummet och Kropp och sj\u00e4l och skriver \u00e5terkommande i Dagens Nyheter.<\/li>\n\n\n\n<li>Samtal om \u201dSm\u00e5 barn och stora fr\u00e5gor\u201d. En pr\u00e4st, en bibliotekarie, en f\u00f6rfattare och en f\u00f6rl\u00e4ggare pratar om bilderb\u00f6cker som v\u00e5gar \u00f6ppna upp. <\/li>\n\n\n\n<li>Samtal om unga l\u00e4sare och dystopier. Vad \u00e4r det som lockar och hur kan det v\u00e4rsta ge hopp? <\/li>\n\n\n\n<li>L\u00e4sambassad\u00f6r Agnes T\u00f6r\u00f6k \u00e4r p\u00e5 plats med sina unga lokala l\u00e4sr\u00e5d.<\/li>\n<\/ul>\n\n\n\n\t\t<div class=\"t2-factbox wp-block-t2-factbox\" id=\"t2-factbox-1\">\n\t\t\t<div class=\"t2-factbox__content\">\n\t\t\t\t<div class=\"t2-factbox__blocks t2-factbox__inner-container is-layout-flow\">\n\t\t\t\t\t\n\n<p><a href=\"https:\/\/www.kulturradet.se\/nyheter\/2025\/lasframjandetraff-2025-lasning-for-livet\/\">Arrangementets nettsted med fullt program og foredragsholdere<\/a><\/p>\n\n\n\t\t\t\t<\/div>\n\t\t\t\t\n\t\t\t<\/div>\n\t\t\t\n\t\t<\/div>\n\n\n<p><\/p>\n","protected":false},"author":6868,"featured_media":40054,"menu_order":0,"template":"","meta":{"nb_hide_title":false,"event_tba_datetime":false,"event_all_day":true,"event_tba_start_time":false,"event_start_datetime":"2025-12-04T09:00:00","event_end_datetime":"2025-12-05T15:00:00","event_venue_id":"","event_ticket_vendor_url":"https:\/\/www.lyyti.fi\/reg\/Traff_for_lasframjande_Lasning_for_livet_9293","event_ticket_price_text":"Frist 24.november","event_ticket_button_text":"P\u00e5melding","event_ticket_details_text":"Gratis","event_attendance_mode":"online","event_short_description":"Missa inte \u00e5rets l\u00e4sfr\u00e4mjandetr\u00e4ff 4\u20135 december 2025 lunch till lunch. Tema f\u00f6r tr\u00e4ffen \u00e4r L\u00e4sning f\u00f6r livet. Om litteraturens och l\u00e4sningens betydelse f\u00f6r v\u00e5r existentiella h\u00e4lsa.\r\n\r\nFullst\u00e4ndigt program och anm\u00e4lan \u00f6ppnar i slutet av september. Tr\u00e4ffen \u00e4r digital och kommer att s\u00e4ndas fr\u00e5n en studio. Den riktar sig till myndigheter, organisationer, bibliotek, skola, f\u00f6rlag och andra akt\u00f6rer som arbetar l\u00e4sfr\u00e4mjande, f\u00f6r kunskapsutbyte och m\u00f6jligheter till samarbete","event_virtual_venue_name":"","event_virtual_venue_url":"","event_hide_from_archive":false,"event_infoscreen_place_name":"","event_hide_from_infoscreen":false,"single_header_image_is_disabled":false,"single_header_image_attachment_id":0,"single_header_image_attachment_url":""},"event-group":[],"event-type":[],"tag":[],"class_list":["post-40051","event","type-event","status-publish","has-post-thumbnail","hentry"],"yoast_head":"<!-- This site is optimized with the Yoast SEO Premium plugin v27.1 (Yoast SEO v27.1.1) - https:\/\/yoast.com\/product\/yoast-seo-premium-wordpress\/ -->\n<title>Tr\u00e4ff f\u00f6r l\u00e4sfr\u00e4mjande: L\u00e4sning f\u00f6r livet - Kompetansebank<\/title>\n<meta name=\"robots\" content=\"index, follow, max-snippet:-1, max-image-preview:large, max-video-preview:-1\" \/>\n<link rel=\"canonical\" href=\"https:\/\/bibliotekutvikling.no\/kompetansebank\/event\/traff-for-lasframjande-lasning-for-livet\/\" \/>\n<meta property=\"og:locale\" content=\"nb_NO\" \/>\n<meta property=\"og:type\" content=\"article\" \/>\n<meta property=\"og:title\" content=\"Tr\u00e4ff f\u00f6r l\u00e4sfr\u00e4mjande: L\u00e4sning f\u00f6r livet\" \/>\n<meta property=\"og:url\" content=\"https:\/\/bibliotekutvikling.no\/kompetansebank\/event\/traff-for-lasframjande-lasning-for-livet\/\" \/>\n<meta property=\"og:site_name\" content=\"Kompetansebank\" \/>\n<meta property=\"article:publisher\" content=\"https:\/\/www.facebook.com\/bibliotekutvikling\" \/>\n<meta property=\"article:modified_time\" content=\"2025-11-19T13:53:17+00:00\" \/>\n<meta property=\"og:image\" content=\"https:\/\/bibliotekutvikling.no\/content\/uploads\/sites\/24\/2025\/06\/Kulturradet.png\" \/>\n\t<meta property=\"og:image:width\" content=\"598\" \/>\n\t<meta property=\"og:image:height\" content=\"268\" \/>\n\t<meta property=\"og:image:type\" content=\"image\/png\" \/>\n<meta name=\"twitter:card\" content=\"summary_large_image\" \/>\n<meta name=\"twitter:label1\" content=\"Ansl. lesetid\" \/>\n\t<meta name=\"twitter:data1\" content=\"2 minutter\" \/>\n<script type=\"application\/ld+json\" class=\"yoast-schema-graph\">{\"@context\":\"https:\/\/schema.org\",\"@graph\":[{\"@type\":\"WebPage\",\"@id\":\"https:\/\/bibliotekutvikling.no\/kompetansebank\/event\/traff-for-lasframjande-lasning-for-livet\/\",\"url\":\"https:\/\/bibliotekutvikling.no\/kompetansebank\/event\/traff-for-lasframjande-lasning-for-livet\/\",\"name\":\"Tr\u00e4ff f\u00f6r l\u00e4sfr\u00e4mjande: L\u00e4sning f\u00f6r livet - Kompetansebank\",\"isPartOf\":{\"@id\":\"https:\/\/bibliotekutvikling.no\/kompetansebank\/#website\"},\"primaryImageOfPage\":{\"@id\":\"https:\/\/bibliotekutvikling.no\/kompetansebank\/event\/traff-for-lasframjande-lasning-for-livet\/#primaryimage\"},\"image\":{\"@id\":\"https:\/\/bibliotekutvikling.no\/kompetansebank\/event\/traff-for-lasframjande-lasning-for-livet\/#primaryimage\"},\"thumbnailUrl\":\"https:\/\/bibliotekutvikling.no\/content\/uploads\/sites\/24\/2025\/06\/Kulturradet.png\",\"datePublished\":\"2025-06-18T06:47:47+00:00\",\"dateModified\":\"2025-11-19T13:53:17+00:00\",\"breadcrumb\":{\"@id\":\"https:\/\/bibliotekutvikling.no\/kompetansebank\/event\/traff-for-lasframjande-lasning-for-livet\/#breadcrumb\"},\"inLanguage\":\"nb-NO\",\"potentialAction\":[{\"@type\":\"ReadAction\",\"target\":[\"https:\/\/bibliotekutvikling.no\/kompetansebank\/event\/traff-for-lasframjande-lasning-for-livet\/\"]}]},{\"@type\":\"ImageObject\",\"inLanguage\":\"nb-NO\",\"@id\":\"https:\/\/bibliotekutvikling.no\/kompetansebank\/event\/traff-for-lasframjande-lasning-for-livet\/#primaryimage\",\"url\":\"https:\/\/bibliotekutvikling.no\/content\/uploads\/sites\/24\/2025\/06\/Kulturradet.png\",\"contentUrl\":\"https:\/\/bibliotekutvikling.no\/content\/uploads\/sites\/24\/2025\/06\/Kulturradet.png\",\"width\":598,\"height\":268},{\"@type\":\"BreadcrumbList\",\"@id\":\"https:\/\/bibliotekutvikling.no\/kompetansebank\/event\/traff-for-lasframjande-lasning-for-livet\/#breadcrumb\",\"itemListElement\":[{\"@type\":\"ListItem\",\"position\":1,\"name\":\"Hjem\",\"item\":\"https:\/\/bibliotekutvikling.no\/kompetansebank\/\"},{\"@type\":\"ListItem\",\"position\":2,\"name\":\"Tr\u00e4ff f\u00f6r l\u00e4sfr\u00e4mjande: L\u00e4sning f\u00f6r livet\"}]},{\"@type\":\"WebSite\",\"@id\":\"https:\/\/bibliotekutvikling.no\/kompetansebank\/#website\",\"url\":\"https:\/\/bibliotekutvikling.no\/kompetansebank\/\",\"name\":\"Kompetansebank\",\"description\":\"kurs og kunnskap for bibliotekansatte\",\"publisher\":{\"@id\":\"https:\/\/bibliotekutvikling.no\/kompetansebank\/#organization\"},\"potentialAction\":[{\"@type\":\"SearchAction\",\"target\":{\"@type\":\"EntryPoint\",\"urlTemplate\":\"https:\/\/bibliotekutvikling.no\/kompetansebank\/?s={search_term_string}\"},\"query-input\":{\"@type\":\"PropertyValueSpecification\",\"valueRequired\":true,\"valueName\":\"search_term_string\"}}],\"inLanguage\":\"nb-NO\"},{\"@type\":\"Organization\",\"@id\":\"https:\/\/bibliotekutvikling.no\/kompetansebank\/#organization\",\"name\":\"Bibliotekutvikling\",\"url\":\"https:\/\/bibliotekutvikling.no\/kompetansebank\/\",\"logo\":{\"@type\":\"ImageObject\",\"inLanguage\":\"nb-NO\",\"@id\":\"https:\/\/bibliotekutvikling.no\/kompetansebank\/#\/schema\/logo\/image\/\",\"url\":\"https:\/\/bibliotekutvikling.no\/content\/uploads\/sites\/24\/2023\/10\/Favikon-BU.png\",\"contentUrl\":\"https:\/\/bibliotekutvikling.no\/content\/uploads\/sites\/24\/2023\/10\/Favikon-BU.png\",\"width\":1055,\"height\":1054,\"caption\":\"Bibliotekutvikling\"},\"image\":{\"@id\":\"https:\/\/bibliotekutvikling.no\/kompetansebank\/#\/schema\/logo\/image\/\"},\"sameAs\":[\"https:\/\/www.facebook.com\/bibliotekutvikling\"]},{\"@type\":\"Event\",\"name\":\"Tr\u00e4ff f\u00f6r l\u00e4sfr\u00e4mjande: L\u00e4sning f\u00f6r livet\",\"description\":\"Missa inte \u00e5rets l\u00e4sfr\u00e4mjandetr\u00e4ff 4\u20135 december 2025 lunch till lunch. Tema f\u00f6r tr\u00e4ffen \u00e4r L\u00e4sning f\u00f6r livet. Om litteraturens och l\u00e4sningens betydelse f\u00f6r v\u00e5r existentiella h\u00e4lsa.\\r\\n\\r\\nFullst\u00e4ndigt program och anm\u00e4lan \u00f6ppnar i slutet av september. Tr\u00e4ffen \u00e4r digital och kommer att s\u00e4ndas fr\u00e5n en studio. Den riktar sig till myndigheter, organisationer, bibliotek, skola, f\u00f6rlag och andra akt\u00f6rer som arbetar l\u00e4sfr\u00e4mjande, f\u00f6r kunskapsutbyte och m\u00f6jligheter till samarbete\",\"startDate\":\"2025-12-04T09:00:00+01:00\",\"endDate\":\"2025-12-05T15:00:00+01:00\",\"eventStatus\":\"EventScheduled\",\"eventAttendanceMode\":\"OnlineEventAttendanceMode\",\"location\":[[]],\"image\":[\"https:\/\/bibliotekutvikling.no\/content\/uploads\/sites\/24\/2025\/06\/Kulturradet.png\"]}]}<\/script>\n<!-- \/ Yoast SEO Premium plugin. -->","yoast_head_json":{"title":"Tr\u00e4ff f\u00f6r l\u00e4sfr\u00e4mjande: L\u00e4sning f\u00f6r livet - Kompetansebank","robots":{"index":"index","follow":"follow","max-snippet":"max-snippet:-1","max-image-preview":"max-image-preview:large","max-video-preview":"max-video-preview:-1"},"canonical":"https:\/\/bibliotekutvikling.no\/kompetansebank\/event\/traff-for-lasframjande-lasning-for-livet\/","og_locale":"nb_NO","og_type":"article","og_title":"Tr\u00e4ff f\u00f6r l\u00e4sfr\u00e4mjande: L\u00e4sning f\u00f6r livet","og_url":"https:\/\/bibliotekutvikling.no\/kompetansebank\/event\/traff-for-lasframjande-lasning-for-livet\/","og_site_name":"Kompetansebank","article_publisher":"https:\/\/www.facebook.com\/bibliotekutvikling","article_modified_time":"2025-11-19T13:53:17+00:00","og_image":[{"width":598,"height":268,"url":"https:\/\/bibliotekutvikling.no\/content\/uploads\/sites\/24\/2025\/06\/Kulturradet.png","type":"image\/png"}],"twitter_card":"summary_large_image","twitter_misc":{"Ansl. lesetid":"2 minutter"},"schema":{"@context":"https:\/\/schema.org","@graph":[{"@type":"WebPage","@id":"https:\/\/bibliotekutvikling.no\/kompetansebank\/event\/traff-for-lasframjande-lasning-for-livet\/","url":"https:\/\/bibliotekutvikling.no\/kompetansebank\/event\/traff-for-lasframjande-lasning-for-livet\/","name":"Tr\u00e4ff f\u00f6r l\u00e4sfr\u00e4mjande: L\u00e4sning f\u00f6r livet - Kompetansebank","isPartOf":{"@id":"https:\/\/bibliotekutvikling.no\/kompetansebank\/#website"},"primaryImageOfPage":{"@id":"https:\/\/bibliotekutvikling.no\/kompetansebank\/event\/traff-for-lasframjande-lasning-for-livet\/#primaryimage"},"image":{"@id":"https:\/\/bibliotekutvikling.no\/kompetansebank\/event\/traff-for-lasframjande-lasning-for-livet\/#primaryimage"},"thumbnailUrl":"https:\/\/bibliotekutvikling.no\/content\/uploads\/sites\/24\/2025\/06\/Kulturradet.png","datePublished":"2025-06-18T06:47:47+00:00","dateModified":"2025-11-19T13:53:17+00:00","breadcrumb":{"@id":"https:\/\/bibliotekutvikling.no\/kompetansebank\/event\/traff-for-lasframjande-lasning-for-livet\/#breadcrumb"},"inLanguage":"nb-NO","potentialAction":[{"@type":"ReadAction","target":["https:\/\/bibliotekutvikling.no\/kompetansebank\/event\/traff-for-lasframjande-lasning-for-livet\/"]}]},{"@type":"ImageObject","inLanguage":"nb-NO","@id":"https:\/\/bibliotekutvikling.no\/kompetansebank\/event\/traff-for-lasframjande-lasning-for-livet\/#primaryimage","url":"https:\/\/bibliotekutvikling.no\/content\/uploads\/sites\/24\/2025\/06\/Kulturradet.png","contentUrl":"https:\/\/bibliotekutvikling.no\/content\/uploads\/sites\/24\/2025\/06\/Kulturradet.png","width":598,"height":268},{"@type":"BreadcrumbList","@id":"https:\/\/bibliotekutvikling.no\/kompetansebank\/event\/traff-for-lasframjande-lasning-for-livet\/#breadcrumb","itemListElement":[{"@type":"ListItem","position":1,"name":"Hjem","item":"https:\/\/bibliotekutvikling.no\/kompetansebank\/"},{"@type":"ListItem","position":2,"name":"Tr\u00e4ff f\u00f6r l\u00e4sfr\u00e4mjande: L\u00e4sning f\u00f6r livet"}]},{"@type":"WebSite","@id":"https:\/\/bibliotekutvikling.no\/kompetansebank\/#website","url":"https:\/\/bibliotekutvikling.no\/kompetansebank\/","name":"Kompetansebank","description":"kurs og kunnskap for bibliotekansatte","publisher":{"@id":"https:\/\/bibliotekutvikling.no\/kompetansebank\/#organization"},"potentialAction":[{"@type":"SearchAction","target":{"@type":"EntryPoint","urlTemplate":"https:\/\/bibliotekutvikling.no\/kompetansebank\/?s={search_term_string}"},"query-input":{"@type":"PropertyValueSpecification","valueRequired":true,"valueName":"search_term_string"}}],"inLanguage":"nb-NO"},{"@type":"Organization","@id":"https:\/\/bibliotekutvikling.no\/kompetansebank\/#organization","name":"Bibliotekutvikling","url":"https:\/\/bibliotekutvikling.no\/kompetansebank\/","logo":{"@type":"ImageObject","inLanguage":"nb-NO","@id":"https:\/\/bibliotekutvikling.no\/kompetansebank\/#\/schema\/logo\/image\/","url":"https:\/\/bibliotekutvikling.no\/content\/uploads\/sites\/24\/2023\/10\/Favikon-BU.png","contentUrl":"https:\/\/bibliotekutvikling.no\/content\/uploads\/sites\/24\/2023\/10\/Favikon-BU.png","width":1055,"height":1054,"caption":"Bibliotekutvikling"},"image":{"@id":"https:\/\/bibliotekutvikling.no\/kompetansebank\/#\/schema\/logo\/image\/"},"sameAs":["https:\/\/www.facebook.com\/bibliotekutvikling"]},{"@type":"Event","name":"Tr\u00e4ff f\u00f6r l\u00e4sfr\u00e4mjande: L\u00e4sning f\u00f6r livet","description":"Missa inte \u00e5rets l\u00e4sfr\u00e4mjandetr\u00e4ff 4\u20135 december 2025 lunch till lunch. Tema f\u00f6r tr\u00e4ffen \u00e4r L\u00e4sning f\u00f6r livet. Om litteraturens och l\u00e4sningens betydelse f\u00f6r v\u00e5r existentiella h\u00e4lsa.\r\n\r\nFullst\u00e4ndigt program och anm\u00e4lan \u00f6ppnar i slutet av september. Tr\u00e4ffen \u00e4r digital och kommer att s\u00e4ndas fr\u00e5n en studio. Den riktar sig till myndigheter, organisationer, bibliotek, skola, f\u00f6rlag och andra akt\u00f6rer som arbetar l\u00e4sfr\u00e4mjande, f\u00f6r kunskapsutbyte och m\u00f6jligheter till samarbete","startDate":"2025-12-04T09:00:00+01:00","endDate":"2025-12-05T15:00:00+01:00","eventStatus":"EventScheduled","eventAttendanceMode":"OnlineEventAttendanceMode","location":[[]],"image":["https:\/\/bibliotekutvikling.no\/content\/uploads\/sites\/24\/2025\/06\/Kulturradet.png"]}]}},"_links":{"self":[{"href":"https:\/\/bibliotekutvikling.no\/kompetansebank\/wp-json\/wp\/v2\/event\/40051","targetHints":{"allow":["GET"]}}],"collection":[{"href":"https:\/\/bibliotekutvikling.no\/kompetansebank\/wp-json\/wp\/v2\/event"}],"about":[{"href":"https:\/\/bibliotekutvikling.no\/kompetansebank\/wp-json\/wp\/v2\/types\/event"}],"author":[{"embeddable":true,"href":"https:\/\/bibliotekutvikling.no\/kompetansebank\/wp-json\/wp\/v2\/users\/6868"}],"wp:featuredmedia":[{"embeddable":true,"href":"https:\/\/bibliotekutvikling.no\/kompetansebank\/wp-json\/wp\/v2\/media\/40054"}],"wp:attachment":[{"href":"https:\/\/bibliotekutvikling.no\/kompetansebank\/wp-json\/wp\/v2\/media?parent=40051"}],"wp:term":[{"taxonomy":"event-group","embeddable":true,"href":"https:\/\/bibliotekutvikling.no\/kompetansebank\/wp-json\/wp\/v2\/event-group?post=40051"},{"taxonomy":"event-type","embeddable":true,"href":"https:\/\/bibliotekutvikling.no\/kompetansebank\/wp-json\/wp\/v2\/event-type?post=40051"},{"taxonomy":"tag","embeddable":true,"href":"https:\/\/bibliotekutvikling.no\/kompetansebank\/wp-json\/wp\/v2\/tag?post=40051"}],"curies":[{"name":"wp","href":"https:\/\/api.w.org\/{rel}","templated":true}]}}