{"id":39753,"date":"2025-06-02T14:52:43","date_gmt":"2025-06-02T12:52:43","guid":{"rendered":"https:\/\/bibliotekutvikling.no\/kompetansebank\/?post_type=event&#038;p=39753"},"modified":"2025-12-01T11:38:01","modified_gmt":"2025-12-01T10:38:01","slug":"haakon-nyhuus-seminaret-2025","status":"publish","type":"event","link":"https:\/\/bibliotekutvikling.no\/kompetansebank\/event\/haakon-nyhuus-seminaret-2025\/","title":{"rendered":"Opptak av Haakon Nyhuus-seminaret 2025"},"content":{"rendered":"<ul class=\"t2-link-list has-1-items has-auto-columns wp-block-t2-link-list\">\n\t<li class=\"t2-link-list-item wp-block-t2-link-list-item\">\n\t\t<a\n\t\t\thref=\"\"\n\t\t\tclass=\"t2-link-list-item__link t2-link-list__icon--right\"\n\t\t\t\t\t>\n\t\t\t<span class=\"t2-link-list-item__icon\"><span class=\"t2-link-list-item__icon-box\"><\/span><svg xmlns=\"http:\/\/www.w3.org\/2000\/svg\" viewBox=\"0 0 24 24\" height=\"24\" width=\"24\" class=\"t2-icon t2-icon-external\" aria-hidden=\"true\" focusable=\"false\"><path d=\"M19 19H5V5h7V3H3v18h18v-9h-2v7zM14 3v2h3.6l-9.8 9.8 1.4 1.4L19 6.4V10h2V3h-7z\"\/><\/svg><\/span>\t\t\t<div class=\"t2-link-list-item__content\">\n\n\t\t\t\t\n\t\t\t\t<span id=\"link-list-item-text\" class=\"t2-link-list-item__text\">\n\t\t\t\t\tArrang\u00f8r: Nasjonalbiblioteket\t\t\t\t<\/span>\n\t\t\t\t\t\t\t<\/div>\n\t\t<\/a>\n\t<\/li>\n\t\n<\/ul>\n\n\n<h2 class=\"wp-block-heading\" id=\"h-det-flerspraklige-bibliotek-fyller-50-ar\">Det flerspr\u00e5klige bibliotek fyller 50 \u00e5r!<\/h2>\n\n\n\n<div class=\"wp-block-buttons is-content-justification-center is-layout-flex wp-container-core-buttons-is-layout-a89b3969 wp-block-buttons-is-layout-flex\">\n<div class=\"wp-block-button is-style-fill has-icon has-icon-arrow_forward\"><a class=\"wp-block-button__link wp-element-button\" href=\"https:\/\/www.nb.no\/tv\/haakon-nyhuus\/\">Se opptak av seminaret her<svg xmlns=\"http:\/\/www.w3.org\/2000\/svg\" viewBox=\"0 0 24 24\" height=\"24\" width=\"24\" class=\"t2-icon t2-icon-arrow_forward\" aria-hidden=\"true\" focusable=\"false\"><path d=\"M5 13h11.17l-4.88 4.88c-.39.39-.39 1.03 0 1.42.39.39 1.02.39 1.41 0l6.59-6.59c.39-.39.39-1.02 0-1.41l-6.58-6.6c-.39-.39-1.02-.39-1.41 0-.39.39-.39 1.02 0 1.41L16.17 11H5c-.55 0-1 .45-1 1s.45 1 1 1z\" fill=\"currentColor\" \/><\/svg><\/a><\/div>\n<\/div>\n\n\n\n<p><br>Bli med p\u00e5 feiringen av den nasjonale tjenesten for flerspr\u00e5klighet og lesing. Tjenesten gagner stadig enkeltmennesker og fellesskapet, og gjennom fem ti\u00e5r har DFB klart \u00e5 modernisere seg i takt med samfunnsutviklingen.<\/p>\n\n\n\n<p>Vi markerer jubileet med inspirasjon fra spennende leseprosjekter. Vi f\u00e5r h\u00f8re mer om:<\/p>\n\n\n\n<ul class=\"wp-block-list\">\n<li>Samskapende lesel\u00f8ft p\u00e5 Lillehammer<\/li>\n\n\n\n<li>Lesefestivalen Appelsinia, som utforsker nye veier til leseglede<\/li>\n\n\n\n<li>Digitale tjenester &#8211; klarer vi \u00e5 m\u00f8te leserne der de er?<\/li>\n<\/ul>\n\n\n\n<p>Dagen rundes av med forfatterm\u00f8te om samarbeid og historiefortelling. Hvordan setter stedene vi kommer fra spor i oss?<\/p>\n\n\n\n<p>Og ja \u2013 det blir kake!&nbsp;<\/p>\n\n\n\n<p>Seminaravgift: 500 kr.<\/p>\n\n\n\n<p>Konferansier: Oddbj\u00f8rn Hansen, Nasjonalbiblioteket<\/p>\n\n\n\n<h2 class=\"wp-block-heading\" id=\"h-program\">Program<\/h2>\n\n\n<div class=\"t2-accordion wp-block-t2-accordion\" data-allow-multiple=\"1\" role=\"list\">\n<div class=\"t2-accordion-item wp-block-t2-accordion-item\" role=\"listitem\">\n\t\t\t<h2 class=\"t2-accordion-title\">\n\t\t\t\t<button type=\"button\" class=\"t2-accordion-trigger\" id=\"id-09:30-10:00-registrering-og-kaffe\" aria-controls=\"accordion-panel\" aria-expanded=\"true\">\n\t\t\t\t\t09:30 &#8211; 10:00 Registrering og kaffe\n\t\t\t\t\t<span class=\"t2-accordion-icon is-closed-icon\"><svg xmlns=\"http:\/\/www.w3.org\/2000\/svg\" viewBox=\"0 0 24 24\" height=\"24\" width=\"24\" class=\"t2-icon t2-icon-add\" aria-hidden=\"true\" focusable=\"false\"><path fill=\"currentColor\" d=\"M11.7 4.817a.761.761 0 0 0-.384.399c-.07.156-.074.328-.075 3.353l-.001 3.19-3.253.01-3.253.011-.148.1c-.168.114-.346.433-.345.618.002.263.243.605.492.699.076.029 1.148.043 3.31.043h3.197l.001 3.19c.001 3.02.005 3.199.075 3.35.286.619 1.082.619 1.368 0 .07-.151.074-.33.075-3.35l.001-3.19h3.197c2.162 0 3.234-.014 3.31-.043.249-.093.491-.438.491-.697 0-.259-.242-.604-.491-.697-.076-.029-1.148-.043-3.31-.043H12.76l-.001-3.19c-.001-3.02-.005-3.199-.075-3.35-.086-.186-.257-.357-.417-.417a.894.894 0 0 0-.567.014\"\/><\/svg><\/span>\n\t\t\t\t\t<span class=\"t2-accordion-icon is-open-icon\"><svg xmlns=\"http:\/\/www.w3.org\/2000\/svg\" viewBox=\"0 0 24 24\" height=\"24\" width=\"24\" class=\"t2-icon t2-icon-remove\" aria-hidden=\"true\" focusable=\"false\"><path d=\"M6 13c-.285156 0-.519531-.097656-.710938-.289062C5.097656 12.519531 5 12.285156 5 12c0-.285156.097656-.519531.289062-.710938C5.480469 11.097656 5.714844 11 6 11h12c.285156 0 .519531.097656.710938.289062C18.902344 11.480469 19 11.714844 19 12c0 .285156-.097656.519531-.289062.710938C18.519531 12.902344 18.285156 13 18 13Zm0 0\" fill=\"currentColor\" \/><\/svg><\/span>\n\t\t\t\t<\/button>\n\t\t\t<\/h2>\n\t\t\t<div class=\"t2-accordion-item__inner-container is-layout-flow\" id=\"accordion-panel\" aria-labelledby=\"id-09:30-10:00-registrering-og-kaffe\" role=\"region\">\n\t\t\t\t\n\n<p><\/p>\n\n\n\t\t\t<\/div>\n\t\t<\/div>\n\n<div class=\"t2-accordion-item wp-block-t2-accordion-item\" role=\"listitem\">\n\t\t\t<h2 class=\"t2-accordion-title\">\n\t\t\t\t<button type=\"button\" class=\"t2-accordion-trigger\" id=\"id-10:00-10:30-&lt;strong&gt;dfb-50-\u00e5r.-&lt;\/strong&gt;fra-innkj\u00f8pskontor-til-&lt;em&gt;\u00e5rets-bibliotek&lt;\/em&gt;.\" aria-controls=\"accordion-panel-1\" aria-expanded=\"true\">\n\t\t\t\t\t10:00 &#8211; 10:30 DFB 50 \u00e5r. Fra innkj\u00f8pskontor til \u00c5rets bibliotek.\n\t\t\t\t\t<span class=\"t2-accordion-icon is-closed-icon\"><svg xmlns=\"http:\/\/www.w3.org\/2000\/svg\" viewBox=\"0 0 24 24\" height=\"24\" width=\"24\" class=\"t2-icon t2-icon-add\" aria-hidden=\"true\" focusable=\"false\"><path fill=\"currentColor\" d=\"M11.7 4.817a.761.761 0 0 0-.384.399c-.07.156-.074.328-.075 3.353l-.001 3.19-3.253.01-3.253.011-.148.1c-.168.114-.346.433-.345.618.002.263.243.605.492.699.076.029 1.148.043 3.31.043h3.197l.001 3.19c.001 3.02.005 3.199.075 3.35.286.619 1.082.619 1.368 0 .07-.151.074-.33.075-3.35l.001-3.19h3.197c2.162 0 3.234-.014 3.31-.043.249-.093.491-.438.491-.697 0-.259-.242-.604-.491-.697-.076-.029-1.148-.043-3.31-.043H12.76l-.001-3.19c-.001-3.02-.005-3.199-.075-3.35-.086-.186-.257-.357-.417-.417a.894.894 0 0 0-.567.014\"\/><\/svg><\/span>\n\t\t\t\t\t<span class=\"t2-accordion-icon is-open-icon\"><svg xmlns=\"http:\/\/www.w3.org\/2000\/svg\" viewBox=\"0 0 24 24\" height=\"24\" width=\"24\" class=\"t2-icon t2-icon-remove\" aria-hidden=\"true\" focusable=\"false\"><path d=\"M6 13c-.285156 0-.519531-.097656-.710938-.289062C5.097656 12.519531 5 12.285156 5 12c0-.285156.097656-.519531.289062-.710938C5.480469 11.097656 5.714844 11 6 11h12c.285156 0 .519531.097656.710938.289062C18.902344 11.480469 19 11.714844 19 12c0 .285156-.097656.519531-.289062.710938C18.519531 12.902344 18.285156 13 18 13Zm0 0\" fill=\"currentColor\" \/><\/svg><\/span>\n\t\t\t\t<\/button>\n\t\t\t<\/h2>\n\t\t\t<div class=\"t2-accordion-item__inner-container is-layout-flow\" id=\"accordion-panel-1\" aria-labelledby=\"id-10:00-10:30-&lt;strong&gt;dfb-50-\u00e5r.-&lt;\/strong&gt;fra-innkj\u00f8pskontor-til-&lt;em&gt;\u00e5rets-bibliotek&lt;\/em&gt;.\" role=\"region\">\n\t\t\t\t\n\n<p>Velkommen. <br>Et tilbakeblikk p\u00e5 hvordan DFB har utviklet seg. Tidligere avdelingsleder Kirsten Leth Nielsen og seniorr\u00e5dgiver Oddbj\u00f8rn Hansen.<\/p>\n\n\n\n<div class=\"wp-block-columns is-layout-flex wp-container-core-columns-is-layout-28f84493 wp-block-columns-is-layout-flex\">\n<div class=\"wp-block-column is-layout-flow wp-block-column-is-layout-flow\">\n<figure class=\"wp-block-image size-large\"><img loading=\"lazy\" decoding=\"async\" width=\"1024\" height=\"906\" src=\"https:\/\/bibliotekutvikling.no\/content\/uploads\/sites\/24\/2025\/06\/Kirsten-Leth-Nielsen-utklipp-1024x906.png\" alt=\"\" class=\"wp-image-40777\" srcset=\"https:\/\/bibliotekutvikling.no\/content\/uploads\/sites\/24\/2025\/06\/Kirsten-Leth-Nielsen-utklipp-1024x906.png 1024w, https:\/\/bibliotekutvikling.no\/content\/uploads\/sites\/24\/2025\/06\/Kirsten-Leth-Nielsen-utklipp-300x265.png 300w, https:\/\/bibliotekutvikling.no\/content\/uploads\/sites\/24\/2025\/06\/Kirsten-Leth-Nielsen-utklipp-768x679.png 768w, https:\/\/bibliotekutvikling.no\/content\/uploads\/sites\/24\/2025\/06\/Kirsten-Leth-Nielsen-utklipp.png 1179w\" sizes=\"auto, (max-width: 1024px) 100vw, 1024px\" \/><figcaption class=\"wp-element-caption\">Kirsten Leth Nielsen. Avdelingsleder for Det flerspr\u00e5klige bibliotek 1996- 2010. Regionsjef for filialer p\u00e5 Deichman 2010-2017. Medlem i seksjonen the IFLA Library Services to Multicultural Population i perioden 1999- 2007, f\u00f8rst som sekret\u00e6r, siden som leder av seksjonen.&nbsp;<\/figcaption><\/figure>\n<\/div>\n\n\n\n<div class=\"wp-block-column is-layout-flow wp-block-column-is-layout-flow\">\n<figure class=\"wp-block-image size-full\"><img loading=\"lazy\" decoding=\"async\" width=\"790\" height=\"987\" src=\"https:\/\/bibliotekutvikling.no\/content\/uploads\/sites\/24\/2025\/06\/Oddbjorn-Hansen-utsnitt-3_4.jpg\" alt=\"\" class=\"wp-image-40683\" srcset=\"https:\/\/bibliotekutvikling.no\/content\/uploads\/sites\/24\/2025\/06\/Oddbjorn-Hansen-utsnitt-3_4.jpg 790w, https:\/\/bibliotekutvikling.no\/content\/uploads\/sites\/24\/2025\/06\/Oddbjorn-Hansen-utsnitt-3_4-240x300.jpg 240w, https:\/\/bibliotekutvikling.no\/content\/uploads\/sites\/24\/2025\/06\/Oddbjorn-Hansen-utsnitt-3_4-768x960.jpg 768w\" sizes=\"auto, (max-width: 790px) 100vw, 790px\" \/><figcaption class=\"wp-element-caption\">Oddbj\u00f8rn Hansen, Det flerspr\u00e5klige bibliotek, Nasjonalbiblioteket<\/figcaption><\/figure>\n<\/div>\n<\/div>\n\n\n\n<h3 class=\"wp-block-heading\" id=\"h-vare-mest-dyrebare-boker\">V\u00e5re mest dyrebare b\u00f8ker. <\/h3>\n\n\n\n<p>Russisk er den eldste av DFBs samlinger. Hovedbibliotekar Gulnara Bakke<\/p>\n\n\n\n<figure class=\"wp-block-image size-large is-resized\"><img loading=\"lazy\" decoding=\"async\" width=\"1024\" height=\"619\" src=\"https:\/\/bibliotekutvikling.no\/content\/uploads\/sites\/24\/2025\/06\/Gulnara-Bakke-utsnitt-1024x619.jpg\" alt=\"\" class=\"wp-image-40681\" style=\"width:528px;height:auto\" srcset=\"https:\/\/bibliotekutvikling.no\/content\/uploads\/sites\/24\/2025\/06\/Gulnara-Bakke-utsnitt-1024x619.jpg 1024w, https:\/\/bibliotekutvikling.no\/content\/uploads\/sites\/24\/2025\/06\/Gulnara-Bakke-utsnitt-300x181.jpg 300w, https:\/\/bibliotekutvikling.no\/content\/uploads\/sites\/24\/2025\/06\/Gulnara-Bakke-utsnitt-768x465.jpg 768w, https:\/\/bibliotekutvikling.no\/content\/uploads\/sites\/24\/2025\/06\/Gulnara-Bakke-utsnitt-1536x929.jpg 1536w, https:\/\/bibliotekutvikling.no\/content\/uploads\/sites\/24\/2025\/06\/Gulnara-Bakke-utsnitt.jpg 1688w\" sizes=\"auto, (max-width: 1024px) 100vw, 1024px\" \/><figcaption class=\"wp-element-caption\">Gulnara Bakke, Det flerspr\u00e5klige bibliotek Nasjonalbiblioteket<\/figcaption><\/figure>\n\n\n\t\t\t<\/div>\n\t\t<\/div>\n\n<div class=\"t2-accordion-item wp-block-t2-accordion-item\" role=\"listitem\">\n\t\t\t<h2 class=\"t2-accordion-title\">\n\t\t\t\t<button type=\"button\" class=\"t2-accordion-trigger\" id=\"id-10:30-11:15-da-pakistanerne-kom-til-norge.-refleksjoner-over-50-\u00e5rs-innvandringshistorie\" aria-controls=\"accordion-panel-2\" aria-expanded=\"true\">\n\t\t\t\t\t10:30 &#8211; 11:15  Da pakistanerne kom til Norge. Refleksjoner over 50 \u00e5rs innvandringshistorie\n\t\t\t\t\t<span class=\"t2-accordion-icon is-closed-icon\"><svg xmlns=\"http:\/\/www.w3.org\/2000\/svg\" viewBox=\"0 0 24 24\" height=\"24\" width=\"24\" class=\"t2-icon t2-icon-add\" aria-hidden=\"true\" focusable=\"false\"><path fill=\"currentColor\" d=\"M11.7 4.817a.761.761 0 0 0-.384.399c-.07.156-.074.328-.075 3.353l-.001 3.19-3.253.01-3.253.011-.148.1c-.168.114-.346.433-.345.618.002.263.243.605.492.699.076.029 1.148.043 3.31.043h3.197l.001 3.19c.001 3.02.005 3.199.075 3.35.286.619 1.082.619 1.368 0 .07-.151.074-.33.075-3.35l.001-3.19h3.197c2.162 0 3.234-.014 3.31-.043.249-.093.491-.438.491-.697 0-.259-.242-.604-.491-.697-.076-.029-1.148-.043-3.31-.043H12.76l-.001-3.19c-.001-3.02-.005-3.199-.075-3.35-.086-.186-.257-.357-.417-.417a.894.894 0 0 0-.567.014\"\/><\/svg><\/span>\n\t\t\t\t\t<span class=\"t2-accordion-icon is-open-icon\"><svg xmlns=\"http:\/\/www.w3.org\/2000\/svg\" viewBox=\"0 0 24 24\" height=\"24\" width=\"24\" class=\"t2-icon t2-icon-remove\" aria-hidden=\"true\" focusable=\"false\"><path d=\"M6 13c-.285156 0-.519531-.097656-.710938-.289062C5.097656 12.519531 5 12.285156 5 12c0-.285156.097656-.519531.289062-.710938C5.480469 11.097656 5.714844 11 6 11h12c.285156 0 .519531.097656.710938.289062C18.902344 11.480469 19 11.714844 19 12c0 .285156-.097656.519531-.289062.710938C18.519531 12.902344 18.285156 13 18 13Zm0 0\" fill=\"currentColor\" \/><\/svg><\/span>\n\t\t\t\t<\/button>\n\t\t\t<\/h2>\n\t\t\t<div class=\"t2-accordion-item__inner-container is-layout-flow\" id=\"accordion-panel-2\" aria-labelledby=\"id-10:30-11:15-da-pakistanerne-kom-til-norge.-refleksjoner-over-50-\u00e5rs-innvandringshistorie\" role=\"region\">\n\t\t\t\t\n\n<p><strong>Arnfinn H. Midtb\u00f8en<\/strong> er professor i sosiologi ved Universitetet i Oslo. Han arbeider med et bredt spekter av temaer knyttet til innvandring, integrasjon og etnisk ulikhet.<\/p>\n\n\n\n<figure class=\"wp-block-image size-full is-resized\"><img loading=\"lazy\" decoding=\"async\" width=\"2000\" height=\"1600\" src=\"https:\/\/bibliotekutvikling.no\/content\/uploads\/sites\/24\/2025\/06\/Arnfinn-Midtboen-utsnitt.jpg\" alt=\"\" class=\"wp-image-40693\" style=\"width:514px;height:auto\" srcset=\"https:\/\/bibliotekutvikling.no\/content\/uploads\/sites\/24\/2025\/06\/Arnfinn-Midtboen-utsnitt.jpg 2000w, https:\/\/bibliotekutvikling.no\/content\/uploads\/sites\/24\/2025\/06\/Arnfinn-Midtboen-utsnitt-300x240.jpg 300w, https:\/\/bibliotekutvikling.no\/content\/uploads\/sites\/24\/2025\/06\/Arnfinn-Midtboen-utsnitt-1024x819.jpg 1024w, https:\/\/bibliotekutvikling.no\/content\/uploads\/sites\/24\/2025\/06\/Arnfinn-Midtboen-utsnitt-768x614.jpg 768w, https:\/\/bibliotekutvikling.no\/content\/uploads\/sites\/24\/2025\/06\/Arnfinn-Midtboen-utsnitt-1536x1229.jpg 1536w\" sizes=\"auto, (max-width: 2000px) 100vw, 2000px\" \/><figcaption class=\"wp-element-caption\">Arnfinn H. Midtb\u00f8en<\/figcaption><\/figure>\n\n\n\t\t\t<\/div>\n\t\t<\/div>\n\n<div class=\"t2-accordion-item wp-block-t2-accordion-item\" role=\"listitem\">\n\t\t\t<h2 class=\"t2-accordion-title\">\n\t\t\t\t<button type=\"button\" class=\"t2-accordion-trigger\" id=\"id-11:15-12:00-pause-med-lunsj\" aria-controls=\"accordion-panel-3\" aria-expanded=\"false\">\n\t\t\t\t\t11:15 &#8211; 12:00 Pause med lunsj\n\t\t\t\t\t<span class=\"t2-accordion-icon is-closed-icon\"><svg xmlns=\"http:\/\/www.w3.org\/2000\/svg\" viewBox=\"0 0 24 24\" height=\"24\" width=\"24\" class=\"t2-icon t2-icon-add\" aria-hidden=\"true\" focusable=\"false\"><path fill=\"currentColor\" d=\"M11.7 4.817a.761.761 0 0 0-.384.399c-.07.156-.074.328-.075 3.353l-.001 3.19-3.253.01-3.253.011-.148.1c-.168.114-.346.433-.345.618.002.263.243.605.492.699.076.029 1.148.043 3.31.043h3.197l.001 3.19c.001 3.02.005 3.199.075 3.35.286.619 1.082.619 1.368 0 .07-.151.074-.33.075-3.35l.001-3.19h3.197c2.162 0 3.234-.014 3.31-.043.249-.093.491-.438.491-.697 0-.259-.242-.604-.491-.697-.076-.029-1.148-.043-3.31-.043H12.76l-.001-3.19c-.001-3.02-.005-3.199-.075-3.35-.086-.186-.257-.357-.417-.417a.894.894 0 0 0-.567.014\"\/><\/svg><\/span>\n\t\t\t\t\t<span class=\"t2-accordion-icon is-open-icon\"><svg xmlns=\"http:\/\/www.w3.org\/2000\/svg\" viewBox=\"0 0 24 24\" height=\"24\" width=\"24\" class=\"t2-icon t2-icon-remove\" aria-hidden=\"true\" focusable=\"false\"><path d=\"M6 13c-.285156 0-.519531-.097656-.710938-.289062C5.097656 12.519531 5 12.285156 5 12c0-.285156.097656-.519531.289062-.710938C5.480469 11.097656 5.714844 11 6 11h12c.285156 0 .519531.097656.710938.289062C18.902344 11.480469 19 11.714844 19 12c0 .285156-.097656.519531-.289062.710938C18.519531 12.902344 18.285156 13 18 13Zm0 0\" fill=\"currentColor\" \/><\/svg><\/span>\n\t\t\t\t<\/button>\n\t\t\t<\/h2>\n\t\t\t<div class=\"t2-accordion-item__inner-container is-layout-flow\" id=\"accordion-panel-3\" aria-labelledby=\"id-11:15-12:00-pause-med-lunsj\" role=\"region\" hidden>\n\t\t\t\t\n\n<p>Lunsj<\/p>\n\n\n\t\t\t<\/div>\n\t\t<\/div>\n\n<div class=\"t2-accordion-item wp-block-t2-accordion-item\" role=\"listitem\">\n\t\t\t<h2 class=\"t2-accordion-title\">\n\t\t\t\t<button type=\"button\" class=\"t2-accordion-trigger\" id=\"id-12:00-12:45-lesel\u00f8ft-lillehammer-\u2013-lokalt,-langsiktig-og-forskningsbasert.\" aria-controls=\"accordion-panel-4\" aria-expanded=\"true\">\n\t\t\t\t\t12:00 &#8211; 12:45 Lesel\u00f8ft Lillehammer \u2013 lokalt, langsiktig og forskningsbasert.\n\t\t\t\t\t<span class=\"t2-accordion-icon is-closed-icon\"><svg xmlns=\"http:\/\/www.w3.org\/2000\/svg\" viewBox=\"0 0 24 24\" height=\"24\" width=\"24\" class=\"t2-icon t2-icon-add\" aria-hidden=\"true\" focusable=\"false\"><path fill=\"currentColor\" d=\"M11.7 4.817a.761.761 0 0 0-.384.399c-.07.156-.074.328-.075 3.353l-.001 3.19-3.253.01-3.253.011-.148.1c-.168.114-.346.433-.345.618.002.263.243.605.492.699.076.029 1.148.043 3.31.043h3.197l.001 3.19c.001 3.02.005 3.199.075 3.35.286.619 1.082.619 1.368 0 .07-.151.074-.33.075-3.35l.001-3.19h3.197c2.162 0 3.234-.014 3.31-.043.249-.093.491-.438.491-.697 0-.259-.242-.604-.491-.697-.076-.029-1.148-.043-3.31-.043H12.76l-.001-3.19c-.001-3.02-.005-3.199-.075-3.35-.086-.186-.257-.357-.417-.417a.894.894 0 0 0-.567.014\"\/><\/svg><\/span>\n\t\t\t\t\t<span class=\"t2-accordion-icon is-open-icon\"><svg xmlns=\"http:\/\/www.w3.org\/2000\/svg\" viewBox=\"0 0 24 24\" height=\"24\" width=\"24\" class=\"t2-icon t2-icon-remove\" aria-hidden=\"true\" focusable=\"false\"><path d=\"M6 13c-.285156 0-.519531-.097656-.710938-.289062C5.097656 12.519531 5 12.285156 5 12c0-.285156.097656-.519531.289062-.710938C5.480469 11.097656 5.714844 11 6 11h12c.285156 0 .519531.097656.710938.289062C18.902344 11.480469 19 11.714844 19 12c0 .285156-.097656.519531-.289062.710938C18.519531 12.902344 18.285156 13 18 13Zm0 0\" fill=\"currentColor\" \/><\/svg><\/span>\n\t\t\t\t<\/button>\n\t\t\t<\/h2>\n\t\t\t<div class=\"t2-accordion-item__inner-container is-layout-flow\" id=\"accordion-panel-4\" aria-labelledby=\"id-12:00-12:45-lesel\u00f8ft-lillehammer-\u2013-lokalt,-langsiktig-og-forskningsbasert.\" role=\"region\">\n\t\t\t\t\n\n<p><\/p>\n\n\n\n<p>Lillehammers lesel\u00f8ft \u2013 lokalt, langsiktig og forskningsbasert. Om hva man kan f\u00e5 til ved samarbeid.<\/p>\n\n\n\n<div class=\"wp-block-columns is-layout-flex wp-container-core-columns-is-layout-28f84493 wp-block-columns-is-layout-flex\">\n<div class=\"wp-block-column is-layout-flow wp-block-column-is-layout-flow\">\n<figure class=\"wp-block-image size-full\"><img loading=\"lazy\" decoding=\"async\" width=\"933\" height=\"933\" src=\"https:\/\/bibliotekutvikling.no\/content\/uploads\/sites\/24\/2025\/06\/Cathrine-Strom-Foto_-Lillehammer-UNESCO-Litteraturby-kvadrat.jpg\" alt=\"\" class=\"wp-image-40686\" srcset=\"https:\/\/bibliotekutvikling.no\/content\/uploads\/sites\/24\/2025\/06\/Cathrine-Strom-Foto_-Lillehammer-UNESCO-Litteraturby-kvadrat.jpg 933w, https:\/\/bibliotekutvikling.no\/content\/uploads\/sites\/24\/2025\/06\/Cathrine-Strom-Foto_-Lillehammer-UNESCO-Litteraturby-kvadrat-300x300.jpg 300w, https:\/\/bibliotekutvikling.no\/content\/uploads\/sites\/24\/2025\/06\/Cathrine-Strom-Foto_-Lillehammer-UNESCO-Litteraturby-kvadrat-150x150.jpg 150w, https:\/\/bibliotekutvikling.no\/content\/uploads\/sites\/24\/2025\/06\/Cathrine-Strom-Foto_-Lillehammer-UNESCO-Litteraturby-kvadrat-768x768.jpg 768w\" sizes=\"auto, (max-width: 933px) 100vw, 933px\" \/><figcaption class=\"wp-element-caption\">Cathrine Str\u00f8m, biblioteksjef, Lillehammer bibliotek<\/figcaption><\/figure>\n<\/div>\n\n\n\n<div class=\"wp-block-column is-layout-flow wp-block-column-is-layout-flow\">\n<figure class=\"wp-block-image size-full\"><img loading=\"lazy\" decoding=\"async\" width=\"670\" height=\"670\" src=\"https:\/\/bibliotekutvikling.no\/content\/uploads\/sites\/24\/2025\/06\/Trond-Johnsen.jpg\" alt=\"\" class=\"wp-image-40670\" srcset=\"https:\/\/bibliotekutvikling.no\/content\/uploads\/sites\/24\/2025\/06\/Trond-Johnsen.jpg 670w, https:\/\/bibliotekutvikling.no\/content\/uploads\/sites\/24\/2025\/06\/Trond-Johnsen-300x300.jpg 300w, https:\/\/bibliotekutvikling.no\/content\/uploads\/sites\/24\/2025\/06\/Trond-Johnsen-150x150.jpg 150w\" sizes=\"auto, (max-width: 670px) 100vw, 670px\" \/><figcaption class=\"wp-element-caption\">Trond Johnsen, r\u00e5dgiver ved skolekontoret (tidl. Skolesjef i Lillehammer kommune)<\/figcaption><\/figure>\n<\/div>\n<\/div>\n\n\n\n<div class=\"wp-block-columns is-layout-flex wp-container-core-columns-is-layout-28f84493 wp-block-columns-is-layout-flex\">\n<div class=\"wp-block-column is-layout-flow wp-block-column-is-layout-flow\">\n<figure class=\"wp-block-image size-large\"><img loading=\"lazy\" decoding=\"async\" width=\"819\" height=\"1024\" src=\"https:\/\/bibliotekutvikling.no\/content\/uploads\/sites\/24\/2025\/06\/Marit-Borkenhagen-foto-Norsk-Litteraturfestival-819x1024.jpg\" alt=\"\" class=\"wp-image-40672\" srcset=\"https:\/\/bibliotekutvikling.no\/content\/uploads\/sites\/24\/2025\/06\/Marit-Borkenhagen-foto-Norsk-Litteraturfestival-819x1024.jpg 819w, https:\/\/bibliotekutvikling.no\/content\/uploads\/sites\/24\/2025\/06\/Marit-Borkenhagen-foto-Norsk-Litteraturfestival-240x300.jpg 240w, https:\/\/bibliotekutvikling.no\/content\/uploads\/sites\/24\/2025\/06\/Marit-Borkenhagen-foto-Norsk-Litteraturfestival-768x960.jpg 768w, https:\/\/bibliotekutvikling.no\/content\/uploads\/sites\/24\/2025\/06\/Marit-Borkenhagen-foto-Norsk-Litteraturfestival-1229x1536.jpg 1229w, https:\/\/bibliotekutvikling.no\/content\/uploads\/sites\/24\/2025\/06\/Marit-Borkenhagen-foto-Norsk-Litteraturfestival-1638x2048.jpg 1638w, https:\/\/bibliotekutvikling.no\/content\/uploads\/sites\/24\/2025\/06\/Marit-Borkenhagen-foto-Norsk-Litteraturfestival-scaled.jpg 2048w\" sizes=\"auto, (max-width: 819px) 100vw, 819px\" \/><figcaption class=\"wp-element-caption\">Marit Borkenhagen, leder Norsk litteraturfestival<\/figcaption><\/figure>\n<\/div>\n\n\n\n<div class=\"wp-block-column is-layout-flow wp-block-column-is-layout-flow\">\n<figure class=\"wp-block-image size-large is-resized\"><img loading=\"lazy\" decoding=\"async\" width=\"768\" height=\"1024\" src=\"https:\/\/bibliotekutvikling.no\/content\/uploads\/sites\/24\/2025\/06\/Camilla-Brandt-25V-foto-Eli-Ramstad-768x1024.jpg\" alt=\"\" class=\"wp-image-40673\" style=\"width:233px;height:auto\" srcset=\"https:\/\/bibliotekutvikling.no\/content\/uploads\/sites\/24\/2025\/06\/Camilla-Brandt-25V-foto-Eli-Ramstad-768x1024.jpg 768w, https:\/\/bibliotekutvikling.no\/content\/uploads\/sites\/24\/2025\/06\/Camilla-Brandt-25V-foto-Eli-Ramstad-225x300.jpg 225w, https:\/\/bibliotekutvikling.no\/content\/uploads\/sites\/24\/2025\/06\/Camilla-Brandt-25V-foto-Eli-Ramstad-1152x1536.jpg 1152w, https:\/\/bibliotekutvikling.no\/content\/uploads\/sites\/24\/2025\/06\/Camilla-Brandt-25V-foto-Eli-Ramstad-1536x2048.jpg 1536w, https:\/\/bibliotekutvikling.no\/content\/uploads\/sites\/24\/2025\/06\/Camilla-Brandt-25V-foto-Eli-Ramstad-scaled.jpg 1920w\" sizes=\"auto, (max-width: 768px) 100vw, 768px\" \/><figcaption class=\"wp-element-caption\">Camilla Brandt, bibliotekar, Lillehammer bibliotek. Foto: Eli Ramstad<\/figcaption><\/figure>\n<\/div>\n<\/div>\n\n\n\t\t\t<\/div>\n\t\t<\/div>\n\n<div class=\"t2-accordion-item wp-block-t2-accordion-item\" role=\"listitem\">\n\t\t\t<h2 class=\"t2-accordion-title\">\n\t\t\t\t<button type=\"button\" class=\"t2-accordion-trigger\" id=\"id-12:45-13:00\" aria-controls=\"accordion-panel-5\" aria-expanded=\"false\">\n\t\t\t\t\t12:45 &#8211; 13:00\n\t\t\t\t\t<span class=\"t2-accordion-icon is-closed-icon\"><svg xmlns=\"http:\/\/www.w3.org\/2000\/svg\" viewBox=\"0 0 24 24\" height=\"24\" width=\"24\" class=\"t2-icon t2-icon-add\" aria-hidden=\"true\" focusable=\"false\"><path fill=\"currentColor\" d=\"M11.7 4.817a.761.761 0 0 0-.384.399c-.07.156-.074.328-.075 3.353l-.001 3.19-3.253.01-3.253.011-.148.1c-.168.114-.346.433-.345.618.002.263.243.605.492.699.076.029 1.148.043 3.31.043h3.197l.001 3.19c.001 3.02.005 3.199.075 3.35.286.619 1.082.619 1.368 0 .07-.151.074-.33.075-3.35l.001-3.19h3.197c2.162 0 3.234-.014 3.31-.043.249-.093.491-.438.491-.697 0-.259-.242-.604-.491-.697-.076-.029-1.148-.043-3.31-.043H12.76l-.001-3.19c-.001-3.02-.005-3.199-.075-3.35-.086-.186-.257-.357-.417-.417a.894.894 0 0 0-.567.014\"\/><\/svg><\/span>\n\t\t\t\t\t<span class=\"t2-accordion-icon is-open-icon\"><svg xmlns=\"http:\/\/www.w3.org\/2000\/svg\" viewBox=\"0 0 24 24\" height=\"24\" width=\"24\" class=\"t2-icon t2-icon-remove\" aria-hidden=\"true\" focusable=\"false\"><path d=\"M6 13c-.285156 0-.519531-.097656-.710938-.289062C5.097656 12.519531 5 12.285156 5 12c0-.285156.097656-.519531.289062-.710938C5.480469 11.097656 5.714844 11 6 11h12c.285156 0 .519531.097656.710938.289062C18.902344 11.480469 19 11.714844 19 12c0 .285156-.097656.519531-.289062.710938C18.519531 12.902344 18.285156 13 18 13Zm0 0\" fill=\"currentColor\" \/><\/svg><\/span>\n\t\t\t\t<\/button>\n\t\t\t<\/h2>\n\t\t\t<div class=\"t2-accordion-item__inner-container is-layout-flow\" id=\"accordion-panel-5\" aria-labelledby=\"id-12:45-13:00\" role=\"region\" hidden>\n\t\t\t\t\n\n<p>Pause<\/p>\n\n\n\t\t\t<\/div>\n\t\t<\/div>\n\n<div class=\"t2-accordion-item wp-block-t2-accordion-item\" role=\"listitem\">\n\t\t\t<h2 class=\"t2-accordion-title\">\n\t\t\t\t<button type=\"button\" class=\"t2-accordion-trigger\" id=\"id-13:00-13:30-appelsinia-utvikler-seg\" aria-controls=\"accordion-panel-6\" aria-expanded=\"true\">\n\t\t\t\t\t13:00 &#8211; 13:30 Appelsinia utvikler seg\n\t\t\t\t\t<span class=\"t2-accordion-icon is-closed-icon\"><svg xmlns=\"http:\/\/www.w3.org\/2000\/svg\" viewBox=\"0 0 24 24\" height=\"24\" width=\"24\" class=\"t2-icon t2-icon-add\" aria-hidden=\"true\" focusable=\"false\"><path fill=\"currentColor\" d=\"M11.7 4.817a.761.761 0 0 0-.384.399c-.07.156-.074.328-.075 3.353l-.001 3.19-3.253.01-3.253.011-.148.1c-.168.114-.346.433-.345.618.002.263.243.605.492.699.076.029 1.148.043 3.31.043h3.197l.001 3.19c.001 3.02.005 3.199.075 3.35.286.619 1.082.619 1.368 0 .07-.151.074-.33.075-3.35l.001-3.19h3.197c2.162 0 3.234-.014 3.31-.043.249-.093.491-.438.491-.697 0-.259-.242-.604-.491-.697-.076-.029-1.148-.043-3.31-.043H12.76l-.001-3.19c-.001-3.02-.005-3.199-.075-3.35-.086-.186-.257-.357-.417-.417a.894.894 0 0 0-.567.014\"\/><\/svg><\/span>\n\t\t\t\t\t<span class=\"t2-accordion-icon is-open-icon\"><svg xmlns=\"http:\/\/www.w3.org\/2000\/svg\" viewBox=\"0 0 24 24\" height=\"24\" width=\"24\" class=\"t2-icon t2-icon-remove\" aria-hidden=\"true\" focusable=\"false\"><path d=\"M6 13c-.285156 0-.519531-.097656-.710938-.289062C5.097656 12.519531 5 12.285156 5 12c0-.285156.097656-.519531.289062-.710938C5.480469 11.097656 5.714844 11 6 11h12c.285156 0 .519531.097656.710938.289062C18.902344 11.480469 19 11.714844 19 12c0 .285156-.097656.519531-.289062.710938C18.519531 12.902344 18.285156 13 18 13Zm0 0\" fill=\"currentColor\" \/><\/svg><\/span>\n\t\t\t\t<\/button>\n\t\t\t<\/h2>\n\t\t\t<div class=\"t2-accordion-item__inner-container is-layout-flow\" id=\"accordion-panel-6\" aria-labelledby=\"id-13:00-13:30-appelsinia-utvikler-seg\" role=\"region\">\n\t\t\t\t\n\n<p>Appelsinia er Skiens egen litteraturfestival for barn og unge og har blitt arrangert hvert \u00e5r siden 2013. Festivalen har siden starten hatt fokus p\u00e5 leselyst og formidling.<\/p>\n\n\n\n<p>N\u00e5 utvider og utvikler festivalen seg, b\u00e5de med seminar, Senior-Appelsinia og et nyetablert samarbeid med l\u00e6rerutdanningen p\u00e5 Universitetet i S\u00f8r\u00f8st-Norge.<\/p>\n\n\n\n<figure class=\"wp-block-image size-full is-resized\"><img loading=\"lazy\" decoding=\"async\" width=\"1600\" height=\"1229\" src=\"https:\/\/bibliotekutvikling.no\/content\/uploads\/sites\/24\/2025\/06\/Ashild-Nyggard-Isaksen.-Foto-Morten-Bjerk.jpg\" alt=\"\" class=\"wp-image-40661\" style=\"width:519px;height:auto\" srcset=\"https:\/\/bibliotekutvikling.no\/content\/uploads\/sites\/24\/2025\/06\/Ashild-Nyggard-Isaksen.-Foto-Morten-Bjerk.jpg 1600w, https:\/\/bibliotekutvikling.no\/content\/uploads\/sites\/24\/2025\/06\/Ashild-Nyggard-Isaksen.-Foto-Morten-Bjerk-300x230.jpg 300w, https:\/\/bibliotekutvikling.no\/content\/uploads\/sites\/24\/2025\/06\/Ashild-Nyggard-Isaksen.-Foto-Morten-Bjerk-1024x787.jpg 1024w, https:\/\/bibliotekutvikling.no\/content\/uploads\/sites\/24\/2025\/06\/Ashild-Nyggard-Isaksen.-Foto-Morten-Bjerk-768x590.jpg 768w, https:\/\/bibliotekutvikling.no\/content\/uploads\/sites\/24\/2025\/06\/Ashild-Nyggard-Isaksen.-Foto-Morten-Bjerk-1536x1180.jpg 1536w\" sizes=\"auto, (max-width: 1600px) 100vw, 1600px\" \/><figcaption class=\"wp-element-caption\"><strong>\u00c5shild Nygaard Isaksen er f<\/strong>estivalsjef for Appelsinia litteraturfestival for barn og unge. Hun er ogs\u00e5 fagleder for barn og unge ved Skien bibliotek.<\/figcaption><\/figure>\n\n\n\t\t\t<\/div>\n\t\t<\/div>\n\n<div class=\"t2-accordion-item wp-block-t2-accordion-item\" role=\"listitem\">\n\t\t\t<h2 class=\"t2-accordion-title\">\n\t\t\t\t<button type=\"button\" class=\"t2-accordion-trigger\" id=\"id-13:30-14:00-bibliotekets-digitale-tjenester-\u2013-brukerunders\u00f8kelse-og-utviklingsmuligheter.\" aria-controls=\"accordion-panel-7\" aria-expanded=\"true\">\n\t\t\t\t\t13:30 &#8211; 14:00 Bibliotekets digitale tjenester \u2013 brukerunders\u00f8kelse og utviklingsmuligheter.\n\t\t\t\t\t<span class=\"t2-accordion-icon is-closed-icon\"><svg xmlns=\"http:\/\/www.w3.org\/2000\/svg\" viewBox=\"0 0 24 24\" height=\"24\" width=\"24\" class=\"t2-icon t2-icon-add\" aria-hidden=\"true\" focusable=\"false\"><path fill=\"currentColor\" d=\"M11.7 4.817a.761.761 0 0 0-.384.399c-.07.156-.074.328-.075 3.353l-.001 3.19-3.253.01-3.253.011-.148.1c-.168.114-.346.433-.345.618.002.263.243.605.492.699.076.029 1.148.043 3.31.043h3.197l.001 3.19c.001 3.02.005 3.199.075 3.35.286.619 1.082.619 1.368 0 .07-.151.074-.33.075-3.35l.001-3.19h3.197c2.162 0 3.234-.014 3.31-.043.249-.093.491-.438.491-.697 0-.259-.242-.604-.491-.697-.076-.029-1.148-.043-3.31-.043H12.76l-.001-3.19c-.001-3.02-.005-3.199-.075-3.35-.086-.186-.257-.357-.417-.417a.894.894 0 0 0-.567.014\"\/><\/svg><\/span>\n\t\t\t\t\t<span class=\"t2-accordion-icon is-open-icon\"><svg xmlns=\"http:\/\/www.w3.org\/2000\/svg\" viewBox=\"0 0 24 24\" height=\"24\" width=\"24\" class=\"t2-icon t2-icon-remove\" aria-hidden=\"true\" focusable=\"false\"><path d=\"M6 13c-.285156 0-.519531-.097656-.710938-.289062C5.097656 12.519531 5 12.285156 5 12c0-.285156.097656-.519531.289062-.710938C5.480469 11.097656 5.714844 11 6 11h12c.285156 0 .519531.097656.710938.289062C18.902344 11.480469 19 11.714844 19 12c0 .285156-.097656.519531-.289062.710938C18.519531 12.902344 18.285156 13 18 13Zm0 0\" fill=\"currentColor\" \/><\/svg><\/span>\n\t\t\t\t<\/button>\n\t\t\t<\/h2>\n\t\t\t<div class=\"t2-accordion-item__inner-container is-layout-flow\" id=\"accordion-panel-7\" aria-labelledby=\"id-13:30-14:00-bibliotekets-digitale-tjenester-\u2013-brukerunders\u00f8kelse-og-utviklingsmuligheter.\" role=\"region\">\n\t\t\t\t\n\n<p>Bibliotekets digitale tjenester \u2013 brukerunders\u00f8kelse og utviklingsmuligheter. SoMe i bibliotek. Lykkes vi med det? Hvordan kan vi dele arbeidet som gj\u00f8res? <\/p>\n\n\n\n<figure class=\"wp-block-image size-full is-resized\"><img loading=\"lazy\" decoding=\"async\" width=\"1200\" height=\"818\" src=\"https:\/\/bibliotekutvikling.no\/content\/uploads\/sites\/24\/2025\/06\/Siri-Odfjell-Risdal.-Foto-Arne-Olav-Hageberg.jpg\" alt=\"\" class=\"wp-image-40664\" style=\"width:522px;height:auto\" srcset=\"https:\/\/bibliotekutvikling.no\/content\/uploads\/sites\/24\/2025\/06\/Siri-Odfjell-Risdal.-Foto-Arne-Olav-Hageberg.jpg 1200w, https:\/\/bibliotekutvikling.no\/content\/uploads\/sites\/24\/2025\/06\/Siri-Odfjell-Risdal.-Foto-Arne-Olav-Hageberg-300x205.jpg 300w, https:\/\/bibliotekutvikling.no\/content\/uploads\/sites\/24\/2025\/06\/Siri-Odfjell-Risdal.-Foto-Arne-Olav-Hageberg-1024x698.jpg 1024w, https:\/\/bibliotekutvikling.no\/content\/uploads\/sites\/24\/2025\/06\/Siri-Odfjell-Risdal.-Foto-Arne-Olav-Hageberg-768x524.jpg 768w\" sizes=\"auto, (max-width: 1200px) 100vw, 1200px\" \/><figcaption class=\"wp-element-caption\"><strong>Siri Odfjell Risdal <\/strong>er spesialr\u00e5dgiver for litteratur og lesing ved Rogaland fylkesbibliotek. Tidligere mange\u00e5rig festivalsjef for Kapittel. Hun er ogs\u00e5 medlem av Kulturr\u00e5dets faglige utvalg for litteratur, og har tidligere ledet Bragejuryen for barnelitteratur og Kulturr\u00e5dets tegneserieutvalg. Foto: Arne Olav Hageberg<\/figcaption><\/figure>\n\n\n\t\t\t<\/div>\n\t\t<\/div>\n\n<div class=\"t2-accordion-item wp-block-t2-accordion-item\" role=\"listitem\">\n\t\t\t<h2 class=\"t2-accordion-title\">\n\t\t\t\t<button type=\"button\" class=\"t2-accordion-trigger\" id=\"id-14.00-14:30-feiring-med-festkake\" aria-controls=\"accordion-panel-8\" aria-expanded=\"true\">\n\t\t\t\t\t14.00-14:30 Feiring med festkake\n\t\t\t\t\t<span class=\"t2-accordion-icon is-closed-icon\"><svg xmlns=\"http:\/\/www.w3.org\/2000\/svg\" viewBox=\"0 0 24 24\" height=\"24\" width=\"24\" class=\"t2-icon t2-icon-add\" aria-hidden=\"true\" focusable=\"false\"><path fill=\"currentColor\" d=\"M11.7 4.817a.761.761 0 0 0-.384.399c-.07.156-.074.328-.075 3.353l-.001 3.19-3.253.01-3.253.011-.148.1c-.168.114-.346.433-.345.618.002.263.243.605.492.699.076.029 1.148.043 3.31.043h3.197l.001 3.19c.001 3.02.005 3.199.075 3.35.286.619 1.082.619 1.368 0 .07-.151.074-.33.075-3.35l.001-3.19h3.197c2.162 0 3.234-.014 3.31-.043.249-.093.491-.438.491-.697 0-.259-.242-.604-.491-.697-.076-.029-1.148-.043-3.31-.043H12.76l-.001-3.19c-.001-3.02-.005-3.199-.075-3.35-.086-.186-.257-.357-.417-.417a.894.894 0 0 0-.567.014\"\/><\/svg><\/span>\n\t\t\t\t\t<span class=\"t2-accordion-icon is-open-icon\"><svg xmlns=\"http:\/\/www.w3.org\/2000\/svg\" viewBox=\"0 0 24 24\" height=\"24\" width=\"24\" class=\"t2-icon t2-icon-remove\" aria-hidden=\"true\" focusable=\"false\"><path d=\"M6 13c-.285156 0-.519531-.097656-.710938-.289062C5.097656 12.519531 5 12.285156 5 12c0-.285156.097656-.519531.289062-.710938C5.480469 11.097656 5.714844 11 6 11h12c.285156 0 .519531.097656.710938.289062C18.902344 11.480469 19 11.714844 19 12c0 .285156-.097656.519531-.289062.710938C18.519531 12.902344 18.285156 13 18 13Zm0 0\" fill=\"currentColor\" \/><\/svg><\/span>\n\t\t\t\t<\/button>\n\t\t\t<\/h2>\n\t\t\t<div class=\"t2-accordion-item__inner-container is-layout-flow\" id=\"accordion-panel-8\" aria-labelledby=\"id-14.00-14:30-feiring-med-festkake\" role=\"region\">\n\t\t\t\t\n\n<p><\/p>\n\n\n\t\t\t<\/div>\n\t\t<\/div>\n\n<div class=\"t2-accordion-item wp-block-t2-accordion-item\" role=\"listitem\">\n\t\t\t<h2 class=\"t2-accordion-title\">\n\t\t\t\t<button type=\"button\" class=\"t2-accordion-trigger\" id=\"id-14:30-15:30-zeshan-shakar-og-don-martin-i-samtale-med-monica-helvig.\" aria-controls=\"accordion-panel-9\" aria-expanded=\"true\">\n\t\t\t\t\t14:30 &#8211; 15:30 Zeshan Shakar og Don Martin i samtale med Monica Helvig.\n\t\t\t\t\t<span class=\"t2-accordion-icon is-closed-icon\"><svg xmlns=\"http:\/\/www.w3.org\/2000\/svg\" viewBox=\"0 0 24 24\" height=\"24\" width=\"24\" class=\"t2-icon t2-icon-add\" aria-hidden=\"true\" focusable=\"false\"><path fill=\"currentColor\" d=\"M11.7 4.817a.761.761 0 0 0-.384.399c-.07.156-.074.328-.075 3.353l-.001 3.19-3.253.01-3.253.011-.148.1c-.168.114-.346.433-.345.618.002.263.243.605.492.699.076.029 1.148.043 3.31.043h3.197l.001 3.19c.001 3.02.005 3.199.075 3.35.286.619 1.082.619 1.368 0 .07-.151.074-.33.075-3.35l.001-3.19h3.197c2.162 0 3.234-.014 3.31-.043.249-.093.491-.438.491-.697 0-.259-.242-.604-.491-.697-.076-.029-1.148-.043-3.31-.043H12.76l-.001-3.19c-.001-3.02-.005-3.199-.075-3.35-.086-.186-.257-.357-.417-.417a.894.894 0 0 0-.567.014\"\/><\/svg><\/span>\n\t\t\t\t\t<span class=\"t2-accordion-icon is-open-icon\"><svg xmlns=\"http:\/\/www.w3.org\/2000\/svg\" viewBox=\"0 0 24 24\" height=\"24\" width=\"24\" class=\"t2-icon t2-icon-remove\" aria-hidden=\"true\" focusable=\"false\"><path d=\"M6 13c-.285156 0-.519531-.097656-.710938-.289062C5.097656 12.519531 5 12.285156 5 12c0-.285156.097656-.519531.289062-.710938C5.480469 11.097656 5.714844 11 6 11h12c.285156 0 .519531.097656.710938.289062C18.902344 11.480469 19 11.714844 19 12c0 .285156-.097656.519531-.289062.710938C18.519531 12.902344 18.285156 13 18 13Zm0 0\" fill=\"currentColor\" \/><\/svg><\/span>\n\t\t\t\t<\/button>\n\t\t\t<\/h2>\n\t\t\t<div class=\"t2-accordion-item__inner-container is-layout-flow\" id=\"accordion-panel-9\" aria-labelledby=\"id-14:30-15:30-zeshan-shakar-og-don-martin-i-samtale-med-monica-helvig.\" role=\"region\">\n\t\t\t\t\n\n<figure class=\"wp-block-image size-full is-resized\"><img loading=\"lazy\" decoding=\"async\" width=\"838\" height=\"670\" src=\"https:\/\/bibliotekutvikling.no\/content\/uploads\/sites\/24\/2025\/06\/Zeshan_Martin_Fotokred_Michael_Ray_Vera_Cruz_Angeles-utsnitt.jpg\" alt=\"\" class=\"wp-image-40691\" style=\"width:538px;height:auto\" srcset=\"https:\/\/bibliotekutvikling.no\/content\/uploads\/sites\/24\/2025\/06\/Zeshan_Martin_Fotokred_Michael_Ray_Vera_Cruz_Angeles-utsnitt.jpg 838w, https:\/\/bibliotekutvikling.no\/content\/uploads\/sites\/24\/2025\/06\/Zeshan_Martin_Fotokred_Michael_Ray_Vera_Cruz_Angeles-utsnitt-300x240.jpg 300w, https:\/\/bibliotekutvikling.no\/content\/uploads\/sites\/24\/2025\/06\/Zeshan_Martin_Fotokred_Michael_Ray_Vera_Cruz_Angeles-utsnitt-768x614.jpg 768w\" sizes=\"auto, (max-width: 838px) 100vw, 838px\" \/><figcaption class=\"wp-element-caption\">Zeshan Shakar og Don Martin. Foto: Michael Ray Vera Cruz Angles<\/figcaption><\/figure>\n\n\n\n<p>Zeshan Shakar debuterte h\u00f8sten 2017 med romanen <em>Tante Ulrikkes vei<\/em>, som han mottok Tarjei Vesaas&#8217; debutantpris for. Hans andre roman <em>Gul bok<\/em>, utkom h\u00f8sten 2020 til nye gode anmeldelser, og bekrefter hans posisjon som en av v\u00e5re mest spennende, nye forfattere. I 2022 utkom hans bok&nbsp;<em>De kaller meg ulven.&nbsp;<\/em>I 2024 gav han ut boka&nbsp;<em>Kan du h\u00f8re byen puste ut<\/em>&nbsp;sammen med Don Martin, til str\u00e5lende kritikker.<\/p>\n\n\n\n<p>Don Martin er en norsk rapper,&nbsp;DJ, musikkprodusent,&nbsp;dramatiker, forfatter, graffitimaler,&nbsp;aktivist&nbsp;og radiovert. Han fikk sitt gjennombrudd som soloartist i 2013 med singelen <em>Nilsen<\/em> fra albumet&nbsp;<em>En gang Roms\u00e5sgutt alltid Roms\u00e5sgutt<\/em>. For denne fikk han&nbsp;Spellemannsprisen&nbsp;2013.<\/p>\n\n\n\n<p>Monica Helvig har bakgrunn fra Foreningen !les og Litteraturhuset i Oslo. Hun har v\u00e6rt leder for Leser s\u00f8ker bok, og er n\u00e5 hussjef ved Nasjonalbiblioteket.<\/p>\n\n\n\t\t\t<\/div>\n\t\t<\/div>\n<\/div>\n\n\n<figure class=\"wp-block-image alignwide size-large\"><img loading=\"lazy\" decoding=\"async\" width=\"1024\" height=\"404\" src=\"https:\/\/bibliotekutvikling.no\/content\/uploads\/sites\/24\/2025\/06\/2025nyhus-banner-1024x404.png\" alt=\"\" class=\"wp-image-39762\" srcset=\"https:\/\/bibliotekutvikling.no\/content\/uploads\/sites\/24\/2025\/06\/2025nyhus-banner-1024x404.png 1024w, https:\/\/bibliotekutvikling.no\/content\/uploads\/sites\/24\/2025\/06\/2025nyhus-banner-300x118.png 300w, https:\/\/bibliotekutvikling.no\/content\/uploads\/sites\/24\/2025\/06\/2025nyhus-banner-768x303.png 768w, https:\/\/bibliotekutvikling.no\/content\/uploads\/sites\/24\/2025\/06\/2025nyhus-banner-1536x606.png 1536w, https:\/\/bibliotekutvikling.no\/content\/uploads\/sites\/24\/2025\/06\/2025nyhus-banner-2048x808.png 2048w\" sizes=\"auto, (max-width: 1024px) 100vw, 1024px\" \/><\/figure>\n","protected":false},"author":6868,"featured_media":39754,"menu_order":0,"template":"","meta":{"nb_hide_title":false,"event_tba_datetime":false,"event_all_day":false,"event_tba_start_time":false,"event_start_datetime":"2025-11-28T10:00:00","event_end_datetime":"2025-11-28T15:30:00","event_venue_id":"9185","event_ticket_vendor_url":"","event_ticket_price_text":"","event_ticket_button_text":"","event_ticket_details_text":"","event_attendance_mode":"online_and_offline","event_short_description":"","event_virtual_venue_name":"Str\u00f8mmes via nettsiden","event_virtual_venue_url":"https:\/\/www.nb.no\/tv\/haakon-nyhuus\/","event_hide_from_archive":false,"event_infoscreen_place_name":"","event_hide_from_infoscreen":false,"single_header_image_is_disabled":true,"single_header_image_attachment_id":39756,"single_header_image_attachment_url":"https:\/\/bibliotekutvikling.no\/content\/uploads\/sites\/24\/2025\/06\/2025nyhus-dfb-kvadrat.png"},"event-group":[],"event-type":[218],"tag":[],"class_list":["post-39753","event","type-event","status-publish","has-post-thumbnail","hentry","event-type-nasjonalbiblioteket-solli-plass"],"yoast_head":"<!-- This site is optimized with the Yoast SEO Premium plugin v27.1 (Yoast SEO v27.1.1) - https:\/\/yoast.com\/product\/yoast-seo-premium-wordpress\/ -->\n<title>Opptak av Haakon Nyhuus-seminaret 2025 - Kompetansebank<\/title>\n<meta name=\"description\" content=\"Vi feirer DFB og leselyst med et jubileumsseminar. Velkommen til en dag i leselyst og formidlingens \u00e5nd.\" \/>\n<meta name=\"robots\" content=\"index, follow, max-snippet:-1, max-image-preview:large, max-video-preview:-1\" \/>\n<link rel=\"canonical\" href=\"https:\/\/bibliotekutvikling.no\/kompetansebank\/event\/haakon-nyhuus-seminaret-2025\/\" \/>\n<meta property=\"og:locale\" content=\"nb_NO\" \/>\n<meta property=\"og:type\" content=\"article\" \/>\n<meta property=\"og:title\" content=\"Opptak av Haakon Nyhuus-seminaret 2025\" \/>\n<meta property=\"og:description\" content=\"Vi feirer DFB og leselyst med et jubileumsseminar. Velkommen til en dag i leselyst og formidlingens \u00e5nd.\" \/>\n<meta property=\"og:url\" content=\"https:\/\/bibliotekutvikling.no\/kompetansebank\/event\/haakon-nyhuus-seminaret-2025\/\" \/>\n<meta property=\"og:site_name\" content=\"Kompetansebank\" \/>\n<meta property=\"article:publisher\" content=\"https:\/\/www.facebook.com\/bibliotekutvikling\" \/>\n<meta property=\"article:modified_time\" content=\"2025-12-01T10:38:01+00:00\" \/>\n<meta property=\"og:image\" content=\"https:\/\/bibliotekutvikling.no\/content\/uploads\/sites\/24\/2025\/06\/2025Nyhus-dfb-Seks-ni.png\" \/>\n\t<meta property=\"og:image:width\" content=\"2560\" \/>\n\t<meta property=\"og:image:height\" content=\"1707\" \/>\n\t<meta property=\"og:image:type\" content=\"image\/png\" \/>\n<meta name=\"twitter:card\" content=\"summary_large_image\" \/>\n<meta name=\"twitter:label1\" content=\"Ansl. lesetid\" \/>\n\t<meta name=\"twitter:data1\" content=\"6 minutter\" \/>\n<script type=\"application\/ld+json\" class=\"yoast-schema-graph\">{\"@context\":\"https:\/\/schema.org\",\"@graph\":[{\"@type\":\"WebPage\",\"@id\":\"https:\/\/bibliotekutvikling.no\/kompetansebank\/event\/haakon-nyhuus-seminaret-2025\/\",\"url\":\"https:\/\/bibliotekutvikling.no\/kompetansebank\/event\/haakon-nyhuus-seminaret-2025\/\",\"name\":\"Opptak av Haakon Nyhuus-seminaret 2025 - Kompetansebank\",\"isPartOf\":{\"@id\":\"https:\/\/bibliotekutvikling.no\/kompetansebank\/#website\"},\"primaryImageOfPage\":{\"@id\":\"https:\/\/bibliotekutvikling.no\/kompetansebank\/event\/haakon-nyhuus-seminaret-2025\/#primaryimage\"},\"image\":{\"@id\":\"https:\/\/bibliotekutvikling.no\/kompetansebank\/event\/haakon-nyhuus-seminaret-2025\/#primaryimage\"},\"thumbnailUrl\":\"https:\/\/bibliotekutvikling.no\/content\/uploads\/sites\/24\/2025\/06\/2025Nyhus-dfb-Seks-ni.png\",\"datePublished\":\"2025-06-02T12:52:43+00:00\",\"dateModified\":\"2025-12-01T10:38:01+00:00\",\"description\":\"Vi feirer DFB og leselyst med et jubileumsseminar. Velkommen til en dag i leselyst og formidlingens \u00e5nd.\",\"breadcrumb\":{\"@id\":\"https:\/\/bibliotekutvikling.no\/kompetansebank\/event\/haakon-nyhuus-seminaret-2025\/#breadcrumb\"},\"inLanguage\":\"nb-NO\",\"potentialAction\":[{\"@type\":\"ReadAction\",\"target\":[\"https:\/\/bibliotekutvikling.no\/kompetansebank\/event\/haakon-nyhuus-seminaret-2025\/\"]}]},{\"@type\":\"ImageObject\",\"inLanguage\":\"nb-NO\",\"@id\":\"https:\/\/bibliotekutvikling.no\/kompetansebank\/event\/haakon-nyhuus-seminaret-2025\/#primaryimage\",\"url\":\"https:\/\/bibliotekutvikling.no\/content\/uploads\/sites\/24\/2025\/06\/2025Nyhus-dfb-Seks-ni.png\",\"contentUrl\":\"https:\/\/bibliotekutvikling.no\/content\/uploads\/sites\/24\/2025\/06\/2025Nyhus-dfb-Seks-ni.png\",\"width\":2560,\"height\":1707,\"caption\":\"Logo DFB\"},{\"@type\":\"BreadcrumbList\",\"@id\":\"https:\/\/bibliotekutvikling.no\/kompetansebank\/event\/haakon-nyhuus-seminaret-2025\/#breadcrumb\",\"itemListElement\":[{\"@type\":\"ListItem\",\"position\":1,\"name\":\"Hjem\",\"item\":\"https:\/\/bibliotekutvikling.no\/kompetansebank\/\"},{\"@type\":\"ListItem\",\"position\":2,\"name\":\"Opptak av Haakon Nyhuus-seminaret 2025\"}]},{\"@type\":\"WebSite\",\"@id\":\"https:\/\/bibliotekutvikling.no\/kompetansebank\/#website\",\"url\":\"https:\/\/bibliotekutvikling.no\/kompetansebank\/\",\"name\":\"Kompetansebank\",\"description\":\"kurs og kunnskap for bibliotekansatte\",\"publisher\":{\"@id\":\"https:\/\/bibliotekutvikling.no\/kompetansebank\/#organization\"},\"potentialAction\":[{\"@type\":\"SearchAction\",\"target\":{\"@type\":\"EntryPoint\",\"urlTemplate\":\"https:\/\/bibliotekutvikling.no\/kompetansebank\/?s={search_term_string}\"},\"query-input\":{\"@type\":\"PropertyValueSpecification\",\"valueRequired\":true,\"valueName\":\"search_term_string\"}}],\"inLanguage\":\"nb-NO\"},{\"@type\":\"Organization\",\"@id\":\"https:\/\/bibliotekutvikling.no\/kompetansebank\/#organization\",\"name\":\"Bibliotekutvikling\",\"url\":\"https:\/\/bibliotekutvikling.no\/kompetansebank\/\",\"logo\":{\"@type\":\"ImageObject\",\"inLanguage\":\"nb-NO\",\"@id\":\"https:\/\/bibliotekutvikling.no\/kompetansebank\/#\/schema\/logo\/image\/\",\"url\":\"https:\/\/bibliotekutvikling.no\/content\/uploads\/sites\/24\/2023\/10\/Favikon-BU.png\",\"contentUrl\":\"https:\/\/bibliotekutvikling.no\/content\/uploads\/sites\/24\/2023\/10\/Favikon-BU.png\",\"width\":1055,\"height\":1054,\"caption\":\"Bibliotekutvikling\"},\"image\":{\"@id\":\"https:\/\/bibliotekutvikling.no\/kompetansebank\/#\/schema\/logo\/image\/\"},\"sameAs\":[\"https:\/\/www.facebook.com\/bibliotekutvikling\"]},{\"@type\":\"Event\",\"name\":\"Opptak av Haakon Nyhuus-seminaret 2025\",\"description\":\"\",\"startDate\":\"2025-11-28T10:00:00+01:00\",\"endDate\":\"2025-11-28T15:30:00+01:00\",\"eventStatus\":\"EventScheduled\",\"eventAttendanceMode\":\"MixedEventAttendanceMode\",\"location\":[{\"@type\":\"VirtualLocation\",\"name\":\"Str\u00f8mmes via nettsiden\",\"url\":\"https:\/\/www.nb.no\/tv\/haakon-nyhuus\/\"},{\"@type\":\"Place\",\"name\":\"Nasjonalbiblioteket, Solli plass\",\"address\":{\"@type\":\"PostalAddress\",\"addressCountry\":\"NO\",\"addressRegion\":\"\",\"addressLocality\":\"Oslo\",\"postalCode\":\"0254\",\"streetAddress\":\"Henrik Ibsens gate 110\"}}],\"image\":[\"https:\/\/bibliotekutvikling.no\/content\/uploads\/sites\/24\/2025\/06\/2025Nyhus-dfb-Seks-ni-1024x683.png\"]}]}<\/script>\n<!-- \/ Yoast SEO Premium plugin. -->","yoast_head_json":{"title":"Opptak av Haakon Nyhuus-seminaret 2025 - Kompetansebank","description":"Vi feirer DFB og leselyst med et jubileumsseminar. Velkommen til en dag i leselyst og formidlingens \u00e5nd.","robots":{"index":"index","follow":"follow","max-snippet":"max-snippet:-1","max-image-preview":"max-image-preview:large","max-video-preview":"max-video-preview:-1"},"canonical":"https:\/\/bibliotekutvikling.no\/kompetansebank\/event\/haakon-nyhuus-seminaret-2025\/","og_locale":"nb_NO","og_type":"article","og_title":"Opptak av Haakon Nyhuus-seminaret 2025","og_description":"Vi feirer DFB og leselyst med et jubileumsseminar. Velkommen til en dag i leselyst og formidlingens \u00e5nd.","og_url":"https:\/\/bibliotekutvikling.no\/kompetansebank\/event\/haakon-nyhuus-seminaret-2025\/","og_site_name":"Kompetansebank","article_publisher":"https:\/\/www.facebook.com\/bibliotekutvikling","article_modified_time":"2025-12-01T10:38:01+00:00","og_image":[{"width":2560,"height":1707,"url":"https:\/\/bibliotekutvikling.no\/content\/uploads\/sites\/24\/2025\/06\/2025Nyhus-dfb-Seks-ni.png","type":"image\/png"}],"twitter_card":"summary_large_image","twitter_misc":{"Ansl. lesetid":"6 minutter"},"schema":{"@context":"https:\/\/schema.org","@graph":[{"@type":"WebPage","@id":"https:\/\/bibliotekutvikling.no\/kompetansebank\/event\/haakon-nyhuus-seminaret-2025\/","url":"https:\/\/bibliotekutvikling.no\/kompetansebank\/event\/haakon-nyhuus-seminaret-2025\/","name":"Opptak av Haakon Nyhuus-seminaret 2025 - Kompetansebank","isPartOf":{"@id":"https:\/\/bibliotekutvikling.no\/kompetansebank\/#website"},"primaryImageOfPage":{"@id":"https:\/\/bibliotekutvikling.no\/kompetansebank\/event\/haakon-nyhuus-seminaret-2025\/#primaryimage"},"image":{"@id":"https:\/\/bibliotekutvikling.no\/kompetansebank\/event\/haakon-nyhuus-seminaret-2025\/#primaryimage"},"thumbnailUrl":"https:\/\/bibliotekutvikling.no\/content\/uploads\/sites\/24\/2025\/06\/2025Nyhus-dfb-Seks-ni.png","datePublished":"2025-06-02T12:52:43+00:00","dateModified":"2025-12-01T10:38:01+00:00","description":"Vi feirer DFB og leselyst med et jubileumsseminar. Velkommen til en dag i leselyst og formidlingens \u00e5nd.","breadcrumb":{"@id":"https:\/\/bibliotekutvikling.no\/kompetansebank\/event\/haakon-nyhuus-seminaret-2025\/#breadcrumb"},"inLanguage":"nb-NO","potentialAction":[{"@type":"ReadAction","target":["https:\/\/bibliotekutvikling.no\/kompetansebank\/event\/haakon-nyhuus-seminaret-2025\/"]}]},{"@type":"ImageObject","inLanguage":"nb-NO","@id":"https:\/\/bibliotekutvikling.no\/kompetansebank\/event\/haakon-nyhuus-seminaret-2025\/#primaryimage","url":"https:\/\/bibliotekutvikling.no\/content\/uploads\/sites\/24\/2025\/06\/2025Nyhus-dfb-Seks-ni.png","contentUrl":"https:\/\/bibliotekutvikling.no\/content\/uploads\/sites\/24\/2025\/06\/2025Nyhus-dfb-Seks-ni.png","width":2560,"height":1707,"caption":"Logo DFB"},{"@type":"BreadcrumbList","@id":"https:\/\/bibliotekutvikling.no\/kompetansebank\/event\/haakon-nyhuus-seminaret-2025\/#breadcrumb","itemListElement":[{"@type":"ListItem","position":1,"name":"Hjem","item":"https:\/\/bibliotekutvikling.no\/kompetansebank\/"},{"@type":"ListItem","position":2,"name":"Opptak av Haakon Nyhuus-seminaret 2025"}]},{"@type":"WebSite","@id":"https:\/\/bibliotekutvikling.no\/kompetansebank\/#website","url":"https:\/\/bibliotekutvikling.no\/kompetansebank\/","name":"Kompetansebank","description":"kurs og kunnskap for bibliotekansatte","publisher":{"@id":"https:\/\/bibliotekutvikling.no\/kompetansebank\/#organization"},"potentialAction":[{"@type":"SearchAction","target":{"@type":"EntryPoint","urlTemplate":"https:\/\/bibliotekutvikling.no\/kompetansebank\/?s={search_term_string}"},"query-input":{"@type":"PropertyValueSpecification","valueRequired":true,"valueName":"search_term_string"}}],"inLanguage":"nb-NO"},{"@type":"Organization","@id":"https:\/\/bibliotekutvikling.no\/kompetansebank\/#organization","name":"Bibliotekutvikling","url":"https:\/\/bibliotekutvikling.no\/kompetansebank\/","logo":{"@type":"ImageObject","inLanguage":"nb-NO","@id":"https:\/\/bibliotekutvikling.no\/kompetansebank\/#\/schema\/logo\/image\/","url":"https:\/\/bibliotekutvikling.no\/content\/uploads\/sites\/24\/2023\/10\/Favikon-BU.png","contentUrl":"https:\/\/bibliotekutvikling.no\/content\/uploads\/sites\/24\/2023\/10\/Favikon-BU.png","width":1055,"height":1054,"caption":"Bibliotekutvikling"},"image":{"@id":"https:\/\/bibliotekutvikling.no\/kompetansebank\/#\/schema\/logo\/image\/"},"sameAs":["https:\/\/www.facebook.com\/bibliotekutvikling"]},{"@type":"Event","name":"Opptak av Haakon Nyhuus-seminaret 2025","description":"","startDate":"2025-11-28T10:00:00+01:00","endDate":"2025-11-28T15:30:00+01:00","eventStatus":"EventScheduled","eventAttendanceMode":"MixedEventAttendanceMode","location":[{"@type":"VirtualLocation","name":"Str\u00f8mmes via nettsiden","url":"https:\/\/www.nb.no\/tv\/haakon-nyhuus\/"},{"@type":"Place","name":"Nasjonalbiblioteket, Solli plass","address":{"@type":"PostalAddress","addressCountry":"NO","addressRegion":"","addressLocality":"Oslo","postalCode":"0254","streetAddress":"Henrik Ibsens gate 110"}}],"image":["https:\/\/bibliotekutvikling.no\/content\/uploads\/sites\/24\/2025\/06\/2025Nyhus-dfb-Seks-ni-1024x683.png"]}]}},"_links":{"self":[{"href":"https:\/\/bibliotekutvikling.no\/kompetansebank\/wp-json\/wp\/v2\/event\/39753","targetHints":{"allow":["GET"]}}],"collection":[{"href":"https:\/\/bibliotekutvikling.no\/kompetansebank\/wp-json\/wp\/v2\/event"}],"about":[{"href":"https:\/\/bibliotekutvikling.no\/kompetansebank\/wp-json\/wp\/v2\/types\/event"}],"author":[{"embeddable":true,"href":"https:\/\/bibliotekutvikling.no\/kompetansebank\/wp-json\/wp\/v2\/users\/6868"}],"wp:featuredmedia":[{"embeddable":true,"href":"https:\/\/bibliotekutvikling.no\/kompetansebank\/wp-json\/wp\/v2\/media\/39754"}],"wp:attachment":[{"href":"https:\/\/bibliotekutvikling.no\/kompetansebank\/wp-json\/wp\/v2\/media?parent=39753"}],"wp:term":[{"taxonomy":"event-group","embeddable":true,"href":"https:\/\/bibliotekutvikling.no\/kompetansebank\/wp-json\/wp\/v2\/event-group?post=39753"},{"taxonomy":"event-type","embeddable":true,"href":"https:\/\/bibliotekutvikling.no\/kompetansebank\/wp-json\/wp\/v2\/event-type?post=39753"},{"taxonomy":"tag","embeddable":true,"href":"https:\/\/bibliotekutvikling.no\/kompetansebank\/wp-json\/wp\/v2\/tag?post=39753"}],"curies":[{"name":"wp","href":"https:\/\/api.w.org\/{rel}","templated":true}]}}