{"id":39362,"date":"2025-05-13T15:02:39","date_gmt":"2025-05-13T13:02:39","guid":{"rendered":"https:\/\/bibliotekutvikling.no\/kompetansebank\/?post_type=event&#038;p=39362"},"modified":"2025-05-30T12:15:18","modified_gmt":"2025-05-30T10:15:18","slug":"seminar-for-nordiske-kommuner-erasmus","status":"publish","type":"event","link":"https:\/\/bibliotekutvikling.no\/kompetansebank\/event\/seminar-for-nordiske-kommuner-erasmus\/","title":{"rendered":"Seminar for nordiske kommuner Erasmus+"},"content":{"rendered":"<p class=\"t2-ingress wp-block-t2-ingress\">Jobber du med ungdom eller har ansvar for ungdomsrelaterte problemstillinger\/tjenester til ungdom i en nordisk kommune? \u00d8nsker du \u00e5 danne et internasjonalt partnerskap for \u00e5 jobbe med problemstillinger knyttet til ungdom i din kommune? Bli med oss p\u00e5 et inspirerende nettverksarrangement!<\/p>\n\n\n<p><\/p>\n\n\n\n<p>Erasmus+ tilbyr spennende muligheter til \u00e5 ta opp hele spekteret av ungdomsrelaterte problemstillinger i sm\u00e5 og store kommuner. Vi gir tilskudd til partnerskapsprosjekter gj\u00f8r det mulig for kommunene \u00e5 f\u00e5 verdifulle erfaringer og innsikt fra internasjonalt samarbeid, og styrke kompetansen i kommunen.<\/p>\n\n\n\n<p>Dette 2,5-dagers nettverksseminaret handler om \u00e5 hjelpe deg som kommunalt ansatte med \u00e5 utforske disse mulighetene sammen med nordiske kolleger. Du vil f\u00e5 veiledning om partnerskapsbygging og prosjektid\u00e9utvikling.<\/p>\n\n\n\n<h2 class=\"wp-block-heading\" id=\"h-hvem-passer-dette-for\">Hvem passer dette for?<\/h2>\n\n\n\n<p>Dette passer for kommuneansatte i Norge, Finland, Sverige, Danmark eller Island som:<\/p>\n\n\n\n<ul class=\"wp-block-list\">\n<li>Arbeider med ungdom, ungdomsarbeid eller andre ungdomsrelaterte problemstillinger<\/li>\n\n\n\n<li>Er nysgjerrige p\u00e5 partnerskapsprosjekter og \u00f8nsker \u00e5 l\u00e6re mer<\/li>\n\n\n\n<li>Har lyst til \u00e5 dele egne erfaringer og l\u00e6re av andre<\/li>\n\n\n\n<li>Er motiverte for \u00e5 bygge nettverk og finne potensielle prosjektpartnere<\/li>\n<\/ul>\n\n\n\n<h2 class=\"wp-block-heading\" id=\"h-hvorfor-burde-du-delta\">Hvorfor burde du delta?<\/h2>\n\n\n\n<ul class=\"wp-block-list\">\n<li>L\u00e6r om partnerskapsprosjekter: F\u00e5 innsikt og ferdigheter som gj\u00f8r deg i stand til \u00e5 utvikle og gjennomf\u00f8re internasjonale ungdomsprosjekter.<\/li>\n\n\n\n<li>Inspirasjon og erfaringsdeling: Utveksle ideer, erfaringer og god praksis med kolleger fra hele Norden.<\/li>\n\n\n\n<li>Finn samarbeidspartnere: M\u00f8t b\u00e5de nye og erfarne representanter fra nordiske kommuner \u2013 og oppdag muligheter for fremtidige partnerskap.<\/li>\n<\/ul>\n\n\n\n<p>Dersom kommunen din \u00f8nsker \u00e5 utforske internasjonale ungdomspartnerskap, kan dere s\u00f8ke om \u00e5 delta med inntil to personer. Ta gjerne med en kollega, teammedlem, leder eller annen relevant fagperson.<\/p>\n\n\n\n<p>Praktisk info<br>Ankomst er 25. august, med to hele arbeidsdager 26. og 27. august. Avreise er planlagt til morgenen 28. august .<br>Dette betyr at arrangementet vil vare i 2,5 dager totalt.<br>Fristen er 1. juni.<br>Ta kontakt p\u00e5 gry.nesse@bufdir.no dersom du har sp\u00f8rsm\u00e5l.<\/p>\n\n\n\n<p><br>Egenandel for \u00e5 v\u00e6re med p\u00e5 kurset er kun 500 kroner. Alle andre utgifter dekkes av Bufdir.<\/p>\n\n\n\n<p><a href=\"https:\/\/erasmusplussungdom.no\/kurs\/nettverkstreff-for-nordiske-kommuner-partnership-networking-event-for-nordic-municipalities\/\">Arrangementets nettside <\/a><\/p>\n","protected":false},"author":6868,"featured_media":39365,"menu_order":0,"template":"","meta":{"nb_hide_title":false,"event_tba_datetime":false,"event_all_day":true,"event_tba_start_time":false,"event_start_datetime":"2025-08-25T08:00:00","event_end_datetime":"2025-08-28T13:00:00","event_venue_id":"10450","event_ticket_vendor_url":"https:\/\/erasmusplussungdom.no\/kurs\/nettverkstreff-for-nordiske-kommuner-partnership-networking-event-for-nordic-municipalities\/","event_ticket_price_text":"","event_ticket_button_text":"P\u00e5melding","event_ticket_details_text":"","event_attendance_mode":"offline","event_short_description":"Jobber du med ungdom eller har ansvar for ungdomsrelaterte problemstillinger\/tjenester til ungdom i en nordisk kommune? \u00d8nsker du \u00e5 danne et internasjonalt partnerskap for \u00e5 jobbe med problemstillinger knyttet til ungdom i din kommune? Bli med oss p\u00e5 et inspirerende nettverksarrangement!","event_virtual_venue_name":"","event_virtual_venue_url":"","event_hide_from_archive":false,"event_infoscreen_place_name":"","event_hide_from_infoscreen":false,"single_header_image_is_disabled":false,"single_header_image_attachment_id":0,"single_header_image_attachment_url":""},"event-group":[],"event-type":[],"tag":[],"class_list":["post-39362","event","type-event","status-publish","has-post-thumbnail","hentry"],"yoast_head":"<!-- This site is optimized with the Yoast SEO Premium plugin v27.1 (Yoast SEO v27.1.1) - https:\/\/yoast.com\/product\/yoast-seo-premium-wordpress\/ -->\n<title>Seminar for nordiske kommuner Erasmus+ - Kompetansebank<\/title>\n<meta name=\"robots\" content=\"index, follow, max-snippet:-1, max-image-preview:large, max-video-preview:-1\" \/>\n<link rel=\"canonical\" href=\"https:\/\/bibliotekutvikling.no\/kompetansebank\/event\/seminar-for-nordiske-kommuner-erasmus\/\" \/>\n<meta property=\"og:locale\" content=\"nb_NO\" \/>\n<meta property=\"og:type\" content=\"article\" \/>\n<meta property=\"og:title\" content=\"Seminar for nordiske kommuner Erasmus+\" \/>\n<meta property=\"og:url\" content=\"https:\/\/bibliotekutvikling.no\/kompetansebank\/event\/seminar-for-nordiske-kommuner-erasmus\/\" \/>\n<meta property=\"og:site_name\" content=\"Kompetansebank\" \/>\n<meta property=\"article:publisher\" content=\"https:\/\/www.facebook.com\/bibliotekutvikling\" \/>\n<meta property=\"article:modified_time\" content=\"2025-05-30T10:15:18+00:00\" \/>\n<meta property=\"og:image\" content=\"https:\/\/bibliotekutvikling.no\/content\/uploads\/sites\/24\/2025\/05\/pexels-clement-proust-363898785-160355342-1160x784-1.jpg\" \/>\n\t<meta property=\"og:image:width\" content=\"1160\" \/>\n\t<meta property=\"og:image:height\" content=\"784\" \/>\n\t<meta property=\"og:image:type\" content=\"image\/jpeg\" \/>\n<meta name=\"twitter:card\" content=\"summary_large_image\" \/>\n<meta name=\"twitter:label1\" content=\"Ansl. lesetid\" \/>\n\t<meta name=\"twitter:data1\" content=\"2 minutter\" \/>\n<script type=\"application\/ld+json\" class=\"yoast-schema-graph\">{\"@context\":\"https:\/\/schema.org\",\"@graph\":[{\"@type\":\"WebPage\",\"@id\":\"https:\/\/bibliotekutvikling.no\/kompetansebank\/event\/seminar-for-nordiske-kommuner-erasmus\/\",\"url\":\"https:\/\/bibliotekutvikling.no\/kompetansebank\/event\/seminar-for-nordiske-kommuner-erasmus\/\",\"name\":\"Seminar for nordiske kommuner Erasmus+ - Kompetansebank\",\"isPartOf\":{\"@id\":\"https:\/\/bibliotekutvikling.no\/kompetansebank\/#website\"},\"primaryImageOfPage\":{\"@id\":\"https:\/\/bibliotekutvikling.no\/kompetansebank\/event\/seminar-for-nordiske-kommuner-erasmus\/#primaryimage\"},\"image\":{\"@id\":\"https:\/\/bibliotekutvikling.no\/kompetansebank\/event\/seminar-for-nordiske-kommuner-erasmus\/#primaryimage\"},\"thumbnailUrl\":\"https:\/\/bibliotekutvikling.no\/content\/uploads\/sites\/24\/2025\/05\/pexels-clement-proust-363898785-160355342-1160x784-1.jpg\",\"datePublished\":\"2025-05-13T13:02:39+00:00\",\"dateModified\":\"2025-05-30T10:15:18+00:00\",\"breadcrumb\":{\"@id\":\"https:\/\/bibliotekutvikling.no\/kompetansebank\/event\/seminar-for-nordiske-kommuner-erasmus\/#breadcrumb\"},\"inLanguage\":\"nb-NO\",\"potentialAction\":[{\"@type\":\"ReadAction\",\"target\":[\"https:\/\/bibliotekutvikling.no\/kompetansebank\/event\/seminar-for-nordiske-kommuner-erasmus\/\"]}]},{\"@type\":\"ImageObject\",\"inLanguage\":\"nb-NO\",\"@id\":\"https:\/\/bibliotekutvikling.no\/kompetansebank\/event\/seminar-for-nordiske-kommuner-erasmus\/#primaryimage\",\"url\":\"https:\/\/bibliotekutvikling.no\/content\/uploads\/sites\/24\/2025\/05\/pexels-clement-proust-363898785-160355342-1160x784-1.jpg\",\"contentUrl\":\"https:\/\/bibliotekutvikling.no\/content\/uploads\/sites\/24\/2025\/05\/pexels-clement-proust-363898785-160355342-1160x784-1.jpg\",\"width\":1160,\"height\":784},{\"@type\":\"BreadcrumbList\",\"@id\":\"https:\/\/bibliotekutvikling.no\/kompetansebank\/event\/seminar-for-nordiske-kommuner-erasmus\/#breadcrumb\",\"itemListElement\":[{\"@type\":\"ListItem\",\"position\":1,\"name\":\"Hjem\",\"item\":\"https:\/\/bibliotekutvikling.no\/kompetansebank\/\"},{\"@type\":\"ListItem\",\"position\":2,\"name\":\"Seminar for nordiske kommuner Erasmus+\"}]},{\"@type\":\"WebSite\",\"@id\":\"https:\/\/bibliotekutvikling.no\/kompetansebank\/#website\",\"url\":\"https:\/\/bibliotekutvikling.no\/kompetansebank\/\",\"name\":\"Kompetansebank\",\"description\":\"kurs og kunnskap for bibliotekansatte\",\"publisher\":{\"@id\":\"https:\/\/bibliotekutvikling.no\/kompetansebank\/#organization\"},\"potentialAction\":[{\"@type\":\"SearchAction\",\"target\":{\"@type\":\"EntryPoint\",\"urlTemplate\":\"https:\/\/bibliotekutvikling.no\/kompetansebank\/?s={search_term_string}\"},\"query-input\":{\"@type\":\"PropertyValueSpecification\",\"valueRequired\":true,\"valueName\":\"search_term_string\"}}],\"inLanguage\":\"nb-NO\"},{\"@type\":\"Organization\",\"@id\":\"https:\/\/bibliotekutvikling.no\/kompetansebank\/#organization\",\"name\":\"Bibliotekutvikling\",\"url\":\"https:\/\/bibliotekutvikling.no\/kompetansebank\/\",\"logo\":{\"@type\":\"ImageObject\",\"inLanguage\":\"nb-NO\",\"@id\":\"https:\/\/bibliotekutvikling.no\/kompetansebank\/#\/schema\/logo\/image\/\",\"url\":\"https:\/\/bibliotekutvikling.no\/content\/uploads\/sites\/24\/2023\/10\/Favikon-BU.png\",\"contentUrl\":\"https:\/\/bibliotekutvikling.no\/content\/uploads\/sites\/24\/2023\/10\/Favikon-BU.png\",\"width\":1055,\"height\":1054,\"caption\":\"Bibliotekutvikling\"},\"image\":{\"@id\":\"https:\/\/bibliotekutvikling.no\/kompetansebank\/#\/schema\/logo\/image\/\"},\"sameAs\":[\"https:\/\/www.facebook.com\/bibliotekutvikling\"]},{\"@type\":\"Event\",\"name\":\"Seminar for nordiske kommuner Erasmus+\",\"description\":\"Jobber du med ungdom eller har ansvar for ungdomsrelaterte problemstillinger\/tjenester til ungdom i en nordisk kommune? \u00d8nsker du \u00e5 danne et internasjonalt partnerskap for \u00e5 jobbe med problemstillinger knyttet til ungdom i din kommune? Bli med oss p\u00e5 et inspirerende nettverksarrangement!\",\"startDate\":\"2025-08-25T08:00:00+02:00\",\"endDate\":\"2025-08-28T13:00:00+02:00\",\"eventStatus\":\"EventScheduled\",\"eventAttendanceMode\":\"OfflineEventAttendanceMode\",\"location\":[{\"@type\":\"Place\",\"name\":\"Drammen\",\"address\":{\"@type\":\"PostalAddress\",\"addressCountry\":\"NO\",\"addressRegion\":\"Viken\",\"addressLocality\":\"Drammen\",\"postalCode\":\"\",\"streetAddress\":\"\"}}],\"image\":[\"https:\/\/bibliotekutvikling.no\/content\/uploads\/sites\/24\/2025\/05\/pexels-clement-proust-363898785-160355342-1160x784-1-1024x692.jpg\"]}]}<\/script>\n<!-- \/ Yoast SEO Premium plugin. -->","yoast_head_json":{"title":"Seminar for nordiske kommuner Erasmus+ - Kompetansebank","robots":{"index":"index","follow":"follow","max-snippet":"max-snippet:-1","max-image-preview":"max-image-preview:large","max-video-preview":"max-video-preview:-1"},"canonical":"https:\/\/bibliotekutvikling.no\/kompetansebank\/event\/seminar-for-nordiske-kommuner-erasmus\/","og_locale":"nb_NO","og_type":"article","og_title":"Seminar for nordiske kommuner Erasmus+","og_url":"https:\/\/bibliotekutvikling.no\/kompetansebank\/event\/seminar-for-nordiske-kommuner-erasmus\/","og_site_name":"Kompetansebank","article_publisher":"https:\/\/www.facebook.com\/bibliotekutvikling","article_modified_time":"2025-05-30T10:15:18+00:00","og_image":[{"width":1160,"height":784,"url":"https:\/\/bibliotekutvikling.no\/content\/uploads\/sites\/24\/2025\/05\/pexels-clement-proust-363898785-160355342-1160x784-1.jpg","type":"image\/jpeg"}],"twitter_card":"summary_large_image","twitter_misc":{"Ansl. lesetid":"2 minutter"},"schema":{"@context":"https:\/\/schema.org","@graph":[{"@type":"WebPage","@id":"https:\/\/bibliotekutvikling.no\/kompetansebank\/event\/seminar-for-nordiske-kommuner-erasmus\/","url":"https:\/\/bibliotekutvikling.no\/kompetansebank\/event\/seminar-for-nordiske-kommuner-erasmus\/","name":"Seminar for nordiske kommuner Erasmus+ - Kompetansebank","isPartOf":{"@id":"https:\/\/bibliotekutvikling.no\/kompetansebank\/#website"},"primaryImageOfPage":{"@id":"https:\/\/bibliotekutvikling.no\/kompetansebank\/event\/seminar-for-nordiske-kommuner-erasmus\/#primaryimage"},"image":{"@id":"https:\/\/bibliotekutvikling.no\/kompetansebank\/event\/seminar-for-nordiske-kommuner-erasmus\/#primaryimage"},"thumbnailUrl":"https:\/\/bibliotekutvikling.no\/content\/uploads\/sites\/24\/2025\/05\/pexels-clement-proust-363898785-160355342-1160x784-1.jpg","datePublished":"2025-05-13T13:02:39+00:00","dateModified":"2025-05-30T10:15:18+00:00","breadcrumb":{"@id":"https:\/\/bibliotekutvikling.no\/kompetansebank\/event\/seminar-for-nordiske-kommuner-erasmus\/#breadcrumb"},"inLanguage":"nb-NO","potentialAction":[{"@type":"ReadAction","target":["https:\/\/bibliotekutvikling.no\/kompetansebank\/event\/seminar-for-nordiske-kommuner-erasmus\/"]}]},{"@type":"ImageObject","inLanguage":"nb-NO","@id":"https:\/\/bibliotekutvikling.no\/kompetansebank\/event\/seminar-for-nordiske-kommuner-erasmus\/#primaryimage","url":"https:\/\/bibliotekutvikling.no\/content\/uploads\/sites\/24\/2025\/05\/pexels-clement-proust-363898785-160355342-1160x784-1.jpg","contentUrl":"https:\/\/bibliotekutvikling.no\/content\/uploads\/sites\/24\/2025\/05\/pexels-clement-proust-363898785-160355342-1160x784-1.jpg","width":1160,"height":784},{"@type":"BreadcrumbList","@id":"https:\/\/bibliotekutvikling.no\/kompetansebank\/event\/seminar-for-nordiske-kommuner-erasmus\/#breadcrumb","itemListElement":[{"@type":"ListItem","position":1,"name":"Hjem","item":"https:\/\/bibliotekutvikling.no\/kompetansebank\/"},{"@type":"ListItem","position":2,"name":"Seminar for nordiske kommuner Erasmus+"}]},{"@type":"WebSite","@id":"https:\/\/bibliotekutvikling.no\/kompetansebank\/#website","url":"https:\/\/bibliotekutvikling.no\/kompetansebank\/","name":"Kompetansebank","description":"kurs og kunnskap for bibliotekansatte","publisher":{"@id":"https:\/\/bibliotekutvikling.no\/kompetansebank\/#organization"},"potentialAction":[{"@type":"SearchAction","target":{"@type":"EntryPoint","urlTemplate":"https:\/\/bibliotekutvikling.no\/kompetansebank\/?s={search_term_string}"},"query-input":{"@type":"PropertyValueSpecification","valueRequired":true,"valueName":"search_term_string"}}],"inLanguage":"nb-NO"},{"@type":"Organization","@id":"https:\/\/bibliotekutvikling.no\/kompetansebank\/#organization","name":"Bibliotekutvikling","url":"https:\/\/bibliotekutvikling.no\/kompetansebank\/","logo":{"@type":"ImageObject","inLanguage":"nb-NO","@id":"https:\/\/bibliotekutvikling.no\/kompetansebank\/#\/schema\/logo\/image\/","url":"https:\/\/bibliotekutvikling.no\/content\/uploads\/sites\/24\/2023\/10\/Favikon-BU.png","contentUrl":"https:\/\/bibliotekutvikling.no\/content\/uploads\/sites\/24\/2023\/10\/Favikon-BU.png","width":1055,"height":1054,"caption":"Bibliotekutvikling"},"image":{"@id":"https:\/\/bibliotekutvikling.no\/kompetansebank\/#\/schema\/logo\/image\/"},"sameAs":["https:\/\/www.facebook.com\/bibliotekutvikling"]},{"@type":"Event","name":"Seminar for nordiske kommuner Erasmus+","description":"Jobber du med ungdom eller har ansvar for ungdomsrelaterte problemstillinger\/tjenester til ungdom i en nordisk kommune? \u00d8nsker du \u00e5 danne et internasjonalt partnerskap for \u00e5 jobbe med problemstillinger knyttet til ungdom i din kommune? Bli med oss p\u00e5 et inspirerende nettverksarrangement!","startDate":"2025-08-25T08:00:00+02:00","endDate":"2025-08-28T13:00:00+02:00","eventStatus":"EventScheduled","eventAttendanceMode":"OfflineEventAttendanceMode","location":[{"@type":"Place","name":"Drammen","address":{"@type":"PostalAddress","addressCountry":"NO","addressRegion":"Viken","addressLocality":"Drammen","postalCode":"","streetAddress":""}}],"image":["https:\/\/bibliotekutvikling.no\/content\/uploads\/sites\/24\/2025\/05\/pexels-clement-proust-363898785-160355342-1160x784-1-1024x692.jpg"]}]}},"_links":{"self":[{"href":"https:\/\/bibliotekutvikling.no\/kompetansebank\/wp-json\/wp\/v2\/event\/39362","targetHints":{"allow":["GET"]}}],"collection":[{"href":"https:\/\/bibliotekutvikling.no\/kompetansebank\/wp-json\/wp\/v2\/event"}],"about":[{"href":"https:\/\/bibliotekutvikling.no\/kompetansebank\/wp-json\/wp\/v2\/types\/event"}],"author":[{"embeddable":true,"href":"https:\/\/bibliotekutvikling.no\/kompetansebank\/wp-json\/wp\/v2\/users\/6868"}],"wp:featuredmedia":[{"embeddable":true,"href":"https:\/\/bibliotekutvikling.no\/kompetansebank\/wp-json\/wp\/v2\/media\/39365"}],"wp:attachment":[{"href":"https:\/\/bibliotekutvikling.no\/kompetansebank\/wp-json\/wp\/v2\/media?parent=39362"}],"wp:term":[{"taxonomy":"event-group","embeddable":true,"href":"https:\/\/bibliotekutvikling.no\/kompetansebank\/wp-json\/wp\/v2\/event-group?post=39362"},{"taxonomy":"event-type","embeddable":true,"href":"https:\/\/bibliotekutvikling.no\/kompetansebank\/wp-json\/wp\/v2\/event-type?post=39362"},{"taxonomy":"tag","embeddable":true,"href":"https:\/\/bibliotekutvikling.no\/kompetansebank\/wp-json\/wp\/v2\/tag?post=39362"}],"curies":[{"name":"wp","href":"https:\/\/api.w.org\/{rel}","templated":true}]}}