{"id":38582,"date":"2025-03-17T16:49:50","date_gmt":"2025-03-17T15:49:50","guid":{"rendered":"https:\/\/bibliotekutvikling.no\/kompetansebank\/?post_type=event&#038;p=38582"},"modified":"2025-03-17T16:51:20","modified_gmt":"2025-03-17T15:51:20","slug":"digital-fagprat-er-du-beredt-om-bibliotek-og-beredskap","status":"publish","type":"event","link":"https:\/\/bibliotekutvikling.no\/kompetansebank\/event\/digital-fagprat-er-du-beredt-om-bibliotek-og-beredskap\/","title":{"rendered":"Digital fagprat \u2013 Er du beredt? Om bibliotek og beredskap"},"content":{"rendered":"\n<p class=\"has-secondary-background-color has-background\">Arrang\u00f8r: <a href=\"https:\/\/norskbibliotekforening.no\/digital-fagprat-er-du-beredt-om-bibliotek-og-beredskap\/\">Norsk bibliotekforening <\/a> i samarbeid med Agder fylkesbibliotek,<\/p>\n\n\n\n<p>Norsk bibliotekforening i samarbeid med Agder fylkesbibliotek inviterer til fagprat om bibliotek og beredskap. Hva er beredskapsplaner i kommunene, hvem er ansvarlig? Hva betyr ytrings- og lesefrihet som en del av beredskapen? Hvordan skjer sensur? Bibliotekene omstilte seg raskt under pandemien. Hvilke muligheter har bibliotekene til \u00e5 v\u00e6re viktige samlingspunkt n\u00e5r krisen rammer oss? B\u00e5de som fysisk m\u00f8teplass i tillegg til rollen som kunnskapsinstitusjon? Hvordan kan bibliotek forberede seg denne gangen?<\/p>\n\n\n\n<p>I en verden som stadig oppfattes mer usikker og uforutsigbar snakker mange om hvordan vi kan v\u00e6re forberedt p\u00e5 framtiden. Regjeringen har lagt fram&nbsp;<a href=\"https:\/\/www.regjeringen.no\/no\/dokumenter\/meld.-st.-9-20242025\/id3082364\/\">Totalberedskapsmeldingen<\/a>&nbsp;om hvordan vi skal v\u00e6re forberedt p\u00e5 krise og krig. Vannkanner, hermetikk og havregryn er samlet i boder og garasjer rundt i de tusen hjem.<\/p>\n\n\n\n<p>Webinaret er \u00e5pent for alle.<\/p>\n\n\n\n<p class=\"has-primary-50-background-color has-background\"><a href=\"https:\/\/norskbibliotekforening.no\/digital-fagprat-er-du-beredt-om-bibliotek-og-beredskap\/\">Arrangementets nettside<\/a><\/p>\n","protected":false},"author":6868,"featured_media":38585,"menu_order":0,"template":"","meta":{"nb_hide_title":false,"event_tba_datetime":false,"event_all_day":false,"event_tba_start_time":false,"event_start_datetime":"2025-04-03T09:00:00","event_end_datetime":"2025-04-03T11:00:00","event_venue_id":"","event_ticket_vendor_url":"https:\/\/agderfk.pameldingssystem.no\/digital-fagprat-beredskap","event_ticket_price_text":"","event_ticket_button_text":"P\u00e5melding","event_ticket_details_text":"P\u00e5meldingsfrist 31. mars 2025 kl. 16.00.","event_attendance_mode":"online","event_short_description":"","event_virtual_venue_name":"","event_virtual_venue_url":"","event_hide_from_archive":false,"event_infoscreen_place_name":"","event_hide_from_infoscreen":false,"single_header_image_is_disabled":false,"single_header_image_attachment_id":0,"single_header_image_attachment_url":""},"event-group":[],"event-type":[],"tag":[],"class_list":["post-38582","event","type-event","status-publish","has-post-thumbnail","hentry"],"yoast_head":"<!-- This site is optimized with the Yoast SEO Premium plugin v27.1 (Yoast SEO v27.1.1) - https:\/\/yoast.com\/product\/yoast-seo-premium-wordpress\/ -->\n<title>Digital fagprat \u2013 Er du beredt? Om bibliotek og beredskap - Kompetansebank<\/title>\n<meta name=\"robots\" content=\"index, follow, max-snippet:-1, max-image-preview:large, max-video-preview:-1\" \/>\n<link rel=\"canonical\" href=\"https:\/\/bibliotekutvikling.no\/kompetansebank\/event\/digital-fagprat-er-du-beredt-om-bibliotek-og-beredskap\/\" \/>\n<meta property=\"og:locale\" content=\"nb_NO\" \/>\n<meta property=\"og:type\" content=\"article\" \/>\n<meta property=\"og:title\" content=\"Digital fagprat \u2013 Er du beredt? Om bibliotek og beredskap\" \/>\n<meta property=\"og:url\" content=\"https:\/\/bibliotekutvikling.no\/kompetansebank\/event\/digital-fagprat-er-du-beredt-om-bibliotek-og-beredskap\/\" \/>\n<meta property=\"og:site_name\" content=\"Kompetansebank\" \/>\n<meta property=\"article:publisher\" content=\"https:\/\/www.facebook.com\/bibliotekutvikling\" \/>\n<meta property=\"article:modified_time\" content=\"2025-03-17T15:51:20+00:00\" \/>\n<meta property=\"og:image\" content=\"https:\/\/bibliotekutvikling.no\/content\/uploads\/sites\/24\/2025\/03\/image.png\" \/>\n\t<meta property=\"og:image:width\" content=\"730\" \/>\n\t<meta property=\"og:image:height\" content=\"548\" \/>\n\t<meta property=\"og:image:type\" content=\"image\/png\" \/>\n<meta name=\"twitter:card\" content=\"summary_large_image\" \/>\n<meta name=\"twitter:label1\" content=\"Ansl. lesetid\" \/>\n\t<meta name=\"twitter:data1\" content=\"1 minutt\" \/>\n<script type=\"application\/ld+json\" class=\"yoast-schema-graph\">{\"@context\":\"https:\/\/schema.org\",\"@graph\":[{\"@type\":\"WebPage\",\"@id\":\"https:\/\/bibliotekutvikling.no\/kompetansebank\/event\/digital-fagprat-er-du-beredt-om-bibliotek-og-beredskap\/\",\"url\":\"https:\/\/bibliotekutvikling.no\/kompetansebank\/event\/digital-fagprat-er-du-beredt-om-bibliotek-og-beredskap\/\",\"name\":\"Digital fagprat \u2013 Er du beredt? Om bibliotek og beredskap - Kompetansebank\",\"isPartOf\":{\"@id\":\"https:\/\/bibliotekutvikling.no\/kompetansebank\/#website\"},\"primaryImageOfPage\":{\"@id\":\"https:\/\/bibliotekutvikling.no\/kompetansebank\/event\/digital-fagprat-er-du-beredt-om-bibliotek-og-beredskap\/#primaryimage\"},\"image\":{\"@id\":\"https:\/\/bibliotekutvikling.no\/kompetansebank\/event\/digital-fagprat-er-du-beredt-om-bibliotek-og-beredskap\/#primaryimage\"},\"thumbnailUrl\":\"https:\/\/bibliotekutvikling.no\/content\/uploads\/sites\/24\/2025\/03\/image.png\",\"datePublished\":\"2025-03-17T15:49:50+00:00\",\"dateModified\":\"2025-03-17T15:51:20+00:00\",\"breadcrumb\":{\"@id\":\"https:\/\/bibliotekutvikling.no\/kompetansebank\/event\/digital-fagprat-er-du-beredt-om-bibliotek-og-beredskap\/#breadcrumb\"},\"inLanguage\":\"nb-NO\",\"potentialAction\":[{\"@type\":\"ReadAction\",\"target\":[\"https:\/\/bibliotekutvikling.no\/kompetansebank\/event\/digital-fagprat-er-du-beredt-om-bibliotek-og-beredskap\/\"]}]},{\"@type\":\"ImageObject\",\"inLanguage\":\"nb-NO\",\"@id\":\"https:\/\/bibliotekutvikling.no\/kompetansebank\/event\/digital-fagprat-er-du-beredt-om-bibliotek-og-beredskap\/#primaryimage\",\"url\":\"https:\/\/bibliotekutvikling.no\/content\/uploads\/sites\/24\/2025\/03\/image.png\",\"contentUrl\":\"https:\/\/bibliotekutvikling.no\/content\/uploads\/sites\/24\/2025\/03\/image.png\",\"width\":730,\"height\":548},{\"@type\":\"BreadcrumbList\",\"@id\":\"https:\/\/bibliotekutvikling.no\/kompetansebank\/event\/digital-fagprat-er-du-beredt-om-bibliotek-og-beredskap\/#breadcrumb\",\"itemListElement\":[{\"@type\":\"ListItem\",\"position\":1,\"name\":\"Hjem\",\"item\":\"https:\/\/bibliotekutvikling.no\/kompetansebank\/\"},{\"@type\":\"ListItem\",\"position\":2,\"name\":\"Digital fagprat \u2013 Er du beredt? Om bibliotek og beredskap\"}]},{\"@type\":\"WebSite\",\"@id\":\"https:\/\/bibliotekutvikling.no\/kompetansebank\/#website\",\"url\":\"https:\/\/bibliotekutvikling.no\/kompetansebank\/\",\"name\":\"Kompetansebank\",\"description\":\"kurs og kunnskap for bibliotekansatte\",\"publisher\":{\"@id\":\"https:\/\/bibliotekutvikling.no\/kompetansebank\/#organization\"},\"potentialAction\":[{\"@type\":\"SearchAction\",\"target\":{\"@type\":\"EntryPoint\",\"urlTemplate\":\"https:\/\/bibliotekutvikling.no\/kompetansebank\/?s={search_term_string}\"},\"query-input\":{\"@type\":\"PropertyValueSpecification\",\"valueRequired\":true,\"valueName\":\"search_term_string\"}}],\"inLanguage\":\"nb-NO\"},{\"@type\":\"Organization\",\"@id\":\"https:\/\/bibliotekutvikling.no\/kompetansebank\/#organization\",\"name\":\"Bibliotekutvikling\",\"url\":\"https:\/\/bibliotekutvikling.no\/kompetansebank\/\",\"logo\":{\"@type\":\"ImageObject\",\"inLanguage\":\"nb-NO\",\"@id\":\"https:\/\/bibliotekutvikling.no\/kompetansebank\/#\/schema\/logo\/image\/\",\"url\":\"https:\/\/bibliotekutvikling.no\/content\/uploads\/sites\/24\/2023\/10\/Favikon-BU.png\",\"contentUrl\":\"https:\/\/bibliotekutvikling.no\/content\/uploads\/sites\/24\/2023\/10\/Favikon-BU.png\",\"width\":1055,\"height\":1054,\"caption\":\"Bibliotekutvikling\"},\"image\":{\"@id\":\"https:\/\/bibliotekutvikling.no\/kompetansebank\/#\/schema\/logo\/image\/\"},\"sameAs\":[\"https:\/\/www.facebook.com\/bibliotekutvikling\"]},{\"@type\":\"Event\",\"name\":\"Digital fagprat \u2013 Er du beredt? Om bibliotek og beredskap\",\"description\":\"\",\"startDate\":\"2025-04-03T09:00:00+02:00\",\"endDate\":\"2025-04-03T11:00:00+02:00\",\"eventStatus\":\"EventScheduled\",\"eventAttendanceMode\":\"OnlineEventAttendanceMode\",\"location\":[[]],\"image\":[\"https:\/\/bibliotekutvikling.no\/content\/uploads\/sites\/24\/2025\/03\/image.png\"]}]}<\/script>\n<!-- \/ Yoast SEO Premium plugin. -->","yoast_head_json":{"title":"Digital fagprat \u2013 Er du beredt? Om bibliotek og beredskap - Kompetansebank","robots":{"index":"index","follow":"follow","max-snippet":"max-snippet:-1","max-image-preview":"max-image-preview:large","max-video-preview":"max-video-preview:-1"},"canonical":"https:\/\/bibliotekutvikling.no\/kompetansebank\/event\/digital-fagprat-er-du-beredt-om-bibliotek-og-beredskap\/","og_locale":"nb_NO","og_type":"article","og_title":"Digital fagprat \u2013 Er du beredt? Om bibliotek og beredskap","og_url":"https:\/\/bibliotekutvikling.no\/kompetansebank\/event\/digital-fagprat-er-du-beredt-om-bibliotek-og-beredskap\/","og_site_name":"Kompetansebank","article_publisher":"https:\/\/www.facebook.com\/bibliotekutvikling","article_modified_time":"2025-03-17T15:51:20+00:00","og_image":[{"width":730,"height":548,"url":"https:\/\/bibliotekutvikling.no\/content\/uploads\/sites\/24\/2025\/03\/image.png","type":"image\/png"}],"twitter_card":"summary_large_image","twitter_misc":{"Ansl. lesetid":"1 minutt"},"schema":{"@context":"https:\/\/schema.org","@graph":[{"@type":"WebPage","@id":"https:\/\/bibliotekutvikling.no\/kompetansebank\/event\/digital-fagprat-er-du-beredt-om-bibliotek-og-beredskap\/","url":"https:\/\/bibliotekutvikling.no\/kompetansebank\/event\/digital-fagprat-er-du-beredt-om-bibliotek-og-beredskap\/","name":"Digital fagprat \u2013 Er du beredt? Om bibliotek og beredskap - Kompetansebank","isPartOf":{"@id":"https:\/\/bibliotekutvikling.no\/kompetansebank\/#website"},"primaryImageOfPage":{"@id":"https:\/\/bibliotekutvikling.no\/kompetansebank\/event\/digital-fagprat-er-du-beredt-om-bibliotek-og-beredskap\/#primaryimage"},"image":{"@id":"https:\/\/bibliotekutvikling.no\/kompetansebank\/event\/digital-fagprat-er-du-beredt-om-bibliotek-og-beredskap\/#primaryimage"},"thumbnailUrl":"https:\/\/bibliotekutvikling.no\/content\/uploads\/sites\/24\/2025\/03\/image.png","datePublished":"2025-03-17T15:49:50+00:00","dateModified":"2025-03-17T15:51:20+00:00","breadcrumb":{"@id":"https:\/\/bibliotekutvikling.no\/kompetansebank\/event\/digital-fagprat-er-du-beredt-om-bibliotek-og-beredskap\/#breadcrumb"},"inLanguage":"nb-NO","potentialAction":[{"@type":"ReadAction","target":["https:\/\/bibliotekutvikling.no\/kompetansebank\/event\/digital-fagprat-er-du-beredt-om-bibliotek-og-beredskap\/"]}]},{"@type":"ImageObject","inLanguage":"nb-NO","@id":"https:\/\/bibliotekutvikling.no\/kompetansebank\/event\/digital-fagprat-er-du-beredt-om-bibliotek-og-beredskap\/#primaryimage","url":"https:\/\/bibliotekutvikling.no\/content\/uploads\/sites\/24\/2025\/03\/image.png","contentUrl":"https:\/\/bibliotekutvikling.no\/content\/uploads\/sites\/24\/2025\/03\/image.png","width":730,"height":548},{"@type":"BreadcrumbList","@id":"https:\/\/bibliotekutvikling.no\/kompetansebank\/event\/digital-fagprat-er-du-beredt-om-bibliotek-og-beredskap\/#breadcrumb","itemListElement":[{"@type":"ListItem","position":1,"name":"Hjem","item":"https:\/\/bibliotekutvikling.no\/kompetansebank\/"},{"@type":"ListItem","position":2,"name":"Digital fagprat \u2013 Er du beredt? Om bibliotek og beredskap"}]},{"@type":"WebSite","@id":"https:\/\/bibliotekutvikling.no\/kompetansebank\/#website","url":"https:\/\/bibliotekutvikling.no\/kompetansebank\/","name":"Kompetansebank","description":"kurs og kunnskap for bibliotekansatte","publisher":{"@id":"https:\/\/bibliotekutvikling.no\/kompetansebank\/#organization"},"potentialAction":[{"@type":"SearchAction","target":{"@type":"EntryPoint","urlTemplate":"https:\/\/bibliotekutvikling.no\/kompetansebank\/?s={search_term_string}"},"query-input":{"@type":"PropertyValueSpecification","valueRequired":true,"valueName":"search_term_string"}}],"inLanguage":"nb-NO"},{"@type":"Organization","@id":"https:\/\/bibliotekutvikling.no\/kompetansebank\/#organization","name":"Bibliotekutvikling","url":"https:\/\/bibliotekutvikling.no\/kompetansebank\/","logo":{"@type":"ImageObject","inLanguage":"nb-NO","@id":"https:\/\/bibliotekutvikling.no\/kompetansebank\/#\/schema\/logo\/image\/","url":"https:\/\/bibliotekutvikling.no\/content\/uploads\/sites\/24\/2023\/10\/Favikon-BU.png","contentUrl":"https:\/\/bibliotekutvikling.no\/content\/uploads\/sites\/24\/2023\/10\/Favikon-BU.png","width":1055,"height":1054,"caption":"Bibliotekutvikling"},"image":{"@id":"https:\/\/bibliotekutvikling.no\/kompetansebank\/#\/schema\/logo\/image\/"},"sameAs":["https:\/\/www.facebook.com\/bibliotekutvikling"]},{"@type":"Event","name":"Digital fagprat \u2013 Er du beredt? Om bibliotek og beredskap","description":"","startDate":"2025-04-03T09:00:00+02:00","endDate":"2025-04-03T11:00:00+02:00","eventStatus":"EventScheduled","eventAttendanceMode":"OnlineEventAttendanceMode","location":[[]],"image":["https:\/\/bibliotekutvikling.no\/content\/uploads\/sites\/24\/2025\/03\/image.png"]}]}},"_links":{"self":[{"href":"https:\/\/bibliotekutvikling.no\/kompetansebank\/wp-json\/wp\/v2\/event\/38582","targetHints":{"allow":["GET"]}}],"collection":[{"href":"https:\/\/bibliotekutvikling.no\/kompetansebank\/wp-json\/wp\/v2\/event"}],"about":[{"href":"https:\/\/bibliotekutvikling.no\/kompetansebank\/wp-json\/wp\/v2\/types\/event"}],"author":[{"embeddable":true,"href":"https:\/\/bibliotekutvikling.no\/kompetansebank\/wp-json\/wp\/v2\/users\/6868"}],"wp:featuredmedia":[{"embeddable":true,"href":"https:\/\/bibliotekutvikling.no\/kompetansebank\/wp-json\/wp\/v2\/media\/38585"}],"wp:attachment":[{"href":"https:\/\/bibliotekutvikling.no\/kompetansebank\/wp-json\/wp\/v2\/media?parent=38582"}],"wp:term":[{"taxonomy":"event-group","embeddable":true,"href":"https:\/\/bibliotekutvikling.no\/kompetansebank\/wp-json\/wp\/v2\/event-group?post=38582"},{"taxonomy":"event-type","embeddable":true,"href":"https:\/\/bibliotekutvikling.no\/kompetansebank\/wp-json\/wp\/v2\/event-type?post=38582"},{"taxonomy":"tag","embeddable":true,"href":"https:\/\/bibliotekutvikling.no\/kompetansebank\/wp-json\/wp\/v2\/tag?post=38582"}],"curies":[{"name":"wp","href":"https:\/\/api.w.org\/{rel}","templated":true}]}}