{"id":38189,"date":"2025-02-27T15:49:09","date_gmt":"2025-02-27T14:49:09","guid":{"rendered":"https:\/\/bibliotekutvikling.no\/kompetansebank\/?post_type=event&#038;p=38189"},"modified":"2026-02-11T13:52:20","modified_gmt":"2026-02-11T12:52:20","slug":"kildekritikkens-dag-oslo","status":"publish","type":"event","link":"https:\/\/bibliotekutvikling.no\/kompetansebank\/event\/kildekritikkens-dag-oslo\/","title":{"rendered":"Kildekritikkens dag"},"content":{"rendered":"\n\t\t<div class=\"t2-factbox wp-block-t2-factbox\" id=\"t2-factbox\">\n\t\t\t<div class=\"t2-factbox__content\">\n\t\t\t\t<div class=\"t2-factbox__blocks t2-factbox__inner-container is-layout-flow\">\n\t\t\t\t\t\n\n<p>Arrang\u00f8r: <a href=\"https:\/\/tenk.faktisk.no\/\">Tenk Faktisk<\/a> i samarbeid med Deichman Bj\u00f8rvika<\/p>\n\n\n\t\t\t\t<\/div>\n\t\t\t\t\n\t\t\t<\/div>\n\t\t\t\n\t\t<\/div>\n\n\n<p>Hver dag utsettes barn og unge for en endel\u00f8s str\u00f8m av innhold. Noe er sant, noe er manipulert eller generert, og mye har en utydelig agenda.<\/p>\n\n\n\n<p>Hvordan p\u00e5virker dagens informasjonslandskap barn og unge? Hvilke ferdigheter m\u00e5 de ha for \u00e5 forst\u00e5, vurdere og navigere i dette landskapet? Og hvordan kan skolen og bibliotekene m\u00f8te disse utfordringene?<\/p>\n\n\n\n<p><br>Dette er noen av sp\u00f8rsm\u00e5lene vi utforsker p\u00e5 \u00e5rets konferanse.<\/p>\n\n\n\n<h2 class=\"wp-block-heading\" id=\"h-program\">Program<\/h2>\n\n\n\n<p>Programleder: Trine Ohrberg, Mediebedriftenes Landsforening<\/p>\n\n\n\n<figure class=\"wp-block-table\"><table class=\"has-fixed-layout\"><tbody><tr><td><strong>\u00c5pning <\/strong>v\/Merete Lie, Direkt\u00f8r Deichman Bj\u00f8rvika og S\u00f8lve Kuraas Karlsen, leder i Tenk.<\/td><\/tr><tr><td><strong>Hva sier forskningen om kildekritikk i skolen?<\/strong> v\/Marte Blikstad-Balas, professor og skoleforsker, UiO<\/td><\/tr><tr><td><strong>Hvordan p\u00e5virkes demokratiet?<\/strong> <strong>(Kartlegging av utenlandsk p\u00e5virkning)<\/strong> v\/ Eskil Grendahl Sivertsen, spesialr\u00e5dgiver Forsvarets forskningsinstitutt<\/td><\/tr><tr><td><strong>Panelsamtale om samfunnsmessige konsekvenser.<\/strong><br>Et dramatisk nyhetsbilde og en verden der demokratiet er under press p\u00e5virker oss b\u00e5de personlig og som samfunn. Hvordan m\u00f8ter vi dette og hva kan vi l\u00e6re fra ulike samfunnsinstitusjoner? V\/ Julie Remen Midtgarden, utdanningsbyr\u00e5d i Oslo Eystein Kvarving, kommunikasjonssjef i Forsvaret, Steffen Handal, leder, UNIO, Moderator: Trine Ohrberg<\/td><\/tr><tr><td>Pause<\/td><\/tr><tr><td><strong>N\u00e5r KI er kilden!<\/strong> v\/ Petter Brandtz\u00e6g, professor ved UiO og sjefsforsker ved SINTEF Digital<\/td><\/tr><tr><td><strong>Hvem trollet Innlandet? \u2013 Historien bak podkasten om p\u00e5virkning<\/strong> V\/ Silje F\u00f8rsund \u2013 Fagansvarlig for verifisering i Faktisk.no<\/td><\/tr><tr><td><strong>Kildekritikk i en digital verden: Hva er utfordringene og hvordan l\u00f8ser vi dem?<\/strong> Panelsamtale med Eirin Larssen, Director Strategy and Operations, Telenor CTO Office (leder samtalen) Tine Austvoll Jensen Fornell, Sjef for Google Norge Torgeir Waterhouse, Teknologidebattant<\/td><\/tr><tr><td><strong>N\u00e5r virkeligheten overg\u00e5r fiksjonen: Hva er virkelig, hva er fiksjon og hva kan vi l\u00e6re?<\/strong> Live podkast med Optimisten, pessimisten og realisten. Gjermund Stenberg Eriksen, serieskaper og forfatter, K\u00e5re Aas, R\u00e5dgiver Kruse Larsen<\/td><\/tr><tr><td>Lunsj<br>~ 12:30-13:30<\/td><\/tr><tr><td><strong>Hvem har egentlig kontroll p\u00e5 historien? <\/strong>v\/ Tina Flem \u2013 Sjefredakt\u00f8r og CEO i nyhetsbyr\u00e5et NTB<br><\/td><\/tr><tr><td><strong>Bak overskriften &#8211; hvordan sosiale medier p\u00e5virker helseinformasjon<\/strong> v\/ Marianne Molin, professor i folkehelse ved H\u00f8yskolen Kristiania<\/td><\/tr><tr><td><strong>Kritisk lesing i skolen. Hvordan utvikler vi kritiske lesere? <\/strong>Her f\u00e5r du konkrete tips til undervisning gjennom hele skolel\u00f8pet. v\/Marte Eek-H\u00f8g\u00e5s, fagansvarlig, Tenk og Marte Tovsrud Syverin, bibliotekarl\u00e6rer, T\u00f8yen<\/td><\/tr><tr><td><strong>Bibliotekene m\u00e5 f\u00e5 en tydeligere rolle i infrastrukturen for beredskap<\/strong>. v\/ Helene Voldner, leder for Norsk Bibliotekforening<\/td><\/tr><tr><td><strong>Hva gj\u00f8r vi n\u00e5? Panelsamtale.<\/strong><br>I m\u00f8te med en kompleks verden er det lett \u00e5 miste troen p\u00e5 fremtiden. Krise og krig gj\u00f8r at det er lett \u00e5 skape frykt. Hvordan ruster vi l\u00e6rere, bibliotekarer og andre som jobber med barn og unge til \u00e5 bygge fremtidens demokrati? Moderator: Trine Ohrberg<br>Kjersti L\u00f8ken Stavrum, styreleder i Schibsted og leder av Ytringsfrihetskommisjonen, Nora Geiran Dingstad, Jungeltelegraf1, S\u00f8lve Kuraas Karlsen, leder i Tenk og Nora Nordskar Hoel, redaksjonssjef i Deichman<\/td><\/tr><tr><td>Konferansen avsluttes klokken 15.<\/td><\/tr><\/tbody><\/table><\/figure>\n\n\n\n\t\t<div class=\"t2-factbox wp-block-t2-factbox\" id=\"t2-factbox-1\">\n\t\t\t<div class=\"t2-factbox__content\">\n\t\t\t\t<div class=\"t2-factbox__blocks t2-factbox__inner-container is-layout-flow\">\n\t\t\t\t\t\n\n<p><a href=\"https:\/\/tenk.faktisk.no\/samling\/kildekritikkens-dag\">Arrangementets nettside: <\/a><\/p>\n\n\n\t\t\t\t<\/div>\n\t\t\t\t\n\t\t\t<\/div>\n\t\t\t\n\t\t<\/div>\n\n\n<p><\/p>\n","protected":false},"author":6868,"featured_media":38192,"menu_order":0,"template":"","meta":{"nb_hide_title":false,"event_tba_datetime":false,"event_all_day":false,"event_tba_start_time":false,"event_start_datetime":"2026-03-12T09:00:00","event_end_datetime":"2026-03-12T15:00:00","event_venue_id":"42124","event_ticket_vendor_url":"https:\/\/docs.google.com\/forms\/d\/e\/1FAIpQLSdwwx4hIKmZm6_P8bdWWeZIJ0tg7VMShzwIpIKLyNo3xcWehg\/viewform","event_ticket_price_text":"Begrenset antall plasser","event_ticket_button_text":"P\u00e5melding","event_ticket_details_text":"","event_attendance_mode":"offline","event_short_description":"Hvordan p\u00e5virker dette barn og unge, b\u00e5de i og utenfor \nskolen? Hvilke ferdigheter m\u00e5 de ha for \u00e5 forst\u00e5, vurdere \nog navigere i en hverdag der kildekritikk ikke lenger er en \nvalgfri ferdighet, men en n\u00f8dvendighet? Og hvordan kan \nvi hjelpe dem med denne utfordringen?","event_virtual_venue_name":"","event_virtual_venue_url":"","event_hide_from_archive":false,"event_infoscreen_place_name":"","event_hide_from_infoscreen":false,"single_header_image_is_disabled":false,"single_header_image_attachment_id":0,"single_header_image_attachment_url":""},"event-group":[],"event-type":[],"tag":[],"class_list":["post-38189","event","type-event","status-publish","has-post-thumbnail","hentry"],"yoast_head":"<!-- This site is optimized with the Yoast SEO Premium plugin v27.1 (Yoast SEO v27.1.1) - https:\/\/yoast.com\/product\/yoast-seo-premium-wordpress\/ -->\n<title>Kildekritikkens dag - Kompetansebank<\/title>\n<meta name=\"robots\" content=\"index, follow, max-snippet:-1, max-image-preview:large, max-video-preview:-1\" \/>\n<link rel=\"canonical\" href=\"https:\/\/bibliotekutvikling.no\/kompetansebank\/event\/kildekritikkens-dag-oslo\/\" \/>\n<meta property=\"og:locale\" content=\"nb_NO\" \/>\n<meta property=\"og:type\" content=\"article\" \/>\n<meta property=\"og:title\" content=\"Kildekritikkens dag\" \/>\n<meta property=\"og:url\" content=\"https:\/\/bibliotekutvikling.no\/kompetansebank\/event\/kildekritikkens-dag-oslo\/\" \/>\n<meta property=\"og:site_name\" content=\"Kompetansebank\" \/>\n<meta property=\"article:publisher\" content=\"https:\/\/www.facebook.com\/bibliotekutvikling\" \/>\n<meta property=\"article:modified_time\" content=\"2026-02-11T12:52:20+00:00\" \/>\n<meta property=\"og:image\" content=\"https:\/\/bibliotekutvikling.no\/content\/uploads\/sites\/24\/2025\/02\/tenk-faktisk.jpg\" \/>\n\t<meta property=\"og:image:width\" content=\"942\" \/>\n\t<meta property=\"og:image:height\" content=\"462\" \/>\n\t<meta property=\"og:image:type\" content=\"image\/jpeg\" \/>\n<meta name=\"twitter:card\" content=\"summary_large_image\" \/>\n<meta name=\"twitter:label1\" content=\"Ansl. lesetid\" \/>\n\t<meta name=\"twitter:data1\" content=\"3 minutter\" \/>\n<script type=\"application\/ld+json\" class=\"yoast-schema-graph\">{\"@context\":\"https:\/\/schema.org\",\"@graph\":[{\"@type\":\"WebPage\",\"@id\":\"https:\/\/bibliotekutvikling.no\/kompetansebank\/event\/kildekritikkens-dag-oslo\/\",\"url\":\"https:\/\/bibliotekutvikling.no\/kompetansebank\/event\/kildekritikkens-dag-oslo\/\",\"name\":\"Kildekritikkens dag - Kompetansebank\",\"isPartOf\":{\"@id\":\"https:\/\/bibliotekutvikling.no\/kompetansebank\/#website\"},\"primaryImageOfPage\":{\"@id\":\"https:\/\/bibliotekutvikling.no\/kompetansebank\/event\/kildekritikkens-dag-oslo\/#primaryimage\"},\"image\":{\"@id\":\"https:\/\/bibliotekutvikling.no\/kompetansebank\/event\/kildekritikkens-dag-oslo\/#primaryimage\"},\"thumbnailUrl\":\"https:\/\/bibliotekutvikling.no\/content\/uploads\/sites\/24\/2025\/02\/tenk-faktisk.jpg\",\"datePublished\":\"2025-02-27T14:49:09+00:00\",\"dateModified\":\"2026-02-11T12:52:20+00:00\",\"breadcrumb\":{\"@id\":\"https:\/\/bibliotekutvikling.no\/kompetansebank\/event\/kildekritikkens-dag-oslo\/#breadcrumb\"},\"inLanguage\":\"nb-NO\",\"potentialAction\":[{\"@type\":\"ReadAction\",\"target\":[\"https:\/\/bibliotekutvikling.no\/kompetansebank\/event\/kildekritikkens-dag-oslo\/\"]}]},{\"@type\":\"ImageObject\",\"inLanguage\":\"nb-NO\",\"@id\":\"https:\/\/bibliotekutvikling.no\/kompetansebank\/event\/kildekritikkens-dag-oslo\/#primaryimage\",\"url\":\"https:\/\/bibliotekutvikling.no\/content\/uploads\/sites\/24\/2025\/02\/tenk-faktisk.jpg\",\"contentUrl\":\"https:\/\/bibliotekutvikling.no\/content\/uploads\/sites\/24\/2025\/02\/tenk-faktisk.jpg\",\"width\":942,\"height\":462},{\"@type\":\"BreadcrumbList\",\"@id\":\"https:\/\/bibliotekutvikling.no\/kompetansebank\/event\/kildekritikkens-dag-oslo\/#breadcrumb\",\"itemListElement\":[{\"@type\":\"ListItem\",\"position\":1,\"name\":\"Hjem\",\"item\":\"https:\/\/bibliotekutvikling.no\/kompetansebank\/\"},{\"@type\":\"ListItem\",\"position\":2,\"name\":\"Kildekritikkens dag\"}]},{\"@type\":\"WebSite\",\"@id\":\"https:\/\/bibliotekutvikling.no\/kompetansebank\/#website\",\"url\":\"https:\/\/bibliotekutvikling.no\/kompetansebank\/\",\"name\":\"Kompetansebank\",\"description\":\"kurs og kunnskap for bibliotekansatte\",\"publisher\":{\"@id\":\"https:\/\/bibliotekutvikling.no\/kompetansebank\/#organization\"},\"potentialAction\":[{\"@type\":\"SearchAction\",\"target\":{\"@type\":\"EntryPoint\",\"urlTemplate\":\"https:\/\/bibliotekutvikling.no\/kompetansebank\/?s={search_term_string}\"},\"query-input\":{\"@type\":\"PropertyValueSpecification\",\"valueRequired\":true,\"valueName\":\"search_term_string\"}}],\"inLanguage\":\"nb-NO\"},{\"@type\":\"Organization\",\"@id\":\"https:\/\/bibliotekutvikling.no\/kompetansebank\/#organization\",\"name\":\"Bibliotekutvikling\",\"url\":\"https:\/\/bibliotekutvikling.no\/kompetansebank\/\",\"logo\":{\"@type\":\"ImageObject\",\"inLanguage\":\"nb-NO\",\"@id\":\"https:\/\/bibliotekutvikling.no\/kompetansebank\/#\/schema\/logo\/image\/\",\"url\":\"https:\/\/bibliotekutvikling.no\/content\/uploads\/sites\/24\/2023\/10\/Favikon-BU.png\",\"contentUrl\":\"https:\/\/bibliotekutvikling.no\/content\/uploads\/sites\/24\/2023\/10\/Favikon-BU.png\",\"width\":1055,\"height\":1054,\"caption\":\"Bibliotekutvikling\"},\"image\":{\"@id\":\"https:\/\/bibliotekutvikling.no\/kompetansebank\/#\/schema\/logo\/image\/\"},\"sameAs\":[\"https:\/\/www.facebook.com\/bibliotekutvikling\"]},{\"@type\":\"Event\",\"name\":\"Kildekritikkens dag\",\"description\":\"Hvordan p\u00e5virker dette barn og unge, b\u00e5de i og utenfor \\nskolen? Hvilke ferdigheter m\u00e5 de ha for \u00e5 forst\u00e5, vurdere \\nog navigere i en hverdag der kildekritikk ikke lenger er en \\nvalgfri ferdighet, men en n\u00f8dvendighet? Og hvordan kan \\nvi hjelpe dem med denne utfordringen?\",\"startDate\":\"2026-03-12T09:00:00+01:00\",\"endDate\":\"2026-03-12T15:00:00+01:00\",\"eventStatus\":\"EventScheduled\",\"eventAttendanceMode\":\"OfflineEventAttendanceMode\",\"location\":[{\"@type\":\"Place\",\"name\":\"Deichman Bj\u00f8rvika\",\"address\":{\"@type\":\"PostalAddress\",\"addressCountry\":\"NO\",\"addressRegion\":\"Oslo\",\"addressLocality\":\"Oslo\",\"postalCode\":\" 0150 \",\"streetAddress\":\"Anne-Cath. Vestlys plass 1 \"}}],\"image\":[\"https:\/\/bibliotekutvikling.no\/content\/uploads\/sites\/24\/2025\/02\/tenk-faktisk.jpg\"]}]}<\/script>\n<!-- \/ Yoast SEO Premium plugin. -->","yoast_head_json":{"title":"Kildekritikkens dag - Kompetansebank","robots":{"index":"index","follow":"follow","max-snippet":"max-snippet:-1","max-image-preview":"max-image-preview:large","max-video-preview":"max-video-preview:-1"},"canonical":"https:\/\/bibliotekutvikling.no\/kompetansebank\/event\/kildekritikkens-dag-oslo\/","og_locale":"nb_NO","og_type":"article","og_title":"Kildekritikkens dag","og_url":"https:\/\/bibliotekutvikling.no\/kompetansebank\/event\/kildekritikkens-dag-oslo\/","og_site_name":"Kompetansebank","article_publisher":"https:\/\/www.facebook.com\/bibliotekutvikling","article_modified_time":"2026-02-11T12:52:20+00:00","og_image":[{"width":942,"height":462,"url":"https:\/\/bibliotekutvikling.no\/content\/uploads\/sites\/24\/2025\/02\/tenk-faktisk.jpg","type":"image\/jpeg"}],"twitter_card":"summary_large_image","twitter_misc":{"Ansl. lesetid":"3 minutter"},"schema":{"@context":"https:\/\/schema.org","@graph":[{"@type":"WebPage","@id":"https:\/\/bibliotekutvikling.no\/kompetansebank\/event\/kildekritikkens-dag-oslo\/","url":"https:\/\/bibliotekutvikling.no\/kompetansebank\/event\/kildekritikkens-dag-oslo\/","name":"Kildekritikkens dag - Kompetansebank","isPartOf":{"@id":"https:\/\/bibliotekutvikling.no\/kompetansebank\/#website"},"primaryImageOfPage":{"@id":"https:\/\/bibliotekutvikling.no\/kompetansebank\/event\/kildekritikkens-dag-oslo\/#primaryimage"},"image":{"@id":"https:\/\/bibliotekutvikling.no\/kompetansebank\/event\/kildekritikkens-dag-oslo\/#primaryimage"},"thumbnailUrl":"https:\/\/bibliotekutvikling.no\/content\/uploads\/sites\/24\/2025\/02\/tenk-faktisk.jpg","datePublished":"2025-02-27T14:49:09+00:00","dateModified":"2026-02-11T12:52:20+00:00","breadcrumb":{"@id":"https:\/\/bibliotekutvikling.no\/kompetansebank\/event\/kildekritikkens-dag-oslo\/#breadcrumb"},"inLanguage":"nb-NO","potentialAction":[{"@type":"ReadAction","target":["https:\/\/bibliotekutvikling.no\/kompetansebank\/event\/kildekritikkens-dag-oslo\/"]}]},{"@type":"ImageObject","inLanguage":"nb-NO","@id":"https:\/\/bibliotekutvikling.no\/kompetansebank\/event\/kildekritikkens-dag-oslo\/#primaryimage","url":"https:\/\/bibliotekutvikling.no\/content\/uploads\/sites\/24\/2025\/02\/tenk-faktisk.jpg","contentUrl":"https:\/\/bibliotekutvikling.no\/content\/uploads\/sites\/24\/2025\/02\/tenk-faktisk.jpg","width":942,"height":462},{"@type":"BreadcrumbList","@id":"https:\/\/bibliotekutvikling.no\/kompetansebank\/event\/kildekritikkens-dag-oslo\/#breadcrumb","itemListElement":[{"@type":"ListItem","position":1,"name":"Hjem","item":"https:\/\/bibliotekutvikling.no\/kompetansebank\/"},{"@type":"ListItem","position":2,"name":"Kildekritikkens dag"}]},{"@type":"WebSite","@id":"https:\/\/bibliotekutvikling.no\/kompetansebank\/#website","url":"https:\/\/bibliotekutvikling.no\/kompetansebank\/","name":"Kompetansebank","description":"kurs og kunnskap for bibliotekansatte","publisher":{"@id":"https:\/\/bibliotekutvikling.no\/kompetansebank\/#organization"},"potentialAction":[{"@type":"SearchAction","target":{"@type":"EntryPoint","urlTemplate":"https:\/\/bibliotekutvikling.no\/kompetansebank\/?s={search_term_string}"},"query-input":{"@type":"PropertyValueSpecification","valueRequired":true,"valueName":"search_term_string"}}],"inLanguage":"nb-NO"},{"@type":"Organization","@id":"https:\/\/bibliotekutvikling.no\/kompetansebank\/#organization","name":"Bibliotekutvikling","url":"https:\/\/bibliotekutvikling.no\/kompetansebank\/","logo":{"@type":"ImageObject","inLanguage":"nb-NO","@id":"https:\/\/bibliotekutvikling.no\/kompetansebank\/#\/schema\/logo\/image\/","url":"https:\/\/bibliotekutvikling.no\/content\/uploads\/sites\/24\/2023\/10\/Favikon-BU.png","contentUrl":"https:\/\/bibliotekutvikling.no\/content\/uploads\/sites\/24\/2023\/10\/Favikon-BU.png","width":1055,"height":1054,"caption":"Bibliotekutvikling"},"image":{"@id":"https:\/\/bibliotekutvikling.no\/kompetansebank\/#\/schema\/logo\/image\/"},"sameAs":["https:\/\/www.facebook.com\/bibliotekutvikling"]},{"@type":"Event","name":"Kildekritikkens dag","description":"Hvordan p\u00e5virker dette barn og unge, b\u00e5de i og utenfor \nskolen? Hvilke ferdigheter m\u00e5 de ha for \u00e5 forst\u00e5, vurdere \nog navigere i en hverdag der kildekritikk ikke lenger er en \nvalgfri ferdighet, men en n\u00f8dvendighet? Og hvordan kan \nvi hjelpe dem med denne utfordringen?","startDate":"2026-03-12T09:00:00+01:00","endDate":"2026-03-12T15:00:00+01:00","eventStatus":"EventScheduled","eventAttendanceMode":"OfflineEventAttendanceMode","location":[{"@type":"Place","name":"Deichman Bj\u00f8rvika","address":{"@type":"PostalAddress","addressCountry":"NO","addressRegion":"Oslo","addressLocality":"Oslo","postalCode":" 0150 ","streetAddress":"Anne-Cath. Vestlys plass 1 "}}],"image":["https:\/\/bibliotekutvikling.no\/content\/uploads\/sites\/24\/2025\/02\/tenk-faktisk.jpg"]}]}},"_links":{"self":[{"href":"https:\/\/bibliotekutvikling.no\/kompetansebank\/wp-json\/wp\/v2\/event\/38189","targetHints":{"allow":["GET"]}}],"collection":[{"href":"https:\/\/bibliotekutvikling.no\/kompetansebank\/wp-json\/wp\/v2\/event"}],"about":[{"href":"https:\/\/bibliotekutvikling.no\/kompetansebank\/wp-json\/wp\/v2\/types\/event"}],"author":[{"embeddable":true,"href":"https:\/\/bibliotekutvikling.no\/kompetansebank\/wp-json\/wp\/v2\/users\/6868"}],"wp:featuredmedia":[{"embeddable":true,"href":"https:\/\/bibliotekutvikling.no\/kompetansebank\/wp-json\/wp\/v2\/media\/38192"}],"wp:attachment":[{"href":"https:\/\/bibliotekutvikling.no\/kompetansebank\/wp-json\/wp\/v2\/media?parent=38189"}],"wp:term":[{"taxonomy":"event-group","embeddable":true,"href":"https:\/\/bibliotekutvikling.no\/kompetansebank\/wp-json\/wp\/v2\/event-group?post=38189"},{"taxonomy":"event-type","embeddable":true,"href":"https:\/\/bibliotekutvikling.no\/kompetansebank\/wp-json\/wp\/v2\/event-type?post=38189"},{"taxonomy":"tag","embeddable":true,"href":"https:\/\/bibliotekutvikling.no\/kompetansebank\/wp-json\/wp\/v2\/tag?post=38189"}],"curies":[{"name":"wp","href":"https:\/\/api.w.org\/{rel}","templated":true}]}}