{"id":24580,"date":"2024-03-06T14:00:27","date_gmt":"2024-03-06T13:00:27","guid":{"rendered":"https:\/\/bibliotekutvikling.no\/kompetansebank\/?post_type=event&#038;p=24580"},"modified":"2024-05-22T12:59:05","modified_gmt":"2024-05-22T10:59:05","slug":"digitalt-pafyll-3","status":"publish","type":"event","link":"https:\/\/bibliotekutvikling.no\/kompetansebank\/event\/digitalt-pafyll-3\/","title":{"rendered":"Digitalt p\u00e5fyll: ASK-bildeb\u00f8ker til landets folkebibliotek"},"content":{"rendered":"\n<p class=\"has-secondary-background-color has-background\">Arrang\u00f8r:<a href=\"https:\/\/agderfk.no\/Kalender\/CalendarEvent.aspx?Id=996&amp;MId1=7\"> Agder fylkesbibliotek<\/a><\/p>\n\n\n<p class=\"t2-ingress wp-block-t2-ingress\">Statlig spesialpedagogisk tjeneste (Statped) har inng\u00e5tt et samarbeid med Cappelen Damm om \u00e5 utgi seks kjente norske bildeb\u00f8ker med grafiske symboler. B\u00f8kene vil distribueres til folkebibliotek over hele landet<\/p>\n\n\n<p>Barn trenger spr\u00e5k for \u00e5 utvikle seg, og b\u00f8ker bidrar i barnas spr\u00e5kutvikling fra tidlig alder. Samtaler rundt bokens innhold er det som i st\u00f8rst grad bidrar til spr\u00e5kutviklingen. Barn som ikke kan kommunisere med talespr\u00e5k, p\u00e5 grunn av medf\u00f8dte tilstander, skader eller sykdom, trenger alternativ og supplerende kommunikasjon (ASK) for \u00e5 delta aktivt i lesningen. Disse b\u00f8kene gir dem mulighet til dette.<\/p>\n\n\n\n<p><strong>Anita Sande<\/strong>\u00a0og\u00a0<strong>Bj\u00f8rg<\/strong>\u00a0<strong>Sissel Ho\u00ebm<\/strong>\u00a0jobber som seniorr\u00e5dgivere i Statpeds ASK-avdeling. Begge er barnehagel\u00e6rere, spesialpedagoger og har ASK-utdanning. De jobber for \u00e5 fremme kompetansen hos personale i skole og barnehage slik at barn og elever som kommuniserer med Alternativ og supplerende kommunikasjon (ASK) skal f\u00e5 god st\u00f8tte til l\u00e6ring og spr\u00e5kutvikling. \u00a0De er opptatt av at disse barna skal kunne delta aktivt i lesesituasjoner, slik snakkende barn gj\u00f8r, og at de tidlig f\u00e5r erfaring med b\u00f8ker og skrift. \u00a0Bli med p\u00e5 digitalt p\u00e5fyll \u2013 en serie med korte faglig kurs, orienteringer og inspirasjon for bibliotekansatte. Meld deg p\u00e5 og delta helt gratis fra pc eller mobil.<\/p>\n\n\n\n<p> P\u00e5melding gir deg tilgang til sendinga via link i e-post. Du f\u00e5r ogs\u00e5 tilgang p\u00e5 opptak om du ikke f\u00e5r sett sendinga direkte.<\/p>\n\n\n\n<p class=\"has-primary-50-background-color has-background\">Agder fylkesbiblioteket har utviklet konseptet som er tatt videre i prosjektet Formidlingskompetanse i folkebibliotek (FiF) som et tilbud til bibliotek i hele landet! Agder st\u00e5r fortsatt som redakt\u00f8r for tilbudet, og tar imot \u00f8nsker og innspill om innhold. P\u00e5fyllene kan ses i opptak p\u00e5\u00a0<a href=\"https:\/\/bibliotekutvikling.no\/formidlingskompetanse\/digitalt-pafyll-for-bibliotekansatte\/\">Bibliotekutvikling.no<\/a>.\u00a0<\/p>\n\n\n\n<p><\/p>\n","protected":false},"author":6868,"featured_media":27485,"menu_order":0,"template":"","meta":{"nb_hide_title":false,"event_tba_datetime":false,"event_all_day":false,"event_tba_start_time":false,"event_start_datetime":"2024-06-06T09:00:00","event_end_datetime":"2024-06-06T09:45:00","event_venue_id":"","event_ticket_vendor_url":"https:\/\/my.demio.com\/ref\/BPLtmGhqU2fPgmBD","event_ticket_price_text":"P\u00e5melding gir deg tilgang til sendinga via link i e-post. ","event_ticket_button_text":"P\u00e5melding","event_ticket_details_text":"Gratis","event_attendance_mode":"online","event_short_description":"Statlig spesialpedagogisk tjeneste (Statped) har inng\u00e5tt et samarbeid med Cappelen Damm om \u00e5 utgi seks kjente norske bildeb\u00f8ker med grafiske symboler. B\u00f8kene vil distribueres til folkebibliotek over hele landet","event_virtual_venue_name":"Demio","event_virtual_venue_url":"","event_hide_from_archive":false,"event_infoscreen_place_name":"","event_hide_from_infoscreen":false,"single_header_image_is_disabled":false,"single_header_image_attachment_id":0,"single_header_image_attachment_url":""},"event-group":[],"event-type":[212],"tag":[],"class_list":["post-24580","event","type-event","status-publish","has-post-thumbnail","hentry","event-type-digitalt-pafyll"],"yoast_head":"<!-- This site is optimized with the Yoast SEO Premium plugin v27.1 (Yoast SEO v27.1.1) - https:\/\/yoast.com\/product\/yoast-seo-premium-wordpress\/ -->\n<title>Digitalt p\u00e5fyll: ASK-bildeb\u00f8ker til landets folkebibliotek - Kompetansebank<\/title>\n<meta name=\"robots\" content=\"index, follow, max-snippet:-1, max-image-preview:large, max-video-preview:-1\" \/>\n<link rel=\"canonical\" href=\"https:\/\/bibliotekutvikling.no\/kompetansebank\/event\/digitalt-pafyll-3\/\" \/>\n<meta property=\"og:locale\" content=\"nb_NO\" \/>\n<meta property=\"og:type\" content=\"article\" \/>\n<meta property=\"og:title\" content=\"Digitalt p\u00e5fyll: ASK-bildeb\u00f8ker til landets folkebibliotek\" \/>\n<meta property=\"og:url\" content=\"https:\/\/bibliotekutvikling.no\/kompetansebank\/event\/digitalt-pafyll-3\/\" \/>\n<meta property=\"og:site_name\" content=\"Kompetansebank\" \/>\n<meta property=\"article:publisher\" content=\"https:\/\/www.facebook.com\/bibliotekutvikling\" \/>\n<meta property=\"article:modified_time\" content=\"2024-05-22T10:59:05+00:00\" \/>\n<meta property=\"og:image\" content=\"https:\/\/bibliotekutvikling.no\/content\/uploads\/sites\/24\/2024\/03\/Statped-ASK.png\" \/>\n\t<meta property=\"og:image:width\" content=\"988\" \/>\n\t<meta property=\"og:image:height\" content=\"694\" \/>\n\t<meta property=\"og:image:type\" content=\"image\/png\" \/>\n<meta name=\"twitter:card\" content=\"summary_large_image\" \/>\n<meta name=\"twitter:label1\" content=\"Ansl. lesetid\" \/>\n\t<meta name=\"twitter:data1\" content=\"2 minutter\" \/>\n<script type=\"application\/ld+json\" class=\"yoast-schema-graph\">{\"@context\":\"https:\/\/schema.org\",\"@graph\":[{\"@type\":\"WebPage\",\"@id\":\"https:\/\/bibliotekutvikling.no\/kompetansebank\/event\/digitalt-pafyll-3\/\",\"url\":\"https:\/\/bibliotekutvikling.no\/kompetansebank\/event\/digitalt-pafyll-3\/\",\"name\":\"Digitalt p\u00e5fyll: ASK-bildeb\u00f8ker til landets folkebibliotek - Kompetansebank\",\"isPartOf\":{\"@id\":\"https:\/\/bibliotekutvikling.no\/kompetansebank\/#website\"},\"primaryImageOfPage\":{\"@id\":\"https:\/\/bibliotekutvikling.no\/kompetansebank\/event\/digitalt-pafyll-3\/#primaryimage\"},\"image\":{\"@id\":\"https:\/\/bibliotekutvikling.no\/kompetansebank\/event\/digitalt-pafyll-3\/#primaryimage\"},\"thumbnailUrl\":\"https:\/\/bibliotekutvikling.no\/content\/uploads\/sites\/24\/2024\/03\/Statped-ASK.png\",\"datePublished\":\"2024-03-06T13:00:27+00:00\",\"dateModified\":\"2024-05-22T10:59:05+00:00\",\"breadcrumb\":{\"@id\":\"https:\/\/bibliotekutvikling.no\/kompetansebank\/event\/digitalt-pafyll-3\/#breadcrumb\"},\"inLanguage\":\"nb-NO\",\"potentialAction\":[{\"@type\":\"ReadAction\",\"target\":[\"https:\/\/bibliotekutvikling.no\/kompetansebank\/event\/digitalt-pafyll-3\/\"]}]},{\"@type\":\"ImageObject\",\"inLanguage\":\"nb-NO\",\"@id\":\"https:\/\/bibliotekutvikling.no\/kompetansebank\/event\/digitalt-pafyll-3\/#primaryimage\",\"url\":\"https:\/\/bibliotekutvikling.no\/content\/uploads\/sites\/24\/2024\/03\/Statped-ASK.png\",\"contentUrl\":\"https:\/\/bibliotekutvikling.no\/content\/uploads\/sites\/24\/2024\/03\/Statped-ASK.png\",\"width\":988,\"height\":694},{\"@type\":\"BreadcrumbList\",\"@id\":\"https:\/\/bibliotekutvikling.no\/kompetansebank\/event\/digitalt-pafyll-3\/#breadcrumb\",\"itemListElement\":[{\"@type\":\"ListItem\",\"position\":1,\"name\":\"Hjem\",\"item\":\"https:\/\/bibliotekutvikling.no\/kompetansebank\/\"},{\"@type\":\"ListItem\",\"position\":2,\"name\":\"Digitalt p\u00e5fyll: ASK-bildeb\u00f8ker til landets folkebibliotek\"}]},{\"@type\":\"WebSite\",\"@id\":\"https:\/\/bibliotekutvikling.no\/kompetansebank\/#website\",\"url\":\"https:\/\/bibliotekutvikling.no\/kompetansebank\/\",\"name\":\"Kompetansebank\",\"description\":\"kurs og kunnskap for bibliotekansatte\",\"publisher\":{\"@id\":\"https:\/\/bibliotekutvikling.no\/kompetansebank\/#organization\"},\"potentialAction\":[{\"@type\":\"SearchAction\",\"target\":{\"@type\":\"EntryPoint\",\"urlTemplate\":\"https:\/\/bibliotekutvikling.no\/kompetansebank\/?s={search_term_string}\"},\"query-input\":{\"@type\":\"PropertyValueSpecification\",\"valueRequired\":true,\"valueName\":\"search_term_string\"}}],\"inLanguage\":\"nb-NO\"},{\"@type\":\"Organization\",\"@id\":\"https:\/\/bibliotekutvikling.no\/kompetansebank\/#organization\",\"name\":\"Bibliotekutvikling\",\"url\":\"https:\/\/bibliotekutvikling.no\/kompetansebank\/\",\"logo\":{\"@type\":\"ImageObject\",\"inLanguage\":\"nb-NO\",\"@id\":\"https:\/\/bibliotekutvikling.no\/kompetansebank\/#\/schema\/logo\/image\/\",\"url\":\"https:\/\/bibliotekutvikling.no\/content\/uploads\/sites\/24\/2023\/10\/Favikon-BU.png\",\"contentUrl\":\"https:\/\/bibliotekutvikling.no\/content\/uploads\/sites\/24\/2023\/10\/Favikon-BU.png\",\"width\":1055,\"height\":1054,\"caption\":\"Bibliotekutvikling\"},\"image\":{\"@id\":\"https:\/\/bibliotekutvikling.no\/kompetansebank\/#\/schema\/logo\/image\/\"},\"sameAs\":[\"https:\/\/www.facebook.com\/bibliotekutvikling\"]},{\"@type\":\"Event\",\"name\":\"Digitalt p\u00e5fyll: ASK-bildeb\u00f8ker til landets folkebibliotek\",\"description\":\"Statlig spesialpedagogisk tjeneste (Statped) har inng\u00e5tt et samarbeid med Cappelen Damm om \u00e5 utgi seks kjente norske bildeb\u00f8ker med grafiske symboler. B\u00f8kene vil distribueres til folkebibliotek over hele landet\",\"startDate\":\"2024-06-06T09:00:00+02:00\",\"endDate\":\"2024-06-06T09:45:00+02:00\",\"eventStatus\":\"EventScheduled\",\"eventAttendanceMode\":\"OnlineEventAttendanceMode\",\"location\":[[]],\"image\":[\"https:\/\/bibliotekutvikling.no\/content\/uploads\/sites\/24\/2024\/03\/Statped-ASK.png\"]}]}<\/script>\n<!-- \/ Yoast SEO Premium plugin. -->","yoast_head_json":{"title":"Digitalt p\u00e5fyll: ASK-bildeb\u00f8ker til landets folkebibliotek - Kompetansebank","robots":{"index":"index","follow":"follow","max-snippet":"max-snippet:-1","max-image-preview":"max-image-preview:large","max-video-preview":"max-video-preview:-1"},"canonical":"https:\/\/bibliotekutvikling.no\/kompetansebank\/event\/digitalt-pafyll-3\/","og_locale":"nb_NO","og_type":"article","og_title":"Digitalt p\u00e5fyll: ASK-bildeb\u00f8ker til landets folkebibliotek","og_url":"https:\/\/bibliotekutvikling.no\/kompetansebank\/event\/digitalt-pafyll-3\/","og_site_name":"Kompetansebank","article_publisher":"https:\/\/www.facebook.com\/bibliotekutvikling","article_modified_time":"2024-05-22T10:59:05+00:00","og_image":[{"width":988,"height":694,"url":"https:\/\/bibliotekutvikling.no\/content\/uploads\/sites\/24\/2024\/03\/Statped-ASK.png","type":"image\/png"}],"twitter_card":"summary_large_image","twitter_misc":{"Ansl. lesetid":"2 minutter"},"schema":{"@context":"https:\/\/schema.org","@graph":[{"@type":"WebPage","@id":"https:\/\/bibliotekutvikling.no\/kompetansebank\/event\/digitalt-pafyll-3\/","url":"https:\/\/bibliotekutvikling.no\/kompetansebank\/event\/digitalt-pafyll-3\/","name":"Digitalt p\u00e5fyll: ASK-bildeb\u00f8ker til landets folkebibliotek - Kompetansebank","isPartOf":{"@id":"https:\/\/bibliotekutvikling.no\/kompetansebank\/#website"},"primaryImageOfPage":{"@id":"https:\/\/bibliotekutvikling.no\/kompetansebank\/event\/digitalt-pafyll-3\/#primaryimage"},"image":{"@id":"https:\/\/bibliotekutvikling.no\/kompetansebank\/event\/digitalt-pafyll-3\/#primaryimage"},"thumbnailUrl":"https:\/\/bibliotekutvikling.no\/content\/uploads\/sites\/24\/2024\/03\/Statped-ASK.png","datePublished":"2024-03-06T13:00:27+00:00","dateModified":"2024-05-22T10:59:05+00:00","breadcrumb":{"@id":"https:\/\/bibliotekutvikling.no\/kompetansebank\/event\/digitalt-pafyll-3\/#breadcrumb"},"inLanguage":"nb-NO","potentialAction":[{"@type":"ReadAction","target":["https:\/\/bibliotekutvikling.no\/kompetansebank\/event\/digitalt-pafyll-3\/"]}]},{"@type":"ImageObject","inLanguage":"nb-NO","@id":"https:\/\/bibliotekutvikling.no\/kompetansebank\/event\/digitalt-pafyll-3\/#primaryimage","url":"https:\/\/bibliotekutvikling.no\/content\/uploads\/sites\/24\/2024\/03\/Statped-ASK.png","contentUrl":"https:\/\/bibliotekutvikling.no\/content\/uploads\/sites\/24\/2024\/03\/Statped-ASK.png","width":988,"height":694},{"@type":"BreadcrumbList","@id":"https:\/\/bibliotekutvikling.no\/kompetansebank\/event\/digitalt-pafyll-3\/#breadcrumb","itemListElement":[{"@type":"ListItem","position":1,"name":"Hjem","item":"https:\/\/bibliotekutvikling.no\/kompetansebank\/"},{"@type":"ListItem","position":2,"name":"Digitalt p\u00e5fyll: ASK-bildeb\u00f8ker til landets folkebibliotek"}]},{"@type":"WebSite","@id":"https:\/\/bibliotekutvikling.no\/kompetansebank\/#website","url":"https:\/\/bibliotekutvikling.no\/kompetansebank\/","name":"Kompetansebank","description":"kurs og kunnskap for bibliotekansatte","publisher":{"@id":"https:\/\/bibliotekutvikling.no\/kompetansebank\/#organization"},"potentialAction":[{"@type":"SearchAction","target":{"@type":"EntryPoint","urlTemplate":"https:\/\/bibliotekutvikling.no\/kompetansebank\/?s={search_term_string}"},"query-input":{"@type":"PropertyValueSpecification","valueRequired":true,"valueName":"search_term_string"}}],"inLanguage":"nb-NO"},{"@type":"Organization","@id":"https:\/\/bibliotekutvikling.no\/kompetansebank\/#organization","name":"Bibliotekutvikling","url":"https:\/\/bibliotekutvikling.no\/kompetansebank\/","logo":{"@type":"ImageObject","inLanguage":"nb-NO","@id":"https:\/\/bibliotekutvikling.no\/kompetansebank\/#\/schema\/logo\/image\/","url":"https:\/\/bibliotekutvikling.no\/content\/uploads\/sites\/24\/2023\/10\/Favikon-BU.png","contentUrl":"https:\/\/bibliotekutvikling.no\/content\/uploads\/sites\/24\/2023\/10\/Favikon-BU.png","width":1055,"height":1054,"caption":"Bibliotekutvikling"},"image":{"@id":"https:\/\/bibliotekutvikling.no\/kompetansebank\/#\/schema\/logo\/image\/"},"sameAs":["https:\/\/www.facebook.com\/bibliotekutvikling"]},{"@type":"Event","name":"Digitalt p\u00e5fyll: ASK-bildeb\u00f8ker til landets folkebibliotek","description":"Statlig spesialpedagogisk tjeneste (Statped) har inng\u00e5tt et samarbeid med Cappelen Damm om \u00e5 utgi seks kjente norske bildeb\u00f8ker med grafiske symboler. B\u00f8kene vil distribueres til folkebibliotek over hele landet","startDate":"2024-06-06T09:00:00+02:00","endDate":"2024-06-06T09:45:00+02:00","eventStatus":"EventScheduled","eventAttendanceMode":"OnlineEventAttendanceMode","location":[[]],"image":["https:\/\/bibliotekutvikling.no\/content\/uploads\/sites\/24\/2024\/03\/Statped-ASK.png"]}]}},"_links":{"self":[{"href":"https:\/\/bibliotekutvikling.no\/kompetansebank\/wp-json\/wp\/v2\/event\/24580","targetHints":{"allow":["GET"]}}],"collection":[{"href":"https:\/\/bibliotekutvikling.no\/kompetansebank\/wp-json\/wp\/v2\/event"}],"about":[{"href":"https:\/\/bibliotekutvikling.no\/kompetansebank\/wp-json\/wp\/v2\/types\/event"}],"author":[{"embeddable":true,"href":"https:\/\/bibliotekutvikling.no\/kompetansebank\/wp-json\/wp\/v2\/users\/6868"}],"wp:featuredmedia":[{"embeddable":true,"href":"https:\/\/bibliotekutvikling.no\/kompetansebank\/wp-json\/wp\/v2\/media\/27485"}],"wp:attachment":[{"href":"https:\/\/bibliotekutvikling.no\/kompetansebank\/wp-json\/wp\/v2\/media?parent=24580"}],"wp:term":[{"taxonomy":"event-group","embeddable":true,"href":"https:\/\/bibliotekutvikling.no\/kompetansebank\/wp-json\/wp\/v2\/event-group?post=24580"},{"taxonomy":"event-type","embeddable":true,"href":"https:\/\/bibliotekutvikling.no\/kompetansebank\/wp-json\/wp\/v2\/event-type?post=24580"},{"taxonomy":"tag","embeddable":true,"href":"https:\/\/bibliotekutvikling.no\/kompetansebank\/wp-json\/wp\/v2\/tag?post=24580"}],"curies":[{"name":"wp","href":"https:\/\/api.w.org\/{rel}","templated":true}]}}