{"id":45613,"date":"2026-04-23T12:33:27","date_gmt":"2026-04-23T10:33:27","guid":{"rendered":"https:\/\/bibliotekutvikling.no\/kompetansebank\/?post_type=content-video&#038;p=45613"},"modified":"2026-04-23T12:33:28","modified_gmt":"2026-04-23T10:33:28","slug":"digitalt-pafyll-kompetansebehov-for-dagens-og-morgendagens-bibliotekarer","status":"publish","type":"content-video","link":"https:\/\/bibliotekutvikling.no\/kompetansebank\/video\/digitalt-pafyll-kompetansebehov-for-dagens-og-morgendagens-bibliotekarer\/","title":{"rendered":"Digitalt p\u00e5fyll: Kompetansebehov for dagens og morgendagens bibliotekarer"},"content":{"rendered":"<p><iframe loading=\"lazy\" title=\"Kompetansebanken og kompetansebehov\" width=\"100%\" height=\"800\" frameborder=\"0\" scrolling=\"auto\" marginheight=\"0\" marginwidth=\"0\" src=\"https:\/\/my.demio.com\/recording\/ejOwa5UY?hash=BB5jYuWRZn7wy6B2\" allowfullscreen=\"\" msallowfullscreen=\"\" allow=\"fullscreen\"><\/iframe><\/p>\n\n\n\n<p><a href=\"https:\/\/my.demio.com\/recording\/ejOwa5UY?hash=BB5jYuWRZn7wy6B2\">Lenke til opptaket i Demio<\/a><\/p>\n\n\n\n<p>Kompetansebanken er en plattform for deling og visning av kurs og ressurser.<\/p>\n\n\n\n<p>I dette digital p\u00e5fyllet presenterer vi banken, og f\u00e5r en gjennomgang av det rykende ferske kurset for skolebibliotekarer. Vi kommer ogs\u00e5 inn p\u00e5 kompetansebehov for morgendagens bibliotekarer.&nbsp;<\/p>\n\n\n\n<ul class=\"wp-block-list\">\n<li>Hva er kompetansebanken og hvem st\u00e5r bak? Ved Venke Uglenes, Nasjonalbiblioteket\u200b<\/li>\n\n\n\n<li>Lansering av flunkende nytt kurs for skolebibliotek!! Hva er det, og hvordan ble det til? Ved Mette Langeland, Rogaland Fylkesbiblioteket<\/li>\n\n\n\n<li>Kompetansebehov for dagens og morgendagens bibliotekarer. Ved Janncicke R\u00f8gler, biblioteksjef ved Trondheim folkebibliotek og tidligere leder av Bibliotekarforbundet.\u200b<\/li>\n<\/ul>\n\n\n<div class=\"t2-featured-single-post t2-featured-content is-post-type-sfwd-courses tag-barne-og-ungdomslitteratur content-topic-administrasjon-og-ledelse content-topic-formidlingsmetoder wp-block-t2-featured-single-post\"><a class=\"nb-post-link  wp-block-nb-post-link\" href=\"https:\/\/bibliotekutvikling.no\/kompetansebank\/courses\/introduksjonskurs-til-skolebibliotek\/\">\n<figure class=\"nb-post-featured-image has-image-ratio-16-9 wp-block-nb-post-featured-image\"><img loading=\"lazy\" decoding=\"async\" width=\"768\" height=\"686\" src=\"https:\/\/bibliotekutvikling.no\/content\/uploads\/sites\/24\/2024\/02\/Skolebibliotekkurs-forside-768x686.jpg\" class=\"attachment-medium_large size-medium_large wp-post-image\" alt=\"\" srcset=\"https:\/\/bibliotekutvikling.no\/content\/uploads\/sites\/24\/2024\/02\/Skolebibliotekkurs-forside-768x686.jpg 768w, https:\/\/bibliotekutvikling.no\/content\/uploads\/sites\/24\/2024\/02\/Skolebibliotekkurs-forside-300x268.jpg 300w, https:\/\/bibliotekutvikling.no\/content\/uploads\/sites\/24\/2024\/02\/Skolebibliotekkurs-forside-1024x914.jpg 1024w, https:\/\/bibliotekutvikling.no\/content\/uploads\/sites\/24\/2024\/02\/Skolebibliotekkurs-forside.jpg 1536w\" sizes=\"auto, (min-width: 1200px) 384px, (min-width: 700px) 33vw, 350px\" \/><\/figure>\n\n<div class=\"wp-block-group alignfull is-layout-flow wp-block-group-is-layout-flow\">\n\t\n\t<div class=\"wp-block-group content-meta-row is-content-justification-space-between is-nowrap is-layout-flex wp-container-core-group-is-layout-cb46ffcb wp-block-group-is-layout-flex\">\n\t\t<div class=\"nb-post-label wp-block-nb-post-label\">Nettkurs<\/div>\n\t\t<div class=\"taxonomy-content-duration wp-block-nb-single-term-from-post\">Lenger fordjuping<\/div>\n\t<\/div>\n\t\n\n\t<h2 class=\"t2-post-title wp-block-t2-post-title\">Skolebibliotekkurs<\/h2>\n\t\n\t\n\t\n\t<div class=\"taxonomy-content-topic wp-block-nb-single-term-from-post\">Leiing og drift<\/div>\n<\/div>\n\n<\/a>\n<\/div>","protected":false},"excerpt":{"rendered":"<p>Opptak fra digitalt p\u00e5fyll 23. april 2026<\/p>\n","protected":false},"author":6868,"featured_media":45571,"parent":0,"menu_order":0,"template":"","meta":{"nb_hide_title":false,"content_core_is_hidden":false,"contact_organization_name":"Komptansebanken","contact_organization_url":"","contact_person_full_name":"Venke Uglenes","contact_person_email":"","single_header_image_is_disabled":false,"single_header_image_attachment_id":0,"single_header_image_attachment_url":""},"content-duration":[285],"content-topic":[203,97],"class_list":["post-45613","content-video","type-content-video","status-publish","has-post-thumbnail","hentry","content-topic-informasjonskompetanse","content-topic-administrasjon-og-ledelse"],"yoast_head":"<!-- This site is optimized with the Yoast SEO Premium plugin v27.1 (Yoast SEO v27.1.1) - https:\/\/yoast.com\/product\/yoast-seo-premium-wordpress\/ -->\n<title>Digitalt p\u00e5fyll: Kompetansebehov for dagens og morgendagens bibliotekarer - Kompetansebank<\/title>\n<meta name=\"robots\" content=\"index, follow, max-snippet:-1, max-image-preview:large, max-video-preview:-1\" \/>\n<link rel=\"canonical\" href=\"https:\/\/bibliotekutvikling.no\/kompetansebank\/video\/digitalt-pafyll-kompetansebehov-for-dagens-og-morgendagens-bibliotekarer\/\" \/>\n<meta property=\"og:locale\" content=\"nb_NO\" \/>\n<meta property=\"og:type\" content=\"article\" \/>\n<meta property=\"og:title\" content=\"Digitalt p\u00e5fyll: Kompetansebehov for dagens og morgendagens bibliotekarer\" \/>\n<meta property=\"og:description\" content=\"Opptak fra digitalt p\u00e5fyll 23. april 2026\" \/>\n<meta property=\"og:url\" content=\"https:\/\/bibliotekutvikling.no\/kompetansebank\/video\/digitalt-pafyll-kompetansebehov-for-dagens-og-morgendagens-bibliotekarer\/\" \/>\n<meta property=\"og:site_name\" content=\"Kompetansebank\" \/>\n<meta property=\"article:publisher\" content=\"https:\/\/www.facebook.com\/bibliotekutvikling\" \/>\n<meta property=\"article:modified_time\" content=\"2026-04-23T10:33:28+00:00\" \/>\n<meta property=\"og:image\" content=\"https:\/\/bibliotekutvikling.no\/content\/uploads\/sites\/24\/2025\/03\/kompetansebanken-rett-unb-34lite.png\" \/>\n\t<meta property=\"og:image:width\" content=\"407\" \/>\n\t<meta property=\"og:image:height\" content=\"305\" \/>\n\t<meta property=\"og:image:type\" content=\"image\/png\" \/>\n<meta name=\"twitter:card\" content=\"summary_large_image\" \/>\n<meta name=\"twitter:label1\" content=\"Ansl. lesetid\" \/>\n\t<meta name=\"twitter:data1\" content=\"1 minutt\" \/>\n<script type=\"application\/ld+json\" class=\"yoast-schema-graph\">{\"@context\":\"https:\/\/schema.org\",\"@graph\":[{\"@type\":\"WebPage\",\"@id\":\"https:\/\/bibliotekutvikling.no\/kompetansebank\/video\/digitalt-pafyll-kompetansebehov-for-dagens-og-morgendagens-bibliotekarer\/\",\"url\":\"https:\/\/bibliotekutvikling.no\/kompetansebank\/video\/digitalt-pafyll-kompetansebehov-for-dagens-og-morgendagens-bibliotekarer\/\",\"name\":\"Digitalt p\u00e5fyll: Kompetansebehov for dagens og morgendagens bibliotekarer - Kompetansebank\",\"isPartOf\":{\"@id\":\"https:\/\/bibliotekutvikling.no\/kompetansebank\/#website\"},\"primaryImageOfPage\":{\"@id\":\"https:\/\/bibliotekutvikling.no\/kompetansebank\/video\/digitalt-pafyll-kompetansebehov-for-dagens-og-morgendagens-bibliotekarer\/#primaryimage\"},\"image\":{\"@id\":\"https:\/\/bibliotekutvikling.no\/kompetansebank\/video\/digitalt-pafyll-kompetansebehov-for-dagens-og-morgendagens-bibliotekarer\/#primaryimage\"},\"thumbnailUrl\":\"https:\/\/bibliotekutvikling.no\/content\/uploads\/sites\/24\/2025\/03\/kompetansebanken-rett-unb-34lite.png\",\"datePublished\":\"2026-04-23T10:33:27+00:00\",\"dateModified\":\"2026-04-23T10:33:28+00:00\",\"breadcrumb\":{\"@id\":\"https:\/\/bibliotekutvikling.no\/kompetansebank\/video\/digitalt-pafyll-kompetansebehov-for-dagens-og-morgendagens-bibliotekarer\/#breadcrumb\"},\"inLanguage\":\"nb-NO\",\"potentialAction\":[{\"@type\":\"ReadAction\",\"target\":[\"https:\/\/bibliotekutvikling.no\/kompetansebank\/video\/digitalt-pafyll-kompetansebehov-for-dagens-og-morgendagens-bibliotekarer\/\"]}]},{\"@type\":\"ImageObject\",\"inLanguage\":\"nb-NO\",\"@id\":\"https:\/\/bibliotekutvikling.no\/kompetansebank\/video\/digitalt-pafyll-kompetansebehov-for-dagens-og-morgendagens-bibliotekarer\/#primaryimage\",\"url\":\"https:\/\/bibliotekutvikling.no\/content\/uploads\/sites\/24\/2025\/03\/kompetansebanken-rett-unb-34lite.png\",\"contentUrl\":\"https:\/\/bibliotekutvikling.no\/content\/uploads\/sites\/24\/2025\/03\/kompetansebanken-rett-unb-34lite.png\",\"width\":407,\"height\":305},{\"@type\":\"BreadcrumbList\",\"@id\":\"https:\/\/bibliotekutvikling.no\/kompetansebank\/video\/digitalt-pafyll-kompetansebehov-for-dagens-og-morgendagens-bibliotekarer\/#breadcrumb\",\"itemListElement\":[{\"@type\":\"ListItem\",\"position\":1,\"name\":\"Hjem\",\"item\":\"https:\/\/bibliotekutvikling.no\/kompetansebank\/\"},{\"@type\":\"ListItem\",\"position\":2,\"name\":\"Digitalt p\u00e5fyll: Kompetansebehov for dagens og morgendagens bibliotekarer\"}]},{\"@type\":\"WebSite\",\"@id\":\"https:\/\/bibliotekutvikling.no\/kompetansebank\/#website\",\"url\":\"https:\/\/bibliotekutvikling.no\/kompetansebank\/\",\"name\":\"Kompetansebank\",\"description\":\"kurs og kunnskap for bibliotekansatte\",\"publisher\":{\"@id\":\"https:\/\/bibliotekutvikling.no\/kompetansebank\/#organization\"},\"potentialAction\":[{\"@type\":\"SearchAction\",\"target\":{\"@type\":\"EntryPoint\",\"urlTemplate\":\"https:\/\/bibliotekutvikling.no\/kompetansebank\/?s={search_term_string}\"},\"query-input\":{\"@type\":\"PropertyValueSpecification\",\"valueRequired\":true,\"valueName\":\"search_term_string\"}}],\"inLanguage\":\"nb-NO\"},{\"@type\":\"Organization\",\"@id\":\"https:\/\/bibliotekutvikling.no\/kompetansebank\/#organization\",\"name\":\"Bibliotekutvikling\",\"url\":\"https:\/\/bibliotekutvikling.no\/kompetansebank\/\",\"logo\":{\"@type\":\"ImageObject\",\"inLanguage\":\"nb-NO\",\"@id\":\"https:\/\/bibliotekutvikling.no\/kompetansebank\/#\/schema\/logo\/image\/\",\"url\":\"https:\/\/bibliotekutvikling.no\/content\/uploads\/sites\/24\/2023\/10\/Favikon-BU.png\",\"contentUrl\":\"https:\/\/bibliotekutvikling.no\/content\/uploads\/sites\/24\/2023\/10\/Favikon-BU.png\",\"width\":1055,\"height\":1054,\"caption\":\"Bibliotekutvikling\"},\"image\":{\"@id\":\"https:\/\/bibliotekutvikling.no\/kompetansebank\/#\/schema\/logo\/image\/\"},\"sameAs\":[\"https:\/\/www.facebook.com\/bibliotekutvikling\"]}]}<\/script>\n<!-- \/ Yoast SEO Premium plugin. -->","yoast_head_json":{"title":"Digitalt p\u00e5fyll: Kompetansebehov for dagens og morgendagens bibliotekarer - Kompetansebank","robots":{"index":"index","follow":"follow","max-snippet":"max-snippet:-1","max-image-preview":"max-image-preview:large","max-video-preview":"max-video-preview:-1"},"canonical":"https:\/\/bibliotekutvikling.no\/kompetansebank\/video\/digitalt-pafyll-kompetansebehov-for-dagens-og-morgendagens-bibliotekarer\/","og_locale":"nb_NO","og_type":"article","og_title":"Digitalt p\u00e5fyll: Kompetansebehov for dagens og morgendagens bibliotekarer","og_description":"Opptak fra digitalt p\u00e5fyll 23. april 2026","og_url":"https:\/\/bibliotekutvikling.no\/kompetansebank\/video\/digitalt-pafyll-kompetansebehov-for-dagens-og-morgendagens-bibliotekarer\/","og_site_name":"Kompetansebank","article_publisher":"https:\/\/www.facebook.com\/bibliotekutvikling","article_modified_time":"2026-04-23T10:33:28+00:00","og_image":[{"width":407,"height":305,"url":"https:\/\/bibliotekutvikling.no\/content\/uploads\/sites\/24\/2025\/03\/kompetansebanken-rett-unb-34lite.png","type":"image\/png"}],"twitter_card":"summary_large_image","twitter_misc":{"Ansl. lesetid":"1 minutt"},"schema":{"@context":"https:\/\/schema.org","@graph":[{"@type":"WebPage","@id":"https:\/\/bibliotekutvikling.no\/kompetansebank\/video\/digitalt-pafyll-kompetansebehov-for-dagens-og-morgendagens-bibliotekarer\/","url":"https:\/\/bibliotekutvikling.no\/kompetansebank\/video\/digitalt-pafyll-kompetansebehov-for-dagens-og-morgendagens-bibliotekarer\/","name":"Digitalt p\u00e5fyll: Kompetansebehov for dagens og morgendagens bibliotekarer - Kompetansebank","isPartOf":{"@id":"https:\/\/bibliotekutvikling.no\/kompetansebank\/#website"},"primaryImageOfPage":{"@id":"https:\/\/bibliotekutvikling.no\/kompetansebank\/video\/digitalt-pafyll-kompetansebehov-for-dagens-og-morgendagens-bibliotekarer\/#primaryimage"},"image":{"@id":"https:\/\/bibliotekutvikling.no\/kompetansebank\/video\/digitalt-pafyll-kompetansebehov-for-dagens-og-morgendagens-bibliotekarer\/#primaryimage"},"thumbnailUrl":"https:\/\/bibliotekutvikling.no\/content\/uploads\/sites\/24\/2025\/03\/kompetansebanken-rett-unb-34lite.png","datePublished":"2026-04-23T10:33:27+00:00","dateModified":"2026-04-23T10:33:28+00:00","breadcrumb":{"@id":"https:\/\/bibliotekutvikling.no\/kompetansebank\/video\/digitalt-pafyll-kompetansebehov-for-dagens-og-morgendagens-bibliotekarer\/#breadcrumb"},"inLanguage":"nb-NO","potentialAction":[{"@type":"ReadAction","target":["https:\/\/bibliotekutvikling.no\/kompetansebank\/video\/digitalt-pafyll-kompetansebehov-for-dagens-og-morgendagens-bibliotekarer\/"]}]},{"@type":"ImageObject","inLanguage":"nb-NO","@id":"https:\/\/bibliotekutvikling.no\/kompetansebank\/video\/digitalt-pafyll-kompetansebehov-for-dagens-og-morgendagens-bibliotekarer\/#primaryimage","url":"https:\/\/bibliotekutvikling.no\/content\/uploads\/sites\/24\/2025\/03\/kompetansebanken-rett-unb-34lite.png","contentUrl":"https:\/\/bibliotekutvikling.no\/content\/uploads\/sites\/24\/2025\/03\/kompetansebanken-rett-unb-34lite.png","width":407,"height":305},{"@type":"BreadcrumbList","@id":"https:\/\/bibliotekutvikling.no\/kompetansebank\/video\/digitalt-pafyll-kompetansebehov-for-dagens-og-morgendagens-bibliotekarer\/#breadcrumb","itemListElement":[{"@type":"ListItem","position":1,"name":"Hjem","item":"https:\/\/bibliotekutvikling.no\/kompetansebank\/"},{"@type":"ListItem","position":2,"name":"Digitalt p\u00e5fyll: Kompetansebehov for dagens og morgendagens bibliotekarer"}]},{"@type":"WebSite","@id":"https:\/\/bibliotekutvikling.no\/kompetansebank\/#website","url":"https:\/\/bibliotekutvikling.no\/kompetansebank\/","name":"Kompetansebank","description":"kurs og kunnskap for bibliotekansatte","publisher":{"@id":"https:\/\/bibliotekutvikling.no\/kompetansebank\/#organization"},"potentialAction":[{"@type":"SearchAction","target":{"@type":"EntryPoint","urlTemplate":"https:\/\/bibliotekutvikling.no\/kompetansebank\/?s={search_term_string}"},"query-input":{"@type":"PropertyValueSpecification","valueRequired":true,"valueName":"search_term_string"}}],"inLanguage":"nb-NO"},{"@type":"Organization","@id":"https:\/\/bibliotekutvikling.no\/kompetansebank\/#organization","name":"Bibliotekutvikling","url":"https:\/\/bibliotekutvikling.no\/kompetansebank\/","logo":{"@type":"ImageObject","inLanguage":"nb-NO","@id":"https:\/\/bibliotekutvikling.no\/kompetansebank\/#\/schema\/logo\/image\/","url":"https:\/\/bibliotekutvikling.no\/content\/uploads\/sites\/24\/2023\/10\/Favikon-BU.png","contentUrl":"https:\/\/bibliotekutvikling.no\/content\/uploads\/sites\/24\/2023\/10\/Favikon-BU.png","width":1055,"height":1054,"caption":"Bibliotekutvikling"},"image":{"@id":"https:\/\/bibliotekutvikling.no\/kompetansebank\/#\/schema\/logo\/image\/"},"sameAs":["https:\/\/www.facebook.com\/bibliotekutvikling"]}]}},"_links":{"self":[{"href":"https:\/\/bibliotekutvikling.no\/kompetansebank\/wp-json\/wp\/v2\/content-video\/45613","targetHints":{"allow":["GET"]}}],"collection":[{"href":"https:\/\/bibliotekutvikling.no\/kompetansebank\/wp-json\/wp\/v2\/content-video"}],"about":[{"href":"https:\/\/bibliotekutvikling.no\/kompetansebank\/wp-json\/wp\/v2\/types\/content-video"}],"author":[{"embeddable":true,"href":"https:\/\/bibliotekutvikling.no\/kompetansebank\/wp-json\/wp\/v2\/users\/6868"}],"wp:featuredmedia":[{"embeddable":true,"href":"https:\/\/bibliotekutvikling.no\/kompetansebank\/wp-json\/wp\/v2\/media\/45571"}],"wp:attachment":[{"href":"https:\/\/bibliotekutvikling.no\/kompetansebank\/wp-json\/wp\/v2\/media?parent=45613"}],"wp:term":[{"taxonomy":"content-duration","embeddable":true,"href":"https:\/\/bibliotekutvikling.no\/kompetansebank\/wp-json\/wp\/v2\/content-duration?post=45613"},{"taxonomy":"content-topic","embeddable":true,"href":"https:\/\/bibliotekutvikling.no\/kompetansebank\/wp-json\/wp\/v2\/content-topic?post=45613"}],"curies":[{"name":"wp","href":"https:\/\/api.w.org\/{rel}","templated":true}]}}