{"id":44878,"date":"2026-04-10T16:11:13","date_gmt":"2026-04-10T14:11:13","guid":{"rendered":"https:\/\/bibliotekutvikling.no\/kompetansebank\/?post_type=content-video&#038;p=44878"},"modified":"2026-04-20T12:34:47","modified_gmt":"2026-04-20T10:34:47","slug":"kildekritikkens-dag-2026","status":"publish","type":"content-video","link":"https:\/\/bibliotekutvikling.no\/kompetansebank\/video\/kildekritikkens-dag-2026\/","title":{"rendered":"Kildekritikkens dag 2026"},"content":{"rendered":"<p class=\"t2-ingress wp-block-t2-ingress\">13. mars er Kildekritikkens dag. Hvert \u00e5r arrangerer Tenk en konferanse der fagfolk fra ulike fagomr\u00e5der belyser viktige og spennende temaer med tilknytning til kildebevissthet. <\/p>\n\n\n<p>P\u00e5 Kildekritikkens dag 2026 inviterte Tenk i samarbeid med Deichman Bj\u00f8rvika til en dagskonferanse der de satte s\u00f8kelys p\u00e5 dagens utfordringer.<\/p>\n\n\n\n<p>Hvordan p\u00e5virker dagens informasjonslandskap barn og unge? Hvilke ferdigheter m\u00e5 de ha for \u00e5 forst\u00e5, vurdere og navigere i dette landskapet? Og hvordan kan skolen og bibliotekene m\u00f8te disse utfordringene?<\/p>\n\n\n\n<p>Her er opptak fra alle de ulike innleggene og de tre panelsamtalene som ble holdt under konferansen<\/p>\n\n\n\n<h2 class=\"wp-block-heading\" id=\"h-1-hva-sier-forskningen-om-kildekritikk-i-skolen-nbsp\">1. Hva sier forskningen om kildekritikk i skolen?&nbsp;<\/h2>\n\n\n\n<p>v\/Marte Blikstad-Balas, professor og skoleforsker, UiO<\/p>\n\n\n\n<div class=\"wp-block-columns is-layout-flex wp-container-core-columns-is-layout-28f84493 wp-block-columns-is-layout-flex\">\n<div class=\"wp-block-column is-layout-flow wp-block-column-is-layout-flow\"><p>Marte Blikstad-Balas\t<iframe\n  src=\"https:\/\/player.mux.com\/uxJYvcVD3Rqd1OZ7V01eF2n00Yyqtmp9ZQnJJxp4JfnYw\"\n  style=\"width: 100%; border: none; aspect-ratio: 16\/9;\"\n  allow=\"accelerometer; gyroscope; autoplay; encrypted-media; picture-in-picture;\"\n  allowfullscreen\n><\/iframe><br \/>\n17 minutter<\/p>\n<\/div>\n<\/div>\n\n\n\n<hr aria-hidden=\"true\" class=\"wp-block-separator has-alpha-channel-opacity\"\/>\n\n\n\n<h2 class=\"wp-block-heading\" id=\"h-2-hvordan-pavirkes-demokratiet-nbsp-kartlegging-av-utenlandsk-pavirkning-nbsp\">2. Hvordan p\u00e5virkes demokratiet?&nbsp;(Kartlegging av utenlandsk p\u00e5virkning)&nbsp;<\/h2>\n\n\n\n<p>v\/ Eskil Grendahl Sivertsen, spesialr\u00e5dgiver Forsvarets forskningsinstitutt<\/p>\n\n\n\n<div class=\"wp-block-columns is-layout-flex wp-container-core-columns-is-layout-28f84493 wp-block-columns-is-layout-flex\">\n<div class=\"wp-block-column is-layout-flow wp-block-column-is-layout-flow\"><p>Eskil Sivertsen\t<iframe\n  src=\"https:\/\/player.mux.com\/zin7Iab7Mq8002Y3il00mGfETLcPdoXu29lSifEAdPPi8\"\n  style=\"width: 100%; border: none; aspect-ratio: 16\/9;\"\n  allow=\"accelerometer; gyroscope; autoplay; encrypted-media; picture-in-picture;\"\n  allowfullscreen\n><\/iframe><br \/>\n24 minutter<\/p>\n<\/div>\n<\/div>\n\n\n\n<hr aria-hidden=\"true\" class=\"wp-block-separator has-alpha-channel-opacity\"\/>\n\n\n\n<h2 class=\"wp-block-heading\" id=\"h-3-de-samfunnsmessige-konsekvensene-en-panelsamtale\">3. De samfunnsmessige konsekvensene: en panelsamtale.<\/h2>\n\n\n\n<p>Et dramatisk nyhetsbilde og en verden der demokratiet er under press p\u00e5virker oss b\u00e5de personlig og som samfunn. Hvordan m\u00f8ter vi dette og hva kan vi l\u00e6re fra ulike samfunnsinstitusjoner? <\/p>\n\n\n\n<p>Julie Remen Midtgarden, utdanningsbyr\u00e5d i Oslo,  Eystein Kvarving, kommunikasjonssjef i Forsvaret, og Steffen Handal, leder UNIO, m\u00f8tes til panelsamtale. Moderator: Trine Ohrberg<\/p>\n\n\n\n<div class=\"wp-block-columns is-layout-flex wp-container-core-columns-is-layout-28f84493 wp-block-columns-is-layout-flex\">\n<div class=\"wp-block-column is-layout-flow wp-block-column-is-layout-flow\"><p>Panelsamtale om samfunnsmessige konsekvenser ved demokrati under press.<br \/>\n <iframe\n  src=\"https:\/\/player.mux.com\/5whgwbG00HMeUWoiRKQoydBeIRjhzM1pZW7zeqI9mSCo\"\n  style=\"width: 100%; border: none; aspect-ratio: 16\/9;\"\n  allow=\"accelerometer; gyroscope; autoplay; encrypted-media; picture-in-picture;\"\n  allowfullscreen\n><\/iframe><\/p>\n<p>30 minutters panelsamtale<\/p>\n<\/div>\n<\/div>\n\n\n\n<hr aria-hidden=\"true\" class=\"wp-block-separator has-alpha-channel-opacity\"\/>\n\n\n\n<h2 class=\"wp-block-heading\" id=\"h-4-nar-ki-er-kilden\">4. N\u00e5r KI er kilden!<\/h2>\n\n\n\n<p>&nbsp;v\/ Petter Brandtz\u00e6g, professor ved UiO og sjefsforsker ved SINTEF Digital<\/p>\n\n\n\n<div class=\"wp-block-columns is-layout-flex wp-container-core-columns-is-layout-28f84493 wp-block-columns-is-layout-flex\">\n<div class=\"wp-block-column is-layout-flow wp-block-column-is-layout-flow\"><p>Petter B. Brantz\u00e6g\t<iframe\n  src=\"https:\/\/player.mux.com\/BBA1IEcNt6PT5SMLCQqJ6z00xW6bEuN1fzFAlvwYxPe4\"\n  style=\"width: 100%; border: none; aspect-ratio: 16\/9;\"\n  allow=\"accelerometer; gyroscope; autoplay; encrypted-media; picture-in-picture;\"\n  allowfullscreen\n><\/iframe><\/p>\n<p>20 minutter<\/p>\n<\/div>\n<\/div>\n\n\n\n<hr aria-hidden=\"true\" class=\"wp-block-separator has-alpha-channel-opacity\"\/>\n\n\n\n<h2 class=\"wp-block-heading\" id=\"h-5-krigen-i-sosiale-medier-hvem-styrer-historien-om-midtosten-nbsp\">5. Krigen i sosiale medier. Hvem styrer historien om Midt\u00f8sten?&nbsp;<\/h2>\n\n\n\n<p>V\/ Silje F\u00f8rsund \u2013 Fagansvarlig for verifisering i Faktisk.no<\/p>\n\n\n\n<div class=\"wp-block-columns is-layout-flex wp-container-core-columns-is-layout-28f84493 wp-block-columns-is-layout-flex\">\n<div class=\"wp-block-column is-layout-flow wp-block-column-is-layout-flow\"><p>Silje F\u00f8rsund\t<iframe\n  src=\"https:\/\/player.mux.com\/Zl4XUvl9W3yf02OFlCHjpd6pzngY4501s00InqJa8PmMz00\"\n  style=\"width: 100%; border: none; aspect-ratio: 16\/9;\"\n  allow=\"accelerometer; gyroscope; autoplay; encrypted-media; picture-in-picture;\"\n  allowfullscreen\n><\/iframe><br \/>\n14 minutter<\/p>\n<\/div>\n<\/div>\n\n\n\n<hr aria-hidden=\"true\" class=\"wp-block-separator has-alpha-channel-opacity\"\/>\n\n\n\n<h2 class=\"wp-block-heading\" id=\"h-6-kildekritikk-i-en-digital-verden-hva-er-utfordringene-og-hvordan-loser-vi-dem-nbsp\">6. Kildekritikk i en digital verden: Hva er utfordringene og hvordan l\u00f8ser vi dem?&nbsp;<\/h2>\n\n\n\n<p>Panelsamtale med  <strong>St\u00e5le Grut<\/strong>, forsker ved medier og kommunikasjon , UIO og <strong>Torgeir Waterhouse<\/strong>, Teknologidebattant. Eirin Larssen, Director Strategy and Operations, Telenor CTO Office leder samtalen.<\/p>\n\n\n\n<div class=\"wp-block-columns is-layout-flex wp-container-core-columns-is-layout-28f84493 wp-block-columns-is-layout-flex\">\n<div class=\"wp-block-column is-layout-flow wp-block-column-is-layout-flow\"><p>Panelsamtale om kildekritikken i en digital verden\t<iframe\n  src=\"https:\/\/player.mux.com\/YJawuvtBbwFUrCbLWYx02IhfXKC01on1KkpR9qGQjloxU\"\n  style=\"width: 100%; border: none; aspect-ratio: 16\/9;\"\n  allow=\"accelerometer; gyroscope; autoplay; encrypted-media; picture-in-picture;\"\n  allowfullscreen\n><\/iframe><\/p>\n<p>22 minutter<\/p>\n<\/div>\n<\/div>\n\n\n\n<hr aria-hidden=\"true\" class=\"wp-block-separator has-alpha-channel-opacity\"\/>\n\n\n\n<h2 class=\"wp-block-heading\" id=\"h-7-nar-virkeligheten-overgar-fiksjonen-hva-er-virkelig-hva-er-fiksjon-og-hva-kan-vi-laere-nbsp-live-podkast-med-optimisten-pessimisten-og-realisten\">7. N\u00e5r virkeligheten overg\u00e5r fiksjonen: Hva er virkelig, hva er fiksjon og hva kan vi l\u00e6re?&nbsp;Live podkast med Optimisten, pessimisten og realisten.<\/h2>\n\n\n\n<p>Gjermund Stenberg Eriksen, serieskaper og forfatter,<\/p>\n\n\n\n<p>K\u00e5re Aas, R\u00e5dgiver Kruse Larsen og \u00c5smund Aukrust, Bistand og utviklingsminister, Nordisk samarbeidsminister<\/p>\n\n\n\n<div class=\"wp-block-columns is-layout-flex wp-container-core-columns-is-layout-28f84493 wp-block-columns-is-layout-flex\">\n<div class=\"wp-block-column is-layout-flow wp-block-column-is-layout-flow\"><p>Livepodkast\t<iframe\n  src=\"https:\/\/player.mux.com\/D1ifAGpQbGPo3YCqhk00dpE1bvHIytZrGk8udBueFHkM\"\n  style=\"width: 100%; border: none; aspect-ratio: 16\/9;\"\n  allow=\"accelerometer; gyroscope; autoplay; encrypted-media; picture-in-picture;\"\n  allowfullscreen\n><\/iframe><\/p>\n<p>30 minutter<\/p>\n<\/div>\n<\/div>\n\n\n\n<hr aria-hidden=\"true\" class=\"wp-block-separator has-alpha-channel-opacity\"\/>\n\n\n\n<h2 class=\"wp-block-heading\" id=\"h-8-hvem-har-egentlig-kontroll-pa-historien-nbsp\">8. Hvem har egentlig kontroll p\u00e5 historien?&nbsp;<\/h2>\n\n\n\n<p>v\/ Tina Flem \u2013 Sjefredakt\u00f8r og CEO i nyhetsbyr\u00e5et NTB<\/p>\n\n\n\n<div class=\"wp-block-columns is-layout-flex wp-container-core-columns-is-layout-28f84493 wp-block-columns-is-layout-flex\">\n<div class=\"wp-block-column is-layout-flow wp-block-column-is-layout-flow\"><p>Tina Flem\t<iframe\n  src=\"https:\/\/player.mux.com\/JUrcfZFW6w4SQl02Ty57qlmmqCwbzhYRzpEemyYzPhQY\"\n  style=\"width: 100%; border: none; aspect-ratio: 16\/9;\"\n  allow=\"accelerometer; gyroscope; autoplay; encrypted-media; picture-in-picture;\"\n  allowfullscreen\n><\/iframe><br \/>\n15 minutter<\/p>\n<\/div>\n<\/div>\n\n\n\n<hr aria-hidden=\"true\" class=\"wp-block-separator has-alpha-channel-opacity\"\/>\n\n\n\n<h2 class=\"wp-block-heading\" id=\"h-9-bak-overskriften-hvordan-sosiale-medier-pavirker-helseinformasjon-nbsp\">9. Bak overskriften \u2013 hvordan sosiale medier p\u00e5virker helseinformasjon&nbsp;<\/h2>\n\n\n\n<p>v\/ Marianne Molin, professor i folkehelse ved H\u00f8yskolen Kristiania<\/p>\n\n\n\n<div class=\"wp-block-columns is-layout-flex wp-container-core-columns-is-layout-28f84493 wp-block-columns-is-layout-flex\">\n<div class=\"wp-block-column is-layout-flow wp-block-column-is-layout-flow\"><p>Marianne Molin\t<iframe\n  src=\"https:\/\/player.mux.com\/kukGMFaEP01o2BmCrg19H3m02nJ79Yw9dGdhFVXhlFmaA\"\n  style=\"width: 100%; border: none; aspect-ratio: 16\/9;\"\n  allow=\"accelerometer; gyroscope; autoplay; encrypted-media; picture-in-picture;\"\n  allowfullscreen\n><\/iframe><br \/>\n10 minutter<\/p>\n<\/div>\n<\/div>\n\n\n\n<hr aria-hidden=\"true\" class=\"wp-block-separator has-alpha-channel-opacity\"\/>\n\n\n\n<h2 class=\"wp-block-heading\" id=\"h-10-kritisk-lesing-i-skolen-hvordan-utvikler-vi-kritiske-lesere-nbsp\">10. Kritisk lesing i skolen. Hvordan utvikler vi kritiske lesere?&nbsp;<\/h2>\n\n\n\n<p>Her f\u00e5r du konkrete tips til undervisning gjennom hele skolel\u00f8pet. v\/Marte Eek-H\u00f8g\u00e5s, fagansvarlig, Tenk og Marte Tovsrud Syverin, bibliotekarl\u00e6rer, T\u00f8yen<\/p>\n\n\n\n<div class=\"wp-block-columns is-layout-flex wp-container-core-columns-is-layout-28f84493 wp-block-columns-is-layout-flex\">\n<div class=\"wp-block-column is-layout-flow wp-block-column-is-layout-flow\"><p>Marte Eek-H\u00f8g\u00e5s og Marte Tovsryd Syverinsen \t<iframe\n  src=\"https:\/\/player.mux.com\/LBN2lCcc4mPU5G5Ev2H00zqyAz71cvxn01GkqfaPEUDeA\"\n  style=\"width: 100%; border: none; aspect-ratio: 16\/9;\"\n  allow=\"accelerometer; gyroscope; autoplay; encrypted-media; picture-in-picture;\"\n  allowfullscreen\n><\/iframe><br \/>\n20 minutter<\/p>\n\n\n\n<hr aria-hidden=\"true\" class=\"wp-block-separator has-alpha-channel-opacity\"\/>\n<\/div>\n<\/div>\n\n\n\n<h2 class=\"wp-block-heading\" id=\"h-11-bibliotekene-ma-fa-en-tydeligere-rolle-i-infrastrukturen-for-beredskap\">11. Bibliotekene m\u00e5 f\u00e5 en tydeligere rolle i infrastrukturen for beredskap.<\/h2>\n\n\n\n<p>v\/ Helene Voldner, leder for Norsk Bibliotekforening<\/p>\n\n\n\n<div class=\"wp-block-columns is-layout-flex wp-container-core-columns-is-layout-28f84493 wp-block-columns-is-layout-flex\">\n<div class=\"wp-block-column is-layout-flow wp-block-column-is-layout-flow\"><p>Helene Voldner\t<iframe\n  src=\"https:\/\/player.mux.com\/ox4vpbyQccZK4qr4LS00Q00zZDUfjkjStaswbUcsD5mlI\"\n  style=\"width: 100%; border: none; aspect-ratio: 16\/9;\"\n  allow=\"accelerometer; gyroscope; autoplay; encrypted-media; picture-in-picture;\"\n  allowfullscreen\n><\/iframe><br \/>\n17 minutter<\/p>\n<\/div>\n<\/div>\n\n\n\n<hr aria-hidden=\"true\" class=\"wp-block-separator has-alpha-channel-opacity\"\/>\n\n\n\n<h2 class=\"wp-block-heading\" id=\"h-12-hva-gjor-vi-na-en-panelsamtale\">12. Hva gj\u00f8r vi n\u00e5?: en panelsamtale<\/h2>\n\n\n\n<p>I m\u00f8te med en kompleks verden er det lett \u00e5 miste troen p\u00e5 fremtiden. Krise og krig gj\u00f8r at det er lett \u00e5 skape frykt. Hvordan ruster vi l\u00e6rere, bibliotekarer og andre som jobber med barn og unge til \u00e5 bygge fremtidens demokrati? <\/p>\n\n\n\n<p>En samtale mellom Kjersti L\u00f8ken Stavrum, styreleder i Schibsted og leder av Ytringsfrihetskommisjonen, Nora Geiran Dingstad, leder podcasten Jungeltelegraf1, og Nora Nordskar Hoel, redaksjonssjef i Deichman. Moderator: S\u00f8lve Kuraas Karlsen, leder i Tenk<\/p>\n\n\n\n<div class=\"wp-block-columns is-layout-flex wp-container-core-columns-is-layout-28f84493 wp-block-columns-is-layout-flex\">\n<div class=\"wp-block-column is-layout-flow wp-block-column-is-layout-flow\"><p>Panelsamtale om \u00e5 ruste opp de som jobber med barn og unge\t<iframe\n  src=\"https:\/\/player.mux.com\/sBQ5xeuj6ndL01pY4GRgUsOJUv16JlrM2ISB6GIWH8HM\"\n  style=\"width: 100%; border: none; aspect-ratio: 16\/9;\"\n  allow=\"accelerometer; gyroscope; autoplay; encrypted-media; picture-in-picture;\"\n  allowfullscreen\n><\/iframe><\/p>\n<p>24 minutter<\/p>\n<\/div>\n<\/div>\n","protected":false},"excerpt":{"rendered":"<p>Opptak fra konferanse  p\u00e5 Kildekritikkens dag den 13. mars 2026<\/p>\n","protected":false},"author":6868,"featured_media":44884,"parent":0,"menu_order":0,"template":"","meta":{"nb_hide_title":false,"content_core_is_hidden":false,"contact_organization_name":"Tenk. Faktisk","contact_organization_url":"https:\/\/tenk.faktisk.no\/samling\/kildekritikkens-dag","contact_person_full_name":"S\u00f8lve Kuraas Karlsen","contact_person_email":"","single_header_image_is_disabled":false,"single_header_image_attachment_id":0,"single_header_image_attachment_url":""},"content-duration":[283],"content-topic":[203],"class_list":["post-44878","content-video","type-content-video","status-publish","has-post-thumbnail","hentry","content-topic-informasjonskompetanse"],"yoast_head":"<!-- This site is optimized with the Yoast SEO Premium plugin v27.1 (Yoast SEO v27.1.1) - https:\/\/yoast.com\/product\/yoast-seo-premium-wordpress\/ -->\n<title>Kildekritikkens dag 2026 - Kompetansebank<\/title>\n<meta name=\"description\" content=\"13. mars er Kildekritikkens dag. Hvert \u00e5r arrangerer Tenk konferanse som belyser viktige temaer med tilknytning til kildebevissthet.\" \/>\n<meta name=\"robots\" content=\"index, follow, max-snippet:-1, max-image-preview:large, max-video-preview:-1\" \/>\n<link rel=\"canonical\" href=\"https:\/\/bibliotekutvikling.no\/kompetansebank\/video\/kildekritikkens-dag-2026\/\" \/>\n<meta property=\"og:locale\" content=\"nb_NO\" \/>\n<meta property=\"og:type\" content=\"article\" \/>\n<meta property=\"og:title\" content=\"Kildekritikkens dag 2026\" \/>\n<meta property=\"og:description\" content=\"13. mars er Kildekritikkens dag. Hvert \u00e5r arrangerer Tenk konferanse som belyser viktige temaer med tilknytning til kildebevissthet.\" \/>\n<meta property=\"og:url\" content=\"https:\/\/bibliotekutvikling.no\/kompetansebank\/video\/kildekritikkens-dag-2026\/\" \/>\n<meta property=\"og:site_name\" content=\"Kompetansebank\" \/>\n<meta property=\"article:publisher\" content=\"https:\/\/www.facebook.com\/bibliotekutvikling\" \/>\n<meta property=\"article:modified_time\" content=\"2026-04-20T10:34:47+00:00\" \/>\n<meta property=\"og:image\" content=\"https:\/\/bibliotekutvikling.no\/content\/uploads\/sites\/24\/2026\/04\/kildekritikkens-dag-2026.jpg\" \/>\n\t<meta property=\"og:image:width\" content=\"1574\" \/>\n\t<meta property=\"og:image:height\" content=\"1032\" \/>\n\t<meta property=\"og:image:type\" content=\"image\/jpeg\" \/>\n<meta name=\"twitter:card\" content=\"summary_large_image\" \/>\n<meta name=\"twitter:label1\" content=\"Ansl. lesetid\" \/>\n\t<meta name=\"twitter:data1\" content=\"3 minutter\" \/>\n<script type=\"application\/ld+json\" class=\"yoast-schema-graph\">{\"@context\":\"https:\/\/schema.org\",\"@graph\":[{\"@type\":\"WebPage\",\"@id\":\"https:\/\/bibliotekutvikling.no\/kompetansebank\/video\/kildekritikkens-dag-2026\/\",\"url\":\"https:\/\/bibliotekutvikling.no\/kompetansebank\/video\/kildekritikkens-dag-2026\/\",\"name\":\"Kildekritikkens dag 2026 - Kompetansebank\",\"isPartOf\":{\"@id\":\"https:\/\/bibliotekutvikling.no\/kompetansebank\/#website\"},\"primaryImageOfPage\":{\"@id\":\"https:\/\/bibliotekutvikling.no\/kompetansebank\/video\/kildekritikkens-dag-2026\/#primaryimage\"},\"image\":{\"@id\":\"https:\/\/bibliotekutvikling.no\/kompetansebank\/video\/kildekritikkens-dag-2026\/#primaryimage\"},\"thumbnailUrl\":\"https:\/\/bibliotekutvikling.no\/content\/uploads\/sites\/24\/2026\/04\/kildekritikkens-dag-2026.jpg\",\"datePublished\":\"2026-04-10T14:11:13+00:00\",\"dateModified\":\"2026-04-20T10:34:47+00:00\",\"description\":\"13. mars er Kildekritikkens dag. Hvert \u00e5r arrangerer Tenk konferanse som belyser viktige temaer med tilknytning til kildebevissthet.\",\"breadcrumb\":{\"@id\":\"https:\/\/bibliotekutvikling.no\/kompetansebank\/video\/kildekritikkens-dag-2026\/#breadcrumb\"},\"inLanguage\":\"nb-NO\",\"potentialAction\":[{\"@type\":\"ReadAction\",\"target\":[\"https:\/\/bibliotekutvikling.no\/kompetansebank\/video\/kildekritikkens-dag-2026\/\"]}]},{\"@type\":\"ImageObject\",\"inLanguage\":\"nb-NO\",\"@id\":\"https:\/\/bibliotekutvikling.no\/kompetansebank\/video\/kildekritikkens-dag-2026\/#primaryimage\",\"url\":\"https:\/\/bibliotekutvikling.no\/content\/uploads\/sites\/24\/2026\/04\/kildekritikkens-dag-2026.jpg\",\"contentUrl\":\"https:\/\/bibliotekutvikling.no\/content\/uploads\/sites\/24\/2026\/04\/kildekritikkens-dag-2026.jpg\",\"width\":1574,\"height\":1032},{\"@type\":\"BreadcrumbList\",\"@id\":\"https:\/\/bibliotekutvikling.no\/kompetansebank\/video\/kildekritikkens-dag-2026\/#breadcrumb\",\"itemListElement\":[{\"@type\":\"ListItem\",\"position\":1,\"name\":\"Hjem\",\"item\":\"https:\/\/bibliotekutvikling.no\/kompetansebank\/\"},{\"@type\":\"ListItem\",\"position\":2,\"name\":\"Kildekritikkens dag 2026\"}]},{\"@type\":\"WebSite\",\"@id\":\"https:\/\/bibliotekutvikling.no\/kompetansebank\/#website\",\"url\":\"https:\/\/bibliotekutvikling.no\/kompetansebank\/\",\"name\":\"Kompetansebank\",\"description\":\"kurs og kunnskap for bibliotekansatte\",\"publisher\":{\"@id\":\"https:\/\/bibliotekutvikling.no\/kompetansebank\/#organization\"},\"potentialAction\":[{\"@type\":\"SearchAction\",\"target\":{\"@type\":\"EntryPoint\",\"urlTemplate\":\"https:\/\/bibliotekutvikling.no\/kompetansebank\/?s={search_term_string}\"},\"query-input\":{\"@type\":\"PropertyValueSpecification\",\"valueRequired\":true,\"valueName\":\"search_term_string\"}}],\"inLanguage\":\"nb-NO\"},{\"@type\":\"Organization\",\"@id\":\"https:\/\/bibliotekutvikling.no\/kompetansebank\/#organization\",\"name\":\"Bibliotekutvikling\",\"url\":\"https:\/\/bibliotekutvikling.no\/kompetansebank\/\",\"logo\":{\"@type\":\"ImageObject\",\"inLanguage\":\"nb-NO\",\"@id\":\"https:\/\/bibliotekutvikling.no\/kompetansebank\/#\/schema\/logo\/image\/\",\"url\":\"https:\/\/bibliotekutvikling.no\/content\/uploads\/sites\/24\/2023\/10\/Favikon-BU.png\",\"contentUrl\":\"https:\/\/bibliotekutvikling.no\/content\/uploads\/sites\/24\/2023\/10\/Favikon-BU.png\",\"width\":1055,\"height\":1054,\"caption\":\"Bibliotekutvikling\"},\"image\":{\"@id\":\"https:\/\/bibliotekutvikling.no\/kompetansebank\/#\/schema\/logo\/image\/\"},\"sameAs\":[\"https:\/\/www.facebook.com\/bibliotekutvikling\"]}]}<\/script>\n<!-- \/ Yoast SEO Premium plugin. -->","yoast_head_json":{"title":"Kildekritikkens dag 2026 - Kompetansebank","description":"13. mars er Kildekritikkens dag. Hvert \u00e5r arrangerer Tenk konferanse som belyser viktige temaer med tilknytning til kildebevissthet.","robots":{"index":"index","follow":"follow","max-snippet":"max-snippet:-1","max-image-preview":"max-image-preview:large","max-video-preview":"max-video-preview:-1"},"canonical":"https:\/\/bibliotekutvikling.no\/kompetansebank\/video\/kildekritikkens-dag-2026\/","og_locale":"nb_NO","og_type":"article","og_title":"Kildekritikkens dag 2026","og_description":"13. mars er Kildekritikkens dag. Hvert \u00e5r arrangerer Tenk konferanse som belyser viktige temaer med tilknytning til kildebevissthet.","og_url":"https:\/\/bibliotekutvikling.no\/kompetansebank\/video\/kildekritikkens-dag-2026\/","og_site_name":"Kompetansebank","article_publisher":"https:\/\/www.facebook.com\/bibliotekutvikling","article_modified_time":"2026-04-20T10:34:47+00:00","og_image":[{"width":1574,"height":1032,"url":"https:\/\/bibliotekutvikling.no\/content\/uploads\/sites\/24\/2026\/04\/kildekritikkens-dag-2026.jpg","type":"image\/jpeg"}],"twitter_card":"summary_large_image","twitter_misc":{"Ansl. lesetid":"3 minutter"},"schema":{"@context":"https:\/\/schema.org","@graph":[{"@type":"WebPage","@id":"https:\/\/bibliotekutvikling.no\/kompetansebank\/video\/kildekritikkens-dag-2026\/","url":"https:\/\/bibliotekutvikling.no\/kompetansebank\/video\/kildekritikkens-dag-2026\/","name":"Kildekritikkens dag 2026 - Kompetansebank","isPartOf":{"@id":"https:\/\/bibliotekutvikling.no\/kompetansebank\/#website"},"primaryImageOfPage":{"@id":"https:\/\/bibliotekutvikling.no\/kompetansebank\/video\/kildekritikkens-dag-2026\/#primaryimage"},"image":{"@id":"https:\/\/bibliotekutvikling.no\/kompetansebank\/video\/kildekritikkens-dag-2026\/#primaryimage"},"thumbnailUrl":"https:\/\/bibliotekutvikling.no\/content\/uploads\/sites\/24\/2026\/04\/kildekritikkens-dag-2026.jpg","datePublished":"2026-04-10T14:11:13+00:00","dateModified":"2026-04-20T10:34:47+00:00","description":"13. mars er Kildekritikkens dag. Hvert \u00e5r arrangerer Tenk konferanse som belyser viktige temaer med tilknytning til kildebevissthet.","breadcrumb":{"@id":"https:\/\/bibliotekutvikling.no\/kompetansebank\/video\/kildekritikkens-dag-2026\/#breadcrumb"},"inLanguage":"nb-NO","potentialAction":[{"@type":"ReadAction","target":["https:\/\/bibliotekutvikling.no\/kompetansebank\/video\/kildekritikkens-dag-2026\/"]}]},{"@type":"ImageObject","inLanguage":"nb-NO","@id":"https:\/\/bibliotekutvikling.no\/kompetansebank\/video\/kildekritikkens-dag-2026\/#primaryimage","url":"https:\/\/bibliotekutvikling.no\/content\/uploads\/sites\/24\/2026\/04\/kildekritikkens-dag-2026.jpg","contentUrl":"https:\/\/bibliotekutvikling.no\/content\/uploads\/sites\/24\/2026\/04\/kildekritikkens-dag-2026.jpg","width":1574,"height":1032},{"@type":"BreadcrumbList","@id":"https:\/\/bibliotekutvikling.no\/kompetansebank\/video\/kildekritikkens-dag-2026\/#breadcrumb","itemListElement":[{"@type":"ListItem","position":1,"name":"Hjem","item":"https:\/\/bibliotekutvikling.no\/kompetansebank\/"},{"@type":"ListItem","position":2,"name":"Kildekritikkens dag 2026"}]},{"@type":"WebSite","@id":"https:\/\/bibliotekutvikling.no\/kompetansebank\/#website","url":"https:\/\/bibliotekutvikling.no\/kompetansebank\/","name":"Kompetansebank","description":"kurs og kunnskap for bibliotekansatte","publisher":{"@id":"https:\/\/bibliotekutvikling.no\/kompetansebank\/#organization"},"potentialAction":[{"@type":"SearchAction","target":{"@type":"EntryPoint","urlTemplate":"https:\/\/bibliotekutvikling.no\/kompetansebank\/?s={search_term_string}"},"query-input":{"@type":"PropertyValueSpecification","valueRequired":true,"valueName":"search_term_string"}}],"inLanguage":"nb-NO"},{"@type":"Organization","@id":"https:\/\/bibliotekutvikling.no\/kompetansebank\/#organization","name":"Bibliotekutvikling","url":"https:\/\/bibliotekutvikling.no\/kompetansebank\/","logo":{"@type":"ImageObject","inLanguage":"nb-NO","@id":"https:\/\/bibliotekutvikling.no\/kompetansebank\/#\/schema\/logo\/image\/","url":"https:\/\/bibliotekutvikling.no\/content\/uploads\/sites\/24\/2023\/10\/Favikon-BU.png","contentUrl":"https:\/\/bibliotekutvikling.no\/content\/uploads\/sites\/24\/2023\/10\/Favikon-BU.png","width":1055,"height":1054,"caption":"Bibliotekutvikling"},"image":{"@id":"https:\/\/bibliotekutvikling.no\/kompetansebank\/#\/schema\/logo\/image\/"},"sameAs":["https:\/\/www.facebook.com\/bibliotekutvikling"]}]}},"_links":{"self":[{"href":"https:\/\/bibliotekutvikling.no\/kompetansebank\/wp-json\/wp\/v2\/content-video\/44878","targetHints":{"allow":["GET"]}}],"collection":[{"href":"https:\/\/bibliotekutvikling.no\/kompetansebank\/wp-json\/wp\/v2\/content-video"}],"about":[{"href":"https:\/\/bibliotekutvikling.no\/kompetansebank\/wp-json\/wp\/v2\/types\/content-video"}],"author":[{"embeddable":true,"href":"https:\/\/bibliotekutvikling.no\/kompetansebank\/wp-json\/wp\/v2\/users\/6868"}],"wp:featuredmedia":[{"embeddable":true,"href":"https:\/\/bibliotekutvikling.no\/kompetansebank\/wp-json\/wp\/v2\/media\/44884"}],"wp:attachment":[{"href":"https:\/\/bibliotekutvikling.no\/kompetansebank\/wp-json\/wp\/v2\/media?parent=44878"}],"wp:term":[{"taxonomy":"content-duration","embeddable":true,"href":"https:\/\/bibliotekutvikling.no\/kompetansebank\/wp-json\/wp\/v2\/content-duration?post=44878"},{"taxonomy":"content-topic","embeddable":true,"href":"https:\/\/bibliotekutvikling.no\/kompetansebank\/wp-json\/wp\/v2\/content-topic?post=44878"}],"curies":[{"name":"wp","href":"https:\/\/api.w.org\/{rel}","templated":true}]}}