{"id":43211,"date":"2020-01-15T09:44:00","date_gmt":"2020-01-15T08:44:00","guid":{"rendered":"https:\/\/bibliotekutvikling.no\/kompetansebank\/?post_type=content-resource&#038;p=43211"},"modified":"2026-04-22T14:43:44","modified_gmt":"2026-04-22T12:43:44","slug":"noen-publikasjoner-om-bibliotek-og-demens","status":"publish","type":"content-resource","link":"https:\/\/bibliotekutvikling.no\/kompetansebank\/ressurs\/demensvennlig-bibliotek\/kunnskap-om-demens\/noen-publikasjoner-om-bibliotek-og-demens\/","title":{"rendered":"Noen publikasjoner om bibliotek og demens"},"content":{"rendered":"\n<p>Det er gj\u00f8res en del\u00a0forskning p\u00e5 effekten av tilbud til mennesker med demens i bibliotekene.\u00a0Vi har\u00a0samlet noen artikler her og vil fylle p\u00e5 med flere. Send oss gjerne lenker hvis dere kommer over relevante artikler, s\u00e5 kan vi dele dem her.\u00a0Enkelte av artiklene handler om aktivitetstilbud til mennesker med demens generelt.<br><\/p>\n\n\n\n<h2 class=\"wp-block-heading\" id=\"h-artikkelsamling-i-library-trends\">Artikkelsamling i Library Trends<\/h2>\n\n\n\n<p>I denne utgaven av Library Trends fra november 2025 er det flere artikler som omhandler folkebibliotek og demens.&nbsp; <a href=\"https:\/\/muse.jhu.edu\/issue\/56013\" target=\"_blank\" rel=\"noreferrer noopener\">Les artiklene i Library Trends<\/a>&nbsp;<\/p>\n\n\n\n<h2 class=\"wp-block-heading\" id=\"h-shared-reading\">Shared Reading<\/h2>\n\n\n\n<p>Vi har valgt \u00e5 ta med noen artikler som omhandler effekten av Shared Reading. Et par av dem er av eldre dato, men fortsatt aktuelle.<\/p>\n\n\n\n<ul class=\"wp-block-list\">\n<li>DeVries, D., et al.\u00a0(2025). &laquo;Shared Reading with Older Adults Who Have Dementia: A Pilot Study.&raquo;\u202f<a href=\"https:\/\/js.sagamorepub.com\/index.php\/trj\/article\/view\/12006\" target=\"_blank\" rel=\"noreferrer noopener\">Therapeutic Recreation Journal\u202f<strong>59<\/strong>(1).<\/a>\u00a0<\/li>\n\n\n\n<li>Tanger\u00e5s, T. M. (2022). &laquo;Moments of meeting: A case study of Shared Reading of poetry in a care home.&raquo;\u202f<a href=\"https:\/\/doi.org\/10.3389\/fpsyg.2022.965122\">Frontiers in Psychology\u202f<strong>13<\/strong>: 965122.\u00a0<\/a><\/li>\n<\/ul>\n\n\n\n<ul class=\"wp-block-list\">\n<li>Longden, E., et al. (2016). &laquo;An evaluation of shared reading groups for adults living with dementia: Preliminary findings.&raquo;\u202f<a href=\"https:\/\/www.emerald.com\/jpmh\/article-abstract\/15\/2\/75\/240731\/An-evaluation-of-shared-reading-groups-for-adults?redirectedFrom=fulltext\">Journal of Public Mental Health\u202f<strong>15<\/strong>(2): 75\u201382.<\/a>\u00a0Denne artikkelen har medforfattere fra The Reader i Liverpool.<\/li>\n\n\n\n<li>Billingten et. al. (2013) A literature-based intervention for older people living with dementia. <a href=\"https:\/\/nor01.safelinks.protection.outlook.com\/?url=https%3A%2F%2Fliverpool.primo.exlibrisgroup.com%2Fdiscovery%2Ffulldisplay%3Fdocid%3Dalma991023437181907351%26context%3DL%26vid%3D44LIV_INST%3A44LIV_INST%26lang%3Den%26search_scope%3DMyInst_and_CI%26adaptor%3DLocal%2520Search%2520Engine%26tab%3DEverything%26query%3Dany%2Ccontains%2C%2522a%2520literature-based%2520intervention%2520for%2520older%2520people%2520living%2520with%2520dementia%2522%26offset%3D0&amp;data=05%7C02%7Ctrine.mellem%40tromsfylke.no%7C0be32ca40245420e5f8c08de9f80deba%7Ca05263c06e6b4b8b9e2979fa5e3d8a4d%7C1%7C0%7C639123573000909380%7CUnknown%7CTWFpbGZsb3d8eyJFbXB0eU1hcGkiOnRydWUsIlYiOiIwLjAuMDAwMCIsIlAiOiJXaW4zMiIsIkFOIjoiTWFpbCIsIldUIjoyfQ%3D%3D%7C0%7C%7C%7C&amp;sdata=YSrBr%2FDaBbda4G2t0hEA01X%2FMcgWhgXhIlNn5HRxbYs%3D&amp;reserved=0\">University of Liverpool<\/a>.<\/li>\n<\/ul>\n\n\n\n<h2 class=\"wp-block-heading\" id=\"h-american-library-assosiation\">American Library Assosiation<\/h2>\n\n\n\n<p><br>Her&nbsp;finner&nbsp;dere&nbsp;artikkelen&nbsp;fra&nbsp;juni&nbsp;2025&nbsp;<a href=\"https:\/\/nor01.safelinks.protection.outlook.com\/?url=https%3A%2F%2Fprogramminglibrarian.org%2Farticles%2Fmaking-dementia-friendly-libraries&amp;data=05%7C02%7Ctrine.mellem%40tromsfylke.no%7Cd348baf9611d4865d87108de0ca64b97%7Ca05263c06e6b4b8b9e2979fa5e3d8a4d%7C1%7C0%7C638962105570940103%7CUnknown%7CTWFpbGZsb3d8eyJFbXB0eU1hcGkiOnRydWUsIlYiOiIwLjAuMDAwMCIsIlAiOiJXaW4zMiIsIkFOIjoiTWFpbCIsIldUIjoyfQ%3D%3D%7C0%7C%7C%7C&amp;sdata=QtV8R%2BdCuIut9h7F65TIkzQc2GpYEeMAkZMLn819m48%3D&amp;reserved=0\" target=\"_blank\" rel=\"noreferrer noopener\">Making Dementia-Friendly Libraries | Programming Librarian<\/a>&nbsp;<\/p>\n\n\n\n<p>Her er en samling relevante artikler fra American Library&nbsp;Assosiation&nbsp;<\/p>\n\n\n\n<p>&nbsp;<a href=\"https:\/\/nor01.safelinks.protection.outlook.com\/?url=https%3A%2F%2Fwww.ala.org%2Fadvocacy%2Fdiversity%2Fservices-alzheimers&amp;data=05%7C02%7Ctrine.mellem%40tromsfylke.no%7Cd348baf9611d4865d87108de0ca64b97%7Ca05263c06e6b4b8b9e2979fa5e3d8a4d%7C1%7C0%7C638962105570954550%7CUnknown%7CTWFpbGZsb3d8eyJFbXB0eU1hcGkiOnRydWUsIlYiOiIwLjAuMDAwMCIsIlAiOiJXaW4zMiIsIkFOIjoiTWFpbCIsIldUIjoyfQ%3D%3D%7C0%7C%7C%7C&amp;sdata=xHaW%2FM8LX3aiwn4O92NAglVcsjPkVcfkPWfS0KiGiCM%3D&amp;reserved=0\" target=\"_blank\" rel=\"noreferrer noopener\">Library Services for Patrons with Dementia\/Alzheimer&#8217;s | ALA<\/a>&nbsp;<\/p>\n\n\n\n<h2 class=\"wp-block-heading\" id=\"h-forebygging-av-demens\">Forebygging av demens<\/h2>\n\n\n\n<p>En uavhengig internasjonal gruppe med eksperter,&nbsp;<a href=\"https:\/\/nor01.safelinks.protection.outlook.com\/?url=https%3A%2F%2Fwww.thelancet.com%2Farticle%2FS0140-6736(20)30367-6%2Ffulltext&amp;data=05%7C02%7CTrine.mellem%40tromsfylke.no%7Cf66c3eb4ff264bdc523108de0fca804e%7Ca05263c06e6b4b8b9e2979fa5e3d8a4d%7C1%7C0%7C638965559627164078%7CUnknown%7CTWFpbGZsb3d8eyJFbXB0eU1hcGkiOnRydWUsIlYiOiIwLjAuMDAwMCIsIlAiOiJXaW4zMiIsIkFOIjoiTWFpbCIsIldUIjoyfQ%3D%3D%7C0%7C%7C%7C&amp;sdata=E5nS5EwHdltimhpFjS6pmtwWJwGEDVFFrX09bKTCpnU%3D&amp;reserved=0\" target=\"_blank\" rel=\"noreferrer noopener\"><em>The Lancet Commission&nbsp;<\/em><\/a>gjennomgikk litteraturen p\u00e5 forebygging av demens i&nbsp;<a href=\"https:\/\/nor01.safelinks.protection.outlook.com\/?url=https%3A%2F%2Fpubmed.ncbi.nlm.nih.gov%2F28735855%2F&amp;data=05%7C02%7CTrine.mellem%40tromsfylke.no%7Cf66c3eb4ff264bdc523108de0fca804e%7Ca05263c06e6b4b8b9e2979fa5e3d8a4d%7C1%7C0%7C638965559627178554%7CUnknown%7CTWFpbGZsb3d8eyJFbXB0eU1hcGkiOnRydWUsIlYiOiIwLjAuMDAwMCIsIlAiOiJXaW4zMiIsIkFOIjoiTWFpbCIsIldUIjoyfQ%3D%3D%7C0%7C%7C%7C&amp;sdata=AZ87N%2FGqq8SQRZPWGF%2BNMnIaWMwsTjewodgJWKoAXPM%3D&amp;reserved=0\" target=\"_blank\" rel=\"noreferrer noopener\">2017<\/a>,&nbsp;<a href=\"https:\/\/nor01.safelinks.protection.outlook.com\/?url=https%3A%2F%2Fwww.thelancet.com%2Farticle%2FS0140-6736(20)30367-6%2Ffulltext&amp;data=05%7C02%7CTrine.mellem%40tromsfylke.no%7Cf66c3eb4ff264bdc523108de0fca804e%7Ca05263c06e6b4b8b9e2979fa5e3d8a4d%7C1%7C0%7C638965559627193196%7CUnknown%7CTWFpbGZsb3d8eyJFbXB0eU1hcGkiOnRydWUsIlYiOiIwLjAuMDAwMCIsIlAiOiJXaW4zMiIsIkFOIjoiTWFpbCIsIldUIjoyfQ%3D%3D%7C0%7C%7C%7C&amp;sdata=%2FwH7rPtVyJlzTwKM8sURt%2FPsQM6xYnEcd2vNblDQ9Fo%3D&amp;reserved=0\" target=\"_blank\" rel=\"noreferrer noopener\">2020<\/a>&nbsp;og i&nbsp;<a href=\"https:\/\/nor01.safelinks.protection.outlook.com\/?url=https%3A%2F%2Fdoi.org%2F10.1016%2FS0140-6736(24)01296-0&amp;data=05%7C02%7CTrine.mellem%40tromsfylke.no%7Cf66c3eb4ff264bdc523108de0fca804e%7Ca05263c06e6b4b8b9e2979fa5e3d8a4d%7C1%7C0%7C638965559627207159%7CUnknown%7CTWFpbGZsb3d8eyJFbXB0eU1hcGkiOnRydWUsIlYiOiIwLjAuMDAwMCIsIlAiOiJXaW4zMiIsIkFOIjoiTWFpbCIsIldUIjoyfQ%3D%3D%7C0%7C%7C%7C&amp;sdata=AtT7psnJg%2FwSGoIOI%2BhVpF5mB6F7KWoD5B0voICPvlw%3D&amp;reserved=0\" target=\"_blank\" rel=\"noreferrer noopener\">2024<\/a>. De har p\u00e5 bakgrunn av det beskrevet de 14 mest kjente risikofaktorene for demens.\u00bb&nbsp;Vi ser at fokebibliotekene kan m\u00f8te i alle fall to av disse faktorene.<\/p>\n\n\n\n<p><a href=\"https:\/\/nor01.safelinks.protection.outlook.com\/?url=https%3A%2F%2Fwww.aldringoghelse.no%2Fdemens%2Fforebygging-av-demens%2F&amp;data=05%7C02%7CTrine.mellem%40tromsfylke.no%7Cf66c3eb4ff264bdc523108de0fca804e%7Ca05263c06e6b4b8b9e2979fa5e3d8a4d%7C1%7C0%7C638965559627220699%7CUnknown%7CTWFpbGZsb3d8eyJFbXB0eU1hcGkiOnRydWUsIlYiOiIwLjAuMDAwMCIsIlAiOiJXaW4zMiIsIkFOIjoiTWFpbCIsIldUIjoyfQ%3D%3D%7C0%7C%7C%7C&amp;sdata=iP0lzDk8kHCs0r8IZDM1sL3EFtf%2B1ufy62jcqsyKyhM%3D&amp;reserved=0\" target=\"_blank\" rel=\"noreferrer noopener\">Forebygging av demens &#8211; Nasjonalt senter for aldring og helse<\/a>&nbsp;<\/p>\n\n\n\n<h2 class=\"wp-block-heading\" id=\"h-memory-room-project-dementia-friendly-nbsp-libraries-nbsp-nbsp\">Memory Room Project \u2013 Dementia-friendly&nbsp;libraries&nbsp;&nbsp;<\/h2>\n\n\n\n<p>Dette er en australsk rapport fra 2023 om et arbeid som ble gjort&nbsp;da prosjektmidler&nbsp;ga en mulighet til \u00e5 l\u00e6re om demens, vurdere behovene i&nbsp;det&nbsp;lokale Newcastle-samfunnet, og utforme og levere programmer for \u00e5 m\u00f8te dette behovet. <a href=\"https:\/\/www.johila.org\/index.php\/Johila\/article\/view\/128\" target=\"_blank\" rel=\"noreferrer noopener\">Les om prosjektet p\u00e5 JoHILA <\/a><\/p>\n\n\n\n<h2 class=\"wp-block-heading\" id=\"h-moter-med-litteratur\">M\u00f8ter med litteratur<\/h2>\n\n\n\n<p>Form\u00e5let med prosjektet M\u00f8ter med litteratur var \u00e5 inspirere og st\u00f8tte bibliotekene til \u00e5 \u00e5pne opp sine aktiviteter ytterligere og bidra til et demensvennlig samfunn.&nbsp;Rapporten er fra 2015, men innholdet er fortsatt relevant.<\/p>\n\n\n\n<p><a href=\"https:\/\/www.demenscentrum.se\/Arbeta-med-demens\/Demensvanligt-samhalle\/moten-med-litteratur2\/\" target=\"_blank\" rel=\"noreferrer noopener\">Les om prosjektet p\u00e5 Svensk demenscentrum<\/a>&nbsp;<\/p>\n\n\n\n<h2 class=\"wp-block-heading\" id=\"h-effekten-av-dagaktivitetstilbud\">Effekten av dagaktivitetstilbud <\/h2>\n\n\n\n<p>Doktoravhandling av Margit Gausdal Stranden\u00e6s. <strong>Day care for people with dementia: A service to promote activity and quality of life<\/strong>. <a href=\"https:\/\/nva.sikt.no\/registration\/019c90d58923-15761262-8ae5-49ed-8e51-56e036fdf106\">Les avhandlingen i Nasjonalt vitenarkiv<\/a><\/p>\n\n\n\n<p><br>Self-reported&nbsp;quality&nbsp;of&nbsp;life&nbsp;in&nbsp;people&nbsp;with dementia attending a&nbsp;day-care&nbsp;programme&nbsp;in Norway: A 24-month&nbsp;quasi-experimental&nbsp;study, 2021. <br><a href=\"https:\/\/onlinelibrary.wiley.com\/doi\/10.1111\/hsc.13455\" target=\"_blank\" rel=\"noreferrer noopener\">Les artikkelen p\u00e5 Wiley Online Library<\/a>&nbsp;<\/p>\n\n\n\n<p>Facilitation&nbsp;of&nbsp;activities&nbsp;for&nbsp;people&nbsp;with dementia in&nbsp;day&nbsp;care&nbsp;: a&nbsp;qualitative&nbsp;study&nbsp;exploring&nbsp;the&nbsp;experiences&nbsp;of&nbsp;staff, 2019. <br><a href=\"https:\/\/nor01.safelinks.protection.outlook.com\/?url=https%3A%2F%2Fdoi.org%2F10.2147%2FJMDH.S198024&amp;data=05%7C02%7CTrine.mellem%40tromsfylke.no%7Cf66c3eb4ff264bdc523108de0fca804e%7Ca05263c06e6b4b8b9e2979fa5e3d8a4d%7C1%7C0%7C638965559627278720%7CUnknown%7CTWFpbGZsb3d8eyJFbXB0eU1hcGkiOnRydWUsIlYiOiIwLjAuMDAwMCIsIlAiOiJXaW4zMiIsIkFOIjoiTWFpbCIsIldUIjoyfQ%3D%3D%7C0%7C%7C%7C&amp;sdata=MnbMVP63vbMTEGdmTl60m5Qk5yV4YvWiL%2FRxVbqrBew%3D&amp;reserved=0\" target=\"_blank\" rel=\"noreferrer noopener\">Les artikkelen p\u00e5 Dove Medical Press<\/a>&nbsp;<\/p>\n","protected":false},"excerpt":{"rendered":"","protected":false},"author":6868,"featured_media":0,"parent":40766,"menu_order":0,"template":"","meta":{"nb_hide_title":false,"content_core_is_hidden":true,"contact_organization_name":"","contact_organization_url":"","contact_person_full_name":"","contact_person_email":"","single_header_image_is_disabled":true,"single_header_image_attachment_id":0,"single_header_image_attachment_url":""},"content-duration":[],"content-topic":[],"class_list":["post-43211","content-resource","type-content-resource","status-publish","hentry"],"yoast_head":"<!-- This site is optimized with the Yoast SEO Premium plugin v27.1 (Yoast SEO v27.1.1) - https:\/\/yoast.com\/product\/yoast-seo-premium-wordpress\/ -->\n<title>Noen publikasjoner om bibliotek og demens - Kompetansebank<\/title>\n<meta name=\"robots\" content=\"index, follow, max-snippet:-1, max-image-preview:large, max-video-preview:-1\" \/>\n<link rel=\"canonical\" href=\"https:\/\/bibliotekutvikling.no\/kompetansebank\/ressurs\/demensvennlig-bibliotek\/kunnskap-om-demens\/noen-publikasjoner-om-bibliotek-og-demens\/\" \/>\n<meta property=\"og:locale\" content=\"nb_NO\" \/>\n<meta property=\"og:type\" content=\"article\" \/>\n<meta property=\"og:title\" content=\"Noen publikasjoner om bibliotek og demens\" \/>\n<meta property=\"og:url\" content=\"https:\/\/bibliotekutvikling.no\/kompetansebank\/ressurs\/demensvennlig-bibliotek\/kunnskap-om-demens\/noen-publikasjoner-om-bibliotek-og-demens\/\" \/>\n<meta property=\"og:site_name\" content=\"Kompetansebank\" \/>\n<meta property=\"article:publisher\" content=\"https:\/\/www.facebook.com\/bibliotekutvikling\" \/>\n<meta property=\"article:modified_time\" content=\"2026-04-22T12:43:44+00:00\" \/>\n<meta name=\"twitter:card\" content=\"summary_large_image\" \/>\n<meta name=\"twitter:label1\" content=\"Ansl. lesetid\" \/>\n\t<meta name=\"twitter:data1\" content=\"3 minutter\" \/>\n<script type=\"application\/ld+json\" class=\"yoast-schema-graph\">{\"@context\":\"https:\/\/schema.org\",\"@graph\":[{\"@type\":\"WebPage\",\"@id\":\"https:\/\/bibliotekutvikling.no\/kompetansebank\/ressurs\/demensvennlig-bibliotek\/kunnskap-om-demens\/noen-publikasjoner-om-bibliotek-og-demens\/\",\"url\":\"https:\/\/bibliotekutvikling.no\/kompetansebank\/ressurs\/demensvennlig-bibliotek\/kunnskap-om-demens\/noen-publikasjoner-om-bibliotek-og-demens\/\",\"name\":\"Noen publikasjoner om bibliotek og demens - Kompetansebank\",\"isPartOf\":{\"@id\":\"https:\/\/bibliotekutvikling.no\/kompetansebank\/#website\"},\"datePublished\":\"2020-01-15T08:44:00+00:00\",\"dateModified\":\"2026-04-22T12:43:44+00:00\",\"breadcrumb\":{\"@id\":\"https:\/\/bibliotekutvikling.no\/kompetansebank\/ressurs\/demensvennlig-bibliotek\/kunnskap-om-demens\/noen-publikasjoner-om-bibliotek-og-demens\/#breadcrumb\"},\"inLanguage\":\"nb-NO\",\"potentialAction\":[{\"@type\":\"ReadAction\",\"target\":[\"https:\/\/bibliotekutvikling.no\/kompetansebank\/ressurs\/demensvennlig-bibliotek\/kunnskap-om-demens\/noen-publikasjoner-om-bibliotek-og-demens\/\"]}]},{\"@type\":\"BreadcrumbList\",\"@id\":\"https:\/\/bibliotekutvikling.no\/kompetansebank\/ressurs\/demensvennlig-bibliotek\/kunnskap-om-demens\/noen-publikasjoner-om-bibliotek-og-demens\/#breadcrumb\",\"itemListElement\":[{\"@type\":\"ListItem\",\"position\":1,\"name\":\"Hjem\",\"item\":\"https:\/\/bibliotekutvikling.no\/kompetansebank\/\"},{\"@type\":\"ListItem\",\"position\":2,\"name\":\"Demensvennlig bibliotek\",\"item\":\"https:\/\/bibliotekutvikling.no\/kompetansebank\/ressurs\/demensvennlig-bibliotek\/\"},{\"@type\":\"ListItem\",\"position\":3,\"name\":\"Kunnskap om demens\",\"item\":\"https:\/\/bibliotekutvikling.no\/kompetansebank\/ressurs\/demensvennlig-bibliotek\/kunnskap-om-demens\/\"},{\"@type\":\"ListItem\",\"position\":4,\"name\":\"Noen publikasjoner om bibliotek og demens\"}]},{\"@type\":\"WebSite\",\"@id\":\"https:\/\/bibliotekutvikling.no\/kompetansebank\/#website\",\"url\":\"https:\/\/bibliotekutvikling.no\/kompetansebank\/\",\"name\":\"Kompetansebank\",\"description\":\"kurs og kunnskap for bibliotekansatte\",\"publisher\":{\"@id\":\"https:\/\/bibliotekutvikling.no\/kompetansebank\/#organization\"},\"potentialAction\":[{\"@type\":\"SearchAction\",\"target\":{\"@type\":\"EntryPoint\",\"urlTemplate\":\"https:\/\/bibliotekutvikling.no\/kompetansebank\/?s={search_term_string}\"},\"query-input\":{\"@type\":\"PropertyValueSpecification\",\"valueRequired\":true,\"valueName\":\"search_term_string\"}}],\"inLanguage\":\"nb-NO\"},{\"@type\":\"Organization\",\"@id\":\"https:\/\/bibliotekutvikling.no\/kompetansebank\/#organization\",\"name\":\"Bibliotekutvikling\",\"url\":\"https:\/\/bibliotekutvikling.no\/kompetansebank\/\",\"logo\":{\"@type\":\"ImageObject\",\"inLanguage\":\"nb-NO\",\"@id\":\"https:\/\/bibliotekutvikling.no\/kompetansebank\/#\/schema\/logo\/image\/\",\"url\":\"https:\/\/bibliotekutvikling.no\/content\/uploads\/sites\/24\/2023\/10\/Favikon-BU.png\",\"contentUrl\":\"https:\/\/bibliotekutvikling.no\/content\/uploads\/sites\/24\/2023\/10\/Favikon-BU.png\",\"width\":1055,\"height\":1054,\"caption\":\"Bibliotekutvikling\"},\"image\":{\"@id\":\"https:\/\/bibliotekutvikling.no\/kompetansebank\/#\/schema\/logo\/image\/\"},\"sameAs\":[\"https:\/\/www.facebook.com\/bibliotekutvikling\"]}]}<\/script>\n<!-- \/ Yoast SEO Premium plugin. -->","yoast_head_json":{"title":"Noen publikasjoner om bibliotek og demens - Kompetansebank","robots":{"index":"index","follow":"follow","max-snippet":"max-snippet:-1","max-image-preview":"max-image-preview:large","max-video-preview":"max-video-preview:-1"},"canonical":"https:\/\/bibliotekutvikling.no\/kompetansebank\/ressurs\/demensvennlig-bibliotek\/kunnskap-om-demens\/noen-publikasjoner-om-bibliotek-og-demens\/","og_locale":"nb_NO","og_type":"article","og_title":"Noen publikasjoner om bibliotek og demens","og_url":"https:\/\/bibliotekutvikling.no\/kompetansebank\/ressurs\/demensvennlig-bibliotek\/kunnskap-om-demens\/noen-publikasjoner-om-bibliotek-og-demens\/","og_site_name":"Kompetansebank","article_publisher":"https:\/\/www.facebook.com\/bibliotekutvikling","article_modified_time":"2026-04-22T12:43:44+00:00","twitter_card":"summary_large_image","twitter_misc":{"Ansl. lesetid":"3 minutter"},"schema":{"@context":"https:\/\/schema.org","@graph":[{"@type":"WebPage","@id":"https:\/\/bibliotekutvikling.no\/kompetansebank\/ressurs\/demensvennlig-bibliotek\/kunnskap-om-demens\/noen-publikasjoner-om-bibliotek-og-demens\/","url":"https:\/\/bibliotekutvikling.no\/kompetansebank\/ressurs\/demensvennlig-bibliotek\/kunnskap-om-demens\/noen-publikasjoner-om-bibliotek-og-demens\/","name":"Noen publikasjoner om bibliotek og demens - Kompetansebank","isPartOf":{"@id":"https:\/\/bibliotekutvikling.no\/kompetansebank\/#website"},"datePublished":"2020-01-15T08:44:00+00:00","dateModified":"2026-04-22T12:43:44+00:00","breadcrumb":{"@id":"https:\/\/bibliotekutvikling.no\/kompetansebank\/ressurs\/demensvennlig-bibliotek\/kunnskap-om-demens\/noen-publikasjoner-om-bibliotek-og-demens\/#breadcrumb"},"inLanguage":"nb-NO","potentialAction":[{"@type":"ReadAction","target":["https:\/\/bibliotekutvikling.no\/kompetansebank\/ressurs\/demensvennlig-bibliotek\/kunnskap-om-demens\/noen-publikasjoner-om-bibliotek-og-demens\/"]}]},{"@type":"BreadcrumbList","@id":"https:\/\/bibliotekutvikling.no\/kompetansebank\/ressurs\/demensvennlig-bibliotek\/kunnskap-om-demens\/noen-publikasjoner-om-bibliotek-og-demens\/#breadcrumb","itemListElement":[{"@type":"ListItem","position":1,"name":"Hjem","item":"https:\/\/bibliotekutvikling.no\/kompetansebank\/"},{"@type":"ListItem","position":2,"name":"Demensvennlig bibliotek","item":"https:\/\/bibliotekutvikling.no\/kompetansebank\/ressurs\/demensvennlig-bibliotek\/"},{"@type":"ListItem","position":3,"name":"Kunnskap om demens","item":"https:\/\/bibliotekutvikling.no\/kompetansebank\/ressurs\/demensvennlig-bibliotek\/kunnskap-om-demens\/"},{"@type":"ListItem","position":4,"name":"Noen publikasjoner om bibliotek og demens"}]},{"@type":"WebSite","@id":"https:\/\/bibliotekutvikling.no\/kompetansebank\/#website","url":"https:\/\/bibliotekutvikling.no\/kompetansebank\/","name":"Kompetansebank","description":"kurs og kunnskap for bibliotekansatte","publisher":{"@id":"https:\/\/bibliotekutvikling.no\/kompetansebank\/#organization"},"potentialAction":[{"@type":"SearchAction","target":{"@type":"EntryPoint","urlTemplate":"https:\/\/bibliotekutvikling.no\/kompetansebank\/?s={search_term_string}"},"query-input":{"@type":"PropertyValueSpecification","valueRequired":true,"valueName":"search_term_string"}}],"inLanguage":"nb-NO"},{"@type":"Organization","@id":"https:\/\/bibliotekutvikling.no\/kompetansebank\/#organization","name":"Bibliotekutvikling","url":"https:\/\/bibliotekutvikling.no\/kompetansebank\/","logo":{"@type":"ImageObject","inLanguage":"nb-NO","@id":"https:\/\/bibliotekutvikling.no\/kompetansebank\/#\/schema\/logo\/image\/","url":"https:\/\/bibliotekutvikling.no\/content\/uploads\/sites\/24\/2023\/10\/Favikon-BU.png","contentUrl":"https:\/\/bibliotekutvikling.no\/content\/uploads\/sites\/24\/2023\/10\/Favikon-BU.png","width":1055,"height":1054,"caption":"Bibliotekutvikling"},"image":{"@id":"https:\/\/bibliotekutvikling.no\/kompetansebank\/#\/schema\/logo\/image\/"},"sameAs":["https:\/\/www.facebook.com\/bibliotekutvikling"]}]}},"_links":{"self":[{"href":"https:\/\/bibliotekutvikling.no\/kompetansebank\/wp-json\/wp\/v2\/content-resource\/43211","targetHints":{"allow":["GET"]}}],"collection":[{"href":"https:\/\/bibliotekutvikling.no\/kompetansebank\/wp-json\/wp\/v2\/content-resource"}],"about":[{"href":"https:\/\/bibliotekutvikling.no\/kompetansebank\/wp-json\/wp\/v2\/types\/content-resource"}],"author":[{"embeddable":true,"href":"https:\/\/bibliotekutvikling.no\/kompetansebank\/wp-json\/wp\/v2\/users\/6868"}],"up":[{"embeddable":true,"href":"https:\/\/bibliotekutvikling.no\/kompetansebank\/wp-json\/wp\/v2\/content-resource\/40766"}],"wp:attachment":[{"href":"https:\/\/bibliotekutvikling.no\/kompetansebank\/wp-json\/wp\/v2\/media?parent=43211"}],"wp:term":[{"taxonomy":"content-duration","embeddable":true,"href":"https:\/\/bibliotekutvikling.no\/kompetansebank\/wp-json\/wp\/v2\/content-duration?post=43211"},{"taxonomy":"content-topic","embeddable":true,"href":"https:\/\/bibliotekutvikling.no\/kompetansebank\/wp-json\/wp\/v2\/content-topic?post=43211"}],"curies":[{"name":"wp","href":"https:\/\/api.w.org\/{rel}","templated":true}]}}