{"id":40774,"date":"2019-08-21T18:42:00","date_gmt":"2019-08-21T16:42:00","guid":{"rendered":"https:\/\/bibliotekutvikling.no\/kompetansebank\/?post_type=content-resource&#038;p=40774"},"modified":"2026-04-13T13:31:40","modified_gmt":"2026-04-13T11:31:40","slug":"universell-utforming-for-personer-med-demens","status":"publish","type":"content-resource","link":"https:\/\/bibliotekutvikling.no\/kompetansebank\/ressurs\/demensvennlig-bibliotek\/universell-utforming-for-personer-med-demens\/","title":{"rendered":"Universell utforming for personer med demens"},"content":{"rendered":"\n<p>Universell utforming handler om \u00e5 gj\u00f8re omgivelser tilgjengelig og brukervennlig for alle. Dersom biblioteket ditt er relativt nytt, har det sannsynligvis allerede mange l\u00f8sninger som f\u00f8lger prinsippene for universell utforming. Disse tiltakene gagner alle \u2013 ogs\u00e5 brukere med demens.<\/p>\n\n\n\n<p>Likevel er det viktig \u00e5 v\u00e6re klar over at det finnes enkelte behov hos personer med demens som krever en litt annen tiln\u00e6rming. Derfor kan det v\u00e6re nyttig \u00e5 se n\u00e6rmere p\u00e5 hvordan vi kan gj\u00f8re bibliotekrommet enda mer st\u00f8ttende og oversiktlig for denne brukergruppen.<\/p>\n\n\n\n<h2 class=\"wp-block-heading\" id=\"h-tilrettelegging-av-lokaler-sju-omrader\">Tilrettelegging av lokaler \u2013 sju omr\u00e5der<\/h2>\n\n\n\n<p>N\u00e5r vi skal tilrettelegge for personer med demens, er det spesielt sju omr\u00e5der som krever ekstra oppmerksomhet. Hvert punkt p\u00e5 listen under har en direktelenke til en kort informasjonsfilm (utarbeidet av Nasjonalforeningen for folkehelse).<\/p>\n\n\n\n<ol class=\"wp-block-list\">\n<li><a href=\"https:\/\/vimeo.com\/307504237\" target=\"_blank\" rel=\"noreferrer noopener\">Veien og gulvet vi g\u00e5r p\u00e5<\/a><\/li>\n\n\n\n<li><a href=\"https:\/\/vimeo.com\/307504341\" target=\"_blank\" rel=\"noreferrer noopener\">Bruk av kontraster og farger<\/a><\/li>\n\n\n\n<li><a href=\"https:\/\/vimeo.com\/307504302\" target=\"_blank\" rel=\"noreferrer noopener\">Bruk av skilt<\/a><\/li>\n\n\n\n<li><a href=\"https:\/\/vimeo.com\/307504358\" target=\"_blank\" rel=\"noreferrer noopener\">Lys og lysforhold<\/a><\/li>\n\n\n\n<li><a href=\"https:\/\/vimeo.com\/1011254285\" target=\"_blank\" rel=\"noreferrer noopener\">Orden og ryddighet<\/a>&nbsp;<\/li>\n\n\n\n<li><a href=\"https:\/\/vimeo.com\/307504377\" target=\"_blank\" rel=\"noreferrer noopener\">Enkel og brukervennlig teknologi<\/a><\/li>\n\n\n\n<li><a href=\"https:\/\/vimeo.com\/1011254225\" target=\"_blank\" rel=\"noreferrer noopener\">Gjenkjennelighet<\/a><\/li>\n<\/ol>\n\n\n\n<p>Mer informasjon rundt omr\u00e5dene og filmene finner du her:&nbsp;<a href=\"https:\/\/nasjonalforeningen.no\/tilbud\/kommuner-og-demens\/demens-og-universell-utforming2\/\" target=\"_blank\" rel=\"noreferrer noopener\">Demens og universell utforming<\/a><\/p>\n\n\n\n<p>Husk at du ogs\u00e5 finner utfyllende informasjon dersom du har tilgang til&nbsp;<a href=\"https:\/\/signups.motimate.app\/nb\/nasjonalforeningen\">nettkurset<\/a>&nbsp;<a href=\"https:\/\/signups.motimate.app\/nb\/nasjonalforeningen\" target=\"_blank\" rel=\"noreferrer noopener\">fra Nasjonalforeningen for folkehelse om demensvennlig samfunn<\/a> og <a href=\"https:\/\/bibliotekutvikling.no\/content\/uploads\/sites\/24\/2025\/08\/Rettleiar-til-nettkurs-Demensvennleg-bibliote.pdf\" target=\"_blank\" rel=\"noreferrer noopener\">veilederen med de bibliotekretta oppgavene<\/a> .<\/p>\n\n\n\t<div class=\"t2-image-carousel is-fit-contain alignwide wp-block-t2-image-carousel\" aria-label=\"Image carousel with 4 images\" itemscope itemtype=\"http:\/\/schema.org\/ImageGallery\">\n\t\t<div\n\t\t\tid=\"t2-image-carousel-swiper\"\n\t\t\tclass=\"t2-image-carousel-swiper\"\n\t\t\ttabindex=\"0\"\n\t\t\taria-label=\"Image Carousel\"\n\t\t\tdata-slides-per-view=\"2\"\n\t\t\tdata-auto-centered=\"yes\"\n\t\t\tdata-responsive=\"{&quot;breakpointMobile&quot;:640,&quot;spaceBetween&quot;:16,&quot;spaceBetweenMobile&quot;:16}\"\n\t\t\tdata-effect=\"slide\"\n\t\t\tdata-lightbox-id=\"t2-lightbox\"\n\t\t\tdata-show-pagination=\"0\"\n\t\t\tdata-show-thumbnails=\"0\"\n\t\t\trole=\"region\"\t\t>\n\t\t\t<button type=\"button\" class=\"t2-image-carousel--prev\">\n\t\t\t\t<svg xmlns=\"http:\/\/www.w3.org\/2000\/svg\" viewBox=\"0 0 24 24\" height=\"24\" width=\"24\" class=\"t2-icon t2-icon-arrowback\" aria-hidden=\"true\" focusable=\"false\"><path d=\"m10.9 19.3-6.6-6.6c-.1-.1-.2-.2-.2-.3-.1-.1-.1-.3-.1-.4 0-.1 0-.3.1-.4 0-.1.1-.2.2-.3l6.6-6.6c.2-.2.4-.3.7-.3.3 0 .5.1.7.3.2.2.3.4.3.7 0 .3-.1.5-.3.7L7.4 11h11.2c.3 0 .5.1.7.3.2.2.3.4.3.7s-.1.5-.3.7c-.2.2-.4.3-.7.3H7.4l4.9 4.9c.2.2.3.4.3.7 0 .3-.1.5-.3.7-.2.2-.4.3-.7.3s-.5-.1-.7-.3z\" fill=\"currentColor\" \/><\/svg>\t\t\t<\/button>\n\t\t\t<button type=\"button\" class=\"t2-image-carousel--next\">\n\t\t\t\t<svg xmlns=\"http:\/\/www.w3.org\/2000\/svg\" viewBox=\"0 0 24 24\" height=\"24\" width=\"24\" class=\"t2-icon t2-icon-arrowforward\" aria-hidden=\"true\" focusable=\"false\"><path d=\"M11.3 19.3c-.2-.2-.3-.4-.3-.7 0-.3.1-.5.3-.7l4.9-4.9H5c-.3 0-.5-.1-.7-.3-.2-.2-.3-.4-.3-.7s.1-.5.3-.7c.2-.2.4-.3.7-.3h11.2l-4.9-4.9c-.2-.2-.3-.4-.3-.7 0-.3.1-.5.3-.7.2-.2.4-.3.7-.3s.5.1.7.3l6.6 6.6c.1.1.2.2.2.3 0 .1.1.3.1.4 0 .1 0 .3-.1.4 0 .1-.1.2-.2.3l-6.6 6.6c-.2.2-.4.3-.7.3s-.5-.1-.7-.3z\" fill=\"currentColor\" \/><\/svg>\t\t\t<\/button>\n\t\t\t<div class=\"swiper-wrapper\">\n\t\t\t\t\t\t\t\t\t<figure\n\t\t\t\t\t\titemprop=\"associatedMedia\"\n\t\t\t\t\t\titemscope\n\t\t\t\t\t\tdata-lightbox-item-id=\"0\"\n\t\t\t\t\t\titemtype=\"http:\/\/schema.org\/ImageObject\" class=\"t2-image-carousel-item swiper-slide\" >\n\t\t\t\t\t\t<button\n\t\t\t\t\t\t\ttype=\"button\"\n\t\t\t\t\t\t\tclass=\"t2-image-carousel--lightbox-trigger\"\n\t\t\t\t\t\t\ttitle=\"Open image in lightbox\"\n\t\t\t\t\t\t\taria-label=\"Open image in lightbox\"\n\t\t\t\t\t\t\tdisabled>\n\t\t\t\t\t\t\t<svg xmlns=\"http:\/\/www.w3.org\/2000\/svg\" viewBox=\"0 0 24 24\" height=\"24\" width=\"24\" class=\"t2-icon t2-icon-zoom\" aria-hidden=\"true\" focusable=\"false\"><path d=\"M 5.333 2 C 3.493 2 2 3.493 2 5.333 L 2 8.667 L 4.5 8.667 L 4.5 5.333 C 4.5 4.873 4.873 4.5 5.333 4.5 L 8.667 4.5 L 8.667 2 L 5.333 2 Z M 8.667 19.5 L 5.333 19.5 C 4.873 19.5 4.5 19.127 4.5 18.667 L 4.5 15.333 L 2 15.333 L 2 18.667 C 2 20.507 3.493 22 5.333 22 L 8.667 22 L 8.667 19.5 Z M 15.333 22 L 15.333 19.5 L 18.667 19.5 C 19.127 19.5 19.5 19.127 19.5 18.667 L 19.5 15.333 L 22 15.333 L 22 18.667 C 22 20.507 20.507 22 18.667 22 L 15.333 22 Z M 18.667 2 C 20.507 2 22 3.493 22 5.333 L 22 8.667 L 19.5 8.667 L 19.5 5.333 C 19.5 4.873 19.127 4.5 18.667 4.5 L 15.333 4.5 L 15.333 2 L 18.667 2 Z\" fill=\"currentColor\" \/><\/svg>\t\t\t\t\t\t<\/button>\n\t\t\t\t\t\t<img loading=\"lazy\" decoding=\"async\" width=\"2560\" height=\"1706\" src=\"https:\/\/bibliotekutvikling.no\/content\/uploads\/sites\/24\/2025\/08\/Oppsahl-bibliotek\u00a9-Fredrik-NaumannFelix-Features-scaled.jpg\" class=\"t2-image-carousel-image\" alt=\"Tydelig merket skranke p\u00e5 Oppsal bibliotek. Oppsal bibliotek \u00a9 Fredrik Naumann\/Felix Features\" itemprop=\"thumbnail\" style=\"max-height:80vh\" srcset=\"https:\/\/bibliotekutvikling.no\/content\/uploads\/sites\/24\/2025\/08\/Oppsahl-bibliotek\u00a9-Fredrik-NaumannFelix-Features-scaled.jpg 2560w, https:\/\/bibliotekutvikling.no\/content\/uploads\/sites\/24\/2025\/08\/Oppsahl-bibliotek\u00a9-Fredrik-NaumannFelix-Features-300x200.jpg 300w, https:\/\/bibliotekutvikling.no\/content\/uploads\/sites\/24\/2025\/08\/Oppsahl-bibliotek\u00a9-Fredrik-NaumannFelix-Features-1024x683.jpg 1024w, https:\/\/bibliotekutvikling.no\/content\/uploads\/sites\/24\/2025\/08\/Oppsahl-bibliotek\u00a9-Fredrik-NaumannFelix-Features-768x512.jpg 768w, https:\/\/bibliotekutvikling.no\/content\/uploads\/sites\/24\/2025\/08\/Oppsahl-bibliotek\u00a9-Fredrik-NaumannFelix-Features-1536x1024.jpg 1536w, https:\/\/bibliotekutvikling.no\/content\/uploads\/sites\/24\/2025\/08\/Oppsahl-bibliotek\u00a9-Fredrik-NaumannFelix-Features-2048x1365.jpg 2048w\" sizes=\"auto, (max-width: 2560px) 100vw, 2560px\" \/><figcaption class=\"wp-element-caption\">Tydelig merket skranke p\u00e5 Oppsal bibliotek. Oppsal bibliotek\n\u00a9 Fredrik Naumann\/Felix Features<\/figcaption>\t\t\t\t\t<\/figure>\n\t\t\t\t\t\t\t\t\t\t<figure\n\t\t\t\t\t\titemprop=\"associatedMedia\"\n\t\t\t\t\t\titemscope\n\t\t\t\t\t\tdata-lightbox-item-id=\"1\"\n\t\t\t\t\t\titemtype=\"http:\/\/schema.org\/ImageObject\" class=\"t2-image-carousel-item swiper-slide\" >\n\t\t\t\t\t\t<button\n\t\t\t\t\t\t\ttype=\"button\"\n\t\t\t\t\t\t\tclass=\"t2-image-carousel--lightbox-trigger\"\n\t\t\t\t\t\t\ttitle=\"Open image in lightbox\"\n\t\t\t\t\t\t\taria-label=\"Open image in lightbox\"\n\t\t\t\t\t\t\tdisabled>\n\t\t\t\t\t\t\t<svg xmlns=\"http:\/\/www.w3.org\/2000\/svg\" viewBox=\"0 0 24 24\" height=\"24\" width=\"24\" class=\"t2-icon t2-icon-zoom\" aria-hidden=\"true\" focusable=\"false\"><path d=\"M 5.333 2 C 3.493 2 2 3.493 2 5.333 L 2 8.667 L 4.5 8.667 L 4.5 5.333 C 4.5 4.873 4.873 4.5 5.333 4.5 L 8.667 4.5 L 8.667 2 L 5.333 2 Z M 8.667 19.5 L 5.333 19.5 C 4.873 19.5 4.5 19.127 4.5 18.667 L 4.5 15.333 L 2 15.333 L 2 18.667 C 2 20.507 3.493 22 5.333 22 L 8.667 22 L 8.667 19.5 Z M 15.333 22 L 15.333 19.5 L 18.667 19.5 C 19.127 19.5 19.5 19.127 19.5 18.667 L 19.5 15.333 L 22 15.333 L 22 18.667 C 22 20.507 20.507 22 18.667 22 L 15.333 22 Z M 18.667 2 C 20.507 2 22 3.493 22 5.333 L 22 8.667 L 19.5 8.667 L 19.5 5.333 C 19.5 4.873 19.127 4.5 18.667 4.5 L 15.333 4.5 L 15.333 2 L 18.667 2 Z\" fill=\"currentColor\" \/><\/svg>\t\t\t\t\t\t<\/button>\n\t\t\t\t\t\t<img loading=\"lazy\" decoding=\"async\" width=\"2560\" height=\"1707\" src=\"https:\/\/bibliotekutvikling.no\/content\/uploads\/sites\/24\/2025\/08\/FNA_181023_0258-scaled-1.jpg\" class=\"t2-image-carousel-image\" alt=\"Enkel tilkomst til lokalet og skranken p\u00e5 Halden bibliotek \u00a9 Fredrik Naumann\/Felix Features\" itemprop=\"thumbnail\" style=\"max-height:80vh\" srcset=\"https:\/\/bibliotekutvikling.no\/content\/uploads\/sites\/24\/2025\/08\/FNA_181023_0258-scaled-1.jpg 2560w, https:\/\/bibliotekutvikling.no\/content\/uploads\/sites\/24\/2025\/08\/FNA_181023_0258-scaled-1-300x200.jpg 300w, https:\/\/bibliotekutvikling.no\/content\/uploads\/sites\/24\/2025\/08\/FNA_181023_0258-scaled-1-1024x683.jpg 1024w, https:\/\/bibliotekutvikling.no\/content\/uploads\/sites\/24\/2025\/08\/FNA_181023_0258-scaled-1-768x512.jpg 768w, https:\/\/bibliotekutvikling.no\/content\/uploads\/sites\/24\/2025\/08\/FNA_181023_0258-scaled-1-1536x1024.jpg 1536w, https:\/\/bibliotekutvikling.no\/content\/uploads\/sites\/24\/2025\/08\/FNA_181023_0258-scaled-1-2048x1366.jpg 2048w\" sizes=\"auto, (max-width: 2560px) 100vw, 2560px\" \/><figcaption class=\"wp-element-caption\">Enkel tilkomst til lokalet og skranken p\u00e5 Halden bibliotek\n\u00a9 Fredrik Naumann\/Felix Features<\/figcaption>\t\t\t\t\t<\/figure>\n\t\t\t\t\t\t\t\t\t\t<figure\n\t\t\t\t\t\titemprop=\"associatedMedia\"\n\t\t\t\t\t\titemscope\n\t\t\t\t\t\tdata-lightbox-item-id=\"2\"\n\t\t\t\t\t\titemtype=\"http:\/\/schema.org\/ImageObject\" class=\"t2-image-carousel-item swiper-slide\" >\n\t\t\t\t\t\t<button\n\t\t\t\t\t\t\ttype=\"button\"\n\t\t\t\t\t\t\tclass=\"t2-image-carousel--lightbox-trigger\"\n\t\t\t\t\t\t\ttitle=\"Open image in lightbox\"\n\t\t\t\t\t\t\taria-label=\"Open image in lightbox\"\n\t\t\t\t\t\t\tdisabled>\n\t\t\t\t\t\t\t<svg xmlns=\"http:\/\/www.w3.org\/2000\/svg\" viewBox=\"0 0 24 24\" height=\"24\" width=\"24\" class=\"t2-icon t2-icon-zoom\" aria-hidden=\"true\" focusable=\"false\"><path d=\"M 5.333 2 C 3.493 2 2 3.493 2 5.333 L 2 8.667 L 4.5 8.667 L 4.5 5.333 C 4.5 4.873 4.873 4.5 5.333 4.5 L 8.667 4.5 L 8.667 2 L 5.333 2 Z M 8.667 19.5 L 5.333 19.5 C 4.873 19.5 4.5 19.127 4.5 18.667 L 4.5 15.333 L 2 15.333 L 2 18.667 C 2 20.507 3.493 22 5.333 22 L 8.667 22 L 8.667 19.5 Z M 15.333 22 L 15.333 19.5 L 18.667 19.5 C 19.127 19.5 19.5 19.127 19.5 18.667 L 19.5 15.333 L 22 15.333 L 22 18.667 C 22 20.507 20.507 22 18.667 22 L 15.333 22 Z M 18.667 2 C 20.507 2 22 3.493 22 5.333 L 22 8.667 L 19.5 8.667 L 19.5 5.333 C 19.5 4.873 19.127 4.5 18.667 4.5 L 15.333 4.5 L 15.333 2 L 18.667 2 Z\" fill=\"currentColor\" \/><\/svg>\t\t\t\t\t\t<\/button>\n\t\t\t\t\t\t<img loading=\"lazy\" decoding=\"async\" width=\"2560\" height=\"1707\" src=\"https:\/\/bibliotekutvikling.no\/content\/uploads\/sites\/24\/2025\/08\/Oppsal-bibliotek\u00a9-Fredrik-NaumannFelix-Features-scaled.jpg\" class=\"t2-image-carousel-image\" alt=\"Oppsal bibliotek \u00a9 Fredrik Naumann\/Felix Features\" itemprop=\"thumbnail\" style=\"max-height:80vh\" srcset=\"https:\/\/bibliotekutvikling.no\/content\/uploads\/sites\/24\/2025\/08\/Oppsal-bibliotek\u00a9-Fredrik-NaumannFelix-Features-scaled.jpg 2560w, https:\/\/bibliotekutvikling.no\/content\/uploads\/sites\/24\/2025\/08\/Oppsal-bibliotek\u00a9-Fredrik-NaumannFelix-Features-300x200.jpg 300w, https:\/\/bibliotekutvikling.no\/content\/uploads\/sites\/24\/2025\/08\/Oppsal-bibliotek\u00a9-Fredrik-NaumannFelix-Features-1024x683.jpg 1024w, https:\/\/bibliotekutvikling.no\/content\/uploads\/sites\/24\/2025\/08\/Oppsal-bibliotek\u00a9-Fredrik-NaumannFelix-Features-768x512.jpg 768w, https:\/\/bibliotekutvikling.no\/content\/uploads\/sites\/24\/2025\/08\/Oppsal-bibliotek\u00a9-Fredrik-NaumannFelix-Features-1536x1024.jpg 1536w, https:\/\/bibliotekutvikling.no\/content\/uploads\/sites\/24\/2025\/08\/Oppsal-bibliotek\u00a9-Fredrik-NaumannFelix-Features-2048x1365.jpg 2048w\" sizes=\"auto, (max-width: 2560px) 100vw, 2560px\" \/><figcaption class=\"wp-element-caption\">Bruk av kontraster for \u00e5 fremheve og skjule p\u00e5 Oppsal bibliotek. Foto: Fredrik Naumann\/Felix Features<\/figcaption>\t\t\t\t\t<\/figure>\n\t\t\t\t\t\t\t\t\t\t<figure\n\t\t\t\t\t\titemprop=\"associatedMedia\"\n\t\t\t\t\t\titemscope\n\t\t\t\t\t\tdata-lightbox-item-id=\"3\"\n\t\t\t\t\t\titemtype=\"http:\/\/schema.org\/ImageObject\" class=\"t2-image-carousel-item swiper-slide\" >\n\t\t\t\t\t\t<button\n\t\t\t\t\t\t\ttype=\"button\"\n\t\t\t\t\t\t\tclass=\"t2-image-carousel--lightbox-trigger\"\n\t\t\t\t\t\t\ttitle=\"Open image in lightbox\"\n\t\t\t\t\t\t\taria-label=\"Open image in lightbox\"\n\t\t\t\t\t\t\tdisabled>\n\t\t\t\t\t\t\t<svg xmlns=\"http:\/\/www.w3.org\/2000\/svg\" viewBox=\"0 0 24 24\" height=\"24\" width=\"24\" class=\"t2-icon t2-icon-zoom\" aria-hidden=\"true\" focusable=\"false\"><path d=\"M 5.333 2 C 3.493 2 2 3.493 2 5.333 L 2 8.667 L 4.5 8.667 L 4.5 5.333 C 4.5 4.873 4.873 4.5 5.333 4.5 L 8.667 4.5 L 8.667 2 L 5.333 2 Z M 8.667 19.5 L 5.333 19.5 C 4.873 19.5 4.5 19.127 4.5 18.667 L 4.5 15.333 L 2 15.333 L 2 18.667 C 2 20.507 3.493 22 5.333 22 L 8.667 22 L 8.667 19.5 Z M 15.333 22 L 15.333 19.5 L 18.667 19.5 C 19.127 19.5 19.5 19.127 19.5 18.667 L 19.5 15.333 L 22 15.333 L 22 18.667 C 22 20.507 20.507 22 18.667 22 L 15.333 22 Z M 18.667 2 C 20.507 2 22 3.493 22 5.333 L 22 8.667 L 19.5 8.667 L 19.5 5.333 C 19.5 4.873 19.127 4.5 18.667 4.5 L 15.333 4.5 L 15.333 2 L 18.667 2 Z\" fill=\"currentColor\" \/><\/svg>\t\t\t\t\t\t<\/button>\n\t\t\t\t\t\t<img loading=\"lazy\" decoding=\"async\" width=\"2560\" height=\"1707\" src=\"https:\/\/bibliotekutvikling.no\/content\/uploads\/sites\/24\/2025\/08\/Raufoss-bibliotek_-Fredrik-NaumannFelix-Features-scaled.jpg\" class=\"t2-image-carousel-image\" alt=\"\" itemprop=\"thumbnail\" style=\"max-height:80vh\" srcset=\"https:\/\/bibliotekutvikling.no\/content\/uploads\/sites\/24\/2025\/08\/Raufoss-bibliotek_-Fredrik-NaumannFelix-Features-scaled.jpg 2560w, https:\/\/bibliotekutvikling.no\/content\/uploads\/sites\/24\/2025\/08\/Raufoss-bibliotek_-Fredrik-NaumannFelix-Features-300x200.jpg 300w, https:\/\/bibliotekutvikling.no\/content\/uploads\/sites\/24\/2025\/08\/Raufoss-bibliotek_-Fredrik-NaumannFelix-Features-1024x683.jpg 1024w, https:\/\/bibliotekutvikling.no\/content\/uploads\/sites\/24\/2025\/08\/Raufoss-bibliotek_-Fredrik-NaumannFelix-Features-768x512.jpg 768w, https:\/\/bibliotekutvikling.no\/content\/uploads\/sites\/24\/2025\/08\/Raufoss-bibliotek_-Fredrik-NaumannFelix-Features-1536x1024.jpg 1536w, https:\/\/bibliotekutvikling.no\/content\/uploads\/sites\/24\/2025\/08\/Raufoss-bibliotek_-Fredrik-NaumannFelix-Features-2048x1366.jpg 2048w\" sizes=\"auto, (max-width: 2560px) 100vw, 2560px\" \/><figcaption class=\"wp-element-caption\">Raufoss bibliotek\n\n\n\u00a9 Fredrik Naumann\/Felix Features<\/figcaption>\t\t\t\t\t<\/figure>\n\t\t\t\t\t\t\t\t<\/div>\n\t\t\t\t\t<\/div>\n\n\t\t\n\t\t<div class=\"t2-lightbox\" hidden>\n\t\t\t<div\n\t\t\t\trole=\"dialog\"\n\t\t\t\tclass=\"t2-lightbox-dialog\"\n\t\t\t\tid=\"t2-lightbox\"\n\t\t\t\taria-modal=\"true\"\n\t\t\t\taria-label=\"Lysbilder\"\n\t\t\t>\n\t\t\t\t<button\n\t\t\t\t\ttype=\"button\"\n\t\t\t\t\tclass=\"t2-lightbox--close\"\n\t\t\t\t\tonclick=\"t2LightboxClose()\"\n\t\t\t\t\taria-label=\"Lukk lysbildedialog\"\n\t\t\t\t>\n\t\t\t\t\tLukk<svg xmlns=\"http:\/\/www.w3.org\/2000\/svg\" viewBox=\"0 0 24 24\" height=\"24\" width=\"24\" class=\"t2-icon t2-icon-close\" aria-hidden=\"true\" focusable=\"false\"><path d=\"M5.7 5.817c-.248.111-.458.425-.458.683 0 .31.068.386 2.92 3.24l2.757 2.761-2.74 2.739c-2.837 2.836-2.94 2.951-2.938 3.258.002.263.243.605.492.699.16.061.405.053.578-.019.104-.043.992-.904 2.919-2.829L12 13.581l2.77 2.768c1.927 1.925 2.815 2.786 2.919 2.829.313.13.641.057.86-.191.249-.284.266-.591.052-.911-.065-.097-1.333-1.391-2.819-2.876l-2.701-2.699 2.757-2.761c2.852-2.854 2.92-2.93 2.92-3.24 0-.259-.242-.604-.491-.697a.87.87 0 0 0-.578.019c-.104.043-.992.904-2.919 2.829L12 11.419 9.23 8.651C7.303 6.726 6.415 5.865 6.311 5.822a.87.87 0 0 0-.611-.005\"\/><\/svg>\t\t\t\t<\/button>\n\t\t\t\t<button\n\t\t\t\t\ttype=\"button\"\n\t\t\t\t\tclass=\"t2-lightbox--prev\"\n\t\t\t\t\taria-controls=\"t2-lightbox-items\"\n\t\t\t\t\taria-label=\"Forrige bilde\"\n\t\t\t\t\tonClick=\"t2LightboxPrev()\"\n\t\t\t\t>\n\t\t\t\t\t<svg xmlns=\"http:\/\/www.w3.org\/2000\/svg\" viewBox=\"0 0 24 24\" height=\"24\" width=\"24\" class=\"t2-icon t2-icon-arrowback\" aria-hidden=\"true\" focusable=\"false\"><path d=\"m10.9 19.3-6.6-6.6c-.1-.1-.2-.2-.2-.3-.1-.1-.1-.3-.1-.4 0-.1 0-.3.1-.4 0-.1.1-.2.2-.3l6.6-6.6c.2-.2.4-.3.7-.3.3 0 .5.1.7.3.2.2.3.4.3.7 0 .3-.1.5-.3.7L7.4 11h11.2c.3 0 .5.1.7.3.2.2.3.4.3.7s-.1.5-.3.7c-.2.2-.4.3-.7.3H7.4l4.9 4.9c.2.2.3.4.3.7 0 .3-.1.5-.3.7-.2.2-.4.3-.7.3s-.5-.1-.7-.3z\" fill=\"currentColor\" \/><\/svg>\t\t\t\t<\/button>\n\t\t\t\t<button\n\t\t\t\t\ttype=\"button\"\n\t\t\t\t\tclass=\"t2-lightbox--next\"\n\t\t\t\t\taria-controls=\"t2-lightbox-items\"\n\t\t\t\t\taria-label=\"Neste bilde\"\n\t\t\t\t\tonClick=\"t2LightboxNext()\"\n\t\t\t\t>\n\t\t\t\t\t<svg xmlns=\"http:\/\/www.w3.org\/2000\/svg\" viewBox=\"0 0 24 24\" height=\"24\" width=\"24\" class=\"t2-icon t2-icon-arrowforward\" aria-hidden=\"true\" focusable=\"false\"><path d=\"M11.3 19.3c-.2-.2-.3-.4-.3-.7 0-.3.1-.5.3-.7l4.9-4.9H5c-.3 0-.5-.1-.7-.3-.2-.2-.3-.4-.3-.7s.1-.5.3-.7c.2-.2.4-.3.7-.3h11.2l-4.9-4.9c-.2-.2-.3-.4-.3-.7 0-.3.1-.5.3-.7.2-.2.4-.3.7-.3s.5.1.7.3l6.6 6.6c.1.1.2.2.2.3 0 .1.1.3.1.4 0 .1 0 .3-.1.4 0 .1-.1.2-.2.3l-6.6 6.6c-.2.2-.4.3-.7.3s-.5-.1-.7-.3z\" fill=\"currentColor\" \/><\/svg>\t\t\t\t<\/button>\n\t\t\t\t<div class=\"t2-lightbox-items\" id=\"t2-lightbox-items\" aria-live=\"off\">\n\t\t\t\t\t\t\t\t\t\t\t<figure\n\t\t\t\t\t\t\tclass=\"t2-lightbox-item has-caption\"\n\t\t\t\t\t\t\trole=\"group\"\n\t\t\t\t\t\t\taria-roledescription=\"lysbilde\"\n\t\t\t\t\t\t\taria-label=\"0 av 4\"\n\t\t\t\t\t\t\thidden\n\t\t\t\t\t\t>\n\t\t\t\t\t\t\t<img loading=\"lazy\" decoding=\"async\" width=\"2560\" height=\"1706\" src=\"https:\/\/bibliotekutvikling.no\/content\/uploads\/sites\/24\/2025\/08\/Oppsahl-bibliotek\u00a9-Fredrik-NaumannFelix-Features-scaled.jpg\" class=\"attachment-full size-full\" alt=\"Tydelig merket skranke p\u00e5 Oppsal bibliotek. Oppsal bibliotek \u00a9 Fredrik Naumann\/Felix Features\" srcset=\"https:\/\/bibliotekutvikling.no\/content\/uploads\/sites\/24\/2025\/08\/Oppsahl-bibliotek\u00a9-Fredrik-NaumannFelix-Features-scaled.jpg 2560w, https:\/\/bibliotekutvikling.no\/content\/uploads\/sites\/24\/2025\/08\/Oppsahl-bibliotek\u00a9-Fredrik-NaumannFelix-Features-300x200.jpg 300w, https:\/\/bibliotekutvikling.no\/content\/uploads\/sites\/24\/2025\/08\/Oppsahl-bibliotek\u00a9-Fredrik-NaumannFelix-Features-1024x683.jpg 1024w, https:\/\/bibliotekutvikling.no\/content\/uploads\/sites\/24\/2025\/08\/Oppsahl-bibliotek\u00a9-Fredrik-NaumannFelix-Features-768x512.jpg 768w, https:\/\/bibliotekutvikling.no\/content\/uploads\/sites\/24\/2025\/08\/Oppsahl-bibliotek\u00a9-Fredrik-NaumannFelix-Features-1536x1024.jpg 1536w, https:\/\/bibliotekutvikling.no\/content\/uploads\/sites\/24\/2025\/08\/Oppsahl-bibliotek\u00a9-Fredrik-NaumannFelix-Features-2048x1365.jpg 2048w\" sizes=\"auto, (max-width: 2560px) 100vw, 2560px\" \/><figcaption class=\"wp-element-caption\">Tydelig merket skranke p\u00e5 Oppsal bibliotek. Oppsal bibliotek\n\u00a9 Fredrik Naumann\/Felix Features<\/figcaption>\t\t\t\t\t\t<\/figure>\n\t\t\t\t\t\t\t\t\t\t\t\t<figure\n\t\t\t\t\t\t\tclass=\"t2-lightbox-item has-caption\"\n\t\t\t\t\t\t\trole=\"group\"\n\t\t\t\t\t\t\taria-roledescription=\"lysbilde\"\n\t\t\t\t\t\t\taria-label=\"1 av 4\"\n\t\t\t\t\t\t\thidden\n\t\t\t\t\t\t>\n\t\t\t\t\t\t\t<img loading=\"lazy\" decoding=\"async\" width=\"2560\" height=\"1707\" src=\"https:\/\/bibliotekutvikling.no\/content\/uploads\/sites\/24\/2025\/08\/FNA_181023_0258-scaled-1.jpg\" class=\"attachment-full size-full\" alt=\"Enkel tilkomst til lokalet og skranken p\u00e5 Halden bibliotek \u00a9 Fredrik Naumann\/Felix Features\" srcset=\"https:\/\/bibliotekutvikling.no\/content\/uploads\/sites\/24\/2025\/08\/FNA_181023_0258-scaled-1.jpg 2560w, https:\/\/bibliotekutvikling.no\/content\/uploads\/sites\/24\/2025\/08\/FNA_181023_0258-scaled-1-300x200.jpg 300w, https:\/\/bibliotekutvikling.no\/content\/uploads\/sites\/24\/2025\/08\/FNA_181023_0258-scaled-1-1024x683.jpg 1024w, https:\/\/bibliotekutvikling.no\/content\/uploads\/sites\/24\/2025\/08\/FNA_181023_0258-scaled-1-768x512.jpg 768w, https:\/\/bibliotekutvikling.no\/content\/uploads\/sites\/24\/2025\/08\/FNA_181023_0258-scaled-1-1536x1024.jpg 1536w, https:\/\/bibliotekutvikling.no\/content\/uploads\/sites\/24\/2025\/08\/FNA_181023_0258-scaled-1-2048x1366.jpg 2048w\" sizes=\"auto, (max-width: 2560px) 100vw, 2560px\" \/><figcaption class=\"wp-element-caption\">Enkel tilkomst til lokalet og skranken p\u00e5 Halden bibliotek\n\u00a9 Fredrik Naumann\/Felix Features<\/figcaption>\t\t\t\t\t\t<\/figure>\n\t\t\t\t\t\t\t\t\t\t\t\t<figure\n\t\t\t\t\t\t\tclass=\"t2-lightbox-item has-caption\"\n\t\t\t\t\t\t\trole=\"group\"\n\t\t\t\t\t\t\taria-roledescription=\"lysbilde\"\n\t\t\t\t\t\t\taria-label=\"2 av 4\"\n\t\t\t\t\t\t\thidden\n\t\t\t\t\t\t>\n\t\t\t\t\t\t\t<img loading=\"lazy\" decoding=\"async\" width=\"2560\" height=\"1707\" src=\"https:\/\/bibliotekutvikling.no\/content\/uploads\/sites\/24\/2025\/08\/Oppsal-bibliotek\u00a9-Fredrik-NaumannFelix-Features-scaled.jpg\" class=\"attachment-full size-full\" alt=\"Oppsal bibliotek \u00a9 Fredrik Naumann\/Felix Features\" srcset=\"https:\/\/bibliotekutvikling.no\/content\/uploads\/sites\/24\/2025\/08\/Oppsal-bibliotek\u00a9-Fredrik-NaumannFelix-Features-scaled.jpg 2560w, https:\/\/bibliotekutvikling.no\/content\/uploads\/sites\/24\/2025\/08\/Oppsal-bibliotek\u00a9-Fredrik-NaumannFelix-Features-300x200.jpg 300w, https:\/\/bibliotekutvikling.no\/content\/uploads\/sites\/24\/2025\/08\/Oppsal-bibliotek\u00a9-Fredrik-NaumannFelix-Features-1024x683.jpg 1024w, https:\/\/bibliotekutvikling.no\/content\/uploads\/sites\/24\/2025\/08\/Oppsal-bibliotek\u00a9-Fredrik-NaumannFelix-Features-768x512.jpg 768w, https:\/\/bibliotekutvikling.no\/content\/uploads\/sites\/24\/2025\/08\/Oppsal-bibliotek\u00a9-Fredrik-NaumannFelix-Features-1536x1024.jpg 1536w, https:\/\/bibliotekutvikling.no\/content\/uploads\/sites\/24\/2025\/08\/Oppsal-bibliotek\u00a9-Fredrik-NaumannFelix-Features-2048x1365.jpg 2048w\" sizes=\"auto, (max-width: 2560px) 100vw, 2560px\" \/><figcaption class=\"wp-element-caption\">Bruk av kontraster for \u00e5 fremheve og skjule p\u00e5 Oppsal bibliotek. Foto: Fredrik Naumann\/Felix Features<\/figcaption>\t\t\t\t\t\t<\/figure>\n\t\t\t\t\t\t\t\t\t\t\t\t<figure\n\t\t\t\t\t\t\tclass=\"t2-lightbox-item has-caption\"\n\t\t\t\t\t\t\trole=\"group\"\n\t\t\t\t\t\t\taria-roledescription=\"lysbilde\"\n\t\t\t\t\t\t\taria-label=\"3 av 4\"\n\t\t\t\t\t\t\thidden\n\t\t\t\t\t\t>\n\t\t\t\t\t\t\t<img loading=\"lazy\" decoding=\"async\" width=\"2560\" height=\"1707\" src=\"https:\/\/bibliotekutvikling.no\/content\/uploads\/sites\/24\/2025\/08\/Raufoss-bibliotek_-Fredrik-NaumannFelix-Features-scaled.jpg\" class=\"attachment-full size-full\" alt=\"\" srcset=\"https:\/\/bibliotekutvikling.no\/content\/uploads\/sites\/24\/2025\/08\/Raufoss-bibliotek_-Fredrik-NaumannFelix-Features-scaled.jpg 2560w, https:\/\/bibliotekutvikling.no\/content\/uploads\/sites\/24\/2025\/08\/Raufoss-bibliotek_-Fredrik-NaumannFelix-Features-300x200.jpg 300w, https:\/\/bibliotekutvikling.no\/content\/uploads\/sites\/24\/2025\/08\/Raufoss-bibliotek_-Fredrik-NaumannFelix-Features-1024x683.jpg 1024w, https:\/\/bibliotekutvikling.no\/content\/uploads\/sites\/24\/2025\/08\/Raufoss-bibliotek_-Fredrik-NaumannFelix-Features-768x512.jpg 768w, https:\/\/bibliotekutvikling.no\/content\/uploads\/sites\/24\/2025\/08\/Raufoss-bibliotek_-Fredrik-NaumannFelix-Features-1536x1024.jpg 1536w, https:\/\/bibliotekutvikling.no\/content\/uploads\/sites\/24\/2025\/08\/Raufoss-bibliotek_-Fredrik-NaumannFelix-Features-2048x1366.jpg 2048w\" sizes=\"auto, (max-width: 2560px) 100vw, 2560px\" \/><figcaption class=\"wp-element-caption\">Raufoss bibliotek\n\n\n\u00a9 Fredrik Naumann\/Felix Features<\/figcaption>\t\t\t\t\t\t<\/figure>\n\t\t\t\t\t\t\t\t\t\t<\/div>\n\t\t\t<\/div>\n\t\t<\/div>\n\t<\/div>\n\t\n\n\n<h2 class=\"wp-block-heading\" id=\"h-vil-du-ha-inspirasjon-og-tips-fra-andre\">Vil du ha inspirasjon og tips fra andre?<\/h2>\n\n\n<p><iframe loading=\"lazy\" style=\"border-radius:12px\" src=\"https:\/\/open.spotify.com\/embed\/episode\/2jIQ1CgNOSAeu6QzUBMP7R?utm_source=generator\" width=\"100%\" height=\"352\" frameBorder=\"0\" allowfullscreen=\"\" allow=\"autoplay; clipboard-write; encrypted-media; fullscreen; picture-in-picture\"><\/iframe><\/p>\n\n\n\n\t\t<div class=\"t2-factbox wp-block-t2-factbox\" id=\"t2-factbox\">\n\t\t\t<div class=\"t2-factbox__content\">\n\t\t\t\t<div class=\"t2-factbox__blocks t2-factbox__inner-container is-layout-flow\">\n\t\t\t\t\t\n\n<p>I denne&nbsp;podcasten&nbsp;fra Leser s\u00f8ker bok samtaler seksjonsleder ved Deichman bibliotek Oppsal, Mari Gudim Torp og Ellen Louise Wasserfall fra Sykehjemsetaten om hvordan de gjorde biblioteket alders- og demensvennlig. Samtalen ledes av r\u00e5dgiver Veronica Salinas. Her kan du hente mange konkrete tips.<\/p>\n\n\n\n<p>P\u00e5&nbsp;nettsida&nbsp;til<a href=\"https:\/\/levehelelivet.utviklingssenter.no\/idebanken\/alders-og-demensvennlig-bibliotek\" target=\"_blank\" rel=\"noreferrer noopener\"> Senteret for et aldersvennlig Norge<\/a> finner du skriftlig informasjon om prosjektet p\u00e5 Oppsal.<\/p>\n\n\n\t\t\t\t<\/div>\n\t\t\t\t\n\t\t\t<\/div>\n\t\t\t\n\t\t<\/div>\n\n<ul class=\"t2-link-list has-3-items has-1-columns alignwide wp-block-t2-link-list\">\n\t<li class=\"t2-link-list-item wp-block-t2-link-list-item\">\n\t\t<a\n\t\t\thref=\"https:\/\/www.ks.no\/contentassets\/b3b7ed461beb434f8615c0c92a5a1f1e\/UUhefteBibliotekNy.pdf\"\n\t\t\tclass=\"t2-link-list-item__link t2-link-list__icon--right\"\n\t\t\trel=\"noreferrer noopener\" target=\"_blank\"\t\t>\n\t\t\t<span class=\"t2-link-list-item__icon\"><span class=\"t2-link-list-item__icon-box\"><\/span><svg xmlns=\"http:\/\/www.w3.org\/2000\/svg\" viewBox=\"0 0 24 24\" height=\"24\" width=\"24\" class=\"t2-icon t2-icon-external\" aria-hidden=\"true\" focusable=\"false\"><path d=\"M19 19H5V5h7V3H3v18h18v-9h-2v7zM14 3v2h3.6l-9.8 9.8 1.4 1.4L19 6.4V10h2V3h-7z\"\/><\/svg><\/span>\t\t\t<div class=\"t2-link-list-item__content\">\n\n\t\t\t\t\n\t\t\t\t<span id=\"link-list-item-text\" class=\"t2-link-list-item__text\">\n\t\t\t\t\tHefte om universell utforming\t\t\t\t<\/span>\n\t\t\t\t<span id=\"link-list-item-description\" class=\"t2-link-list-item__description\">Et hefte med praktiske og konkrete eksempler om universell utforming i bibliotek. Heftet er utarbeidet av KS i samarbeid med bibliotek landet rundt. Her er det konkrete eksempel fra ulike bibliotek, og l\u00f8sninger for b\u00e5de gamle og nye bygg. Denne har ikke fokus p\u00e5 tilrettelegging for personer med demens, men mye er overlappende.<\/span>\t\t\t<\/div>\n\t\t<\/a>\n\t<\/li>\n\t\n\n\t<li class=\"t2-link-list-item wp-block-t2-link-list-item\">\n\t\t<a\n\t\t\thref=\"https:\/\/nasjonalforeningen.no\/contentassets\/91a77b0a2cbe4c81bc41ded74544a29b\/universell_utforming_skjema_2019_apent-nett.pdf\"\n\t\t\tclass=\"t2-link-list-item__link t2-link-list__icon--right\"\n\t\t\trel=\"noreferrer noopener\" target=\"_blank\"\t\t>\n\t\t\t<span class=\"t2-link-list-item__icon\"><span class=\"t2-link-list-item__icon-box\"><\/span><svg xmlns=\"http:\/\/www.w3.org\/2000\/svg\" viewBox=\"0 0 24 24\" height=\"24\" width=\"24\" class=\"t2-icon t2-icon-external\" aria-hidden=\"true\" focusable=\"false\"><path d=\"M19 19H5V5h7V3H3v18h18v-9h-2v7zM14 3v2h3.6l-9.8 9.8 1.4 1.4L19 6.4V10h2V3h-7z\"\/><\/svg><\/span>\t\t\t<div class=\"t2-link-list-item__content\">\n\n\t\t\t\t\n\t\t\t\t<span id=\"link-list-item-text-1\" class=\"t2-link-list-item__text\">\n\t\t\t\t\tSjekkliste for universell utforming\t\t\t\t<\/span>\n\t\t\t\t<span id=\"link-list-item-description-1\" class=\"t2-link-list-item__description\">En praktisk sjekkliste for gjennomgang av offentlige bygg og uteomr\u00e5der, utarbeidet av Nasjonalforeningen for folkehelse. Denne sjekklisten er ikke utarbeidet spesielt for tilrettelegging for personer med demens, men mye er overlappende.<\/span>\t\t\t<\/div>\n\t\t<\/a>\n\t<\/li>\n\t\n\n\t<li class=\"t2-link-list-item wp-block-t2-link-list-item\">\n\t\t<a\n\t\t\thref=\"https:\/\/dementiavoices.org.uk\/wp-content\/uploads\/2013\/11\/DEEP-Guide-Choosing-a-meeting-space.pdf\"\n\t\t\tclass=\"t2-link-list-item__link t2-link-list__icon--right\"\n\t\t\trel=\"noreferrer noopener\" target=\"_blank\"\t\t>\n\t\t\t<span class=\"t2-link-list-item__icon\"><span class=\"t2-link-list-item__icon-box\"><\/span><svg xmlns=\"http:\/\/www.w3.org\/2000\/svg\" viewBox=\"0 0 24 24\" height=\"24\" width=\"24\" class=\"t2-icon t2-icon-external\" aria-hidden=\"true\" focusable=\"false\"><path d=\"M19 19H5V5h7V3H3v18h18v-9h-2v7zM14 3v2h3.6l-9.8 9.8 1.4 1.4L19 6.4V10h2V3h-7z\"\/><\/svg><\/span>\t\t\t<div class=\"t2-link-list-item__content\">\n\n\t\t\t\t\n\t\t\t\t<span id=\"link-list-item-text-2\" class=\"t2-link-list-item__text\">\n\t\t\t\t\tChoosing a dementia-friendly meeting space\t\t\t\t<\/span>\n\t\t\t\t<span id=\"link-list-item-description-2\" class=\"t2-link-list-item__description\">En guide fra Storbritannia til hvordan man kan tilrettelegge for mer demensvennlige m\u00f8teplasser. <\/span>\t\t\t<\/div>\n\t\t<\/a>\n\t<\/li>\n\t\n<\/ul>\n\n\n<div class=\"wp-block-columns alignwide is-layout-flex wp-container-core-columns-is-layout-28f84493 wp-block-columns-is-layout-flex\">\n<div class=\"wp-block-column is-layout-flow wp-block-column-is-layout-flow\"><div class=\"t2-featured-single-post t2-featured-content is-post-type-content-resource content-topic-inkludering wp-block-t2-featured-single-post\"><a class=\"nb-post-link  wp-block-nb-post-link\" href=\"https:\/\/bibliotekutvikling.no\/kompetansebank\/ressurs\/demensvennlig-bibliotek\/\">\n<figure class=\"nb-post-featured-image has-image-ratio-16-9 wp-block-nb-post-featured-image\"><img loading=\"lazy\" decoding=\"async\" width=\"768\" height=\"576\" src=\"https:\/\/bibliotekutvikling.no\/content\/uploads\/sites\/24\/2025\/08\/Lansering_av_alders_og_demensvennlig_bibliotek_2018_Foto_Lars_Schwed_Nygard-scaled-1-768x576.jpg\" class=\"attachment-medium_large size-medium_large wp-post-image\" alt=\"\" srcset=\"https:\/\/bibliotekutvikling.no\/content\/uploads\/sites\/24\/2025\/08\/Lansering_av_alders_og_demensvennlig_bibliotek_2018_Foto_Lars_Schwed_Nygard-scaled-1-768x576.jpg 768w, https:\/\/bibliotekutvikling.no\/content\/uploads\/sites\/24\/2025\/08\/Lansering_av_alders_og_demensvennlig_bibliotek_2018_Foto_Lars_Schwed_Nygard-scaled-1-300x225.jpg 300w, https:\/\/bibliotekutvikling.no\/content\/uploads\/sites\/24\/2025\/08\/Lansering_av_alders_og_demensvennlig_bibliotek_2018_Foto_Lars_Schwed_Nygard-scaled-1-1024x768.jpg 1024w, https:\/\/bibliotekutvikling.no\/content\/uploads\/sites\/24\/2025\/08\/Lansering_av_alders_og_demensvennlig_bibliotek_2018_Foto_Lars_Schwed_Nygard-scaled-1-1536x1152.jpg 1536w, https:\/\/bibliotekutvikling.no\/content\/uploads\/sites\/24\/2025\/08\/Lansering_av_alders_og_demensvennlig_bibliotek_2018_Foto_Lars_Schwed_Nygard-scaled-1-2048x1536.jpg 2048w\" sizes=\"auto, (min-width: 1200px) 384px, (min-width: 700px) 33vw, 350px\" \/><\/figure>\n\n<div class=\"wp-block-group alignfull is-layout-flow wp-block-group-is-layout-flow\">\n\t\n\t<div class=\"wp-block-group content-meta-row is-content-justification-space-between is-nowrap is-layout-flex wp-container-core-group-is-layout-cb46ffcb wp-block-group-is-layout-flex\">\n\t\t<div class=\"nb-post-label wp-block-nb-post-label\">Ressurs<\/div>\n\t\t<div class=\"taxonomy-content-duration wp-block-nb-single-term-from-post\">30-60 min<\/div>\n\t<\/div>\n\t\n\n\t<h2 class=\"t2-post-title wp-block-t2-post-title\">Demensvennlig bibliotek<\/h2>\n\t\n\t\n\t\n\t<div class=\"taxonomy-content-topic wp-block-nb-single-term-from-post\">Inkludering og mangfald<\/div>\n<\/div>\n\n<\/a>\n<\/div><\/div>\n\n\n\n<div class=\"wp-block-column is-layout-flow wp-block-column-is-layout-flow\"><div class=\"t2-featured-single-post t2-featured-content is-post-type-content-resource content-topic-bibliotek-og-samfunn wp-block-t2-featured-single-post\"><a class=\"nb-post-link  wp-block-nb-post-link\" href=\"https:\/\/bibliotekutvikling.no\/kompetansebank\/ressurs\/demensvennlig-bibliotek\/formidling-til-personer-med-demens\/\">\n<figure class=\"nb-post-featured-image has-image-ratio-16-9 wp-block-nb-post-featured-image\"><img loading=\"lazy\" decoding=\"async\" width=\"768\" height=\"512\" src=\"https:\/\/bibliotekutvikling.no\/content\/uploads\/sites\/24\/2024\/02\/sharedreading-illustrasjonsfoto-768x512.jpg\" class=\"attachment-medium_large size-medium_large wp-post-image\" alt=\"\" srcset=\"https:\/\/bibliotekutvikling.no\/content\/uploads\/sites\/24\/2024\/02\/sharedreading-illustrasjonsfoto-768x512.jpg 768w, https:\/\/bibliotekutvikling.no\/content\/uploads\/sites\/24\/2024\/02\/sharedreading-illustrasjonsfoto-300x200.jpg 300w, https:\/\/bibliotekutvikling.no\/content\/uploads\/sites\/24\/2024\/02\/sharedreading-illustrasjonsfoto-1024x683.jpg 1024w, https:\/\/bibliotekutvikling.no\/content\/uploads\/sites\/24\/2024\/02\/sharedreading-illustrasjonsfoto-1536x1024.jpg 1536w, https:\/\/bibliotekutvikling.no\/content\/uploads\/sites\/24\/2024\/02\/sharedreading-illustrasjonsfoto-2048x1365.jpg 2048w\" sizes=\"auto, (min-width: 1200px) 384px, (min-width: 700px) 33vw, 350px\" \/><\/figure>\n\n<div class=\"wp-block-group alignfull is-layout-flow wp-block-group-is-layout-flow\">\n\t\n\t<div class=\"wp-block-group content-meta-row is-content-justification-space-between is-nowrap is-layout-flex wp-container-core-group-is-layout-cb46ffcb wp-block-group-is-layout-flex\">\n\t\t<div class=\"nb-post-label wp-block-nb-post-label\">Ressurs<\/div>\n\t\t\n\t<\/div>\n\t\n\n\t<h2 class=\"t2-post-title wp-block-t2-post-title\">Formidling til personer med demens<\/h2>\n\t\n\t\n\t\n\t<div class=\"taxonomy-content-topic wp-block-nb-single-term-from-post\">Biblioteket i lokalsamfunnet<\/div>\n<\/div>\n\n<\/a>\n<\/div><\/div>\n\n\n\n<div class=\"wp-block-column is-layout-flow wp-block-column-is-layout-flow\"><div class=\"t2-featured-single-post t2-featured-content is-post-type-content-resource content-topic-bibliotek-og-samfunn wp-block-t2-featured-single-post\"><a class=\"nb-post-link  wp-block-nb-post-link\" href=\"https:\/\/bibliotekutvikling.no\/kompetansebank\/ressurs\/demensvennlig-bibliotek\/kunnskap-om-demens\/\">\n<figure class=\"nb-post-featured-image has-image-ratio-16-9 wp-block-nb-post-featured-image\"><img loading=\"lazy\" decoding=\"async\" width=\"768\" height=\"414\" src=\"https:\/\/bibliotekutvikling.no\/content\/uploads\/sites\/24\/2025\/08\/demensvennlig-768x414.jpg\" class=\"attachment-medium_large size-medium_large wp-post-image\" alt=\"\" srcset=\"https:\/\/bibliotekutvikling.no\/content\/uploads\/sites\/24\/2025\/08\/demensvennlig-768x414.jpg 768w, https:\/\/bibliotekutvikling.no\/content\/uploads\/sites\/24\/2025\/08\/demensvennlig-300x162.jpg 300w, https:\/\/bibliotekutvikling.no\/content\/uploads\/sites\/24\/2025\/08\/demensvennlig-1024x552.jpg 1024w, https:\/\/bibliotekutvikling.no\/content\/uploads\/sites\/24\/2025\/08\/demensvennlig-1536x828.jpg 1536w, https:\/\/bibliotekutvikling.no\/content\/uploads\/sites\/24\/2025\/08\/demensvennlig.jpg 1660w\" sizes=\"auto, (min-width: 1200px) 384px, (min-width: 700px) 33vw, 350px\" \/><\/figure>\n\n<div class=\"wp-block-group alignfull is-layout-flow wp-block-group-is-layout-flow\">\n\t\n\t<div class=\"wp-block-group content-meta-row is-content-justification-space-between is-nowrap is-layout-flex wp-container-core-group-is-layout-cb46ffcb wp-block-group-is-layout-flex\">\n\t\t<div class=\"nb-post-label wp-block-nb-post-label\">Ressurs<\/div>\n\t\t\n\t<\/div>\n\t\n\n\t<h2 class=\"t2-post-title wp-block-t2-post-title\">Kunnskap om demens<\/h2>\n\t\n\t\n\t\n\t<div class=\"taxonomy-content-topic wp-block-nb-single-term-from-post\">Biblioteket i lokalsamfunnet<\/div>\n<\/div>\n\n<\/a>\n<\/div><\/div>\n<\/div>\n\n\n\n<p><\/p>\n","protected":false},"excerpt":{"rendered":"","protected":false},"author":6868,"featured_media":40757,"parent":40726,"menu_order":0,"template":"","meta":{"nb_hide_title":false,"content_core_is_hidden":false,"contact_organization_name":"Fylkesbibliotekenes arbeidsgruppe for demensvennlige bibliotek","contact_organization_url":"","contact_person_full_name":"Silje J. Nyb\u00f8, Mette Vaag og Trine Lise Mellem","contact_person_email":"Silje.jansen.nybo@vlfk.no; metva@trondelagfylke.no; trine.mellem@tromsfylke.no","single_header_image_is_disabled":false,"single_header_image_attachment_id":0,"single_header_image_attachment_url":""},"content-duration":[],"content-topic":[100],"class_list":["post-40774","content-resource","type-content-resource","status-publish","has-post-thumbnail","hentry","content-topic-bibliotek-og-samfunn"],"yoast_head":"<!-- This site is optimized with the Yoast SEO Premium plugin v27.1 (Yoast SEO v27.1.1) - https:\/\/yoast.com\/product\/yoast-seo-premium-wordpress\/ -->\n<title>Universell utforming for personer med demens - Kompetansebank<\/title>\n<meta name=\"robots\" content=\"index, follow, max-snippet:-1, max-image-preview:large, max-video-preview:-1\" \/>\n<link rel=\"canonical\" href=\"https:\/\/bibliotekutvikling.no\/kompetansebank\/ressurs\/demensvennlig-bibliotek\/universell-utforming-for-personer-med-demens\/\" \/>\n<meta property=\"og:locale\" content=\"nb_NO\" \/>\n<meta property=\"og:type\" content=\"article\" \/>\n<meta property=\"og:title\" content=\"Universell utforming for personer med demens\" \/>\n<meta property=\"og:url\" content=\"https:\/\/bibliotekutvikling.no\/kompetansebank\/ressurs\/demensvennlig-bibliotek\/universell-utforming-for-personer-med-demens\/\" \/>\n<meta property=\"og:site_name\" content=\"Kompetansebank\" \/>\n<meta property=\"article:publisher\" content=\"https:\/\/www.facebook.com\/bibliotekutvikling\" \/>\n<meta property=\"article:modified_time\" content=\"2026-04-13T11:31:40+00:00\" \/>\n<meta property=\"og:image\" content=\"https:\/\/bibliotekutvikling.no\/content\/uploads\/sites\/24\/2025\/08\/Raufoss-bibliotek_-Fredrik-NaumannFelix-Features-scaled.jpg\" \/>\n\t<meta property=\"og:image:width\" content=\"2560\" \/>\n\t<meta property=\"og:image:height\" content=\"1707\" \/>\n\t<meta property=\"og:image:type\" content=\"image\/jpeg\" \/>\n<meta name=\"twitter:card\" content=\"summary_large_image\" \/>\n<meta name=\"twitter:label1\" content=\"Ansl. lesetid\" \/>\n\t<meta name=\"twitter:data1\" content=\"2 minutter\" \/>\n<script type=\"application\/ld+json\" class=\"yoast-schema-graph\">{\"@context\":\"https:\/\/schema.org\",\"@graph\":[{\"@type\":\"WebPage\",\"@id\":\"https:\/\/bibliotekutvikling.no\/kompetansebank\/ressurs\/demensvennlig-bibliotek\/universell-utforming-for-personer-med-demens\/\",\"url\":\"https:\/\/bibliotekutvikling.no\/kompetansebank\/ressurs\/demensvennlig-bibliotek\/universell-utforming-for-personer-med-demens\/\",\"name\":\"Universell utforming for personer med demens - Kompetansebank\",\"isPartOf\":{\"@id\":\"https:\/\/bibliotekutvikling.no\/kompetansebank\/#website\"},\"primaryImageOfPage\":{\"@id\":\"https:\/\/bibliotekutvikling.no\/kompetansebank\/ressurs\/demensvennlig-bibliotek\/universell-utforming-for-personer-med-demens\/#primaryimage\"},\"image\":{\"@id\":\"https:\/\/bibliotekutvikling.no\/kompetansebank\/ressurs\/demensvennlig-bibliotek\/universell-utforming-for-personer-med-demens\/#primaryimage\"},\"thumbnailUrl\":\"https:\/\/bibliotekutvikling.no\/content\/uploads\/sites\/24\/2025\/08\/Raufoss-bibliotek_-Fredrik-NaumannFelix-Features-scaled.jpg\",\"datePublished\":\"2019-08-21T16:42:00+00:00\",\"dateModified\":\"2026-04-13T11:31:40+00:00\",\"breadcrumb\":{\"@id\":\"https:\/\/bibliotekutvikling.no\/kompetansebank\/ressurs\/demensvennlig-bibliotek\/universell-utforming-for-personer-med-demens\/#breadcrumb\"},\"inLanguage\":\"nb-NO\",\"potentialAction\":[{\"@type\":\"ReadAction\",\"target\":[\"https:\/\/bibliotekutvikling.no\/kompetansebank\/ressurs\/demensvennlig-bibliotek\/universell-utforming-for-personer-med-demens\/\"]}]},{\"@type\":\"ImageObject\",\"inLanguage\":\"nb-NO\",\"@id\":\"https:\/\/bibliotekutvikling.no\/kompetansebank\/ressurs\/demensvennlig-bibliotek\/universell-utforming-for-personer-med-demens\/#primaryimage\",\"url\":\"https:\/\/bibliotekutvikling.no\/content\/uploads\/sites\/24\/2025\/08\/Raufoss-bibliotek_-Fredrik-NaumannFelix-Features-scaled.jpg\",\"contentUrl\":\"https:\/\/bibliotekutvikling.no\/content\/uploads\/sites\/24\/2025\/08\/Raufoss-bibliotek_-Fredrik-NaumannFelix-Features-scaled.jpg\",\"width\":2560,\"height\":1707,\"caption\":\"Raufoss bibliotek \u00a9 Fredrik Naumann\/Felix Features\"},{\"@type\":\"BreadcrumbList\",\"@id\":\"https:\/\/bibliotekutvikling.no\/kompetansebank\/ressurs\/demensvennlig-bibliotek\/universell-utforming-for-personer-med-demens\/#breadcrumb\",\"itemListElement\":[{\"@type\":\"ListItem\",\"position\":1,\"name\":\"Hjem\",\"item\":\"https:\/\/bibliotekutvikling.no\/kompetansebank\/\"},{\"@type\":\"ListItem\",\"position\":2,\"name\":\"Demensvennlig bibliotek\",\"item\":\"https:\/\/bibliotekutvikling.no\/kompetansebank\/ressurs\/demensvennlig-bibliotek\/\"},{\"@type\":\"ListItem\",\"position\":3,\"name\":\"Universell utforming for personer med demens\"}]},{\"@type\":\"WebSite\",\"@id\":\"https:\/\/bibliotekutvikling.no\/kompetansebank\/#website\",\"url\":\"https:\/\/bibliotekutvikling.no\/kompetansebank\/\",\"name\":\"Kompetansebank\",\"description\":\"kurs og kunnskap for bibliotekansatte\",\"publisher\":{\"@id\":\"https:\/\/bibliotekutvikling.no\/kompetansebank\/#organization\"},\"potentialAction\":[{\"@type\":\"SearchAction\",\"target\":{\"@type\":\"EntryPoint\",\"urlTemplate\":\"https:\/\/bibliotekutvikling.no\/kompetansebank\/?s={search_term_string}\"},\"query-input\":{\"@type\":\"PropertyValueSpecification\",\"valueRequired\":true,\"valueName\":\"search_term_string\"}}],\"inLanguage\":\"nb-NO\"},{\"@type\":\"Organization\",\"@id\":\"https:\/\/bibliotekutvikling.no\/kompetansebank\/#organization\",\"name\":\"Bibliotekutvikling\",\"url\":\"https:\/\/bibliotekutvikling.no\/kompetansebank\/\",\"logo\":{\"@type\":\"ImageObject\",\"inLanguage\":\"nb-NO\",\"@id\":\"https:\/\/bibliotekutvikling.no\/kompetansebank\/#\/schema\/logo\/image\/\",\"url\":\"https:\/\/bibliotekutvikling.no\/content\/uploads\/sites\/24\/2023\/10\/Favikon-BU.png\",\"contentUrl\":\"https:\/\/bibliotekutvikling.no\/content\/uploads\/sites\/24\/2023\/10\/Favikon-BU.png\",\"width\":1055,\"height\":1054,\"caption\":\"Bibliotekutvikling\"},\"image\":{\"@id\":\"https:\/\/bibliotekutvikling.no\/kompetansebank\/#\/schema\/logo\/image\/\"},\"sameAs\":[\"https:\/\/www.facebook.com\/bibliotekutvikling\"]}]}<\/script>\n<!-- \/ Yoast SEO Premium plugin. -->","yoast_head_json":{"title":"Universell utforming for personer med demens - Kompetansebank","robots":{"index":"index","follow":"follow","max-snippet":"max-snippet:-1","max-image-preview":"max-image-preview:large","max-video-preview":"max-video-preview:-1"},"canonical":"https:\/\/bibliotekutvikling.no\/kompetansebank\/ressurs\/demensvennlig-bibliotek\/universell-utforming-for-personer-med-demens\/","og_locale":"nb_NO","og_type":"article","og_title":"Universell utforming for personer med demens","og_url":"https:\/\/bibliotekutvikling.no\/kompetansebank\/ressurs\/demensvennlig-bibliotek\/universell-utforming-for-personer-med-demens\/","og_site_name":"Kompetansebank","article_publisher":"https:\/\/www.facebook.com\/bibliotekutvikling","article_modified_time":"2026-04-13T11:31:40+00:00","og_image":[{"width":2560,"height":1707,"url":"https:\/\/bibliotekutvikling.no\/content\/uploads\/sites\/24\/2025\/08\/Raufoss-bibliotek_-Fredrik-NaumannFelix-Features-scaled.jpg","type":"image\/jpeg"}],"twitter_card":"summary_large_image","twitter_misc":{"Ansl. lesetid":"2 minutter"},"schema":{"@context":"https:\/\/schema.org","@graph":[{"@type":"WebPage","@id":"https:\/\/bibliotekutvikling.no\/kompetansebank\/ressurs\/demensvennlig-bibliotek\/universell-utforming-for-personer-med-demens\/","url":"https:\/\/bibliotekutvikling.no\/kompetansebank\/ressurs\/demensvennlig-bibliotek\/universell-utforming-for-personer-med-demens\/","name":"Universell utforming for personer med demens - Kompetansebank","isPartOf":{"@id":"https:\/\/bibliotekutvikling.no\/kompetansebank\/#website"},"primaryImageOfPage":{"@id":"https:\/\/bibliotekutvikling.no\/kompetansebank\/ressurs\/demensvennlig-bibliotek\/universell-utforming-for-personer-med-demens\/#primaryimage"},"image":{"@id":"https:\/\/bibliotekutvikling.no\/kompetansebank\/ressurs\/demensvennlig-bibliotek\/universell-utforming-for-personer-med-demens\/#primaryimage"},"thumbnailUrl":"https:\/\/bibliotekutvikling.no\/content\/uploads\/sites\/24\/2025\/08\/Raufoss-bibliotek_-Fredrik-NaumannFelix-Features-scaled.jpg","datePublished":"2019-08-21T16:42:00+00:00","dateModified":"2026-04-13T11:31:40+00:00","breadcrumb":{"@id":"https:\/\/bibliotekutvikling.no\/kompetansebank\/ressurs\/demensvennlig-bibliotek\/universell-utforming-for-personer-med-demens\/#breadcrumb"},"inLanguage":"nb-NO","potentialAction":[{"@type":"ReadAction","target":["https:\/\/bibliotekutvikling.no\/kompetansebank\/ressurs\/demensvennlig-bibliotek\/universell-utforming-for-personer-med-demens\/"]}]},{"@type":"ImageObject","inLanguage":"nb-NO","@id":"https:\/\/bibliotekutvikling.no\/kompetansebank\/ressurs\/demensvennlig-bibliotek\/universell-utforming-for-personer-med-demens\/#primaryimage","url":"https:\/\/bibliotekutvikling.no\/content\/uploads\/sites\/24\/2025\/08\/Raufoss-bibliotek_-Fredrik-NaumannFelix-Features-scaled.jpg","contentUrl":"https:\/\/bibliotekutvikling.no\/content\/uploads\/sites\/24\/2025\/08\/Raufoss-bibliotek_-Fredrik-NaumannFelix-Features-scaled.jpg","width":2560,"height":1707,"caption":"Raufoss bibliotek \u00a9 Fredrik Naumann\/Felix Features"},{"@type":"BreadcrumbList","@id":"https:\/\/bibliotekutvikling.no\/kompetansebank\/ressurs\/demensvennlig-bibliotek\/universell-utforming-for-personer-med-demens\/#breadcrumb","itemListElement":[{"@type":"ListItem","position":1,"name":"Hjem","item":"https:\/\/bibliotekutvikling.no\/kompetansebank\/"},{"@type":"ListItem","position":2,"name":"Demensvennlig bibliotek","item":"https:\/\/bibliotekutvikling.no\/kompetansebank\/ressurs\/demensvennlig-bibliotek\/"},{"@type":"ListItem","position":3,"name":"Universell utforming for personer med demens"}]},{"@type":"WebSite","@id":"https:\/\/bibliotekutvikling.no\/kompetansebank\/#website","url":"https:\/\/bibliotekutvikling.no\/kompetansebank\/","name":"Kompetansebank","description":"kurs og kunnskap for bibliotekansatte","publisher":{"@id":"https:\/\/bibliotekutvikling.no\/kompetansebank\/#organization"},"potentialAction":[{"@type":"SearchAction","target":{"@type":"EntryPoint","urlTemplate":"https:\/\/bibliotekutvikling.no\/kompetansebank\/?s={search_term_string}"},"query-input":{"@type":"PropertyValueSpecification","valueRequired":true,"valueName":"search_term_string"}}],"inLanguage":"nb-NO"},{"@type":"Organization","@id":"https:\/\/bibliotekutvikling.no\/kompetansebank\/#organization","name":"Bibliotekutvikling","url":"https:\/\/bibliotekutvikling.no\/kompetansebank\/","logo":{"@type":"ImageObject","inLanguage":"nb-NO","@id":"https:\/\/bibliotekutvikling.no\/kompetansebank\/#\/schema\/logo\/image\/","url":"https:\/\/bibliotekutvikling.no\/content\/uploads\/sites\/24\/2023\/10\/Favikon-BU.png","contentUrl":"https:\/\/bibliotekutvikling.no\/content\/uploads\/sites\/24\/2023\/10\/Favikon-BU.png","width":1055,"height":1054,"caption":"Bibliotekutvikling"},"image":{"@id":"https:\/\/bibliotekutvikling.no\/kompetansebank\/#\/schema\/logo\/image\/"},"sameAs":["https:\/\/www.facebook.com\/bibliotekutvikling"]}]}},"_links":{"self":[{"href":"https:\/\/bibliotekutvikling.no\/kompetansebank\/wp-json\/wp\/v2\/content-resource\/40774","targetHints":{"allow":["GET"]}}],"collection":[{"href":"https:\/\/bibliotekutvikling.no\/kompetansebank\/wp-json\/wp\/v2\/content-resource"}],"about":[{"href":"https:\/\/bibliotekutvikling.no\/kompetansebank\/wp-json\/wp\/v2\/types\/content-resource"}],"author":[{"embeddable":true,"href":"https:\/\/bibliotekutvikling.no\/kompetansebank\/wp-json\/wp\/v2\/users\/6868"}],"up":[{"embeddable":true,"href":"https:\/\/bibliotekutvikling.no\/kompetansebank\/wp-json\/wp\/v2\/content-resource\/40726"}],"wp:featuredmedia":[{"embeddable":true,"href":"https:\/\/bibliotekutvikling.no\/kompetansebank\/wp-json\/wp\/v2\/media\/40757"}],"wp:attachment":[{"href":"https:\/\/bibliotekutvikling.no\/kompetansebank\/wp-json\/wp\/v2\/media?parent=40774"}],"wp:term":[{"taxonomy":"content-duration","embeddable":true,"href":"https:\/\/bibliotekutvikling.no\/kompetansebank\/wp-json\/wp\/v2\/content-duration?post=40774"},{"taxonomy":"content-topic","embeddable":true,"href":"https:\/\/bibliotekutvikling.no\/kompetansebank\/wp-json\/wp\/v2\/content-topic?post=40774"}],"curies":[{"name":"wp","href":"https:\/\/api.w.org\/{rel}","templated":true}]}}