{"id":40771,"date":"2019-08-21T18:46:00","date_gmt":"2019-08-21T16:46:00","guid":{"rendered":"https:\/\/bibliotekutvikling.no\/kompetansebank\/?post_type=content-resource&#038;p=40771"},"modified":"2026-04-13T13:02:21","modified_gmt":"2026-04-13T11:02:21","slug":"formidling-til-personer-med-demens","status":"publish","type":"content-resource","link":"https:\/\/bibliotekutvikling.no\/kompetansebank\/ressurs\/demensvennlig-bibliotek\/formidling-til-personer-med-demens\/","title":{"rendered":"Formidling til personer med demens"},"content":{"rendered":"\n<p>Folkebiblioteket er en viktig m\u00f8teplass for hele befolkningen. Det er ogs\u00e5 et sted der personer med demens og deres p\u00e5r\u00f8rende kan kjenne at de og deres behov blir godt ivaretatt.<\/p>\n\n\n\n<p>Biblioteket kan gi mulighet til \u00e5 delta i kulturelle og sosiale aktiviteter. Gode, tilpassede formidlingstilbud kan bidra til ivaretakelse av spr\u00e5k samt redusere isolasjon og ensomhet, noe som ofte er utfordringer forbundet med demens. <\/p>\n\n\n\n<p>Kort sagt kan bibliotekene v\u00e6re viktige p\u00e5drivere og st\u00f8ttespillere i arbeidet med \u00e5 gi personer med demens en meningsfylt hverdag.<\/p>\n\n\n\n<p>Finnes det lokale samarbeidspartnere som biblioteket kan st\u00f8tte seg til i arbeidet med \u00e5 lage gode tilbud?<\/p>\n\n\n\n<p>Her er noen eksempler p\u00e5 tiltak som er gjennomf\u00f8rt og\/eller som kan gi inspirasjon til \u00e5 handle lokalt.<\/p>\n\n\n\n<div class=\"wp-block-media-text alignwide is-stacked-on-mobile\" style=\"grid-template-columns:33% auto\"><figure class=\"wp-block-media-text__media\"><img loading=\"lazy\" decoding=\"async\" width=\"1024\" height=\"683\" src=\"https:\/\/bibliotekutvikling.no\/content\/uploads\/sites\/24\/2025\/08\/illustrasjon-demensvennlige-bibliotek-1024x6-1.jpeg\" alt=\"fem eldre personer rundt et bord. KI-generert bilde\" class=\"wp-image-40802 size-full\" srcset=\"https:\/\/bibliotekutvikling.no\/content\/uploads\/sites\/24\/2025\/08\/illustrasjon-demensvennlige-bibliotek-1024x6-1.jpeg 1024w, https:\/\/bibliotekutvikling.no\/content\/uploads\/sites\/24\/2025\/08\/illustrasjon-demensvennlige-bibliotek-1024x6-1-300x200.jpeg 300w, https:\/\/bibliotekutvikling.no\/content\/uploads\/sites\/24\/2025\/08\/illustrasjon-demensvennlige-bibliotek-1024x6-1-768x512.jpeg 768w\" sizes=\"auto, (max-width: 1024px) 100vw, 1024px\" \/><\/figure><div class=\"wp-block-media-text__content\">\n<p><strong>Lese for mennesker med demens<\/strong><\/p>\n\n\n\n<p>Stiftelsen LESE har samlet konkrete tips til den som \u00f8nsker \u00e5 ha h\u00f8ytlesing for personer med demens.<\/p>\n\n\n\n<div class=\"wp-block-buttons is-layout-flex wp-block-buttons-is-layout-flex\">\n<div class=\"wp-block-button is-style-outline is-style-outline--1 has-icon has-icon-arrow_forward\"><a class=\"wp-block-button__link wp-element-button\" href=\"https:\/\/lesersokerbok.no\/aktuelt\/a-lese-for-mennesker-med-demens\/\" target=\"_blank\" rel=\"noreferrer noopener\">Mer om \u00e5 lese for personer med demens<svg xmlns=\"http:\/\/www.w3.org\/2000\/svg\" viewBox=\"0 0 24 24\" height=\"24\" width=\"24\" class=\"t2-icon t2-icon-arrow_forward\" aria-hidden=\"true\" focusable=\"false\"><path d=\"M5 13h11.17l-4.88 4.88c-.39.39-.39 1.03 0 1.42.39.39 1.02.39 1.41 0l6.59-6.59c.39-.39.39-1.02 0-1.41l-6.58-6.6c-.39-.39-1.02-.39-1.41 0-.39.39-.39 1.02 0 1.41L16.17 11H5c-.55 0-1 .45-1 1s.45 1 1 1z\" fill=\"currentColor\" \/><\/svg><\/a><\/div>\n<\/div>\n<\/div><\/div>\n\n\n\n<div class=\"wp-block-media-text alignwide is-stacked-on-mobile\" style=\"grid-template-columns:31% auto\"><figure class=\"wp-block-media-text__media\"><img loading=\"lazy\" decoding=\"async\" width=\"1024\" height=\"512\" src=\"https:\/\/bibliotekutvikling.no\/content\/uploads\/sites\/24\/2025\/02\/Bibliotek-og-informasjonsvitenskap_SAM_BAW_10-2400px-mindre-1024x512.jpg\" alt=\"To personer sitter ved et bord mellom hyller i et fagbibliotek\" class=\"wp-image-37629 size-full\" srcset=\"https:\/\/bibliotekutvikling.no\/content\/uploads\/sites\/24\/2025\/02\/Bibliotek-og-informasjonsvitenskap_SAM_BAW_10-2400px-mindre-1024x512.jpg 1024w, https:\/\/bibliotekutvikling.no\/content\/uploads\/sites\/24\/2025\/02\/Bibliotek-og-informasjonsvitenskap_SAM_BAW_10-2400px-mindre-300x150.jpg 300w, https:\/\/bibliotekutvikling.no\/content\/uploads\/sites\/24\/2025\/02\/Bibliotek-og-informasjonsvitenskap_SAM_BAW_10-2400px-mindre-768x384.jpg 768w, https:\/\/bibliotekutvikling.no\/content\/uploads\/sites\/24\/2025\/02\/Bibliotek-og-informasjonsvitenskap_SAM_BAW_10-2400px-mindre-1536x768.jpg 1536w, https:\/\/bibliotekutvikling.no\/content\/uploads\/sites\/24\/2025\/02\/Bibliotek-og-informasjonsvitenskap_SAM_BAW_10-2400px-mindre.jpg 2000w\" sizes=\"auto, (max-width: 1024px) 100vw, 1024px\" \/><\/figure><div class=\"wp-block-media-text__content\">\n<p><strong>Lesevenn, tidligere leseombud<\/strong><\/p>\n\n\n\n<p>Lesevenner er frivillige som leser h\u00f8yt for dem som ikke kan eller har kapasitet til \u00e5 lese selv. Som oftest st\u00e5r de i forbindelse med folkebibliotek som er med i Stiftelsen LESE sitt Bok til alle-nettverk. En lesevenn kan v\u00e6re en historieforteller og gledesspreder, et lyspunkt i hverdagen og en som tar med lytteren ut i verden.<\/p>\n\n\n\n<div class=\"wp-block-buttons is-layout-flex wp-block-buttons-is-layout-flex\">\n<div class=\"wp-block-button is-style-outline is-style-outline--2 has-icon has-icon-arrow_forward\"><a class=\"wp-block-button__link wp-element-button\" href=\"https:\/\/stiftelsenlese.no\/lesevenn\/\" target=\"_blank\" rel=\"noreferrer noopener\">Mer om lesevennordningen<svg xmlns=\"http:\/\/www.w3.org\/2000\/svg\" viewBox=\"0 0 24 24\" height=\"24\" width=\"24\" class=\"t2-icon t2-icon-arrow_forward\" aria-hidden=\"true\" focusable=\"false\"><path d=\"M5 13h11.17l-4.88 4.88c-.39.39-.39 1.03 0 1.42.39.39 1.02.39 1.41 0l6.59-6.59c.39-.39.39-1.02 0-1.41l-6.58-6.6c-.39-.39-1.02-.39-1.41 0-.39.39-.39 1.02 0 1.41L16.17 11H5c-.55 0-1 .45-1 1s.45 1 1 1z\" fill=\"currentColor\" \/><\/svg><\/a><\/div>\n<\/div>\n<\/div><\/div>\n\n\n\n<div class=\"wp-block-media-text alignwide is-stacked-on-mobile\" style=\"grid-template-columns:30% auto\"><figure class=\"wp-block-media-text__media\"><img loading=\"lazy\" decoding=\"async\" width=\"747\" height=\"514\" src=\"https:\/\/bibliotekutvikling.no\/content\/uploads\/sites\/24\/2024\/09\/bibliotek24.png\" alt=\"\" class=\"wp-image-32063 size-full\" srcset=\"https:\/\/bibliotekutvikling.no\/content\/uploads\/sites\/24\/2024\/09\/bibliotek24.png 747w, https:\/\/bibliotekutvikling.no\/content\/uploads\/sites\/24\/2024\/09\/bibliotek24-300x206.png 300w\" sizes=\"auto, (max-width: 747px) 100vw, 747px\" \/><\/figure><div class=\"wp-block-media-text__content\">\n<p><strong>Eldrebibliotekar<\/strong><\/p>\n\n\n\n<p>Her kan du lese om S\u00f8r-Varanger kommunes aldersvennlige bibliotektjenester tilpasset eldre og personer med demenssykdom<\/p>\n\n\n\n<div class=\"wp-block-buttons is-layout-flex wp-block-buttons-is-layout-flex\">\n<div class=\"wp-block-button is-style-outline is-style-outline--3 has-icon has-icon-arrow_forward\"><a class=\"wp-block-button__link wp-element-button\" href=\"https:\/\/www.utviklingssenter.no\/rapport-eldrebibliotekaren-25.9.23.pdf?pid=Native-ContentFile-File\" target=\"_blank\" rel=\"noreferrer noopener\">Mer om eldrebibliotekaren<svg xmlns=\"http:\/\/www.w3.org\/2000\/svg\" viewBox=\"0 0 24 24\" height=\"24\" width=\"24\" class=\"t2-icon t2-icon-arrow_forward\" aria-hidden=\"true\" focusable=\"false\"><path d=\"M5 13h11.17l-4.88 4.88c-.39.39-.39 1.03 0 1.42.39.39 1.02.39 1.41 0l6.59-6.59c.39-.39.39-1.02 0-1.41l-6.58-6.6c-.39-.39-1.02-.39-1.41 0-.39.39-.39 1.02 0 1.41L16.17 11H5c-.55 0-1 .45-1 1s.45 1 1 1z\" fill=\"currentColor\" \/><\/svg><\/a><\/div>\n<\/div>\n<\/div><\/div>\n\n\n\n<div class=\"wp-block-media-text alignwide is-stacked-on-mobile\" style=\"grid-template-columns:34% auto\"><figure class=\"wp-block-media-text__media\"><img loading=\"lazy\" decoding=\"async\" width=\"1024\" height=\"670\" src=\"https:\/\/bibliotekutvikling.no\/content\/uploads\/sites\/24\/2025\/08\/fyllingsdalen-1024x670.jpg\" alt=\"\" class=\"wp-image-40801 size-full\" srcset=\"https:\/\/bibliotekutvikling.no\/content\/uploads\/sites\/24\/2025\/08\/fyllingsdalen-1024x670.jpg 1024w, https:\/\/bibliotekutvikling.no\/content\/uploads\/sites\/24\/2025\/08\/fyllingsdalen-300x196.jpg 300w, https:\/\/bibliotekutvikling.no\/content\/uploads\/sites\/24\/2025\/08\/fyllingsdalen-768x503.jpg 768w, https:\/\/bibliotekutvikling.no\/content\/uploads\/sites\/24\/2025\/08\/fyllingsdalen.jpg 1187w\" sizes=\"auto, (max-width: 1024px) 100vw, 1024px\" \/><\/figure><div class=\"wp-block-media-text__content\">\n<p><strong>Litteratur-formidling til personer med demens<\/strong><\/p>\n\n\n\n<p>Fyllingsdalen bydelsbibliotek har gjort seg gode erfaringer med formidlingsprosjekt til eldre med demens p\u00e5 pleiesenter og til yngre hjemmeboende med demens p\u00e5 dagtilbud. De deler gjerne sine erfaringer<\/p>\n\n\n\n<div class=\"wp-block-buttons is-layout-flex wp-block-buttons-is-layout-flex\">\n<div class=\"wp-block-button is-style-outline is-style-outline--4 has-icon has-icon-arrow_forward\"><a class=\"wp-block-button__link wp-element-button\" href=\"mailto:lene.heiestad@bergen.kommune.no\" target=\"_blank\" rel=\"noreferrer noopener\">Ta kontakt for \u00e5 h\u00f8re mer om prosjektet<svg xmlns=\"http:\/\/www.w3.org\/2000\/svg\" viewBox=\"0 0 24 24\" height=\"24\" width=\"24\" class=\"t2-icon t2-icon-arrow_forward\" aria-hidden=\"true\" focusable=\"false\"><path d=\"M5 13h11.17l-4.88 4.88c-.39.39-.39 1.03 0 1.42.39.39 1.02.39 1.41 0l6.59-6.59c.39-.39.39-1.02 0-1.41l-6.58-6.6c-.39-.39-1.02-.39-1.41 0-.39.39-.39 1.02 0 1.41L16.17 11H5c-.55 0-1 .45-1 1s.45 1 1 1z\" fill=\"currentColor\" \/><\/svg><\/a><\/div>\n<\/div>\n<\/div><\/div>\n\n\n\n<div class=\"wp-block-media-text alignwide is-stacked-on-mobile\" style=\"grid-template-columns:34% auto\"><figure class=\"wp-block-media-text__media\"><img loading=\"lazy\" decoding=\"async\" width=\"1024\" height=\"683\" src=\"https:\/\/bibliotekutvikling.no\/content\/uploads\/sites\/24\/2024\/02\/sharedreading-illustrasjonsfoto-1024x683.jpg\" alt=\"\" class=\"wp-image-24170 size-full\" srcset=\"https:\/\/bibliotekutvikling.no\/content\/uploads\/sites\/24\/2024\/02\/sharedreading-illustrasjonsfoto-1024x683.jpg 1024w, https:\/\/bibliotekutvikling.no\/content\/uploads\/sites\/24\/2024\/02\/sharedreading-illustrasjonsfoto-300x200.jpg 300w, https:\/\/bibliotekutvikling.no\/content\/uploads\/sites\/24\/2024\/02\/sharedreading-illustrasjonsfoto-768x512.jpg 768w, https:\/\/bibliotekutvikling.no\/content\/uploads\/sites\/24\/2024\/02\/sharedreading-illustrasjonsfoto-1536x1024.jpg 1536w, https:\/\/bibliotekutvikling.no\/content\/uploads\/sites\/24\/2024\/02\/sharedreading-illustrasjonsfoto-2048x1365.jpg 2048w\" sizes=\"auto, (max-width: 1024px) 100vw, 1024px\" \/><\/figure><div class=\"wp-block-media-text__content\">\n<p><strong>Litter\u00e6re pusterom \u2013 Shared Reading<\/strong><\/p>\n\n\n\n<p>I l\u00f8pet av det tre\u00e5rige prosjektet Litter\u00e6re pusterom \u2013 Shared Reading for st\u00f8rre livskvalitet (2019-2022) ble det gjennomf\u00f8rt et pilotprosjekt med ni lesestunder for eldre, personer med&nbsp;demens og p\u00e5r\u00f8rende i helsesektoren i Steinkjer.<\/p>\n\n\n\n<div class=\"wp-block-buttons is-layout-flex wp-block-buttons-is-layout-flex\">\n<div class=\"wp-block-button is-style-outline is-style-outline--5 has-icon has-icon-arrow_forward\"><a class=\"wp-block-button__link wp-element-button\" href=\"https:\/\/web.trondelagfylke.no\/contentassets\/369a1ac2b6e149589a7c97d5c698d3ec\/pilotprosjekt-i-steinkjer---ni-lesestunder-pa-aktivitetssenter.pdf\" target=\"_blank\" rel=\"noreferrer noopener\">Pilotprosjekt Litter\u00e6rt pusterom<svg xmlns=\"http:\/\/www.w3.org\/2000\/svg\" viewBox=\"0 0 24 24\" height=\"24\" width=\"24\" class=\"t2-icon t2-icon-arrow_forward\" aria-hidden=\"true\" focusable=\"false\"><path d=\"M5 13h11.17l-4.88 4.88c-.39.39-.39 1.03 0 1.42.39.39 1.02.39 1.41 0l6.59-6.59c.39-.39.39-1.02 0-1.41l-6.58-6.6c-.39-.39-1.02-.39-1.41 0-.39.39-.39 1.02 0 1.41L16.17 11H5c-.55 0-1 .45-1 1s.45 1 1 1z\" fill=\"currentColor\" \/><\/svg><\/a><\/div>\n<\/div>\n<\/div><\/div>\n\n\n\n<div class=\"wp-block-media-text alignwide is-stacked-on-mobile\" style=\"grid-template-columns:30% auto\"><figure class=\"wp-block-media-text__media\"><img loading=\"lazy\" decoding=\"async\" width=\"1024\" height=\"892\" src=\"https:\/\/bibliotekutvikling.no\/content\/uploads\/sites\/24\/2025\/08\/diktbilde-fra-Stjordal-bibliotek-e17556814321.jpg\" alt=\"\" class=\"wp-image-40807 size-full\" srcset=\"https:\/\/bibliotekutvikling.no\/content\/uploads\/sites\/24\/2025\/08\/diktbilde-fra-Stjordal-bibliotek-e17556814321.jpg 1024w, https:\/\/bibliotekutvikling.no\/content\/uploads\/sites\/24\/2025\/08\/diktbilde-fra-Stjordal-bibliotek-e17556814321-300x261.jpg 300w, https:\/\/bibliotekutvikling.no\/content\/uploads\/sites\/24\/2025\/08\/diktbilde-fra-Stjordal-bibliotek-e17556814321-768x669.jpg 768w\" sizes=\"auto, (max-width: 1024px) 100vw, 1024px\" \/><\/figure><div class=\"wp-block-media-text__content\">\n<p><strong>Samlesing for personer med demens i Stj\u00f8rdal<\/strong><\/p>\n\n\n\n<p>To ansatte ved Stj\u00f8rdal bibliotek har bes\u00f8kt et omsorgssenter i kommunen for \u00e5 holde lesestunder etter samlesingsmetoden, f\u00f8rst og fremst for mennesker med demens og kognitiv svikt. <\/p>\n\n\n\n<div class=\"wp-block-buttons is-layout-flex wp-block-buttons-is-layout-flex\">\n<div class=\"wp-block-button is-style-outline is-style-outline--6 has-icon has-icon-arrow_forward\"><a class=\"wp-block-button__link wp-element-button\" href=\"https:\/\/bibliotekutvikling.no\/content\/uploads\/sites\/24\/2025\/08\/Demensvennlig-Shared-reading-Stjordal.pdf\">Mer om erfaringene fra Stj\u00f8rdal<svg xmlns=\"http:\/\/www.w3.org\/2000\/svg\" viewBox=\"0 0 24 24\" height=\"24\" width=\"24\" class=\"t2-icon t2-icon-arrow_forward\" aria-hidden=\"true\" focusable=\"false\"><path d=\"M5 13h11.17l-4.88 4.88c-.39.39-.39 1.03 0 1.42.39.39 1.02.39 1.41 0l6.59-6.59c.39-.39.39-1.02 0-1.41l-6.58-6.6c-.39-.39-1.02-.39-1.41 0-.39.39-.39 1.02 0 1.41L16.17 11H5c-.55 0-1 .45-1 1s.45 1 1 1z\" fill=\"currentColor\" \/><\/svg><\/a><\/div>\n<\/div>\n<\/div><\/div>\n\n\n\n<div class=\"wp-block-media-text alignwide is-stacked-on-mobile\" style=\"grid-template-columns:33% auto\"><figure class=\"wp-block-media-text__media\"><img loading=\"lazy\" decoding=\"async\" width=\"1024\" height=\"536\" src=\"https:\/\/bibliotekutvikling.no\/content\/uploads\/sites\/24\/2025\/08\/demensdagene-2017-1024x536.jpg\" alt=\"\" class=\"wp-image-40742 size-full\" srcset=\"https:\/\/bibliotekutvikling.no\/content\/uploads\/sites\/24\/2025\/08\/demensdagene-2017-1024x536.jpg 1024w, https:\/\/bibliotekutvikling.no\/content\/uploads\/sites\/24\/2025\/08\/demensdagene-2017-300x157.jpg 300w, https:\/\/bibliotekutvikling.no\/content\/uploads\/sites\/24\/2025\/08\/demensdagene-2017-768x402.jpg 768w, https:\/\/bibliotekutvikling.no\/content\/uploads\/sites\/24\/2025\/08\/demensdagene-2017.jpg 1200w\" sizes=\"auto, (max-width: 1024px) 100vw, 1024px\" \/><\/figure><div class=\"wp-block-media-text__content\">\n<p><strong>Den internasjonale alzheimerdagen<\/strong><\/p>\n\n\n\n<p>Hvert \u00e5r 21. september markeres den internasjonale alzheimerdagen. Kanskje kan det v\u00e6re en fin anledning til \u00e5 sette s\u00f8kelys p\u00e5 demens, og lage et arrangement i biblioteket som kan spre kunnskap om demens videre i lokalbefolkningen?<\/p>\n\n\n\n<div class=\"wp-block-buttons is-layout-flex wp-block-buttons-is-layout-flex\">\n<div class=\"wp-block-button is-style-outline is-style-outline--7 has-icon has-icon-arrow_forward\"><a class=\"wp-block-button__link wp-element-button\" href=\"https:\/\/www.alz.org\/about\/awareness-initiatives\/world-alzheimers-day\" target=\"_blank\" rel=\"noreferrer noopener\">Den internasjonale alzheimerdagens nettside<svg xmlns=\"http:\/\/www.w3.org\/2000\/svg\" viewBox=\"0 0 24 24\" height=\"24\" width=\"24\" class=\"t2-icon t2-icon-arrow_forward\" aria-hidden=\"true\" focusable=\"false\"><path d=\"M5 13h11.17l-4.88 4.88c-.39.39-.39 1.03 0 1.42.39.39 1.02.39 1.41 0l6.59-6.59c.39-.39.39-1.02 0-1.41l-6.58-6.6c-.39-.39-1.02-.39-1.41 0-.39.39-.39 1.02 0 1.41L16.17 11H5c-.55 0-1 .45-1 1s.45 1 1 1z\" fill=\"currentColor\" \/><\/svg><\/a><\/div>\n<\/div>\n<\/div><\/div>\n\n\n\n<div class=\"wp-block-columns alignwide is-layout-flex wp-container-core-columns-is-layout-28f84493 wp-block-columns-is-layout-flex\">\n<div class=\"wp-block-column is-layout-flow wp-block-column-is-layout-flow\"><div class=\"t2-featured-single-post t2-featured-content is-post-type-content-resource content-topic-inkludering wp-block-t2-featured-single-post\"><a class=\"nb-post-link  wp-block-nb-post-link\" href=\"https:\/\/bibliotekutvikling.no\/kompetansebank\/ressurs\/demensvennlig-bibliotek\/\">\n<figure class=\"nb-post-featured-image has-image-ratio-16-9 wp-block-nb-post-featured-image\"><img loading=\"lazy\" decoding=\"async\" width=\"768\" height=\"576\" src=\"https:\/\/bibliotekutvikling.no\/content\/uploads\/sites\/24\/2025\/08\/Lansering_av_alders_og_demensvennlig_bibliotek_2018_Foto_Lars_Schwed_Nygard-scaled-1-768x576.jpg\" class=\"attachment-medium_large size-medium_large wp-post-image\" alt=\"\" srcset=\"https:\/\/bibliotekutvikling.no\/content\/uploads\/sites\/24\/2025\/08\/Lansering_av_alders_og_demensvennlig_bibliotek_2018_Foto_Lars_Schwed_Nygard-scaled-1-768x576.jpg 768w, https:\/\/bibliotekutvikling.no\/content\/uploads\/sites\/24\/2025\/08\/Lansering_av_alders_og_demensvennlig_bibliotek_2018_Foto_Lars_Schwed_Nygard-scaled-1-300x225.jpg 300w, https:\/\/bibliotekutvikling.no\/content\/uploads\/sites\/24\/2025\/08\/Lansering_av_alders_og_demensvennlig_bibliotek_2018_Foto_Lars_Schwed_Nygard-scaled-1-1024x768.jpg 1024w, https:\/\/bibliotekutvikling.no\/content\/uploads\/sites\/24\/2025\/08\/Lansering_av_alders_og_demensvennlig_bibliotek_2018_Foto_Lars_Schwed_Nygard-scaled-1-1536x1152.jpg 1536w, https:\/\/bibliotekutvikling.no\/content\/uploads\/sites\/24\/2025\/08\/Lansering_av_alders_og_demensvennlig_bibliotek_2018_Foto_Lars_Schwed_Nygard-scaled-1-2048x1536.jpg 2048w\" sizes=\"auto, (min-width: 1200px) 384px, (min-width: 700px) 33vw, 350px\" \/><\/figure>\n\n<div class=\"wp-block-group alignfull is-layout-flow wp-block-group-is-layout-flow\">\n\t\n\t<div class=\"wp-block-group content-meta-row is-content-justification-space-between is-nowrap is-layout-flex wp-container-core-group-is-layout-cb46ffcb wp-block-group-is-layout-flex\">\n\t\t<div class=\"nb-post-label wp-block-nb-post-label\">Ressurs<\/div>\n\t\t<div class=\"taxonomy-content-duration wp-block-nb-single-term-from-post\">30-60 min<\/div>\n\t<\/div>\n\t\n\n\t<h2 class=\"t2-post-title wp-block-t2-post-title\">Demensvennlig bibliotek<\/h2>\n\t\n\t\n\t\n\t<div class=\"taxonomy-content-topic wp-block-nb-single-term-from-post\">Inkludering og mangfald<\/div>\n<\/div>\n\n<\/a>\n<\/div><\/div>\n\n\n\n<div class=\"wp-block-column is-layout-flow wp-block-column-is-layout-flow\"><div class=\"t2-featured-single-post t2-featured-content is-post-type-content-resource content-topic-bibliotek-og-samfunn wp-block-t2-featured-single-post\"><a class=\"nb-post-link  wp-block-nb-post-link\" href=\"https:\/\/bibliotekutvikling.no\/kompetansebank\/ressurs\/demensvennlig-bibliotek\/kunnskap-om-demens\/\">\n<figure class=\"nb-post-featured-image has-image-ratio-16-9 wp-block-nb-post-featured-image\"><img loading=\"lazy\" decoding=\"async\" width=\"768\" height=\"414\" src=\"https:\/\/bibliotekutvikling.no\/content\/uploads\/sites\/24\/2025\/08\/demensvennlig-768x414.jpg\" class=\"attachment-medium_large size-medium_large wp-post-image\" alt=\"\" srcset=\"https:\/\/bibliotekutvikling.no\/content\/uploads\/sites\/24\/2025\/08\/demensvennlig-768x414.jpg 768w, https:\/\/bibliotekutvikling.no\/content\/uploads\/sites\/24\/2025\/08\/demensvennlig-300x162.jpg 300w, https:\/\/bibliotekutvikling.no\/content\/uploads\/sites\/24\/2025\/08\/demensvennlig-1024x552.jpg 1024w, https:\/\/bibliotekutvikling.no\/content\/uploads\/sites\/24\/2025\/08\/demensvennlig-1536x828.jpg 1536w, https:\/\/bibliotekutvikling.no\/content\/uploads\/sites\/24\/2025\/08\/demensvennlig.jpg 1660w\" sizes=\"auto, (min-width: 1200px) 384px, (min-width: 700px) 33vw, 350px\" \/><\/figure>\n\n<div class=\"wp-block-group alignfull is-layout-flow wp-block-group-is-layout-flow\">\n\t\n\t<div class=\"wp-block-group content-meta-row is-content-justification-space-between is-nowrap is-layout-flex wp-container-core-group-is-layout-cb46ffcb wp-block-group-is-layout-flex\">\n\t\t<div class=\"nb-post-label wp-block-nb-post-label\">Ressurs<\/div>\n\t\t\n\t<\/div>\n\t\n\n\t<h2 class=\"t2-post-title wp-block-t2-post-title\">Kunnskap om demens<\/h2>\n\t\n\t\n\t\n\t<div class=\"taxonomy-content-topic wp-block-nb-single-term-from-post\">Biblioteket i lokalsamfunnet<\/div>\n<\/div>\n\n<\/a>\n<\/div><\/div>\n\n\n\n<div class=\"wp-block-column is-layout-flow wp-block-column-is-layout-flow\"><div class=\"t2-featured-single-post t2-featured-content is-post-type-content-resource content-topic-bibliotek-og-samfunn wp-block-t2-featured-single-post\"><a class=\"nb-post-link  wp-block-nb-post-link\" href=\"https:\/\/bibliotekutvikling.no\/kompetansebank\/ressurs\/demensvennlig-bibliotek\/universell-utforming-for-personer-med-demens\/\">\n<figure class=\"nb-post-featured-image has-image-ratio-16-9 wp-block-nb-post-featured-image\"><img loading=\"lazy\" decoding=\"async\" width=\"768\" height=\"512\" src=\"https:\/\/bibliotekutvikling.no\/content\/uploads\/sites\/24\/2025\/08\/Raufoss-bibliotek_-Fredrik-NaumannFelix-Features-768x512.jpg\" class=\"attachment-medium_large size-medium_large wp-post-image\" alt=\"\" srcset=\"https:\/\/bibliotekutvikling.no\/content\/uploads\/sites\/24\/2025\/08\/Raufoss-bibliotek_-Fredrik-NaumannFelix-Features-768x512.jpg 768w, https:\/\/bibliotekutvikling.no\/content\/uploads\/sites\/24\/2025\/08\/Raufoss-bibliotek_-Fredrik-NaumannFelix-Features-300x200.jpg 300w, https:\/\/bibliotekutvikling.no\/content\/uploads\/sites\/24\/2025\/08\/Raufoss-bibliotek_-Fredrik-NaumannFelix-Features-1024x683.jpg 1024w, https:\/\/bibliotekutvikling.no\/content\/uploads\/sites\/24\/2025\/08\/Raufoss-bibliotek_-Fredrik-NaumannFelix-Features-1536x1024.jpg 1536w, https:\/\/bibliotekutvikling.no\/content\/uploads\/sites\/24\/2025\/08\/Raufoss-bibliotek_-Fredrik-NaumannFelix-Features-2048x1366.jpg 2048w\" sizes=\"auto, (min-width: 1200px) 384px, (min-width: 700px) 33vw, 350px\" \/><\/figure>\n\n<div class=\"wp-block-group alignfull is-layout-flow wp-block-group-is-layout-flow\">\n\t\n\t<div class=\"wp-block-group content-meta-row is-content-justification-space-between is-nowrap is-layout-flex wp-container-core-group-is-layout-cb46ffcb wp-block-group-is-layout-flex\">\n\t\t<div class=\"nb-post-label wp-block-nb-post-label\">Ressurs<\/div>\n\t\t\n\t<\/div>\n\t\n\n\t<h2 class=\"t2-post-title wp-block-t2-post-title\">Universell utforming for personer med demens<\/h2>\n\t\n\t\n\t\n\t<div class=\"taxonomy-content-topic wp-block-nb-single-term-from-post\">Biblioteket i lokalsamfunnet<\/div>\n<\/div>\n\n<\/a>\n<\/div><\/div>\n<\/div>\n","protected":false},"excerpt":{"rendered":"","protected":false},"author":6868,"featured_media":24170,"parent":40726,"menu_order":0,"template":"","meta":{"nb_hide_title":false,"content_core_is_hidden":true,"contact_organization_name":"Fylkesbibliotekenes arbeidsgruppe for demensvennlige bibliotek","contact_organization_url":"","contact_person_full_name":"Silje J. Nyb\u00f8, Mette Vaag og Trine Lise Mellem","contact_person_email":"Silje.jansen.nybo@vlfk.no; metva@trondelagfylke.no; trine.mellem@tromsfylke.no","single_header_image_is_disabled":false,"single_header_image_attachment_id":0,"single_header_image_attachment_url":""},"content-duration":[],"content-topic":[100],"class_list":["post-40771","content-resource","type-content-resource","status-publish","has-post-thumbnail","hentry","content-topic-bibliotek-og-samfunn"],"yoast_head":"<!-- This site is optimized with the Yoast SEO Premium plugin v27.1 (Yoast SEO v27.1.1) - https:\/\/yoast.com\/product\/yoast-seo-premium-wordpress\/ -->\n<title>Formidling til personer med demens - Kompetansebank<\/title>\n<meta name=\"robots\" content=\"index, follow, max-snippet:-1, max-image-preview:large, max-video-preview:-1\" \/>\n<link rel=\"canonical\" href=\"https:\/\/bibliotekutvikling.no\/kompetansebank\/ressurs\/demensvennlig-bibliotek\/formidling-til-personer-med-demens\/\" \/>\n<meta property=\"og:locale\" content=\"nb_NO\" \/>\n<meta property=\"og:type\" content=\"article\" \/>\n<meta property=\"og:title\" content=\"Formidling til personer med demens\" \/>\n<meta property=\"og:url\" content=\"https:\/\/bibliotekutvikling.no\/kompetansebank\/ressurs\/demensvennlig-bibliotek\/formidling-til-personer-med-demens\/\" \/>\n<meta property=\"og:site_name\" content=\"Kompetansebank\" \/>\n<meta property=\"article:publisher\" content=\"https:\/\/www.facebook.com\/bibliotekutvikling\" \/>\n<meta property=\"article:modified_time\" content=\"2026-04-13T11:02:21+00:00\" \/>\n<meta property=\"og:image\" content=\"https:\/\/bibliotekutvikling.no\/content\/uploads\/sites\/24\/2024\/02\/sharedreading-illustrasjonsfoto-scaled.jpg\" \/>\n\t<meta property=\"og:image:width\" content=\"2560\" \/>\n\t<meta property=\"og:image:height\" content=\"1707\" \/>\n\t<meta property=\"og:image:type\" content=\"image\/jpeg\" \/>\n<meta name=\"twitter:card\" content=\"summary_large_image\" \/>\n<meta name=\"twitter:label1\" content=\"Ansl. lesetid\" \/>\n\t<meta name=\"twitter:data1\" content=\"4 minutter\" \/>\n<script type=\"application\/ld+json\" class=\"yoast-schema-graph\">{\"@context\":\"https:\/\/schema.org\",\"@graph\":[{\"@type\":\"WebPage\",\"@id\":\"https:\/\/bibliotekutvikling.no\/kompetansebank\/ressurs\/demensvennlig-bibliotek\/formidling-til-personer-med-demens\/\",\"url\":\"https:\/\/bibliotekutvikling.no\/kompetansebank\/ressurs\/demensvennlig-bibliotek\/formidling-til-personer-med-demens\/\",\"name\":\"Formidling til personer med demens - Kompetansebank\",\"isPartOf\":{\"@id\":\"https:\/\/bibliotekutvikling.no\/kompetansebank\/#website\"},\"primaryImageOfPage\":{\"@id\":\"https:\/\/bibliotekutvikling.no\/kompetansebank\/ressurs\/demensvennlig-bibliotek\/formidling-til-personer-med-demens\/#primaryimage\"},\"image\":{\"@id\":\"https:\/\/bibliotekutvikling.no\/kompetansebank\/ressurs\/demensvennlig-bibliotek\/formidling-til-personer-med-demens\/#primaryimage\"},\"thumbnailUrl\":\"https:\/\/bibliotekutvikling.no\/content\/uploads\/sites\/24\/2024\/02\/sharedreading-illustrasjonsfoto-scaled.jpg\",\"datePublished\":\"2019-08-21T16:46:00+00:00\",\"dateModified\":\"2026-04-13T11:02:21+00:00\",\"breadcrumb\":{\"@id\":\"https:\/\/bibliotekutvikling.no\/kompetansebank\/ressurs\/demensvennlig-bibliotek\/formidling-til-personer-med-demens\/#breadcrumb\"},\"inLanguage\":\"nb-NO\",\"potentialAction\":[{\"@type\":\"ReadAction\",\"target\":[\"https:\/\/bibliotekutvikling.no\/kompetansebank\/ressurs\/demensvennlig-bibliotek\/formidling-til-personer-med-demens\/\"]}]},{\"@type\":\"ImageObject\",\"inLanguage\":\"nb-NO\",\"@id\":\"https:\/\/bibliotekutvikling.no\/kompetansebank\/ressurs\/demensvennlig-bibliotek\/formidling-til-personer-med-demens\/#primaryimage\",\"url\":\"https:\/\/bibliotekutvikling.no\/content\/uploads\/sites\/24\/2024\/02\/sharedreading-illustrasjonsfoto-scaled.jpg\",\"contentUrl\":\"https:\/\/bibliotekutvikling.no\/content\/uploads\/sites\/24\/2024\/02\/sharedreading-illustrasjonsfoto-scaled.jpg\",\"width\":2560,\"height\":1707},{\"@type\":\"BreadcrumbList\",\"@id\":\"https:\/\/bibliotekutvikling.no\/kompetansebank\/ressurs\/demensvennlig-bibliotek\/formidling-til-personer-med-demens\/#breadcrumb\",\"itemListElement\":[{\"@type\":\"ListItem\",\"position\":1,\"name\":\"Hjem\",\"item\":\"https:\/\/bibliotekutvikling.no\/kompetansebank\/\"},{\"@type\":\"ListItem\",\"position\":2,\"name\":\"Demensvennlig bibliotek\",\"item\":\"https:\/\/bibliotekutvikling.no\/kompetansebank\/ressurs\/demensvennlig-bibliotek\/\"},{\"@type\":\"ListItem\",\"position\":3,\"name\":\"Formidling til personer med demens\"}]},{\"@type\":\"WebSite\",\"@id\":\"https:\/\/bibliotekutvikling.no\/kompetansebank\/#website\",\"url\":\"https:\/\/bibliotekutvikling.no\/kompetansebank\/\",\"name\":\"Kompetansebank\",\"description\":\"kurs og kunnskap for bibliotekansatte\",\"publisher\":{\"@id\":\"https:\/\/bibliotekutvikling.no\/kompetansebank\/#organization\"},\"potentialAction\":[{\"@type\":\"SearchAction\",\"target\":{\"@type\":\"EntryPoint\",\"urlTemplate\":\"https:\/\/bibliotekutvikling.no\/kompetansebank\/?s={search_term_string}\"},\"query-input\":{\"@type\":\"PropertyValueSpecification\",\"valueRequired\":true,\"valueName\":\"search_term_string\"}}],\"inLanguage\":\"nb-NO\"},{\"@type\":\"Organization\",\"@id\":\"https:\/\/bibliotekutvikling.no\/kompetansebank\/#organization\",\"name\":\"Bibliotekutvikling\",\"url\":\"https:\/\/bibliotekutvikling.no\/kompetansebank\/\",\"logo\":{\"@type\":\"ImageObject\",\"inLanguage\":\"nb-NO\",\"@id\":\"https:\/\/bibliotekutvikling.no\/kompetansebank\/#\/schema\/logo\/image\/\",\"url\":\"https:\/\/bibliotekutvikling.no\/content\/uploads\/sites\/24\/2023\/10\/Favikon-BU.png\",\"contentUrl\":\"https:\/\/bibliotekutvikling.no\/content\/uploads\/sites\/24\/2023\/10\/Favikon-BU.png\",\"width\":1055,\"height\":1054,\"caption\":\"Bibliotekutvikling\"},\"image\":{\"@id\":\"https:\/\/bibliotekutvikling.no\/kompetansebank\/#\/schema\/logo\/image\/\"},\"sameAs\":[\"https:\/\/www.facebook.com\/bibliotekutvikling\"]}]}<\/script>\n<!-- \/ Yoast SEO Premium plugin. -->","yoast_head_json":{"title":"Formidling til personer med demens - Kompetansebank","robots":{"index":"index","follow":"follow","max-snippet":"max-snippet:-1","max-image-preview":"max-image-preview:large","max-video-preview":"max-video-preview:-1"},"canonical":"https:\/\/bibliotekutvikling.no\/kompetansebank\/ressurs\/demensvennlig-bibliotek\/formidling-til-personer-med-demens\/","og_locale":"nb_NO","og_type":"article","og_title":"Formidling til personer med demens","og_url":"https:\/\/bibliotekutvikling.no\/kompetansebank\/ressurs\/demensvennlig-bibliotek\/formidling-til-personer-med-demens\/","og_site_name":"Kompetansebank","article_publisher":"https:\/\/www.facebook.com\/bibliotekutvikling","article_modified_time":"2026-04-13T11:02:21+00:00","og_image":[{"width":2560,"height":1707,"url":"https:\/\/bibliotekutvikling.no\/content\/uploads\/sites\/24\/2024\/02\/sharedreading-illustrasjonsfoto-scaled.jpg","type":"image\/jpeg"}],"twitter_card":"summary_large_image","twitter_misc":{"Ansl. lesetid":"4 minutter"},"schema":{"@context":"https:\/\/schema.org","@graph":[{"@type":"WebPage","@id":"https:\/\/bibliotekutvikling.no\/kompetansebank\/ressurs\/demensvennlig-bibliotek\/formidling-til-personer-med-demens\/","url":"https:\/\/bibliotekutvikling.no\/kompetansebank\/ressurs\/demensvennlig-bibliotek\/formidling-til-personer-med-demens\/","name":"Formidling til personer med demens - Kompetansebank","isPartOf":{"@id":"https:\/\/bibliotekutvikling.no\/kompetansebank\/#website"},"primaryImageOfPage":{"@id":"https:\/\/bibliotekutvikling.no\/kompetansebank\/ressurs\/demensvennlig-bibliotek\/formidling-til-personer-med-demens\/#primaryimage"},"image":{"@id":"https:\/\/bibliotekutvikling.no\/kompetansebank\/ressurs\/demensvennlig-bibliotek\/formidling-til-personer-med-demens\/#primaryimage"},"thumbnailUrl":"https:\/\/bibliotekutvikling.no\/content\/uploads\/sites\/24\/2024\/02\/sharedreading-illustrasjonsfoto-scaled.jpg","datePublished":"2019-08-21T16:46:00+00:00","dateModified":"2026-04-13T11:02:21+00:00","breadcrumb":{"@id":"https:\/\/bibliotekutvikling.no\/kompetansebank\/ressurs\/demensvennlig-bibliotek\/formidling-til-personer-med-demens\/#breadcrumb"},"inLanguage":"nb-NO","potentialAction":[{"@type":"ReadAction","target":["https:\/\/bibliotekutvikling.no\/kompetansebank\/ressurs\/demensvennlig-bibliotek\/formidling-til-personer-med-demens\/"]}]},{"@type":"ImageObject","inLanguage":"nb-NO","@id":"https:\/\/bibliotekutvikling.no\/kompetansebank\/ressurs\/demensvennlig-bibliotek\/formidling-til-personer-med-demens\/#primaryimage","url":"https:\/\/bibliotekutvikling.no\/content\/uploads\/sites\/24\/2024\/02\/sharedreading-illustrasjonsfoto-scaled.jpg","contentUrl":"https:\/\/bibliotekutvikling.no\/content\/uploads\/sites\/24\/2024\/02\/sharedreading-illustrasjonsfoto-scaled.jpg","width":2560,"height":1707},{"@type":"BreadcrumbList","@id":"https:\/\/bibliotekutvikling.no\/kompetansebank\/ressurs\/demensvennlig-bibliotek\/formidling-til-personer-med-demens\/#breadcrumb","itemListElement":[{"@type":"ListItem","position":1,"name":"Hjem","item":"https:\/\/bibliotekutvikling.no\/kompetansebank\/"},{"@type":"ListItem","position":2,"name":"Demensvennlig bibliotek","item":"https:\/\/bibliotekutvikling.no\/kompetansebank\/ressurs\/demensvennlig-bibliotek\/"},{"@type":"ListItem","position":3,"name":"Formidling til personer med demens"}]},{"@type":"WebSite","@id":"https:\/\/bibliotekutvikling.no\/kompetansebank\/#website","url":"https:\/\/bibliotekutvikling.no\/kompetansebank\/","name":"Kompetansebank","description":"kurs og kunnskap for bibliotekansatte","publisher":{"@id":"https:\/\/bibliotekutvikling.no\/kompetansebank\/#organization"},"potentialAction":[{"@type":"SearchAction","target":{"@type":"EntryPoint","urlTemplate":"https:\/\/bibliotekutvikling.no\/kompetansebank\/?s={search_term_string}"},"query-input":{"@type":"PropertyValueSpecification","valueRequired":true,"valueName":"search_term_string"}}],"inLanguage":"nb-NO"},{"@type":"Organization","@id":"https:\/\/bibliotekutvikling.no\/kompetansebank\/#organization","name":"Bibliotekutvikling","url":"https:\/\/bibliotekutvikling.no\/kompetansebank\/","logo":{"@type":"ImageObject","inLanguage":"nb-NO","@id":"https:\/\/bibliotekutvikling.no\/kompetansebank\/#\/schema\/logo\/image\/","url":"https:\/\/bibliotekutvikling.no\/content\/uploads\/sites\/24\/2023\/10\/Favikon-BU.png","contentUrl":"https:\/\/bibliotekutvikling.no\/content\/uploads\/sites\/24\/2023\/10\/Favikon-BU.png","width":1055,"height":1054,"caption":"Bibliotekutvikling"},"image":{"@id":"https:\/\/bibliotekutvikling.no\/kompetansebank\/#\/schema\/logo\/image\/"},"sameAs":["https:\/\/www.facebook.com\/bibliotekutvikling"]}]}},"_links":{"self":[{"href":"https:\/\/bibliotekutvikling.no\/kompetansebank\/wp-json\/wp\/v2\/content-resource\/40771","targetHints":{"allow":["GET"]}}],"collection":[{"href":"https:\/\/bibliotekutvikling.no\/kompetansebank\/wp-json\/wp\/v2\/content-resource"}],"about":[{"href":"https:\/\/bibliotekutvikling.no\/kompetansebank\/wp-json\/wp\/v2\/types\/content-resource"}],"author":[{"embeddable":true,"href":"https:\/\/bibliotekutvikling.no\/kompetansebank\/wp-json\/wp\/v2\/users\/6868"}],"up":[{"embeddable":true,"href":"https:\/\/bibliotekutvikling.no\/kompetansebank\/wp-json\/wp\/v2\/content-resource\/40726"}],"wp:featuredmedia":[{"embeddable":true,"href":"https:\/\/bibliotekutvikling.no\/kompetansebank\/wp-json\/wp\/v2\/media\/24170"}],"wp:attachment":[{"href":"https:\/\/bibliotekutvikling.no\/kompetansebank\/wp-json\/wp\/v2\/media?parent=40771"}],"wp:term":[{"taxonomy":"content-duration","embeddable":true,"href":"https:\/\/bibliotekutvikling.no\/kompetansebank\/wp-json\/wp\/v2\/content-duration?post=40771"},{"taxonomy":"content-topic","embeddable":true,"href":"https:\/\/bibliotekutvikling.no\/kompetansebank\/wp-json\/wp\/v2\/content-topic?post=40771"}],"curies":[{"name":"wp","href":"https:\/\/api.w.org\/{rel}","templated":true}]}}