{"id":40726,"date":"2025-08-21T18:16:22","date_gmt":"2025-08-21T16:16:22","guid":{"rendered":"https:\/\/bibliotekutvikling.no\/kompetansebank\/?post_type=content-resource&#038;p=40726"},"modified":"2026-04-17T14:49:32","modified_gmt":"2026-04-17T12:49:32","slug":"demensvennlig-bibliotek","status":"publish","type":"content-resource","link":"https:\/\/bibliotekutvikling.no\/kompetansebank\/ressurs\/demensvennlig-bibliotek\/","title":{"rendered":"Demensvennlig bibliotek"},"content":{"rendered":"\n<h2 class=\"wp-block-heading\" id=\"h-bibliotek-skal-vaere-for-alle\">Bibliotek skal v\u00e6re for alle<\/h2>\n\n\n\n<p>Et demensvennlig bibliotek er et bibliotek der personalet har kompetanse om demens og kan m\u00f8te brukere med demens med kunnskap og trygghet.<\/p>\n\n\n\n<p>\u00c5 kalle seg et demensvennlig bibliotek er ikke en sertifiseringsordning, men gir et signal om at biblioteket er et trygt sted for personer med demens og deres p\u00e5r\u00f8rende.<\/p>\n\n\n\n<p>Ressursen om demensvennlige bibliotek er delt inn i tre hovedbolker.<\/p>\n\n\n\n<h2 class=\"wp-block-heading\" id=\"h-kunnskap-om-demens\">Kunnskap om demens<\/h2>\n\n\n\n<p>Hva trengs for at bibliotekansatte skal kjenne at de har tilstrekkelig kompetanse for \u00e5 gi gode tjenester til mennesker med demens og\/eller kognitiv svikt? Hvordan kan det gj\u00f8res trygt \u00e5 bli m\u00f8tt av et fremmed personale i biblioteket? Hvilke gode samarbeidspartnere finnes for bibliotek i lokalsamfunnet?<\/p>\n\n\n\n<h2 class=\"wp-block-heading\" id=\"h-formidling-til-personer-med-demens\">Formidling til personer med demens<\/h2>\n\n\n\n<p>Hva kan v\u00e6re gode arrangement eller tiltak i biblioteket for denne gruppen og eventuelt deres p\u00e5r\u00f8rende for \u00e5 motvirke isolasjon og bidra til \u00e5 ivareta spr\u00e5k? Hvilke formidlingsformer er godt egnet?<\/p>\n\n\n\n<h2 class=\"wp-block-heading\" id=\"h-tilrettelegging-av-lokaler-universell-utforming\">Tilrettelegging av lokaler\/universell utforming<\/h2>\n\n\n\n<p>Hvordan kan man gj\u00f8re det lettere \u00e5 orientere seg i lokalene? Hvilke elementer b\u00f8r man s\u00e6rlig vurdere for \u00e5 tilrettelegge for personer med demens?<\/p>\n\n\n\n<div class=\"wp-block-columns alignwide is-layout-flex wp-container-core-columns-is-layout-28f84493 wp-block-columns-is-layout-flex\">\n<div class=\"wp-block-column is-layout-flow wp-block-column-is-layout-flow\"><div class=\"t2-featured-single-post t2-featured-content is-post-type-content-resource content-topic-bibliotek-og-samfunn wp-block-t2-featured-single-post\"><a class=\"nb-post-link  wp-block-nb-post-link\" href=\"https:\/\/bibliotekutvikling.no\/kompetansebank\/ressurs\/demensvennlig-bibliotek\/kunnskap-om-demens\/\">\n<figure class=\"nb-post-featured-image has-image-ratio-16-9 wp-block-nb-post-featured-image\"><img loading=\"lazy\" decoding=\"async\" width=\"768\" height=\"414\" src=\"https:\/\/bibliotekutvikling.no\/content\/uploads\/sites\/24\/2025\/08\/demensvennlig-768x414.jpg\" class=\"attachment-medium_large size-medium_large wp-post-image\" alt=\"\" srcset=\"https:\/\/bibliotekutvikling.no\/content\/uploads\/sites\/24\/2025\/08\/demensvennlig-768x414.jpg 768w, https:\/\/bibliotekutvikling.no\/content\/uploads\/sites\/24\/2025\/08\/demensvennlig-300x162.jpg 300w, https:\/\/bibliotekutvikling.no\/content\/uploads\/sites\/24\/2025\/08\/demensvennlig-1024x552.jpg 1024w, https:\/\/bibliotekutvikling.no\/content\/uploads\/sites\/24\/2025\/08\/demensvennlig-1536x828.jpg 1536w, https:\/\/bibliotekutvikling.no\/content\/uploads\/sites\/24\/2025\/08\/demensvennlig.jpg 1660w\" sizes=\"auto, (min-width: 1200px) 384px, (min-width: 700px) 33vw, 350px\" \/><\/figure>\n\n<div class=\"wp-block-group alignfull is-layout-flow wp-block-group-is-layout-flow\">\n\t\n\t<div class=\"wp-block-group content-meta-row is-content-justification-space-between is-nowrap is-layout-flex wp-container-core-group-is-layout-cb46ffcb wp-block-group-is-layout-flex\">\n\t\t<div class=\"nb-post-label wp-block-nb-post-label\">Ressurs<\/div>\n\t\t\n\t<\/div>\n\t\n\n\t<h2 class=\"t2-post-title wp-block-t2-post-title\">Kunnskap om demens<\/h2>\n\t\n\t\n\t\n\t<div class=\"taxonomy-content-topic wp-block-nb-single-term-from-post\">Biblioteket i lokalsamfunnet<\/div>\n<\/div>\n\n<\/a>\n<\/div><\/div>\n\n\n\n<div class=\"wp-block-column is-layout-flow wp-block-column-is-layout-flow\"><div class=\"t2-featured-single-post t2-featured-content is-post-type-content-resource content-topic-bibliotek-og-samfunn wp-block-t2-featured-single-post\"><a class=\"nb-post-link  wp-block-nb-post-link\" href=\"https:\/\/bibliotekutvikling.no\/kompetansebank\/ressurs\/demensvennlig-bibliotek\/formidling-til-personer-med-demens\/\">\n<figure class=\"nb-post-featured-image has-image-ratio-16-9 wp-block-nb-post-featured-image\"><img loading=\"lazy\" decoding=\"async\" width=\"768\" height=\"512\" src=\"https:\/\/bibliotekutvikling.no\/content\/uploads\/sites\/24\/2024\/02\/sharedreading-illustrasjonsfoto-768x512.jpg\" class=\"attachment-medium_large size-medium_large wp-post-image\" alt=\"\" srcset=\"https:\/\/bibliotekutvikling.no\/content\/uploads\/sites\/24\/2024\/02\/sharedreading-illustrasjonsfoto-768x512.jpg 768w, https:\/\/bibliotekutvikling.no\/content\/uploads\/sites\/24\/2024\/02\/sharedreading-illustrasjonsfoto-300x200.jpg 300w, https:\/\/bibliotekutvikling.no\/content\/uploads\/sites\/24\/2024\/02\/sharedreading-illustrasjonsfoto-1024x683.jpg 1024w, https:\/\/bibliotekutvikling.no\/content\/uploads\/sites\/24\/2024\/02\/sharedreading-illustrasjonsfoto-1536x1024.jpg 1536w, https:\/\/bibliotekutvikling.no\/content\/uploads\/sites\/24\/2024\/02\/sharedreading-illustrasjonsfoto-2048x1365.jpg 2048w\" sizes=\"auto, (min-width: 1200px) 384px, (min-width: 700px) 33vw, 350px\" \/><\/figure>\n\n<div class=\"wp-block-group alignfull is-layout-flow wp-block-group-is-layout-flow\">\n\t\n\t<div class=\"wp-block-group content-meta-row is-content-justification-space-between is-nowrap is-layout-flex wp-container-core-group-is-layout-cb46ffcb wp-block-group-is-layout-flex\">\n\t\t<div class=\"nb-post-label wp-block-nb-post-label\">Ressurs<\/div>\n\t\t\n\t<\/div>\n\t\n\n\t<h2 class=\"t2-post-title wp-block-t2-post-title\">Formidling til personer med demens<\/h2>\n\t\n\t\n\t\n\t<div class=\"taxonomy-content-topic wp-block-nb-single-term-from-post\">Biblioteket i lokalsamfunnet<\/div>\n<\/div>\n\n<\/a>\n<\/div><\/div>\n\n\n\n<div class=\"wp-block-column is-layout-flow wp-block-column-is-layout-flow\"><div class=\"t2-featured-single-post t2-featured-content is-post-type-content-resource content-topic-bibliotek-og-samfunn wp-block-t2-featured-single-post\"><a class=\"nb-post-link  wp-block-nb-post-link\" href=\"https:\/\/bibliotekutvikling.no\/kompetansebank\/ressurs\/demensvennlig-bibliotek\/universell-utforming-for-personer-med-demens\/\">\n<figure class=\"nb-post-featured-image has-image-ratio-16-9 wp-block-nb-post-featured-image\"><img loading=\"lazy\" decoding=\"async\" width=\"768\" height=\"512\" src=\"https:\/\/bibliotekutvikling.no\/content\/uploads\/sites\/24\/2025\/08\/Raufoss-bibliotek_-Fredrik-NaumannFelix-Features-768x512.jpg\" class=\"attachment-medium_large size-medium_large wp-post-image\" alt=\"\" srcset=\"https:\/\/bibliotekutvikling.no\/content\/uploads\/sites\/24\/2025\/08\/Raufoss-bibliotek_-Fredrik-NaumannFelix-Features-768x512.jpg 768w, https:\/\/bibliotekutvikling.no\/content\/uploads\/sites\/24\/2025\/08\/Raufoss-bibliotek_-Fredrik-NaumannFelix-Features-300x200.jpg 300w, https:\/\/bibliotekutvikling.no\/content\/uploads\/sites\/24\/2025\/08\/Raufoss-bibliotek_-Fredrik-NaumannFelix-Features-1024x683.jpg 1024w, https:\/\/bibliotekutvikling.no\/content\/uploads\/sites\/24\/2025\/08\/Raufoss-bibliotek_-Fredrik-NaumannFelix-Features-1536x1024.jpg 1536w, https:\/\/bibliotekutvikling.no\/content\/uploads\/sites\/24\/2025\/08\/Raufoss-bibliotek_-Fredrik-NaumannFelix-Features-2048x1366.jpg 2048w\" sizes=\"auto, (min-width: 1200px) 384px, (min-width: 700px) 33vw, 350px\" \/><\/figure>\n\n<div class=\"wp-block-group alignfull is-layout-flow wp-block-group-is-layout-flow\">\n\t\n\t<div class=\"wp-block-group content-meta-row is-content-justification-space-between is-nowrap is-layout-flex wp-container-core-group-is-layout-cb46ffcb wp-block-group-is-layout-flex\">\n\t\t<div class=\"nb-post-label wp-block-nb-post-label\">Ressurs<\/div>\n\t\t\n\t<\/div>\n\t\n\n\t<h2 class=\"t2-post-title wp-block-t2-post-title\">Universell utforming for personer med demens<\/h2>\n\t\n\t\n\t\n\t<div class=\"taxonomy-content-topic wp-block-nb-single-term-from-post\">Biblioteket i lokalsamfunnet<\/div>\n<\/div>\n\n<\/a>\n<\/div><\/div>\n<\/div>\n","protected":false},"excerpt":{"rendered":"","protected":false},"author":6868,"featured_media":40763,"parent":0,"menu_order":0,"template":"","meta":{"nb_hide_title":false,"content_core_is_hidden":false,"contact_organization_name":"Fylkesbibliotekenes arbeidsgruppe for demensvennlige bibliotek","contact_organization_url":"","contact_person_full_name":"Silje J. Nyb\u00f8, Mette Vaag og Trine Lise Mellem","contact_person_email":"Silje.jansen.nybo@vlfk.no; metva@trondelagfylke.no; trine.mellem@tromsfylke.no","single_header_image_is_disabled":false,"single_header_image_attachment_id":0,"single_header_image_attachment_url":""},"content-duration":[285],"content-topic":[286],"class_list":["post-40726","content-resource","type-content-resource","status-publish","has-post-thumbnail","hentry","content-topic-inkludering"],"yoast_head":"<!-- This site is optimized with the Yoast SEO Premium plugin v27.1 (Yoast SEO v27.1.1) - https:\/\/yoast.com\/product\/yoast-seo-premium-wordpress\/ -->\n<title>Demensvennlig bibliotek - Kompetansebank<\/title>\n<meta name=\"description\" content=\"Denne ressursen kan brukes av bibliotek for \u00e5 legge tilrett for mennesker med demens.\" \/>\n<meta name=\"robots\" content=\"index, follow, max-snippet:-1, max-image-preview:large, max-video-preview:-1\" \/>\n<link rel=\"canonical\" href=\"https:\/\/bibliotekutvikling.no\/kompetansebank\/ressurs\/demensvennlig-bibliotek\/\" \/>\n<meta property=\"og:locale\" content=\"nb_NO\" \/>\n<meta property=\"og:type\" content=\"article\" \/>\n<meta property=\"og:title\" content=\"Demensvennlig bibliotek\" \/>\n<meta property=\"og:description\" content=\"Denne ressursen kan brukes av bibliotek for \u00e5 legge tilrett for mennesker med demens.\" \/>\n<meta property=\"og:url\" content=\"https:\/\/bibliotekutvikling.no\/kompetansebank\/ressurs\/demensvennlig-bibliotek\/\" \/>\n<meta property=\"og:site_name\" content=\"Kompetansebank\" \/>\n<meta property=\"article:publisher\" content=\"https:\/\/www.facebook.com\/bibliotekutvikling\" \/>\n<meta property=\"article:modified_time\" content=\"2026-04-17T12:49:32+00:00\" \/>\n<meta property=\"og:image\" content=\"https:\/\/bibliotekutvikling.no\/content\/uploads\/sites\/24\/2025\/08\/Lansering_av_alders_og_demensvennlig_bibliotek_2018_Foto_Lars_Schwed_Nygard-scaled-1.jpg\" \/>\n\t<meta property=\"og:image:width\" content=\"2560\" \/>\n\t<meta property=\"og:image:height\" content=\"1920\" \/>\n\t<meta property=\"og:image:type\" content=\"image\/jpeg\" \/>\n<meta name=\"twitter:card\" content=\"summary_large_image\" \/>\n<meta name=\"twitter:label1\" content=\"Ansl. lesetid\" \/>\n\t<meta name=\"twitter:data1\" content=\"2 minutter\" \/>\n<script type=\"application\/ld+json\" class=\"yoast-schema-graph\">{\"@context\":\"https:\/\/schema.org\",\"@graph\":[{\"@type\":\"WebPage\",\"@id\":\"https:\/\/bibliotekutvikling.no\/kompetansebank\/ressurs\/demensvennlig-bibliotek\/\",\"url\":\"https:\/\/bibliotekutvikling.no\/kompetansebank\/ressurs\/demensvennlig-bibliotek\/\",\"name\":\"Demensvennlig bibliotek - Kompetansebank\",\"isPartOf\":{\"@id\":\"https:\/\/bibliotekutvikling.no\/kompetansebank\/#website\"},\"primaryImageOfPage\":{\"@id\":\"https:\/\/bibliotekutvikling.no\/kompetansebank\/ressurs\/demensvennlig-bibliotek\/#primaryimage\"},\"image\":{\"@id\":\"https:\/\/bibliotekutvikling.no\/kompetansebank\/ressurs\/demensvennlig-bibliotek\/#primaryimage\"},\"thumbnailUrl\":\"https:\/\/bibliotekutvikling.no\/content\/uploads\/sites\/24\/2025\/08\/Lansering_av_alders_og_demensvennlig_bibliotek_2018_Foto_Lars_Schwed_Nygard-scaled-1.jpg\",\"datePublished\":\"2025-08-21T16:16:22+00:00\",\"dateModified\":\"2026-04-17T12:49:32+00:00\",\"description\":\"Denne ressursen kan brukes av bibliotek for \u00e5 legge tilrett for mennesker med demens.\",\"breadcrumb\":{\"@id\":\"https:\/\/bibliotekutvikling.no\/kompetansebank\/ressurs\/demensvennlig-bibliotek\/#breadcrumb\"},\"inLanguage\":\"nb-NO\",\"potentialAction\":[{\"@type\":\"ReadAction\",\"target\":[\"https:\/\/bibliotekutvikling.no\/kompetansebank\/ressurs\/demensvennlig-bibliotek\/\"]}]},{\"@type\":\"ImageObject\",\"inLanguage\":\"nb-NO\",\"@id\":\"https:\/\/bibliotekutvikling.no\/kompetansebank\/ressurs\/demensvennlig-bibliotek\/#primaryimage\",\"url\":\"https:\/\/bibliotekutvikling.no\/content\/uploads\/sites\/24\/2025\/08\/Lansering_av_alders_og_demensvennlig_bibliotek_2018_Foto_Lars_Schwed_Nygard-scaled-1.jpg\",\"contentUrl\":\"https:\/\/bibliotekutvikling.no\/content\/uploads\/sites\/24\/2025\/08\/Lansering_av_alders_og_demensvennlig_bibliotek_2018_Foto_Lars_Schwed_Nygard-scaled-1.jpg\",\"width\":2560,\"height\":1920},{\"@type\":\"BreadcrumbList\",\"@id\":\"https:\/\/bibliotekutvikling.no\/kompetansebank\/ressurs\/demensvennlig-bibliotek\/#breadcrumb\",\"itemListElement\":[{\"@type\":\"ListItem\",\"position\":1,\"name\":\"Hjem\",\"item\":\"https:\/\/bibliotekutvikling.no\/kompetansebank\/\"},{\"@type\":\"ListItem\",\"position\":2,\"name\":\"Demensvennlig bibliotek\"}]},{\"@type\":\"WebSite\",\"@id\":\"https:\/\/bibliotekutvikling.no\/kompetansebank\/#website\",\"url\":\"https:\/\/bibliotekutvikling.no\/kompetansebank\/\",\"name\":\"Kompetansebank\",\"description\":\"kurs og kunnskap for bibliotekansatte\",\"publisher\":{\"@id\":\"https:\/\/bibliotekutvikling.no\/kompetansebank\/#organization\"},\"potentialAction\":[{\"@type\":\"SearchAction\",\"target\":{\"@type\":\"EntryPoint\",\"urlTemplate\":\"https:\/\/bibliotekutvikling.no\/kompetansebank\/?s={search_term_string}\"},\"query-input\":{\"@type\":\"PropertyValueSpecification\",\"valueRequired\":true,\"valueName\":\"search_term_string\"}}],\"inLanguage\":\"nb-NO\"},{\"@type\":\"Organization\",\"@id\":\"https:\/\/bibliotekutvikling.no\/kompetansebank\/#organization\",\"name\":\"Bibliotekutvikling\",\"url\":\"https:\/\/bibliotekutvikling.no\/kompetansebank\/\",\"logo\":{\"@type\":\"ImageObject\",\"inLanguage\":\"nb-NO\",\"@id\":\"https:\/\/bibliotekutvikling.no\/kompetansebank\/#\/schema\/logo\/image\/\",\"url\":\"https:\/\/bibliotekutvikling.no\/content\/uploads\/sites\/24\/2023\/10\/Favikon-BU.png\",\"contentUrl\":\"https:\/\/bibliotekutvikling.no\/content\/uploads\/sites\/24\/2023\/10\/Favikon-BU.png\",\"width\":1055,\"height\":1054,\"caption\":\"Bibliotekutvikling\"},\"image\":{\"@id\":\"https:\/\/bibliotekutvikling.no\/kompetansebank\/#\/schema\/logo\/image\/\"},\"sameAs\":[\"https:\/\/www.facebook.com\/bibliotekutvikling\"]}]}<\/script>\n<!-- \/ Yoast SEO Premium plugin. -->","yoast_head_json":{"title":"Demensvennlig bibliotek - Kompetansebank","description":"Denne ressursen kan brukes av bibliotek for \u00e5 legge tilrett for mennesker med demens.","robots":{"index":"index","follow":"follow","max-snippet":"max-snippet:-1","max-image-preview":"max-image-preview:large","max-video-preview":"max-video-preview:-1"},"canonical":"https:\/\/bibliotekutvikling.no\/kompetansebank\/ressurs\/demensvennlig-bibliotek\/","og_locale":"nb_NO","og_type":"article","og_title":"Demensvennlig bibliotek","og_description":"Denne ressursen kan brukes av bibliotek for \u00e5 legge tilrett for mennesker med demens.","og_url":"https:\/\/bibliotekutvikling.no\/kompetansebank\/ressurs\/demensvennlig-bibliotek\/","og_site_name":"Kompetansebank","article_publisher":"https:\/\/www.facebook.com\/bibliotekutvikling","article_modified_time":"2026-04-17T12:49:32+00:00","og_image":[{"width":2560,"height":1920,"url":"https:\/\/bibliotekutvikling.no\/content\/uploads\/sites\/24\/2025\/08\/Lansering_av_alders_og_demensvennlig_bibliotek_2018_Foto_Lars_Schwed_Nygard-scaled-1.jpg","type":"image\/jpeg"}],"twitter_card":"summary_large_image","twitter_misc":{"Ansl. lesetid":"2 minutter"},"schema":{"@context":"https:\/\/schema.org","@graph":[{"@type":"WebPage","@id":"https:\/\/bibliotekutvikling.no\/kompetansebank\/ressurs\/demensvennlig-bibliotek\/","url":"https:\/\/bibliotekutvikling.no\/kompetansebank\/ressurs\/demensvennlig-bibliotek\/","name":"Demensvennlig bibliotek - Kompetansebank","isPartOf":{"@id":"https:\/\/bibliotekutvikling.no\/kompetansebank\/#website"},"primaryImageOfPage":{"@id":"https:\/\/bibliotekutvikling.no\/kompetansebank\/ressurs\/demensvennlig-bibliotek\/#primaryimage"},"image":{"@id":"https:\/\/bibliotekutvikling.no\/kompetansebank\/ressurs\/demensvennlig-bibliotek\/#primaryimage"},"thumbnailUrl":"https:\/\/bibliotekutvikling.no\/content\/uploads\/sites\/24\/2025\/08\/Lansering_av_alders_og_demensvennlig_bibliotek_2018_Foto_Lars_Schwed_Nygard-scaled-1.jpg","datePublished":"2025-08-21T16:16:22+00:00","dateModified":"2026-04-17T12:49:32+00:00","description":"Denne ressursen kan brukes av bibliotek for \u00e5 legge tilrett for mennesker med demens.","breadcrumb":{"@id":"https:\/\/bibliotekutvikling.no\/kompetansebank\/ressurs\/demensvennlig-bibliotek\/#breadcrumb"},"inLanguage":"nb-NO","potentialAction":[{"@type":"ReadAction","target":["https:\/\/bibliotekutvikling.no\/kompetansebank\/ressurs\/demensvennlig-bibliotek\/"]}]},{"@type":"ImageObject","inLanguage":"nb-NO","@id":"https:\/\/bibliotekutvikling.no\/kompetansebank\/ressurs\/demensvennlig-bibliotek\/#primaryimage","url":"https:\/\/bibliotekutvikling.no\/content\/uploads\/sites\/24\/2025\/08\/Lansering_av_alders_og_demensvennlig_bibliotek_2018_Foto_Lars_Schwed_Nygard-scaled-1.jpg","contentUrl":"https:\/\/bibliotekutvikling.no\/content\/uploads\/sites\/24\/2025\/08\/Lansering_av_alders_og_demensvennlig_bibliotek_2018_Foto_Lars_Schwed_Nygard-scaled-1.jpg","width":2560,"height":1920},{"@type":"BreadcrumbList","@id":"https:\/\/bibliotekutvikling.no\/kompetansebank\/ressurs\/demensvennlig-bibliotek\/#breadcrumb","itemListElement":[{"@type":"ListItem","position":1,"name":"Hjem","item":"https:\/\/bibliotekutvikling.no\/kompetansebank\/"},{"@type":"ListItem","position":2,"name":"Demensvennlig bibliotek"}]},{"@type":"WebSite","@id":"https:\/\/bibliotekutvikling.no\/kompetansebank\/#website","url":"https:\/\/bibliotekutvikling.no\/kompetansebank\/","name":"Kompetansebank","description":"kurs og kunnskap for bibliotekansatte","publisher":{"@id":"https:\/\/bibliotekutvikling.no\/kompetansebank\/#organization"},"potentialAction":[{"@type":"SearchAction","target":{"@type":"EntryPoint","urlTemplate":"https:\/\/bibliotekutvikling.no\/kompetansebank\/?s={search_term_string}"},"query-input":{"@type":"PropertyValueSpecification","valueRequired":true,"valueName":"search_term_string"}}],"inLanguage":"nb-NO"},{"@type":"Organization","@id":"https:\/\/bibliotekutvikling.no\/kompetansebank\/#organization","name":"Bibliotekutvikling","url":"https:\/\/bibliotekutvikling.no\/kompetansebank\/","logo":{"@type":"ImageObject","inLanguage":"nb-NO","@id":"https:\/\/bibliotekutvikling.no\/kompetansebank\/#\/schema\/logo\/image\/","url":"https:\/\/bibliotekutvikling.no\/content\/uploads\/sites\/24\/2023\/10\/Favikon-BU.png","contentUrl":"https:\/\/bibliotekutvikling.no\/content\/uploads\/sites\/24\/2023\/10\/Favikon-BU.png","width":1055,"height":1054,"caption":"Bibliotekutvikling"},"image":{"@id":"https:\/\/bibliotekutvikling.no\/kompetansebank\/#\/schema\/logo\/image\/"},"sameAs":["https:\/\/www.facebook.com\/bibliotekutvikling"]}]}},"_links":{"self":[{"href":"https:\/\/bibliotekutvikling.no\/kompetansebank\/wp-json\/wp\/v2\/content-resource\/40726","targetHints":{"allow":["GET"]}}],"collection":[{"href":"https:\/\/bibliotekutvikling.no\/kompetansebank\/wp-json\/wp\/v2\/content-resource"}],"about":[{"href":"https:\/\/bibliotekutvikling.no\/kompetansebank\/wp-json\/wp\/v2\/types\/content-resource"}],"author":[{"embeddable":true,"href":"https:\/\/bibliotekutvikling.no\/kompetansebank\/wp-json\/wp\/v2\/users\/6868"}],"wp:featuredmedia":[{"embeddable":true,"href":"https:\/\/bibliotekutvikling.no\/kompetansebank\/wp-json\/wp\/v2\/media\/40763"}],"wp:attachment":[{"href":"https:\/\/bibliotekutvikling.no\/kompetansebank\/wp-json\/wp\/v2\/media?parent=40726"}],"wp:term":[{"taxonomy":"content-duration","embeddable":true,"href":"https:\/\/bibliotekutvikling.no\/kompetansebank\/wp-json\/wp\/v2\/content-duration?post=40726"},{"taxonomy":"content-topic","embeddable":true,"href":"https:\/\/bibliotekutvikling.no\/kompetansebank\/wp-json\/wp\/v2\/content-topic?post=40726"}],"curies":[{"name":"wp","href":"https:\/\/api.w.org\/{rel}","templated":true}]}}