{"id":36938,"date":"2022-03-26T13:52:00","date_gmt":"2022-03-26T12:52:00","guid":{"rendered":"https:\/\/bibliotekutvikling.no\/kompetansebank\/?post_type=content-resource&#038;p=36938"},"modified":"2025-10-30T16:20:51","modified_gmt":"2025-10-30T15:20:51","slug":"ofte-brukte-ressurser","status":"publish","type":"content-resource","link":"https:\/\/bibliotekutvikling.no\/kompetansebank\/ressurs\/bibliotekets-arbeid-for-a-styrke-innbyggernes-digitale-ferdigheter\/ofte-brukte-ressurser\/","title":{"rendered":"Nettsider man ofte m\u00e5 veilede i"},"content":{"rendered":"<p class=\"t2-ingress wp-block-t2-ingress\">Her finner du et utvalg nettsider og tjenester som er mye etterspurt, og som er nyttige \u00e5 kjenne til som veileder.<\/p>\n\n\n<h2 class=\"wp-block-heading\" id=\"h-nettsider-som-er-mye-etterspurt\">Nettsider som er mye etterspurt<\/h2>\n\n\n\n<p><strong>Oppl\u00e6ring i nettbank:<\/strong><\/p>\n\n\n<ul class=\"t2-link-list has-1-items has-auto-columns wp-block-t2-link-list\">\n\t<li class=\"t2-link-list-item wp-block-t2-link-list-item\">\n\t\t<a\n\t\t\thref=\"https:\/\/hkdir.no\/ressurser\/nettbanksimulator\"\n\t\t\tclass=\"t2-link-list-item__link t2-link-list__icon--right\"\n\t\t\trel=\"noreferrer noopener\" target=\"_blank\"\t\t>\n\t\t\t<span class=\"t2-link-list-item__icon\"><span class=\"t2-link-list-item__icon-box\"><\/span><svg xmlns=\"http:\/\/www.w3.org\/2000\/svg\" viewBox=\"0 0 24 24\" height=\"24\" width=\"24\" class=\"t2-icon t2-icon-external\" aria-hidden=\"true\" focusable=\"false\"><path d=\"M19 19H5V5h7V3H3v18h18v-9h-2v7zM14 3v2h3.6l-9.8 9.8 1.4 1.4L19 6.4V10h2V3h-7z\"\/><\/svg><\/span>\t\t\t<div class=\"t2-link-list-item__content\">\n\n\t\t\t\t\n\t\t\t\t<span id=\"link-list-item-text\" class=\"t2-link-list-item__text\">\n\t\t\t\t\tNettbanksimulator fra HK-dir\t\t\t\t<\/span>\n\t\t\t\t<span id=\"link-list-item-description\" class=\"t2-link-list-item__description\">En simulator for de som \u00f8nsker \u00e5 l\u00e6re \u00e5 bruke nettbank med bank-ID og bank ID p\u00e5 mobil uten \u00e5 bruke ekte nummer og passord. <\/span>\t\t\t<\/div>\n\t\t<\/a>\n\t<\/li>\n\t\n<\/ul>\n\n\n<p><br><strong>Post og digitale meldinger:<\/strong><\/p>\n\n\n<ul class=\"t2-link-list has-1-items has-auto-columns wp-block-t2-link-list\">\n\t<li class=\"t2-link-list-item wp-block-t2-link-list-item\">\n\t\t<a\n\t\t\thref=\"https:\/\/www.digipost.no\/privat\/kom-i-gang-med-digipost\"\n\t\t\tclass=\"t2-link-list-item__link t2-link-list__icon--right\"\n\t\t\trel=\"noreferrer noopener\" target=\"_blank\"\t\t>\n\t\t\t<span class=\"t2-link-list-item__icon\"><span class=\"t2-link-list-item__icon-box\"><\/span><svg xmlns=\"http:\/\/www.w3.org\/2000\/svg\" viewBox=\"0 0 24 24\" height=\"24\" width=\"24\" class=\"t2-icon t2-icon-external\" aria-hidden=\"true\" focusable=\"false\"><path d=\"M19 19H5V5h7V3H3v18h18v-9h-2v7zM14 3v2h3.6l-9.8 9.8 1.4 1.4L19 6.4V10h2V3h-7z\"\/><\/svg><\/span>\t\t\t<div class=\"t2-link-list-item__content\">\n\n\t\t\t\t\n\t\t\t\t<span id=\"link-list-item-text-1\" class=\"t2-link-list-item__text\">\n\t\t\t\t\tDigipost- Kom i gang\t\t\t\t<\/span>\n\t\t\t\t<span id=\"link-list-item-description-1\" class=\"t2-link-list-item__description\">En enkel guide til hvordan du bruker Digipost for \u00e5 lese brev fra offentlige myndigheter, bedrifter og organisasjoner.<\/span>\t\t\t<\/div>\n\t\t<\/a>\n\t<\/li>\n\t\n<\/ul>\n\n\n<p><br><strong>Helseopplysninger p\u00e5 nett:<\/strong><\/p>\n\n\n<ul class=\"t2-link-list has-1-items has-auto-columns wp-block-t2-link-list\">\n\t<li class=\"t2-link-list-item wp-block-t2-link-list-item\">\n\t\t<a\n\t\t\thref=\"https:\/\/www.helsenorge.no\/nn\/om-helsenorge-no\/\"\n\t\t\tclass=\"t2-link-list-item__link t2-link-list__icon--right\"\n\t\t\trel=\"noreferrer noopener\" target=\"_blank\"\t\t>\n\t\t\t<span class=\"t2-link-list-item__icon\"><span class=\"t2-link-list-item__icon-box\"><\/span><svg xmlns=\"http:\/\/www.w3.org\/2000\/svg\" viewBox=\"0 0 24 24\" height=\"24\" width=\"24\" class=\"t2-icon t2-icon-external\" aria-hidden=\"true\" focusable=\"false\"><path d=\"M19 19H5V5h7V3H3v18h18v-9h-2v7zM14 3v2h3.6l-9.8 9.8 1.4 1.4L19 6.4V10h2V3h-7z\"\/><\/svg><\/span>\t\t\t<div class=\"t2-link-list-item__content\">\n\n\t\t\t\t\n\t\t\t\t<span id=\"link-list-item-text-2\" class=\"t2-link-list-item__text\">\n\t\t\t\t\tHelsenorge\t\t\t\t<\/span>\n\t\t\t\t<span id=\"link-list-item-description-2\" class=\"t2-link-list-item__description\"> For informasjon om resepter, legetimer, brev og henvisninger.<\/span>\t\t\t<\/div>\n\t\t<\/a>\n\t<\/li>\n\t\n<\/ul>\n\n\n<p><br><strong>Identifikasjon og ID-tjenester:<\/strong><\/p>\n\n\n<ul class=\"t2-link-list has-1-items has-auto-columns wp-block-t2-link-list\">\n\t<li class=\"t2-link-list-item wp-block-t2-link-list-item\">\n\t\t<a\n\t\t\thref=\"https:\/\/www.politiet.no\/tjenester\/pass-og-id-kort\/\"\n\t\t\tclass=\"t2-link-list-item__link t2-link-list__icon--right\"\n\t\t\trel=\"noreferrer noopener\" target=\"_blank\"\t\t>\n\t\t\t<span class=\"t2-link-list-item__icon\"><span class=\"t2-link-list-item__icon-box\"><\/span><svg xmlns=\"http:\/\/www.w3.org\/2000\/svg\" viewBox=\"0 0 24 24\" height=\"24\" width=\"24\" class=\"t2-icon t2-icon-external\" aria-hidden=\"true\" focusable=\"false\"><path d=\"M19 19H5V5h7V3H3v18h18v-9h-2v7zM14 3v2h3.6l-9.8 9.8 1.4 1.4L19 6.4V10h2V3h-7z\"\/><\/svg><\/span>\t\t\t<div class=\"t2-link-list-item__content\">\n\n\t\t\t\t\n\t\t\t\t<span id=\"link-list-item-text-3\" class=\"t2-link-list-item__text\">\n\t\t\t\t\tPolitiet\t\t\t\t<\/span>\n\t\t\t\t<span id=\"link-list-item-description-3\" class=\"t2-link-list-item__description\">For informasjon om pass og ID-kort<\/span>\t\t\t<\/div>\n\t\t<\/a>\n\t<\/li>\n\t\n<\/ul>\n\n\n<p><br><strong>Ressurser for nye innbyggere i Norge:<\/strong><\/p>\n\n\n<ul class=\"t2-link-list has-3-items has-1-columns wp-block-t2-link-list\">\n\t<li class=\"t2-link-list-item wp-block-t2-link-list-item\">\n\t\t<a\n\t\t\thref=\"https:\/\/www.nyinorge.no\/\"\n\t\t\tclass=\"t2-link-list-item__link t2-link-list__icon--right\"\n\t\t\trel=\"noreferrer noopener\" target=\"_blank\"\t\t>\n\t\t\t<span class=\"t2-link-list-item__icon\"><span class=\"t2-link-list-item__icon-box\"><\/span><svg xmlns=\"http:\/\/www.w3.org\/2000\/svg\" viewBox=\"0 0 24 24\" height=\"24\" width=\"24\" class=\"t2-icon t2-icon-external\" aria-hidden=\"true\" focusable=\"false\"><path d=\"M19 19H5V5h7V3H3v18h18v-9h-2v7zM14 3v2h3.6l-9.8 9.8 1.4 1.4L19 6.4V10h2V3h-7z\"\/><\/svg><\/span>\t\t\t<div class=\"t2-link-list-item__content\">\n\n\t\t\t\t\n\t\t\t\t<span id=\"link-list-item-text-4\" class=\"t2-link-list-item__text\">\n\t\t\t\t\tNy i Norge\t\t\t\t<\/span>\n\t\t\t\t<span id=\"link-list-item-description-4\" class=\"t2-link-list-item__description\">En samling offentlig informasjon og nyttige lenker for personer som er nye i Norge.<\/span>\t\t\t<\/div>\n\t\t<\/a>\n\t<\/li>\n\t\n\n\t<li class=\"t2-link-list-item wp-block-t2-link-list-item\">\n\t\t<a\n\t\t\thref=\"https:\/\/www.imdi.no\/\"\n\t\t\tclass=\"t2-link-list-item__link t2-link-list__icon--right\"\n\t\t\trel=\"noreferrer noopener\" target=\"_blank\"\t\t>\n\t\t\t<span class=\"t2-link-list-item__icon\"><span class=\"t2-link-list-item__icon-box\"><\/span><svg xmlns=\"http:\/\/www.w3.org\/2000\/svg\" viewBox=\"0 0 24 24\" height=\"24\" width=\"24\" class=\"t2-icon t2-icon-external\" aria-hidden=\"true\" focusable=\"false\"><path d=\"M19 19H5V5h7V3H3v18h18v-9h-2v7zM14 3v2h3.6l-9.8 9.8 1.4 1.4L19 6.4V10h2V3h-7z\"\/><\/svg><\/span>\t\t\t<div class=\"t2-link-list-item__content\">\n\n\t\t\t\t\n\t\t\t\t<span id=\"link-list-item-text-5\" class=\"t2-link-list-item__text\">\n\t\t\t\t\tIMDI -Integrering og mangfoldsdirektoratet\t\t\t\t<\/span>\n\t\t\t\t<span id=\"link-list-item-description-5\" class=\"t2-link-list-item__description\">IMDi skal gjennomf\u00f8re regjeringens integreringspolitikk. De skal styrke kommunenes, sektormyndighetenes og andre samarbeidspartneres kompetanse p\u00e5 integrering og mangfold. Relevant informasjon om rettigheter og muligheter.<\/span>\t\t\t<\/div>\n\t\t<\/a>\n\t<\/li>\n\t\n\n\t<li class=\"t2-link-list-item wp-block-t2-link-list-item\">\n\t\t<a\n\t\t\thref=\"https:\/\/www.udi.no\/\"\n\t\t\tclass=\"t2-link-list-item__link t2-link-list__icon--right\"\n\t\t\trel=\"noreferrer noopener\" target=\"_blank\"\t\t>\n\t\t\t<span class=\"t2-link-list-item__icon\"><span class=\"t2-link-list-item__icon-box\"><\/span><svg xmlns=\"http:\/\/www.w3.org\/2000\/svg\" viewBox=\"0 0 24 24\" height=\"24\" width=\"24\" class=\"t2-icon t2-icon-external\" aria-hidden=\"true\" focusable=\"false\"><path d=\"M19 19H5V5h7V3H3v18h18v-9h-2v7zM14 3v2h3.6l-9.8 9.8 1.4 1.4L19 6.4V10h2V3h-7z\"\/><\/svg><\/span>\t\t\t<div class=\"t2-link-list-item__content\">\n\n\t\t\t\t\n\t\t\t\t<span id=\"link-list-item-text-6\" class=\"t2-link-list-item__text\">\n\t\t\t\t\tUDI\t\t\t\t<\/span>\n\t\t\t\t<span id=\"link-list-item-description-6\" class=\"t2-link-list-item__description\">Informasjon om behandling av s\u00f8knader fra utlendinger som vil bes\u00f8ke eller bo i Norge, drift av asylmottak og utvisningssaker. Relevant informasjon om rettigheter og muligheter.<\/span>\t\t\t<\/div>\n\t\t<\/a>\n\t<\/li>\n\t\n<\/ul>\n\n\n<p><strong>Offentlige tjenester innen arbeid, helse og familie:<\/strong><\/p>\n\n\n<ul class=\"t2-link-list has-1-items has-auto-columns wp-block-t2-link-list\">\n\t<li class=\"t2-link-list-item wp-block-t2-link-list-item\">\n\t\t<a\n\t\t\thref=\"https:\/\/www.nav.no\/samarbeidspartner\"\n\t\t\tclass=\"t2-link-list-item__link t2-link-list__icon--right\"\n\t\t\trel=\"noreferrer noopener\" target=\"_blank\"\t\t>\n\t\t\t<span class=\"t2-link-list-item__icon\"><span class=\"t2-link-list-item__icon-box\"><\/span><svg xmlns=\"http:\/\/www.w3.org\/2000\/svg\" viewBox=\"0 0 24 24\" height=\"24\" width=\"24\" class=\"t2-icon t2-icon-external\" aria-hidden=\"true\" focusable=\"false\"><path d=\"M19 19H5V5h7V3H3v18h18v-9h-2v7zM14 3v2h3.6l-9.8 9.8 1.4 1.4L19 6.4V10h2V3h-7z\"\/><\/svg><\/span>\t\t\t<div class=\"t2-link-list-item__content\">\n\n\t\t\t\t\n\t\t\t\t<span id=\"link-list-item-text-7\" class=\"t2-link-list-item__text\">\n\t\t\t\t\tNAV.no\t\t\t\t<\/span>\n\t\t\t\t<span id=\"link-list-item-description-7\" class=\"t2-link-list-item__description\">Informasjon om pensjon, sosiale tjenester, og hjelpemidler for arbeid og helse.<\/span>\t\t\t<\/div>\n\t\t<\/a>\n\t<\/li>\n\t\n<\/ul>\n\n<ul class=\"t2-link-list has-1-items has-auto-columns wp-block-t2-link-list\">\n\t<li class=\"t2-link-list-item wp-block-t2-link-list-item\">\n\t\t<a\n\t\t\thref=\"https:\/\/www.norge.no\/nb\"\n\t\t\tclass=\"t2-link-list-item__link t2-link-list__icon--right\"\n\t\t\trel=\"noreferrer noopener\" target=\"_blank\"\t\t>\n\t\t\t<span class=\"t2-link-list-item__icon\"><span class=\"t2-link-list-item__icon-box\"><\/span><svg xmlns=\"http:\/\/www.w3.org\/2000\/svg\" viewBox=\"0 0 24 24\" height=\"24\" width=\"24\" class=\"t2-icon t2-icon-external\" aria-hidden=\"true\" focusable=\"false\"><path d=\"M19 19H5V5h7V3H3v18h18v-9h-2v7zM14 3v2h3.6l-9.8 9.8 1.4 1.4L19 6.4V10h2V3h-7z\"\/><\/svg><\/span>\t\t\t<div class=\"t2-link-list-item__content\">\n\n\t\t\t\t\n\t\t\t\t<span id=\"link-list-item-text-8\" class=\"t2-link-list-item__text\">\n\t\t\t\t\tNorge.no\t\t\t\t<\/span>\n\t\t\t\t<span id=\"link-list-item-description-8\" class=\"t2-link-list-item__description\">Veiviser til offentlige tjenester p\u00e5 nett<\/span>\t\t\t<\/div>\n\t\t<\/a>\n\t<\/li>\n\t\n<\/ul>\n\n<ul class=\"t2-link-list has-1-items has-auto-columns wp-block-t2-link-list\">\n\t<li class=\"t2-link-list-item wp-block-t2-link-list-item\">\n\t\t<a\n\t\t\thref=\"https:\/\/ung.no\/\"\n\t\t\tclass=\"t2-link-list-item__link t2-link-list__icon--right\"\n\t\t\trel=\"noreferrer noopener\" target=\"_blank\"\t\t>\n\t\t\t<span class=\"t2-link-list-item__icon\"><span class=\"t2-link-list-item__icon-box\"><\/span><svg xmlns=\"http:\/\/www.w3.org\/2000\/svg\" viewBox=\"0 0 24 24\" height=\"24\" width=\"24\" class=\"t2-icon t2-icon-external\" aria-hidden=\"true\" focusable=\"false\"><path d=\"M19 19H5V5h7V3H3v18h18v-9h-2v7zM14 3v2h3.6l-9.8 9.8 1.4 1.4L19 6.4V10h2V3h-7z\"\/><\/svg><\/span>\t\t\t<div class=\"t2-link-list-item__content\">\n\n\t\t\t\t\n\t\t\t\t<span id=\"link-list-item-text-9\" class=\"t2-link-list-item__text\">\n\t\t\t\t\tUng.no\t\t\t\t<\/span>\n\t\t\t\t<span id=\"link-list-item-description-9\" class=\"t2-link-list-item__description\">Kvalitetssikret og offentlig informasjon for unge<\/span>\t\t\t<\/div>\n\t\t<\/a>\n\t<\/li>\n\t\n<\/ul>\n\n<ul class=\"t2-link-list has-1-items has-auto-columns wp-block-t2-link-list\">\n\t<li class=\"t2-link-list-item wp-block-t2-link-list-item\">\n\t\t<a\n\t\t\thref=\"https:\/\/www.dsb.no\/sikkerhverdag\/\"\n\t\t\tclass=\"t2-link-list-item__link t2-link-list__icon--right\"\n\t\t\t\t\t>\n\t\t\t<span class=\"t2-link-list-item__icon\"><span class=\"t2-link-list-item__icon-box\"><\/span><svg xmlns=\"http:\/\/www.w3.org\/2000\/svg\" viewBox=\"0 0 24 24\" height=\"24\" width=\"24\" class=\"t2-icon t2-icon-external\" aria-hidden=\"true\" focusable=\"false\"><path d=\"M19 19H5V5h7V3H3v18h18v-9h-2v7zM14 3v2h3.6l-9.8 9.8 1.4 1.4L19 6.4V10h2V3h-7z\"\/><\/svg><\/span>\t\t\t<div class=\"t2-link-list-item__content\">\n\n\t\t\t\t\n\t\t\t\t<span id=\"link-list-item-text-10\" class=\"t2-link-list-item__text\">\n\t\t\t\t\tSikker hverdag. DSB\t\t\t\t<\/span>\n\t\t\t\t<span id=\"link-list-item-description-10\" class=\"t2-link-list-item__description\">R\u00e5d og tips til hvordan du enkelt kan forebygge uhell hjemme hos deg selv. Her finner du ogs\u00e5 tips til hvordan du kan bli bedre rustet til \u00e5 takle litt st\u00f8rre kriser og hendelser.<\/span>\t\t\t<\/div>\n\t\t<\/a>\n\t<\/li>\n\t\n<\/ul>\n\n\n<p><strong>R\u00e5d ved inng\u00e5else av avtaler om kj\u00f8p av digitale produkter<\/strong>:<\/p>\n\n\n<ul class=\"t2-link-list has-1-items has-auto-columns wp-block-t2-link-list\">\n\t<li class=\"t2-link-list-item wp-block-t2-link-list-item\">\n\t\t<a\n\t\t\thref=\"https:\/\/www.forbrukerradet.no\/forside\/digitalt\/\"\n\t\t\tclass=\"t2-link-list-item__link t2-link-list__icon--right\"\n\t\t\t\t\t>\n\t\t\t<span class=\"t2-link-list-item__icon\"><span class=\"t2-link-list-item__icon-box\"><\/span><svg xmlns=\"http:\/\/www.w3.org\/2000\/svg\" viewBox=\"0 0 24 24\" height=\"24\" width=\"24\" class=\"t2-icon t2-icon-external\" aria-hidden=\"true\" focusable=\"false\"><path d=\"M19 19H5V5h7V3H3v18h18v-9h-2v7zM14 3v2h3.6l-9.8 9.8 1.4 1.4L19 6.4V10h2V3h-7z\"\/><\/svg><\/span>\t\t\t<div class=\"t2-link-list-item__content\">\n\n\t\t\t\t\n\t\t\t\t<span id=\"link-list-item-text-11\" class=\"t2-link-list-item__text\">\n\t\t\t\t\tForbrukerr\u00e5det &#8211; digitale tjenester\t\t\t\t<\/span>\n\t\t\t\t<span id=\"link-list-item-description-11\" class=\"t2-link-list-item__description\">R\u00e5d om hva du b\u00f8r tenke p\u00e5 f\u00f8r du gj\u00f8r avtale, og hvordan du kan klage hvis du ikke er forn\u00f8yd<\/span>\t\t\t<\/div>\n\t\t<\/a>\n\t<\/li>\n\t\n<\/ul>\n\n\n<p>(Foto: Bibliotek24)<\/p>\n\n\n<div class=\"t2-featured-content-layout alignwide alignwide is-style-default wp-block-t2-featured-content-layout\" role=\"list\">\n<div class=\"t2-featured-single-post t2-featured-content is-post-type-content-resource content-topic-informasjonskompetanse is-style-default wp-block-t2-featured-single-post\" role=\"listitem\"><a class=\"nb-post-link  wp-block-nb-post-link\" href=\"https:\/\/bibliotekutvikling.no\/kompetansebank\/ressurs\/bibliotekets-arbeid-for-a-styrke-innbyggernes-digitale-ferdigheter\/startpakke-for-a-komme-i-gang\/\">\n<figure class=\"nb-post-featured-image has-image-ratio-16-9 wp-block-nb-post-featured-image\"><img loading=\"lazy\" decoding=\"async\" width=\"768\" height=\"512\" src=\"https:\/\/bibliotekutvikling.no\/content\/uploads\/sites\/24\/2020\/01\/Bibliotek24-test_4807-768x512.jpg\" class=\"attachment-medium_large size-medium_large wp-post-image\" alt=\"\" srcset=\"https:\/\/bibliotekutvikling.no\/content\/uploads\/sites\/24\/2020\/01\/Bibliotek24-test_4807-768x512.jpg 768w, https:\/\/bibliotekutvikling.no\/content\/uploads\/sites\/24\/2020\/01\/Bibliotek24-test_4807-300x200.jpg 300w, https:\/\/bibliotekutvikling.no\/content\/uploads\/sites\/24\/2020\/01\/Bibliotek24-test_4807-1024x683.jpg 1024w, https:\/\/bibliotekutvikling.no\/content\/uploads\/sites\/24\/2020\/01\/Bibliotek24-test_4807-1536x1025.jpg 1536w\" sizes=\"auto, (min-width: 1200px) 384px, (min-width: 700px) 33vw, 350px\" \/><\/figure>\n\n<div class=\"wp-block-group alignfull is-layout-flow wp-block-group-is-layout-flow\">\n\t\n\t<div class=\"wp-block-group content-meta-row is-content-justification-space-between is-nowrap is-layout-flex wp-container-core-group-is-layout-cb46ffcb wp-block-group-is-layout-flex\">\n\t\t<div class=\"nb-post-label wp-block-nb-post-label\">Ressurs<\/div>\n\t\t<div class=\"taxonomy-content-duration wp-block-nb-single-term-from-post\">0-15 min<\/div>\n\t<\/div>\n\t\n\n\t<h2 class=\"t2-post-title wp-block-t2-post-title\">Hvordan komme i gang?<\/h2>\n\t\n\t\n\t\n\t<div class=\"taxonomy-content-topic wp-block-nb-single-term-from-post\">Informasjonskompetanse<\/div>\n<\/div>\n\n<\/a>\n<\/div>\n\n<div class=\"t2-featured-single-post t2-featured-content is-post-type-content-resource is-style-default wp-block-t2-featured-single-post\" role=\"listitem\"><a class=\"nb-post-link  wp-block-nb-post-link\" href=\"https:\/\/bibliotekutvikling.no\/kompetansebank\/ressurs\/bibliotekets-arbeid-for-a-styrke-innbyggernes-digitale-ferdigheter\/hvordan-heve-kompetansen-i-bibliotekene\/\">\n<figure class=\"nb-post-featured-image has-image-ratio-16-9 wp-block-nb-post-featured-image\"><img loading=\"lazy\" decoding=\"async\" width=\"768\" height=\"512\" src=\"https:\/\/bibliotekutvikling.no\/content\/uploads\/sites\/24\/2020\/01\/NAVs-Eldar-Grande-Vollan-innleder-pa-samling-om-digital-deltakelse_Foto-Jorgen-Greiner-1-768x512.jpeg\" class=\"attachment-medium_large size-medium_large wp-post-image\" alt=\"\" srcset=\"https:\/\/bibliotekutvikling.no\/content\/uploads\/sites\/24\/2020\/01\/NAVs-Eldar-Grande-Vollan-innleder-pa-samling-om-digital-deltakelse_Foto-Jorgen-Greiner-1-768x512.jpeg 768w, https:\/\/bibliotekutvikling.no\/content\/uploads\/sites\/24\/2020\/01\/NAVs-Eldar-Grande-Vollan-innleder-pa-samling-om-digital-deltakelse_Foto-Jorgen-Greiner-1-300x200.jpeg 300w, https:\/\/bibliotekutvikling.no\/content\/uploads\/sites\/24\/2020\/01\/NAVs-Eldar-Grande-Vollan-innleder-pa-samling-om-digital-deltakelse_Foto-Jorgen-Greiner-1-1024x682.jpeg 1024w, https:\/\/bibliotekutvikling.no\/content\/uploads\/sites\/24\/2020\/01\/NAVs-Eldar-Grande-Vollan-innleder-pa-samling-om-digital-deltakelse_Foto-Jorgen-Greiner-1-1536x1023.jpeg 1536w, https:\/\/bibliotekutvikling.no\/content\/uploads\/sites\/24\/2020\/01\/NAVs-Eldar-Grande-Vollan-innleder-pa-samling-om-digital-deltakelse_Foto-Jorgen-Greiner-1-2048x1364.jpeg 2048w\" sizes=\"auto, (min-width: 1200px) 384px, (min-width: 700px) 33vw, 350px\" \/><\/figure>\n\n<div class=\"wp-block-group alignfull is-layout-flow wp-block-group-is-layout-flow\">\n\t\n\t<div class=\"wp-block-group content-meta-row is-content-justification-space-between is-nowrap is-layout-flex wp-container-core-group-is-layout-cb46ffcb wp-block-group-is-layout-flex\">\n\t\t<div class=\"nb-post-label wp-block-nb-post-label\">Ressurs<\/div>\n\t\t\n\t<\/div>\n\t\n\n\t<h2 class=\"t2-post-title wp-block-t2-post-title\">Hvordan heve kompetansen i digital veiledning for bibliotekansatte?<\/h2>\n\t\n\t\n\t\n\t\n<\/div>\n\n<\/a>\n<\/div>\n\n<div class=\"t2-featured-single-post t2-featured-content is-post-type-content-resource is-style-default wp-block-t2-featured-single-post\" role=\"listitem\"><a class=\"nb-post-link  wp-block-nb-post-link\" href=\"https:\/\/bibliotekutvikling.no\/kompetansebank\/ressurs\/bibliotekets-arbeid-for-a-styrke-innbyggernes-digitale-ferdigheter\/erfaringer-konkrete-tips\/\">\n<figure class=\"nb-post-featured-image has-image-ratio-16-9 wp-block-nb-post-featured-image\"><img loading=\"lazy\" decoding=\"async\" width=\"768\" height=\"432\" src=\"https:\/\/bibliotekutvikling.no\/content\/uploads\/sites\/24\/2020\/01\/Veiledning-i-bibliotekbruk-digitalt_-Foto-Tom-Atle-Bordevik-768x432.jpg\" class=\"attachment-medium_large size-medium_large wp-post-image\" alt=\"\" srcset=\"https:\/\/bibliotekutvikling.no\/content\/uploads\/sites\/24\/2020\/01\/Veiledning-i-bibliotekbruk-digitalt_-Foto-Tom-Atle-Bordevik-768x432.jpg 768w, https:\/\/bibliotekutvikling.no\/content\/uploads\/sites\/24\/2020\/01\/Veiledning-i-bibliotekbruk-digitalt_-Foto-Tom-Atle-Bordevik-300x169.jpg 300w, https:\/\/bibliotekutvikling.no\/content\/uploads\/sites\/24\/2020\/01\/Veiledning-i-bibliotekbruk-digitalt_-Foto-Tom-Atle-Bordevik-1024x576.jpg 1024w, https:\/\/bibliotekutvikling.no\/content\/uploads\/sites\/24\/2020\/01\/Veiledning-i-bibliotekbruk-digitalt_-Foto-Tom-Atle-Bordevik-1536x864.jpg 1536w, https:\/\/bibliotekutvikling.no\/content\/uploads\/sites\/24\/2020\/01\/Veiledning-i-bibliotekbruk-digitalt_-Foto-Tom-Atle-Bordevik-2048x1152.jpg 2048w\" sizes=\"auto, (min-width: 1200px) 384px, (min-width: 700px) 33vw, 350px\" \/><\/figure>\n\n<div class=\"wp-block-group alignfull is-layout-flow wp-block-group-is-layout-flow\">\n\t\n\t<div class=\"wp-block-group content-meta-row is-content-justification-space-between is-nowrap is-layout-flex wp-container-core-group-is-layout-cb46ffcb wp-block-group-is-layout-flex\">\n\t\t<div class=\"nb-post-label wp-block-nb-post-label\">Ressurs<\/div>\n\t\t\n\t<\/div>\n\t\n\n\t<h2 class=\"t2-post-title wp-block-t2-post-title\">Eksempler og erfaringer rundt digital inkludering<\/h2>\n\t\n\t\n\t\n\t\n<\/div>\n\n<\/a>\n<\/div>\n\n<div class=\"t2-featured-single-post t2-featured-content is-post-type-content-resource is-style-default wp-block-t2-featured-single-post\" role=\"listitem\"><a class=\"nb-post-link  wp-block-nb-post-link\" href=\"https:\/\/bibliotekutvikling.no\/kompetansebank\/ressurs\/bibliotekets-arbeid-for-a-styrke-innbyggernes-digitale-ferdigheter\/hvorfor-digital-veiledning-pa-biblioteket-er-viktig\/\">\n<figure class=\"nb-post-featured-image has-image-ratio-16-9 wp-block-nb-post-featured-image\"><img loading=\"lazy\" decoding=\"async\" width=\"768\" height=\"512\" src=\"https:\/\/bibliotekutvikling.no\/content\/uploads\/sites\/24\/2020\/01\/Bibliotek24-test_4772-768x512.jpg\" class=\"attachment-medium_large size-medium_large wp-post-image\" alt=\"\" srcset=\"https:\/\/bibliotekutvikling.no\/content\/uploads\/sites\/24\/2020\/01\/Bibliotek24-test_4772-768x512.jpg 768w, https:\/\/bibliotekutvikling.no\/content\/uploads\/sites\/24\/2020\/01\/Bibliotek24-test_4772-300x200.jpg 300w, https:\/\/bibliotekutvikling.no\/content\/uploads\/sites\/24\/2020\/01\/Bibliotek24-test_4772-1024x683.jpg 1024w, https:\/\/bibliotekutvikling.no\/content\/uploads\/sites\/24\/2020\/01\/Bibliotek24-test_4772-1536x1025.jpg 1536w\" sizes=\"auto, (min-width: 1200px) 384px, (min-width: 700px) 33vw, 350px\" \/><\/figure>\n\n<div class=\"wp-block-group alignfull is-layout-flow wp-block-group-is-layout-flow\">\n\t\n\t<div class=\"wp-block-group content-meta-row is-content-justification-space-between is-nowrap is-layout-flex wp-container-core-group-is-layout-cb46ffcb wp-block-group-is-layout-flex\">\n\t\t<div class=\"nb-post-label wp-block-nb-post-label\">Ressurs<\/div>\n\t\t\n\t<\/div>\n\t\n\n\t<h2 class=\"t2-post-title wp-block-t2-post-title\">Hvorfor skal biblioteket jobbe med digital inkludering?<\/h2>\n\t\n\t\n\t\n\t\n<\/div>\n\n<\/a>\n<\/div>\n\n<div class=\"t2-featured-single-post t2-featured-content is-post-type-content-resource content-topic-informasjonskompetanse wp-block-t2-featured-single-post\" role=\"listitem\"><a class=\"nb-post-link  wp-block-nb-post-link\" href=\"https:\/\/bibliotekutvikling.no\/kompetansebank\/ressurs\/bibliotekets-arbeid-for-a-styrke-innbyggernes-digitale-ferdigheter\/hvor-gar-grensene-i-rollen-som-veileder\/\">\n<figure class=\"nb-post-featured-image has-image-ratio-16-9 wp-block-nb-post-featured-image\"><img loading=\"lazy\" decoding=\"async\" width=\"768\" height=\"517\" src=\"https:\/\/bibliotekutvikling.no\/content\/uploads\/sites\/24\/2022\/03\/Sikkert-innlogging-foto-shutterstock-768x517.jpg\" class=\"attachment-medium_large size-medium_large wp-post-image\" alt=\"\" srcset=\"https:\/\/bibliotekutvikling.no\/content\/uploads\/sites\/24\/2022\/03\/Sikkert-innlogging-foto-shutterstock-768x517.jpg 768w, https:\/\/bibliotekutvikling.no\/content\/uploads\/sites\/24\/2022\/03\/Sikkert-innlogging-foto-shutterstock-300x202.jpg 300w, https:\/\/bibliotekutvikling.no\/content\/uploads\/sites\/24\/2022\/03\/Sikkert-innlogging-foto-shutterstock-1024x690.jpg 1024w, https:\/\/bibliotekutvikling.no\/content\/uploads\/sites\/24\/2022\/03\/Sikkert-innlogging-foto-shutterstock-1536x1035.jpg 1536w, https:\/\/bibliotekutvikling.no\/content\/uploads\/sites\/24\/2022\/03\/Sikkert-innlogging-foto-shutterstock-2048x1380.jpg 2048w\" sizes=\"auto, (min-width: 1200px) 384px, (min-width: 700px) 33vw, 350px\" \/><\/figure>\n\n<div class=\"wp-block-group alignfull is-layout-flow wp-block-group-is-layout-flow\">\n\t\n\t<div class=\"wp-block-group content-meta-row is-content-justification-space-between is-nowrap is-layout-flex wp-container-core-group-is-layout-cb46ffcb wp-block-group-is-layout-flex\">\n\t\t<div class=\"nb-post-label wp-block-nb-post-label\">Ressurs<\/div>\n\t\t\n\t<\/div>\n\t\n\n\t<h2 class=\"t2-post-title wp-block-t2-post-title\">Hvor g\u00e5r grensene i rollen som veileder?<\/h2>\n\t\n\t\n\t\n\t<div class=\"taxonomy-content-topic wp-block-nb-single-term-from-post\">Informasjonskompetanse<\/div>\n<\/div>\n\n<\/a>\n<\/div>\n\n<div class=\"t2-featured-single-post t2-featured-content is-post-type-content-resource content-topic-informasjonskompetanse content-topic-inkludering wp-block-t2-featured-single-post\" role=\"listitem\"><a class=\"nb-post-link  wp-block-nb-post-link\" href=\"https:\/\/bibliotekutvikling.no\/kompetansebank\/ressurs\/bibliotekets-arbeid-for-a-styrke-innbyggernes-digitale-ferdigheter\/\">\n<figure class=\"nb-post-featured-image has-image-ratio-16-9 wp-block-nb-post-featured-image\"><img loading=\"lazy\" decoding=\"async\" width=\"768\" height=\"432\" src=\"https:\/\/bibliotekutvikling.no\/content\/uploads\/sites\/24\/2025\/03\/Digital-festival-i-Drammensbiblioteket_Foto-Hilde-Grefsrud-utrekk-768x432.jpeg\" class=\"attachment-medium_large size-medium_large wp-post-image\" alt=\"Digital-festival-i-Drammensbiblioteket_Foto-Hilde-Grefsrud utrekk\" srcset=\"https:\/\/bibliotekutvikling.no\/content\/uploads\/sites\/24\/2025\/03\/Digital-festival-i-Drammensbiblioteket_Foto-Hilde-Grefsrud-utrekk-768x432.jpeg 768w, https:\/\/bibliotekutvikling.no\/content\/uploads\/sites\/24\/2025\/03\/Digital-festival-i-Drammensbiblioteket_Foto-Hilde-Grefsrud-utrekk-300x169.jpeg 300w, https:\/\/bibliotekutvikling.no\/content\/uploads\/sites\/24\/2025\/03\/Digital-festival-i-Drammensbiblioteket_Foto-Hilde-Grefsrud-utrekk-1024x576.jpeg 1024w, https:\/\/bibliotekutvikling.no\/content\/uploads\/sites\/24\/2025\/03\/Digital-festival-i-Drammensbiblioteket_Foto-Hilde-Grefsrud-utrekk-1536x865.jpeg 1536w, https:\/\/bibliotekutvikling.no\/content\/uploads\/sites\/24\/2025\/03\/Digital-festival-i-Drammensbiblioteket_Foto-Hilde-Grefsrud-utrekk.jpeg 1910w\" sizes=\"auto, (min-width: 1200px) 384px, (min-width: 700px) 33vw, 350px\" \/><\/figure>\n\n<div class=\"wp-block-group alignfull is-layout-flow wp-block-group-is-layout-flow\">\n\t\n\t<div class=\"wp-block-group content-meta-row is-content-justification-space-between is-nowrap is-layout-flex wp-container-core-group-is-layout-cb46ffcb wp-block-group-is-layout-flex\">\n\t\t<div class=\"nb-post-label wp-block-nb-post-label\">Ressurs<\/div>\n\t\t<div class=\"taxonomy-content-duration wp-block-nb-single-term-from-post\">1-2 timar<\/div>\n\t<\/div>\n\t\n\n\t<h2 class=\"t2-post-title wp-block-t2-post-title\">Digital inkludering og oppl\u00e6ring i bibliotek : en ressurspakke<\/h2>\n\t\n\t\n\t\n\t<div class=\"taxonomy-content-topic wp-block-nb-single-term-from-post\">Informasjonskompetanse<\/div>\n<\/div>\n\n<\/a>\n<\/div>\n<\/div>","protected":false},"excerpt":{"rendered":"","protected":false},"author":6868,"featured_media":37489,"parent":36169,"menu_order":0,"template":"","meta":{"nb_hide_title":false,"content_core_is_hidden":true,"contact_organization_name":"","contact_organization_url":"","contact_person_full_name":"","contact_person_email":"","single_header_image_is_disabled":false,"single_header_image_attachment_id":0,"single_header_image_attachment_url":""},"content-duration":[],"content-topic":[],"class_list":["post-36938","content-resource","type-content-resource","status-publish","has-post-thumbnail","hentry"],"yoast_head":"<!-- This site is optimized with the Yoast SEO Premium plugin v27.1 (Yoast SEO v27.1.1) - https:\/\/yoast.com\/product\/yoast-seo-premium-wordpress\/ -->\n<title>Nettsider man ofte m\u00e5 veilede i - Kompetansebank<\/title>\n<meta name=\"robots\" content=\"index, follow, max-snippet:-1, max-image-preview:large, max-video-preview:-1\" \/>\n<link rel=\"canonical\" href=\"https:\/\/bibliotekutvikling.no\/kompetansebank\/ressurs\/bibliotekets-arbeid-for-a-styrke-innbyggernes-digitale-ferdigheter\/ofte-brukte-ressurser\/\" \/>\n<meta property=\"og:locale\" content=\"nb_NO\" \/>\n<meta property=\"og:type\" content=\"article\" \/>\n<meta property=\"og:title\" content=\"Nettsider man ofte m\u00e5 veilede i\" \/>\n<meta property=\"og:url\" content=\"https:\/\/bibliotekutvikling.no\/kompetansebank\/ressurs\/bibliotekets-arbeid-for-a-styrke-innbyggernes-digitale-ferdigheter\/ofte-brukte-ressurser\/\" \/>\n<meta property=\"og:site_name\" content=\"Kompetansebank\" \/>\n<meta property=\"article:publisher\" content=\"https:\/\/www.facebook.com\/bibliotekutvikling\" \/>\n<meta property=\"article:modified_time\" content=\"2025-10-30T15:20:51+00:00\" \/>\n<meta property=\"og:image\" content=\"https:\/\/bibliotekutvikling.no\/content\/uploads\/sites\/24\/2020\/01\/Arbeid-ved-PC_Drammen-VGS_Foto-Tom-Atle-Bordevik-scaled.jpg\" \/>\n\t<meta property=\"og:image:width\" content=\"2560\" \/>\n\t<meta property=\"og:image:height\" content=\"1440\" \/>\n\t<meta property=\"og:image:type\" content=\"image\/jpeg\" \/>\n<meta name=\"twitter:card\" content=\"summary_large_image\" \/>\n<meta name=\"twitter:label1\" content=\"Ansl. lesetid\" \/>\n\t<meta name=\"twitter:data1\" content=\"1 minutt\" \/>\n<script type=\"application\/ld+json\" class=\"yoast-schema-graph\">{\"@context\":\"https:\/\/schema.org\",\"@graph\":[{\"@type\":\"WebPage\",\"@id\":\"https:\/\/bibliotekutvikling.no\/kompetansebank\/ressurs\/bibliotekets-arbeid-for-a-styrke-innbyggernes-digitale-ferdigheter\/ofte-brukte-ressurser\/\",\"url\":\"https:\/\/bibliotekutvikling.no\/kompetansebank\/ressurs\/bibliotekets-arbeid-for-a-styrke-innbyggernes-digitale-ferdigheter\/ofte-brukte-ressurser\/\",\"name\":\"Nettsider man ofte m\u00e5 veilede i - Kompetansebank\",\"isPartOf\":{\"@id\":\"https:\/\/bibliotekutvikling.no\/kompetansebank\/#website\"},\"primaryImageOfPage\":{\"@id\":\"https:\/\/bibliotekutvikling.no\/kompetansebank\/ressurs\/bibliotekets-arbeid-for-a-styrke-innbyggernes-digitale-ferdigheter\/ofte-brukte-ressurser\/#primaryimage\"},\"image\":{\"@id\":\"https:\/\/bibliotekutvikling.no\/kompetansebank\/ressurs\/bibliotekets-arbeid-for-a-styrke-innbyggernes-digitale-ferdigheter\/ofte-brukte-ressurser\/#primaryimage\"},\"thumbnailUrl\":\"https:\/\/bibliotekutvikling.no\/content\/uploads\/sites\/24\/2020\/01\/Arbeid-ved-PC_Drammen-VGS_Foto-Tom-Atle-Bordevik-scaled.jpg\",\"datePublished\":\"2022-03-26T12:52:00+00:00\",\"dateModified\":\"2025-10-30T15:20:51+00:00\",\"breadcrumb\":{\"@id\":\"https:\/\/bibliotekutvikling.no\/kompetansebank\/ressurs\/bibliotekets-arbeid-for-a-styrke-innbyggernes-digitale-ferdigheter\/ofte-brukte-ressurser\/#breadcrumb\"},\"inLanguage\":\"nb-NO\",\"potentialAction\":[{\"@type\":\"ReadAction\",\"target\":[\"https:\/\/bibliotekutvikling.no\/kompetansebank\/ressurs\/bibliotekets-arbeid-for-a-styrke-innbyggernes-digitale-ferdigheter\/ofte-brukte-ressurser\/\"]}]},{\"@type\":\"ImageObject\",\"inLanguage\":\"nb-NO\",\"@id\":\"https:\/\/bibliotekutvikling.no\/kompetansebank\/ressurs\/bibliotekets-arbeid-for-a-styrke-innbyggernes-digitale-ferdigheter\/ofte-brukte-ressurser\/#primaryimage\",\"url\":\"https:\/\/bibliotekutvikling.no\/content\/uploads\/sites\/24\/2020\/01\/Arbeid-ved-PC_Drammen-VGS_Foto-Tom-Atle-Bordevik-scaled.jpg\",\"contentUrl\":\"https:\/\/bibliotekutvikling.no\/content\/uploads\/sites\/24\/2020\/01\/Arbeid-ved-PC_Drammen-VGS_Foto-Tom-Atle-Bordevik-scaled.jpg\",\"width\":2560,\"height\":1440,\"caption\":\"Arbeid ved PC_Drammen VGS_Foto Tom Atle Bordevik\"},{\"@type\":\"BreadcrumbList\",\"@id\":\"https:\/\/bibliotekutvikling.no\/kompetansebank\/ressurs\/bibliotekets-arbeid-for-a-styrke-innbyggernes-digitale-ferdigheter\/ofte-brukte-ressurser\/#breadcrumb\",\"itemListElement\":[{\"@type\":\"ListItem\",\"position\":1,\"name\":\"Hjem\",\"item\":\"https:\/\/bibliotekutvikling.no\/kompetansebank\/\"},{\"@type\":\"ListItem\",\"position\":2,\"name\":\"Digital inkludering og oppl\u00e6ring i bibliotek : en ressurspakke\",\"item\":\"https:\/\/bibliotekutvikling.no\/kompetansebank\/ressurs\/bibliotekets-arbeid-for-a-styrke-innbyggernes-digitale-ferdigheter\/\"},{\"@type\":\"ListItem\",\"position\":3,\"name\":\"Nettsider man ofte m\u00e5 veilede i\"}]},{\"@type\":\"WebSite\",\"@id\":\"https:\/\/bibliotekutvikling.no\/kompetansebank\/#website\",\"url\":\"https:\/\/bibliotekutvikling.no\/kompetansebank\/\",\"name\":\"Kompetansebank\",\"description\":\"kurs og kunnskap for bibliotekansatte\",\"publisher\":{\"@id\":\"https:\/\/bibliotekutvikling.no\/kompetansebank\/#organization\"},\"potentialAction\":[{\"@type\":\"SearchAction\",\"target\":{\"@type\":\"EntryPoint\",\"urlTemplate\":\"https:\/\/bibliotekutvikling.no\/kompetansebank\/?s={search_term_string}\"},\"query-input\":{\"@type\":\"PropertyValueSpecification\",\"valueRequired\":true,\"valueName\":\"search_term_string\"}}],\"inLanguage\":\"nb-NO\"},{\"@type\":\"Organization\",\"@id\":\"https:\/\/bibliotekutvikling.no\/kompetansebank\/#organization\",\"name\":\"Bibliotekutvikling\",\"url\":\"https:\/\/bibliotekutvikling.no\/kompetansebank\/\",\"logo\":{\"@type\":\"ImageObject\",\"inLanguage\":\"nb-NO\",\"@id\":\"https:\/\/bibliotekutvikling.no\/kompetansebank\/#\/schema\/logo\/image\/\",\"url\":\"https:\/\/bibliotekutvikling.no\/content\/uploads\/sites\/24\/2023\/10\/Favikon-BU.png\",\"contentUrl\":\"https:\/\/bibliotekutvikling.no\/content\/uploads\/sites\/24\/2023\/10\/Favikon-BU.png\",\"width\":1055,\"height\":1054,\"caption\":\"Bibliotekutvikling\"},\"image\":{\"@id\":\"https:\/\/bibliotekutvikling.no\/kompetansebank\/#\/schema\/logo\/image\/\"},\"sameAs\":[\"https:\/\/www.facebook.com\/bibliotekutvikling\"]}]}<\/script>\n<!-- \/ Yoast SEO Premium plugin. -->","yoast_head_json":{"title":"Nettsider man ofte m\u00e5 veilede i - Kompetansebank","robots":{"index":"index","follow":"follow","max-snippet":"max-snippet:-1","max-image-preview":"max-image-preview:large","max-video-preview":"max-video-preview:-1"},"canonical":"https:\/\/bibliotekutvikling.no\/kompetansebank\/ressurs\/bibliotekets-arbeid-for-a-styrke-innbyggernes-digitale-ferdigheter\/ofte-brukte-ressurser\/","og_locale":"nb_NO","og_type":"article","og_title":"Nettsider man ofte m\u00e5 veilede i","og_url":"https:\/\/bibliotekutvikling.no\/kompetansebank\/ressurs\/bibliotekets-arbeid-for-a-styrke-innbyggernes-digitale-ferdigheter\/ofte-brukte-ressurser\/","og_site_name":"Kompetansebank","article_publisher":"https:\/\/www.facebook.com\/bibliotekutvikling","article_modified_time":"2025-10-30T15:20:51+00:00","og_image":[{"width":2560,"height":1440,"url":"https:\/\/bibliotekutvikling.no\/content\/uploads\/sites\/24\/2020\/01\/Arbeid-ved-PC_Drammen-VGS_Foto-Tom-Atle-Bordevik-scaled.jpg","type":"image\/jpeg"}],"twitter_card":"summary_large_image","twitter_misc":{"Ansl. lesetid":"1 minutt"},"schema":{"@context":"https:\/\/schema.org","@graph":[{"@type":"WebPage","@id":"https:\/\/bibliotekutvikling.no\/kompetansebank\/ressurs\/bibliotekets-arbeid-for-a-styrke-innbyggernes-digitale-ferdigheter\/ofte-brukte-ressurser\/","url":"https:\/\/bibliotekutvikling.no\/kompetansebank\/ressurs\/bibliotekets-arbeid-for-a-styrke-innbyggernes-digitale-ferdigheter\/ofte-brukte-ressurser\/","name":"Nettsider man ofte m\u00e5 veilede i - Kompetansebank","isPartOf":{"@id":"https:\/\/bibliotekutvikling.no\/kompetansebank\/#website"},"primaryImageOfPage":{"@id":"https:\/\/bibliotekutvikling.no\/kompetansebank\/ressurs\/bibliotekets-arbeid-for-a-styrke-innbyggernes-digitale-ferdigheter\/ofte-brukte-ressurser\/#primaryimage"},"image":{"@id":"https:\/\/bibliotekutvikling.no\/kompetansebank\/ressurs\/bibliotekets-arbeid-for-a-styrke-innbyggernes-digitale-ferdigheter\/ofte-brukte-ressurser\/#primaryimage"},"thumbnailUrl":"https:\/\/bibliotekutvikling.no\/content\/uploads\/sites\/24\/2020\/01\/Arbeid-ved-PC_Drammen-VGS_Foto-Tom-Atle-Bordevik-scaled.jpg","datePublished":"2022-03-26T12:52:00+00:00","dateModified":"2025-10-30T15:20:51+00:00","breadcrumb":{"@id":"https:\/\/bibliotekutvikling.no\/kompetansebank\/ressurs\/bibliotekets-arbeid-for-a-styrke-innbyggernes-digitale-ferdigheter\/ofte-brukte-ressurser\/#breadcrumb"},"inLanguage":"nb-NO","potentialAction":[{"@type":"ReadAction","target":["https:\/\/bibliotekutvikling.no\/kompetansebank\/ressurs\/bibliotekets-arbeid-for-a-styrke-innbyggernes-digitale-ferdigheter\/ofte-brukte-ressurser\/"]}]},{"@type":"ImageObject","inLanguage":"nb-NO","@id":"https:\/\/bibliotekutvikling.no\/kompetansebank\/ressurs\/bibliotekets-arbeid-for-a-styrke-innbyggernes-digitale-ferdigheter\/ofte-brukte-ressurser\/#primaryimage","url":"https:\/\/bibliotekutvikling.no\/content\/uploads\/sites\/24\/2020\/01\/Arbeid-ved-PC_Drammen-VGS_Foto-Tom-Atle-Bordevik-scaled.jpg","contentUrl":"https:\/\/bibliotekutvikling.no\/content\/uploads\/sites\/24\/2020\/01\/Arbeid-ved-PC_Drammen-VGS_Foto-Tom-Atle-Bordevik-scaled.jpg","width":2560,"height":1440,"caption":"Arbeid ved PC_Drammen VGS_Foto Tom Atle Bordevik"},{"@type":"BreadcrumbList","@id":"https:\/\/bibliotekutvikling.no\/kompetansebank\/ressurs\/bibliotekets-arbeid-for-a-styrke-innbyggernes-digitale-ferdigheter\/ofte-brukte-ressurser\/#breadcrumb","itemListElement":[{"@type":"ListItem","position":1,"name":"Hjem","item":"https:\/\/bibliotekutvikling.no\/kompetansebank\/"},{"@type":"ListItem","position":2,"name":"Digital inkludering og oppl\u00e6ring i bibliotek : en ressurspakke","item":"https:\/\/bibliotekutvikling.no\/kompetansebank\/ressurs\/bibliotekets-arbeid-for-a-styrke-innbyggernes-digitale-ferdigheter\/"},{"@type":"ListItem","position":3,"name":"Nettsider man ofte m\u00e5 veilede i"}]},{"@type":"WebSite","@id":"https:\/\/bibliotekutvikling.no\/kompetansebank\/#website","url":"https:\/\/bibliotekutvikling.no\/kompetansebank\/","name":"Kompetansebank","description":"kurs og kunnskap for bibliotekansatte","publisher":{"@id":"https:\/\/bibliotekutvikling.no\/kompetansebank\/#organization"},"potentialAction":[{"@type":"SearchAction","target":{"@type":"EntryPoint","urlTemplate":"https:\/\/bibliotekutvikling.no\/kompetansebank\/?s={search_term_string}"},"query-input":{"@type":"PropertyValueSpecification","valueRequired":true,"valueName":"search_term_string"}}],"inLanguage":"nb-NO"},{"@type":"Organization","@id":"https:\/\/bibliotekutvikling.no\/kompetansebank\/#organization","name":"Bibliotekutvikling","url":"https:\/\/bibliotekutvikling.no\/kompetansebank\/","logo":{"@type":"ImageObject","inLanguage":"nb-NO","@id":"https:\/\/bibliotekutvikling.no\/kompetansebank\/#\/schema\/logo\/image\/","url":"https:\/\/bibliotekutvikling.no\/content\/uploads\/sites\/24\/2023\/10\/Favikon-BU.png","contentUrl":"https:\/\/bibliotekutvikling.no\/content\/uploads\/sites\/24\/2023\/10\/Favikon-BU.png","width":1055,"height":1054,"caption":"Bibliotekutvikling"},"image":{"@id":"https:\/\/bibliotekutvikling.no\/kompetansebank\/#\/schema\/logo\/image\/"},"sameAs":["https:\/\/www.facebook.com\/bibliotekutvikling"]}]}},"_links":{"self":[{"href":"https:\/\/bibliotekutvikling.no\/kompetansebank\/wp-json\/wp\/v2\/content-resource\/36938","targetHints":{"allow":["GET"]}}],"collection":[{"href":"https:\/\/bibliotekutvikling.no\/kompetansebank\/wp-json\/wp\/v2\/content-resource"}],"about":[{"href":"https:\/\/bibliotekutvikling.no\/kompetansebank\/wp-json\/wp\/v2\/types\/content-resource"}],"author":[{"embeddable":true,"href":"https:\/\/bibliotekutvikling.no\/kompetansebank\/wp-json\/wp\/v2\/users\/6868"}],"up":[{"embeddable":true,"href":"https:\/\/bibliotekutvikling.no\/kompetansebank\/wp-json\/wp\/v2\/content-resource\/36169"}],"wp:featuredmedia":[{"embeddable":true,"href":"https:\/\/bibliotekutvikling.no\/kompetansebank\/wp-json\/wp\/v2\/media\/37489"}],"wp:attachment":[{"href":"https:\/\/bibliotekutvikling.no\/kompetansebank\/wp-json\/wp\/v2\/media?parent=36938"}],"wp:term":[{"taxonomy":"content-duration","embeddable":true,"href":"https:\/\/bibliotekutvikling.no\/kompetansebank\/wp-json\/wp\/v2\/content-duration?post=36938"},{"taxonomy":"content-topic","embeddable":true,"href":"https:\/\/bibliotekutvikling.no\/kompetansebank\/wp-json\/wp\/v2\/content-topic?post=36938"}],"curies":[{"name":"wp","href":"https:\/\/api.w.org\/{rel}","templated":true}]}}