{"id":36870,"date":"2022-03-26T13:51:00","date_gmt":"2022-03-26T12:51:00","guid":{"rendered":"https:\/\/bibliotekutvikling.no\/kompetansebank\/?post_type=content-resource&#038;p=36870"},"modified":"2026-04-23T13:09:28","modified_gmt":"2026-04-23T11:09:28","slug":"hvorfor-digital-veiledning-pa-biblioteket-er-viktig","status":"publish","type":"content-resource","link":"https:\/\/bibliotekutvikling.no\/kompetansebank\/ressurs\/bibliotekets-arbeid-for-a-styrke-innbyggernes-digitale-ferdigheter\/hvorfor-digital-veiledning-pa-biblioteket-er-viktig\/","title":{"rendered":"Hvorfor skal biblioteket jobbe med digital inkludering?"},"content":{"rendered":"\n<p>Her f\u00e5r du argumenter og fakta om hva forskning sier om innbyggernes behov, hvilke utfordringer som f\u00f8lger av digitaliseringen i Norge og hvordan bibliotekets ansvar er forankret.<\/p>\n\n\n\n<p>Mange trenger hjelp til \u00e5 bruke element\u00e6re digitale tjenester. Derfor er det viktig at bibliotekene jobber med digital inkludering og oppl\u00e6ring. If\u00f8lge Digitaliseringsdirektoratet er det omtrent 850&nbsp;000 personer i Norge, 20% av befolkningen, som er s\u00e5rbare i m\u00f8te med offentlige digitale tjenester. Det er grunn til \u00e5 tro at dette ogs\u00e5 handler om bibliotekenes tjenester.<\/p>\n\n\n<ul class=\"t2-link-list has-1-items has-auto-columns wp-block-t2-link-list\">\n\t<li class=\"t2-link-list-item wp-block-t2-link-list-item\">\n\t\t<a\n\t\t\thref=\"https:\/\/www.digdir.no\/digitaliseringskonferansen\/eit-storre-alvor\/7155\"\n\t\t\tclass=\"t2-link-list-item__link t2-link-list__icon--right\"\n\t\t\t\t\t>\n\t\t\t<span class=\"t2-link-list-item__icon\"><span class=\"t2-link-list-item__icon-box\"><\/span><svg xmlns=\"http:\/\/www.w3.org\/2000\/svg\" viewBox=\"0 0 24 24\" height=\"24\" width=\"24\" class=\"t2-icon t2-icon-external\" aria-hidden=\"true\" focusable=\"false\"><path d=\"M19 19H5V5h7V3H3v18h18v-9h-2v7zM14 3v2h3.6l-9.8 9.8 1.4 1.4L19 6.4V10h2V3h-7z\"\/><\/svg><\/span>\t\t\t<div class=\"t2-link-list-item__content\">\n\n\t\t\t\t\n\t\t\t\t<span id=\"link-list-item-text\" class=\"t2-link-list-item__text\">\n\t\t\t\t\tRikets digitale tilstand\t\t\t\t<\/span>\n\t\t\t\t<span id=\"link-list-item-description\" class=\"t2-link-list-item__description\">Kor mange opplever digitalt utanforskap? Digdir.no<\/span>\t\t\t<\/div>\n\t\t<\/a>\n\t<\/li>\n\t\n<\/ul>\n\n\n<p>Bibliotekloven sier at bibliotekene skal fremme opplysning, utdanning og kulturell aktivitet og bidra til aktiv formidling og offentlig debatt. Det betyr ogs\u00e5 \u00e5 st\u00f8tte opp om digital kompetanseutvikling.<\/p>\n\n\n\n<p>Mange bibliotek har tilbudt digital veiledning i flere \u00e5r allerede. De siste 15-20 \u00e5rene har \u00abdatahjelp\u00bb, \u00abdatakafe\u00bb og \u00abseniorsurf\u00bb blitt kjente navn. Disse tilbudene har som m\u00e5l \u00e5 gi grunnleggende digital oppl\u00e6ring for \u00e5 hjelpe brukerne \u00e5 navigere i et digitalt samfunn. Bibliotekene har imidlertid ulik kapasitet og ressurser. Tilbudet vil derfor variere fra bibliotek til bibliotek.<\/p>\n\n\n\n<p>Oppgaver med digital inkludering er forankra internasjonalt i FNs b\u00e6rekraftm\u00e5l delm\u00e5l 16.10: \u00e5 \u00abSikre allmenn tilgang til informasjon og beskytte grunnleggende friheter, i samsvar med nasjonal lovgivning og internasjonale avtaler\u00bb. Det europeiske bibliotekmanifestet \u00abBibliotek for en b\u00e6rekraftig framtid\u00bb er ogs\u00e5 et viktig grunnlag, med felles intensjon om at bibliotekene skal garantere likeverdig tilgang, st\u00f8tte levende demokratier og drive inkluderende innovasjon.<\/p>\n\n\n<ul class=\"t2-link-list has-3-items has-1-columns wp-block-t2-link-list\">\n\t<li class=\"t2-link-list-item wp-block-t2-link-list-item\">\n\t\t<a\n\t\t\thref=\"https:\/\/lovdata.no\/dokument\/NL\/lov\/1985-12-20-108\"\n\t\t\tclass=\"t2-link-list-item__link t2-link-list__icon--right\"\n\t\t\trel=\"noreferrer noopener\" target=\"_blank\"\t\t>\n\t\t\t<span class=\"t2-link-list-item__icon\"><span class=\"t2-link-list-item__icon-box\"><\/span><svg xmlns=\"http:\/\/www.w3.org\/2000\/svg\" viewBox=\"0 0 24 24\" height=\"24\" width=\"24\" class=\"t2-icon t2-icon-external\" aria-hidden=\"true\" focusable=\"false\"><path d=\"M19 19H5V5h7V3H3v18h18v-9h-2v7zM14 3v2h3.6l-9.8 9.8 1.4 1.4L19 6.4V10h2V3h-7z\"\/><\/svg><\/span>\t\t\t<div class=\"t2-link-list-item__content\">\n\n\t\t\t\t\n\t\t\t\t<span id=\"link-list-item-text-1\" class=\"t2-link-list-item__text\">\n\t\t\t\t\tBibliotekloven\t\t\t\t<\/span>\n\t\t\t\t\t\t\t<\/div>\n\t\t<\/a>\n\t<\/li>\n\t\n\n\t<li class=\"t2-link-list-item wp-block-t2-link-list-item\">\n\t\t<a\n\t\t\thref=\"https:\/\/fn.no\/om-fn\/fns-baerekraftsmaal\"\n\t\t\tclass=\"t2-link-list-item__link t2-link-list__icon--right\"\n\t\t\trel=\"noreferrer noopener\" target=\"_blank\"\t\t>\n\t\t\t<span class=\"t2-link-list-item__icon\"><span class=\"t2-link-list-item__icon-box\"><\/span><svg xmlns=\"http:\/\/www.w3.org\/2000\/svg\" viewBox=\"0 0 24 24\" height=\"24\" width=\"24\" class=\"t2-icon t2-icon-external\" aria-hidden=\"true\" focusable=\"false\"><path d=\"M19 19H5V5h7V3H3v18h18v-9h-2v7zM14 3v2h3.6l-9.8 9.8 1.4 1.4L19 6.4V10h2V3h-7z\"\/><\/svg><\/span>\t\t\t<div class=\"t2-link-list-item__content\">\n\n\t\t\t\t\n\t\t\t\t<span id=\"link-list-item-text-2\" class=\"t2-link-list-item__text\">\n\t\t\t\t\tFNs b\u00e6rekraftsm\u00e5l \t\t\t\t<\/span>\n\t\t\t\t\t\t\t<\/div>\n\t\t<\/a>\n\t<\/li>\n\t\n\n\t<li class=\"t2-link-list-item wp-block-t2-link-list-item\">\n\t\t<a\n\t\t\thref=\"https:\/\/bibliotekutvikling.no\/nyheter\/europeisk-bibliotekmanifest-bibliotek-for-en-baerekraftig-framtid\/\"\n\t\t\tclass=\"t2-link-list-item__link t2-link-list__icon--right\"\n\t\t\trel=\"noreferrer noopener\" target=\"_blank\"\t\t>\n\t\t\t<span class=\"t2-link-list-item__icon\"><span class=\"t2-link-list-item__icon-box\"><\/span><svg xmlns=\"http:\/\/www.w3.org\/2000\/svg\" viewBox=\"0 0 24 24\" height=\"24\" width=\"24\" class=\"t2-icon t2-icon-external\" aria-hidden=\"true\" focusable=\"false\"><path d=\"M19 19H5V5h7V3H3v18h18v-9h-2v7zM14 3v2h3.6l-9.8 9.8 1.4 1.4L19 6.4V10h2V3h-7z\"\/><\/svg><\/span>\t\t\t<div class=\"t2-link-list-item__content\">\n\n\t\t\t\t\n\t\t\t\t<span id=\"link-list-item-text-3\" class=\"t2-link-list-item__text\">\n\t\t\t\t\tBibliotek for en b\u00e6rekraftig framtid\t\t\t\t<\/span>\n\t\t\t\t<span id=\"link-list-item-description-3\" class=\"t2-link-list-item__description\">Europeisk bibliotekmanifest<\/span>\t\t\t<\/div>\n\t\t<\/a>\n\t<\/li>\n\t\n<\/ul>\n\n\n<h2 class=\"wp-block-heading\" id=\"h-norge-er-et-gjennomdigitalisert-land\">Norge er et gjennomdigitalisert land<\/h2>\n\n\n\n<p>Den digitale infrastrukturen er en grunnleggende del av det moderne samfunnet og p\u00e5virker nesten alle aspekter av hverdagslivet. Digitaliseringen er s\u00e5 integrert, og nesten usynlig, at Direktoratet for samfunnssikkerhet og beredskap har utarbeidet en veiledningsplan for \u00e5 sikre at samfunnet fortsatt kan fungere hvis digitale systemer svikter. Dette viser hvor kritisk avhengig det norske samfunnet er av en stabil digital infrastruktur.<\/p>\n\n\n\n<p>Den nye nasjonale digitaliseringsstrategien i Norge har som m\u00e5l \u00e5 gj\u00f8re landet til verdens mest digitaliserte land innen 2030. Strategien, som legger til rette for omfattende digital omstilling, har s\u00e6rlig betydning for biblioteksektoren.<\/p>\n\n\n\n<p>Blant de viktigste tiltakene er \u00f8kt digital inkludering, hvor bibliotekene spiller en avgj\u00f8rende rolle. Bibliotekene skal bidra til \u00e5 redusere digitalt utenforskap ved \u00e5 gi oppl\u00e6ring i digitale ferdigheter og veiledning i kildekritikk, noe som styrker befolkningens evne til \u00e5 navigere i digitale medier og beskytte seg mot desinformasjon.<\/p>\n\n\n<ul class=\"t2-link-list has-1-items has-auto-columns wp-block-t2-link-list\">\n\t<li class=\"t2-link-list-item wp-block-t2-link-list-item\">\n\t\t<a\n\t\t\thref=\"https:\/\/www.regjeringen.no\/contentassets\/c499c3b6c93740bd989c43d886f65924\/no\/pdfs\/nasjonal-digitaliseringsstrategi_ny.pdf\"\n\t\t\tclass=\"t2-link-list-item__link t2-link-list__icon--right\"\n\t\t\trel=\"noreferrer noopener\" target=\"_blank\"\t\t>\n\t\t\t<span class=\"t2-link-list-item__icon\"><span class=\"t2-link-list-item__icon-box\"><\/span><svg xmlns=\"http:\/\/www.w3.org\/2000\/svg\" viewBox=\"0 0 24 24\" height=\"24\" width=\"24\" class=\"t2-icon t2-icon-external\" aria-hidden=\"true\" focusable=\"false\"><path d=\"M19 19H5V5h7V3H3v18h18v-9h-2v7zM14 3v2h3.6l-9.8 9.8 1.4 1.4L19 6.4V10h2V3h-7z\"\/><\/svg><\/span>\t\t\t<div class=\"t2-link-list-item__content\">\n\n\t\t\t\t\n\t\t\t\t<span id=\"link-list-item-text-4\" class=\"t2-link-list-item__text\">\n\t\t\t\t\tFremtidens digitale Norge\t\t\t\t<\/span>\n\t\t\t\t<span id=\"link-list-item-description-4\" class=\"t2-link-list-item__description\">Nasjonal digitaliseringsstrategi 2024\u20132030<\/span>\t\t\t<\/div>\n\t\t<\/a>\n\t<\/li>\n\t\n<\/ul>\n\n\n<h2 class=\"wp-block-heading\" id=\"h-mange-spor-ikke-om-hjelp\">Mange sp\u00f8r ikke om hjelp<\/h2>\n\n\n\n<p>En unders\u00f8kelse fra Statistisk sentralbyr\u00e5 (2023) viser at 5,3 prosent av innbyggerne mellom 16 og 79 \u00e5r sier at de har hatt behov, men likevel ikke bedt om hjelp, til \u00e5 f\u00e5 tak i offisielle dokumenter og ytelser de har krav p\u00e5.<\/p>\n\n\n\n<p>Mange innbyggere st\u00e5r overfor utfordringer med \u00e5 beherske digitale verkt\u00f8y og navigere i et stadig mer digitalisert samfunn. Disse utfordringene gjelder ikke bare eldre. Selv om barn og unge er hyppige brukere av digitale medier, betyr det ikke at de har tilstrekkelig digital forst\u00e5else. Dette kommer fram i artikkelen<em><strong> Du beh\u00f8ver ikke v\u00e6re gammel for \u00e5 f\u00f8le deg digitalt utenfor<\/strong>,<\/em> hvor seniorforsker Kari Sand forteller om SINTEF sin forskning p\u00e5 digitalt utenforskap.<\/p>\n\n\n\n<p>Unders\u00f8kelser viser ogs\u00e5 at brukere ofte trenger hjelp til \u00e5 finne riktig tjeneste eller mangler forst\u00e5else for de digitale l\u00f8sningene. Noen \u00f8nsker ikke og andre har ikke kapasitet til \u00e5 ta i bruk digitale tilbud. For \u00e5 forbedre b\u00e5de inkludering og brukskvalitet, lager regjeringen sammen med ulike partnere en handlingsplan som bygger p\u00e5 strategien <em>Digital hele livet<\/em>. Samarbeidet omfatter intensjonen om en \u00e5rlig unders\u00f8kelse som kan gi verdifull innsikt i de digitale utfordringene brukerne st\u00e5r overfor. Dette kan vi lese om p\u00e5 Digitaliseringsdepartementet side:<strong> <em>M\u00f8te med dei s\u00e5rbare brukarane<\/em><\/strong><em>.<\/em><\/p>\n\n\n<ul class=\"t2-link-list has-4-items has-1-columns wp-block-t2-link-list\">\n\t<li class=\"t2-link-list-item wp-block-t2-link-list-item\">\n\t\t<a\n\t\t\thref=\"https:\/\/www.ssb.no\/teknologi-og-innovasjon\/informasjons-og-kommunikasjonsteknologi-ikt\/artikler\/5-3-prosent-av-befolkningen-har-utfordringer-ved-bruk-av-digitale-tjenester?\"\n\t\t\tclass=\"t2-link-list-item__link t2-link-list__icon--right\"\n\t\t\trel=\"noreferrer noopener\" target=\"_blank\"\t\t>\n\t\t\t<span class=\"t2-link-list-item__icon\"><span class=\"t2-link-list-item__icon-box\"><\/span><svg xmlns=\"http:\/\/www.w3.org\/2000\/svg\" viewBox=\"0 0 24 24\" height=\"24\" width=\"24\" class=\"t2-icon t2-icon-external\" aria-hidden=\"true\" focusable=\"false\"><path d=\"M19 19H5V5h7V3H3v18h18v-9h-2v7zM14 3v2h3.6l-9.8 9.8 1.4 1.4L19 6.4V10h2V3h-7z\"\/><\/svg><\/span>\t\t\t<div class=\"t2-link-list-item__content\">\n\n\t\t\t\t\n\t\t\t\t<span id=\"link-list-item-text-5\" class=\"t2-link-list-item__text\">\n\t\t\t\t\tBruk av IKT i husholdningene\u00bb\t\t\t\t<\/span>\n\t\t\t\t<span id=\"link-list-item-description-5\" class=\"t2-link-list-item__description\">SSB unders\u00f8kelse 2022 <\/span>\t\t\t<\/div>\n\t\t<\/a>\n\t<\/li>\n\t\n\n\t<li class=\"t2-link-list-item wp-block-t2-link-list-item\">\n\t\t<a\n\t\t\thref=\"https:\/\/blogg.sintef.no\/digital\/du-behover-ikke-vaere-gammel-for-a-fole-deg-digitalt-utenfor\/\"\n\t\t\tclass=\"t2-link-list-item__link t2-link-list__icon--right\"\n\t\t\trel=\"noreferrer noopener\" target=\"_blank\"\t\t>\n\t\t\t<span class=\"t2-link-list-item__icon\"><span class=\"t2-link-list-item__icon-box\"><\/span><svg xmlns=\"http:\/\/www.w3.org\/2000\/svg\" viewBox=\"0 0 24 24\" height=\"24\" width=\"24\" class=\"t2-icon t2-icon-external\" aria-hidden=\"true\" focusable=\"false\"><path d=\"M19 19H5V5h7V3H3v18h18v-9h-2v7zM14 3v2h3.6l-9.8 9.8 1.4 1.4L19 6.4V10h2V3h-7z\"\/><\/svg><\/span>\t\t\t<div class=\"t2-link-list-item__content\">\n\n\t\t\t\t\n\t\t\t\t<span id=\"link-list-item-text-6\" class=\"t2-link-list-item__text\">\n\t\t\t\t\tDu beh\u00f8ver ikke v\u00e6re gammel for \u00e5 f\u00f8le deg digital utenfor\t\t\t\t<\/span>\n\t\t\t\t<span id=\"link-list-item-description-6\" class=\"t2-link-list-item__description\">Sintef<\/span>\t\t\t<\/div>\n\t\t<\/a>\n\t<\/li>\n\t\n\n\t<li class=\"t2-link-list-item wp-block-t2-link-list-item\">\n\t\t<a\n\t\t\thref=\"https:\/\/www.regjeringen.no\/contentassets\/8f8751780e9749bfa8946526b51f10f4\/digital-hele-livet.pdf\"\n\t\t\tclass=\"t2-link-list-item__link t2-link-list__icon--right\"\n\t\t\trel=\"noreferrer noopener\" target=\"_blank\"\t\t>\n\t\t\t<span class=\"t2-link-list-item__icon\"><span class=\"t2-link-list-item__icon-box\"><\/span><svg xmlns=\"http:\/\/www.w3.org\/2000\/svg\" viewBox=\"0 0 24 24\" height=\"24\" width=\"24\" class=\"t2-icon t2-icon-external\" aria-hidden=\"true\" focusable=\"false\"><path d=\"M19 19H5V5h7V3H3v18h18v-9h-2v7zM14 3v2h3.6l-9.8 9.8 1.4 1.4L19 6.4V10h2V3h-7z\"\/><\/svg><\/span>\t\t\t<div class=\"t2-link-list-item__content\">\n\n\t\t\t\t\n\t\t\t\t<span id=\"link-list-item-text-7\" class=\"t2-link-list-item__text\">\n\t\t\t\t\tDigital hele livet\t\t\t\t<\/span>\n\t\t\t\t<span id=\"link-list-item-description-7\" class=\"t2-link-list-item__description\">Nasjonal strategi for \u00f8kt digital deltakelse og kompetanse i befolkningen<\/span>\t\t\t<\/div>\n\t\t<\/a>\n\t<\/li>\n\t\n\n\t<li class=\"t2-link-list-item wp-block-t2-link-list-item\">\n\t\t<a\n\t\t\thref=\"https:\/\/www.digdir.no\/rikets-digitale-tilstand\/mote-med-dei-sarbare-brukarane\/3848\"\n\t\t\tclass=\"t2-link-list-item__link t2-link-list__icon--right\"\n\t\t\trel=\"noreferrer noopener\" target=\"_blank\"\t\t>\n\t\t\t<span class=\"t2-link-list-item__icon\"><span class=\"t2-link-list-item__icon-box\"><\/span><svg xmlns=\"http:\/\/www.w3.org\/2000\/svg\" viewBox=\"0 0 24 24\" height=\"24\" width=\"24\" class=\"t2-icon t2-icon-external\" aria-hidden=\"true\" focusable=\"false\"><path d=\"M19 19H5V5h7V3H3v18h18v-9h-2v7zM14 3v2h3.6l-9.8 9.8 1.4 1.4L19 6.4V10h2V3h-7z\"\/><\/svg><\/span>\t\t\t<div class=\"t2-link-list-item__content\">\n\n\t\t\t\t\n\t\t\t\t<span id=\"link-list-item-text-8\" class=\"t2-link-list-item__text\">\n\t\t\t\t\tM\u00f8te med dei s\u00e5rbare brukarane\t\t\t\t<\/span>\n\t\t\t\t<span id=\"link-list-item-description-8\" class=\"t2-link-list-item__description\">Digdir.no<\/span>\t\t\t<\/div>\n\t\t<\/a>\n\t<\/li>\n\t\n<\/ul>\n\n\n<h2 class=\"wp-block-heading\" id=\"h-digital-utenforskap-skaper-samfunnsmessig-utenforskap\">Digital utenforskap skaper samfunnsmessig utenforskap<\/h2>\n\n\n\n<p>SSBs rapport \u00abDigital s\u00e5rbarhet: Hvem har h\u00f8y risiko for \u00e5 falle utenfor?\u00bb ser p\u00e5 hvilke faktorer som \u00f8ker risikoen for digitalt utenforskap i Norge. Den viser at s\u00e6rlig eldre, personer med lav utdanning og de som bor i spredtbygde omr\u00e5der, har st\u00f8rre sannsynlighet for \u00e5 falle utenfor digitalt. I tillegg er lite integrerte utenlandske kvinner og arbeidsledige utsatte grupper.<\/p>\n\n\n\n<p>Tillit til offentlig forvaltning viser seg \u00e5 p\u00e5virke digital deltakelse positivt, spesielt for godt integrerte innvandrere.<\/p>\n\n\n\n<p>Bibliotekene er n\u00e6r tilbud som mange innbyggere har h\u00f8y tillit til. Det er derfor avgj\u00f8rende at bibliotekene tilbyr oppl\u00e6ring i digital kompetanse for alle aldersgrupper, og slik styrker innbyggernes evne til \u00e5 bruke digitale verkt\u00f8y p\u00e5 en hensiktsmessig m\u00e5te i hverdagen.<\/p>\n\n\n<ul class=\"t2-link-list has-1-items has-auto-columns wp-block-t2-link-list\">\n\t<li class=\"t2-link-list-item wp-block-t2-link-list-item\">\n\t\t<a\n\t\t\thref=\"https:\/\/www.ssb.no\/teknologi-og-innovasjon\/informasjons-og-kommunikasjonsteknologi-ikt\/artikler\/digital-sarbarhet-hvem-har-hoy-risiko-for-a-falle-utenfor\/_\/attachment\/inline\/5e29751b-58ac-4309-9aad-77e5849a414a:9847ecab0e91e93121d099cf93f260241d18d300\/RAPP2022-35.pdf\"\n\t\t\tclass=\"t2-link-list-item__link t2-link-list__icon--right\"\n\t\t\trel=\"noreferrer noopener\" target=\"_blank\"\t\t>\n\t\t\t<span class=\"t2-link-list-item__icon\"><span class=\"t2-link-list-item__icon-box\"><\/span><svg xmlns=\"http:\/\/www.w3.org\/2000\/svg\" viewBox=\"0 0 24 24\" height=\"24\" width=\"24\" class=\"t2-icon t2-icon-external\" aria-hidden=\"true\" focusable=\"false\"><path d=\"M19 19H5V5h7V3H3v18h18v-9h-2v7zM14 3v2h3.6l-9.8 9.8 1.4 1.4L19 6.4V10h2V3h-7z\"\/><\/svg><\/span>\t\t\t<div class=\"t2-link-list-item__content\">\n\n\t\t\t\t\n\t\t\t\t<span id=\"link-list-item-text-9\" class=\"t2-link-list-item__text\">\n\t\t\t\t\tDigital s\u00e5rbar: Hvem har h\u00f8y risiko for \u00e5 falle utenfor?\t\t\t\t<\/span>\n\t\t\t\t<span id=\"link-list-item-description-9\" class=\"t2-link-list-item__description\">SSB 2022\/35<\/span>\t\t\t<\/div>\n\t\t<\/a>\n\t<\/li>\n\t\n<\/ul>\n\n<ul class=\"t2-link-list has-0-items has-auto-columns wp-block-t2-link-list\"><\/ul>\n\n\n<p>(Foto: Bibliotek24)<\/p>\n\n\n<div class=\"t2-featured-content-layout alignwide alignwide is-style-default wp-block-t2-featured-content-layout\" role=\"list\">\n<div class=\"t2-featured-single-post t2-featured-content is-post-type-content-resource content-topic-informasjonskompetanse wp-block-t2-featured-single-post\" role=\"listitem\"><a class=\"nb-post-link  wp-block-nb-post-link\" href=\"https:\/\/bibliotekutvikling.no\/kompetansebank\/ressurs\/bibliotekets-arbeid-for-a-styrke-innbyggernes-digitale-ferdigheter\/startpakke-for-a-komme-i-gang\/\">\n<figure class=\"nb-post-featured-image has-image-ratio-16-9 wp-block-nb-post-featured-image\"><img loading=\"lazy\" decoding=\"async\" width=\"768\" height=\"512\" src=\"https:\/\/bibliotekutvikling.no\/content\/uploads\/sites\/24\/2020\/01\/Bibliotek24-test_4807-768x512.jpg\" class=\"attachment-medium_large size-medium_large wp-post-image\" alt=\"\" srcset=\"https:\/\/bibliotekutvikling.no\/content\/uploads\/sites\/24\/2020\/01\/Bibliotek24-test_4807-768x512.jpg 768w, https:\/\/bibliotekutvikling.no\/content\/uploads\/sites\/24\/2020\/01\/Bibliotek24-test_4807-300x200.jpg 300w, https:\/\/bibliotekutvikling.no\/content\/uploads\/sites\/24\/2020\/01\/Bibliotek24-test_4807-1024x683.jpg 1024w, https:\/\/bibliotekutvikling.no\/content\/uploads\/sites\/24\/2020\/01\/Bibliotek24-test_4807-1536x1025.jpg 1536w\" sizes=\"auto, (min-width: 1200px) 384px, (min-width: 700px) 33vw, 350px\" \/><\/figure>\n\n<div class=\"wp-block-group alignfull is-layout-flow wp-block-group-is-layout-flow\">\n\t\n\t<div class=\"wp-block-group content-meta-row is-content-justification-space-between is-nowrap is-layout-flex wp-container-core-group-is-layout-cb46ffcb wp-block-group-is-layout-flex\">\n\t\t<div class=\"nb-post-label wp-block-nb-post-label\">Ressurs<\/div>\n\t\t<div class=\"taxonomy-content-duration wp-block-nb-single-term-from-post\">0-15 min<\/div>\n\t<\/div>\n\t\n\n\t<h2 class=\"t2-post-title wp-block-t2-post-title\">Hvordan komme i gang?<\/h2>\n\t\n\t\n\t\n\t<div class=\"taxonomy-content-topic wp-block-nb-single-term-from-post\">Informasjonskompetanse<\/div>\n<\/div>\n\n<\/a>\n<\/div>\n\n<div class=\"t2-featured-single-post t2-featured-content is-post-type-content-resource wp-block-t2-featured-single-post\" role=\"listitem\"><a class=\"nb-post-link  wp-block-nb-post-link\" href=\"https:\/\/bibliotekutvikling.no\/kompetansebank\/ressurs\/bibliotekets-arbeid-for-a-styrke-innbyggernes-digitale-ferdigheter\/erfaringer-konkrete-tips\/\">\n<figure class=\"nb-post-featured-image has-image-ratio-16-9 wp-block-nb-post-featured-image\"><img loading=\"lazy\" decoding=\"async\" width=\"768\" height=\"432\" src=\"https:\/\/bibliotekutvikling.no\/content\/uploads\/sites\/24\/2020\/01\/Veiledning-i-bibliotekbruk-digitalt_-Foto-Tom-Atle-Bordevik-768x432.jpg\" class=\"attachment-medium_large size-medium_large wp-post-image\" alt=\"\" srcset=\"https:\/\/bibliotekutvikling.no\/content\/uploads\/sites\/24\/2020\/01\/Veiledning-i-bibliotekbruk-digitalt_-Foto-Tom-Atle-Bordevik-768x432.jpg 768w, https:\/\/bibliotekutvikling.no\/content\/uploads\/sites\/24\/2020\/01\/Veiledning-i-bibliotekbruk-digitalt_-Foto-Tom-Atle-Bordevik-300x169.jpg 300w, https:\/\/bibliotekutvikling.no\/content\/uploads\/sites\/24\/2020\/01\/Veiledning-i-bibliotekbruk-digitalt_-Foto-Tom-Atle-Bordevik-1024x576.jpg 1024w, https:\/\/bibliotekutvikling.no\/content\/uploads\/sites\/24\/2020\/01\/Veiledning-i-bibliotekbruk-digitalt_-Foto-Tom-Atle-Bordevik-1536x864.jpg 1536w, https:\/\/bibliotekutvikling.no\/content\/uploads\/sites\/24\/2020\/01\/Veiledning-i-bibliotekbruk-digitalt_-Foto-Tom-Atle-Bordevik-2048x1152.jpg 2048w\" sizes=\"auto, (min-width: 1200px) 384px, (min-width: 700px) 33vw, 350px\" \/><\/figure>\n\n<div class=\"wp-block-group alignfull is-layout-flow wp-block-group-is-layout-flow\">\n\t\n\t<div class=\"wp-block-group content-meta-row is-content-justification-space-between is-nowrap is-layout-flex wp-container-core-group-is-layout-cb46ffcb wp-block-group-is-layout-flex\">\n\t\t<div class=\"nb-post-label wp-block-nb-post-label\">Ressurs<\/div>\n\t\t\n\t<\/div>\n\t\n\n\t<h2 class=\"t2-post-title wp-block-t2-post-title\">Eksempler og erfaringer rundt digital inkludering<\/h2>\n\t\n\t\n\t\n\t\n<\/div>\n\n<\/a>\n<\/div>\n\n<div class=\"t2-featured-single-post t2-featured-content is-post-type-content-resource wp-block-t2-featured-single-post\" role=\"listitem\"><a class=\"nb-post-link  wp-block-nb-post-link\" href=\"https:\/\/bibliotekutvikling.no\/kompetansebank\/ressurs\/bibliotekets-arbeid-for-a-styrke-innbyggernes-digitale-ferdigheter\/hvorfor-digital-veiledning-pa-biblioteket-er-viktig\/\">\n<figure class=\"nb-post-featured-image has-image-ratio-16-9 wp-block-nb-post-featured-image\"><img loading=\"lazy\" decoding=\"async\" width=\"768\" height=\"512\" src=\"https:\/\/bibliotekutvikling.no\/content\/uploads\/sites\/24\/2020\/01\/Bibliotek24-test_4772-768x512.jpg\" class=\"attachment-medium_large size-medium_large wp-post-image\" alt=\"\" srcset=\"https:\/\/bibliotekutvikling.no\/content\/uploads\/sites\/24\/2020\/01\/Bibliotek24-test_4772-768x512.jpg 768w, https:\/\/bibliotekutvikling.no\/content\/uploads\/sites\/24\/2020\/01\/Bibliotek24-test_4772-300x200.jpg 300w, https:\/\/bibliotekutvikling.no\/content\/uploads\/sites\/24\/2020\/01\/Bibliotek24-test_4772-1024x683.jpg 1024w, https:\/\/bibliotekutvikling.no\/content\/uploads\/sites\/24\/2020\/01\/Bibliotek24-test_4772-1536x1025.jpg 1536w\" sizes=\"auto, (min-width: 1200px) 384px, (min-width: 700px) 33vw, 350px\" \/><\/figure>\n\n<div class=\"wp-block-group alignfull is-layout-flow wp-block-group-is-layout-flow\">\n\t\n\t<div class=\"wp-block-group content-meta-row is-content-justification-space-between is-nowrap is-layout-flex wp-container-core-group-is-layout-cb46ffcb wp-block-group-is-layout-flex\">\n\t\t<div class=\"nb-post-label wp-block-nb-post-label\">Ressurs<\/div>\n\t\t\n\t<\/div>\n\t\n\n\t<h2 class=\"t2-post-title wp-block-t2-post-title\">Hvorfor skal biblioteket jobbe med digital inkludering?<\/h2>\n\t\n\t\n\t\n\t\n<\/div>\n\n<\/a>\n<\/div>\n\n<div class=\"t2-featured-single-post t2-featured-content is-post-type-content-resource content-topic-informasjonskompetanse wp-block-t2-featured-single-post\" role=\"listitem\"><a class=\"nb-post-link  wp-block-nb-post-link\" href=\"https:\/\/bibliotekutvikling.no\/kompetansebank\/ressurs\/bibliotekets-arbeid-for-a-styrke-innbyggernes-digitale-ferdigheter\/hvor-gar-grensene-i-rollen-som-veileder\/\">\n<figure class=\"nb-post-featured-image has-image-ratio-16-9 wp-block-nb-post-featured-image\"><img loading=\"lazy\" decoding=\"async\" width=\"768\" height=\"517\" src=\"https:\/\/bibliotekutvikling.no\/content\/uploads\/sites\/24\/2022\/03\/Sikkert-innlogging-foto-shutterstock-768x517.jpg\" class=\"attachment-medium_large size-medium_large wp-post-image\" alt=\"\" srcset=\"https:\/\/bibliotekutvikling.no\/content\/uploads\/sites\/24\/2022\/03\/Sikkert-innlogging-foto-shutterstock-768x517.jpg 768w, https:\/\/bibliotekutvikling.no\/content\/uploads\/sites\/24\/2022\/03\/Sikkert-innlogging-foto-shutterstock-300x202.jpg 300w, https:\/\/bibliotekutvikling.no\/content\/uploads\/sites\/24\/2022\/03\/Sikkert-innlogging-foto-shutterstock-1024x690.jpg 1024w, https:\/\/bibliotekutvikling.no\/content\/uploads\/sites\/24\/2022\/03\/Sikkert-innlogging-foto-shutterstock-1536x1035.jpg 1536w, https:\/\/bibliotekutvikling.no\/content\/uploads\/sites\/24\/2022\/03\/Sikkert-innlogging-foto-shutterstock-2048x1380.jpg 2048w\" sizes=\"auto, (min-width: 1200px) 384px, (min-width: 700px) 33vw, 350px\" \/><\/figure>\n\n<div class=\"wp-block-group alignfull is-layout-flow wp-block-group-is-layout-flow\">\n\t\n\t<div class=\"wp-block-group content-meta-row is-content-justification-space-between is-nowrap is-layout-flex wp-container-core-group-is-layout-cb46ffcb wp-block-group-is-layout-flex\">\n\t\t<div class=\"nb-post-label wp-block-nb-post-label\">Ressurs<\/div>\n\t\t\n\t<\/div>\n\t\n\n\t<h2 class=\"t2-post-title wp-block-t2-post-title\">Hvor g\u00e5r grensene i rollen som veileder?<\/h2>\n\t\n\t\n\t\n\t<div class=\"taxonomy-content-topic wp-block-nb-single-term-from-post\">Informasjonskompetanse<\/div>\n<\/div>\n\n<\/a>\n<\/div>\n\n<div class=\"t2-featured-single-post t2-featured-content is-post-type-content-resource wp-block-t2-featured-single-post\" role=\"listitem\"><a class=\"nb-post-link  wp-block-nb-post-link\" href=\"https:\/\/bibliotekutvikling.no\/kompetansebank\/ressurs\/bibliotekets-arbeid-for-a-styrke-innbyggernes-digitale-ferdigheter\/ofte-brukte-ressurser\/\">\n<figure class=\"nb-post-featured-image has-image-ratio-16-9 wp-block-nb-post-featured-image\"><img loading=\"lazy\" decoding=\"async\" width=\"768\" height=\"432\" src=\"https:\/\/bibliotekutvikling.no\/content\/uploads\/sites\/24\/2020\/01\/Arbeid-ved-PC_Drammen-VGS_Foto-Tom-Atle-Bordevik-768x432.jpg\" class=\"attachment-medium_large size-medium_large wp-post-image\" alt=\"Arbeid ved PC_Drammen VGS_Foto Tom Atle Bordevik\" srcset=\"https:\/\/bibliotekutvikling.no\/content\/uploads\/sites\/24\/2020\/01\/Arbeid-ved-PC_Drammen-VGS_Foto-Tom-Atle-Bordevik-768x432.jpg 768w, https:\/\/bibliotekutvikling.no\/content\/uploads\/sites\/24\/2020\/01\/Arbeid-ved-PC_Drammen-VGS_Foto-Tom-Atle-Bordevik-300x169.jpg 300w, https:\/\/bibliotekutvikling.no\/content\/uploads\/sites\/24\/2020\/01\/Arbeid-ved-PC_Drammen-VGS_Foto-Tom-Atle-Bordevik-1024x576.jpg 1024w, https:\/\/bibliotekutvikling.no\/content\/uploads\/sites\/24\/2020\/01\/Arbeid-ved-PC_Drammen-VGS_Foto-Tom-Atle-Bordevik-1536x864.jpg 1536w, https:\/\/bibliotekutvikling.no\/content\/uploads\/sites\/24\/2020\/01\/Arbeid-ved-PC_Drammen-VGS_Foto-Tom-Atle-Bordevik-2048x1152.jpg 2048w\" sizes=\"auto, (min-width: 1200px) 384px, (min-width: 700px) 33vw, 350px\" \/><\/figure>\n\n<div class=\"wp-block-group alignfull is-layout-flow wp-block-group-is-layout-flow\">\n\t\n\t<div class=\"wp-block-group content-meta-row is-content-justification-space-between is-nowrap is-layout-flex wp-container-core-group-is-layout-cb46ffcb wp-block-group-is-layout-flex\">\n\t\t<div class=\"nb-post-label wp-block-nb-post-label\">Ressurs<\/div>\n\t\t\n\t<\/div>\n\t\n\n\t<h2 class=\"t2-post-title wp-block-t2-post-title\">Nettsider man ofte m\u00e5 veilede i<\/h2>\n\t\n\t\n\t\n\t\n<\/div>\n\n<\/a>\n<\/div>\n<\/div>","protected":false},"excerpt":{"rendered":"","protected":false},"author":6868,"featured_media":37506,"parent":36169,"menu_order":0,"template":"","meta":{"nb_hide_title":false,"content_core_is_hidden":true,"contact_organization_name":"","contact_organization_url":"","contact_person_full_name":"","contact_person_email":"","single_header_image_is_disabled":false,"single_header_image_attachment_id":0,"single_header_image_attachment_url":""},"content-duration":[],"content-topic":[],"class_list":["post-36870","content-resource","type-content-resource","status-publish","has-post-thumbnail","hentry"],"yoast_head":"<!-- This site is optimized with the Yoast SEO Premium plugin v27.1 (Yoast SEO v27.1.1) - https:\/\/yoast.com\/product\/yoast-seo-premium-wordpress\/ -->\n<title>Hvorfor skal biblioteket jobbe med digital inkludering? - Kompetansebank<\/title>\n<meta name=\"description\" content=\"Her f\u00e5r du argumenter og fakta om hva forskning sier om innbyggernes behov, hvilke utfordringer som f\u00f8lger av digitaliseringen i Norge og hvordan bibliotekets ansvar er forankret.\" \/>\n<meta name=\"robots\" content=\"index, follow, max-snippet:-1, max-image-preview:large, max-video-preview:-1\" \/>\n<link rel=\"canonical\" href=\"https:\/\/bibliotekutvikling.no\/kompetansebank\/ressurs\/bibliotekets-arbeid-for-a-styrke-innbyggernes-digitale-ferdigheter\/hvorfor-digital-veiledning-pa-biblioteket-er-viktig\/\" \/>\n<meta property=\"og:locale\" content=\"nb_NO\" \/>\n<meta property=\"og:type\" content=\"article\" \/>\n<meta property=\"og:title\" content=\"Hvorfor skal biblioteket jobbe med digital inkludering?\" \/>\n<meta property=\"og:description\" content=\"Her f\u00e5r du argumenter og fakta om hva forskning sier om innbyggernes behov, hvilke utfordringer som f\u00f8lger av digitaliseringen i Norge og hvordan bibliotekets ansvar er forankret.\" \/>\n<meta property=\"og:url\" content=\"https:\/\/bibliotekutvikling.no\/kompetansebank\/ressurs\/bibliotekets-arbeid-for-a-styrke-innbyggernes-digitale-ferdigheter\/hvorfor-digital-veiledning-pa-biblioteket-er-viktig\/\" \/>\n<meta property=\"og:site_name\" content=\"Kompetansebank\" \/>\n<meta property=\"article:publisher\" content=\"https:\/\/www.facebook.com\/bibliotekutvikling\" \/>\n<meta property=\"article:modified_time\" content=\"2026-04-23T11:09:28+00:00\" \/>\n<meta property=\"og:image\" content=\"https:\/\/bibliotekutvikling.no\/content\/uploads\/sites\/24\/2020\/01\/Bibliotek24-test_4772-1024x683.jpg\" \/>\n\t<meta property=\"og:image:width\" content=\"1024\" \/>\n\t<meta property=\"og:image:height\" content=\"683\" \/>\n\t<meta property=\"og:image:type\" content=\"image\/jpeg\" \/>\n<meta name=\"twitter:card\" content=\"summary_large_image\" \/>\n<meta name=\"twitter:label1\" content=\"Ansl. lesetid\" \/>\n\t<meta name=\"twitter:data1\" content=\"5 minutter\" \/>\n<script type=\"application\/ld+json\" class=\"yoast-schema-graph\">{\"@context\":\"https:\/\/schema.org\",\"@graph\":[{\"@type\":\"WebPage\",\"@id\":\"https:\/\/bibliotekutvikling.no\/kompetansebank\/ressurs\/bibliotekets-arbeid-for-a-styrke-innbyggernes-digitale-ferdigheter\/hvorfor-digital-veiledning-pa-biblioteket-er-viktig\/\",\"url\":\"https:\/\/bibliotekutvikling.no\/kompetansebank\/ressurs\/bibliotekets-arbeid-for-a-styrke-innbyggernes-digitale-ferdigheter\/hvorfor-digital-veiledning-pa-biblioteket-er-viktig\/\",\"name\":\"Hvorfor skal biblioteket jobbe med digital inkludering? - Kompetansebank\",\"isPartOf\":{\"@id\":\"https:\/\/bibliotekutvikling.no\/kompetansebank\/#website\"},\"primaryImageOfPage\":{\"@id\":\"https:\/\/bibliotekutvikling.no\/kompetansebank\/ressurs\/bibliotekets-arbeid-for-a-styrke-innbyggernes-digitale-ferdigheter\/hvorfor-digital-veiledning-pa-biblioteket-er-viktig\/#primaryimage\"},\"image\":{\"@id\":\"https:\/\/bibliotekutvikling.no\/kompetansebank\/ressurs\/bibliotekets-arbeid-for-a-styrke-innbyggernes-digitale-ferdigheter\/hvorfor-digital-veiledning-pa-biblioteket-er-viktig\/#primaryimage\"},\"thumbnailUrl\":\"https:\/\/bibliotekutvikling.no\/content\/uploads\/sites\/24\/2020\/01\/Bibliotek24-test_4772.jpg\",\"datePublished\":\"2022-03-26T12:51:00+00:00\",\"dateModified\":\"2026-04-23T11:09:28+00:00\",\"description\":\"Her f\u00e5r du argumenter og fakta om hva forskning sier om innbyggernes behov, hvilke utfordringer som f\u00f8lger av digitaliseringen i Norge og hvordan bibliotekets ansvar er forankret.\",\"breadcrumb\":{\"@id\":\"https:\/\/bibliotekutvikling.no\/kompetansebank\/ressurs\/bibliotekets-arbeid-for-a-styrke-innbyggernes-digitale-ferdigheter\/hvorfor-digital-veiledning-pa-biblioteket-er-viktig\/#breadcrumb\"},\"inLanguage\":\"nb-NO\",\"potentialAction\":[{\"@type\":\"ReadAction\",\"target\":[\"https:\/\/bibliotekutvikling.no\/kompetansebank\/ressurs\/bibliotekets-arbeid-for-a-styrke-innbyggernes-digitale-ferdigheter\/hvorfor-digital-veiledning-pa-biblioteket-er-viktig\/\"]}]},{\"@type\":\"ImageObject\",\"inLanguage\":\"nb-NO\",\"@id\":\"https:\/\/bibliotekutvikling.no\/kompetansebank\/ressurs\/bibliotekets-arbeid-for-a-styrke-innbyggernes-digitale-ferdigheter\/hvorfor-digital-veiledning-pa-biblioteket-er-viktig\/#primaryimage\",\"url\":\"https:\/\/bibliotekutvikling.no\/content\/uploads\/sites\/24\/2020\/01\/Bibliotek24-test_4772.jpg\",\"contentUrl\":\"https:\/\/bibliotekutvikling.no\/content\/uploads\/sites\/24\/2020\/01\/Bibliotek24-test_4772.jpg\",\"width\":8192,\"height\":5464},{\"@type\":\"BreadcrumbList\",\"@id\":\"https:\/\/bibliotekutvikling.no\/kompetansebank\/ressurs\/bibliotekets-arbeid-for-a-styrke-innbyggernes-digitale-ferdigheter\/hvorfor-digital-veiledning-pa-biblioteket-er-viktig\/#breadcrumb\",\"itemListElement\":[{\"@type\":\"ListItem\",\"position\":1,\"name\":\"Hjem\",\"item\":\"https:\/\/bibliotekutvikling.no\/kompetansebank\/\"},{\"@type\":\"ListItem\",\"position\":2,\"name\":\"Digital inkludering og oppl\u00e6ring i bibliotek : en ressurspakke\",\"item\":\"https:\/\/bibliotekutvikling.no\/kompetansebank\/ressurs\/bibliotekets-arbeid-for-a-styrke-innbyggernes-digitale-ferdigheter\/\"},{\"@type\":\"ListItem\",\"position\":3,\"name\":\"Hvorfor skal biblioteket jobbe med digital inkludering?\"}]},{\"@type\":\"WebSite\",\"@id\":\"https:\/\/bibliotekutvikling.no\/kompetansebank\/#website\",\"url\":\"https:\/\/bibliotekutvikling.no\/kompetansebank\/\",\"name\":\"Kompetansebank\",\"description\":\"kurs og kunnskap for bibliotekansatte\",\"publisher\":{\"@id\":\"https:\/\/bibliotekutvikling.no\/kompetansebank\/#organization\"},\"potentialAction\":[{\"@type\":\"SearchAction\",\"target\":{\"@type\":\"EntryPoint\",\"urlTemplate\":\"https:\/\/bibliotekutvikling.no\/kompetansebank\/?s={search_term_string}\"},\"query-input\":{\"@type\":\"PropertyValueSpecification\",\"valueRequired\":true,\"valueName\":\"search_term_string\"}}],\"inLanguage\":\"nb-NO\"},{\"@type\":\"Organization\",\"@id\":\"https:\/\/bibliotekutvikling.no\/kompetansebank\/#organization\",\"name\":\"Bibliotekutvikling\",\"url\":\"https:\/\/bibliotekutvikling.no\/kompetansebank\/\",\"logo\":{\"@type\":\"ImageObject\",\"inLanguage\":\"nb-NO\",\"@id\":\"https:\/\/bibliotekutvikling.no\/kompetansebank\/#\/schema\/logo\/image\/\",\"url\":\"https:\/\/bibliotekutvikling.no\/content\/uploads\/sites\/24\/2023\/10\/Favikon-BU.png\",\"contentUrl\":\"https:\/\/bibliotekutvikling.no\/content\/uploads\/sites\/24\/2023\/10\/Favikon-BU.png\",\"width\":1055,\"height\":1054,\"caption\":\"Bibliotekutvikling\"},\"image\":{\"@id\":\"https:\/\/bibliotekutvikling.no\/kompetansebank\/#\/schema\/logo\/image\/\"},\"sameAs\":[\"https:\/\/www.facebook.com\/bibliotekutvikling\"]}]}<\/script>\n<!-- \/ Yoast SEO Premium plugin. -->","yoast_head_json":{"title":"Hvorfor skal biblioteket jobbe med digital inkludering? - Kompetansebank","description":"Her f\u00e5r du argumenter og fakta om hva forskning sier om innbyggernes behov, hvilke utfordringer som f\u00f8lger av digitaliseringen i Norge og hvordan bibliotekets ansvar er forankret.","robots":{"index":"index","follow":"follow","max-snippet":"max-snippet:-1","max-image-preview":"max-image-preview:large","max-video-preview":"max-video-preview:-1"},"canonical":"https:\/\/bibliotekutvikling.no\/kompetansebank\/ressurs\/bibliotekets-arbeid-for-a-styrke-innbyggernes-digitale-ferdigheter\/hvorfor-digital-veiledning-pa-biblioteket-er-viktig\/","og_locale":"nb_NO","og_type":"article","og_title":"Hvorfor skal biblioteket jobbe med digital inkludering?","og_description":"Her f\u00e5r du argumenter og fakta om hva forskning sier om innbyggernes behov, hvilke utfordringer som f\u00f8lger av digitaliseringen i Norge og hvordan bibliotekets ansvar er forankret.","og_url":"https:\/\/bibliotekutvikling.no\/kompetansebank\/ressurs\/bibliotekets-arbeid-for-a-styrke-innbyggernes-digitale-ferdigheter\/hvorfor-digital-veiledning-pa-biblioteket-er-viktig\/","og_site_name":"Kompetansebank","article_publisher":"https:\/\/www.facebook.com\/bibliotekutvikling","article_modified_time":"2026-04-23T11:09:28+00:00","og_image":[{"width":1024,"height":683,"url":"https:\/\/bibliotekutvikling.no\/content\/uploads\/sites\/24\/2020\/01\/Bibliotek24-test_4772-1024x683.jpg","type":"image\/jpeg"}],"twitter_card":"summary_large_image","twitter_misc":{"Ansl. lesetid":"5 minutter"},"schema":{"@context":"https:\/\/schema.org","@graph":[{"@type":"WebPage","@id":"https:\/\/bibliotekutvikling.no\/kompetansebank\/ressurs\/bibliotekets-arbeid-for-a-styrke-innbyggernes-digitale-ferdigheter\/hvorfor-digital-veiledning-pa-biblioteket-er-viktig\/","url":"https:\/\/bibliotekutvikling.no\/kompetansebank\/ressurs\/bibliotekets-arbeid-for-a-styrke-innbyggernes-digitale-ferdigheter\/hvorfor-digital-veiledning-pa-biblioteket-er-viktig\/","name":"Hvorfor skal biblioteket jobbe med digital inkludering? - Kompetansebank","isPartOf":{"@id":"https:\/\/bibliotekutvikling.no\/kompetansebank\/#website"},"primaryImageOfPage":{"@id":"https:\/\/bibliotekutvikling.no\/kompetansebank\/ressurs\/bibliotekets-arbeid-for-a-styrke-innbyggernes-digitale-ferdigheter\/hvorfor-digital-veiledning-pa-biblioteket-er-viktig\/#primaryimage"},"image":{"@id":"https:\/\/bibliotekutvikling.no\/kompetansebank\/ressurs\/bibliotekets-arbeid-for-a-styrke-innbyggernes-digitale-ferdigheter\/hvorfor-digital-veiledning-pa-biblioteket-er-viktig\/#primaryimage"},"thumbnailUrl":"https:\/\/bibliotekutvikling.no\/content\/uploads\/sites\/24\/2020\/01\/Bibliotek24-test_4772.jpg","datePublished":"2022-03-26T12:51:00+00:00","dateModified":"2026-04-23T11:09:28+00:00","description":"Her f\u00e5r du argumenter og fakta om hva forskning sier om innbyggernes behov, hvilke utfordringer som f\u00f8lger av digitaliseringen i Norge og hvordan bibliotekets ansvar er forankret.","breadcrumb":{"@id":"https:\/\/bibliotekutvikling.no\/kompetansebank\/ressurs\/bibliotekets-arbeid-for-a-styrke-innbyggernes-digitale-ferdigheter\/hvorfor-digital-veiledning-pa-biblioteket-er-viktig\/#breadcrumb"},"inLanguage":"nb-NO","potentialAction":[{"@type":"ReadAction","target":["https:\/\/bibliotekutvikling.no\/kompetansebank\/ressurs\/bibliotekets-arbeid-for-a-styrke-innbyggernes-digitale-ferdigheter\/hvorfor-digital-veiledning-pa-biblioteket-er-viktig\/"]}]},{"@type":"ImageObject","inLanguage":"nb-NO","@id":"https:\/\/bibliotekutvikling.no\/kompetansebank\/ressurs\/bibliotekets-arbeid-for-a-styrke-innbyggernes-digitale-ferdigheter\/hvorfor-digital-veiledning-pa-biblioteket-er-viktig\/#primaryimage","url":"https:\/\/bibliotekutvikling.no\/content\/uploads\/sites\/24\/2020\/01\/Bibliotek24-test_4772.jpg","contentUrl":"https:\/\/bibliotekutvikling.no\/content\/uploads\/sites\/24\/2020\/01\/Bibliotek24-test_4772.jpg","width":8192,"height":5464},{"@type":"BreadcrumbList","@id":"https:\/\/bibliotekutvikling.no\/kompetansebank\/ressurs\/bibliotekets-arbeid-for-a-styrke-innbyggernes-digitale-ferdigheter\/hvorfor-digital-veiledning-pa-biblioteket-er-viktig\/#breadcrumb","itemListElement":[{"@type":"ListItem","position":1,"name":"Hjem","item":"https:\/\/bibliotekutvikling.no\/kompetansebank\/"},{"@type":"ListItem","position":2,"name":"Digital inkludering og oppl\u00e6ring i bibliotek : en ressurspakke","item":"https:\/\/bibliotekutvikling.no\/kompetansebank\/ressurs\/bibliotekets-arbeid-for-a-styrke-innbyggernes-digitale-ferdigheter\/"},{"@type":"ListItem","position":3,"name":"Hvorfor skal biblioteket jobbe med digital inkludering?"}]},{"@type":"WebSite","@id":"https:\/\/bibliotekutvikling.no\/kompetansebank\/#website","url":"https:\/\/bibliotekutvikling.no\/kompetansebank\/","name":"Kompetansebank","description":"kurs og kunnskap for bibliotekansatte","publisher":{"@id":"https:\/\/bibliotekutvikling.no\/kompetansebank\/#organization"},"potentialAction":[{"@type":"SearchAction","target":{"@type":"EntryPoint","urlTemplate":"https:\/\/bibliotekutvikling.no\/kompetansebank\/?s={search_term_string}"},"query-input":{"@type":"PropertyValueSpecification","valueRequired":true,"valueName":"search_term_string"}}],"inLanguage":"nb-NO"},{"@type":"Organization","@id":"https:\/\/bibliotekutvikling.no\/kompetansebank\/#organization","name":"Bibliotekutvikling","url":"https:\/\/bibliotekutvikling.no\/kompetansebank\/","logo":{"@type":"ImageObject","inLanguage":"nb-NO","@id":"https:\/\/bibliotekutvikling.no\/kompetansebank\/#\/schema\/logo\/image\/","url":"https:\/\/bibliotekutvikling.no\/content\/uploads\/sites\/24\/2023\/10\/Favikon-BU.png","contentUrl":"https:\/\/bibliotekutvikling.no\/content\/uploads\/sites\/24\/2023\/10\/Favikon-BU.png","width":1055,"height":1054,"caption":"Bibliotekutvikling"},"image":{"@id":"https:\/\/bibliotekutvikling.no\/kompetansebank\/#\/schema\/logo\/image\/"},"sameAs":["https:\/\/www.facebook.com\/bibliotekutvikling"]}]}},"_links":{"self":[{"href":"https:\/\/bibliotekutvikling.no\/kompetansebank\/wp-json\/wp\/v2\/content-resource\/36870","targetHints":{"allow":["GET"]}}],"collection":[{"href":"https:\/\/bibliotekutvikling.no\/kompetansebank\/wp-json\/wp\/v2\/content-resource"}],"about":[{"href":"https:\/\/bibliotekutvikling.no\/kompetansebank\/wp-json\/wp\/v2\/types\/content-resource"}],"author":[{"embeddable":true,"href":"https:\/\/bibliotekutvikling.no\/kompetansebank\/wp-json\/wp\/v2\/users\/6868"}],"up":[{"embeddable":true,"href":"https:\/\/bibliotekutvikling.no\/kompetansebank\/wp-json\/wp\/v2\/content-resource\/36169"}],"wp:featuredmedia":[{"embeddable":true,"href":"https:\/\/bibliotekutvikling.no\/kompetansebank\/wp-json\/wp\/v2\/media\/37506"}],"wp:attachment":[{"href":"https:\/\/bibliotekutvikling.no\/kompetansebank\/wp-json\/wp\/v2\/media?parent=36870"}],"wp:term":[{"taxonomy":"content-duration","embeddable":true,"href":"https:\/\/bibliotekutvikling.no\/kompetansebank\/wp-json\/wp\/v2\/content-duration?post=36870"},{"taxonomy":"content-topic","embeddable":true,"href":"https:\/\/bibliotekutvikling.no\/kompetansebank\/wp-json\/wp\/v2\/content-topic?post=36870"}],"curies":[{"name":"wp","href":"https:\/\/api.w.org\/{rel}","templated":true}]}}