{"id":36866,"date":"2022-03-26T13:49:00","date_gmt":"2022-03-26T12:49:00","guid":{"rendered":"https:\/\/bibliotekutvikling.no\/kompetansebank\/?post_type=content-resource&#038;p=36866"},"modified":"2026-04-23T12:51:44","modified_gmt":"2026-04-23T10:51:44","slug":"hvordan-heve-kompetansen-i-bibliotekene","status":"publish","type":"content-resource","link":"https:\/\/bibliotekutvikling.no\/kompetansebank\/ressurs\/bibliotekets-arbeid-for-a-styrke-innbyggernes-digitale-ferdigheter\/hvordan-heve-kompetansen-i-bibliotekene\/","title":{"rendered":"Hvordan heve kompetansen i digital veiledning for bibliotekansatte?"},"content":{"rendered":"\n<p>Det finnes en rekke ressurser som dere kan benytte for \u00e5 bli gode veiledere, og for \u00e5 utvikle et godt tilbud sammen med andre.<\/p>\n\n\n\n<p>N\u00e5r vi skal jobbe med formidling og veiledning i bibliotek trenger vi kunnskap om:<\/p>\n\n\n\n<ul class=\"wp-block-list\">\n<li>hva vi skal formidle<\/li>\n\n\n\n<li>hvordan vi skal formidle <\/li>\n\n\n\n<li>hvem m\u00e5lgruppa er<\/li>\n\n\n\n<li>hvem vi kan samarbeide med<\/li>\n\n\n\n<li>hva samfunnets behov og forventninger er<\/li>\n<\/ul>\n\n\n\n<p>I ressursene under finner du informasjon om tema knyttet til bibliotekenes arbeid for \u00e5 styrke innbyggernes digitale ferdigheter.<\/p>\n\n\n\n<h2 class=\"wp-block-heading\" id=\"h-for-veiledere-og-bibliotek-som-skal-i-gang\">For veiledere og bibliotek som skal i gang<\/h2>\n\n\n\n<p>Det er mulig \u00e5 bestille kurs fra HKdir (Direktoratet for h\u00f8yere utdanning og kompetanse) som st\u00e5r bak Digidel-ressursene. Ta kontakt med <a href=\"mailto:digidel@hkdir.no\" target=\"_blank\" rel=\"noreferrer noopener\">digidel@hkdir.no<\/a><\/p>\n\n\n\n<p>I tillegg er disse sidene sv\u00e6rt nyttige:<\/p>\n\n\n<ul class=\"t2-link-list has-3-items has-1-columns wp-block-t2-link-list\">\n\t<li class=\"t2-link-list-item wp-block-t2-link-list-item\">\n\t\t<a\n\t\t\thref=\"https:\/\/digidel.no\/til-deg-som-veileder\"\n\t\t\tclass=\"t2-link-list-item__link t2-link-list__icon--right\"\n\t\t\trel=\"noreferrer noopener\" target=\"_blank\"\t\t>\n\t\t\t<span class=\"t2-link-list-item__icon\"><span class=\"t2-link-list-item__icon-box\"><\/span><svg xmlns=\"http:\/\/www.w3.org\/2000\/svg\" viewBox=\"0 0 24 24\" height=\"24\" width=\"24\" class=\"t2-icon t2-icon-external\" aria-hidden=\"true\" focusable=\"false\"><path d=\"M19 19H5V5h7V3H3v18h18v-9h-2v7zM14 3v2h3.6l-9.8 9.8 1.4 1.4L19 6.4V10h2V3h-7z\"\/><\/svg><\/span>\t\t\t<div class=\"t2-link-list-item__content\">\n\n\t\t\t\t\n\t\t\t\t<span id=\"link-list-item-text\" class=\"t2-link-list-item__text\">\n\t\t\t\t\tTil deg som veileder &#8211; ressurser\t\t\t\t<\/span>\n\t\t\t\t<span id=\"link-list-item-description\" class=\"t2-link-list-item__description\">I HK-dir sine ressurser digidel.no ligger samlet ressurser til deg som veileder, samtidig som du f\u00e5r tilgang til Digidels kursinnhold for bruk i lokale tilbud.<\/span>\t\t\t<\/div>\n\t\t<\/a>\n\t<\/li>\n\t\n\n\t<li class=\"t2-link-list-item wp-block-t2-link-list-item\">\n\t\t<a\n\t\t\thref=\"https:\/\/elaringsportal.hkdir.no\/kurs\/digitale-veiledere-2.0\/launch.html\"\n\t\t\tclass=\"t2-link-list-item__link t2-link-list__icon--right\"\n\t\t\trel=\"noreferrer noopener\" target=\"_blank\"\t\t>\n\t\t\t<span class=\"t2-link-list-item__icon\"><span class=\"t2-link-list-item__icon-box\"><\/span><svg xmlns=\"http:\/\/www.w3.org\/2000\/svg\" viewBox=\"0 0 24 24\" height=\"24\" width=\"24\" class=\"t2-icon t2-icon-external\" aria-hidden=\"true\" focusable=\"false\"><path d=\"M19 19H5V5h7V3H3v18h18v-9h-2v7zM14 3v2h3.6l-9.8 9.8 1.4 1.4L19 6.4V10h2V3h-7z\"\/><\/svg><\/span>\t\t\t<div class=\"t2-link-list-item__content\">\n\n\t\t\t\t\n\t\t\t\t<span id=\"link-list-item-text-1\" class=\"t2-link-list-item__text\">\n\t\t\t\t\tE-l\u00e6ringskurs for veiledere i digitale ferdigheter. \t\t\t\t<\/span>\n\t\t\t\t<span id=\"link-list-item-description-1\" class=\"t2-link-list-item__description\">HK-dir har utviklet et eget e-l\u00e6ringskurs, gratis og tilgjengelig for alle som oppretter en profil. <\/span>\t\t\t<\/div>\n\t\t<\/a>\n\t<\/li>\n\t\n\n\t<li class=\"t2-link-list-item wp-block-t2-link-list-item\">\n\t\t<a\n\t\t\thref=\"https:\/\/www.ks.no\/fagomrader\/digitalisering\/digital-kompetanse\/digihjelpen\/\"\n\t\t\tclass=\"t2-link-list-item__link t2-link-list__icon--right\"\n\t\t\trel=\"noreferrer noopener\" target=\"_blank\"\t\t>\n\t\t\t<span class=\"t2-link-list-item__icon\"><span class=\"t2-link-list-item__icon-box\"><\/span><svg xmlns=\"http:\/\/www.w3.org\/2000\/svg\" viewBox=\"0 0 24 24\" height=\"24\" width=\"24\" class=\"t2-icon t2-icon-external\" aria-hidden=\"true\" focusable=\"false\"><path d=\"M19 19H5V5h7V3H3v18h18v-9h-2v7zM14 3v2h3.6l-9.8 9.8 1.4 1.4L19 6.4V10h2V3h-7z\"\/><\/svg><\/span>\t\t\t<div class=\"t2-link-list-item__content\">\n\n\t\t\t\t\n\t\t\t\t<span id=\"link-list-item-text-2\" class=\"t2-link-list-item__text\">\n\t\t\t\t\tDigihjelpen- en netth\u00e5ndbok fra KS (Kommunenes sentralforbund)\t\t\t\t<\/span>\n\t\t\t\t<span id=\"link-list-item-description-2\" class=\"t2-link-list-item__description\">For ansatte i bibliotek og kommuner som \u00f8nsker \u00e5 utvikle eller videreutvikle veiledningstilbud i grunnleggende digital kompetanse for sine innbyggere.<\/span>\t\t\t<\/div>\n\t\t<\/a>\n\t<\/li>\n\t\n<\/ul>\n\n\n<h2 class=\"wp-block-heading\" id=\"h-hvordan-om-bibliotekets-tjenester\">Hvordan &#8211; om bibliotekets tjenester<\/h2>\n\n\n\n<p>Her ligger kompetansetilbud og ressurser som handler spesielt om bibliotekets oppgaver:<\/p>\n\n\n<ul class=\"t2-link-list has-4-items has-1-columns wp-block-t2-link-list\">\n\t<li class=\"t2-link-list-item wp-block-t2-link-list-item\">\n\t\t<a\n\t\t\thref=\"https:\/\/bibliotekutvikling.no\/kompetansebank\/content-course\/informasjonssok-og-kildekritikk-i-bibliotekkontekst\/\"\n\t\t\tclass=\"t2-link-list-item__link t2-link-list__icon--right\"\n\t\t\trel=\"noreferrer noopener\" target=\"_blank\"\t\t>\n\t\t\t<span class=\"t2-link-list-item__icon\"><span class=\"t2-link-list-item__icon-box\"><\/span><svg xmlns=\"http:\/\/www.w3.org\/2000\/svg\" viewBox=\"0 0 24 24\" height=\"24\" width=\"24\" class=\"t2-icon t2-icon-linkexternal\" aria-hidden=\"true\" focusable=\"false\"><path d=\"M5 21c-.5 0-1-.2-1.4-.6S3 19.6 3 19V5c0-.6.2-1 .6-1.4S4.5 3 5 3h6c.3 0 .5.1.7.3.2.2.3.4.3.7 0 .3-.1.5-.3.7-.2.2-.4.3-.7.3H5v14h14v-6c0-.3.1-.5.3-.7.2-.2.4-.3.7-.3s.5.1.7.3c.2.2.3.4.3.7v6c0 .6-.2 1-.6 1.4s-.8.6-1.4.6H5zm4-6c-.2-.2-.3-.4-.3-.7s.1-.5.3-.7L17.6 5H15c-.3 0-.5-.1-.7-.3-.2-.2-.3-.4-.3-.7 0-.3.1-.5.3-.7.2-.2.4-.3.7-.3h5c.3 0 .5.1.7.3.2.2.3.4.3.7v5c0 .3-.1.5-.3.7-.2.2-.4.3-.7.3s-.5-.1-.7-.3c-.2-.2-.3-.4-.3-.7V6.4L10.4 15c-.2.2-.4.3-.7.3s-.5-.1-.7-.3z\" fill=\"currentColor\" \/><\/svg><\/span>\t\t\t<div class=\"t2-link-list-item__content\">\n\n\t\t\t\t\n\t\t\t\t<span id=\"link-list-item-text-3\" class=\"t2-link-list-item__text\">\n\t\t\t\t\tInformasjonss\u00f8k og kildekritikk i bibliotekkontekst &#8211; enkeltemne\t\t\t\t<\/span>\n\t\t\t\t<span id=\"link-list-item-description-3\" class=\"t2-link-list-item__description\">Et nettbasert videreutdanningstilbud fra Oslo Met.<\/span>\t\t\t<\/div>\n\t\t<\/a>\n\t<\/li>\n\t\n\n\t<li class=\"t2-link-list-item wp-block-t2-link-list-item\">\n\t\t<a\n\t\t\thref=\"https:\/\/bibliotekutvikling.no\/kompetansebank\/courses\/digital-kildebevissthet-i-biblioteket-et-grunnkurs\/\"\n\t\t\tclass=\"t2-link-list-item__link t2-link-list__icon--right\"\n\t\t\trel=\"noreferrer noopener\" target=\"_blank\"\t\t>\n\t\t\t<span class=\"t2-link-list-item__icon\"><span class=\"t2-link-list-item__icon-box\"><\/span><svg xmlns=\"http:\/\/www.w3.org\/2000\/svg\" viewBox=\"0 0 24 24\" height=\"24\" width=\"24\" class=\"t2-icon t2-icon-linkexternal\" aria-hidden=\"true\" focusable=\"false\"><path d=\"M5 21c-.5 0-1-.2-1.4-.6S3 19.6 3 19V5c0-.6.2-1 .6-1.4S4.5 3 5 3h6c.3 0 .5.1.7.3.2.2.3.4.3.7 0 .3-.1.5-.3.7-.2.2-.4.3-.7.3H5v14h14v-6c0-.3.1-.5.3-.7.2-.2.4-.3.7-.3s.5.1.7.3c.2.2.3.4.3.7v6c0 .6-.2 1-.6 1.4s-.8.6-1.4.6H5zm4-6c-.2-.2-.3-.4-.3-.7s.1-.5.3-.7L17.6 5H15c-.3 0-.5-.1-.7-.3-.2-.2-.3-.4-.3-.7 0-.3.1-.5.3-.7.2-.2.4-.3.7-.3h5c.3 0 .5.1.7.3.2.2.3.4.3.7v5c0 .3-.1.5-.3.7-.2.2-.4.3-.7.3s-.5-.1-.7-.3c-.2-.2-.3-.4-.3-.7V6.4L10.4 15c-.2.2-.4.3-.7.3s-.5-.1-.7-.3z\" fill=\"currentColor\" \/><\/svg><\/span>\t\t\t<div class=\"t2-link-list-item__content\">\n\n\t\t\t\t\n\t\t\t\t<span id=\"link-list-item-text-4\" class=\"t2-link-list-item__text\">\n\t\t\t\t\tDigital kildebevissthet i biblioteket: et grunnkurs. Kompetansebanken\t\t\t\t<\/span>\n\t\t\t\t<span id=\"link-list-item-description-4\" class=\"t2-link-list-item__description\">Denne digitale kursrekken introduserer deg for praktiske verkt\u00f8y og metoder du kan bruke i m\u00f8te med publikum, slik at ditt bibliotek kan bidra til \u00e5 styrke motstandskraften mot desinformasjon<\/span>\t\t\t<\/div>\n\t\t<\/a>\n\t<\/li>\n\t\n\n\t<li class=\"t2-link-list-item wp-block-t2-link-list-item\">\n\t\t<a\n\t\t\thref=\"https:\/\/bibliotekutvikling.no\/kompetansebank\/content-resource\/kunnskapsaktor-kursloyper-og-teksthefte\/\"\n\t\t\tclass=\"t2-link-list-item__link t2-link-list__icon--right\"\n\t\t\trel=\"noreferrer noopener\" target=\"_blank\"\t\t>\n\t\t\t<span class=\"t2-link-list-item__icon\"><span class=\"t2-link-list-item__icon-box\"><\/span><svg xmlns=\"http:\/\/www.w3.org\/2000\/svg\" viewBox=\"0 0 24 24\" height=\"24\" width=\"24\" class=\"t2-icon t2-icon-linkexternal\" aria-hidden=\"true\" focusable=\"false\"><path d=\"M5 21c-.5 0-1-.2-1.4-.6S3 19.6 3 19V5c0-.6.2-1 .6-1.4S4.5 3 5 3h6c.3 0 .5.1.7.3.2.2.3.4.3.7 0 .3-.1.5-.3.7-.2.2-.4.3-.7.3H5v14h14v-6c0-.3.1-.5.3-.7.2-.2.4-.3.7-.3s.5.1.7.3c.2.2.3.4.3.7v6c0 .6-.2 1-.6 1.4s-.8.6-1.4.6H5zm4-6c-.2-.2-.3-.4-.3-.7s.1-.5.3-.7L17.6 5H15c-.3 0-.5-.1-.7-.3-.2-.2-.3-.4-.3-.7 0-.3.1-.5.3-.7.2-.2.4-.3.7-.3h5c.3 0 .5.1.7.3.2.2.3.4.3.7v5c0 .3-.1.5-.3.7-.2.2-.4.3-.7.3s-.5-.1-.7-.3c-.2-.2-.3-.4-.3-.7V6.4L10.4 15c-.2.2-.4.3-.7.3s-.5-.1-.7-.3z\" fill=\"currentColor\" \/><\/svg><\/span>\t\t\t<div class=\"t2-link-list-item__content\">\n\n\t\t\t\t\n\t\t\t\t<span id=\"link-list-item-text-5\" class=\"t2-link-list-item__text\">\n\t\t\t\t\tKunnskapsakt\u00f8r &#8211; kursl\u00f8yper og teksthefte. Kompetansebanken\t\t\t\t<\/span>\n\t\t\t\t<span id=\"link-list-item-description-5\" class=\"t2-link-list-item__description\">Ved hjelp av denne ressursen kan bibliotekets ansatte \u00f8ve seg og reflektere over rollen som kunnskapsakt\u00f8r. Mange av bibliotekenes kunnskapskilder er digitale, og dermed vanskelig \u00e5 bruke for en del av innbyggerne.<\/span>\t\t\t<\/div>\n\t\t<\/a>\n\t<\/li>\n\t\n\n\t<li class=\"t2-link-list-item wp-block-t2-link-list-item\">\n\t\t<a\n\t\t\thref=\"https:\/\/digiteket.se\/\"\n\t\t\tclass=\"t2-link-list-item__link t2-link-list__icon--right\"\n\t\t\trel=\"noreferrer noopener\" target=\"_blank\"\t\t>\n\t\t\t<span class=\"t2-link-list-item__icon\"><span class=\"t2-link-list-item__icon-box\"><\/span><svg xmlns=\"http:\/\/www.w3.org\/2000\/svg\" viewBox=\"0 0 24 24\" height=\"24\" width=\"24\" class=\"t2-icon t2-icon-external\" aria-hidden=\"true\" focusable=\"false\"><path d=\"M19 19H5V5h7V3H3v18h18v-9h-2v7zM14 3v2h3.6l-9.8 9.8 1.4 1.4L19 6.4V10h2V3h-7z\"\/><\/svg><\/span>\t\t\t<div class=\"t2-link-list-item__content\">\n\n\t\t\t\t\n\t\t\t\t<span id=\"link-list-item-text-6\" class=\"t2-link-list-item__text\">\n\t\t\t\t\tDigiteket\t\t\t\t<\/span>\n\t\t\t\t<span id=\"link-list-item-description-6\" class=\"t2-link-list-item__description\">En svensk plattform for digital oppl\u00e6ring og inspirasjon.<\/span>\t\t\t<\/div>\n\t\t<\/a>\n\t<\/li>\n\t\n<\/ul>\n\n\n<h2 class=\"wp-block-heading\" id=\"h-ulike-malgrupper-og-enkeltpersoner\">Ulike m\u00e5lgrupper og enkeltpersoner<\/h2>\n\n\n\n<p>Vi trenger kunnskap om ulike m\u00e5lgrupper og enkeltpersoners behov. Under finner du ressurser som kan v\u00e6re til hjelp. Bruk ogs\u00e5 tid p\u00e5 \u00e5 sette deg inn i kunnskapsgrunnlaget i egen kommune eller fylkeskommune.<\/p>\n\n\n\n<div class=\"wp-block-group has-global-padding is-layout-constrained wp-block-group-is-layout-constrained\"><ul class=\"t2-link-list has-2-items has-1-columns wp-block-t2-link-list\">\n\t<li class=\"t2-link-list-item wp-block-t2-link-list-item\">\n\t\t<a\n\t\t\thref=\"https:\/\/www.aldersvennlig.no\/ressurser\/vart-digitale-liv\"\n\t\t\tclass=\"t2-link-list-item__link t2-link-list__icon--right\"\n\t\t\trel=\"noreferrer noopener\" target=\"_blank\"\t\t>\n\t\t\t<span class=\"t2-link-list-item__icon\"><span class=\"t2-link-list-item__icon-box\"><\/span><svg xmlns=\"http:\/\/www.w3.org\/2000\/svg\" viewBox=\"0 0 24 24\" height=\"24\" width=\"24\" class=\"t2-icon t2-icon-external\" aria-hidden=\"true\" focusable=\"false\"><path d=\"M19 19H5V5h7V3H3v18h18v-9h-2v7zM14 3v2h3.6l-9.8 9.8 1.4 1.4L19 6.4V10h2V3h-7z\"\/><\/svg><\/span>\t\t\t<div class=\"t2-link-list-item__content\">\n\n\t\t\t\t\n\t\t\t\t<span id=\"link-list-item-text-7\" class=\"t2-link-list-item__text\">\n\t\t\t\t\tV\u00e5rt digitale liv &#8211; Aldersvennlig\t\t\t\t<\/span>\n\t\t\t\t<span id=\"link-list-item-description-7\" class=\"t2-link-list-item__description\">En nettressurs og verkt\u00f8ykasse for digital inkludering fra Senteret for et aldersvennlig Norge, som er en del av helsedirektoratet.<\/span>\t\t\t<\/div>\n\t\t<\/a>\n\t<\/li>\n\t\n\n\t<li class=\"t2-link-list-item wp-block-t2-link-list-item\">\n\t\t<a\n\t\t\thref=\"https:\/\/bibliotekutvikling.no\/kompetansebank\/lessons\/inkludering\/\"\n\t\t\tclass=\"t2-link-list-item__link t2-link-list__icon--right\"\n\t\t\trel=\"noreferrer noopener\" target=\"_blank\"\t\t>\n\t\t\t<span class=\"t2-link-list-item__icon\"><span class=\"t2-link-list-item__icon-box\"><\/span><svg xmlns=\"http:\/\/www.w3.org\/2000\/svg\" viewBox=\"0 0 24 24\" height=\"24\" width=\"24\" class=\"t2-icon t2-icon-linkexternal\" aria-hidden=\"true\" focusable=\"false\"><path d=\"M5 21c-.5 0-1-.2-1.4-.6S3 19.6 3 19V5c0-.6.2-1 .6-1.4S4.5 3 5 3h6c.3 0 .5.1.7.3.2.2.3.4.3.7 0 .3-.1.5-.3.7-.2.2-.4.3-.7.3H5v14h14v-6c0-.3.1-.5.3-.7.2-.2.4-.3.7-.3s.5.1.7.3c.2.2.3.4.3.7v6c0 .6-.2 1-.6 1.4s-.8.6-1.4.6H5zm4-6c-.2-.2-.3-.4-.3-.7s.1-.5.3-.7L17.6 5H15c-.3 0-.5-.1-.7-.3-.2-.2-.3-.4-.3-.7 0-.3.1-.5.3-.7.2-.2.4-.3.7-.3h5c.3 0 .5.1.7.3.2.2.3.4.3.7v5c0 .3-.1.5-.3.7-.2.2-.4.3-.7.3s-.5-.1-.7-.3c-.2-.2-.3-.4-.3-.7V6.4L10.4 15c-.2.2-.4.3-.7.3s-.5-.1-.7-.3z\" fill=\"currentColor\" \/><\/svg><\/span>\t\t\t<div class=\"t2-link-list-item__content\">\n\n\t\t\t\t\n\t\t\t\t<span id=\"link-list-item-text-8\" class=\"t2-link-list-item__text\">\n\t\t\t\t\tInkludering. Kompetansebanken\t\t\t\t<\/span>\n\t\t\t\t<span id=\"link-list-item-description-8\" class=\"t2-link-list-item__description\">En leksjon i fylkesbibliotekenes introduksjonskurs for biblioteksjefer.<\/span>\t\t\t<\/div>\n\t\t<\/a>\n\t<\/li>\n\t\n<\/ul><\/div>\n\n\n\n<h2 class=\"wp-block-heading\" id=\"h-hva-og-hvordan-om-digitale-redskaper-og-innhold\">Hva og hvordan &#8211; om digitale redskaper og innhold<\/h2>\n\n\n\n<p>Det finnes flere akt\u00f8rer og nettsteder som gir god hjelp. Men alle forutsetter et minimum av digital kompetanse. Her er bibliotekets lavterskeltilbud og personlig veiledning en viktig n\u00f8kkel.<\/p>\n\n\n<ul class=\"t2-link-list has-4-items has-1-columns wp-block-t2-link-list\">\n\t<li class=\"t2-link-list-item wp-block-t2-link-list-item\">\n\t\t<a\n\t\t\thref=\"https:\/\/digitalnorway.com\/\"\n\t\t\tclass=\"t2-link-list-item__link t2-link-list__icon--right\"\n\t\t\trel=\"noreferrer noopener\" target=\"_blank\"\t\t>\n\t\t\t<span class=\"t2-link-list-item__icon\"><span class=\"t2-link-list-item__icon-box\"><\/span><svg xmlns=\"http:\/\/www.w3.org\/2000\/svg\" viewBox=\"0 0 24 24\" height=\"24\" width=\"24\" class=\"t2-icon t2-icon-external\" aria-hidden=\"true\" focusable=\"false\"><path d=\"M19 19H5V5h7V3H3v18h18v-9h-2v7zM14 3v2h3.6l-9.8 9.8 1.4 1.4L19 6.4V10h2V3h-7z\"\/><\/svg><\/span>\t\t\t<div class=\"t2-link-list-item__content\">\n\n\t\t\t\t\n\t\t\t\t<span id=\"link-list-item-text-9\" class=\"t2-link-list-item__text\">\n\t\t\t\t\tDigital Norway: Kunnskapen du trenger i en digital hverdag \u2013 kurs og digital kompetanse\t\t\t\t<\/span>\n\t\t\t\t<span id=\"link-list-item-description-9\" class=\"t2-link-list-item__description\">Et h\u00f8yt antall kurs for \u00f8kt digital kompetanse (gratis) som kan egne seg for ansatte\/veiledere<\/span>\t\t\t<\/div>\n\t\t<\/a>\n\t<\/li>\n\t\n\n\t<li class=\"t2-link-list-item wp-block-t2-link-list-item\">\n\t\t<a\n\t\t\thref=\"https:\/\/www.nettvett.no\/\"\n\t\t\tclass=\"t2-link-list-item__link t2-link-list__icon--right\"\n\t\t\trel=\"noreferrer noopener\" target=\"_blank\"\t\t>\n\t\t\t<span class=\"t2-link-list-item__icon\"><span class=\"t2-link-list-item__icon-box\"><\/span><svg xmlns=\"http:\/\/www.w3.org\/2000\/svg\" viewBox=\"0 0 24 24\" height=\"24\" width=\"24\" class=\"t2-icon t2-icon-external\" aria-hidden=\"true\" focusable=\"false\"><path d=\"M19 19H5V5h7V3H3v18h18v-9h-2v7zM14 3v2h3.6l-9.8 9.8 1.4 1.4L19 6.4V10h2V3h-7z\"\/><\/svg><\/span>\t\t\t<div class=\"t2-link-list-item__content\">\n\n\t\t\t\t\n\t\t\t\t<span id=\"link-list-item-text-10\" class=\"t2-link-list-item__text\">\n\t\t\t\t\tNettvett\t\t\t\t<\/span>\n\t\t\t\t<span id=\"link-list-item-description-10\" class=\"t2-link-list-item__description\">Et nettsted hvor man finner informasjon, r\u00e5d og veiledninger om sikrere bruk av Internett. Informasjonen er rettet b\u00e5de mot enkeltpersoner fra barn til voksne, forbrukere og sm\u00e5 og mellomstore bedrifter.<\/span>\t\t\t<\/div>\n\t\t<\/a>\n\t<\/li>\n\t\n\n\t<li class=\"t2-link-list-item wp-block-t2-link-list-item\">\n\t\t<a\n\t\t\thref=\"https:\/\/www.faktisk.no\/\"\n\t\t\tclass=\"t2-link-list-item__link t2-link-list__icon--right\"\n\t\t\trel=\"noreferrer noopener\" target=\"_blank\"\t\t>\n\t\t\t<span class=\"t2-link-list-item__icon\"><span class=\"t2-link-list-item__icon-box\"><\/span><svg xmlns=\"http:\/\/www.w3.org\/2000\/svg\" viewBox=\"0 0 24 24\" height=\"24\" width=\"24\" class=\"t2-icon t2-icon-external\" aria-hidden=\"true\" focusable=\"false\"><path d=\"M19 19H5V5h7V3H3v18h18v-9h-2v7zM14 3v2h3.6l-9.8 9.8 1.4 1.4L19 6.4V10h2V3h-7z\"\/><\/svg><\/span>\t\t\t<div class=\"t2-link-list-item__content\">\n\n\t\t\t\t\n\t\t\t\t<span id=\"link-list-item-text-11\" class=\"t2-link-list-item__text\">\n\t\t\t\t\tFaktisk.no\t\t\t\t<\/span>\n\t\t\t\t<span id=\"link-list-item-description-11\" class=\"t2-link-list-item__description\">En ideell organisasjon som jobber for at det norske samfunnet skal v\u00e6re motstandsdyktig i m\u00f8te med feilinformasjon og p\u00e5virkning<\/span>\t\t\t<\/div>\n\t\t<\/a>\n\t<\/li>\n\t\n\n\t<li class=\"t2-link-list-item wp-block-t2-link-list-item\">\n\t\t<a\n\t\t\thref=\"https:\/\/www.kakadu.no\/\"\n\t\t\tclass=\"t2-link-list-item__link t2-link-list__icon--right\"\n\t\t\trel=\"noreferrer noopener\" target=\"_blank\"\t\t>\n\t\t\t<span class=\"t2-link-list-item__icon\"><span class=\"t2-link-list-item__icon-box\"><\/span><svg xmlns=\"http:\/\/www.w3.org\/2000\/svg\" viewBox=\"0 0 24 24\" height=\"24\" width=\"24\" class=\"t2-icon t2-icon-external\" aria-hidden=\"true\" focusable=\"false\"><path d=\"M19 19H5V5h7V3H3v18h18v-9h-2v7zM14 3v2h3.6l-9.8 9.8 1.4 1.4L19 6.4V10h2V3h-7z\"\/><\/svg><\/span>\t\t\t<div class=\"t2-link-list-item__content\">\n\n\t\t\t\t\n\t\t\t\t<span id=\"link-list-item-text-12\" class=\"t2-link-list-item__text\">\n\t\t\t\t\tKakadu\t\t\t\t<\/span>\n\t\t\t\t<span id=\"link-list-item-description-12\" class=\"t2-link-list-item__description\">En privat bedrift som gir veiledning for enkeltpersoner og bedrifter. Her er en rekke pedagogiske, korte veiledninger for \u00e5 gi grunnleggende digitale ferdigheter. Kan v\u00e6re en god hjelp b\u00e5de for den som skal veilede og den som veiledes.<\/span>\t\t\t<\/div>\n\t\t<\/a>\n\t<\/li>\n\t\n<\/ul>\n\n\n<h2 class=\"wp-block-heading\" id=\"h-samarbeid\">Samarbeid<\/h2>\n\n\n\n<p>Her er lenker til eksempler, nettkurs og informasjon om samarbeid. Se gjerne ogs\u00e5 startpakken for samskaping i sammenheng med avsnittet om m\u00e5lgrupper lenger opp.<\/p>\n\n\n<ul class=\"t2-link-list has-3-items has-1-columns wp-block-t2-link-list\">\n\t<li class=\"t2-link-list-item wp-block-t2-link-list-item\">\n\t\t<a\n\t\t\thref=\"https:\/\/bibliotekutvikling.no\/kompetansebank\/content-resource\/beste-praksis-for-bibliotek-og-innbyggertorg\/\"\n\t\t\tclass=\"t2-link-list-item__link t2-link-list__icon--right\"\n\t\t\trel=\"noreferrer noopener\" target=\"_blank\"\t\t>\n\t\t\t<span class=\"t2-link-list-item__icon\"><span class=\"t2-link-list-item__icon-box\"><\/span><svg xmlns=\"http:\/\/www.w3.org\/2000\/svg\" viewBox=\"0 0 24 24\" height=\"24\" width=\"24\" class=\"t2-icon t2-icon-linkexternal\" aria-hidden=\"true\" focusable=\"false\"><path d=\"M5 21c-.5 0-1-.2-1.4-.6S3 19.6 3 19V5c0-.6.2-1 .6-1.4S4.5 3 5 3h6c.3 0 .5.1.7.3.2.2.3.4.3.7 0 .3-.1.5-.3.7-.2.2-.4.3-.7.3H5v14h14v-6c0-.3.1-.5.3-.7.2-.2.4-.3.7-.3s.5.1.7.3c.2.2.3.4.3.7v6c0 .6-.2 1-.6 1.4s-.8.6-1.4.6H5zm4-6c-.2-.2-.3-.4-.3-.7s.1-.5.3-.7L17.6 5H15c-.3 0-.5-.1-.7-.3-.2-.2-.3-.4-.3-.7 0-.3.1-.5.3-.7.2-.2.4-.3.7-.3h5c.3 0 .5.1.7.3.2.2.3.4.3.7v5c0 .3-.1.5-.3.7-.2.2-.4.3-.7.3s-.5-.1-.7-.3c-.2-.2-.3-.4-.3-.7V6.4L10.4 15c-.2.2-.4.3-.7.3s-.5-.1-.7-.3z\" fill=\"currentColor\" \/><\/svg><\/span>\t\t\t<div class=\"t2-link-list-item__content\">\n\n\t\t\t\t\n\t\t\t\t<span id=\"link-list-item-text-13\" class=\"t2-link-list-item__text\">\n\t\t\t\t\tBeste praksis for bibliotek og innbyggertorg. Kompetansebanken\t\t\t\t<\/span>\n\t\t\t\t<span id=\"link-list-item-description-13\" class=\"t2-link-list-item__description\">Dokumentasjon og resultater fra prosjekt om innbyggertorg og bibliotek fra Drammen og Indre \u00d8stfold kommuner. <\/span>\t\t\t<\/div>\n\t\t<\/a>\n\t<\/li>\n\t\n\n\t<li class=\"t2-link-list-item wp-block-t2-link-list-item\">\n\t\t<a\n\t\t\thref=\"https:\/\/bibliotekutvikling.no\/kompetansebank\/courses\/startpakke-for-samskaping\/\"\n\t\t\tclass=\"t2-link-list-item__link t2-link-list__icon--right\"\n\t\t\trel=\"noreferrer noopener\" target=\"_blank\"\t\t>\n\t\t\t<span class=\"t2-link-list-item__icon\"><span class=\"t2-link-list-item__icon-box\"><\/span><svg xmlns=\"http:\/\/www.w3.org\/2000\/svg\" viewBox=\"0 0 24 24\" height=\"24\" width=\"24\" class=\"t2-icon t2-icon-linkexternal\" aria-hidden=\"true\" focusable=\"false\"><path d=\"M5 21c-.5 0-1-.2-1.4-.6S3 19.6 3 19V5c0-.6.2-1 .6-1.4S4.5 3 5 3h6c.3 0 .5.1.7.3.2.2.3.4.3.7 0 .3-.1.5-.3.7-.2.2-.4.3-.7.3H5v14h14v-6c0-.3.1-.5.3-.7.2-.2.4-.3.7-.3s.5.1.7.3c.2.2.3.4.3.7v6c0 .6-.2 1-.6 1.4s-.8.6-1.4.6H5zm4-6c-.2-.2-.3-.4-.3-.7s.1-.5.3-.7L17.6 5H15c-.3 0-.5-.1-.7-.3-.2-.2-.3-.4-.3-.7 0-.3.1-.5.3-.7.2-.2.4-.3.7-.3h5c.3 0 .5.1.7.3.2.2.3.4.3.7v5c0 .3-.1.5-.3.7-.2.2-.4.3-.7.3s-.5-.1-.7-.3c-.2-.2-.3-.4-.3-.7V6.4L10.4 15c-.2.2-.4.3-.7.3s-.5-.1-.7-.3z\" fill=\"currentColor\" \/><\/svg><\/span>\t\t\t<div class=\"t2-link-list-item__content\">\n\n\t\t\t\t\n\t\t\t\t<span id=\"link-list-item-text-14\" class=\"t2-link-list-item__text\">\n\t\t\t\t\tStartpakke for samskaping. Kompetansebanken\t\t\t\t<\/span>\n\t\t\t\t<span id=\"link-list-item-description-14\" class=\"t2-link-list-item__description\">Et nettkurs fra fylkesbibliotekene i Innlandet, Viken, Finnmark, Vestfold, Telemark og Rogaland<\/span>\t\t\t<\/div>\n\t\t<\/a>\n\t<\/li>\n\t\n\n\t<li class=\"t2-link-list-item wp-block-t2-link-list-item\">\n\t\t<a\n\t\t\thref=\"https:\/\/www.frivillighetnorge.no\/verktoy\/offentlige\"\n\t\t\tclass=\"t2-link-list-item__link t2-link-list__icon--right\"\n\t\t\trel=\"noreferrer noopener\" target=\"_blank\"\t\t>\n\t\t\t<span class=\"t2-link-list-item__icon\"><span class=\"t2-link-list-item__icon-box\"><\/span><svg xmlns=\"http:\/\/www.w3.org\/2000\/svg\" viewBox=\"0 0 24 24\" height=\"24\" width=\"24\" class=\"t2-icon t2-icon-external\" aria-hidden=\"true\" focusable=\"false\"><path d=\"M19 19H5V5h7V3H3v18h18v-9h-2v7zM14 3v2h3.6l-9.8 9.8 1.4 1.4L19 6.4V10h2V3h-7z\"\/><\/svg><\/span>\t\t\t<div class=\"t2-link-list-item__content\">\n\n\t\t\t\t\n\t\t\t\t<span id=\"link-list-item-text-15\" class=\"t2-link-list-item__text\">\n\t\t\t\t\tFrivillighet Norge &#8211; Verkt\u00f8y for det offentlige\t\t\t\t<\/span>\n\t\t\t\t<span id=\"link-list-item-description-15\" class=\"t2-link-list-item__description\">Samarbeid mellom frivilligheten og kommunene<\/span>\t\t\t<\/div>\n\t\t<\/a>\n\t<\/li>\n\t\n<\/ul>\n\n\n<h2 class=\"wp-block-heading\" id=\"h-samfunnets-behov-og-forventninger\">Samfunnets behov og forventninger<\/h2>\n\n\n\n<p>Nasjonale strategier, handlingsplaner og forskning forteller om m\u00e5l, utfordringer og muligheter n\u00e5r det gjelder digital kompetanse og digital inkludering. Her ligger mye grunnlag for holdningsbygging og l\u00e6ring i eget personale, og som argumentasjon for styrking av bibliotekenes tilbud.<\/p>\n\n\n<ul class=\"t2-link-list has-4-items has-1-columns wp-block-t2-link-list\">\n\t<li class=\"t2-link-list-item wp-block-t2-link-list-item\">\n\t\t<a\n\t\t\thref=\"https:\/\/www.regjeringen.no\/no\/dokumenter\/digital-hele-livet\/id2870833\/\"\n\t\t\tclass=\"t2-link-list-item__link t2-link-list__icon--right\"\n\t\t\trel=\"noreferrer noopener\" target=\"_blank\"\t\t>\n\t\t\t<span class=\"t2-link-list-item__icon\"><span class=\"t2-link-list-item__icon-box\"><\/span><svg xmlns=\"http:\/\/www.w3.org\/2000\/svg\" viewBox=\"0 0 24 24\" height=\"24\" width=\"24\" class=\"t2-icon t2-icon-external\" aria-hidden=\"true\" focusable=\"false\"><path d=\"M19 19H5V5h7V3H3v18h18v-9h-2v7zM14 3v2h3.6l-9.8 9.8 1.4 1.4L19 6.4V10h2V3h-7z\"\/><\/svg><\/span>\t\t\t<div class=\"t2-link-list-item__content\">\n\n\t\t\t\t\n\t\t\t\t<span id=\"link-list-item-text-16\" class=\"t2-link-list-item__text\">\n\t\t\t\t\tDigital hele livet &#8211; regjeringen.no\t\t\t\t<\/span>\n\t\t\t\t<span id=\"link-list-item-description-16\" class=\"t2-link-list-item__description\">Strategi fra Digitaliserings- og forvaltningsdepartementet, publisert i 2021.<\/span>\t\t\t<\/div>\n\t\t<\/a>\n\t<\/li>\n\t\n\n\t<li class=\"t2-link-list-item wp-block-t2-link-list-item\">\n\t\t<a\n\t\t\thref=\"https:\/\/www.ssb.no\/teknologi-og-innovasjon\/informasjons-og-kommunikasjonsteknologi-ikt\/artikler\/digital-sarbarhet-hvem-har-hoy-risiko-for-a-falle-utenfor\"\n\t\t\tclass=\"t2-link-list-item__link t2-link-list__icon--right\"\n\t\t\trel=\"noreferrer noopener\" target=\"_blank\"\t\t>\n\t\t\t<span class=\"t2-link-list-item__icon\"><span class=\"t2-link-list-item__icon-box\"><\/span><svg xmlns=\"http:\/\/www.w3.org\/2000\/svg\" viewBox=\"0 0 24 24\" height=\"24\" width=\"24\" class=\"t2-icon t2-icon-external\" aria-hidden=\"true\" focusable=\"false\"><path d=\"M19 19H5V5h7V3H3v18h18v-9h-2v7zM14 3v2h3.6l-9.8 9.8 1.4 1.4L19 6.4V10h2V3h-7z\"\/><\/svg><\/span>\t\t\t<div class=\"t2-link-list-item__content\">\n\n\t\t\t\t\n\t\t\t\t<span id=\"link-list-item-text-17\" class=\"t2-link-list-item__text\">\n\t\t\t\t\tDigital s\u00e5rbarhet: Hvem har h\u00f8y risiko for \u00e5 falle utenfor? \u2013 SSB\t\t\t\t<\/span>\n\t\t\t\t<span id=\"link-list-item-description-17\" class=\"t2-link-list-item__description\">Rapport fra Statistisk sentralbyr\u00e5, publisert i 2022.<\/span>\t\t\t<\/div>\n\t\t<\/a>\n\t<\/li>\n\t\n\n\t<li class=\"t2-link-list-item wp-block-t2-link-list-item\">\n\t\t<a\n\t\t\thref=\"https:\/\/www.regjeringen.no\/no\/tema\/statlig-forvaltning\/it-politikk\/ny-nasjonal-digitaliseringsstrategi\/id2982892\/\"\n\t\t\tclass=\"t2-link-list-item__link t2-link-list__icon--right\"\n\t\t\trel=\"noreferrer noopener\" target=\"_blank\"\t\t>\n\t\t\t<span class=\"t2-link-list-item__icon\"><span class=\"t2-link-list-item__icon-box\"><\/span><svg xmlns=\"http:\/\/www.w3.org\/2000\/svg\" viewBox=\"0 0 24 24\" height=\"24\" width=\"24\" class=\"t2-icon t2-icon-external\" aria-hidden=\"true\" focusable=\"false\"><path d=\"M19 19H5V5h7V3H3v18h18v-9h-2v7zM14 3v2h3.6l-9.8 9.8 1.4 1.4L19 6.4V10h2V3h-7z\"\/><\/svg><\/span>\t\t\t<div class=\"t2-link-list-item__content\">\n\n\t\t\t\t\n\t\t\t\t<span id=\"link-list-item-text-18\" class=\"t2-link-list-item__text\">\n\t\t\t\t\tNy nasjonal digitaliseringsstrategi &#8211; regjeringen.no\t\t\t\t<\/span>\n\t\t\t\t<span id=\"link-list-item-description-18\" class=\"t2-link-list-item__description\">Strategi fra Digitaliserings- og forvaltningsdepartementet, gjelder perioden 2024-2030.<\/span>\t\t\t<\/div>\n\t\t<\/a>\n\t<\/li>\n\t\n\n\t<li class=\"t2-link-list-item wp-block-t2-link-list-item\">\n\t\t<a\n\t\t\thref=\"https:\/\/www.regjeringen.no\/no\/dokumenter\/handlingsplan-for-auka-inkludering-i-eit-digitalt-samfunn\/id2984233\/\"\n\t\t\tclass=\"t2-link-list-item__link t2-link-list__icon--right\"\n\t\t\trel=\"noreferrer noopener\" target=\"_blank\"\t\t>\n\t\t\t<span class=\"t2-link-list-item__icon\"><span class=\"t2-link-list-item__icon-box\"><\/span><svg xmlns=\"http:\/\/www.w3.org\/2000\/svg\" viewBox=\"0 0 24 24\" height=\"24\" width=\"24\" class=\"t2-icon t2-icon-external\" aria-hidden=\"true\" focusable=\"false\"><path d=\"M19 19H5V5h7V3H3v18h18v-9h-2v7zM14 3v2h3.6l-9.8 9.8 1.4 1.4L19 6.4V10h2V3h-7z\"\/><\/svg><\/span>\t\t\t<div class=\"t2-link-list-item__content\">\n\n\t\t\t\t\n\t\t\t\t<span id=\"link-list-item-text-19\" class=\"t2-link-list-item__text\">\n\t\t\t\t\tHandlingsplan for auka inkludering i eit digitalt samfunn &#8211; regjeringen.no\t\t\t\t<\/span>\n\t\t\t\t<span id=\"link-list-item-description-19\" class=\"t2-link-list-item__description\">Fra Digitaliserings- og forvaltningsdepartementet, gjelder perioden 2023-2026.<\/span>\t\t\t<\/div>\n\t\t<\/a>\n\t<\/li>\n\t\n<\/ul>\n\n\n<p>(Foto: Bibliotek24)<\/p>\n\n\n<div class=\"t2-featured-content-layout alignwide alignwide is-style-default wp-block-t2-featured-content-layout\" role=\"list\">\n<div class=\"t2-featured-single-post t2-featured-content is-post-type-content-resource content-topic-informasjonskompetanse wp-block-t2-featured-single-post\" role=\"listitem\"><a class=\"nb-post-link  wp-block-nb-post-link\" href=\"https:\/\/bibliotekutvikling.no\/kompetansebank\/ressurs\/bibliotekets-arbeid-for-a-styrke-innbyggernes-digitale-ferdigheter\/startpakke-for-a-komme-i-gang\/\">\n<figure class=\"nb-post-featured-image has-image-ratio-16-9 wp-block-nb-post-featured-image\"><img loading=\"lazy\" decoding=\"async\" width=\"768\" height=\"512\" src=\"https:\/\/bibliotekutvikling.no\/content\/uploads\/sites\/24\/2020\/01\/Bibliotek24-test_4807-768x512.jpg\" class=\"attachment-medium_large size-medium_large wp-post-image\" alt=\"\" srcset=\"https:\/\/bibliotekutvikling.no\/content\/uploads\/sites\/24\/2020\/01\/Bibliotek24-test_4807-768x512.jpg 768w, https:\/\/bibliotekutvikling.no\/content\/uploads\/sites\/24\/2020\/01\/Bibliotek24-test_4807-300x200.jpg 300w, https:\/\/bibliotekutvikling.no\/content\/uploads\/sites\/24\/2020\/01\/Bibliotek24-test_4807-1024x683.jpg 1024w, https:\/\/bibliotekutvikling.no\/content\/uploads\/sites\/24\/2020\/01\/Bibliotek24-test_4807-1536x1025.jpg 1536w\" sizes=\"auto, (min-width: 1200px) 384px, (min-width: 700px) 33vw, 350px\" \/><\/figure>\n\n<div class=\"wp-block-group alignfull is-layout-flow wp-block-group-is-layout-flow\">\n\t\n\t<div class=\"wp-block-group content-meta-row is-content-justification-space-between is-nowrap is-layout-flex wp-container-core-group-is-layout-cb46ffcb wp-block-group-is-layout-flex\">\n\t\t<div class=\"nb-post-label wp-block-nb-post-label\">Ressurs<\/div>\n\t\t<div class=\"taxonomy-content-duration wp-block-nb-single-term-from-post\">0-15 min<\/div>\n\t<\/div>\n\t\n\n\t<h2 class=\"t2-post-title wp-block-t2-post-title\">Hvordan komme i gang?<\/h2>\n\t\n\t\n\t\n\t<div class=\"taxonomy-content-topic wp-block-nb-single-term-from-post\">Informasjonskompetanse<\/div>\n<\/div>\n\n<\/a>\n<\/div>\n\n<div class=\"t2-featured-single-post t2-featured-content is-post-type-content-resource wp-block-t2-featured-single-post\" role=\"listitem\"><a class=\"nb-post-link  wp-block-nb-post-link\" href=\"https:\/\/bibliotekutvikling.no\/kompetansebank\/ressurs\/bibliotekets-arbeid-for-a-styrke-innbyggernes-digitale-ferdigheter\/erfaringer-konkrete-tips\/\">\n<figure class=\"nb-post-featured-image has-image-ratio-16-9 wp-block-nb-post-featured-image\"><img loading=\"lazy\" decoding=\"async\" width=\"768\" height=\"432\" src=\"https:\/\/bibliotekutvikling.no\/content\/uploads\/sites\/24\/2020\/01\/Veiledning-i-bibliotekbruk-digitalt_-Foto-Tom-Atle-Bordevik-768x432.jpg\" class=\"attachment-medium_large size-medium_large wp-post-image\" alt=\"\" srcset=\"https:\/\/bibliotekutvikling.no\/content\/uploads\/sites\/24\/2020\/01\/Veiledning-i-bibliotekbruk-digitalt_-Foto-Tom-Atle-Bordevik-768x432.jpg 768w, https:\/\/bibliotekutvikling.no\/content\/uploads\/sites\/24\/2020\/01\/Veiledning-i-bibliotekbruk-digitalt_-Foto-Tom-Atle-Bordevik-300x169.jpg 300w, https:\/\/bibliotekutvikling.no\/content\/uploads\/sites\/24\/2020\/01\/Veiledning-i-bibliotekbruk-digitalt_-Foto-Tom-Atle-Bordevik-1024x576.jpg 1024w, https:\/\/bibliotekutvikling.no\/content\/uploads\/sites\/24\/2020\/01\/Veiledning-i-bibliotekbruk-digitalt_-Foto-Tom-Atle-Bordevik-1536x864.jpg 1536w, https:\/\/bibliotekutvikling.no\/content\/uploads\/sites\/24\/2020\/01\/Veiledning-i-bibliotekbruk-digitalt_-Foto-Tom-Atle-Bordevik-2048x1152.jpg 2048w\" sizes=\"auto, (min-width: 1200px) 384px, (min-width: 700px) 33vw, 350px\" \/><\/figure>\n\n<div class=\"wp-block-group alignfull is-layout-flow wp-block-group-is-layout-flow\">\n\t\n\t<div class=\"wp-block-group content-meta-row is-content-justification-space-between is-nowrap is-layout-flex wp-container-core-group-is-layout-cb46ffcb wp-block-group-is-layout-flex\">\n\t\t<div class=\"nb-post-label wp-block-nb-post-label\">Ressurs<\/div>\n\t\t\n\t<\/div>\n\t\n\n\t<h2 class=\"t2-post-title wp-block-t2-post-title\">Eksempler og erfaringer rundt digital inkludering<\/h2>\n\t\n\t\n\t\n\t\n<\/div>\n\n<\/a>\n<\/div>\n\n<div class=\"t2-featured-single-post t2-featured-content is-post-type-content-resource wp-block-t2-featured-single-post\" role=\"listitem\"><a class=\"nb-post-link  wp-block-nb-post-link\" href=\"https:\/\/bibliotekutvikling.no\/kompetansebank\/ressurs\/bibliotekets-arbeid-for-a-styrke-innbyggernes-digitale-ferdigheter\/hvorfor-digital-veiledning-pa-biblioteket-er-viktig\/\">\n<figure class=\"nb-post-featured-image has-image-ratio-16-9 wp-block-nb-post-featured-image\"><img loading=\"lazy\" decoding=\"async\" width=\"768\" height=\"512\" src=\"https:\/\/bibliotekutvikling.no\/content\/uploads\/sites\/24\/2020\/01\/Bibliotek24-test_4772-768x512.jpg\" class=\"attachment-medium_large size-medium_large wp-post-image\" alt=\"\" srcset=\"https:\/\/bibliotekutvikling.no\/content\/uploads\/sites\/24\/2020\/01\/Bibliotek24-test_4772-768x512.jpg 768w, https:\/\/bibliotekutvikling.no\/content\/uploads\/sites\/24\/2020\/01\/Bibliotek24-test_4772-300x200.jpg 300w, https:\/\/bibliotekutvikling.no\/content\/uploads\/sites\/24\/2020\/01\/Bibliotek24-test_4772-1024x683.jpg 1024w, https:\/\/bibliotekutvikling.no\/content\/uploads\/sites\/24\/2020\/01\/Bibliotek24-test_4772-1536x1025.jpg 1536w\" sizes=\"auto, (min-width: 1200px) 384px, (min-width: 700px) 33vw, 350px\" \/><\/figure>\n\n<div class=\"wp-block-group alignfull is-layout-flow wp-block-group-is-layout-flow\">\n\t\n\t<div class=\"wp-block-group content-meta-row is-content-justification-space-between is-nowrap is-layout-flex wp-container-core-group-is-layout-cb46ffcb wp-block-group-is-layout-flex\">\n\t\t<div class=\"nb-post-label wp-block-nb-post-label\">Ressurs<\/div>\n\t\t\n\t<\/div>\n\t\n\n\t<h2 class=\"t2-post-title wp-block-t2-post-title\">Hvorfor skal biblioteket jobbe med digital inkludering?<\/h2>\n\t\n\t\n\t\n\t\n<\/div>\n\n<\/a>\n<\/div>\n\n<div class=\"t2-featured-single-post t2-featured-content is-post-type-content-resource content-topic-informasjonskompetanse wp-block-t2-featured-single-post\" role=\"listitem\"><a class=\"nb-post-link  wp-block-nb-post-link\" href=\"https:\/\/bibliotekutvikling.no\/kompetansebank\/ressurs\/bibliotekets-arbeid-for-a-styrke-innbyggernes-digitale-ferdigheter\/hvor-gar-grensene-i-rollen-som-veileder\/\">\n<figure class=\"nb-post-featured-image has-image-ratio-16-9 wp-block-nb-post-featured-image\"><img loading=\"lazy\" decoding=\"async\" width=\"768\" height=\"517\" src=\"https:\/\/bibliotekutvikling.no\/content\/uploads\/sites\/24\/2022\/03\/Sikkert-innlogging-foto-shutterstock-768x517.jpg\" class=\"attachment-medium_large size-medium_large wp-post-image\" alt=\"\" srcset=\"https:\/\/bibliotekutvikling.no\/content\/uploads\/sites\/24\/2022\/03\/Sikkert-innlogging-foto-shutterstock-768x517.jpg 768w, https:\/\/bibliotekutvikling.no\/content\/uploads\/sites\/24\/2022\/03\/Sikkert-innlogging-foto-shutterstock-300x202.jpg 300w, https:\/\/bibliotekutvikling.no\/content\/uploads\/sites\/24\/2022\/03\/Sikkert-innlogging-foto-shutterstock-1024x690.jpg 1024w, https:\/\/bibliotekutvikling.no\/content\/uploads\/sites\/24\/2022\/03\/Sikkert-innlogging-foto-shutterstock-1536x1035.jpg 1536w, https:\/\/bibliotekutvikling.no\/content\/uploads\/sites\/24\/2022\/03\/Sikkert-innlogging-foto-shutterstock-2048x1380.jpg 2048w\" sizes=\"auto, (min-width: 1200px) 384px, (min-width: 700px) 33vw, 350px\" \/><\/figure>\n\n<div class=\"wp-block-group alignfull is-layout-flow wp-block-group-is-layout-flow\">\n\t\n\t<div class=\"wp-block-group content-meta-row is-content-justification-space-between is-nowrap is-layout-flex wp-container-core-group-is-layout-cb46ffcb wp-block-group-is-layout-flex\">\n\t\t<div class=\"nb-post-label wp-block-nb-post-label\">Ressurs<\/div>\n\t\t\n\t<\/div>\n\t\n\n\t<h2 class=\"t2-post-title wp-block-t2-post-title\">Hvor g\u00e5r grensene i rollen som veileder?<\/h2>\n\t\n\t\n\t\n\t<div class=\"taxonomy-content-topic wp-block-nb-single-term-from-post\">Informasjonskompetanse<\/div>\n<\/div>\n\n<\/a>\n<\/div>\n\n<div class=\"t2-featured-single-post t2-featured-content is-post-type-content-resource wp-block-t2-featured-single-post\" role=\"listitem\"><a class=\"nb-post-link  wp-block-nb-post-link\" href=\"https:\/\/bibliotekutvikling.no\/kompetansebank\/ressurs\/bibliotekets-arbeid-for-a-styrke-innbyggernes-digitale-ferdigheter\/ofte-brukte-ressurser\/\">\n<figure class=\"nb-post-featured-image has-image-ratio-16-9 wp-block-nb-post-featured-image\"><img loading=\"lazy\" decoding=\"async\" width=\"768\" height=\"432\" src=\"https:\/\/bibliotekutvikling.no\/content\/uploads\/sites\/24\/2020\/01\/Arbeid-ved-PC_Drammen-VGS_Foto-Tom-Atle-Bordevik-768x432.jpg\" class=\"attachment-medium_large size-medium_large wp-post-image\" alt=\"Arbeid ved PC_Drammen VGS_Foto Tom Atle Bordevik\" srcset=\"https:\/\/bibliotekutvikling.no\/content\/uploads\/sites\/24\/2020\/01\/Arbeid-ved-PC_Drammen-VGS_Foto-Tom-Atle-Bordevik-768x432.jpg 768w, https:\/\/bibliotekutvikling.no\/content\/uploads\/sites\/24\/2020\/01\/Arbeid-ved-PC_Drammen-VGS_Foto-Tom-Atle-Bordevik-300x169.jpg 300w, https:\/\/bibliotekutvikling.no\/content\/uploads\/sites\/24\/2020\/01\/Arbeid-ved-PC_Drammen-VGS_Foto-Tom-Atle-Bordevik-1024x576.jpg 1024w, https:\/\/bibliotekutvikling.no\/content\/uploads\/sites\/24\/2020\/01\/Arbeid-ved-PC_Drammen-VGS_Foto-Tom-Atle-Bordevik-1536x864.jpg 1536w, https:\/\/bibliotekutvikling.no\/content\/uploads\/sites\/24\/2020\/01\/Arbeid-ved-PC_Drammen-VGS_Foto-Tom-Atle-Bordevik-2048x1152.jpg 2048w\" sizes=\"auto, (min-width: 1200px) 384px, (min-width: 700px) 33vw, 350px\" \/><\/figure>\n\n<div class=\"wp-block-group alignfull is-layout-flow wp-block-group-is-layout-flow\">\n\t\n\t<div class=\"wp-block-group content-meta-row is-content-justification-space-between is-nowrap is-layout-flex wp-container-core-group-is-layout-cb46ffcb wp-block-group-is-layout-flex\">\n\t\t<div class=\"nb-post-label wp-block-nb-post-label\">Ressurs<\/div>\n\t\t\n\t<\/div>\n\t\n\n\t<h2 class=\"t2-post-title wp-block-t2-post-title\">Nettsider man ofte m\u00e5 veilede i<\/h2>\n\t\n\t\n\t\n\t\n<\/div>\n\n<\/a>\n<\/div>\n<\/div>","protected":false},"excerpt":{"rendered":"","protected":false},"author":6868,"featured_media":37478,"parent":36169,"menu_order":0,"template":"","meta":{"nb_hide_title":false,"content_core_is_hidden":true,"contact_organization_name":"","contact_organization_url":"","contact_person_full_name":"","contact_person_email":"","single_header_image_is_disabled":false,"single_header_image_attachment_id":0,"single_header_image_attachment_url":""},"content-duration":[],"content-topic":[],"class_list":["post-36866","content-resource","type-content-resource","status-publish","has-post-thumbnail","hentry"],"yoast_head":"<!-- This site is optimized with the Yoast SEO Premium plugin v27.1 (Yoast SEO v27.1.1) - https:\/\/yoast.com\/product\/yoast-seo-premium-wordpress\/ -->\n<title>Hvordan heve kompetansen i digital veiledning for bibliotekansatte? - Kompetansebank<\/title>\n<meta name=\"description\" content=\"Det finnes en rekke ressurser som dere kan benytte for \u00e5 bli gode veiledere, og for \u00e5 utvikle et godt tilbud sammen med andre.\" \/>\n<meta name=\"robots\" content=\"index, follow, max-snippet:-1, max-image-preview:large, max-video-preview:-1\" \/>\n<link rel=\"canonical\" href=\"https:\/\/bibliotekutvikling.no\/kompetansebank\/ressurs\/bibliotekets-arbeid-for-a-styrke-innbyggernes-digitale-ferdigheter\/hvordan-heve-kompetansen-i-bibliotekene\/\" \/>\n<meta property=\"og:locale\" content=\"nb_NO\" \/>\n<meta property=\"og:type\" content=\"article\" \/>\n<meta property=\"og:title\" content=\"Hvordan heve kompetansen i digital veiledning for bibliotekansatte?\" \/>\n<meta property=\"og:description\" content=\"Det finnes en rekke ressurser som dere kan benytte for \u00e5 bli gode veiledere, og for \u00e5 utvikle et godt tilbud sammen med andre.\" \/>\n<meta property=\"og:url\" content=\"https:\/\/bibliotekutvikling.no\/kompetansebank\/ressurs\/bibliotekets-arbeid-for-a-styrke-innbyggernes-digitale-ferdigheter\/hvordan-heve-kompetansen-i-bibliotekene\/\" \/>\n<meta property=\"og:site_name\" content=\"Kompetansebank\" \/>\n<meta property=\"article:publisher\" content=\"https:\/\/www.facebook.com\/bibliotekutvikling\" \/>\n<meta property=\"article:modified_time\" content=\"2026-04-23T10:51:44+00:00\" \/>\n<meta property=\"og:image\" content=\"https:\/\/bibliotekutvikling.no\/content\/uploads\/sites\/24\/2020\/01\/NAVs-Eldar-Grande-Vollan-innleder-pa-samling-om-digital-deltakelse_Foto-Jorgen-Greiner-1-scaled.jpeg\" \/>\n\t<meta property=\"og:image:width\" content=\"2560\" \/>\n\t<meta property=\"og:image:height\" content=\"1705\" \/>\n\t<meta property=\"og:image:type\" content=\"image\/jpeg\" \/>\n<meta name=\"twitter:card\" content=\"summary_large_image\" \/>\n<meta name=\"twitter:label1\" content=\"Ansl. lesetid\" \/>\n\t<meta name=\"twitter:data1\" content=\"2 minutter\" \/>\n<script type=\"application\/ld+json\" class=\"yoast-schema-graph\">{\"@context\":\"https:\/\/schema.org\",\"@graph\":[{\"@type\":\"WebPage\",\"@id\":\"https:\/\/bibliotekutvikling.no\/kompetansebank\/ressurs\/bibliotekets-arbeid-for-a-styrke-innbyggernes-digitale-ferdigheter\/hvordan-heve-kompetansen-i-bibliotekene\/\",\"url\":\"https:\/\/bibliotekutvikling.no\/kompetansebank\/ressurs\/bibliotekets-arbeid-for-a-styrke-innbyggernes-digitale-ferdigheter\/hvordan-heve-kompetansen-i-bibliotekene\/\",\"name\":\"Hvordan heve kompetansen i digital veiledning for bibliotekansatte? - Kompetansebank\",\"isPartOf\":{\"@id\":\"https:\/\/bibliotekutvikling.no\/kompetansebank\/#website\"},\"primaryImageOfPage\":{\"@id\":\"https:\/\/bibliotekutvikling.no\/kompetansebank\/ressurs\/bibliotekets-arbeid-for-a-styrke-innbyggernes-digitale-ferdigheter\/hvordan-heve-kompetansen-i-bibliotekene\/#primaryimage\"},\"image\":{\"@id\":\"https:\/\/bibliotekutvikling.no\/kompetansebank\/ressurs\/bibliotekets-arbeid-for-a-styrke-innbyggernes-digitale-ferdigheter\/hvordan-heve-kompetansen-i-bibliotekene\/#primaryimage\"},\"thumbnailUrl\":\"https:\/\/bibliotekutvikling.no\/content\/uploads\/sites\/24\/2020\/01\/NAVs-Eldar-Grande-Vollan-innleder-pa-samling-om-digital-deltakelse_Foto-Jorgen-Greiner-1-scaled.jpeg\",\"datePublished\":\"2022-03-26T12:49:00+00:00\",\"dateModified\":\"2026-04-23T10:51:44+00:00\",\"description\":\"Det finnes en rekke ressurser som dere kan benytte for \u00e5 bli gode veiledere, og for \u00e5 utvikle et godt tilbud sammen med andre.\",\"breadcrumb\":{\"@id\":\"https:\/\/bibliotekutvikling.no\/kompetansebank\/ressurs\/bibliotekets-arbeid-for-a-styrke-innbyggernes-digitale-ferdigheter\/hvordan-heve-kompetansen-i-bibliotekene\/#breadcrumb\"},\"inLanguage\":\"nb-NO\",\"potentialAction\":[{\"@type\":\"ReadAction\",\"target\":[\"https:\/\/bibliotekutvikling.no\/kompetansebank\/ressurs\/bibliotekets-arbeid-for-a-styrke-innbyggernes-digitale-ferdigheter\/hvordan-heve-kompetansen-i-bibliotekene\/\"]}]},{\"@type\":\"ImageObject\",\"inLanguage\":\"nb-NO\",\"@id\":\"https:\/\/bibliotekutvikling.no\/kompetansebank\/ressurs\/bibliotekets-arbeid-for-a-styrke-innbyggernes-digitale-ferdigheter\/hvordan-heve-kompetansen-i-bibliotekene\/#primaryimage\",\"url\":\"https:\/\/bibliotekutvikling.no\/content\/uploads\/sites\/24\/2020\/01\/NAVs-Eldar-Grande-Vollan-innleder-pa-samling-om-digital-deltakelse_Foto-Jorgen-Greiner-1-scaled.jpeg\",\"contentUrl\":\"https:\/\/bibliotekutvikling.no\/content\/uploads\/sites\/24\/2020\/01\/NAVs-Eldar-Grande-Vollan-innleder-pa-samling-om-digital-deltakelse_Foto-Jorgen-Greiner-1-scaled.jpeg\",\"width\":2560,\"height\":1705},{\"@type\":\"BreadcrumbList\",\"@id\":\"https:\/\/bibliotekutvikling.no\/kompetansebank\/ressurs\/bibliotekets-arbeid-for-a-styrke-innbyggernes-digitale-ferdigheter\/hvordan-heve-kompetansen-i-bibliotekene\/#breadcrumb\",\"itemListElement\":[{\"@type\":\"ListItem\",\"position\":1,\"name\":\"Hjem\",\"item\":\"https:\/\/bibliotekutvikling.no\/kompetansebank\/\"},{\"@type\":\"ListItem\",\"position\":2,\"name\":\"Digital inkludering og oppl\u00e6ring i bibliotek : en ressurspakke\",\"item\":\"https:\/\/bibliotekutvikling.no\/kompetansebank\/ressurs\/bibliotekets-arbeid-for-a-styrke-innbyggernes-digitale-ferdigheter\/\"},{\"@type\":\"ListItem\",\"position\":3,\"name\":\"Hvordan heve kompetansen i digital veiledning for bibliotekansatte?\"}]},{\"@type\":\"WebSite\",\"@id\":\"https:\/\/bibliotekutvikling.no\/kompetansebank\/#website\",\"url\":\"https:\/\/bibliotekutvikling.no\/kompetansebank\/\",\"name\":\"Kompetansebank\",\"description\":\"kurs og kunnskap for bibliotekansatte\",\"publisher\":{\"@id\":\"https:\/\/bibliotekutvikling.no\/kompetansebank\/#organization\"},\"potentialAction\":[{\"@type\":\"SearchAction\",\"target\":{\"@type\":\"EntryPoint\",\"urlTemplate\":\"https:\/\/bibliotekutvikling.no\/kompetansebank\/?s={search_term_string}\"},\"query-input\":{\"@type\":\"PropertyValueSpecification\",\"valueRequired\":true,\"valueName\":\"search_term_string\"}}],\"inLanguage\":\"nb-NO\"},{\"@type\":\"Organization\",\"@id\":\"https:\/\/bibliotekutvikling.no\/kompetansebank\/#organization\",\"name\":\"Bibliotekutvikling\",\"url\":\"https:\/\/bibliotekutvikling.no\/kompetansebank\/\",\"logo\":{\"@type\":\"ImageObject\",\"inLanguage\":\"nb-NO\",\"@id\":\"https:\/\/bibliotekutvikling.no\/kompetansebank\/#\/schema\/logo\/image\/\",\"url\":\"https:\/\/bibliotekutvikling.no\/content\/uploads\/sites\/24\/2023\/10\/Favikon-BU.png\",\"contentUrl\":\"https:\/\/bibliotekutvikling.no\/content\/uploads\/sites\/24\/2023\/10\/Favikon-BU.png\",\"width\":1055,\"height\":1054,\"caption\":\"Bibliotekutvikling\"},\"image\":{\"@id\":\"https:\/\/bibliotekutvikling.no\/kompetansebank\/#\/schema\/logo\/image\/\"},\"sameAs\":[\"https:\/\/www.facebook.com\/bibliotekutvikling\"]}]}<\/script>\n<!-- \/ Yoast SEO Premium plugin. -->","yoast_head_json":{"title":"Hvordan heve kompetansen i digital veiledning for bibliotekansatte? - Kompetansebank","description":"Det finnes en rekke ressurser som dere kan benytte for \u00e5 bli gode veiledere, og for \u00e5 utvikle et godt tilbud sammen med andre.","robots":{"index":"index","follow":"follow","max-snippet":"max-snippet:-1","max-image-preview":"max-image-preview:large","max-video-preview":"max-video-preview:-1"},"canonical":"https:\/\/bibliotekutvikling.no\/kompetansebank\/ressurs\/bibliotekets-arbeid-for-a-styrke-innbyggernes-digitale-ferdigheter\/hvordan-heve-kompetansen-i-bibliotekene\/","og_locale":"nb_NO","og_type":"article","og_title":"Hvordan heve kompetansen i digital veiledning for bibliotekansatte?","og_description":"Det finnes en rekke ressurser som dere kan benytte for \u00e5 bli gode veiledere, og for \u00e5 utvikle et godt tilbud sammen med andre.","og_url":"https:\/\/bibliotekutvikling.no\/kompetansebank\/ressurs\/bibliotekets-arbeid-for-a-styrke-innbyggernes-digitale-ferdigheter\/hvordan-heve-kompetansen-i-bibliotekene\/","og_site_name":"Kompetansebank","article_publisher":"https:\/\/www.facebook.com\/bibliotekutvikling","article_modified_time":"2026-04-23T10:51:44+00:00","og_image":[{"width":2560,"height":1705,"url":"https:\/\/bibliotekutvikling.no\/content\/uploads\/sites\/24\/2020\/01\/NAVs-Eldar-Grande-Vollan-innleder-pa-samling-om-digital-deltakelse_Foto-Jorgen-Greiner-1-scaled.jpeg","type":"image\/jpeg"}],"twitter_card":"summary_large_image","twitter_misc":{"Ansl. lesetid":"2 minutter"},"schema":{"@context":"https:\/\/schema.org","@graph":[{"@type":"WebPage","@id":"https:\/\/bibliotekutvikling.no\/kompetansebank\/ressurs\/bibliotekets-arbeid-for-a-styrke-innbyggernes-digitale-ferdigheter\/hvordan-heve-kompetansen-i-bibliotekene\/","url":"https:\/\/bibliotekutvikling.no\/kompetansebank\/ressurs\/bibliotekets-arbeid-for-a-styrke-innbyggernes-digitale-ferdigheter\/hvordan-heve-kompetansen-i-bibliotekene\/","name":"Hvordan heve kompetansen i digital veiledning for bibliotekansatte? - Kompetansebank","isPartOf":{"@id":"https:\/\/bibliotekutvikling.no\/kompetansebank\/#website"},"primaryImageOfPage":{"@id":"https:\/\/bibliotekutvikling.no\/kompetansebank\/ressurs\/bibliotekets-arbeid-for-a-styrke-innbyggernes-digitale-ferdigheter\/hvordan-heve-kompetansen-i-bibliotekene\/#primaryimage"},"image":{"@id":"https:\/\/bibliotekutvikling.no\/kompetansebank\/ressurs\/bibliotekets-arbeid-for-a-styrke-innbyggernes-digitale-ferdigheter\/hvordan-heve-kompetansen-i-bibliotekene\/#primaryimage"},"thumbnailUrl":"https:\/\/bibliotekutvikling.no\/content\/uploads\/sites\/24\/2020\/01\/NAVs-Eldar-Grande-Vollan-innleder-pa-samling-om-digital-deltakelse_Foto-Jorgen-Greiner-1-scaled.jpeg","datePublished":"2022-03-26T12:49:00+00:00","dateModified":"2026-04-23T10:51:44+00:00","description":"Det finnes en rekke ressurser som dere kan benytte for \u00e5 bli gode veiledere, og for \u00e5 utvikle et godt tilbud sammen med andre.","breadcrumb":{"@id":"https:\/\/bibliotekutvikling.no\/kompetansebank\/ressurs\/bibliotekets-arbeid-for-a-styrke-innbyggernes-digitale-ferdigheter\/hvordan-heve-kompetansen-i-bibliotekene\/#breadcrumb"},"inLanguage":"nb-NO","potentialAction":[{"@type":"ReadAction","target":["https:\/\/bibliotekutvikling.no\/kompetansebank\/ressurs\/bibliotekets-arbeid-for-a-styrke-innbyggernes-digitale-ferdigheter\/hvordan-heve-kompetansen-i-bibliotekene\/"]}]},{"@type":"ImageObject","inLanguage":"nb-NO","@id":"https:\/\/bibliotekutvikling.no\/kompetansebank\/ressurs\/bibliotekets-arbeid-for-a-styrke-innbyggernes-digitale-ferdigheter\/hvordan-heve-kompetansen-i-bibliotekene\/#primaryimage","url":"https:\/\/bibliotekutvikling.no\/content\/uploads\/sites\/24\/2020\/01\/NAVs-Eldar-Grande-Vollan-innleder-pa-samling-om-digital-deltakelse_Foto-Jorgen-Greiner-1-scaled.jpeg","contentUrl":"https:\/\/bibliotekutvikling.no\/content\/uploads\/sites\/24\/2020\/01\/NAVs-Eldar-Grande-Vollan-innleder-pa-samling-om-digital-deltakelse_Foto-Jorgen-Greiner-1-scaled.jpeg","width":2560,"height":1705},{"@type":"BreadcrumbList","@id":"https:\/\/bibliotekutvikling.no\/kompetansebank\/ressurs\/bibliotekets-arbeid-for-a-styrke-innbyggernes-digitale-ferdigheter\/hvordan-heve-kompetansen-i-bibliotekene\/#breadcrumb","itemListElement":[{"@type":"ListItem","position":1,"name":"Hjem","item":"https:\/\/bibliotekutvikling.no\/kompetansebank\/"},{"@type":"ListItem","position":2,"name":"Digital inkludering og oppl\u00e6ring i bibliotek : en ressurspakke","item":"https:\/\/bibliotekutvikling.no\/kompetansebank\/ressurs\/bibliotekets-arbeid-for-a-styrke-innbyggernes-digitale-ferdigheter\/"},{"@type":"ListItem","position":3,"name":"Hvordan heve kompetansen i digital veiledning for bibliotekansatte?"}]},{"@type":"WebSite","@id":"https:\/\/bibliotekutvikling.no\/kompetansebank\/#website","url":"https:\/\/bibliotekutvikling.no\/kompetansebank\/","name":"Kompetansebank","description":"kurs og kunnskap for bibliotekansatte","publisher":{"@id":"https:\/\/bibliotekutvikling.no\/kompetansebank\/#organization"},"potentialAction":[{"@type":"SearchAction","target":{"@type":"EntryPoint","urlTemplate":"https:\/\/bibliotekutvikling.no\/kompetansebank\/?s={search_term_string}"},"query-input":{"@type":"PropertyValueSpecification","valueRequired":true,"valueName":"search_term_string"}}],"inLanguage":"nb-NO"},{"@type":"Organization","@id":"https:\/\/bibliotekutvikling.no\/kompetansebank\/#organization","name":"Bibliotekutvikling","url":"https:\/\/bibliotekutvikling.no\/kompetansebank\/","logo":{"@type":"ImageObject","inLanguage":"nb-NO","@id":"https:\/\/bibliotekutvikling.no\/kompetansebank\/#\/schema\/logo\/image\/","url":"https:\/\/bibliotekutvikling.no\/content\/uploads\/sites\/24\/2023\/10\/Favikon-BU.png","contentUrl":"https:\/\/bibliotekutvikling.no\/content\/uploads\/sites\/24\/2023\/10\/Favikon-BU.png","width":1055,"height":1054,"caption":"Bibliotekutvikling"},"image":{"@id":"https:\/\/bibliotekutvikling.no\/kompetansebank\/#\/schema\/logo\/image\/"},"sameAs":["https:\/\/www.facebook.com\/bibliotekutvikling"]}]}},"_links":{"self":[{"href":"https:\/\/bibliotekutvikling.no\/kompetansebank\/wp-json\/wp\/v2\/content-resource\/36866","targetHints":{"allow":["GET"]}}],"collection":[{"href":"https:\/\/bibliotekutvikling.no\/kompetansebank\/wp-json\/wp\/v2\/content-resource"}],"about":[{"href":"https:\/\/bibliotekutvikling.no\/kompetansebank\/wp-json\/wp\/v2\/types\/content-resource"}],"author":[{"embeddable":true,"href":"https:\/\/bibliotekutvikling.no\/kompetansebank\/wp-json\/wp\/v2\/users\/6868"}],"up":[{"embeddable":true,"href":"https:\/\/bibliotekutvikling.no\/kompetansebank\/wp-json\/wp\/v2\/content-resource\/36169"}],"wp:featuredmedia":[{"embeddable":true,"href":"https:\/\/bibliotekutvikling.no\/kompetansebank\/wp-json\/wp\/v2\/media\/37478"}],"wp:attachment":[{"href":"https:\/\/bibliotekutvikling.no\/kompetansebank\/wp-json\/wp\/v2\/media?parent=36866"}],"wp:term":[{"taxonomy":"content-duration","embeddable":true,"href":"https:\/\/bibliotekutvikling.no\/kompetansebank\/wp-json\/wp\/v2\/content-duration?post=36866"},{"taxonomy":"content-topic","embeddable":true,"href":"https:\/\/bibliotekutvikling.no\/kompetansebank\/wp-json\/wp\/v2\/content-topic?post=36866"}],"curies":[{"name":"wp","href":"https:\/\/api.w.org\/{rel}","templated":true}]}}