{"id":4877,"date":"2025-12-05T11:16:27","date_gmt":"2025-12-05T10:16:27","guid":{"rendered":"https:\/\/bibliotekutvikling.no\/dfb\/?post_type=product&#038;p=4877"},"modified":"2026-01-09T08:57:28","modified_gmt":"2026-01-09T07:57:28","slug":"bosniske-kroatiske-og-serbiske-voksenboker","status":"publish","type":"product","link":"https:\/\/bibliotekutvikling.no\/dfb\/produkt\/bosniske-kroatiske-og-serbiske-voksenboker\/","title":{"rendered":"Bosniske, kroatiske og serbiske voksenb\u00f8ker"},"content":{"rendered":"","protected":false},"excerpt":{"rendered":"<p>Vi kj\u00f8per inn b\u00f8ker av forfattere fra Bosnia, Kroatia og Serbia, samt noen oversatte forfattere.<\/p>\n<p>Bestillingsfrist for alle pakker er 1. februar! B\u00f8kene skaffes fra hele verden, og leveres med katalogposter innen 1. oktober.<\/p>\n","protected":false},"featured_media":5117,"template":"","meta":{"nb_hide_title":false,"nb_breadcrumb_title_override":""},"product_brand":[],"product_cat":[134],"product_tag":[],"class_list":{"0":"post-4877","1":"product","2":"type-product","3":"status-publish","4":"has-post-thumbnail","6":"product_cat-bosnisk-kroatisk-serbisk-felleskjop","8":"first","9":"instock","10":"shipping-taxable","11":"purchasable","12":"product-type-variable"},"yoast_head":"<!-- This site is optimized with the Yoast SEO Premium plugin v27.1 (Yoast SEO v27.1.1) - https:\/\/yoast.com\/product\/yoast-seo-premium-wordpress\/ -->\n<title>Bosniske, kroatiske og serbiske voksenb\u00f8ker - Det flerspr\u00e5klige bibliotek<\/title>\n<meta name=\"robots\" content=\"index, follow, max-snippet:-1, max-image-preview:large, max-video-preview:-1\" \/>\n<link rel=\"canonical\" href=\"https:\/\/bibliotekutvikling.no\/dfb\/produkt\/bosniske-kroatiske-og-serbiske-voksenboker\/\" \/>\n<meta property=\"og:locale\" content=\"nb_NO\" \/>\n<meta property=\"og:type\" content=\"article\" \/>\n<meta property=\"og:title\" content=\"Bosniske, kroatiske og serbiske voksenb\u00f8ker\" \/>\n<meta property=\"og:description\" content=\"Vi kj\u00f8per inn b\u00f8ker av forfattere fra Bosnia, Kroatia og Serbia, samt noen oversatte forfattere.  Bestillingsfrist for alle pakker er 1. februar! B\u00f8kene skaffes fra hele verden, og leveres med katalogposter innen 1. oktober.\" \/>\n<meta property=\"og:url\" content=\"https:\/\/bibliotekutvikling.no\/dfb\/produkt\/bosniske-kroatiske-og-serbiske-voksenboker\/\" \/>\n<meta property=\"og:site_name\" content=\"Det flerspr\u00e5klige bibliotek\" \/>\n<meta property=\"article:publisher\" content=\"https:\/\/www.facebook.com\/profile.php?id=100066429046602\" \/>\n<meta property=\"article:modified_time\" content=\"2026-01-09T07:57:28+00:00\" \/>\n<meta name=\"twitter:card\" content=\"summary_large_image\" \/>\n<meta name=\"twitter:label1\" content=\"Ansl. lesetid\" \/>\n\t<meta name=\"twitter:data1\" content=\"1 minutt\" \/>\n<script type=\"application\/ld+json\" class=\"yoast-schema-graph\">{\"@context\":\"https:\/\/schema.org\",\"@graph\":[{\"@type\":\"WebPage\",\"@id\":\"https:\/\/bibliotekutvikling.no\/dfb\/produkt\/bosniske-kroatiske-og-serbiske-voksenboker\/\",\"url\":\"https:\/\/bibliotekutvikling.no\/dfb\/produkt\/bosniske-kroatiske-og-serbiske-voksenboker\/\",\"name\":\"Bosniske, kroatiske og serbiske voksenb\u00f8ker - Det flerspr\u00e5klige bibliotek\",\"isPartOf\":{\"@id\":\"https:\/\/bibliotekutvikling.no\/dfb\/#website\"},\"primaryImageOfPage\":{\"@id\":\"https:\/\/bibliotekutvikling.no\/dfb\/produkt\/bosniske-kroatiske-og-serbiske-voksenboker\/#primaryimage\"},\"image\":{\"@id\":\"https:\/\/bibliotekutvikling.no\/dfb\/produkt\/bosniske-kroatiske-og-serbiske-voksenboker\/#primaryimage\"},\"thumbnailUrl\":\"https:\/\/bibliotekutvikling.no\/content\/uploads\/sites\/17\/2025\/12\/Bosanski-Hrvatski-Srpski.svg\",\"datePublished\":\"2025-12-05T10:16:27+00:00\",\"dateModified\":\"2026-01-09T07:57:28+00:00\",\"breadcrumb\":{\"@id\":\"https:\/\/bibliotekutvikling.no\/dfb\/produkt\/bosniske-kroatiske-og-serbiske-voksenboker\/#breadcrumb\"},\"inLanguage\":\"nb-NO\",\"potentialAction\":[{\"@type\":\"ReadAction\",\"target\":[\"https:\/\/bibliotekutvikling.no\/dfb\/produkt\/bosniske-kroatiske-og-serbiske-voksenboker\/\"]}]},{\"@type\":\"ImageObject\",\"inLanguage\":\"nb-NO\",\"@id\":\"https:\/\/bibliotekutvikling.no\/dfb\/produkt\/bosniske-kroatiske-og-serbiske-voksenboker\/#primaryimage\",\"url\":\"https:\/\/bibliotekutvikling.no\/content\/uploads\/sites\/17\/2025\/12\/Bosanski-Hrvatski-Srpski.svg\",\"contentUrl\":\"https:\/\/bibliotekutvikling.no\/content\/uploads\/sites\/17\/2025\/12\/Bosanski-Hrvatski-Srpski.svg\",\"width\":190,\"height\":174},{\"@type\":\"BreadcrumbList\",\"@id\":\"https:\/\/bibliotekutvikling.no\/dfb\/produkt\/bosniske-kroatiske-og-serbiske-voksenboker\/#breadcrumb\",\"itemListElement\":[{\"@type\":\"ListItem\",\"position\":1,\"name\":\"Hjem\",\"item\":\"https:\/\/bibliotekutvikling.no\/dfb\/\"},{\"@type\":\"ListItem\",\"position\":2,\"name\":\"Nettbutikk\",\"item\":\"https:\/\/bibliotekutvikling.no\/dfb\/?page_id=14\"},{\"@type\":\"ListItem\",\"position\":3,\"name\":\"Bosniske, kroatiske og serbiske voksenb\u00f8ker\"}]},{\"@type\":\"WebSite\",\"@id\":\"https:\/\/bibliotekutvikling.no\/dfb\/#website\",\"url\":\"https:\/\/bibliotekutvikling.no\/dfb\/\",\"name\":\"Det flerspr\u00e5klige bibliotek\",\"description\":\"\",\"publisher\":{\"@id\":\"https:\/\/bibliotekutvikling.no\/dfb\/#organization\"},\"potentialAction\":[{\"@type\":\"SearchAction\",\"target\":{\"@type\":\"EntryPoint\",\"urlTemplate\":\"https:\/\/bibliotekutvikling.no\/dfb\/?s={search_term_string}\"},\"query-input\":{\"@type\":\"PropertyValueSpecification\",\"valueRequired\":true,\"valueName\":\"search_term_string\"}}],\"inLanguage\":\"nb-NO\"},{\"@type\":\"Organization\",\"@id\":\"https:\/\/bibliotekutvikling.no\/dfb\/#organization\",\"name\":\"Det flerspr\u00e5klige bibliotek\",\"url\":\"https:\/\/bibliotekutvikling.no\/dfb\/\",\"logo\":{\"@type\":\"ImageObject\",\"inLanguage\":\"nb-NO\",\"@id\":\"https:\/\/bibliotekutvikling.no\/dfb\/#\/schema\/logo\/image\/\",\"url\":\"https:\/\/bibliotekutvikling.no\/content\/uploads\/sites\/17\/2022\/09\/dfb.svg\",\"contentUrl\":\"https:\/\/bibliotekutvikling.no\/content\/uploads\/sites\/17\/2022\/09\/dfb.svg\",\"width\":143,\"height\":65,\"caption\":\"Det flerspr\u00e5klige bibliotek\"},\"image\":{\"@id\":\"https:\/\/bibliotekutvikling.no\/dfb\/#\/schema\/logo\/image\/\"},\"sameAs\":[\"https:\/\/www.facebook.com\/profile.php?id=100066429046602\"]}]}<\/script>\n<!-- \/ Yoast SEO Premium plugin. -->","yoast_head_json":{"title":"Bosniske, kroatiske og serbiske voksenb\u00f8ker - Det flerspr\u00e5klige bibliotek","robots":{"index":"index","follow":"follow","max-snippet":"max-snippet:-1","max-image-preview":"max-image-preview:large","max-video-preview":"max-video-preview:-1"},"canonical":"https:\/\/bibliotekutvikling.no\/dfb\/produkt\/bosniske-kroatiske-og-serbiske-voksenboker\/","og_locale":"nb_NO","og_type":"article","og_title":"Bosniske, kroatiske og serbiske voksenb\u00f8ker","og_description":"Vi kj\u00f8per inn b\u00f8ker av forfattere fra Bosnia, Kroatia og Serbia, samt noen oversatte forfattere.  Bestillingsfrist for alle pakker er 1. februar! B\u00f8kene skaffes fra hele verden, og leveres med katalogposter innen 1. oktober.","og_url":"https:\/\/bibliotekutvikling.no\/dfb\/produkt\/bosniske-kroatiske-og-serbiske-voksenboker\/","og_site_name":"Det flerspr\u00e5klige bibliotek","article_publisher":"https:\/\/www.facebook.com\/profile.php?id=100066429046602","article_modified_time":"2026-01-09T07:57:28+00:00","twitter_card":"summary_large_image","twitter_misc":{"Ansl. lesetid":"1 minutt"},"schema":{"@context":"https:\/\/schema.org","@graph":[{"@type":"WebPage","@id":"https:\/\/bibliotekutvikling.no\/dfb\/produkt\/bosniske-kroatiske-og-serbiske-voksenboker\/","url":"https:\/\/bibliotekutvikling.no\/dfb\/produkt\/bosniske-kroatiske-og-serbiske-voksenboker\/","name":"Bosniske, kroatiske og serbiske voksenb\u00f8ker - Det flerspr\u00e5klige bibliotek","isPartOf":{"@id":"https:\/\/bibliotekutvikling.no\/dfb\/#website"},"primaryImageOfPage":{"@id":"https:\/\/bibliotekutvikling.no\/dfb\/produkt\/bosniske-kroatiske-og-serbiske-voksenboker\/#primaryimage"},"image":{"@id":"https:\/\/bibliotekutvikling.no\/dfb\/produkt\/bosniske-kroatiske-og-serbiske-voksenboker\/#primaryimage"},"thumbnailUrl":"https:\/\/bibliotekutvikling.no\/content\/uploads\/sites\/17\/2025\/12\/Bosanski-Hrvatski-Srpski.svg","datePublished":"2025-12-05T10:16:27+00:00","dateModified":"2026-01-09T07:57:28+00:00","breadcrumb":{"@id":"https:\/\/bibliotekutvikling.no\/dfb\/produkt\/bosniske-kroatiske-og-serbiske-voksenboker\/#breadcrumb"},"inLanguage":"nb-NO","potentialAction":[{"@type":"ReadAction","target":["https:\/\/bibliotekutvikling.no\/dfb\/produkt\/bosniske-kroatiske-og-serbiske-voksenboker\/"]}]},{"@type":"ImageObject","inLanguage":"nb-NO","@id":"https:\/\/bibliotekutvikling.no\/dfb\/produkt\/bosniske-kroatiske-og-serbiske-voksenboker\/#primaryimage","url":"https:\/\/bibliotekutvikling.no\/content\/uploads\/sites\/17\/2025\/12\/Bosanski-Hrvatski-Srpski.svg","contentUrl":"https:\/\/bibliotekutvikling.no\/content\/uploads\/sites\/17\/2025\/12\/Bosanski-Hrvatski-Srpski.svg","width":190,"height":174},{"@type":"BreadcrumbList","@id":"https:\/\/bibliotekutvikling.no\/dfb\/produkt\/bosniske-kroatiske-og-serbiske-voksenboker\/#breadcrumb","itemListElement":[{"@type":"ListItem","position":1,"name":"Hjem","item":"https:\/\/bibliotekutvikling.no\/dfb\/"},{"@type":"ListItem","position":2,"name":"Nettbutikk","item":"https:\/\/bibliotekutvikling.no\/dfb\/?page_id=14"},{"@type":"ListItem","position":3,"name":"Bosniske, kroatiske og serbiske voksenb\u00f8ker"}]},{"@type":"WebSite","@id":"https:\/\/bibliotekutvikling.no\/dfb\/#website","url":"https:\/\/bibliotekutvikling.no\/dfb\/","name":"Det flerspr\u00e5klige bibliotek","description":"","publisher":{"@id":"https:\/\/bibliotekutvikling.no\/dfb\/#organization"},"potentialAction":[{"@type":"SearchAction","target":{"@type":"EntryPoint","urlTemplate":"https:\/\/bibliotekutvikling.no\/dfb\/?s={search_term_string}"},"query-input":{"@type":"PropertyValueSpecification","valueRequired":true,"valueName":"search_term_string"}}],"inLanguage":"nb-NO"},{"@type":"Organization","@id":"https:\/\/bibliotekutvikling.no\/dfb\/#organization","name":"Det flerspr\u00e5klige bibliotek","url":"https:\/\/bibliotekutvikling.no\/dfb\/","logo":{"@type":"ImageObject","inLanguage":"nb-NO","@id":"https:\/\/bibliotekutvikling.no\/dfb\/#\/schema\/logo\/image\/","url":"https:\/\/bibliotekutvikling.no\/content\/uploads\/sites\/17\/2022\/09\/dfb.svg","contentUrl":"https:\/\/bibliotekutvikling.no\/content\/uploads\/sites\/17\/2022\/09\/dfb.svg","width":143,"height":65,"caption":"Det flerspr\u00e5klige bibliotek"},"image":{"@id":"https:\/\/bibliotekutvikling.no\/dfb\/#\/schema\/logo\/image\/"},"sameAs":["https:\/\/www.facebook.com\/profile.php?id=100066429046602"]}]}},"_links":{"self":[{"href":"https:\/\/bibliotekutvikling.no\/dfb\/wp-json\/wp\/v2\/product\/4877","targetHints":{"allow":["GET"]}}],"collection":[{"href":"https:\/\/bibliotekutvikling.no\/dfb\/wp-json\/wp\/v2\/product"}],"about":[{"href":"https:\/\/bibliotekutvikling.no\/dfb\/wp-json\/wp\/v2\/types\/product"}],"wp:featuredmedia":[{"embeddable":true,"href":"https:\/\/bibliotekutvikling.no\/dfb\/wp-json\/wp\/v2\/media\/5117"}],"wp:attachment":[{"href":"https:\/\/bibliotekutvikling.no\/dfb\/wp-json\/wp\/v2\/media?parent=4877"}],"wp:term":[{"taxonomy":"product_brand","embeddable":true,"href":"https:\/\/bibliotekutvikling.no\/dfb\/wp-json\/wp\/v2\/product_brand?post=4877"},{"taxonomy":"product_cat","embeddable":true,"href":"https:\/\/bibliotekutvikling.no\/dfb\/wp-json\/wp\/v2\/product_cat?post=4877"},{"taxonomy":"product_tag","embeddable":true,"href":"https:\/\/bibliotekutvikling.no\/dfb\/wp-json\/wp\/v2\/product_tag?post=4877"}],"curies":[{"name":"wp","href":"https:\/\/api.w.org\/{rel}","templated":true}]}}